{"id":2677,"date":"2019-04-30T15:32:15","date_gmt":"2019-04-30T15:32:15","guid":{"rendered":"https:\/\/blogsaverroes.juntadeandalucia.es\/iesaxati\/?page_id=2677"},"modified":"2025-12-26T11:26:47","modified_gmt":"2025-12-26T11:26:47","slug":"formacion-profesional","status":"publish","type":"page","link":"https:\/\/blogsaverroes.juntadeandalucia.es\/iesaxati\/?page_id=2677","title":{"rendered":"Formaci\u00f3n Profesional"},"content":{"rendered":"<div class=\"osc-res-tab tabbable   osc-tabs-left\"><div style=\"clear:both;width: 100%;\"><ul class=\"nav osc-res-nav nav-tabs osc-tabs-left-ul\" id=\"oscitas-restabs-1-formacion-profesional-58320\"><li class=\"active\"><a href=\"#ert_pane1-0\" data-toggle=\"tab\">Departamentos<\/a><\/li><li class=\"\"><a href=\"#ert_pane1-1\" data-toggle=\"tab\">Programaciones<\/a><\/li><li class=\"\"><a href=\"#ert_pane1-2\" data-toggle=\"tab\">Libros Recomendados<\/a><\/li><\/ul><\/div><div style=\"clear:both;width: 100%;\"><ul class=\"tab-content\" id=\"oscitas-restabcontent-1-formacion-profesional-58320\"><li class=\"tab-pane active\" id=\"ert_pane1-0\"><\/p>\n<table style=\"height: 106px;width: 81.9636%;border-collapse: collapse;border-color: #4b6cb8\">\n<tbody>\n<tr style=\"height: 20px\">\n<td style=\"width: 46.4076%;height: 20px;background-color: #397cb3\"><span style=\"color: #ffffff\"><strong>Departamentos<\/strong><\/span><\/td>\n<td style=\"width: 39.7734%;height: 20px;background-color: #397cb3\"><span style=\"color: #ffffff\"><strong>Jefe de Departamento<\/strong><\/span><\/td>\n<\/tr>\n<tr style=\"height: 24px\">\n<td style=\"width: 46.4076%;height: 24px\">Formaci\u00f3n y Orientaci\u00f3n Laboral<\/td>\n<td style=\"width: 39.7734%;height: 24px\"><span style=\"color: #333333\"><em>Pilar Due\u00f1as Mercado<\/em><\/span><\/td>\n<\/tr>\n<tr style=\"height: 14px\">\n<td style=\"width: 46.4076%;height: 14px\">Electricidad y Electr\u00f3nica<\/td>\n<td style=\"width: 39.7734%;height: 14px\"><span style=\"color: #333333\"><em>Andr\u00e9s Carrillo Mesa<\/em><\/span><\/td>\n<\/tr>\n<tr style=\"height: 24px\">\n<td style=\"width: 46.4076%;height: 24px\">Administraci\u00f3n<\/td>\n<td style=\"width: 39.7734%;height: 24px\"><i>Ildefonso Cuevas Rueda<\/i><\/td>\n<\/tr>\n<tr style=\"height: 24px\">\n<td style=\"width: 46.4076%;height: 24px\">Inform\u00e1tica<\/td>\n<td style=\"width: 39.7734%;height: 24px\"><i>Antonio Jos\u00e9 Garc\u00eda Delgado (Jefe de \u00e1rea)<\/i><\/td>\n<\/tr>\n<\/tbody>\n<\/table>\n<p>&nbsp;<\/p>\n<p>&nbsp;<\/p>\n<p><\/li><li class=\"tab-pane \" id=\"ert_pane1-1\"><\/p>\n<ul>\n<li><a href=\"https:\/\/blogsaverroes.juntadeandalucia.es\/iesaxati\/files\/2025\/12\/PROGRAMACION-DEPARTAMENTO-REVISADA-2025-2026.pdf\">Formaci\u00f3n y Orientaci\u00f3n Laboral<\/a><\/li>\n<li><a href=\"https:\/\/blogsaverroes.juntadeandalucia.es\/iesaxati\/files\/2025\/12\/ELECTRONICA-20251217T164616Z-3-001.zip\">Electricidad y Electr\u00f3nica<\/a><\/li>\n<li><a href=\"https:\/\/blogsaverroes.juntadeandalucia.es\/iesaxati\/files\/2025\/12\/Programaciones_Administracion.zip\">Administraci\u00f3n<\/a><\/li>\n<li><a href=\"https:\/\/blogsaverroes.juntadeandalucia.es\/iesaxati\/files\/2025\/12\/PROGRAMACIONES-INFORMATICA-1.zip\">Inform\u00e1tica<\/a><\/li>\n<\/ul>\n<p>&nbsp;<\/p>\n<p><\/li><li class=\"tab-pane \" id=\"ert_pane1-2\"><\/p>\n<table style=\"border-collapse: collapse;width: 100%;height: 320px\">\n<tbody>\n<tr style=\"height: 24px\">\n<td style=\"width: 50%;background-color: #397cb3;height: 24px\"><span style=\"color: #ffffff\"><strong> Departamento de Inform\u00e1tica<\/strong><\/span><\/td>\n<td style=\"width: 50%;background-color: #397cb3;height: 24px\"><span style=\"color: #ffffff\"><strong>&nbsp;Libros recomendados<\/strong><\/span><\/td>\n<\/tr>\n<tr style=\"height: 136px\">\n<td style=\"width: 50%;height: 136px\"><span style=\"color: #333333\"><em>&nbsp;M\u00f3dulo Digitalizaci\u00f3n<\/em><\/span><\/td>\n<td style=\"width: 50%;height: 136px\"><span style=\"color: #333333\"><em>Digitalizaci\u00f3n aplicada a los sectores productivos (GM)<\/em><\/span><\/p>\n<p>Editorial <strong>ALTAMAR<\/strong><\/p>\n<p>ISBN: 978-84-19780-28-7<\/td>\n<\/tr>\n<tr style=\"height: 136px\">\n<td style=\"width: 50%;height: 136px\"><span style=\"color: #333333\"><em>M\u00f3dulo Sostenibilidad Aplicada al Sistema Productivo<\/em><\/span><\/td>\n<td style=\"width: 50%;height: 136px\"><span style=\"color: #333333\"><em>Sostenibilidad Aplicada al Sistema Productivo&nbsp;<\/em><\/span><\/p>\n<p>Editorial <strong>ALTAMAR<\/strong><\/p>\n<p>ISBN: 978-84-19780-26-3<\/td>\n<\/tr>\n<\/tbody>\n<\/table>\n<p><\/li><\/ul><\/div><\/div>\n","protected":false},"excerpt":{"rendered":"","protected":false},"author":7453,"featured_media":0,"parent":0,"menu_order":0,"comment_status":"closed","ping_status":"closed","template":"","meta":{"ngg_post_thumbnail":0,"footnotes":"","_mc_calendar":[]},"aioseo_notices":[],"_links":{"self":[{"href":"https:\/\/blogsaverroes.juntadeandalucia.es\/iesaxati\/index.php?rest_route=\/wp\/v2\/pages\/2677"}],"collection":[{"href":"https:\/\/blogsaverroes.juntadeandalucia.es\/iesaxati\/index.php?rest_route=\/wp\/v2\/pages"}],"about":[{"href":"https:\/\/blogsaverroes.juntadeandalucia.es\/iesaxati\/index.php?rest_route=\/wp\/v2\/types\/page"}],"author":[{"embeddable":true,"href":"https:\/\/blogsaverroes.juntadeandalucia.es\/iesaxati\/index.php?rest_route=\/wp\/v2\/users\/7453"}],"replies":[{"embeddable":true,"href":"https:\/\/blogsaverroes.juntadeandalucia.es\/iesaxati\/index.php?rest_route=%2Fwp%2Fv2%2Fcomments&post=2677"}],"version-history":[{"count":27,"href":"https:\/\/blogsaverroes.juntadeandalucia.es\/iesaxati\/index.php?rest_route=\/wp\/v2\/pages\/2677\/revisions"}],"predecessor-version":[{"id":9173,"href":"https:\/\/blogsaverroes.juntadeandalucia.es\/iesaxati\/index.php?rest_route=\/wp\/v2\/pages\/2677\/revisions\/9173"}],"wp:attachment":[{"href":"https:\/\/blogsaverroes.juntadeandalucia.es\/iesaxati\/index.php?rest_route=%2Fwp%2Fv2%2Fmedia&parent=2677"}],"curies":[{"name":"wp","href":"https:\/\/api.w.org\/{rel}","templated":true}]}}