{"id":2689,"date":"2019-04-30T15:41:55","date_gmt":"2019-04-30T15:41:55","guid":{"rendered":"https:\/\/blogsaverroes.juntadeandalucia.es\/iesaxati\/?page_id=2689"},"modified":"2023-01-11T09:15:17","modified_gmt":"2023-01-11T09:15:17","slug":"formacion-y-orientacion-laboral","status":"publish","type":"page","link":"https:\/\/blogsaverroes.juntadeandalucia.es\/iesaxati\/?page_id=2689","title":{"rendered":"Formaci\u00f3n y Orientaci\u00f3n Laboral"},"content":{"rendered":"<div class=\"osc-res-tab tabbable   osc-tabs-left\"><div style=\"clear:both;width: 100%;\"><ul class=\"nav osc-res-nav nav-tabs osc-tabs-left-ul\" id=\"oscitas-restabs-1-formacion-y-orientacion-laboral-51501\"><li class=\"active\"><a href=\"#ert_pane1-0\" data-toggle=\"tab\">Departamento<\/a><\/li><li class=\"\"><a href=\"#ert_pane1-1\" data-toggle=\"tab\">Recursos<\/a><\/li><li class=\"\"><a href=\"#ert_pane1-2\" data-toggle=\"tab\">Noticias<\/a><\/li><\/ul><\/div><div style=\"clear:both;width: 100%;\"><ul class=\"tab-content\" id=\"oscitas-restabcontent-1-formacion-y-orientacion-laboral-51501\"><li class=\"tab-pane active\" id=\"ert_pane1-0\"><\/p>\n<p><strong>Programaciones<\/strong><\/p>\n<p><a href=\"https:\/\/blogsaverroes.juntadeandalucia.es\/iesaxati\/files\/2023\/01\/Programaci\u00f3n-EIE-2022_23.pdf\">Programaci\u00f3n EIE 2022_23<\/a><\/p>\n<p><a href=\"https:\/\/blogsaverroes.juntadeandalucia.es\/iesaxati\/files\/2023\/01\/PROGRAMACI\u00d3N-FOL-2022_23.pdf\">PROGRAMACI\u00d3N FOL 2022_23<\/a><\/p>\n<p><em>Miembros del Departamento de FOL<\/em><\/p>\n<p>Mar\u00eda Fern\u00e1ndez Mata (<em>Jefa de departamento<\/em>)<\/p>\n<p>Pilar Due\u00f1as Mercado<\/p>\n<p><\/li><li class=\"tab-pane \" id=\"ert_pane1-1\"><\/p>\n<p>&nbsp;<\/p>\n<p>&nbsp;<\/p>\n<p><\/li><li class=\"tab-pane \" id=\"ert_pane1-2\"><style>.-skin-default .-items .-item .title { color: ;}.-skin-default .-items .-item .title { background-color: ;}.-skin-default .-items .-item .-link.-readmore a { color: ;}.-skin-default .-items .-item .-link.-viewproject a { color: ;}.-skin-default .-filters .-filter, .-skin-default .-pages .-page-link { background-color: ;}.-skin-default .-filters .-filter, .-skin-default .-pages .-page-link { color: ;}.-skin-default .-filters .-filter, .-skin-default .-pages .-page-link { border: 1px solid ;}.-skin-default .-filters .-filter:hover, .-skin-default .-pages .-page-link:hover,.-skin-default .-filters .-filter.active, .-skin-default .-pages .-page-link.active { background-color: ;}.-skin-default .-filters .-filter:hover, .-skin-default .-pages .-page-link:hover,.-skin-default .-filters .-filter.active, .-skin-default .-pages .-page-link.active { color: ;}.-skin-default .-filters .-filter:hover, .-skin-default .-pages .-page-link:hover,.-skin-default .-filters .-filter.active, .-skin-default .-pages .-page-link.active { border: 1px solid ;}.-skin-default .-items .-item .genericon { color:  !important;}.-skin-default .-items .-item .-mask { background-color:  !important;}<\/style>            <div class=\"nimble-portfolio  -skin-default\" id=\"np-69f102ed90cd6\" data-lightbox=\"prettyphoto\">\n\n                \n                \n                                    <div class=\"-filters \">\n                        <a href=\"#\" data-rel=\"*\" class=\"-filter active\">All<\/a>                            <a  href=\"https:\/\/blogsaverroes.juntadeandalucia.es\/iesaxati\/?cat=25503\" data-rel=\"geografia-e-historia-noticias\" class=\"-filter\" id=\"filter-25503\" >Geograf\u00eda e Historia Noticias<\/a>\n                        <\/div>        \n                \n                \n                <div class=\"-items \">\n                        <div  class=\"geografia-e-historia-noticias lengua-castellana-noticias -item -normal -columns3\" id=\"item-2747\" >\n                    <div class=\"title\">Presentaci\u00f3n de la Revista de Estudios Locales<\/div>    \n                <div class=\"itembox\">\n            <a  href=\"https:\/\/blogsaverroes.juntadeandalucia.es\/iesaxati\/files\/2019\/05\/revista_estudios_locales2.jpg\" data-rel=\"nimblebox[nimble_portfolio_gal_pro]\" >\n                <img decoding=\"async\" src=\"https:\/\/blogsaverroes.juntadeandalucia.es\/iesaxati\/files\/2019\/05\/revista_estudios_locales2.jpg\" alt=\"Presentaci\u00f3n de la Revista de Estudios Locales\" \/>\n                <div class=\"-mask\"> <\/div>\n                                <div class=\"genericon genericon-zoom\"><\/div>\n            <\/a>    \n                    <\/div>\n                 \n            <div class=\"-links\">\n                                    <div class=\"-link -readmore \">\n                        <a href=\"https:\/\/blogsaverroes.juntadeandalucia.es\/iesaxati\/?p=2747\" class=\"button-fixed\">\n                            more \u2192                        <\/a>\n                    <\/div>\n                                                    <div class=\"-link -viewproject \"> \n                        <a href=\"\" class=\"button-fixed\">\n                            visit us \u2192                        <\/a>\n                    <\/div>\n                            <\/div>\n            <\/div>\n        <div  class=\"geografia-e-historia-noticias -item -normal -columns3\" id=\"item-2509\" >\n                    <div class=\"title\">En segundo de la ESO se vive la Edad Media<\/div>    \n                <div class=\"itembox\">\n            <a  href=\"https:\/\/blogsaverroes.juntadeandalucia.es\/iesaxati\/files\/2019\/04\/edad3.jpg\" data-rel=\"nimblebox[nimble_portfolio_gal_pro]\" >\n                <img decoding=\"async\" src=\"https:\/\/blogsaverroes.juntadeandalucia.es\/iesaxati\/files\/2019\/04\/edad3.jpg\" alt=\"En segundo de la ESO se vive la Edad Media\" \/>\n                <div class=\"-mask\"> <\/div>\n                                <div class=\"genericon genericon-zoom\"><\/div>\n            <\/a>    \n                    <\/div>\n                 \n            <div class=\"-links\">\n                                    <div class=\"-link -readmore \">\n                        <a href=\"https:\/\/blogsaverroes.juntadeandalucia.es\/iesaxati\/?p=2509\" class=\"button-fixed\">\n                            more \u2192                        <\/a>\n                    <\/div>\n                                                    <div class=\"-link -viewproject \"> \n                        <a href=\"\" class=\"button-fixed\">\n                            visit us \u2192                        <\/a>\n                    <\/div>\n                            <\/div>\n            <\/div>\n        <div  class=\"geografia-e-historia-noticias -item -normal -columns3\" id=\"item-2572\" >\n                    <div class=\"title\">Polis Hades y Ares<\/div>    \n                <div class=\"itembox\">\n            <a  href=\"https:\/\/blogsaverroes.juntadeandalucia.es\/iesaxati\/files\/2019\/04\/polis-hades6.jpg\" data-rel=\"nimblebox[nimble_portfolio_gal_pro]\" >\n                <img decoding=\"async\" src=\"https:\/\/blogsaverroes.juntadeandalucia.es\/iesaxati\/files\/2019\/04\/polis-hades6.jpg\" alt=\"Polis Hades y Ares\" \/>\n                <div class=\"-mask\"> <\/div>\n                                <div class=\"genericon genericon-zoom\"><\/div>\n            <\/a>    \n                    <\/div>\n                 \n            <div class=\"-links\">\n                                    <div class=\"-link -readmore \">\n                        <a href=\"https:\/\/blogsaverroes.juntadeandalucia.es\/iesaxati\/?p=2572\" class=\"button-fixed\">\n                            more \u2192                        <\/a>\n                    <\/div>\n                                                    <div class=\"-link -viewproject \"> \n                        <a href=\"\" class=\"button-fixed\">\n                            visit us \u2192                        <\/a>\n                    <\/div>\n                            <\/div>\n            <\/div>\n        <div  class=\"geografia-e-historia-noticias -item -normal -columns3\" id=\"item-6462\" >\n                    <div class=\"title\">1\u00ba ESO visita It\u00e1lica<\/div>    \n                <div class=\"itembox\">\n            <a  href=\"https:\/\/blogsaverroes.juntadeandalucia.es\/iesaxati\/files\/2022\/05\/complementarias.jpg\" data-rel=\"nimblebox[nimble_portfolio_gal_pro]\" >\n                <img decoding=\"async\" src=\"https:\/\/blogsaverroes.juntadeandalucia.es\/iesaxati\/files\/2022\/05\/complementarias.jpg\" alt=\"1\u00ba ESO visita It\u00e1lica\" \/>\n                <div class=\"-mask\"> <\/div>\n                                <div class=\"genericon genericon-zoom\"><\/div>\n            <\/a>    \n                    <\/div>\n                 \n            <div class=\"-links\">\n                                    <div class=\"-link -readmore \">\n                        <a href=\"https:\/\/blogsaverroes.juntadeandalucia.es\/iesaxati\/?p=6462\" class=\"button-fixed\">\n                            more \u2192                        <\/a>\n                    <\/div>\n                                                    <div class=\"-link -viewproject \"> \n                        <a href=\"\" class=\"button-fixed\">\n                            visit us \u2192                        <\/a>\n                    <\/div>\n                            <\/div>\n            <\/div>\n        <div  class=\"biblioteca frances-noticias geografia-e-historia-noticias ingles-noticias lengua-castellana-noticias -item -normal -columns3\" id=\"item-7451\" >\n                    <div class=\"title\">D\u00eda de la lectura en Andaluc\u00eda<\/div>    \n                <div class=\"itembox\">\n            <a  href=\"https:\/\/blogsaverroes.juntadeandalucia.es\/iesaxati\/files\/2023\/12\/dia_lectura.jpg\" data-rel=\"nimblebox[nimble_portfolio_gal_pro]\" >\n                <img decoding=\"async\" src=\"https:\/\/blogsaverroes.juntadeandalucia.es\/iesaxati\/files\/2023\/12\/dia_lectura.jpg\" alt=\"D\u00eda de la lectura en Andaluc\u00eda\" \/>\n                <div class=\"-mask\"> <\/div>\n                                <div class=\"genericon genericon-zoom\"><\/div>\n            <\/a>    \n                    <\/div>\n                 \n            <div class=\"-links\">\n                                    <div class=\"-link -readmore \">\n                        <a href=\"https:\/\/blogsaverroes.juntadeandalucia.es\/iesaxati\/?p=7451\" class=\"button-fixed\">\n                            more \u2192                        <\/a>\n                    <\/div>\n                                                    <div class=\"-link -viewproject \"> \n                        <a href=\"\" class=\"button-fixed\">\n                            visit us \u2192                        <\/a>\n                    <\/div>\n                            <\/div>\n            <\/div>\n        <div  class=\"geografia-e-historia-noticias -item -normal -columns3\" id=\"item-8243\" >\n                    <div class=\"title\">Actos de conmemoraci\u00f3n del D\u00eda de la Constituci\u00f3n<\/div>    \n                <div class=\"itembox\">\n            <a  href=\"https:\/\/blogsaverroes.juntadeandalucia.es\/iesaxati\/files\/2024\/12\/dia_constitucion_espanola.jpg\" data-rel=\"nimblebox[nimble_portfolio_gal_pro]\" >\n                <img decoding=\"async\" src=\"https:\/\/blogsaverroes.juntadeandalucia.es\/iesaxati\/files\/2024\/12\/dia_constitucion_espanola.jpg\" alt=\"Actos de conmemoraci\u00f3n del D\u00eda de la Constituci\u00f3n\" \/>\n                <div class=\"-mask\"> <\/div>\n                                <div class=\"genericon genericon-zoom\"><\/div>\n            <\/a>    \n                    <\/div>\n                 \n            <div class=\"-links\">\n                                    <div class=\"-link -readmore \">\n                        <a href=\"https:\/\/blogsaverroes.juntadeandalucia.es\/iesaxati\/?p=8243\" class=\"button-fixed\">\n                            more \u2192                        <\/a>\n                    <\/div>\n                                                    <div class=\"-link -viewproject \"> \n                        <a href=\"\" class=\"button-fixed\">\n                            visit us \u2192                        <\/a>\n                    <\/div>\n                            <\/div>\n            <\/div>\n        <div  class=\"noticias-clasicas filosofia-noticias geografia-e-historia-noticias matematicas-noticias -item -normal -columns3\" id=\"item-8295\" >\n                    <div class=\"title\">Visita al Real Alc\u00e1zar de Sevilla<\/div>    \n                <div class=\"itembox\">\n            <a  href=\"https:\/\/blogsaverroes.juntadeandalucia.es\/iesaxati\/files\/2024\/12\/real_alcazar_sevilla.png\" data-rel=\"nimblebox[nimble_portfolio_gal_pro]\" >\n                <img decoding=\"async\" src=\"https:\/\/blogsaverroes.juntadeandalucia.es\/iesaxati\/files\/2024\/12\/real_alcazar_sevilla.png\" alt=\"Visita al Real Alc\u00e1zar de Sevilla\" \/>\n                <div class=\"-mask\"> <\/div>\n                                <div class=\"genericon genericon-zoom\"><\/div>\n            <\/a>    \n                    <\/div>\n                 \n            <div class=\"-links\">\n                                    <div class=\"-link -readmore \">\n                        <a href=\"https:\/\/blogsaverroes.juntadeandalucia.es\/iesaxati\/?p=8295\" class=\"button-fixed\">\n                            more \u2192                        <\/a>\n                    <\/div>\n                                                    <div class=\"-link -viewproject \"> \n                        <a href=\"\" class=\"button-fixed\">\n                            visit us \u2192                        <\/a>\n                    <\/div>\n                            <\/div>\n            <\/div>\n        <div  class=\"geografia-e-historia-noticias ingles-noticias lengua-castellana-noticias -item -normal -columns3\" id=\"item-8448\" >\n                    <div class=\"title\">Yincana sobre el D\u00eda de Andaluc\u00eda<\/div>    \n                <div class=\"itembox\">\n            <a  href=\"https:\/\/blogsaverroes.juntadeandalucia.es\/iesaxati\/files\/2025\/02\/logo.jpeg\" data-rel=\"nimblebox[nimble_portfolio_gal_pro]\" >\n                <img decoding=\"async\" src=\"https:\/\/blogsaverroes.juntadeandalucia.es\/iesaxati\/files\/2025\/02\/logo.jpeg\" alt=\"Yincana sobre el D\u00eda de Andaluc\u00eda\" \/>\n                <div class=\"-mask\"> <\/div>\n                                <div class=\"genericon genericon-zoom\"><\/div>\n            <\/a>    \n                    <\/div>\n                 \n            <div class=\"-links\">\n                                    <div class=\"-link -readmore \">\n                        <a href=\"https:\/\/blogsaverroes.juntadeandalucia.es\/iesaxati\/?p=8448\" class=\"button-fixed\">\n                            more \u2192                        <\/a>\n                    <\/div>\n                                                    <div class=\"-link -viewproject \"> \n                        <a href=\"\" class=\"button-fixed\">\n                            visit us \u2192                        <\/a>\n                    <\/div>\n                            <\/div>\n            <\/div>\n        <div  class=\"geografia-e-historia-noticias -item -normal -columns3\" id=\"item-8513\" >\n                    <div class=\"title\">Mosaicos realizados por el alumnado de 1\u00ba Bachillerato<\/div>    \n                <div class=\"itembox\">\n            <a  href=\"https:\/\/blogsaverroes.juntadeandalucia.es\/iesaxati\/files\/2025\/03\/mosaico.png\" data-rel=\"nimblebox[nimble_portfolio_gal_pro]\" >\n                <img decoding=\"async\" src=\"https:\/\/blogsaverroes.juntadeandalucia.es\/iesaxati\/files\/2025\/03\/mosaico.png\" alt=\"Mosaicos realizados por el alumnado de 1\u00ba Bachillerato\" \/>\n                <div class=\"-mask\"> <\/div>\n                                <div class=\"genericon genericon-zoom\"><\/div>\n            <\/a>    \n                    <\/div>\n                 \n            <div class=\"-links\">\n                                    <div class=\"-link -readmore \">\n                        <a href=\"https:\/\/blogsaverroes.juntadeandalucia.es\/iesaxati\/?p=8513\" class=\"button-fixed\">\n                            more \u2192                        <\/a>\n                    <\/div>\n                                                    <div class=\"-link -viewproject \"> \n                        <a href=\"\" class=\"button-fixed\">\n                            visit us \u2192                        <\/a>\n                    <\/div>\n                            <\/div>\n            <\/div>\n        <div  class=\"geografia-e-historia-noticias -item -normal -columns3\" id=\"item-9175\" >\n                    <div class=\"title\">Trofeos de Ricardo Ollero: Aprender jugando en Geograf\u00eda e Historia<\/div>    \n                <div class=\"itembox\">\n            <a  href=\"https:\/\/blogsaverroes.juntadeandalucia.es\/iesaxati\/files\/2025\/12\/Ricardo_ollero.png\" data-rel=\"nimblebox[nimble_portfolio_gal_pro]\" >\n                <img decoding=\"async\" src=\"https:\/\/blogsaverroes.juntadeandalucia.es\/iesaxati\/files\/2025\/12\/Ricardo_ollero.png\" alt=\"Trofeos de Ricardo Ollero: Aprender jugando en Geograf\u00eda e Historia\" \/>\n                <div class=\"-mask\"> <\/div>\n                                <div class=\"genericon genericon-zoom\"><\/div>\n            <\/a>    \n                    <\/div>\n                 \n            <div class=\"-links\">\n                                    <div class=\"-link -readmore \">\n                        <a href=\"https:\/\/blogsaverroes.juntadeandalucia.es\/iesaxati\/?p=9175\" class=\"button-fixed\">\n                            more \u2192                        <\/a>\n                    <\/div>\n                                                    <div class=\"-link -viewproject \"> \n                        <a href=\"\" class=\"button-fixed\">\n                            visit us \u2192                        <\/a>\n                    <\/div>\n                            <\/div>\n            <\/div>\n        <div  class=\"actividades-complementarias filosofia-noticias geografia-e-historia-noticias lengua-castellana-noticias -item -normal -columns3\" id=\"item-9255\" >\n                    <div class=\"title\">Visita a It\u00e1lica<\/div>    \n                <div class=\"itembox\">\n            <a  href=\"https:\/\/blogsaverroes.juntadeandalucia.es\/iesaxati\/files\/2026\/03\/logo_Italica.png\" data-rel=\"nimblebox[nimble_portfolio_gal_pro]\" >\n                <img decoding=\"async\" src=\"https:\/\/blogsaverroes.juntadeandalucia.es\/iesaxati\/files\/2026\/03\/logo_Italica.png\" alt=\"Visita a It\u00e1lica\" \/>\n                <div class=\"-mask\"> <\/div>\n                                <div class=\"genericon genericon-zoom\"><\/div>\n            <\/a>    \n                    <\/div>\n                 \n            <div class=\"-links\">\n                                    <div class=\"-link -readmore \">\n                        <a href=\"https:\/\/blogsaverroes.juntadeandalucia.es\/iesaxati\/?p=9255\" class=\"button-fixed\">\n                            more \u2192                        <\/a>\n                    <\/div>\n                                                    <div class=\"-link -viewproject \"> \n                        <a href=\"\" class=\"button-fixed\">\n                            visit us \u2192                        <\/a>\n                    <\/div>\n                            <\/div>\n            <\/div>\n                    <\/div>\n\n                <div class=\"-pages\">\n    <\/div>\n\n            <\/div>        \n            <\/li><\/ul><\/div><\/div>\n","protected":false},"excerpt":{"rendered":"","protected":false},"author":7453,"featured_media":0,"parent":0,"menu_order":0,"comment_status":"closed","ping_status":"closed","template":"","meta":{"ngg_post_thumbnail":0,"footnotes":"","_mc_calendar":[]},"aioseo_notices":[],"_links":{"self":[{"href":"https:\/\/blogsaverroes.juntadeandalucia.es\/iesaxati\/index.php?rest_route=\/wp\/v2\/pages\/2689"}],"collection":[{"href":"https:\/\/blogsaverroes.juntadeandalucia.es\/iesaxati\/index.php?rest_route=\/wp\/v2\/pages"}],"about":[{"href":"https:\/\/blogsaverroes.juntadeandalucia.es\/iesaxati\/index.php?rest_route=\/wp\/v2\/types\/page"}],"author":[{"embeddable":true,"href":"https:\/\/blogsaverroes.juntadeandalucia.es\/iesaxati\/index.php?rest_route=\/wp\/v2\/users\/7453"}],"replies":[{"embeddable":true,"href":"https:\/\/blogsaverroes.juntadeandalucia.es\/iesaxati\/index.php?rest_route=%2Fwp%2Fv2%2Fcomments&post=2689"}],"version-history":[{"count":15,"href":"https:\/\/blogsaverroes.juntadeandalucia.es\/iesaxati\/index.php?rest_route=\/wp\/v2\/pages\/2689\/revisions"}],"predecessor-version":[{"id":6124,"href":"https:\/\/blogsaverroes.juntadeandalucia.es\/iesaxati\/index.php?rest_route=\/wp\/v2\/pages\/2689\/revisions\/6124"}],"wp:attachment":[{"href":"https:\/\/blogsaverroes.juntadeandalucia.es\/iesaxati\/index.php?rest_route=%2Fwp%2Fv2%2Fmedia&parent=2689"}],"curies":[{"name":"wp","href":"https:\/\/api.w.org\/{rel}","templated":true}]}}