{"id":2716,"date":"2019-03-07T20:47:22","date_gmt":"2019-03-07T20:47:22","guid":{"rendered":"https:\/\/blogsaverroes.juntadeandalucia.es\/iesaxati\/?page_id=2716"},"modified":"2024-03-19T11:33:45","modified_gmt":"2024-03-19T11:33:45","slug":"erasmus-2","status":"publish","type":"page","link":"https:\/\/blogsaverroes.juntadeandalucia.es\/iesaxati\/?page_id=2716","title":{"rendered":"Programa Europeo"},"content":{"rendered":"<div class=\"osc-res-tab tabbable   osc-tabs-left\"><div style=\"clear:both;width: 100%;\"><ul class=\"nav osc-res-nav nav-tabs osc-tabs-left-ul\" id=\"oscitas-restabs-1-erasmus-2-52132\"><li class=\"active\"><a href=\"#ert_pane1-0\" data-toggle=\"tab\">Noticias<\/a><\/li><li class=\"\"><a href=\"#ert_pane1-1\" data-toggle=\"tab\">CARTA ECHE<\/a><\/li><li class=\"\"><a href=\"#ert_pane1-2\" data-toggle=\"tab\">Proyectos<\/a><\/li><li class=\"\"><a href=\"#ert_pane1-3\" data-toggle=\"tab\">Declaraci\u00f3n de Pol\u00edtica Erasmus<\/a><\/li><li class=\"\"><a href=\"#ert_pane1-4\" data-toggle=\"tab\">Coordinaci\u00f3n<\/a><\/li><\/ul><\/div><div style=\"clear:both;width: 100%;\"><ul class=\"tab-content\" id=\"oscitas-restabcontent-1-erasmus-2-52132\"><li class=\"tab-pane active\" id=\"ert_pane1-0\"><\/p>\n<p><div class=\"pt-cv-wrapper\"><div class=\"pt-cv-view pt-cv-grid pt-cv-colsys\" id=\"pt-cv-view-a7cb4751r9\"><div data-id=\"pt-cv-page-1\" class=\"pt-cv-page\" data-cvc=\"1\"><div class=\"col-md-12 col-sm-12 col-xs-12 pt-cv-content-item pt-cv-1-col\" ><div class='pt-cv-ifield'><h6 class=\"pt-cv-title\"><a href=\"https:\/\/blogsaverroes.juntadeandalucia.es\/iesaxati\/?p=9239\" class=\"_self\" target=\"_self\" >Pr\u00e1cticas Erasmus en Arezzo (Italia)<\/a><\/h6><\/div><\/div>\n<div class=\"col-md-12 col-sm-12 col-xs-12 pt-cv-content-item pt-cv-1-col\" ><div class='pt-cv-ifield'><h6 class=\"pt-cv-title\"><a href=\"https:\/\/blogsaverroes.juntadeandalucia.es\/iesaxati\/?p=9217\" class=\"_self\" target=\"_self\" >Convocatoria de movilidades para profesorado de Formaci\u00f3n Profesional. Proyecto Mu\u00e9vete<\/a><\/h6><\/div><\/div>\n<div class=\"col-md-12 col-sm-12 col-xs-12 pt-cv-content-item pt-cv-1-col\" ><div class='pt-cv-ifield'><h6 class=\"pt-cv-title\"><a href=\"https:\/\/blogsaverroes.juntadeandalucia.es\/iesaxati\/?p=9180\" class=\"_self\" target=\"_self\" >Proyecto MUEVETE\u00a02024-1-ES01-KA121-VET-000209450 para el profesorado<\/a><\/h6><\/div><\/div>\n<div class=\"col-md-12 col-sm-12 col-xs-12 pt-cv-content-item pt-cv-1-col\" ><div class='pt-cv-ifield'><h6 class=\"pt-cv-title\"><a href=\"https:\/\/blogsaverroes.juntadeandalucia.es\/iesaxati\/?p=9003\" class=\"_self\" target=\"_self\" >Pr\u00e1cticas en Empresas para Estudiantes de Ciclos Formativos de Grado Medio y Grado B\u00e1sico<\/a><\/h6><\/div><\/div>\n<div class=\"col-md-12 col-sm-12 col-xs-12 pt-cv-content-item pt-cv-1-col\" ><div class='pt-cv-ifield'><h6 class=\"pt-cv-title\"><a href=\"https:\/\/blogsaverroes.juntadeandalucia.es\/iesaxati\/?p=8623\" class=\"_self\" target=\"_self\" >Convocatoria Extraordinaria ERASMUS+ MUEVET\u00c9<\/a><\/h6><\/div><\/div>\n<div class=\"col-md-12 col-sm-12 col-xs-12 pt-cv-content-item pt-cv-1-col\" ><div class='pt-cv-ifield'><h6 class=\"pt-cv-title\"><a href=\"https:\/\/blogsaverroes.juntadeandalucia.es\/iesaxati\/?p=8488\" class=\"_self\" target=\"_self\" >Convocatoria Proyecto Erasmus MueVETe FP<\/a><\/h6><\/div><\/div>\n<div class=\"col-md-12 col-sm-12 col-xs-12 pt-cv-content-item pt-cv-1-col\" ><div class='pt-cv-ifield'><h6 class=\"pt-cv-title\"><a href=\"https:\/\/blogsaverroes.juntadeandalucia.es\/iesaxati\/?p=8464\" class=\"_self\" target=\"_self\" >Convocatoria Erasmus: Job Shadowing Budapest<\/a><\/h6><\/div><\/div>\n<div class=\"col-md-12 col-sm-12 col-xs-12 pt-cv-content-item pt-cv-1-col\" ><div class='pt-cv-ifield'><h6 class=\"pt-cv-title\"><a href=\"https:\/\/blogsaverroes.juntadeandalucia.es\/iesaxati\/?p=8439\" class=\"_self\" target=\"_self\" >Visita del equipo directivo de Friedrich-Hecker-Schule de Sinsheim (Alemania)<\/a><\/h6><\/div><\/div>\n<div class=\"col-md-12 col-sm-12 col-xs-12 pt-cv-content-item pt-cv-1-col\" ><div class='pt-cv-ifield'><h6 class=\"pt-cv-title\"><a href=\"https:\/\/blogsaverroes.juntadeandalucia.es\/iesaxati\/?p=8240\" class=\"_self\" target=\"_self\" >Formaci\u00f3n de Inteligencia Artificial y Gafas de Realidad Virtual para el profesorado<\/a><\/h6><\/div><\/div>\n<div class=\"col-md-12 col-sm-12 col-xs-12 pt-cv-content-item pt-cv-1-col\" ><div class='pt-cv-ifield'><h6 class=\"pt-cv-title\"><a href=\"https:\/\/blogsaverroes.juntadeandalucia.es\/iesaxati\/?p=8107\" class=\"_self\" target=\"_self\" >Convocatoria Erasmus 2023-24 Grado Superior<\/a><\/h6><\/div><\/div><\/div><\/div><\/div><\/p>\n<p><\/li><li class=\"tab-pane \" id=\"ert_pane1-1\"><\/p>\n<p><iframe src=\"https:\/\/blogsaverroes.juntadeandalucia.es\/iesaxati\/files\/2024\/03\/Erasmus-Charter-for-Higher-Education-ESP.pdf&amp;embedded=true\" width=\"1000\" height=\"1000\" scrolling=\"no\"><\/iframe><br \/><\/li><li class=\"tab-pane \" id=\"ert_pane1-2\"><\/p>\n<h1>Erasmus+ Formaci\u00f3n Profesional<\/h1>\n<h2><strong>&nbsp;PROYECTO MUEVET\u00c9<\/strong><img decoding=\"async\" class=\"size-full wp-image-7632 alignright\" src=\"https:\/\/blogsaverroes.juntadeandalucia.es\/iesaxati\/files\/2024\/02\/muevete.png\" alt=\"\" width=\"193\" height=\"173\"><\/h2>\n<p>Dirigido al alumnado de Ciclos Formativos de Grado Medio y de FP B\u00e1sica.<\/p>\n<p>El objetivo principal del proyecto es la mejora de las competencias personales y profesionales de nuestro alumnado mediante la realizaci\u00f3n de pr\u00e1cticas en empresas europeas en pa\u00edses como ITALIA, PORTUGAL, IRLANDA, POLONIA, GRECIA entre otros. Estas estancias se pueden realizar en tres momentos de la formaci\u00f3n del alumno:<\/p>\n<ul>\n<li>Estancias de corta duraci\u00f3n (15 d\u00edas) para el alumnado de primer curso.<\/li>\n<li>Estancias de larga duraci\u00f3n (entre 2 y 3 meses) para el alumnado de 2\u00ba curso. Compatible con la formaci\u00f3n en centros de trabajo (FCT)<\/li>\n<li>Estancias de larga duraci\u00f3n (entre 2 y 3 meses) para el alumnado reci\u00e9n titulado como pr\u00e1cticas voluntarias. (Durante el a\u00f1o siguiente a la obtenci\u00f3n del t\u00edtulo)<\/li>\n<\/ul>\n<p>Las becas incluyen:&nbsp;&nbsp;&nbsp;&nbsp;<\/p>\n<ul>\n<li>Desplazamientos hasta el pa\u00eds de destino.<\/li>\n<li>Seguro accidentes y responsabilidad civil.<\/li>\n<li>Selecci\u00f3n de la empresa colaboradora para las pr\u00e1cticas.<\/li>\n<li>Tutor laboral y responsable del alumnado en el pa\u00eds de destino.<\/li>\n<li>Gastos personales y manutenci\u00f3n durante la estancia.<\/li>\n<\/ul>\n<p>&nbsp;<\/p>\n<h2><strong>Erasmus+ Educaci\u00f3n Superior (ECHE)<\/strong><\/h2>\n<p>Dirigido al alumnado de los Ciclos Formativos de Grado Superior.<\/p>\n<p>El objetivo principal del proyecto es la mejora de las competencias personales y profesionales de nuestro alumnado mediante la realizaci\u00f3n de pr\u00e1cticas en empresas europeas en pa\u00edses como ITALIA, ALEMANIA, IRLANDA, POLONIA, MALTA, entre otros. Estas estancias se pueden realizar en tres momentos de la formaci\u00f3n del alumno:<\/p>\n<ul>\n<li>Estancias de larga duraci\u00f3n (entre 2 y 3 meses) para el alumnado de 2\u00ba curso. Compatible con la formaci\u00f3n en centros de trabajo (FCT)<\/li>\n<li>Estancias de larga duraci\u00f3n (entre 2 y 3 meses) para el alumnado reci\u00e9n titulado que desee realizar pr\u00e1cticas voluntarias. (Durante el a\u00f1o siguiente a la obtenci\u00f3n del t\u00edtulo)<\/li>\n<\/ul>\n<p>La beca incluye:&nbsp;&nbsp;&nbsp;&nbsp;<\/p>\n<ul>\n<li>Cantidad fija en funci\u00f3n del pa\u00eds de destino (1050-2100 \u20ac)<\/li>\n<li>Cantidad adicional aportada por la Junta de Andaluc\u00eda (450-900\u20ac).<\/li>\n<li>Seguro accidentes y responsabilidad civil<\/li>\n<li>B\u00fasqueda de la empresa colaboradora para las pr\u00e1cticas.<\/li>\n<\/ul>\n<p>&nbsp;<\/p>\n<p>&nbsp;<\/p>\n<p><\/li><li class=\"tab-pane \" id=\"ert_pane1-3\"><\/p>\n<h1>Declaraci\u00f3n de pol\u00edtica ERASMUS<\/h1>\n<p><em>El Instituto de Educaci\u00f3n Secundaria AXATI es un centro docente p\u00fablico dedicado a la formaci\u00f3n profesional y a la posterior integraci\u00f3n laboral de la juventud de la comarca de la Vega Alta del Guadalquivir, en Lora del R\u00edo, Sevilla (Espa\u00f1a).<\/em><\/p>\n<p><em>Tal como se recoge en las finalidades educativas de nuestro plan de centro, el IES Axati persigue ser un centro con proyecci\u00f3n internacional. Un aspecto esencial de la formaci\u00f3n ser\u00e1 la dimensi\u00f3n europea e internacional. Se promover\u00e1 la movilidad de los estudiantes y graduados, as\u00ed como del profesorado, el desarrollo de programas y proyectos europeos, y la cooperaci\u00f3n y el intercambio con otros centros del entorno europeo.<\/em><\/p>\n<p><em>Los principales objetivos que perseguimos a trav\u00e9s de la participaci\u00f3n en programas Erasmus+ pueden resumirse de la siguiente manera:<\/em><\/p>\n<ul>\n<li><em>Aumentar las tasas de rendimiento acad\u00e9mico para garantizar el \u00e9xito profesional de nuestro alumnado. Esperamos que la participaci\u00f3n en el programa mejore la competitividad de nuestro alumnado, aumentando su rendimiento acad\u00e9mico y mejorando su competencia ling\u00fc\u00edstica.<\/em><\/li>\n<li><em>Adquirir competencias \u00fatiles para el desarrollo profesional en el entorno propio, as\u00ed como en otros pa\u00edses de la UE, y aumentar las posibilidades de inserci\u00f3n laboral.<\/em><\/li>\n<li><em>Aprender sobre el funcionamiento de otros sistemas educativos, nuevas metodolog\u00edas, fomento del uso de nuevas tecnolog\u00edas, y desarrollo de buenas pr\u00e1cticas educativas por parte del profesorado para que repercutan en nuestras aulas.<\/em><\/li>\n<li><em>Promover el desarrollo profesional e integraci\u00f3n de los\/as habitantes del \u00e1rea de influencia del centro educativo.<\/em><\/li>\n<li><em>Mejorar la competencia ling\u00fc\u00edstica, tanto de los estudiantes como del profesorado, para promover el intercambio y el desarrollo cultural y socioecon\u00f3mico de los pa\u00edses miembros de la UE.<\/em><\/li>\n<li><em>Fomentar la capacidad de adaptaci\u00f3n a contextos diversos por parte de los participantes.<\/em><\/li>\n<li><em>Mejora de la calidad y relevancia de la educaci\u00f3n a trav\u00e9s de proyectos de movilidad y cooperaci\u00f3n internacional. <\/em><\/li>\n<li><em>Establecimiento de relaciones entre la educaci\u00f3n, la investigaci\u00f3n y las empresas para afianzar la excelencia y contribuir al desarrollo regional. <\/em><\/li>\n<li><em>Internacionalizaci\u00f3n de nuestro centro promoviendo valores comunes y una mayor comprensi\u00f3n entre los diferentes pueblos y culturas. A trav\u00e9s de las movilidades se fomenta la dimensi\u00f3n europea, el conocimiento y la comprensi\u00f3n de otras culturas dentro del Espacio Europeo de Educaci\u00f3n. <\/em><\/li>\n<li><em>Divulgar el programa Erasmus Plus a trav\u00e9s de diversas formas (charlas, internet, carteles, etc.), destacando el valor que aporta la experiencia, as\u00ed como su atractivo y accesibilidad.<\/em><\/li>\n<\/ul>\n<p>&nbsp;<\/p>\n<p><em>The AXATI Secondary Education Institute is a public educational center dedicated to the vocational training and subsequent labor integration of the youth of the Vega Alta del Guadalquivir region, in Lora del R\u00edo, Seville (Spain).<\/em><\/p>\n<p><em>As stated in the educational purposes of our center plan, IES Axati seeks to be a center with international projection. An essential aspect of the training will be the European and international dimension. The mobility of students and graduates, as well as teachers, the development of European programs and projects, and cooperation and exchange with other centers in the European environment will be promoted.<\/em><\/p>\n<p><em>The main objectives we pursue through participation in Erasmus+ programs can be summarized as follows:<\/em><\/p>\n<ul>\n<li><em>Increase academic performance rates to guarantee the professional success of our students. We hope that participation in the program will improve the competitiveness of our students, increasing their academic performance and improving their linguistic competence.<\/em><\/li>\n<li><em>Acquire useful skills for professional development in your own environment, as well as in other EU countries, and increase the possibilities of job placement.<\/em><\/li>\n<li><em>Learn about the functioning of other educational systems, new methodologies, promoting the use of new technologies, and developing good educational practices by teachers so that they have an impact in our classrooms.<\/em><\/li>\n<li><em>Promote the professional development and integration of the inhabitants of the area of \u200b\u200binfluence of the educational center.<\/em><\/li>\n<li><em>Improve linguistic competence, both of students and teachers, to promote exchange and cultural and socioeconomic development of EU member countries.<\/em><\/li>\n<li><em>Promote the ability of participants to adapt to diverse contexts.<\/em><\/li>\n<li><em>Improving the quality and relevance of education through mobility and international cooperation projects.<\/em><\/li>\n<li><em>Establishment of relationships between education, research and companies to strengthen excellence and contribute to regional development.<\/em><\/li>\n<li><em>Internationalization of our center promoting common values \u200b\u200band greater understanding between different peoples and cultures. Through mobility, the European dimension, knowledge and understanding of other cultures within the European Education Area are promoted.<\/em><\/li>\n<li><em>Disseminate the Erasmus Plus program through various forms (talks, internet, posters, etc.), highlighting the value that the experience brings, as well as its attractiveness and accessibility.<\/em><\/li>\n<\/ul>\n<p><\/li><li class=\"tab-pane \" id=\"ert_pane1-4\"><\/p>\n<p>Juan Carlos Garc\u00eda G\u00f3mez<\/p>\n<p>erasmus@iesaxati.es<\/p>\n<p><\/li><\/ul><\/div><\/div>\n","protected":false},"excerpt":{"rendered":"","protected":false},"author":7453,"featured_media":2714,"parent":0,"menu_order":0,"comment_status":"closed","ping_status":"closed","template":"","meta":{"ngg_post_thumbnail":0,"footnotes":"","_mc_calendar":[]},"aioseo_notices":[],"_links":{"self":[{"href":"https:\/\/blogsaverroes.juntadeandalucia.es\/iesaxati\/index.php?rest_route=\/wp\/v2\/pages\/2716"}],"collection":[{"href":"https:\/\/blogsaverroes.juntadeandalucia.es\/iesaxati\/index.php?rest_route=\/wp\/v2\/pages"}],"about":[{"href":"https:\/\/blogsaverroes.juntadeandalucia.es\/iesaxati\/index.php?rest_route=\/wp\/v2\/types\/page"}],"author":[{"embeddable":true,"href":"https:\/\/blogsaverroes.juntadeandalucia.es\/iesaxati\/index.php?rest_route=\/wp\/v2\/users\/7453"}],"replies":[{"embeddable":true,"href":"https:\/\/blogsaverroes.juntadeandalucia.es\/iesaxati\/index.php?rest_route=%2Fwp%2Fv2%2Fcomments&post=2716"}],"version-history":[{"count":46,"href":"https:\/\/blogsaverroes.juntadeandalucia.es\/iesaxati\/index.php?rest_route=\/wp\/v2\/pages\/2716\/revisions"}],"predecessor-version":[{"id":7690,"href":"https:\/\/blogsaverroes.juntadeandalucia.es\/iesaxati\/index.php?rest_route=\/wp\/v2\/pages\/2716\/revisions\/7690"}],"wp:featuredmedia":[{"embeddable":true,"href":"https:\/\/blogsaverroes.juntadeandalucia.es\/iesaxati\/index.php?rest_route=\/wp\/v2\/media\/2714"}],"wp:attachment":[{"href":"https:\/\/blogsaverroes.juntadeandalucia.es\/iesaxati\/index.php?rest_route=%2Fwp%2Fv2%2Fmedia&parent=2716"}],"curies":[{"name":"wp","href":"https:\/\/api.w.org\/{rel}","templated":true}]}}