{"id":2801,"date":"2019-05-12T18:01:37","date_gmt":"2019-05-12T18:01:37","guid":{"rendered":"https:\/\/blogsaverroes.juntadeandalucia.es\/iesaxati\/?page_id=2801"},"modified":"2023-01-23T10:13:25","modified_gmt":"2023-01-23T10:13:25","slug":"electricidad","status":"publish","type":"page","link":"https:\/\/blogsaverroes.juntadeandalucia.es\/iesaxati\/?page_id=2801","title":{"rendered":"Electricidad"},"content":{"rendered":"<div class=\"osc-res-tab tabbable   osc-tabs-left\"><div style=\"clear:both;width: 100%;\"><ul class=\"nav osc-res-nav nav-tabs osc-tabs-left-ul\" id=\"oscitas-restabs-1-electricidad-69591\"><li class=\"active\"><a href=\"#ert_pane1-0\" data-toggle=\"tab\">Departamento<\/a><\/li><\/ul><\/div><div style=\"clear:both;width: 100%;\"><ul class=\"tab-content\" id=\"oscitas-restabcontent-1-electricidad-69591\"><li class=\"tab-pane active\" id=\"ert_pane1-0\"><\/p>\n<p><strong>Programaciones<\/strong><\/p>\n<p><a href=\"http:\/\/2\u00baSTI-SPA-Juan Carlos-Carrasco PD 2STI 0525 CIST(2022-23) PD 2STI 0555 RT(2022-23)v2 PROGRAMACI\u00d3N-GPIT(2022-2023) PROGRAMACI\u00d3N-SR(2022-2023)\">2\u00baSTI-SPA-Juan Carlos-Carrasco PD 2STI 0525 CIST(2022-23) PD 2STI 0555 RT(2022-23)v2 PROGRAMACI\u00d3N-GPIT(2022-2023) PROGRAMACI\u00d3N-SR(2022-2023)<\/a><\/p>\n<p><a href=\"http:\/\/PD 2STI 0525 CIST(2022-23)\">PD 2STI 0525 CIST(2022-23)<\/a><\/p>\n<p><a href=\"http:\/\/PD 2STI 0555 RT(2022-23)v2\">PD 2STI 0555 RT(2022-23)v2<\/a><\/p>\n<p><a href=\"http:\/\/PROGRAMACI\u00d3N-GPIT(2022-2023)\">PROGRAMACI\u00d3N-GPIT(2022-2023)<\/a><\/p>\n<p><a href=\"http:\/\/PROGRAMACI\u00d3N-SR(2022-2023)\">PROGRAMACI\u00d3N-SR(2022-2023)<\/a><\/p>\n<p><em>Miembros del Departamento<\/em><\/p>\n<p>Eduardo Aranda Oliver<\/p>\n<p>Jorge \u00c1vila Rodr\u00edguez<\/p>\n<p>Florencio Carballo Contreras<\/p>\n<p>Francisco Javier Carmona Romero<\/p>\n<p>Jos\u00e9 Mar\u00eda Carrasco Garc\u00eda<\/p>\n<p>Andr\u00e9s Carrillo Mesa<\/p>\n<p>Juan Mar\u00eda G\u00f3mez Aranda<\/p>\n<p>Araceli L\u00f3pez Garc\u00eda<\/p>\n<p>Alfonso \u00c1ngel D\u00edaz Galiano<\/p>\n<p>Jos\u00e9 Joaqu\u00edn Ponferrada Medina<\/p>\n<p>Elena Pilar Varo Mart\u00ednez<\/p>\n<p><\/li><\/ul><\/div><\/div>\n","protected":false},"excerpt":{"rendered":"","protected":false},"author":7453,"featured_media":0,"parent":2677,"menu_order":0,"comment_status":"closed","ping_status":"closed","template":"","meta":{"ngg_post_thumbnail":0,"footnotes":"","_mc_calendar":[]},"aioseo_notices":[],"_links":{"self":[{"href":"https:\/\/blogsaverroes.juntadeandalucia.es\/iesaxati\/index.php?rest_route=\/wp\/v2\/pages\/2801"}],"collection":[{"href":"https:\/\/blogsaverroes.juntadeandalucia.es\/iesaxati\/index.php?rest_route=\/wp\/v2\/pages"}],"about":[{"href":"https:\/\/blogsaverroes.juntadeandalucia.es\/iesaxati\/index.php?rest_route=\/wp\/v2\/types\/page"}],"author":[{"embeddable":true,"href":"https:\/\/blogsaverroes.juntadeandalucia.es\/iesaxati\/index.php?rest_route=\/wp\/v2\/users\/7453"}],"replies":[{"embeddable":true,"href":"https:\/\/blogsaverroes.juntadeandalucia.es\/iesaxati\/index.php?rest_route=%2Fwp%2Fv2%2Fcomments&post=2801"}],"version-history":[{"count":40,"href":"https:\/\/blogsaverroes.juntadeandalucia.es\/iesaxati\/index.php?rest_route=\/wp\/v2\/pages\/2801\/revisions"}],"predecessor-version":[{"id":6234,"href":"https:\/\/blogsaverroes.juntadeandalucia.es\/iesaxati\/index.php?rest_route=\/wp\/v2\/pages\/2801\/revisions\/6234"}],"up":[{"embeddable":true,"href":"https:\/\/blogsaverroes.juntadeandalucia.es\/iesaxati\/index.php?rest_route=\/wp\/v2\/pages\/2677"}],"wp:attachment":[{"href":"https:\/\/blogsaverroes.juntadeandalucia.es\/iesaxati\/index.php?rest_route=%2Fwp%2Fv2%2Fmedia&parent=2801"}],"curies":[{"name":"wp","href":"https:\/\/api.w.org\/{rel}","templated":true}]}}