{"id":5546,"date":"2022-06-07T10:19:41","date_gmt":"2022-06-07T10:19:41","guid":{"rendered":"https:\/\/blogsaverroes.juntadeandalucia.es\/iesaxati\/?page_id=5546"},"modified":"2022-07-07T10:57:55","modified_gmt":"2022-07-07T10:57:55","slug":"curso-certificado-de-profesionalidad","status":"publish","type":"page","link":"https:\/\/blogsaverroes.juntadeandalucia.es\/iesaxati\/?page_id=5546","title":{"rendered":"Curso Certificado de Profesionalidad"},"content":{"rendered":"<p>&nbsp;&nbsp; <img fetchpriority=\"high\" decoding=\"async\" class=\"alignnone wp-image-5565 size-full\" src=\"https:\/\/blogsaverroes.juntadeandalucia.es\/iesaxati\/files\/2022\/06\/encabezado.png\" alt=\"\" width=\"900\" height=\"327\" srcset=\"https:\/\/blogsaverroes.juntadeandalucia.es\/iesaxati\/files\/2022\/06\/encabezado.png 900w, https:\/\/blogsaverroes.juntadeandalucia.es\/iesaxati\/files\/2022\/06\/encabezado-300x109.png 300w, https:\/\/blogsaverroes.juntadeandalucia.es\/iesaxati\/files\/2022\/06\/encabezado-768x279.png 768w\" sizes=\"(max-width: 900px) 100vw, 900px\" \/>&nbsp; &nbsp; &nbsp;&nbsp;<\/p>\n<p style=\"text-align: justify\">El certificado de profesionalidad es el instrumento de acreditaci\u00f3n oficial de las cualificaciones profesionales, que acredita la capacitaci\u00f3n para el desarrollo de una actividad laboral con significaci\u00f3n para el empleo y asegura la formaci\u00f3n necesaria para su adquisici\u00f3n. Cada certificado de profesionalidad acredita una cualificaci\u00f3n profesional del Cat\u00e1logo Nacional de Cualificaciones Profesionales aunque, de manera excepcional, puede haber certificados que acrediten s\u00f3lo una parte de la cualificaci\u00f3n. Se estructuran en m\u00f3dulos formativos e incluyen un m\u00f3dulo de formaci\u00f3n pr\u00e1ctica en centros de trabajo.&nbsp;La superaci\u00f3n de este m\u00f3dulo de pr\u00e1cticas es imprescindible para obtener el certificado de profesionalidad, si bien est\u00e1 la opci\u00f3n de obtener la exenci\u00f3n de este m\u00f3dulo.<\/p>\n<p><strong>\u00bfD\u00f3nde se imparten?<\/strong><\/p>\n<p>Estos cursos se imparten en el IES AXATI, en horario de tarde, en las instalaciones donde se desarrollan nuestros ciclos formativos de Formaci\u00f3n Profesional Inicial. (Totalmente gratuitos)<br \/>\nM\u00e1s informaci\u00f3n sobre nuestra oferta educativa en <a href=\"https:\/\/blogsaverroes.juntadeandalucia.es\/iesaxati\/\"><span style=\"color: #0000ff\">www.iesaxati.es<\/span>&nbsp;<\/a><\/p>\n<p><strong>\u00bfA qui\u00e9n va dirigido?<\/strong><\/p>\n<ul>\n<li style=\"text-align: justify\">Acciones Formativas dirigidas prioritariamente a personas desempleadas. (inscritas como demandantes de empleo en el Servicio Andaluz de Empleo)<\/li>\n<li style=\"text-align: justify\">En caso de que no se cubran las plazas destinadas a personas desempleadas, estas se otorgar\u00e1n a personas trabajadoras ocupadas (aportaran informe de Vida Laboral), con un porcentaje m\u00e1ximo del 25% del total de plazas de la acci\u00f3n formativa.<\/li>\n<li style=\"text-align: justify\">Reserva para personas con discapacidad: 5%<\/li>\n<\/ul>\n<p><strong>Requisitos de acceso<\/strong><\/p>\n<p>Tal y como recoge el RD 34\/2008, de 18 de enero, por el que se regulan los certificados de profesionalidad.<br \/>\nPara acceder a la formaci\u00f3n de los m\u00f3dulos formativos de los certificados de profesionalidad de los niveles de cualificaci\u00f3n profesional 2, los alumnos deber\u00e1n cumplir alguno de los requisitos siguientes:<\/p>\n<p style=\"padding-left: 40px\">a) Estar en posesi\u00f3n del t\u00edtulo de Graduado en Educaci\u00f3n Secundaria Obligatoria para el nivel 2.<\/p>\n<p style=\"padding-left: 40px\">b) Estar en posesi\u00f3n de un certificado de profesionalidad del mismo nivel del m\u00f3dulo o m\u00f3dulos formativos y\/o del certificado de profesionalidad al que desea acceder.<\/p>\n<p style=\"padding-left: 40px\">c) Estar en posesi\u00f3n de un certificado de profesionalidad de nivel 1 de la misma familia y \u00e1rea profesional para el nivel 2.&nbsp;<\/p>\n<p style=\"padding-left: 40px\">d) Cumplir el requisito acad\u00e9mico de acceso a los ciclos formativos de grado medio para el nivel 2 o bien haber superado las correspondientes pruebas de acceso reguladas por las administraciones educativas.<\/p>\n<p style=\"padding-left: 40px\">e) Tener superada la prueba de acceso a la universidad para mayores de 25 a\u00f1os y\/o de 45 a\u00f1os.<\/p>\n<p style=\"padding-left: 40px\">f) Tener las competencias clave necesarias, de acuerdo con lo recogido en el anexo IV de este real decreto, para cursar con aprovechamiento la formaci\u00f3n correspondiente al certificado de profesionalidad.&nbsp;<\/p>\n<p><strong>Lugar de presentaci\u00f3n de las solicitudes.<\/strong><\/p>\n<p>Las solicitudes deber\u00e1n ser presentadas en la Secretar\u00eda del Centro. El interesado deber\u00e1 quedarse con un resguardo sellado por la Secretar\u00eda a su entrega como justificante.<\/p>\n<p><strong>Documentaci\u00f3n a entregar.<\/strong><\/p>\n<p>Para solicitar la admisi\u00f3n deber\u00e1s presentar en la secretar\u00eda del centro el siguiente documento debidamente relleno.<\/p>\n<ul>\n<li>Documento para admisi\u00f3n. <a href=\"https:\/\/blogsaverroes.juntadeandalucia.es\/iesaxati\/files\/2022\/06\/Anexo-I.pdf\"><span style=\"color: #0000ff\">Anexo I<\/span><\/a>.&nbsp;<\/li>\n<li>Las personas solicitantes deber\u00e1n acreditar documentalmente el nivel de formaci\u00f3n que posee. En aquellos casos en los que la persona solicitante opte por uno de los colectivos se\u00f1alados en su solicitud, deber\u00e1 presentar los certificados que acrediten cada una de las circunstancias. Asimismo, para acreditar las circunstancias objeto de baremaci\u00f3n, deber\u00e1 aportar la documentaci\u00f3n justificativa.<\/li>\n<\/ul>\n<p><strong>Plazos.<\/strong><\/p>\n<ul>\n<li>Solicitudes: Del 15 de junio al 22 de julio (Incluido)<\/li>\n<li>Seg\u00fan la instrucci\u00f3n octava, punto 1b, se realizar\u00e1n entrevistas a los solicitantes. Se publicar\u00e1 el calendario de entrevistas en esta misma web.<\/li>\n<li>Finalizado este proceso, se publicar\u00e1n listas provisionales y se habilitar\u00e1 el periodo de alegaciones.<\/li>\n<li>Publicaci\u00f3n definitiva de inscritos el d\u00eda 26 de julio de 2022.<\/li>\n<\/ul>\n<p>Toda la informaci\u00f3n oficial sobre el procedimiento de admisi\u00f3n se encuentra en las&nbsp;<a href=\"https:\/\/blogsaverroes.juntadeandalucia.es\/iesaxati\/files\/2022\/06\/Instrucciones_seleccion_participantes_CdP_211203F.pdf\">Instrucciones del 3 de diciembre de 2021 publicadas por la Direcci\u00f3n General de FP<\/a>.<\/p>\n<h1><strong>T\u00edtulo ofertado<\/strong><\/h1>\n<h3>MF1978_2: Montaje de sistemas de automatizaci\u00f3n industrial. (Nivel 2)<\/h3>\n<p>\u00a1\u00a1In\u00edciate en los fundamentos de la profesi\u00f3n del futuro:<\/p>\n<p>En \u00e9ste m\u00f3dulo aprender\u00e1s, entre otras cosas, a:&nbsp;<\/p>\n<ul>\n<li style=\"text-align: justify\">Conocer los elementos y equipos utilizados en los sistemas de automatizaci\u00f3n industrial (sensores, actuadores, motores, etc.).<\/li>\n<li style=\"text-align: justify\">T\u00e9cnicas de mecanizado y montaje de los cuadros, armarios y pupitres de los sistemas de automatizaci\u00f3n industrial.<\/li>\n<li style=\"text-align: justify\">T\u00e9cnicas de instalaci\u00f3n de los equipos y elementos de campo de los sistemas de automatizaci\u00f3n industrial. (Neum\u00e1tica y electroneum\u00e1tica).<\/li>\n<li style=\"text-align: justify\">T\u00e9cnicas de programaci\u00f3n de los aut\u00f3matas programables, pantallas t\u00e1ctiles y paneles de operador.<\/li>\n<li style=\"text-align: justify\">Pruebas funcionales y puesta en marcha de los sistemas de automatizaci\u00f3n industrial.<\/li>\n<li style=\"text-align: justify\">Documentaci\u00f3n y normativa para el montaje de los sistemas de automatizaci\u00f3n industrial.<br \/>\nPrevenci\u00f3n de riesgos laborales y medioambientales en el montaje y mantenimiento de sistemas de automatizaci\u00f3n industrial \u2026y mucho m\u00e1s!!&nbsp;&nbsp;<\/li>\n<li>Fecha inicio del curso: 12\/09\/2022<\/li>\n<li>Horario: de 16 a 21 horas de lunes a jueves.<\/li>\n<li>Fecha fin: 24\/11\/2022<\/li>\n<li>Duraci\u00f3n total: 210 horas.&nbsp;<\/li>\n<li>Horas de Certificado de Profesionalidad (presenciales): 210 horas<\/li>\n<li>Oferta parcial: SI<\/li>\n<li>Nivel de cualificaci\u00f3n: 2<\/li>\n<li>Modalidad de impartici\u00f3n: Presencial.<\/li>\n<\/ul>\n<p>&nbsp;<\/p>\n<table style=\"border-collapse: collapse;width: 100%\">\n<tbody>\n<tr>\n<td style=\"width: 55.0606%\">&nbsp; Contenidos&nbsp;<\/td>\n<td style=\"width: 15.1818%\">Horas totales<\/td>\n<td style=\"width: 15.1818%\">Horas presenc.<\/td>\n<td style=\"width: 14.5758%\">Horas distancia<\/td>\n<\/tr>\n<tr>\n<td style=\"width: 55.0606%\">1. MF1978_2: Montaje de sistemas de automatizaci\u00f3n<br \/>\nindustrial&nbsp;<\/td>\n<td style=\"width: 15.1818%\">210<\/td>\n<td style=\"width: 15.1818%\">210<\/td>\n<td style=\"width: 14.5758%\">0<\/td>\n<\/tr>\n<tr>\n<td style=\"width: 55.0606%\">1.1 UF2234: Instalaci\u00f3n de equipos y elementos de<br \/>\nsistemas de automatizaci\u00f3n industrial&nbsp;<\/td>\n<td style=\"width: 15.1818%\">90<\/td>\n<td style=\"width: 15.1818%\">90<\/td>\n<td style=\"width: 14.5758%\">0<\/td>\n<\/tr>\n<tr>\n<td style=\"width: 55.0606%\">1.2 UF2235: Puesta en marcha de sistemas de<br \/>\nautomatizaci\u00f3n industrial.<\/td>\n<td style=\"width: 15.1818%\">90<\/td>\n<td style=\"width: 15.1818%\">90<\/td>\n<td style=\"width: 14.5758%\">0<\/td>\n<\/tr>\n<tr>\n<td style=\"width: 55.0606%\">1.3 UF2236: Prevenci\u00f3n de riesgos laborales y<br \/>\nmedioambientales en el montaje y mantenimiento de<br \/>\nsistemas de automatizaci\u00f3n industrial.<\/td>\n<td style=\"width: 15.1818%\">30<\/td>\n<td style=\"width: 15.1818%\">30<\/td>\n<td style=\"width: 14.5758%\">0<\/td>\n<\/tr>\n<\/tbody>\n<\/table>\n<p><em><a href=\"https:\/\/blogsaverroes.juntadeandalucia.es\/iesaxati\/files\/2022\/06\/cualif-montaje-autom-indust-BOE-n\u00fam.-109-de-2011.pdf\">Acceso a Contenidos Oficiales BOE<\/a><\/em><\/p>\n<h1 style=\"text-align: center\">M\u00e1s informaci\u00f3n en<br \/>\ncdp@iesaxati.es<\/h1>\n","protected":false},"excerpt":{"rendered":"<p>&nbsp;&nbsp; &nbsp; &nbsp; &nbsp;&nbsp; El certificado de profesionalidad es el instrumento de acreditaci\u00f3n oficial de las cualificaciones profesionales, que acredita la capacitaci\u00f3n para el desarrollo de una actividad laboral con significaci\u00f3n para el empleo&#46;&#46;&#46;<\/p>\n","protected":false},"author":7453,"featured_media":5559,"parent":0,"menu_order":0,"comment_status":"closed","ping_status":"closed","template":"","meta":{"ngg_post_thumbnail":0,"footnotes":"","_mc_calendar":[]},"aioseo_notices":[],"_links":{"self":[{"href":"https:\/\/blogsaverroes.juntadeandalucia.es\/iesaxati\/index.php?rest_route=\/wp\/v2\/pages\/5546"}],"collection":[{"href":"https:\/\/blogsaverroes.juntadeandalucia.es\/iesaxati\/index.php?rest_route=\/wp\/v2\/pages"}],"about":[{"href":"https:\/\/blogsaverroes.juntadeandalucia.es\/iesaxati\/index.php?rest_route=\/wp\/v2\/types\/page"}],"author":[{"embeddable":true,"href":"https:\/\/blogsaverroes.juntadeandalucia.es\/iesaxati\/index.php?rest_route=\/wp\/v2\/users\/7453"}],"replies":[{"embeddable":true,"href":"https:\/\/blogsaverroes.juntadeandalucia.es\/iesaxati\/index.php?rest_route=%2Fwp%2Fv2%2Fcomments&post=5546"}],"version-history":[{"count":6,"href":"https:\/\/blogsaverroes.juntadeandalucia.es\/iesaxati\/index.php?rest_route=\/wp\/v2\/pages\/5546\/revisions"}],"predecessor-version":[{"id":5689,"href":"https:\/\/blogsaverroes.juntadeandalucia.es\/iesaxati\/index.php?rest_route=\/wp\/v2\/pages\/5546\/revisions\/5689"}],"wp:featuredmedia":[{"embeddable":true,"href":"https:\/\/blogsaverroes.juntadeandalucia.es\/iesaxati\/index.php?rest_route=\/wp\/v2\/media\/5559"}],"wp:attachment":[{"href":"https:\/\/blogsaverroes.juntadeandalucia.es\/iesaxati\/index.php?rest_route=%2Fwp%2Fv2%2Fmedia&parent=5546"}],"curies":[{"name":"wp","href":"https:\/\/api.w.org\/{rel}","templated":true}]}}