{"id":373,"date":"2015-03-18T10:25:52","date_gmt":"2015-03-18T10:25:52","guid":{"rendered":"http:\/\/blogsaverroes.juntadeandalucia.es\/pre\/ceip\/?page_id=373"},"modified":"2020-06-04T13:10:37","modified_gmt":"2020-06-04T11:10:37","slug":"materiales-recursos","status":"publish","type":"page","link":"https:\/\/blogsaverroes.juntadeandalucia.es\/iesaznalcollar\/orientacion-2\/materiales-recursos\/","title":{"rendered":"Materiales, recursos&#8230;"},"content":{"rendered":"<p style=\"text-align: justify\">Para cualquier consulta personal, solicita cita con la orientadora en Secretar\u00eda o manda un correo a la siguiente direcci\u00f3n: <a href=\"mailto:elisa.cano.edu@juntadeandalucia.es\">nuriacascales@iesaznalcollar.com<\/a><\/p>\n<p>&nbsp;<\/p>\n<p><strong>ORIENTACI\u00d3N ESO<\/strong>:<\/p>\n<p>Y despu\u00e9s de 3\u00ba \u00bfqu\u00e9? &nbsp;&nbsp;<\/p>\n<p><strong><a href=\"https:\/\/drive.google.com\/file\/d\/1QPFcEbMrP7RyRwMuBLOfKVuziefKa89g\/view?usp=drive_web\">&nbsp;Y despu\u00e9s de 3\u00ba ESO&#8230;..ppt<\/a><\/strong><\/p>\n<p>&nbsp;<\/p>\n<p>Y despu\u00e9s de 4\u00ba \u00bfqu\u00e9? &nbsp;&nbsp;<\/p>\n<p><strong><a href=\"https:\/\/drive.google.com\/file\/d\/1SE2yesoQW059E6dEhUYCFIo6aAI8zQkr\/view?usp=drive_web\">&nbsp;Y despu\u00e9s de 4\u00ba ESO&#8230;..ppt<\/a><\/strong><\/p>\n<p>&nbsp;<\/p>\n<p>Estructura del sistema educativo:<\/p>\n<p><strong><a href=\"https:\/\/docs.google.com\/document\/d\/1y2FO57tpD9ybW0gS6PpbIzBWMgsE5SBpVhA-HjcgXas\/edit?usp=drive_web\">&nbsp;Estructura del S.E.\/opciones titulaci\u00f3n<\/a><\/strong><\/p>\n<p>&nbsp;<\/p>\n<p>Opciones para obtener el t\u00edtulo de graduado en ESO y\/o acceder a un Ciclo Formativo de Grado Medio:<\/p>\n<p><strong><a href=\"https:\/\/drive.google.com\/file\/d\/1Y50XiiUDMboaEBYAKdBgCSUWXIdXZb-_\/view?usp=drive_web\">&nbsp;Opciones para obtener el t\u00edtulo de la ESO o acc&#8230;<\/a><\/strong><\/p>\n<p>&nbsp;<\/p>\n<p><strong>Cuestionarios de intereses profesionales:<\/strong><\/p>\n<p><strong>Orientaline<\/strong><\/p>\n<p>En este portal podr\u00e1s encontrar cuestionarios para la elecci\u00f3n de la modalidad de Bachillerato o la elecci\u00f3n entre FP y Bachillerato.<\/p>\n<p><a href=\"http:\/\/www.orientaline.es\/?yafxb=51182\" target=\"_blank\" rel=\"noopener noreferrer\"><img loading=\"lazy\" decoding=\"async\" class=\"aligncenter wp-image-3033 size-medium\" src=\"https:\/\/blogsaverroes.juntadeandalucia.es\/iesaznalcollar\/files\/2020\/03\/logo_el_orienta-300x87-300x87.jpg\" alt=\"\" width=\"300\" height=\"87\" srcset=\"https:\/\/blogsaverroes.juntadeandalucia.es\/iesaznalcollar\/files\/2020\/03\/logo_el_orienta-300x87.jpg 300w, https:\/\/blogsaverroes.juntadeandalucia.es\/iesaznalcollar\/files\/2020\/03\/logo_el_orienta-300x87-24x7.jpg 24w, https:\/\/blogsaverroes.juntadeandalucia.es\/iesaznalcollar\/files\/2020\/03\/logo_el_orienta-300x87-36x10.jpg 36w, https:\/\/blogsaverroes.juntadeandalucia.es\/iesaznalcollar\/files\/2020\/03\/logo_el_orienta-300x87-48x14.jpg 48w\" sizes=\"(max-width: 300px) 100vw, 300px\" \/><\/a><\/p>\n<p><strong>Test GR. <\/strong>Busca tu camino.<\/p>\n<p>&nbsp;<a href=\"https:\/\/www.educaweb.com\/orientacion\/intereses-profesionales\/\">https:\/\/www.educaweb.com\/orientacion\/intereses-profesionales\/<\/a>&nbsp;<\/p>\n<p>&nbsp;<\/p>\n<p><strong>Cuestionario de intereses profesionales&nbsp;<\/strong><\/p>\n<p><strong><a href=\"https:\/\/drive.google.com\/file\/d\/1_j9INTwt8LQX8oBDOKUDiYQMNAEuAwQ4\/view?usp=drive_web\">&nbsp;Cuestionario sobre intereses profesionales.pdf<\/a><\/strong><\/p>\n<p>&nbsp;<\/p>\n<p><strong>Recursos y enlaces<\/strong>: En \u00e9ste apartado podr\u00e1s encontrar algunos enlaces a otras p\u00e1ginas y documentos:<\/p>\n<p>Consejer\u00eda de Educaci\u00f3n: <a href=\"http:\/\/www.juntadeandalucia.es\/educacion\/portals\/web\/ced\/alumnado\">www.juntadeandalucia.es\/educacion\/portals\/web\/ced\/alumnado<\/a><\/p>\n<p>FP Grado Medio y Superior: <a href=\"http:\/\/www.juntadeandalucia.es\/educacion\/secretariavirtual\/consulta\/oferta-educativa-formacion-profesional\/\">www.juntadeandalucia.es\/educacion\/secretariavirtual\/consulta\/oferta-educativa-formacion-profesional\/<\/a><\/p>\n<p>Cuaderno de Orientaci\u00f3n 2020&nbsp; <a href=\"https:\/\/drive.google.com\/file\/d\/1XncsDFPPBlplFw3hgZNelq2fQO2JS0_p\/view?usp=sharing\">https:\/\/drive.google.com\/file\/d\/1XncsDFPPBlplFw3hgZNelq2fQO2JS0_p\/view?usp=sharing<\/a><\/p>\n","protected":false},"excerpt":{"rendered":"<p>Para cualquier consulta personal, solicita cita con la orientadora en Secretar\u00eda o manda un correo a la siguiente direcci\u00f3n: nuriacascales@iesaznalcollar.com &nbsp; ORIENTACI\u00d3N ESO: Y despu\u00e9s de 3\u00ba \u00bfqu\u00e9? &nbsp;&nbsp; &nbsp;Y despu\u00e9s de 3\u00ba ESO&#8230;..ppt &nbsp; Y despu\u00e9s de 4\u00ba \u00bfqu\u00e9? &nbsp;&nbsp; &nbsp;Y despu\u00e9s de 4\u00ba ESO&#8230;..ppt &nbsp; Estructura del sistema educativo: &nbsp;Estructura del S.E.\/opciones titulaci\u00f3n &hellip; <a href=\"https:\/\/blogsaverroes.juntadeandalucia.es\/iesaznalcollar\/orientacion-2\/materiales-recursos\/\" class=\"more-link\">Seguir leyendo <span class=\"screen-reader-text\">Materiales, recursos&#8230;<\/span> <span class=\"meta-nav\">&rarr;<\/span><\/a><\/p>\n","protected":false},"author":1,"featured_media":0,"parent":1806,"menu_order":0,"comment_status":"closed","ping_status":"open","template":"page-cs.php","meta":{"ngg_post_thumbnail":0,"footnotes":"","_mc_calendar":[]},"aioseo_notices":[],"_links":{"self":[{"href":"https:\/\/blogsaverroes.juntadeandalucia.es\/iesaznalcollar\/wp-json\/wp\/v2\/pages\/373"}],"collection":[{"href":"https:\/\/blogsaverroes.juntadeandalucia.es\/iesaznalcollar\/wp-json\/wp\/v2\/pages"}],"about":[{"href":"https:\/\/blogsaverroes.juntadeandalucia.es\/iesaznalcollar\/wp-json\/wp\/v2\/types\/page"}],"author":[{"embeddable":true,"href":"https:\/\/blogsaverroes.juntadeandalucia.es\/iesaznalcollar\/wp-json\/wp\/v2\/users\/1"}],"replies":[{"embeddable":true,"href":"https:\/\/blogsaverroes.juntadeandalucia.es\/iesaznalcollar\/wp-json\/wp\/v2\/comments?post=373"}],"version-history":[{"count":9,"href":"https:\/\/blogsaverroes.juntadeandalucia.es\/iesaznalcollar\/wp-json\/wp\/v2\/pages\/373\/revisions"}],"predecessor-version":[{"id":3878,"href":"https:\/\/blogsaverroes.juntadeandalucia.es\/iesaznalcollar\/wp-json\/wp\/v2\/pages\/373\/revisions\/3878"}],"up":[{"embeddable":true,"href":"https:\/\/blogsaverroes.juntadeandalucia.es\/iesaznalcollar\/wp-json\/wp\/v2\/pages\/1806"}],"wp:attachment":[{"href":"https:\/\/blogsaverroes.juntadeandalucia.es\/iesaznalcollar\/wp-json\/wp\/v2\/media?parent=373"}],"curies":[{"name":"wp","href":"https:\/\/api.w.org\/{rel}","templated":true}]}}