{"id":10519,"date":"2022-11-24T23:15:43","date_gmt":"2022-11-24T22:15:43","guid":{"rendered":"https:\/\/blogsaverroes.juntadeandalucia.es\/iesbellavista\/?page_id=10519"},"modified":"2023-02-26T19:40:13","modified_gmt":"2023-02-26T18:40:13","slug":"programa-comunica","status":"publish","type":"page","link":"https:\/\/blogsaverroes.juntadeandalucia.es\/iesbellavista\/programa-comunica\/","title":{"rendered":"Programa ComunicA"},"content":{"rendered":"<h4>\u00bfQu\u00e9 es el programa ComunicA?<\/h4>\n<p style=\"text-align: justify\">En el marco del Programa para el desarrollo de la Competencia en Comunicaci\u00f3n Ling\u00fc\u00edstica: Leer, escribir, escuchar y hablar para la vida, la Consejer\u00eda de Desarrollo Educativo y Formaci\u00f3n Profesional pone a disposici\u00f3n de los centros educativos andaluces el programa ComunicA con el objetivo primordial de ofrecer estrategias y recursos\u00a0 metodol\u00f3gicos que puedan complementar el curr\u00edculum escolar.<br \/>\nComunicA pretende responder a la compleja situaci\u00f3n actual de los procesos de ense\u00f1anza y aprendizaje, a saber: alumnado que lee en formatos distintos y cambiantes; que escribe textos de distinta construcci\u00f3n y con diversas finalidades, que comienza a aprender la lengua extranjera a edades tempranas; que interact\u00faa en canales multimedia y en contextos individuales y sociales; que se conecta a las nuevas tecnolog\u00edas y establece comunicaci\u00f3n digital.<br \/>\nLos recursos de ComunicA han sido dise\u00f1ados principalmente para la mejora de la competencia en comunicaci\u00f3n ling\u00fc\u00edstica del alumnado y para el disfrute de la lectura en el aula, sin olvidar las posibilidades que ofrece para el desarrollo de otras competencias clave como la Competencia digital, Aprender a aprender, Competencias sociales y c\u00edvicas o Conciencia y expresiones culturales.<br \/>\nEl Programa ofrece una visi\u00f3n integradora de las tipolog\u00edas textuales como manifestaci\u00f3n cultural, ling\u00fc\u00edstica, est\u00e9tica, social, \u00e9tica e individual que se vinculan con las competencias clave y las nuevas metodolog\u00edas educativas.<br \/>\nEste curso 2022-2023 el Programa sigue incidiendo en el desarrollo de destrezas relacionadas con las alfabetizaciones m\u00faltiples y en el tratamiento y comunicaci\u00f3n de la informaci\u00f3n.<br \/>\nAdem\u00e1s, el Programa ofrece ComunicA Idiomas como herramienta para fomentar el pluriling\u00fc\u00edsmo y la multiculturalidad a trav\u00e9s de la conexi\u00f3n entre culturas y lenguas diversas.<\/p>\n<p>Ejemplo de realizaci\u00f3n de C.V en Word de alumna de 4\u00baESO (los datos personales han sido borrados para asegurar la privacidad de la alumna).<\/p>\n<p><a href=\"https:\/\/blogsaverroes.juntadeandalucia.es\/iesbellavista\/files\/2023\/02\/PHOTO-2022-12-20-10-07-31-1.jpeg\"><img loading=\"lazy\" decoding=\"async\" class=\"alignnone wp-image-10695\" src=\"https:\/\/blogsaverroes.juntadeandalucia.es\/iesbellavista\/files\/2023\/02\/PHOTO-2022-12-20-10-07-31-1-138x300.jpeg\" alt=\"\" width=\"236\" height=\"513\" srcset=\"https:\/\/blogsaverroes.juntadeandalucia.es\/iesbellavista\/files\/2023\/02\/PHOTO-2022-12-20-10-07-31-1-138x300.jpeg 138w, https:\/\/blogsaverroes.juntadeandalucia.es\/iesbellavista\/files\/2023\/02\/PHOTO-2022-12-20-10-07-31-1-472x1024.jpeg 472w, https:\/\/blogsaverroes.juntadeandalucia.es\/iesbellavista\/files\/2023\/02\/PHOTO-2022-12-20-10-07-31-1-708x1536.jpeg 708w, https:\/\/blogsaverroes.juntadeandalucia.es\/iesbellavista\/files\/2023\/02\/PHOTO-2022-12-20-10-07-31-1.jpeg 738w\" sizes=\"(max-width: 236px) 100vw, 236px\" \/><\/a><\/p>\n<p>&nbsp;<\/p>\n<p><a href=\"https:\/\/blogsaverroes.juntadeandalucia.es\/iesbellavista\/files\/2023\/02\/PRESENTACI\u00d3N-GRANDES-INVENTOS-4\u00ba-TECNOLOG\u00cdA.pdf\">PRESENTACI\u00d3N GRANDES INVENTOS 4\u00ba TECNOLOG\u00cdA<\/a><\/p>\n<p><a href=\"https:\/\/blogsaverroes.juntadeandalucia.es\/iesbellavista\/files\/2023\/02\/Screenshot_20221125-081850.png\"><img loading=\"lazy\" decoding=\"async\" class=\"alignnone size-medium wp-image-10692\" src=\"https:\/\/blogsaverroes.juntadeandalucia.es\/iesbellavista\/files\/2023\/02\/Screenshot_20221125-081850-292x300.png\" alt=\"\" width=\"292\" height=\"300\" srcset=\"https:\/\/blogsaverroes.juntadeandalucia.es\/iesbellavista\/files\/2023\/02\/Screenshot_20221125-081850-292x300.png 292w, https:\/\/blogsaverroes.juntadeandalucia.es\/iesbellavista\/files\/2023\/02\/Screenshot_20221125-081850.png 720w\" sizes=\"(max-width: 292px) 100vw, 292px\" \/><\/a><\/p>\n<p>Alumnos de 1\u00ba y 2\u00ba de Bachillerato adem\u00e1s de 3\u00ba Diversificaci\u00f3n usan y presentan tareas en Geogebra.<\/p>\n<p><a href=\"https:\/\/blogsaverroes.juntadeandalucia.es\/iesbellavista\/files\/2023\/01\/PHOTO-2023-01-25-11-39-40-1.jpg\"><img loading=\"lazy\" decoding=\"async\" class=\"alignnone size-medium wp-image-10673\" src=\"https:\/\/blogsaverroes.juntadeandalucia.es\/iesbellavista\/files\/2023\/01\/PHOTO-2023-01-25-11-39-40-1-300x169.jpg\" alt=\"\" width=\"300\" height=\"169\" srcset=\"https:\/\/blogsaverroes.juntadeandalucia.es\/iesbellavista\/files\/2023\/01\/PHOTO-2023-01-25-11-39-40-1-300x169.jpg 300w, https:\/\/blogsaverroes.juntadeandalucia.es\/iesbellavista\/files\/2023\/01\/PHOTO-2023-01-25-11-39-40-1-1024x576.jpg 1024w, https:\/\/blogsaverroes.juntadeandalucia.es\/iesbellavista\/files\/2023\/01\/PHOTO-2023-01-25-11-39-40-1-768x432.jpg 768w, https:\/\/blogsaverroes.juntadeandalucia.es\/iesbellavista\/files\/2023\/01\/PHOTO-2023-01-25-11-39-40-1-1536x864.jpg 1536w, https:\/\/blogsaverroes.juntadeandalucia.es\/iesbellavista\/files\/2023\/01\/PHOTO-2023-01-25-11-39-40-1.jpg 1600w\" sizes=\"(max-width: 300px) 100vw, 300px\" \/><\/a> <a href=\"https:\/\/blogsaverroes.juntadeandalucia.es\/iesbellavista\/files\/2023\/01\/PHOTO-2023-01-25-11-39-40.jpg\"><img loading=\"lazy\" decoding=\"async\" class=\"alignnone wp-image-10672\" src=\"https:\/\/blogsaverroes.juntadeandalucia.es\/iesbellavista\/files\/2023\/01\/PHOTO-2023-01-25-11-39-40-169x300.jpg\" alt=\"\" width=\"101\" height=\"179\" srcset=\"https:\/\/blogsaverroes.juntadeandalucia.es\/iesbellavista\/files\/2023\/01\/PHOTO-2023-01-25-11-39-40-169x300.jpg 169w, https:\/\/blogsaverroes.juntadeandalucia.es\/iesbellavista\/files\/2023\/01\/PHOTO-2023-01-25-11-39-40-575x1024.jpg 575w, https:\/\/blogsaverroes.juntadeandalucia.es\/iesbellavista\/files\/2023\/01\/PHOTO-2023-01-25-11-39-40-768x1367.jpg 768w, https:\/\/blogsaverroes.juntadeandalucia.es\/iesbellavista\/files\/2023\/01\/PHOTO-2023-01-25-11-39-40-863x1536.jpg 863w, https:\/\/blogsaverroes.juntadeandalucia.es\/iesbellavista\/files\/2023\/01\/PHOTO-2023-01-25-11-39-40.jpg 899w\" sizes=\"(max-width: 101px) 100vw, 101px\" \/><\/a><\/p>\n<p><a href=\"https:\/\/blogsaverroes.juntadeandalucia.es\/iesbellavista\/files\/2023\/01\/PHOTO-2023-01-19-10-59-56.jpg\">Alumnos de 2\u00ba C y D realizan historias en Scratch<\/a><\/p>\n<p><a href=\"https:\/\/blogsaverroes.juntadeandalucia.es\/iesbellavista\/files\/2023\/01\/PHOTO-2023-01-19-10-59-56.jpg\"><img loading=\"lazy\" decoding=\"async\" class=\"alignnone size-medium wp-image-10668\" src=\"https:\/\/blogsaverroes.juntadeandalucia.es\/iesbellavista\/files\/2023\/01\/PHOTO-2023-01-19-10-59-56-300x169.jpg\" alt=\"\" width=\"300\" height=\"169\" srcset=\"https:\/\/blogsaverroes.juntadeandalucia.es\/iesbellavista\/files\/2023\/01\/PHOTO-2023-01-19-10-59-56-300x169.jpg 300w, https:\/\/blogsaverroes.juntadeandalucia.es\/iesbellavista\/files\/2023\/01\/PHOTO-2023-01-19-10-59-56-1024x576.jpg 1024w, https:\/\/blogsaverroes.juntadeandalucia.es\/iesbellavista\/files\/2023\/01\/PHOTO-2023-01-19-10-59-56-768x432.jpg 768w, https:\/\/blogsaverroes.juntadeandalucia.es\/iesbellavista\/files\/2023\/01\/PHOTO-2023-01-19-10-59-56-1536x864.jpg 1536w, https:\/\/blogsaverroes.juntadeandalucia.es\/iesbellavista\/files\/2023\/01\/PHOTO-2023-01-19-10-59-56.jpg 1600w\" sizes=\"(max-width: 300px) 100vw, 300px\" \/><\/a> <a href=\"https:\/\/blogsaverroes.juntadeandalucia.es\/iesbellavista\/files\/2023\/01\/PHOTO-2023-01-19-10-59-44.jpg\"><img loading=\"lazy\" decoding=\"async\" class=\"alignnone size-medium wp-image-10667\" src=\"https:\/\/blogsaverroes.juntadeandalucia.es\/iesbellavista\/files\/2023\/01\/PHOTO-2023-01-19-10-59-44-300x169.jpg\" alt=\"\" width=\"300\" height=\"169\" srcset=\"https:\/\/blogsaverroes.juntadeandalucia.es\/iesbellavista\/files\/2023\/01\/PHOTO-2023-01-19-10-59-44-300x169.jpg 300w, https:\/\/blogsaverroes.juntadeandalucia.es\/iesbellavista\/files\/2023\/01\/PHOTO-2023-01-19-10-59-44-1024x576.jpg 1024w, https:\/\/blogsaverroes.juntadeandalucia.es\/iesbellavista\/files\/2023\/01\/PHOTO-2023-01-19-10-59-44-768x432.jpg 768w, https:\/\/blogsaverroes.juntadeandalucia.es\/iesbellavista\/files\/2023\/01\/PHOTO-2023-01-19-10-59-44-1536x864.jpg 1536w, https:\/\/blogsaverroes.juntadeandalucia.es\/iesbellavista\/files\/2023\/01\/PHOTO-2023-01-19-10-59-44.jpg 1600w\" sizes=\"(max-width: 300px) 100vw, 300px\" \/><\/a><\/p>\n<h4><a href=\"https:\/\/blogsaverroes.juntadeandalucia.es\/iesbellavista\/files\/2023\/01\/Photo_1669285386409-1.jpg\">Alumnos de 3\u00ba hacen y presentan sus c\u00e9lulas comestibles<img loading=\"lazy\" decoding=\"async\" class=\"alignnone size-medium wp-image-10666\" src=\"https:\/\/blogsaverroes.juntadeandalucia.es\/iesbellavista\/files\/2023\/01\/Photo_1669285386409-1-300x300.jpg\" alt=\"\" width=\"300\" height=\"300\" srcset=\"https:\/\/blogsaverroes.juntadeandalucia.es\/iesbellavista\/files\/2023\/01\/Photo_1669285386409-1-300x300.jpg 300w, https:\/\/blogsaverroes.juntadeandalucia.es\/iesbellavista\/files\/2023\/01\/Photo_1669285386409-1-150x150.jpg 150w, https:\/\/blogsaverroes.juntadeandalucia.es\/iesbellavista\/files\/2023\/01\/Photo_1669285386409-1-80x80.jpg 80w, https:\/\/blogsaverroes.juntadeandalucia.es\/iesbellavista\/files\/2023\/01\/Photo_1669285386409-1-320x320.jpg 320w, https:\/\/blogsaverroes.juntadeandalucia.es\/iesbellavista\/files\/2023\/01\/Photo_1669285386409-1.jpg 720w\" sizes=\"(max-width: 300px) 100vw, 300px\" \/><\/a><\/h4>\n<h4>Presentaciones de los trabajos de los Grandes Inventos de 4\u00ba de Tecnolog\u00eda<\/h4>\n<p><a href=\"https:\/\/blogsaverroes.juntadeandalucia.es\/iesbellavista\/files\/2023\/02\/4-realiza-exposiciones-sobre-inventos2.jpg\"><img loading=\"lazy\" decoding=\"async\" class=\"alignnone  wp-image-10716\" src=\"https:\/\/blogsaverroes.juntadeandalucia.es\/iesbellavista\/files\/2023\/02\/4-realiza-exposiciones-sobre-inventos2-300x169.jpg\" alt=\"\" width=\"254\" height=\"143\" srcset=\"https:\/\/blogsaverroes.juntadeandalucia.es\/iesbellavista\/files\/2023\/02\/4-realiza-exposiciones-sobre-inventos2-300x169.jpg 300w, https:\/\/blogsaverroes.juntadeandalucia.es\/iesbellavista\/files\/2023\/02\/4-realiza-exposiciones-sobre-inventos2-1024x576.jpg 1024w, https:\/\/blogsaverroes.juntadeandalucia.es\/iesbellavista\/files\/2023\/02\/4-realiza-exposiciones-sobre-inventos2-768x432.jpg 768w, https:\/\/blogsaverroes.juntadeandalucia.es\/iesbellavista\/files\/2023\/02\/4-realiza-exposiciones-sobre-inventos2-1536x864.jpg 1536w, https:\/\/blogsaverroes.juntadeandalucia.es\/iesbellavista\/files\/2023\/02\/4-realiza-exposiciones-sobre-inventos2.jpg 1600w\" sizes=\"(max-width: 254px) 100vw, 254px\" \/><\/a><a href=\"https:\/\/blogsaverroes.juntadeandalucia.es\/iesbellavista\/files\/2023\/02\/4-realiza-exposiciones-sobre-inventos1.jpg\"><img loading=\"lazy\" decoding=\"async\" class=\"alignnone  wp-image-10715\" src=\"https:\/\/blogsaverroes.juntadeandalucia.es\/iesbellavista\/files\/2023\/02\/4-realiza-exposiciones-sobre-inventos1-300x169.jpg\" alt=\"\" width=\"256\" height=\"144\" srcset=\"https:\/\/blogsaverroes.juntadeandalucia.es\/iesbellavista\/files\/2023\/02\/4-realiza-exposiciones-sobre-inventos1-300x169.jpg 300w, https:\/\/blogsaverroes.juntadeandalucia.es\/iesbellavista\/files\/2023\/02\/4-realiza-exposiciones-sobre-inventos1-1024x576.jpg 1024w, https:\/\/blogsaverroes.juntadeandalucia.es\/iesbellavista\/files\/2023\/02\/4-realiza-exposiciones-sobre-inventos1-768x432.jpg 768w, https:\/\/blogsaverroes.juntadeandalucia.es\/iesbellavista\/files\/2023\/02\/4-realiza-exposiciones-sobre-inventos1-1536x864.jpg 1536w, https:\/\/blogsaverroes.juntadeandalucia.es\/iesbellavista\/files\/2023\/02\/4-realiza-exposiciones-sobre-inventos1.jpg 1600w\" sizes=\"(max-width: 256px) 100vw, 256px\" \/><\/a><a href=\"https:\/\/blogsaverroes.juntadeandalucia.es\/iesbellavista\/files\/2023\/02\/4-realiza-exposiciones-sobre-inventos.jpg\"><img loading=\"lazy\" decoding=\"async\" class=\"alignnone  wp-image-10714\" src=\"https:\/\/blogsaverroes.juntadeandalucia.es\/iesbellavista\/files\/2023\/02\/4-realiza-exposiciones-sobre-inventos-300x169.jpg\" alt=\"\" width=\"257\" height=\"145\" srcset=\"https:\/\/blogsaverroes.juntadeandalucia.es\/iesbellavista\/files\/2023\/02\/4-realiza-exposiciones-sobre-inventos-300x169.jpg 300w, https:\/\/blogsaverroes.juntadeandalucia.es\/iesbellavista\/files\/2023\/02\/4-realiza-exposiciones-sobre-inventos-1024x576.jpg 1024w, https:\/\/blogsaverroes.juntadeandalucia.es\/iesbellavista\/files\/2023\/02\/4-realiza-exposiciones-sobre-inventos-768x432.jpg 768w, https:\/\/blogsaverroes.juntadeandalucia.es\/iesbellavista\/files\/2023\/02\/4-realiza-exposiciones-sobre-inventos-1536x864.jpg 1536w, https:\/\/blogsaverroes.juntadeandalucia.es\/iesbellavista\/files\/2023\/02\/4-realiza-exposiciones-sobre-inventos.jpg 1600w\" sizes=\"(max-width: 257px) 100vw, 257px\" \/><\/a><\/p>\n<p><a href=\"https:\/\/blogsaverroes.juntadeandalucia.es\/iesbellavista\/files\/2022\/11\/Esmeralda-Akiafi-y-Soukayna-N\u00a1Biukabous-GRANDES-INVENTOS.pdf\">https:\/\/blogsaverroes.juntadeandalucia.es\/iesbellavista\/files\/2022\/11\/Esmeralda-Akiafi-y-Soukayna-N\u00a1Biukabous-GRANDES-INVENTOS.pdf<\/a><\/p>\n<p><a href=\"https:\/\/blogsaverroes.juntadeandalucia.es\/iesbellavista\/files\/2022\/11\/Alexandra-Pereira-y-Javier-Serna-Grandes-Inventos_-Disco-duro.pdf\">https:\/\/blogsaverroes.juntadeandalucia.es\/iesbellavista\/files\/2022\/11\/Alexandra-Pereira-y-Javier-Serna-Grandes-Inventos_-Disco-duro.pdf<\/a><\/p>\n<p><a href=\"https:\/\/blogsaverroes.juntadeandalucia.es\/iesbellavista\/files\/2022\/11\/Alejandro-Guerra-GRANDES-INVENTOS.pdf\">https:\/\/blogsaverroes.juntadeandalucia.es\/iesbellavista\/files\/2022\/11\/Alejandro-Guerra-GRANDES-INVENTOS.pdf<\/a><\/p>\n<p><a href=\"https:\/\/blogsaverroes.juntadeandalucia.es\/iesbellavista\/files\/2022\/11\/Pablo-Emilio-Navascuez-El-horno.pdf\">https:\/\/blogsaverroes.juntadeandalucia.es\/iesbellavista\/files\/2022\/11\/Pablo-Emilio-Navascuez-El-horno.pdf<\/a><\/p>\n<p><a href=\"https:\/\/blogsaverroes.juntadeandalucia.es\/iesbellavista\/files\/2022\/11\/Daniel-Domenech-y-Juan-Antonio-Tapia-GRANDES-INVENTOS.pdf\">https:\/\/blogsaverroes.juntadeandalucia.es\/iesbellavista\/files\/2022\/11\/Daniel-Domenech-y-Juan-Antonio-Tapia-GRANDES-INVENTOS.pdf<\/a><\/p>\n<p><a href=\"https:\/\/blogsaverroes.juntadeandalucia.es\/iesbellavista\/files\/2023\/01\/PRESENTACI\u00d3N-GRANDES-INVENTOS-4\u00ba-TECNOLOG\u00cdA.pdf\">PRESENTACI\u00d3N GRANDES INVENTOS 4\u00ba TECNOLOG\u00cdA<\/a><\/p>\n<p><a href=\"https:\/\/blogsaverroes.juntadeandalucia.es\/iesbellavista\/files\/2022\/11\/Daniel-Domenech-y-Juan-Antonio-Tapia-GRANDES-INVENTOS.pdf\">Los alumnos de 2\u00ba de PMAR realizan informes de pr\u00e1cticas insertando im\u00e1genes de Google y tablas. <\/a><a href=\"https:\/\/blogsaverroes.juntadeandalucia.es\/iesbellavista\/files\/2023\/01\/2PMAR-ESCRIBIENDO-INFORME-DE-PR\u00c1CTICAS-METIENDO-IM\u00c1GENES-DE-GOOGLE-Y-TABLAS.jpg\"><img loading=\"lazy\" decoding=\"async\" class=\"alignnone size-medium wp-image-10628\" src=\"https:\/\/blogsaverroes.juntadeandalucia.es\/iesbellavista\/files\/2023\/01\/2PMAR-ESCRIBIENDO-INFORME-DE-PR\u00c1CTICAS-METIENDO-IM\u00c1GENES-DE-GOOGLE-Y-TABLAS-300x225.jpg\" alt=\"\" width=\"300\" height=\"225\" srcset=\"https:\/\/blogsaverroes.juntadeandalucia.es\/iesbellavista\/files\/2023\/01\/2PMAR-ESCRIBIENDO-INFORME-DE-PR\u00c1CTICAS-METIENDO-IM\u00c1GENES-DE-GOOGLE-Y-TABLAS-300x225.jpg 300w, https:\/\/blogsaverroes.juntadeandalucia.es\/iesbellavista\/files\/2023\/01\/2PMAR-ESCRIBIENDO-INFORME-DE-PR\u00c1CTICAS-METIENDO-IM\u00c1GENES-DE-GOOGLE-Y-TABLAS-1024x768.jpg 1024w, https:\/\/blogsaverroes.juntadeandalucia.es\/iesbellavista\/files\/2023\/01\/2PMAR-ESCRIBIENDO-INFORME-DE-PR\u00c1CTICAS-METIENDO-IM\u00c1GENES-DE-GOOGLE-Y-TABLAS-768x576.jpg 768w, https:\/\/blogsaverroes.juntadeandalucia.es\/iesbellavista\/files\/2023\/01\/2PMAR-ESCRIBIENDO-INFORME-DE-PR\u00c1CTICAS-METIENDO-IM\u00c1GENES-DE-GOOGLE-Y-TABLAS-1536x1152.jpg 1536w, https:\/\/blogsaverroes.juntadeandalucia.es\/iesbellavista\/files\/2023\/01\/2PMAR-ESCRIBIENDO-INFORME-DE-PR\u00c1CTICAS-METIENDO-IM\u00c1GENES-DE-GOOGLE-Y-TABLAS.jpg 1600w\" sizes=\"(max-width: 300px) 100vw, 300px\" \/><\/a><\/p>\n<p><a href=\"https:\/\/blogsaverroes.juntadeandalucia.es\/iesbellavista\/files\/2023\/01\/Informe-de-pr\u00e1cticas-insertando-im\u00e1genes-de-Google-y-tablas.jpg\"><img loading=\"lazy\" decoding=\"async\" class=\"alignnone size-medium wp-image-10636\" src=\"https:\/\/blogsaverroes.juntadeandalucia.es\/iesbellavista\/files\/2023\/01\/Informe-de-pr\u00e1cticas-insertando-im\u00e1genes-de-Google-y-tablas-300x225.jpg\" alt=\"\" width=\"300\" height=\"225\" srcset=\"https:\/\/blogsaverroes.juntadeandalucia.es\/iesbellavista\/files\/2023\/01\/Informe-de-pr\u00e1cticas-insertando-im\u00e1genes-de-Google-y-tablas-300x225.jpg 300w, https:\/\/blogsaverroes.juntadeandalucia.es\/iesbellavista\/files\/2023\/01\/Informe-de-pr\u00e1cticas-insertando-im\u00e1genes-de-Google-y-tablas-1024x768.jpg 1024w, https:\/\/blogsaverroes.juntadeandalucia.es\/iesbellavista\/files\/2023\/01\/Informe-de-pr\u00e1cticas-insertando-im\u00e1genes-de-Google-y-tablas-768x576.jpg 768w, https:\/\/blogsaverroes.juntadeandalucia.es\/iesbellavista\/files\/2023\/01\/Informe-de-pr\u00e1cticas-insertando-im\u00e1genes-de-Google-y-tablas-1536x1152.jpg 1536w, https:\/\/blogsaverroes.juntadeandalucia.es\/iesbellavista\/files\/2023\/01\/Informe-de-pr\u00e1cticas-insertando-im\u00e1genes-de-Google-y-tablas.jpg 1600w\" sizes=\"(max-width: 300px) 100vw, 300px\" \/><\/a><\/p>\n<p>Alumnos de 2\u00baB realizan presentaciones orales en ingl\u00e9s sobre sus trabajos en SCRATCH.<\/p>\n<p><a href=\"https:\/\/blogsaverroes.juntadeandalucia.es\/iesbellavista\/files\/2023\/01\/IMG-5705-scaled.jpg\"><img loading=\"lazy\" decoding=\"async\" class=\"alignnone wp-image-10631\" src=\"https:\/\/blogsaverroes.juntadeandalucia.es\/iesbellavista\/files\/2023\/01\/IMG-5705-225x300.jpg\" alt=\"\" width=\"172\" height=\"229\" srcset=\"https:\/\/blogsaverroes.juntadeandalucia.es\/iesbellavista\/files\/2023\/01\/IMG-5705-225x300.jpg 225w, https:\/\/blogsaverroes.juntadeandalucia.es\/iesbellavista\/files\/2023\/01\/IMG-5705-768x1024.jpg 768w, https:\/\/blogsaverroes.juntadeandalucia.es\/iesbellavista\/files\/2023\/01\/IMG-5705-1152x1536.jpg 1152w, https:\/\/blogsaverroes.juntadeandalucia.es\/iesbellavista\/files\/2023\/01\/IMG-5705-1536x2048.jpg 1536w, https:\/\/blogsaverroes.juntadeandalucia.es\/iesbellavista\/files\/2023\/01\/IMG-5705-scaled.jpg 1200w\" sizes=\"(max-width: 172px) 100vw, 172px\" \/><\/a><a href=\"https:\/\/blogsaverroes.juntadeandalucia.es\/iesbellavista\/files\/2023\/01\/IMG-5706-scaled.jpg\"><img loading=\"lazy\" decoding=\"async\" class=\"alignnone size-medium wp-image-10632\" src=\"https:\/\/blogsaverroes.juntadeandalucia.es\/iesbellavista\/files\/2023\/01\/IMG-5706-300x225.jpg\" alt=\"\" width=\"300\" height=\"225\" srcset=\"https:\/\/blogsaverroes.juntadeandalucia.es\/iesbellavista\/files\/2023\/01\/IMG-5706-300x225.jpg 300w, https:\/\/blogsaverroes.juntadeandalucia.es\/iesbellavista\/files\/2023\/01\/IMG-5706-1024x768.jpg 1024w, https:\/\/blogsaverroes.juntadeandalucia.es\/iesbellavista\/files\/2023\/01\/IMG-5706-768x576.jpg 768w, https:\/\/blogsaverroes.juntadeandalucia.es\/iesbellavista\/files\/2023\/01\/IMG-5706-1536x1152.jpg 1536w, https:\/\/blogsaverroes.juntadeandalucia.es\/iesbellavista\/files\/2023\/01\/IMG-5706-2048x1536.jpg 2048w, https:\/\/blogsaverroes.juntadeandalucia.es\/iesbellavista\/files\/2023\/01\/IMG-5706-scaled.jpg 1600w\" sizes=\"(max-width: 300px) 100vw, 300px\" \/><\/a><a href=\"https:\/\/blogsaverroes.juntadeandalucia.es\/iesbellavista\/files\/2023\/01\/IMG-5707-scaled.jpg\"><img loading=\"lazy\" decoding=\"async\" class=\"alignnone size-medium wp-image-10633\" src=\"https:\/\/blogsaverroes.juntadeandalucia.es\/iesbellavista\/files\/2023\/01\/IMG-5707-300x225.jpg\" alt=\"\" width=\"300\" height=\"225\" srcset=\"https:\/\/blogsaverroes.juntadeandalucia.es\/iesbellavista\/files\/2023\/01\/IMG-5707-300x225.jpg 300w, https:\/\/blogsaverroes.juntadeandalucia.es\/iesbellavista\/files\/2023\/01\/IMG-5707-1024x768.jpg 1024w, https:\/\/blogsaverroes.juntadeandalucia.es\/iesbellavista\/files\/2023\/01\/IMG-5707-768x576.jpg 768w, https:\/\/blogsaverroes.juntadeandalucia.es\/iesbellavista\/files\/2023\/01\/IMG-5707-1536x1152.jpg 1536w, https:\/\/blogsaverroes.juntadeandalucia.es\/iesbellavista\/files\/2023\/01\/IMG-5707-2048x1536.jpg 2048w, https:\/\/blogsaverroes.juntadeandalucia.es\/iesbellavista\/files\/2023\/01\/IMG-5707-scaled.jpg 1600w\" sizes=\"(max-width: 300px) 100vw, 300px\" \/><\/a><a href=\"https:\/\/blogsaverroes.juntadeandalucia.es\/iesbellavista\/files\/2023\/01\/IMG-5708-scaled.jpg\"><img loading=\"lazy\" decoding=\"async\" class=\"alignnone size-medium wp-image-10634\" src=\"https:\/\/blogsaverroes.juntadeandalucia.es\/iesbellavista\/files\/2023\/01\/IMG-5708-300x225.jpg\" alt=\"\" width=\"300\" height=\"225\" srcset=\"https:\/\/blogsaverroes.juntadeandalucia.es\/iesbellavista\/files\/2023\/01\/IMG-5708-300x225.jpg 300w, https:\/\/blogsaverroes.juntadeandalucia.es\/iesbellavista\/files\/2023\/01\/IMG-5708-1024x768.jpg 1024w, https:\/\/blogsaverroes.juntadeandalucia.es\/iesbellavista\/files\/2023\/01\/IMG-5708-768x576.jpg 768w, https:\/\/blogsaverroes.juntadeandalucia.es\/iesbellavista\/files\/2023\/01\/IMG-5708-1536x1152.jpg 1536w, https:\/\/blogsaverroes.juntadeandalucia.es\/iesbellavista\/files\/2023\/01\/IMG-5708-2048x1536.jpg 2048w, https:\/\/blogsaverroes.juntadeandalucia.es\/iesbellavista\/files\/2023\/01\/IMG-5708-scaled.jpg 1600w\" sizes=\"(max-width: 300px) 100vw, 300px\" \/><\/a><a href=\"https:\/\/blogsaverroes.juntadeandalucia.es\/iesbellavista\/files\/2023\/01\/IMG-5709-scaled.jpg\"><img loading=\"lazy\" decoding=\"async\" class=\"alignnone size-medium wp-image-10635\" src=\"https:\/\/blogsaverroes.juntadeandalucia.es\/iesbellavista\/files\/2023\/01\/IMG-5709-300x225.jpg\" alt=\"\" width=\"300\" height=\"225\" srcset=\"https:\/\/blogsaverroes.juntadeandalucia.es\/iesbellavista\/files\/2023\/01\/IMG-5709-300x225.jpg 300w, https:\/\/blogsaverroes.juntadeandalucia.es\/iesbellavista\/files\/2023\/01\/IMG-5709-1024x768.jpg 1024w, https:\/\/blogsaverroes.juntadeandalucia.es\/iesbellavista\/files\/2023\/01\/IMG-5709-768x576.jpg 768w, https:\/\/blogsaverroes.juntadeandalucia.es\/iesbellavista\/files\/2023\/01\/IMG-5709-1536x1152.jpg 1536w, https:\/\/blogsaverroes.juntadeandalucia.es\/iesbellavista\/files\/2023\/01\/IMG-5709-2048x1536.jpg 2048w, https:\/\/blogsaverroes.juntadeandalucia.es\/iesbellavista\/files\/2023\/01\/IMG-5709-scaled.jpg 1600w\" sizes=\"(max-width: 300px) 100vw, 300px\" \/><\/a><a href=\"https:\/\/blogsaverroes.juntadeandalucia.es\/iesbellavista\/files\/2023\/01\/IMG-5713-scaled.jpg\"><img loading=\"lazy\" decoding=\"async\" class=\"alignnone size-medium wp-image-10649\" src=\"https:\/\/blogsaverroes.juntadeandalucia.es\/iesbellavista\/files\/2023\/01\/IMG-5713-300x225.jpg\" alt=\"\" width=\"300\" height=\"225\" srcset=\"https:\/\/blogsaverroes.juntadeandalucia.es\/iesbellavista\/files\/2023\/01\/IMG-5713-300x225.jpg 300w, https:\/\/blogsaverroes.juntadeandalucia.es\/iesbellavista\/files\/2023\/01\/IMG-5713-1024x768.jpg 1024w, https:\/\/blogsaverroes.juntadeandalucia.es\/iesbellavista\/files\/2023\/01\/IMG-5713-768x576.jpg 768w, https:\/\/blogsaverroes.juntadeandalucia.es\/iesbellavista\/files\/2023\/01\/IMG-5713-1536x1152.jpg 1536w, https:\/\/blogsaverroes.juntadeandalucia.es\/iesbellavista\/files\/2023\/01\/IMG-5713-2048x1536.jpg 2048w, https:\/\/blogsaverroes.juntadeandalucia.es\/iesbellavista\/files\/2023\/01\/IMG-5713-scaled.jpg 1600w\" sizes=\"(max-width: 300px) 100vw, 300px\" \/><\/a><a href=\"https:\/\/blogsaverroes.juntadeandalucia.es\/iesbellavista\/files\/2023\/01\/IMG-5712-scaled.jpg\"><img loading=\"lazy\" decoding=\"async\" class=\"alignnone size-medium wp-image-10648\" src=\"https:\/\/blogsaverroes.juntadeandalucia.es\/iesbellavista\/files\/2023\/01\/IMG-5712-300x225.jpg\" alt=\"\" width=\"300\" height=\"225\" srcset=\"https:\/\/blogsaverroes.juntadeandalucia.es\/iesbellavista\/files\/2023\/01\/IMG-5712-300x225.jpg 300w, https:\/\/blogsaverroes.juntadeandalucia.es\/iesbellavista\/files\/2023\/01\/IMG-5712-1024x768.jpg 1024w, https:\/\/blogsaverroes.juntadeandalucia.es\/iesbellavista\/files\/2023\/01\/IMG-5712-768x576.jpg 768w, https:\/\/blogsaverroes.juntadeandalucia.es\/iesbellavista\/files\/2023\/01\/IMG-5712-1536x1152.jpg 1536w, https:\/\/blogsaverroes.juntadeandalucia.es\/iesbellavista\/files\/2023\/01\/IMG-5712-2048x1536.jpg 2048w, https:\/\/blogsaverroes.juntadeandalucia.es\/iesbellavista\/files\/2023\/01\/IMG-5712-scaled.jpg 1600w\" sizes=\"(max-width: 300px) 100vw, 300px\" \/><\/a><\/p>\n<p>Alumnos de Acceso a Grado Medio hacen sus presentaciones sobre sus trabajos en Scratch<\/p>\n<p><a href=\"https:\/\/blogsaverroes.juntadeandalucia.es\/iesbellavista\/files\/2023\/01\/IMG-5719-scaled.jpg\"><img loading=\"lazy\" decoding=\"async\" class=\"alignnone size-medium wp-image-10651\" src=\"https:\/\/blogsaverroes.juntadeandalucia.es\/iesbellavista\/files\/2023\/01\/IMG-5719-300x225.jpg\" alt=\"\" width=\"300\" height=\"225\" srcset=\"https:\/\/blogsaverroes.juntadeandalucia.es\/iesbellavista\/files\/2023\/01\/IMG-5719-300x225.jpg 300w, https:\/\/blogsaverroes.juntadeandalucia.es\/iesbellavista\/files\/2023\/01\/IMG-5719-1024x768.jpg 1024w, https:\/\/blogsaverroes.juntadeandalucia.es\/iesbellavista\/files\/2023\/01\/IMG-5719-768x576.jpg 768w, https:\/\/blogsaverroes.juntadeandalucia.es\/iesbellavista\/files\/2023\/01\/IMG-5719-1536x1152.jpg 1536w, https:\/\/blogsaverroes.juntadeandalucia.es\/iesbellavista\/files\/2023\/01\/IMG-5719-2048x1536.jpg 2048w, https:\/\/blogsaverroes.juntadeandalucia.es\/iesbellavista\/files\/2023\/01\/IMG-5719-scaled.jpg 1600w\" sizes=\"(max-width: 300px) 100vw, 300px\" \/><\/a><a href=\"https:\/\/blogsaverroes.juntadeandalucia.es\/iesbellavista\/files\/2023\/01\/IMG-57201-scaled.jpg\"><img loading=\"lazy\" decoding=\"async\" class=\"alignnone wp-image-10652\" src=\"https:\/\/blogsaverroes.juntadeandalucia.es\/iesbellavista\/files\/2023\/01\/IMG-57201-300x225.jpg\" alt=\"\" width=\"305\" height=\"229\" srcset=\"https:\/\/blogsaverroes.juntadeandalucia.es\/iesbellavista\/files\/2023\/01\/IMG-57201-300x225.jpg 300w, https:\/\/blogsaverroes.juntadeandalucia.es\/iesbellavista\/files\/2023\/01\/IMG-57201-1024x768.jpg 1024w, https:\/\/blogsaverroes.juntadeandalucia.es\/iesbellavista\/files\/2023\/01\/IMG-57201-768x576.jpg 768w, https:\/\/blogsaverroes.juntadeandalucia.es\/iesbellavista\/files\/2023\/01\/IMG-57201-1536x1152.jpg 1536w, https:\/\/blogsaverroes.juntadeandalucia.es\/iesbellavista\/files\/2023\/01\/IMG-57201-2048x1536.jpg 2048w, https:\/\/blogsaverroes.juntadeandalucia.es\/iesbellavista\/files\/2023\/01\/IMG-57201-scaled.jpg 1600w\" sizes=\"(max-width: 305px) 100vw, 305px\" \/><\/a><a href=\"https:\/\/blogsaverroes.juntadeandalucia.es\/iesbellavista\/files\/2023\/01\/IMG-5715-scaled.jpg\"><img loading=\"lazy\" decoding=\"async\" class=\"alignnone size-medium wp-image-10660\" src=\"https:\/\/blogsaverroes.juntadeandalucia.es\/iesbellavista\/files\/2023\/01\/IMG-5715-300x225.jpg\" alt=\"\" width=\"300\" height=\"225\" srcset=\"https:\/\/blogsaverroes.juntadeandalucia.es\/iesbellavista\/files\/2023\/01\/IMG-5715-300x225.jpg 300w, https:\/\/blogsaverroes.juntadeandalucia.es\/iesbellavista\/files\/2023\/01\/IMG-5715-1024x768.jpg 1024w, https:\/\/blogsaverroes.juntadeandalucia.es\/iesbellavista\/files\/2023\/01\/IMG-5715-768x576.jpg 768w, https:\/\/blogsaverroes.juntadeandalucia.es\/iesbellavista\/files\/2023\/01\/IMG-5715-1536x1152.jpg 1536w, https:\/\/blogsaverroes.juntadeandalucia.es\/iesbellavista\/files\/2023\/01\/IMG-5715-2048x1536.jpg 2048w, https:\/\/blogsaverroes.juntadeandalucia.es\/iesbellavista\/files\/2023\/01\/IMG-5715-scaled.jpg 1600w\" sizes=\"(max-width: 300px) 100vw, 300px\" \/><\/a><\/p>\n<p>Alumnos de 2\u00baB se presentan al Concurso de la ONCE. En el concurso se les ped\u00eda realizar una &#8216;pizarra digital&#8217; o mural con dibujos y stickers adem\u00e1s de un audio describiendo el mural realizado. Una compa\u00f1era de la clase realiz\u00f3 el dibujo del ojo de Salvi, nuestro alumno y compa\u00f1ero con discapacidad visual. Dicha compa\u00f1era tuvo que volver a Guatemala con sus padres por lo que el dibujo cobra especial relevancia. Entre todos le a\u00f1adieron stickers a la foto del ojo. En la foto aparece la clase escuchando c\u00f3mo Salvi realiza la descripci\u00f3n del mural mientras es grabado a trav\u00e9s de su tablet.<\/p>\n<p><a href=\"https:\/\/blogsaverroes.juntadeandalucia.es\/iesbellavista\/files\/2023\/01\/PHOTO-2022-12-21-14-35-53.jpg\"><img loading=\"lazy\" decoding=\"async\" class=\"alignnone size-medium wp-image-10639\" src=\"https:\/\/blogsaverroes.juntadeandalucia.es\/iesbellavista\/files\/2023\/01\/PHOTO-2022-12-21-14-35-53-300x225.jpg\" alt=\"\" width=\"300\" height=\"225\" srcset=\"https:\/\/blogsaverroes.juntadeandalucia.es\/iesbellavista\/files\/2023\/01\/PHOTO-2022-12-21-14-35-53-300x225.jpg 300w, https:\/\/blogsaverroes.juntadeandalucia.es\/iesbellavista\/files\/2023\/01\/PHOTO-2022-12-21-14-35-53-768x576.jpg 768w, https:\/\/blogsaverroes.juntadeandalucia.es\/iesbellavista\/files\/2023\/01\/PHOTO-2022-12-21-14-35-53.jpg 1024w\" sizes=\"(max-width: 300px) 100vw, 300px\" \/><\/a><\/p>\n<p>Alumnos de 4\u00baESO VISIONAN LA PEL\u00cdCULA Good-bye Lenin y presentan en Power Point la ca\u00edda del muro de Berl\u00edn.<\/p>\n<p><a href=\"https:\/\/blogsaverroes.juntadeandalucia.es\/iesbellavista\/files\/2023\/01\/Visionado-Pel\u00edcula-Goodbye-Lenin-y-Presentaci\u00f3n-PowerPoint-de-la-ca\u00edda-del-muro-de-Berl\u00edn-1-scaled.jpg\"><img loading=\"lazy\" decoding=\"async\" class=\"alignnone wp-image-10653\" src=\"https:\/\/blogsaverroes.juntadeandalucia.es\/iesbellavista\/files\/2023\/01\/Visionado-Pel\u00edcula-Goodbye-Lenin-y-Presentaci\u00f3n-PowerPoint-de-la-ca\u00edda-del-muro-de-Berl\u00edn-1-225x300.jpg\" alt=\"\" width=\"334\" height=\"445\" srcset=\"https:\/\/blogsaverroes.juntadeandalucia.es\/iesbellavista\/files\/2023\/01\/Visionado-Pel\u00edcula-Goodbye-Lenin-y-Presentaci\u00f3n-PowerPoint-de-la-ca\u00edda-del-muro-de-Berl\u00edn-1-225x300.jpg 225w, https:\/\/blogsaverroes.juntadeandalucia.es\/iesbellavista\/files\/2023\/01\/Visionado-Pel\u00edcula-Goodbye-Lenin-y-Presentaci\u00f3n-PowerPoint-de-la-ca\u00edda-del-muro-de-Berl\u00edn-1-768x1024.jpg 768w, https:\/\/blogsaverroes.juntadeandalucia.es\/iesbellavista\/files\/2023\/01\/Visionado-Pel\u00edcula-Goodbye-Lenin-y-Presentaci\u00f3n-PowerPoint-de-la-ca\u00edda-del-muro-de-Berl\u00edn-1-1152x1536.jpg 1152w, https:\/\/blogsaverroes.juntadeandalucia.es\/iesbellavista\/files\/2023\/01\/Visionado-Pel\u00edcula-Goodbye-Lenin-y-Presentaci\u00f3n-PowerPoint-de-la-ca\u00edda-del-muro-de-Berl\u00edn-1-1536x2048.jpg 1536w, https:\/\/blogsaverroes.juntadeandalucia.es\/iesbellavista\/files\/2023\/01\/Visionado-Pel\u00edcula-Goodbye-Lenin-y-Presentaci\u00f3n-PowerPoint-de-la-ca\u00edda-del-muro-de-Berl\u00edn-1-scaled.jpg 1200w\" sizes=\"(max-width: 334px) 100vw, 334px\" \/><\/a><\/p>\n<p>Alumna del grupo de Acceso a Grado Medio realiza una presentaci\u00f3n en Prezi sobre un pa\u00eds perteneciente a la Commonwealth.<\/p>\n<p><a href=\"https:\/\/blogsaverroes.juntadeandalucia.es\/iesbellavista\/files\/2023\/01\/IMG-5717-scaled.jpg\"><img loading=\"lazy\" decoding=\"async\" class=\"alignnone size-medium wp-image-10650\" src=\"https:\/\/blogsaverroes.juntadeandalucia.es\/iesbellavista\/files\/2023\/01\/IMG-5717-300x225.jpg\" alt=\"\" width=\"300\" height=\"225\" srcset=\"https:\/\/blogsaverroes.juntadeandalucia.es\/iesbellavista\/files\/2023\/01\/IMG-5717-300x225.jpg 300w, https:\/\/blogsaverroes.juntadeandalucia.es\/iesbellavista\/files\/2023\/01\/IMG-5717-1024x768.jpg 1024w, https:\/\/blogsaverroes.juntadeandalucia.es\/iesbellavista\/files\/2023\/01\/IMG-5717-768x576.jpg 768w, https:\/\/blogsaverroes.juntadeandalucia.es\/iesbellavista\/files\/2023\/01\/IMG-5717-1536x1152.jpg 1536w, https:\/\/blogsaverroes.juntadeandalucia.es\/iesbellavista\/files\/2023\/01\/IMG-5717-2048x1536.jpg 2048w, https:\/\/blogsaverroes.juntadeandalucia.es\/iesbellavista\/files\/2023\/01\/IMG-5717-scaled.jpg 1600w\" sizes=\"(max-width: 300px) 100vw, 300px\" \/><\/a><\/p>\n<p>Alumnos de 3\u00baESO usan Classroom usando recursos TIC<a href=\"https:\/\/blogsaverroes.juntadeandalucia.es\/iesbellavista\/files\/2023\/01\/Plan-Comunica.pdf\"> \u00a0 <\/a><\/p>\n<p><a href=\"https:\/\/blogsaverroes.juntadeandalucia.es\/iesbellavista\/files\/2023\/01\/Plan-Comunica.pdf\">Plan Comunica<\/a><\/p>\n<p>Alumnos de 2\u00ba PMAR aprenden a abrir un documento Drive, guardarlo en una carpeta, enviar un trabajo a un correo.\u00a0 <a href=\"https:\/\/blogsaverroes.juntadeandalucia.es\/iesbellavista\/files\/2023\/01\/cd6fbae7-4085-4133-aa30-376fc0a859a8.jpg\"><img loading=\"lazy\" decoding=\"async\" class=\"alignnone size-medium wp-image-10646\" src=\"https:\/\/blogsaverroes.juntadeandalucia.es\/iesbellavista\/files\/2023\/01\/cd6fbae7-4085-4133-aa30-376fc0a859a8-300x225.jpg\" alt=\"\" width=\"300\" height=\"225\" srcset=\"https:\/\/blogsaverroes.juntadeandalucia.es\/iesbellavista\/files\/2023\/01\/cd6fbae7-4085-4133-aa30-376fc0a859a8-300x225.jpg 300w, https:\/\/blogsaverroes.juntadeandalucia.es\/iesbellavista\/files\/2023\/01\/cd6fbae7-4085-4133-aa30-376fc0a859a8-1024x768.jpg 1024w, https:\/\/blogsaverroes.juntadeandalucia.es\/iesbellavista\/files\/2023\/01\/cd6fbae7-4085-4133-aa30-376fc0a859a8-768x576.jpg 768w, https:\/\/blogsaverroes.juntadeandalucia.es\/iesbellavista\/files\/2023\/01\/cd6fbae7-4085-4133-aa30-376fc0a859a8-1536x1152.jpg 1536w, https:\/\/blogsaverroes.juntadeandalucia.es\/iesbellavista\/files\/2023\/01\/cd6fbae7-4085-4133-aa30-376fc0a859a8.jpg 1600w\" sizes=\"(max-width: 300px) 100vw, 300px\" \/><\/a> <a href=\"https:\/\/blogsaverroes.juntadeandalucia.es\/iesbellavista\/files\/2023\/01\/ae7f59de-3841-4d7b-bacd-962554f9ba66-1.jpg\"><img loading=\"lazy\" decoding=\"async\" class=\"alignnone size-medium wp-image-10645\" src=\"https:\/\/blogsaverroes.juntadeandalucia.es\/iesbellavista\/files\/2023\/01\/ae7f59de-3841-4d7b-bacd-962554f9ba66-1-300x225.jpg\" alt=\"\" width=\"300\" height=\"225\" srcset=\"https:\/\/blogsaverroes.juntadeandalucia.es\/iesbellavista\/files\/2023\/01\/ae7f59de-3841-4d7b-bacd-962554f9ba66-1-300x225.jpg 300w, https:\/\/blogsaverroes.juntadeandalucia.es\/iesbellavista\/files\/2023\/01\/ae7f59de-3841-4d7b-bacd-962554f9ba66-1-1024x768.jpg 1024w, https:\/\/blogsaverroes.juntadeandalucia.es\/iesbellavista\/files\/2023\/01\/ae7f59de-3841-4d7b-bacd-962554f9ba66-1-768x576.jpg 768w, https:\/\/blogsaverroes.juntadeandalucia.es\/iesbellavista\/files\/2023\/01\/ae7f59de-3841-4d7b-bacd-962554f9ba66-1-1536x1152.jpg 1536w, https:\/\/blogsaverroes.juntadeandalucia.es\/iesbellavista\/files\/2023\/01\/ae7f59de-3841-4d7b-bacd-962554f9ba66-1.jpg 1600w\" sizes=\"(max-width: 300px) 100vw, 300px\" \/><\/a> <a href=\"https:\/\/blogsaverroes.juntadeandalucia.es\/iesbellavista\/files\/2023\/01\/84498b56-1267-48d8-ba12-85142c5bf1c2-1.jpg\"><img loading=\"lazy\" decoding=\"async\" class=\"alignnone size-medium wp-image-10644\" src=\"https:\/\/blogsaverroes.juntadeandalucia.es\/iesbellavista\/files\/2023\/01\/84498b56-1267-48d8-ba12-85142c5bf1c2-1-300x225.jpg\" alt=\"\" width=\"300\" height=\"225\" srcset=\"https:\/\/blogsaverroes.juntadeandalucia.es\/iesbellavista\/files\/2023\/01\/84498b56-1267-48d8-ba12-85142c5bf1c2-1-300x225.jpg 300w, https:\/\/blogsaverroes.juntadeandalucia.es\/iesbellavista\/files\/2023\/01\/84498b56-1267-48d8-ba12-85142c5bf1c2-1-1024x768.jpg 1024w, https:\/\/blogsaverroes.juntadeandalucia.es\/iesbellavista\/files\/2023\/01\/84498b56-1267-48d8-ba12-85142c5bf1c2-1-768x576.jpg 768w, https:\/\/blogsaverroes.juntadeandalucia.es\/iesbellavista\/files\/2023\/01\/84498b56-1267-48d8-ba12-85142c5bf1c2-1-1536x1152.jpg 1536w, https:\/\/blogsaverroes.juntadeandalucia.es\/iesbellavista\/files\/2023\/01\/84498b56-1267-48d8-ba12-85142c5bf1c2-1.jpg 1600w\" sizes=\"(max-width: 300px) 100vw, 300px\" \/><\/a><a href=\"https:\/\/blogsaverroes.juntadeandalucia.es\/iesbellavista\/files\/2023\/01\/6ecdbd7b-1f56-47de-adda-5d6bd91c9253.jpg\"><img loading=\"lazy\" decoding=\"async\" class=\"alignnone size-medium wp-image-10661\" src=\"https:\/\/blogsaverroes.juntadeandalucia.es\/iesbellavista\/files\/2023\/01\/6ecdbd7b-1f56-47de-adda-5d6bd91c9253-300x225.jpg\" alt=\"\" width=\"300\" height=\"225\" srcset=\"https:\/\/blogsaverroes.juntadeandalucia.es\/iesbellavista\/files\/2023\/01\/6ecdbd7b-1f56-47de-adda-5d6bd91c9253-300x225.jpg 300w, https:\/\/blogsaverroes.juntadeandalucia.es\/iesbellavista\/files\/2023\/01\/6ecdbd7b-1f56-47de-adda-5d6bd91c9253-1024x768.jpg 1024w, https:\/\/blogsaverroes.juntadeandalucia.es\/iesbellavista\/files\/2023\/01\/6ecdbd7b-1f56-47de-adda-5d6bd91c9253-768x576.jpg 768w, https:\/\/blogsaverroes.juntadeandalucia.es\/iesbellavista\/files\/2023\/01\/6ecdbd7b-1f56-47de-adda-5d6bd91c9253-1536x1152.jpg 1536w, https:\/\/blogsaverroes.juntadeandalucia.es\/iesbellavista\/files\/2023\/01\/6ecdbd7b-1f56-47de-adda-5d6bd91c9253.jpg 1600w\" sizes=\"(max-width: 300px) 100vw, 300px\" \/><\/a><\/p>\n<p>&nbsp;<\/p>\n<p>&nbsp;<\/p>\n<p>&nbsp;<\/p>\n<p>&nbsp;<\/p>\n<p>&nbsp;<\/p>\n<p>&nbsp;<\/p>\n<p>&nbsp;<\/p>\n<p>&nbsp;<\/p>\n","protected":false},"excerpt":{"rendered":"<p>\u00bfQu\u00e9 es el programa ComunicA? En el marco del Programa para el desarrollo de la Competencia en Comunicaci\u00f3n Ling\u00fc\u00edstica: Leer, escribir, escuchar y hablar para la vida, la Consejer\u00eda de Desarrollo Educativo y Formaci\u00f3n&#46;&#46;&#46;<\/p>\n","protected":false},"author":1963,"featured_media":0,"parent":0,"menu_order":0,"comment_status":"closed","ping_status":"closed","template":"page-templates\/child-menu.php","meta":{"ngg_post_thumbnail":0,"footnotes":"","_mc_calendar":[]},"aioseo_notices":[],"_links":{"self":[{"href":"https:\/\/blogsaverroes.juntadeandalucia.es\/iesbellavista\/wp-json\/wp\/v2\/pages\/10519"}],"collection":[{"href":"https:\/\/blogsaverroes.juntadeandalucia.es\/iesbellavista\/wp-json\/wp\/v2\/pages"}],"about":[{"href":"https:\/\/blogsaverroes.juntadeandalucia.es\/iesbellavista\/wp-json\/wp\/v2\/types\/page"}],"author":[{"embeddable":true,"href":"https:\/\/blogsaverroes.juntadeandalucia.es\/iesbellavista\/wp-json\/wp\/v2\/users\/1963"}],"replies":[{"embeddable":true,"href":"https:\/\/blogsaverroes.juntadeandalucia.es\/iesbellavista\/wp-json\/wp\/v2\/comments?post=10519"}],"version-history":[{"count":23,"href":"https:\/\/blogsaverroes.juntadeandalucia.es\/iesbellavista\/wp-json\/wp\/v2\/pages\/10519\/revisions"}],"predecessor-version":[{"id":10537,"href":"https:\/\/blogsaverroes.juntadeandalucia.es\/iesbellavista\/wp-json\/wp\/v2\/pages\/10519\/revisions\/10537"}],"wp:attachment":[{"href":"https:\/\/blogsaverroes.juntadeandalucia.es\/iesbellavista\/wp-json\/wp\/v2\/media?parent=10519"}],"curies":[{"name":"wp","href":"https:\/\/api.w.org\/{rel}","templated":true}]}}