{"id":1113,"date":"2016-02-12T11:00:55","date_gmt":"2016-02-12T10:00:55","guid":{"rendered":"http:\/\/blogsaverroes.juntadeandalucia.es\/pre\/ceip\/?page_id=2"},"modified":"2025-11-13T20:11:16","modified_gmt":"2025-11-13T19:11:16","slug":"pagina-ejemplo-2","status":"publish","type":"page","link":"https:\/\/blogsaverroes.juntadeandalucia.es\/iesbellavista\/","title":{"rendered":"Tabl\u00f3n de anuncios"},"content":{"rendered":"<div class=\"itemFullText\">\n<div class=\"itemFullText\">\n<p><span style=\"color: #0000ff\">11\/09\/2025<\/span><\/p>\n<h4><span style=\"color: #000080\">Listado de libros de bachillerato para el curso 2025\/2026<\/span><\/h4>\n<\/div>\n<\/div>\n<p>Se recuerda el listado de libros de texto de Bachillerato. Se ha a\u00f1adido alguno que no estaba en julio. Pincha <a href=\"https:\/\/blogsaverroes.juntadeandalucia.es\/iesbellavista\/files\/2025\/09\/LIBROS-TEXTO-PARA-BACHILLERATO-CURSO-2025-26.pdf\">aqu\u00ed<\/a><\/p>\n<p>&nbsp;<\/p>\n<div class=\"itemFullText\">\n<div class=\"itemFullText\">\n<p><span style=\"color: #0000ff\">08\/09\/2025<\/span><\/p>\n<h4><span style=\"color: #000080\">Horario de entrada y salida del primer d\u00eda de curso (15 de septiembre de 2025)<\/span><\/h4>\n<\/div>\n<\/div>\n<p style=\"text-align: justify\">Estimadas familias,<br \/>\nLa Direcci\u00f3n del Centro ha establecido el d\u00eda de presentaci\u00f3n el lunes d\u00eda 15 de septiembre en el intervalo horario que se indica en la tabla que se adjunta m\u00e1s abajo, a fin de recibir de sus tutores\/as la informaci\u00f3n e instrucciones, as\u00ed como el horario ordinario. Con antelaci\u00f3n al d\u00eda de presentaci\u00f3n, a trav\u00e9s de iPasen, podr\u00e1n consultar la unidad que se le ha asignado a sus hijos\/as. El tutor\/a recibir\u00e1 a su grupo a la entrada del centro. Se ruega cumplan el horario con el fin de no formar aglomeraciones a la entrada.<\/p>\n<p style=\"text-align: justify\"><a href=\"https:\/\/blogsaverroes.juntadeandalucia.es\/iesbellavista\/files\/2025\/09\/Horario-primer-dia-25-26.jpg\"><img loading=\"lazy\" decoding=\"async\" class=\"aligncenter size-full wp-image-10999\" src=\"https:\/\/blogsaverroes.juntadeandalucia.es\/iesbellavista\/files\/2025\/09\/Horario-primer-dia-25-26.jpg\" alt=\"\" width=\"737\" height=\"261\" srcset=\"https:\/\/blogsaverroes.juntadeandalucia.es\/iesbellavista\/files\/2025\/09\/Horario-primer-dia-25-26.jpg 737w, https:\/\/blogsaverroes.juntadeandalucia.es\/iesbellavista\/files\/2025\/09\/Horario-primer-dia-25-26-300x106.jpg 300w\" sizes=\"(max-width: 737px) 100vw, 737px\" \/><\/a>El d\u00eda de presentaci\u00f3n, su hijo\/a llevar\u00e1 a casa unos documentos relativos a recogida de datos y asunci\u00f3n de compromisos por parte de la familia, que&nbsp; deber\u00e1n leer y devolver cumplimentados y firmados a los tutores lo antes posible. Tambi\u00e9n el alumnado usuario de transporte llevar\u00e1 la correspondiente comunicaci\u00f3n sobre ello. Dicho servicio, en este d\u00eda s\u00f3lo estar\u00e1 disponible a la vuelta a casa, es decir, a las 14:15 para el aula espec\u00edfica y 14:45 para el transporte ordinario.<\/p>\n<p>La Direcci\u00f3n<\/p>\n<p>&nbsp;<\/p>\n<div class=\"itemFullText\">\n<div class=\"itemFullText\">\n<p>&nbsp;<\/p>\n<p><span style=\"color: #0000ff\">03\/07\/2025<\/span><\/p>\n<h4><span style=\"color: #000080\">Calendario de ex\u00e1menes de septiembre 2025 para 1\u00ba Bachillerato y para las pruebas de titulaci\u00f3n extraordinaria de Graduado en ESO.<\/span><\/h4>\n<\/div>\n<\/div>\n<p><a href=\"https:\/\/blogsaverroes.juntadeandalucia.es\/iesbellavista\/files\/2025\/07\/Examenes-septiembre-24_25-1.jpg\"><img loading=\"lazy\" decoding=\"async\" class=\"aligncenter wp-image-10994\" src=\"https:\/\/blogsaverroes.juntadeandalucia.es\/iesbellavista\/files\/2025\/07\/Examenes-septiembre-24_25-1.jpg\" alt=\"\" width=\"511\" height=\"262\" srcset=\"https:\/\/blogsaverroes.juntadeandalucia.es\/iesbellavista\/files\/2025\/07\/Examenes-septiembre-24_25-1.jpg 331w, https:\/\/blogsaverroes.juntadeandalucia.es\/iesbellavista\/files\/2025\/07\/Examenes-septiembre-24_25-1-300x154.jpg 300w\" sizes=\"(max-width: 511px) 100vw, 511px\" \/><\/a><a href=\"https:\/\/blogsaverroes.juntadeandalucia.es\/iesbellavista\/files\/2025\/07\/Examenes-septiembre-24_25-2.jpg\"><img loading=\"lazy\" decoding=\"async\" class=\"aligncenter wp-image-10995\" src=\"https:\/\/blogsaverroes.juntadeandalucia.es\/iesbellavista\/files\/2025\/07\/Examenes-septiembre-24_25-2.jpg\" alt=\"\" width=\"493\" height=\"209\" srcset=\"https:\/\/blogsaverroes.juntadeandalucia.es\/iesbellavista\/files\/2025\/07\/Examenes-septiembre-24_25-2.jpg 323w, https:\/\/blogsaverroes.juntadeandalucia.es\/iesbellavista\/files\/2025\/07\/Examenes-septiembre-24_25-2-300x127.jpg 300w, https:\/\/blogsaverroes.juntadeandalucia.es\/iesbellavista\/files\/2025\/07\/Examenes-septiembre-24_25-2-320x137.jpg 320w\" sizes=\"(max-width: 493px) 100vw, 493px\" \/><\/a><\/p>\n<div class=\"itemFullText\">\n<div class=\"itemFullText\">\n<p><span style=\"color: #0000ff\">17\/06\/2025<\/span><\/p>\n<\/div>\n<\/div>\n<h4><span style=\"color: #000080\">Calendario de solicitud de Ciclos Formativos de Grado Medio y de Grado Superior&nbsp;&nbsp;<\/span><a href=\"\/\/blogsaverroes.juntadeandalucia.es\/iesbellavista\/files\/2025\/06\/CALENDARIO-SOLICITUD-CFGM-y-CFGS-2025_250617_160128.pdf\"><img loading=\"lazy\" decoding=\"async\" class=\"alignnone wp-image-122\" src=\"https:\/\/iesbellavista.files.wordpress.com\/2015\/03\/manitacursor11.png\" alt=\"manitacursor1\" width=\"21\" height=\"17\"><\/a><\/h4>\n<p>&nbsp;<\/p>\n<div class=\"itemFullText\">\n<div class=\"itemFullText\">\n<p><span style=\"color: #0000ff\">11\/06\/2025<\/span><\/p>\n<h4><a href=\"https:\/\/youtu.be\/iGKtKoqcPNE\"><img loading=\"lazy\" decoding=\"async\" class=\"alignnone wp-image-122\" src=\"https:\/\/iesbellavista.files.wordpress.com\/2015\/03\/manitacursor11.png\" alt=\"manitacursor1\" width=\"21\" height=\"17\"><\/a>&nbsp; <a href=\"https:\/\/youtu.be\/iGKtKoqcPNE\">Videotutorial Preinscripci\u00f3n Grados Universitarios 25-26<\/a><\/h4>\n<p>&nbsp;<\/p>\n<p><span style=\"color: #0000ff\">26\/05\/2025<\/span><\/p>\n<p><span style=\"color: #000080\"><strong>INFORMACI\u00d3N RELEVANTE PARA LA INSCRIPCI\u00d3N EN LA PAU 2025\/2026<\/strong><\/span><\/p>\n<p>A trav\u00e9s de los siguientes enlaces se encuentra informaci\u00f3n relativa tanto a la inscripci\u00f3n a la PAU del a\u00f1o 2025\/2026, como solicitar el UVUS (USUARIO VIRTUAL DE LA UNIVERSIDAD DE SEVILLA).<\/p>\n<h5><a href=\"https:\/\/blogsaverroes.juntadeandalucia.es\/iesbellavista\/files\/2024\/05\/INSCRIPCION-PEVAU-DEFINITIVO-last.pdf\"><img loading=\"lazy\" decoding=\"async\" class=\"alignnone wp-image-122\" src=\"https:\/\/iesbellavista.files.wordpress.com\/2015\/03\/manitacursor11.png\" alt=\"manitacursor1\" width=\"21\" height=\"17\"><\/a><a href=\"https:\/\/blogsaverroes.juntadeandalucia.es\/iesbellavista\/files\/2025\/05\/INSCRIPCION-PAU-DEFINITIVO.pdf\">&nbsp; INSCRIPCION PAU DEFINITIVO<\/a><\/h5>\n<h5><a href=\"https:\/\/blogsaverroes.juntadeandalucia.es\/iesbellavista\/files\/2024\/05\/INSCRIPCION-PEVAU-DEFINITIVO-last.pdf\"><img loading=\"lazy\" decoding=\"async\" class=\"alignnone wp-image-122\" src=\"https:\/\/iesbellavista.files.wordpress.com\/2015\/03\/manitacursor11.png\" alt=\"manitacursor1\" width=\"21\" height=\"17\"> &nbsp;<\/a><a href=\"https:\/\/blogsaverroes.juntadeandalucia.es\/iesbellavista\/files\/2025\/05\/SOLICITUD-UVUS-DEFINITIVO.pdf\">SOLICITUD UVUS DEFINITIVO<\/a><\/h5>\n<h5><a href=\"https:\/\/blogsaverroes.juntadeandalucia.es\/iesbellavista\/files\/2024\/05\/INSCRIPCION-PEVAU-DEFINITIVO-last.pdf\"><img loading=\"lazy\" decoding=\"async\" class=\"alignnone wp-image-122\" src=\"https:\/\/iesbellavista.files.wordpress.com\/2015\/03\/manitacursor11.png\" alt=\"manitacursor1\" width=\"21\" height=\"17\"> &nbsp;<\/a><a href=\"https:\/\/blogsaverroes.juntadeandalucia.es\/iesbellavista\/files\/2025\/05\/USO-DEL-DOBLE-FACTOR.pdf\">USO DEL DOBLE FACTOR<\/a><\/h5>\n<p>&nbsp;<\/p>\n<p>RECORDAMOS FECHAS RELEVANTES A TENER EN CUENTA:<\/p>\n<ul>\n<li>PLAZO PARA SOLICITAR EL UVUS:&nbsp; DESDE FECHA DE INICIO DEL SALON DE ESTUDIANTES (<strong>24 DE MARZO<\/strong>)<\/li>\n<li>PLAZO DE MATR\u00cdCULA:&nbsp; DEL <strong>5 AL 26 DE MAYO<\/strong><\/li>\n<li>CELEBRACI\u00d3N DE LA PAU:&nbsp; <strong>3, 4 Y 5 DE JUNIO<\/strong><\/li>\n<\/ul>\n<\/div>\n<\/div>\n<p>&nbsp;<\/p>\n<p><span style=\"color: #0000ff\">02\/05\/2025<\/span><\/p>\n<h4 style=\"text-align: justify\"><span style=\"color: #000080\">Se encuentra abierto el plazo de la Convocatoria de becas y ayudas para alumnos con necesidad espec\u00edfica de apoyo educativo para el curso 2025-26<\/span><\/h4>\n<p><a href=\"https:\/\/blogsaverroes.juntadeandalucia.es\/iesbellavista\/files\/2015\/03\/beca_nee.png\"><img loading=\"lazy\" decoding=\"async\" class=\" wp-image-2580 alignleft\" src=\"https:\/\/blogsaverroes.juntadeandalucia.es\/iesbellavista\/files\/2015\/03\/beca_nee.png\" alt=\"\" width=\"235\" height=\"176\" srcset=\"https:\/\/blogsaverroes.juntadeandalucia.es\/iesbellavista\/files\/2015\/03\/beca_nee.png 400w, https:\/\/blogsaverroes.juntadeandalucia.es\/iesbellavista\/files\/2015\/03\/beca_nee-300x225.png 300w\" sizes=\"(max-width: 235px) 100vw, 235px\" \/><\/a><\/p>\n<p>El plazo es desde el 30\/04\/2025 hasta e 11\/09\/2025<\/p>\n<p><strong><a href=\"https:\/\/www.educacionfpydeportes.gob.es\/servicios-al-ciudadano\/catalogo\/general\/05\/050140\/ficha\/050140-2025.html#dc1\">Informaci\u00f3n sobre la convocatoria<\/a><\/strong><\/p>\n<p><strong><a href=\"https:\/\/sede.educacion.gob.es\/sede\/login\/inicio.jjsp?idConvocatoria=2286\">Acceso a la solicitud<\/a><\/strong><\/p>\n<p>Toda la informaci\u00f3n en la secci\u00f3n <a href=\"https:\/\/blogsaverroes.juntadeandalucia.es\/iesbellavista\/secretaria\/becas-y-ayudas#ancla2\">Secretar\u00eda &gt; Becas y ayudas<\/a>.<\/p>\n<div class=\"itemFullText\">\n<div class=\"itemFullText\">\n<p>&nbsp;<\/p>\n<p>&nbsp;<\/p>\n<p><span style=\"color: #0000ff\">24\/03\/2025<\/span><\/p>\n<h4 style=\"text-align: justify\"><span style=\"color: #000080\">Convocatoria de beca de car\u00e1cter general para el curso 2025\/2026 para estudiantes de estudios postobligatorios<\/span><\/h4>\n<h4 style=\"text-align: justify\"><span style=\"color: #000080\"><a href=\"https:\/\/blogsaverroes.juntadeandalucia.es\/iesbellavista\/files\/2025\/06\/Captura-de-pantalla-2025-06-17-165457.png\"><img loading=\"lazy\" decoding=\"async\" class=\"wp-image-10985 alignleft\" src=\"https:\/\/blogsaverroes.juntadeandalucia.es\/iesbellavista\/files\/2025\/06\/Captura-de-pantalla-2025-06-17-165457.png\" alt=\"\" width=\"384\" height=\"188\" srcset=\"https:\/\/blogsaverroes.juntadeandalucia.es\/iesbellavista\/files\/2025\/06\/Captura-de-pantalla-2025-06-17-165457.png 559w, https:\/\/blogsaverroes.juntadeandalucia.es\/iesbellavista\/files\/2025\/06\/Captura-de-pantalla-2025-06-17-165457-300x147.png 300w\" sizes=\"(max-width: 384px) 100vw, 384px\" \/><\/a><\/span><\/h4>\n<p style=\"text-align: justify\">El <strong>plazo de presentaci\u00f3n<\/strong> de solicitudes est\u00e1 abierto desde el <strong>24<\/strong><u><strong> de marzo a partir de las 09:00 horas al 14 de mayo de 2025 hasta las 15:00 horas.<\/strong><\/u><\/p>\n<p style=\"text-align: justify\">La solicitud se deber\u00e1 cumplimentar mediante el formulario accesible por v\u00eda telem\u00e1tica a trav\u00e9s de la sede electr\u00f3nica del Ministerio de Educaci\u00f3n, Formaci\u00f3n Profesional y Deportes en la direcci\u00f3n <strong><a href=\"https:\/\/sede.educacion.gob.es\/\">sede.educacion.gob.es<\/a><\/strong>&nbsp;o en <strong><a href=\"http:\/\/www.educacionyfp.gob.es\/\">educacionyfp.gob.es<\/a><\/strong><\/p>\n<\/div>\n<p style=\"text-align: justify\"><strong><a href=\"https:\/\/www.boe.es\/diario_boe\/txt.php?id=BOE-B-2025-10203\">Informaci\u00f3n sobre la convocatoria<\/a><\/strong><\/p>\n<div class=\"itemFullText\">\n<p style=\"text-align: justify\"><strong><a href=\"https:\/\/portales.ced.junta-andalucia.es\/educacion\/portales\/web\/educacion\/w\/extracto-de-la-resolucion-de-18-de-marzo-de-2025-de-la-secretaria-de-estado-de-educacion-por-la-que-se-convocan-becas-de-caracter-general-para-el-curso-academico-2025-2026-para-estudiantes-que-cursen-estudios-postobligatorios?redirect=%2Feducacion%2Fportales%2Fweb%2Feducacion%2Fw%2Fconvocatoria-general-de-becas-2025-2026%3Fredirect%3D%252Feducacion%252Fportales%252Fweb%252Feducacion%252Fbecas-ayudas%252Fbecas%252Fconvocatoria-general%252Fconvocatorias%253Fp_p_id%253Dcom_liferay_asset_publisher_web_portlet_AssetPublisherPortlet_INSTANCE_dupf%2526p_p_lifecycle%253D0%2526p_p_state%253Dnormal%2526p_p_mode%253Dview%2526p_r_p_resetCur%253Dtrue%2526p_r_p_categoryId%253D1177227\">Resoluci\u00f3n<\/a><\/strong><\/p>\n<p><strong><a href=\"https:\/\/sede.educacion.gob.es\/sede\/login\/inicio.jjsp?idConvocatoria=2256&amp;redirect=\/educacion\/portales\/web\/educacion\/becas-ayudas\/becas\/convocatoria-general\/solicitud-e-impresos\">Acceso a la solicitud<\/a><\/strong><\/p>\n<\/div>\n<\/div>\n<p>Toda la informaci\u00f3n en la secci\u00f3n <a href=\"https:\/\/blogsaverroes.juntadeandalucia.es\/iesbellavista\/secretaria\/becas-y-ayudas#ancla1\">Secretar\u00eda &gt; Becas y ayudas<\/a>.<\/p>\n<div class=\"itemFullText\">\n<p>&nbsp;<\/p>\n<p><span style=\"color: #0000ff\">20\/06\/2024<\/span><\/p>\n<h4 style=\"text-align: justify\"><span style=\"color: #000080\">Calendario del proceso de Admisi\u00f3n a Ciclos Formativos de Grado Medio y Superior&nbsp;<\/span><a href=\"https:\/\/blogsaverroes.juntadeandalucia.es\/iesbellavista\/files\/2024\/06\/CALENDARIO-SOLICITUD-CFGM-y-CFGS.pdf\"><img loading=\"lazy\" decoding=\"async\" class=\"alignnone wp-image-122\" src=\"https:\/\/iesbellavista.files.wordpress.com\/2015\/03\/manitacursor11.png\" alt=\"manitacursor1\" width=\"21\" height=\"17\"><\/a><\/h4>\n<\/div>\n<p>&nbsp;<\/p>\n<p><span style=\"color: #0000ff\">19\/06\/2024<\/span><\/p>\n<h4 style=\"text-align: justify\"><span style=\"color: #000080\">Calendario del proceso de Admisi\u00f3n al Curso de Acceso a Ciclos de Grado Medio<\/span><\/h4>\n<ul>\n<li><strong>Presentaci\u00f3n de solicitudes<\/strong>: <span style=\"color: #0000ff\">del 15 de junio al 1 de julio<\/span><\/li>\n<li><strong>Relaci\u00f3n provisional de solicitantes<\/strong>: <span style=\"color: #0000ff\">4 de julio<\/span><\/li>\n<li><strong>Alegaciones<\/strong>: <span style=\"color: #0000ff\">5 de julio<\/span><\/li>\n<li><strong>Adjudicaci\u00f3n de plazas<\/strong>: <span style=\"color: #0000ff\">8 \u00f3 9 de julio<\/span><\/li>\n<li><strong>Relaci\u00f3n definitiva\/ Adjudicaci\u00f3n<\/strong>: <span style=\"color: #0000ff\">10 de julio<\/span><\/li>\n<li><strong>Periodo de matriculaci\u00f3n<\/strong>: <span style=\"color: #0000ff\">del 11 al 16 de julio<\/span><\/li>\n<\/ul>\n<p>Todo el proceso se realizar\u00e1 a trav\u00e9s de la <a href=\"https:\/\/www.juntadeandalucia.es\/educacion\/secretariavirtual\/accesoTramite\/322\/\">Secretar\u00eda Virtual de los centros educativos<\/a>.<\/p>\n<div class=\"itemFullText\">\n<p>&nbsp;<\/p>\n<p><span style=\"color: #0000ff\">18\/06\/2024<\/span><\/p>\n<\/div>\n<h4 style=\"text-align: justify\"><span style=\"color: #000080\">Presentaci\u00f3n sobre el proceso de solicitud de Ciclos Formativos de Grado Medio y Superior <\/span><a href=\"https:\/\/view.genially.com\/60cbd2fedf0d240ddc7ea50d\/interactive-content-fp-toma-de-decisiones-eleccion-de-ciclos-formativos\"><img loading=\"lazy\" decoding=\"async\" class=\"alignnone wp-image-122\" src=\"https:\/\/iesbellavista.files.wordpress.com\/2015\/03\/manitacursor11.png\" alt=\"manitacursor1\" width=\"21\" height=\"17\"><\/a><\/h4>\n<h4><a href=\"https:\/\/view.genially.com\/60cbd2fedf0d240ddc7ea50d\/interactive-content-fp-toma-de-decisiones-eleccion-de-ciclos-formativos\"><img loading=\"lazy\" decoding=\"async\" class=\"aligncenter wp-image-10902\" src=\"https:\/\/blogsaverroes.juntadeandalucia.es\/iesbellavista\/files\/2024\/06\/0-Ciclos-Formativos.jpg\" alt=\"\" width=\"725\" height=\"408\" srcset=\"https:\/\/blogsaverroes.juntadeandalucia.es\/iesbellavista\/files\/2024\/06\/0-Ciclos-Formativos.jpg 1096w, https:\/\/blogsaverroes.juntadeandalucia.es\/iesbellavista\/files\/2024\/06\/0-Ciclos-Formativos-300x169.jpg 300w, https:\/\/blogsaverroes.juntadeandalucia.es\/iesbellavista\/files\/2024\/06\/0-Ciclos-Formativos-1024x576.jpg 1024w, https:\/\/blogsaverroes.juntadeandalucia.es\/iesbellavista\/files\/2024\/06\/0-Ciclos-Formativos-768x432.jpg 768w\" sizes=\"(max-width: 725px) 100vw, 725px\" \/><\/a><\/h4>\n<p>&nbsp;<\/p>\n<div class=\"itemFullText\">\n<p><span style=\"color: #0000ff\">12\/06\/2024<\/span><\/p>\n<h4><span style=\"color: #000080\">Videotutorial para la Preinscripci\u00f3n Universitaria Andaluza 2024<\/span> <a href=\"https:\/\/youtu.be\/L0V7I0RH5IA\"><img loading=\"lazy\" decoding=\"async\" class=\"alignnone wp-image-122\" src=\"https:\/\/iesbellavista.files.wordpress.com\/2015\/03\/manitacursor11.png\" alt=\"manitacursor1\" width=\"21\" height=\"17\"><\/a><\/h4>\n<p><a href=\"https:\/\/youtu.be\/L0V7I0RH5IA\"><img loading=\"lazy\" decoding=\"async\" class=\"aligncenter size-full wp-image-10826\" src=\"https:\/\/blogsaverroes.juntadeandalucia.es\/iesbellavista\/files\/2023\/06\/EUSA.jpg\" alt=\"\" width=\"675\" height=\"453\" srcset=\"https:\/\/blogsaverroes.juntadeandalucia.es\/iesbellavista\/files\/2023\/06\/EUSA.jpg 675w, https:\/\/blogsaverroes.juntadeandalucia.es\/iesbellavista\/files\/2023\/06\/EUSA-300x201.jpg 300w\" sizes=\"(max-width: 675px) 100vw, 675px\" \/><\/a><\/p>\n<p>&nbsp;<\/p>\n<p><span style=\"color: #0000ff\">24\/05\/2024<\/span><\/p>\n<div class=\"itemFullText\">\n<h4><span style=\"color: #000080\">Inscripci\u00f3n en la PEVAU curso 23-24&nbsp;<\/span><a href=\"https:\/\/blogsaverroes.juntadeandalucia.es\/iesbellavista\/files\/2024\/05\/INSCRIPCION-PEVAU-DEFINITIVO-last.pdf\"><img loading=\"lazy\" decoding=\"async\" class=\"alignnone wp-image-122\" src=\"https:\/\/iesbellavista.files.wordpress.com\/2015\/03\/manitacursor11.png\" alt=\"manitacursor1\" width=\"21\" height=\"17\"><\/a><\/h4>\n<p><a href=\"https:\/\/blogsaverroes.juntadeandalucia.es\/iesbellavista\/files\/2024\/05\/INSCRIPCION-PEVAU-DEFINITIVO-last.pdf\"><img loading=\"lazy\" decoding=\"async\" class=\"aligncenter wp-image-10874\" src=\"https:\/\/blogsaverroes.juntadeandalucia.es\/iesbellavista\/files\/2024\/05\/caratula-PAVAU.jpg\" alt=\"\" width=\"591\" height=\"423\" srcset=\"https:\/\/blogsaverroes.juntadeandalucia.es\/iesbellavista\/files\/2024\/05\/caratula-PAVAU.jpg 653w, https:\/\/blogsaverroes.juntadeandalucia.es\/iesbellavista\/files\/2024\/05\/caratula-PAVAU-300x215.jpg 300w\" sizes=\"(max-width: 591px) 100vw, 591px\" \/><\/a><\/p>\n<\/div>\n<p>&nbsp;<\/p>\n<p><span style=\"color: #0000ff\">23\/05\/2024<\/span><\/p>\n<h4><span style=\"color: #000080\">Calendario y sedes PEVAU 2024<\/span><\/h4>\n<\/div>\n<p><a href=\"https:\/\/blogsaverroes.juntadeandalucia.es\/iesbellavista\/files\/2024\/05\/CALENDARIO-PEVAU-Y-SEDES-2024.pdf\"><img loading=\"lazy\" decoding=\"async\" class=\"aligncenter size-full wp-image-10888\" src=\"https:\/\/blogsaverroes.juntadeandalucia.es\/iesbellavista\/files\/2024\/05\/Captura-calendario-y-sedes-PEVAU.jpg\" alt=\"\" width=\"734\" height=\"114\" srcset=\"https:\/\/blogsaverroes.juntadeandalucia.es\/iesbellavista\/files\/2024\/05\/Captura-calendario-y-sedes-PEVAU.jpg 734w, https:\/\/blogsaverroes.juntadeandalucia.es\/iesbellavista\/files\/2024\/05\/Captura-calendario-y-sedes-PEVAU-300x47.jpg 300w\" sizes=\"(max-width: 734px) 100vw, 734px\" \/><\/a><\/p>\n<p>&nbsp;<\/p>\n<div class=\"itemFullText\">\n<p><span style=\"color: #0000ff\">23\/05\/2024<\/span><\/p>\n<h4><span style=\"color: #000080\">Desarrollo, Calificaciones y Reclamaciones en la PEVAU<\/span><\/h4>\n<p>&nbsp;<\/p>\n<p><a href=\"https:\/\/blogsaverroes.juntadeandalucia.es\/iesbellavista\/files\/2024\/05\/DESARROLLO-CALIFICACIONES-Y-RECLAMACIONES-EN-LA-PEVAU-DEFINITIVO.pdf\"><img loading=\"lazy\" decoding=\"async\" class=\"aligncenter wp-image-10889\" src=\"https:\/\/blogsaverroes.juntadeandalucia.es\/iesbellavista\/files\/2024\/05\/Captura-desarrollo-PEVAU.jpg\" alt=\"\" width=\"575\" height=\"278\" srcset=\"https:\/\/blogsaverroes.juntadeandalucia.es\/iesbellavista\/files\/2024\/05\/Captura-desarrollo-PEVAU.jpg 1161w, https:\/\/blogsaverroes.juntadeandalucia.es\/iesbellavista\/files\/2024\/05\/Captura-desarrollo-PEVAU-300x145.jpg 300w, https:\/\/blogsaverroes.juntadeandalucia.es\/iesbellavista\/files\/2024\/05\/Captura-desarrollo-PEVAU-1024x495.jpg 1024w, https:\/\/blogsaverroes.juntadeandalucia.es\/iesbellavista\/files\/2024\/05\/Captura-desarrollo-PEVAU-768x371.jpg 768w\" sizes=\"(max-width: 575px) 100vw, 575px\" \/><\/a><\/p>\n<p>&nbsp;<\/p>\n<p>&nbsp;<\/p>\n<p><span style=\"color: #0000ff\">16\/05\/2024<\/span><\/p>\n<h4><span style=\"color: #000080\">Gu\u00eda de estudios oficiales de Sevilla EUSA<\/span><\/h4>\n<p><a href=\"https:\/\/blogsaverroes.juntadeandalucia.es\/iesbellavista\/files\/2024\/05\/eusa-guia2024.pdf\"><img loading=\"lazy\" decoding=\"async\" class=\"aligncenter wp-image-10881\" src=\"https:\/\/blogsaverroes.juntadeandalucia.es\/iesbellavista\/files\/2024\/05\/EUSA.jpg\" alt=\"\" width=\"371\" height=\"452\" srcset=\"https:\/\/blogsaverroes.juntadeandalucia.es\/iesbellavista\/files\/2024\/05\/EUSA.jpg 427w, https:\/\/blogsaverroes.juntadeandalucia.es\/iesbellavista\/files\/2024\/05\/EUSA-246x300.jpg 246w\" sizes=\"(max-width: 371px) 100vw, 371px\" \/><\/a><\/p>\n<p>&nbsp;<\/p>\n<p>&nbsp;<\/p>\n<p><span style=\"color: #0000ff\">13\/05\/2024<\/span><\/p>\n<h4><span style=\"color: #000080\">El Reverso CB senior femenino se proclama subcampe\u00f3n de la liga profesional federada<\/span><\/h4>\n<\/div>\n<p style=\"text-align: justify\">Esta pasado fin de semana El Reverso CB senior femenino se ha proclamado subcampe\u00f3n de&nbsp; liga provincial federada, consiguiendo as\u00ed el ascenso a Primera Nacional. El equipo est\u00e1 formado por 15 jugadoras (algunas de ellas juniors y cadetes) de las que 13 son o han sido alumnas del IES BELLAVISTA, formadas en la cantera del club desde peque\u00f1as.<strong> \u00a1Bien por ellas!<\/strong><\/p>\n<p><a href=\"https:\/\/blogsaverroes.juntadeandalucia.es\/iesbellavista\/files\/2024\/05\/IMG-20240513-WA0003.jpg\"><img loading=\"lazy\" decoding=\"async\" class=\"aligncenter wp-image-10876\" src=\"https:\/\/blogsaverroes.juntadeandalucia.es\/iesbellavista\/files\/2024\/05\/IMG-20240513-WA0003.jpg\" alt=\"\" width=\"743\" height=\"557\" srcset=\"https:\/\/blogsaverroes.juntadeandalucia.es\/iesbellavista\/files\/2024\/05\/IMG-20240513-WA0003.jpg 1600w, https:\/\/blogsaverroes.juntadeandalucia.es\/iesbellavista\/files\/2024\/05\/IMG-20240513-WA0003-300x225.jpg 300w, https:\/\/blogsaverroes.juntadeandalucia.es\/iesbellavista\/files\/2024\/05\/IMG-20240513-WA0003-1024x768.jpg 1024w, https:\/\/blogsaverroes.juntadeandalucia.es\/iesbellavista\/files\/2024\/05\/IMG-20240513-WA0003-768x576.jpg 768w, https:\/\/blogsaverroes.juntadeandalucia.es\/iesbellavista\/files\/2024\/05\/IMG-20240513-WA0003-1536x1152.jpg 1536w\" sizes=\"(max-width: 743px) 100vw, 743px\" \/><\/a> <a href=\"https:\/\/blogsaverroes.juntadeandalucia.es\/iesbellavista\/files\/2024\/05\/IMG-20240513-WA0002.jpg\"><img loading=\"lazy\" decoding=\"async\" class=\"aligncenter wp-image-10877\" src=\"https:\/\/blogsaverroes.juntadeandalucia.es\/iesbellavista\/files\/2024\/05\/IMG-20240513-WA0002.jpg\" alt=\"\" width=\"745\" height=\"497\" srcset=\"https:\/\/blogsaverroes.juntadeandalucia.es\/iesbellavista\/files\/2024\/05\/IMG-20240513-WA0002.jpg 1080w, https:\/\/blogsaverroes.juntadeandalucia.es\/iesbellavista\/files\/2024\/05\/IMG-20240513-WA0002-300x200.jpg 300w, https:\/\/blogsaverroes.juntadeandalucia.es\/iesbellavista\/files\/2024\/05\/IMG-20240513-WA0002-1024x683.jpg 1024w, https:\/\/blogsaverroes.juntadeandalucia.es\/iesbellavista\/files\/2024\/05\/IMG-20240513-WA0002-768x512.jpg 768w\" sizes=\"(max-width: 745px) 100vw, 745px\" \/><\/a><\/p>\n<p>&nbsp;<\/p>\n<p><span style=\"color: #0000ff\">09\/05\/2024<\/span><\/p>\n<div class=\"itemFullText\">\n<h4><span style=\"color: #000080\">Inscripci\u00f3n en la PEVAU curso 23-24&nbsp;<\/span><a href=\"https:\/\/blogsaverroes.juntadeandalucia.es\/iesbellavista\/files\/2024\/05\/INSCRIPCION-PEVAU-DEFINITIVO.pdf\"><img loading=\"lazy\" decoding=\"async\" class=\"alignnone wp-image-122\" src=\"https:\/\/iesbellavista.files.wordpress.com\/2015\/03\/manitacursor11.png\" alt=\"manitacursor1\" width=\"21\" height=\"17\"><\/a><\/h4>\n<p><a href=\"https:\/\/blogsaverroes.juntadeandalucia.es\/iesbellavista\/files\/2024\/05\/INSCRIPCION-PEVAU-DEFINITIVO.pdf\"><img loading=\"lazy\" decoding=\"async\" class=\"aligncenter wp-image-10874\" src=\"https:\/\/blogsaverroes.juntadeandalucia.es\/iesbellavista\/files\/2024\/05\/caratula-PAVAU.jpg\" alt=\"\" width=\"591\" height=\"423\" srcset=\"https:\/\/blogsaverroes.juntadeandalucia.es\/iesbellavista\/files\/2024\/05\/caratula-PAVAU.jpg 653w, https:\/\/blogsaverroes.juntadeandalucia.es\/iesbellavista\/files\/2024\/05\/caratula-PAVAU-300x215.jpg 300w\" sizes=\"(max-width: 591px) 100vw, 591px\" \/><\/a><\/p>\n<p><span style=\"color: #0000ff\">03\/05\/2024<\/span><\/p>\n<h4><span style=\"color: #000080\">Becas para alumnado NEAE 2024-25<\/span>&nbsp;<a href=\"https:\/\/www.juntadeandalucia.es\/educacion\/portals\/web\/becas-y-ayudas\/ayuda-neae\"><img loading=\"lazy\" decoding=\"async\" class=\"alignnone wp-image-122\" src=\"https:\/\/iesbellavista.files.wordpress.com\/2015\/03\/manitacursor11.png\" alt=\"manitacursor1\" width=\"21\" height=\"17\"><\/a><\/h4>\n<p>El plazo de presentaci\u00f3n es desde el 30 de abril al 13 de septiembre de 2024<\/p>\n<p><a href=\"https:\/\/blogsaverroes.juntadeandalucia.es\/iesbellavista\/files\/2024\/05\/Infografia-EE-con-pie-del-2023-3.pdf\">Infograf\u00eda<\/a><\/p>\n<p><a href=\"https:\/\/blogsaverroes.juntadeandalucia.es\/iesbellavista\/files\/2024\/05\/CONVOCATORIA-NEAE-curso-2024_2025.pdf\">Convocatoria<\/a><\/p>\n<p>&nbsp;<\/p>\n<p><span style=\"color: #0000ff\">02\/05\/2024<\/span><\/p>\n<h4><span style=\"color: #000080\">Tutorial para la solicitud del UVUS (Usuario Virtual de la Universidad de Sevilla)<\/span><\/h4>\n<p><a href=\"https:\/\/blogsaverroes.juntadeandalucia.es\/iesbellavista\/files\/2024\/04\/SOLICITUD-UVUS.pdf\"><img loading=\"lazy\" decoding=\"async\" class=\"aligncenter wp-image-10863\" src=\"https:\/\/blogsaverroes.juntadeandalucia.es\/iesbellavista\/files\/2024\/04\/Solicitud-UVUS.jpg\" alt=\"\" width=\"610\" height=\"432\" srcset=\"https:\/\/blogsaverroes.juntadeandalucia.es\/iesbellavista\/files\/2024\/04\/Solicitud-UVUS.jpg 1074w, https:\/\/blogsaverroes.juntadeandalucia.es\/iesbellavista\/files\/2024\/04\/Solicitud-UVUS-300x212.jpg 300w, https:\/\/blogsaverroes.juntadeandalucia.es\/iesbellavista\/files\/2024\/04\/Solicitud-UVUS-1024x725.jpg 1024w, https:\/\/blogsaverroes.juntadeandalucia.es\/iesbellavista\/files\/2024\/04\/Solicitud-UVUS-768x543.jpg 768w\" sizes=\"(max-width: 610px) 100vw, 610px\" \/><\/a><\/p>\n<p>&nbsp;<\/p>\n<p>&nbsp;<\/p>\n<p><span style=\"color: #0000ff\">20\/03\/2024<\/span><\/p>\n<h4 style=\"text-align: justify\"><span style=\"color: #000080\">Convocatoria de beca de car\u00e1cter general para el curso 2024\/25 para estudiantes de estudios postobligatorios<\/span><\/h4>\n<p style=\"text-align: justify\"><a href=\"https:\/\/blogsaverroes.juntadeandalucia.es\/iesbellavista\/files\/2024\/03\/Becas-MEC-24-25.jpg\"><img loading=\"lazy\" decoding=\"async\" class=\"size-full wp-image-10855 alignleft\" src=\"https:\/\/blogsaverroes.juntadeandalucia.es\/iesbellavista\/files\/2024\/03\/Becas-MEC-24-25.jpg\" alt=\"\" width=\"386\" height=\"217\" srcset=\"https:\/\/blogsaverroes.juntadeandalucia.es\/iesbellavista\/files\/2024\/03\/Becas-MEC-24-25.jpg 386w, https:\/\/blogsaverroes.juntadeandalucia.es\/iesbellavista\/files\/2024\/03\/Becas-MEC-24-25-300x169.jpg 300w\" sizes=\"(max-width: 386px) 100vw, 386px\" \/><\/a>El <strong>plazo de presentaci\u00f3n<\/strong> de solicitudes est\u00e1 abierto desde el&nbsp;<u><strong>19 de marzo a partir de las 09:00 horas al 10 de mayo de 2024 hasta las 15:00 horas.<\/strong><\/u><\/p>\n<p style=\"text-align: justify\">La solicitud se deber\u00e1 cumplimentar mediante el formulario accesible por v\u00eda telem\u00e1tica a trav\u00e9s de la sede electr\u00f3nica del Ministerio de Educaci\u00f3n, Formaci\u00f3n Profesional y Deportes en la direcci\u00f3n <strong><a href=\"https:\/\/sede.educacion.gob.es\/\">sede.educacion.gob.es<\/a><\/strong>&nbsp;o en <strong><a href=\"http:\/\/www.educacionyfp.gob.es\/\">educacionyfp.gob.es<\/a><\/strong><\/p>\n<\/div>\n<p style=\"text-align: justify\"><strong><a href=\"https:\/\/www.juntadeandalucia.es\/educacion\/portals\/web\/becas-y-ayudas\/novedades\/-\/contenidos\/detalle\/se-publica-en-el-boe-el-extracto-de-la-resolucion-de15-de-marzo-de-2023-de-la-secretaria-de-estado-de-educacion-por-la\">Informaci\u00f3n sobre la convocatoria<\/a><\/strong><\/p>\n<div class=\"itemFullText\">\n<p style=\"text-align: justify\"><strong><a href=\"https:\/\/www.juntadeandalucia.es\/educacion\/portals\/web\/becas-y-ayudas\/contenidos\/-\/contenidos\/detalle\/resolucion-de-la-secretaria-de-estado-de-educacion-por-la-que-se-convocan-becas-de-caracter-general-para-el-curso-1rj78ja5wsazo\">Resoluci\u00f3n<\/a><\/strong><\/p>\n<p><strong><a href=\"https:\/\/sede.educacion.gob.es\/sede\/login\/inicio.jjsp?idConvocatoria=2076\">Acceso a la solicitud<\/a><\/strong><\/p>\n<p>&nbsp;<\/p>\n<p><span style=\"color: #0000ff\">11\/12\/2023<\/span><\/p>\n<h4><span style=\"color: #000080\">Convocatoria de la Beca Andaluc\u00eda Segunda Oportunidad para el curso 2023\/24<\/span><\/h4>\n<\/div>\n<p><a href=\"https:\/\/blogsaverroes.juntadeandalucia.es\/iesbellavista\/files\/2015\/03\/becas-segunda-oportunidad.jpg\"><img loading=\"lazy\" decoding=\"async\" class=\" wp-image-2575 alignleft\" src=\"https:\/\/blogsaverroes.juntadeandalucia.es\/iesbellavista\/files\/2015\/03\/becas-segunda-oportunidad.jpg\" alt=\"\" width=\"215\" height=\"151\" srcset=\"https:\/\/blogsaverroes.juntadeandalucia.es\/iesbellavista\/files\/2015\/03\/becas-segunda-oportunidad.jpg 400w, https:\/\/blogsaverroes.juntadeandalucia.es\/iesbellavista\/files\/2015\/03\/becas-segunda-oportunidad-300x211.jpg 300w\" sizes=\"(max-width: 215px) 100vw, 215px\" \/><\/a>Con fecha 5 de diciembre de 2023 se ha publicado en el Bolet\u00edn Oficial de la Junta de Andaluc\u00eda la Resoluci\u00f3n por la que se efect\u00faa la convocatoria p\u00fablica de la Beca Andaluc\u00eda Segunda Oportunidad dirigida a facilitar la reincorporaci\u00f3n de las personas j\u00f3venes al sistema educativo para obtener una titulaci\u00f3n de educaci\u00f3n secundaria para el curso escolar 2023\/24. <strong>El plazo de presentaci\u00f3n de solicitudes ser\u00e1 desde el 5 de diciembre de 2023 al 5 de enero de 2024.<\/strong><\/p>\n<p><a href=\"https:\/\/www.juntadeandalucia.es\/educacion\/portals\/web\/becas-y-ayudas\/novedades\/-\/contenidos\/detalle\/convocatoria-publica-de-la-beca-andalucia-segunda-oportunidad-para-el-curso-escolar-2022\">Acceso a informaci\u00f3n y a la solicitud<\/a><\/p>\n<p>Mas informaci\u00f3n en la secci\u00f3n <a href=\"https:\/\/blogsaverroes.juntadeandalucia.es\/iesbellavista\/secretaria\/becas-y-ayudas#ancla4\">Secretar\u00eda &gt; Becas y ayudas<\/a>.<\/p>\n<p>&nbsp;<\/p>\n<p><span style=\"color: #0000ff\">11\/12\/2023<\/span><\/p>\n<h4 id=\"detalle_solicitud-ayuda-individualizada-para-el-transporte-escolar-2018\" class=\"titulo\"><span style=\"color: #000080\">Convocatoria p\u00fablica de las ayudas individualizadas para el transporte escolar, curso 2022-2023<\/span><\/h4>\n<p style=\"text-align: justify\"><a href=\"https:\/\/blogsaverroes.juntadeandalucia.es\/iesbellavista\/files\/2015\/03\/beca-transporte.jpg\"><img loading=\"lazy\" decoding=\"async\" class=\"alignleft wp-image-2581 size-full\" src=\"https:\/\/blogsaverroes.juntadeandalucia.es\/iesbellavista\/files\/2015\/03\/beca-transporte.jpg\" alt=\"beca transporte\" width=\"233\" height=\"216\"><\/a>Con fecha 7 de diciembre de 2023 se ha publicado en el Bolet\u00edn Oficial de la Junta de Andaluc\u00eda la Resoluci\u00f3n de la Direcci\u00f3n General de Ordenaci\u00f3n, Inclusi\u00f3n, Participaci\u00f3n y Evaluaci\u00f3n Educativa por la que se efect\u00faa la convocatoria p\u00fablica de las Ayudas Individualizadas para el Transporte Escolar en el curso acad\u00e9mico 2022-2023. <strong>El plazo de presentaci\u00f3n de solicitudes ser\u00e1 desde el 8 de diciembre de 2023 al 8 de enero de 2024 <\/strong>(la solicitud se realiza en el curso siguiente a aquel para el que se pide).<\/p>\n<p><a href=\"https:\/\/www.juntadeandalucia.es\/educacion\/portals\/web\/becas-y-ayudas\/novedades\/-\/contenidos\/detalle\/convocatoria-publica-de-las-ayudas-individualizadas-para-el-transporte-escolar-en-el-curso-escolar-2021\">Acceso a informaci\u00f3n y a la solicitud<\/a><\/p>\n<p>Mas informaci\u00f3n en la secci\u00f3n <a href=\"https:\/\/blogsaverroes.juntadeandalucia.es\/iesbellavista\/secretaria\/becas-y-ayudas#ancla15\">Secretar\u00eda &gt; Becas y ayudas<\/a>.<\/p>\n<p>&nbsp;<\/p>\n<p><span style=\"color: #0000ff\">11\/12\/2023<\/span><\/p>\n<h4><span style=\"color: #000080\">Convocatoria Beca 6000 para el curso 2023\/24<\/span><\/h4>\n<p style=\"text-align: justify\"><a href=\"https:\/\/blogsaverroes.juntadeandalucia.es\/iesbellavista\/files\/2015\/03\/beca-6000.jpg\"><img loading=\"lazy\" decoding=\"async\" class=\"alignleft wp-image-2573 size-full\" src=\"https:\/\/blogsaverroes.juntadeandalucia.es\/iesbellavista\/files\/2015\/03\/beca-6000.jpg\" alt=\"beca 6000\" width=\"357\" height=\"165\" srcset=\"https:\/\/blogsaverroes.juntadeandalucia.es\/iesbellavista\/files\/2015\/03\/beca-6000.jpg 357w, https:\/\/blogsaverroes.juntadeandalucia.es\/iesbellavista\/files\/2015\/03\/beca-6000-300x139.jpg 300w\" sizes=\"(max-width: 357px) 100vw, 357px\" \/><\/a>Con fecha 5 de diciembre de 2023 se ha publicado en el Bolet\u00edn Oficial de la Junta de Andaluc\u00eda la Resoluci\u00f3n&nbsp; por la que se efect\u00faa la convocatoria p\u00fablica de la Beca 6000, dirigida a facilitar la permanencia en el sistema educativo del alumnado de Bachillerato o de ciclos formativos de grado medio de formaci\u00f3n profesional inicial para el curso escolar 2023-2024. <strong>El plazo de presentaci\u00f3n de solicitudes ser\u00e1 del 6 de diciembre de 2023 al 5 de enero de 2024.<\/strong><\/p>\n<p><a href=\"https:\/\/www.juntadeandalucia.es\/educacion\/portals\/web\/becas-y-ayudas\/novedades\/-\/contenidos\/detalle\/convocatoria-publica-de-la-beca-6000-para-el-curso-escolar-2022\">Acceso a informaci\u00f3n y a la solicitud<\/a><\/p>\n<p>Toda la informaci\u00f3n en la secci\u00f3n <a href=\"https:\/\/blogsaverroes.juntadeandalucia.es\/iesbellavista\/secretaria\/becas-y-ayudas#ancla5\">Secretar\u00eda &gt; Becas y ayudas<\/a>.<\/p>\n<p>&nbsp;<\/p>\n<p>&nbsp;<\/p>\n<p><span style=\"color: #0000ff\">11\/12\/2023<\/span><\/p>\n<h4><span style=\"color: #000080\">Convocatoria de la Beca Adriano para el curso 2023\/24<br \/>\n<\/span><\/h4>\n<p style=\"text-align: justify\"><a href=\"https:\/\/blogsaverroes.juntadeandalucia.es\/iesbellavista\/files\/2015\/03\/beca-adriano.jpg\"><img loading=\"lazy\" decoding=\"async\" class=\"alignleft wp-image-2574 size-full\" src=\"https:\/\/blogsaverroes.juntadeandalucia.es\/iesbellavista\/files\/2015\/03\/beca-adriano.jpg\" alt=\"beca-adriano\" width=\"300\" height=\"98\"><\/a>Con fecha 5 de diciembre de 2023 se ha publicado en el Bolet\u00edn Oficial de la Junta de Andaluc\u00eda la Resoluci\u00f3n por la que se efect\u00faa la convocatoria p\u00fablica de la Beca Adriano dirigida a facilitar la permanencia en el sistema educativo del alumnado que curse alguna de las ense\u00f1anzas incluidas en su \u00e1mbito de aplicaci\u00f3n, para el curso escolar 2023-2024.<strong> El plazo de presentaci\u00f3n de solicitudes ser\u00e1 desde el 6 de diciembre de 2023 al 5 de enero de 2024.<\/strong><\/p>\n<div class=\"itemIntroText\">\n<p><a href=\"https:\/\/www.juntadeandalucia.es\/educacion\/portals\/web\/becas-y-ayudas\/novedades\/-\/contenidos\/detalle\/convocatoria-publica-de-la-beca-adriano-para-el-curso-escolar-2022\">Acceso a informaci\u00f3n y a la solicitud<\/a><\/p>\n<p>Mas informaci\u00f3n en la secci\u00f3n <a href=\"https:\/\/blogsaverroes.juntadeandalucia.es\/iesbellavista\/secretaria\/becas-y-ayudas#ancla3\">Secretar\u00eda &gt; Becas y ayudas<\/a>.<\/p>\n<\/div>\n<div class=\"itemFullText\">\n<p style=\"text-align: justify\"><span style=\"color: #0000ff\">IMPORTANTE:<\/span> Este curso 2023\/24, al igual que en el curso anterior, como consecuencia de los cambios realizados en la normativa de la convocatoria general de becas del Ministerio de Educaci\u00f3n y Formaci\u00f3n Profesional, que baj\u00f3 a 5,00 puntos la nota m\u00ednima exigida para la convocatoria de beca general, <strong>los alumnos de primer curso de cualquier ense\u00f1anza NO podr\u00e1n optar a la Beca Adriano.<\/strong><\/p>\n<p>&nbsp;<\/p>\n<\/div>\n<p><span style=\"color: #0000ff\">11\/09\/2023<\/span><\/p>\n<h4><span style=\"color: #000080\">Horario del d\u00eda 15 de septiembre. Inicio del curso 23\/24<\/span><\/h4>\n<p style=\"text-align: justify\">La Direcci\u00f3n del Centro ha establecido el d\u00eda de presentaci\u00f3n el d\u00eda 15 de septiembre en el intervalo horario que se indica en la tabla a fin de recibir de sus tutores la informaci\u00f3n e instrucciones, as\u00ed como el horario ordinario.<\/p>\n<p><a href=\"https:\/\/blogsaverroes.juntadeandalucia.es\/iesbellavista\/files\/2023\/09\/Horario-Inicio-Curso-23-24.jpg\"><img loading=\"lazy\" decoding=\"async\" class=\"size-full wp-image-10839 aligncenter\" src=\"https:\/\/blogsaverroes.juntadeandalucia.es\/iesbellavista\/files\/2023\/09\/Horario-Inicio-Curso-23-24.jpg\" alt=\"\" width=\"730\" height=\"257\" srcset=\"https:\/\/blogsaverroes.juntadeandalucia.es\/iesbellavista\/files\/2023\/09\/Horario-Inicio-Curso-23-24.jpg 730w, https:\/\/blogsaverroes.juntadeandalucia.es\/iesbellavista\/files\/2023\/09\/Horario-Inicio-Curso-23-24-300x106.jpg 300w\" sizes=\"(max-width: 730px) 100vw, 730px\" \/><\/a><\/p>\n<p><span style=\"color: #0000ff\">30\/06\/2023<\/span><\/p>\n<h4><span style=\"color: #000080\">Libros de Texto de Bachillerato para el curso 2023\/24 <\/span><a href=\"https:\/\/blogsaverroes.juntadeandalucia.es\/iesbellavista\/files\/2023\/07\/LIBROS-TEXTO-BACHILLERATO-PARA-CURSO-2023-24.pdf\"><img loading=\"lazy\" decoding=\"async\" class=\"alignnone wp-image-122\" src=\"https:\/\/iesbellavista.files.wordpress.com\/2015\/03\/manitacursor11.png\" alt=\"manitacursor1\" width=\"21\" height=\"17\"><\/a><\/h4>\n<p>&nbsp;<\/p>\n<p><span style=\"color: #0000ff\">22\/06\/2023<\/span><\/p>\n<h4><span style=\"color: #000080\">Videotutorial para la Preinscripci\u00f3n Universitaria Andaluza 2023 <\/span><a href=\"https:\/\/youtu.be\/L0V7I0RH5IA\"><img loading=\"lazy\" decoding=\"async\" class=\"alignnone wp-image-122\" src=\"https:\/\/iesbellavista.files.wordpress.com\/2015\/03\/manitacursor11.png\" alt=\"manitacursor1\" width=\"21\" height=\"17\"><\/a><\/h4>\n<p><a href=\"https:\/\/youtu.be\/L0V7I0RH5IA\"><img loading=\"lazy\" decoding=\"async\" class=\"aligncenter size-full wp-image-10826\" src=\"https:\/\/blogsaverroes.juntadeandalucia.es\/iesbellavista\/files\/2023\/06\/EUSA.jpg\" alt=\"\" width=\"675\" height=\"453\" srcset=\"https:\/\/blogsaverroes.juntadeandalucia.es\/iesbellavista\/files\/2023\/06\/EUSA.jpg 675w, https:\/\/blogsaverroes.juntadeandalucia.es\/iesbellavista\/files\/2023\/06\/EUSA-300x201.jpg 300w\" sizes=\"(max-width: 675px) 100vw, 675px\" \/><\/a><\/p>\n<p><span style=\"color: #0000ff\">15\/06\/2023<\/span><\/p>\n<h4><span style=\"color: #000080\">Se ha abierto el plazo de admisi\u00f3n para el Curso de Acceso a Ciclos de Grado Medio<br \/>\n<\/span><\/h4>\n<p><strong>El plazo de admisi\u00f3n va desde el 15 al 26 de junio<\/strong>. Puedes consultar el <a href=\"https:\/\/www.juntadeandalucia.es\/educacion\/portales\/documents\/100629\/407746\/Calendario%20de%20Curso%20de%20Acceso%20a%20Grado%20Medio\/f5ccbf91-f506-1a3f-4dd0-d5d2b649018a?version=1.3\"><strong>calendario aqu\u00ed<\/strong><\/a><\/p>\n<p style=\"text-align: justify\">Puedes solicitar la admisi\u00f3n a trav\u00e9s de la <strong><a href=\"https:\/\/www.juntadeandalucia.es\/educacion\/secretariavirtual\/accesoTramite\/322\/\">Secretar\u00eda virtual<\/a><\/strong> con clave iANDE o certificado digital, o bien de forma presencial en el centro<a href=\"https:\/\/blogsaverroes.juntadeandalucia.es\/iesbellavista\/files\/2023\/06\/Calendario-Curso-Acceso.jpg\"><img loading=\"lazy\" decoding=\"async\" class=\"aligncenter size-full wp-image-10820\" src=\"https:\/\/blogsaverroes.juntadeandalucia.es\/iesbellavista\/files\/2023\/06\/Calendario-Curso-Acceso.jpg\" alt=\"\" width=\"1101\" height=\"432\" srcset=\"https:\/\/blogsaverroes.juntadeandalucia.es\/iesbellavista\/files\/2023\/06\/Calendario-Curso-Acceso.jpg 1101w, https:\/\/blogsaverroes.juntadeandalucia.es\/iesbellavista\/files\/2023\/06\/Calendario-Curso-Acceso-300x118.jpg 300w, https:\/\/blogsaverroes.juntadeandalucia.es\/iesbellavista\/files\/2023\/06\/Calendario-Curso-Acceso-1024x402.jpg 1024w, https:\/\/blogsaverroes.juntadeandalucia.es\/iesbellavista\/files\/2023\/06\/Calendario-Curso-Acceso-768x301.jpg 768w\" sizes=\"(max-width: 1101px) 100vw, 1101px\" \/><\/a><\/p>\n<p>&nbsp;<\/p>\n<p><span style=\"color: #0000ff\">15\/06\/2023<\/span><\/p>\n<h4><span style=\"color: #000080\">Orientaci\u00f3n acad\u00e9mica. \u00bfY despu\u00e9s de 3\u00ba ESO qu\u00e9? <\/span><a href=\"https:\/\/blogsaverroes.juntadeandalucia.es\/iesbellavista\/files\/2023\/06\/OAP-3\u00ba-22-23-IES-BELLAVISTA.pdf\"><img loading=\"lazy\" decoding=\"async\" class=\"alignnone wp-image-122\" src=\"https:\/\/iesbellavista.files.wordpress.com\/2015\/03\/manitacursor11.png\" alt=\"manitacursor1\" width=\"21\" height=\"17\"><\/a><\/h4>\n<h4><span style=\"color: #000080\"><a href=\"https:\/\/blogsaverroes.juntadeandalucia.es\/iesbellavista\/files\/2023\/06\/OAP-3\u00ba-22-23-IES-BELLAVISTA.pdf\"><img loading=\"lazy\" decoding=\"async\" class=\"aligncenter wp-image-10817\" src=\"https:\/\/blogsaverroes.juntadeandalucia.es\/iesbellavista\/files\/2023\/06\/Captura-y-despu\u00e9s-de-3\u00ba-que.jpg\" alt=\"\" width=\"527\" height=\"394\" srcset=\"https:\/\/blogsaverroes.juntadeandalucia.es\/iesbellavista\/files\/2023\/06\/Captura-y-despu\u00e9s-de-3\u00ba-que.jpg 956w, https:\/\/blogsaverroes.juntadeandalucia.es\/iesbellavista\/files\/2023\/06\/Captura-y-despu\u00e9s-de-3\u00ba-que-300x224.jpg 300w, https:\/\/blogsaverroes.juntadeandalucia.es\/iesbellavista\/files\/2023\/06\/Captura-y-despu\u00e9s-de-3\u00ba-que-768x574.jpg 768w\" sizes=\"(max-width: 527px) 100vw, 527px\" \/><\/a><\/span><\/h4>\n<p>&nbsp;<\/p>\n<p><span style=\"color: #0000ff\">13\/06\/2023<\/span><\/p>\n<h4><span style=\"color: #000080\">Tutorial sobre C\u00f3mo solicitar la admisi\u00f3n en ciclos formativos en oferta completa <\/span><a href=\"https:\/\/youtu.be\/ezcBivjnMJw\"><img loading=\"lazy\" decoding=\"async\" class=\"alignnone wp-image-122\" src=\"https:\/\/iesbellavista.files.wordpress.com\/2015\/03\/manitacursor11.png\" alt=\"manitacursor1\" width=\"21\" height=\"17\"><\/a><\/h4>\n<p><a href=\"https:\/\/youtu.be\/ezcBivjnMJw\"><img loading=\"lazy\" decoding=\"async\" class=\"aligncenter wp-image-10814\" src=\"https:\/\/blogsaverroes.juntadeandalucia.es\/iesbellavista\/files\/2023\/06\/Captura.jpg\" alt=\"\" width=\"701\" height=\"365\" srcset=\"https:\/\/blogsaverroes.juntadeandalucia.es\/iesbellavista\/files\/2023\/06\/Captura.jpg 1285w, https:\/\/blogsaverroes.juntadeandalucia.es\/iesbellavista\/files\/2023\/06\/Captura-300x156.jpg 300w, https:\/\/blogsaverroes.juntadeandalucia.es\/iesbellavista\/files\/2023\/06\/Captura-1024x533.jpg 1024w, https:\/\/blogsaverroes.juntadeandalucia.es\/iesbellavista\/files\/2023\/06\/Captura-768x400.jpg 768w\" sizes=\"(max-width: 701px) 100vw, 701px\" \/><\/a><\/p>\n<p>&nbsp;<\/p>\n<p><span style=\"color: #0000ff\">13\/06\/2023<\/span><\/p>\n<h4><span style=\"color: #000080\">FP Toma de decisiones. Elecci\u00f3n de Ciclos formativos <\/span><a href=\"https:\/\/view.genial.ly\/60cbd2fedf0d240ddc7ea50d\/interactive-content-fp-toma-de-decisiones-eleccion-de-ciclos-formativos\"><img loading=\"lazy\" decoding=\"async\" class=\"alignnone wp-image-122\" src=\"https:\/\/iesbellavista.files.wordpress.com\/2015\/03\/manitacursor11.png\" alt=\"manitacursor1\" width=\"21\" height=\"17\"><\/a><\/h4>\n<p><a href=\"https:\/\/view.genial.ly\/60cbd2fedf0d240ddc7ea50d\/interactive-content-fp-toma-de-decisiones-eleccion-de-ciclos-formativos\"><img loading=\"lazy\" decoding=\"async\" class=\"aligncenter wp-image-10811\" src=\"https:\/\/blogsaverroes.juntadeandalucia.es\/iesbellavista\/files\/2023\/06\/Ciclos-formativos.jpg\" alt=\"\" width=\"770\" height=\"432\" srcset=\"https:\/\/blogsaverroes.juntadeandalucia.es\/iesbellavista\/files\/2023\/06\/Ciclos-formativos.jpg 945w, https:\/\/blogsaverroes.juntadeandalucia.es\/iesbellavista\/files\/2023\/06\/Ciclos-formativos-300x168.jpg 300w, https:\/\/blogsaverroes.juntadeandalucia.es\/iesbellavista\/files\/2023\/06\/Ciclos-formativos-768x431.jpg 768w\" sizes=\"(max-width: 770px) 100vw, 770px\" \/><\/a><\/p>\n<p>&nbsp;<\/p>\n<p><span style=\"color: #0000ff\">31\/05\/2023<\/span><\/p>\n<h4><span style=\"color: #000080\">Admisi\u00f3n en estudios de Grado Universitarios<\/span>&nbsp; <a href=\"https:\/\/blogsaverroes.juntadeandalucia.es\/iesbellavista\/files\/2023\/05\/ADMISI\u00d3N-ESTUDIOS-GRADOS-UNIVERSITARIOS-2023.pdf\"><img loading=\"lazy\" decoding=\"async\" class=\"alignnone wp-image-122\" src=\"https:\/\/iesbellavista.files.wordpress.com\/2015\/03\/manitacursor11.png\" alt=\"manitacursor1\" width=\"21\" height=\"17\"><\/a><\/h4>\n<p><a href=\"https:\/\/blogsaverroes.juntadeandalucia.es\/iesbellavista\/files\/2023\/05\/ADMISI\u00d3N-ESTUDIOS-GRADOS-UNIVERSITARIOS-2023.pdf\"><img loading=\"lazy\" decoding=\"async\" class=\" wp-image-10792 aligncenter\" src=\"https:\/\/blogsaverroes.juntadeandalucia.es\/iesbellavista\/files\/2023\/05\/Admisi\u00f3n-en-grados.jpg\" alt=\"\" width=\"566\" height=\"321\" srcset=\"https:\/\/blogsaverroes.juntadeandalucia.es\/iesbellavista\/files\/2023\/05\/Admisi\u00f3n-en-grados.jpg 969w, https:\/\/blogsaverroes.juntadeandalucia.es\/iesbellavista\/files\/2023\/05\/Admisi\u00f3n-en-grados-300x170.jpg 300w, https:\/\/blogsaverroes.juntadeandalucia.es\/iesbellavista\/files\/2023\/05\/Admisi\u00f3n-en-grados-768x436.jpg 768w\" sizes=\"(max-width: 566px) 100vw, 566px\" \/><\/a><\/p>\n<h4><span style=\"color: #000080\">Orientaci\u00f3n acad\u00e9mica al finalizar 4\u00ba ESO<\/span>&nbsp; <a href=\"https:\/\/blogsaverroes.juntadeandalucia.es\/iesbellavista\/files\/2023\/05\/ORIENTACI\u00d3N-ACAD\u00c9MICA-AL-FINALIZAR-4\u00ba-ESO.pdf\"><img loading=\"lazy\" decoding=\"async\" class=\"alignnone wp-image-122\" src=\"https:\/\/iesbellavista.files.wordpress.com\/2015\/03\/manitacursor11.png\" alt=\"manitacursor1\" width=\"21\" height=\"17\"><\/a><\/h4>\n<p><a href=\"https:\/\/blogsaverroes.juntadeandalucia.es\/iesbellavista\/files\/2023\/05\/ORIENTACI\u00d3N-ACAD\u00c9MICA-AL-FINALIZAR-4\u00ba-ESO.pdf\"><img loading=\"lazy\" decoding=\"async\" class=\"aligncenter wp-image-10793\" src=\"https:\/\/blogsaverroes.juntadeandalucia.es\/iesbellavista\/files\/2023\/05\/Orientaci\u00f3n-tras-4\u00ba.jpg\" alt=\"\" width=\"570\" height=\"426\" srcset=\"https:\/\/blogsaverroes.juntadeandalucia.es\/iesbellavista\/files\/2023\/05\/Orientaci\u00f3n-tras-4\u00ba.jpg 673w, https:\/\/blogsaverroes.juntadeandalucia.es\/iesbellavista\/files\/2023\/05\/Orientaci\u00f3n-tras-4\u00ba-300x224.jpg 300w\" sizes=\"(max-width: 570px) 100vw, 570px\" \/><\/a><\/p>\n<p>&nbsp;<\/p>\n<p>&nbsp;<\/p>\n<p><span style=\"color: #0000ff\">17\/05\/2023<\/span><\/p>\n<h4><span style=\"color: #000080\">Inscripci\u00f3n, desarrollo y revisi\u00f3n PEVAU 2023<\/span>&nbsp; <a href=\"https:\/\/blogsaverroes.juntadeandalucia.es\/iesbellavista\/files\/2023\/05\/INSCRIPCI\u00d3N-DESARROLLO-Y-REVISI\u00d3N-PEVAU-2023.pdf\"><img loading=\"lazy\" decoding=\"async\" class=\"alignnone wp-image-122\" src=\"https:\/\/iesbellavista.files.wordpress.com\/2015\/03\/manitacursor11.png\" alt=\"manitacursor1\" width=\"21\" height=\"17\"><\/a><\/h4>\n<p><a href=\"https:\/\/blogsaverroes.juntadeandalucia.es\/iesbellavista\/files\/2023\/05\/INSCRIPCI\u00d3N-DESARROLLO-Y-REVISI\u00d3N-PEVAU-2023.pdf\"><img loading=\"lazy\" decoding=\"async\" class=\"aligncenter wp-image-10786\" src=\"https:\/\/blogsaverroes.juntadeandalucia.es\/iesbellavista\/files\/2023\/05\/PEVAU23.jpg\" alt=\"\" width=\"481\" height=\"277\" srcset=\"https:\/\/blogsaverroes.juntadeandalucia.es\/iesbellavista\/files\/2023\/05\/PEVAU23.jpg 810w, https:\/\/blogsaverroes.juntadeandalucia.es\/iesbellavista\/files\/2023\/05\/PEVAU23-300x173.jpg 300w, https:\/\/blogsaverroes.juntadeandalucia.es\/iesbellavista\/files\/2023\/05\/PEVAU23-768x442.jpg 768w\" sizes=\"(max-width: 481px) 100vw, 481px\" \/><\/a><\/p>\n<p>&nbsp;<\/p>\n<p><span style=\"color: #0000ff\">06\/05\/2023<\/span><\/p>\n<h4><span style=\"color: #000080\">Ya puedes visitar el blog de nuestro Proyecto ALDEA B<\/span>&nbsp; <a href=\"https:\/\/sites.google.com\/iesbellavista.es\/blogaldeaiesbellavista\/inicio?read_current=1\"><img loading=\"lazy\" decoding=\"async\" class=\"alignnone wp-image-122\" src=\"https:\/\/iesbellavista.files.wordpress.com\/2015\/03\/manitacursor11.png\" alt=\"manitacursor1\" width=\"21\" height=\"17\"><\/a><\/h4>\n<p><a href=\"https:\/\/sites.google.com\/iesbellavista.es\/blogaldeaiesbellavista\/inicio?read_current=1\"><img loading=\"lazy\" decoding=\"async\" class=\"aligncenter wp-image-10778\" src=\"https:\/\/blogsaverroes.juntadeandalucia.es\/iesbellavista\/files\/2023\/05\/ALDEA-B.jpg\" alt=\"\" width=\"425\" height=\"159\" srcset=\"https:\/\/blogsaverroes.juntadeandalucia.es\/iesbellavista\/files\/2023\/05\/ALDEA-B.jpg 819w, https:\/\/blogsaverroes.juntadeandalucia.es\/iesbellavista\/files\/2023\/05\/ALDEA-B-300x112.jpg 300w, https:\/\/blogsaverroes.juntadeandalucia.es\/iesbellavista\/files\/2023\/05\/ALDEA-B-768x288.jpg 768w\" sizes=\"(max-width: 425px) 100vw, 425px\" \/><\/a><\/p>\n<p><span style=\"color: #0000ff\">06\/05\/2023<\/span><\/p>\n<h4><span style=\"color: #000080\">Pr\u00f3xima convocatoria de Becas para alumnos con Necesidades Espec\u00edficas de Apoyo Educativo<\/span> <a href=\"https:\/\/www.becaseducacion.gob.es\/becas-y-ayudas\/ayudas-apoyo-educativo\/tipos-de-becas.html\"><img loading=\"lazy\" decoding=\"async\" class=\"alignnone wp-image-122\" src=\"https:\/\/iesbellavista.files.wordpress.com\/2015\/03\/manitacursor11.png\" alt=\"manitacursor1\" width=\"21\" height=\"17\"><\/a><\/h4>\n<p><a href=\"https:\/\/www.becaseducacion.gob.es\/becas-y-ayudas\/ayudas-apoyo-educativo\/tipos-de-becas.html\"><img loading=\"lazy\" decoding=\"async\" class=\"aligncenter wp-image-10772\" src=\"https:\/\/blogsaverroes.juntadeandalucia.es\/iesbellavista\/files\/2023\/05\/BECAS-NEAE.jpg\" alt=\"\" width=\"652\" height=\"833\" srcset=\"https:\/\/blogsaverroes.juntadeandalucia.es\/iesbellavista\/files\/2023\/05\/BECAS-NEAE.jpg 1062w, https:\/\/blogsaverroes.juntadeandalucia.es\/iesbellavista\/files\/2023\/05\/BECAS-NEAE-235x300.jpg 235w, https:\/\/blogsaverroes.juntadeandalucia.es\/iesbellavista\/files\/2023\/05\/BECAS-NEAE-802x1024.jpg 802w, https:\/\/blogsaverroes.juntadeandalucia.es\/iesbellavista\/files\/2023\/05\/BECAS-NEAE-768x981.jpg 768w\" sizes=\"(max-width: 652px) 100vw, 652px\" \/><\/a><\/p>\n<p>&nbsp;<\/p>\n<p><span style=\"color: #0000ff\">12\/04\/2023<\/span><\/p>\n<h4 style=\"text-align: justify\"><span style=\"color: #000080\">Manual sobre obtenci\u00f3n y usos de la clave UVUS de la Universidad de Sevilla <a href=\"https:\/\/blogsaverroes.juntadeandalucia.es\/iesbellavista\/files\/2023\/04\/C\u00f3mo-obtener-la-clave-UVUS.pdf\"><img loading=\"lazy\" decoding=\"async\" class=\"alignnone wp-image-122\" src=\"https:\/\/iesbellavista.files.wordpress.com\/2015\/03\/manitacursor11.png\" alt=\"manitacursor1\" width=\"21\" height=\"17\"><\/a><\/span><\/h4>\n<p style=\"text-align: justify\">El archivo pdf contiene enlaces. Si al abrirlo con Drive los enlaces no funcionan prueba a descargar el archivo en tu m\u00f3vil o PC y \u00e1brelo con tu lector de archivos pdf.<\/p>\n<h4><a href=\"https:\/\/blogsaverroes.juntadeandalucia.es\/iesbellavista\/files\/2023\/04\/C\u00f3mo-obtener-la-clave-UVUS.pdf\"><img loading=\"lazy\" decoding=\"async\" class=\"wp-image-10759 aligncenter\" src=\"https:\/\/blogsaverroes.juntadeandalucia.es\/iesbellavista\/files\/2023\/04\/UVUS.jpg\" alt=\"\" width=\"361\" height=\"176\" srcset=\"https:\/\/blogsaverroes.juntadeandalucia.es\/iesbellavista\/files\/2023\/04\/UVUS.jpg 704w, https:\/\/blogsaverroes.juntadeandalucia.es\/iesbellavista\/files\/2023\/04\/UVUS-300x146.jpg 300w\" sizes=\"(max-width: 361px) 100vw, 361px\" \/><\/a><\/h4>\n<p><span style=\"color: #0000ff\">18\/03\/2023<\/span><\/p>\n<h4><span style=\"color: #000080\">Beca General para el curso 2023\/2024<\/span><\/h4>\n<p><a href=\"https:\/\/blogsaverroes.juntadeandalucia.es\/iesbellavista\/files\/2023\/03\/Cartel-Becas-scaled.jpg\"><img loading=\"lazy\" decoding=\"async\" class=\"wp-image-10748 alignleft\" src=\"https:\/\/blogsaverroes.juntadeandalucia.es\/iesbellavista\/files\/2023\/03\/Cartel-Becas-scaled.jpg\" alt=\"\" width=\"326\" height=\"461\" srcset=\"https:\/\/blogsaverroes.juntadeandalucia.es\/iesbellavista\/files\/2023\/03\/Cartel-Becas-scaled.jpg 1131w, https:\/\/blogsaverroes.juntadeandalucia.es\/iesbellavista\/files\/2023\/03\/Cartel-Becas-212x300.jpg 212w, https:\/\/blogsaverroes.juntadeandalucia.es\/iesbellavista\/files\/2023\/03\/Cartel-Becas-724x1024.jpg 724w, https:\/\/blogsaverroes.juntadeandalucia.es\/iesbellavista\/files\/2023\/03\/Cartel-Becas-768x1086.jpg 768w, https:\/\/blogsaverroes.juntadeandalucia.es\/iesbellavista\/files\/2023\/03\/Cartel-Becas-1086x1536.jpg 1086w, https:\/\/blogsaverroes.juntadeandalucia.es\/iesbellavista\/files\/2023\/03\/Cartel-Becas-1448x2048.jpg 1448w\" sizes=\"(max-width: 326px) 100vw, 326px\" \/><\/a><\/p>\n<p>&nbsp;<\/p>\n<p style=\"text-align: justify\">Est\u00e1n pr\u00f3ximas a convocarse las becas de car\u00e1cter general&nbsp; del Ministerio de Educaci\u00f3n <strong>para el curso 2023\/24<\/strong>. Est\u00e1n destinadas a alumnos de Bachillerato, Formaci\u00f3n Profesional de Grado Medio y Superior, Formaci\u00f3n Profesional B\u00e1sica y Cursos de Acceso a Ciclos Formativos de Grado Medio y Superior y estudios universitarios entre otros.<\/p>\n<p>Este a\u00f1o el <strong>plazo de presentaci\u00f3n se inicia el 27 de marzo y termina el 17 de mayo de 2023<\/strong>.<\/p>\n<p style=\"text-align: justify\">Es importante tener en cuenta que los estudiantes de 2\u00ba de bachillerato interesados <strong>deber\u00e1n solicitar la beca, incluso antes de haber concluido los estudios que har\u00e1n viable su presentaci\u00f3n a las pruebas de acceso a la universidad<\/strong>.<i><br \/>\n<\/i><\/p>\n<p>Portal Becas Junta de Andaluc\u00eda: <a href=\"https:\/\/www.juntadeandalucia.es\/educacion\/portals\/web\/becas-y-ayudas\/tu-beca-en-nueve-pasos-andalucia-\">Tu beca en 9 pasos<\/a><\/p>\n<p><a href=\"https:\/\/blogsaverroes.juntadeandalucia.es\/iesbellavista\/files\/2023\/03\/MENSAJE-solicitantes-sobre-CCC.pdf\">Mensaje sobre la Cuenta Corriente de ingreso de la beca<\/a> <span style=\"color: #000080\">&nbsp;<\/span><a href=\"https:\/\/blogsaverroes.juntadeandalucia.es\/iesbellavista\/files\/2023\/03\/MENSAJE-solicitantes-sobre-CCC.pdf\"><img loading=\"lazy\" decoding=\"async\" class=\"alignnone wp-image-122\" src=\"https:\/\/iesbellavista.files.wordpress.com\/2015\/03\/manitacursor11.png\" alt=\"manitacursor1\" width=\"21\" height=\"17\"><\/a><\/p>\n<p><a href=\"https:\/\/blogsaverroes.juntadeandalucia.es\/iesbellavista\/files\/2023\/03\/Tu-beca-en-nueve-pasos_ANDALUCIA-_WEB-1.pdf\">Documento Tu beca en 9 pasos curso 23\/24<\/a> <span style=\"color: #000080\">&nbsp;<\/span><a href=\"https:\/\/blogsaverroes.juntadeandalucia.es\/iesbellavista\/files\/2023\/03\/Tu-beca-en-nueve-pasos_ANDALUCIA-_WEB-1.pdf\"><img loading=\"lazy\" decoding=\"async\" class=\"alignnone wp-image-122\" src=\"https:\/\/iesbellavista.files.wordpress.com\/2015\/03\/manitacursor11.png\" alt=\"manitacursor1\" width=\"21\" height=\"17\"><\/a><\/p>\n<p>M\u00e1s informaci\u00f3n en <a href=\"https:\/\/blogsaverroes.juntadeandalucia.es\/iesbellavista\/secretaria\/becas-y-ayudas#ancla1\">Secretar\u00eda &gt; Becas y Ayudas<\/a><\/p>\n<p>&nbsp;<\/p>\n<p>&nbsp;<\/p>\n<p><span style=\"color: #0000ff\">15\/03\/2023<\/span><\/p>\n<h4><span style=\"color: #000080\">Convocadas 2.400 becas del programa de inmersi\u00f3n ling\u00fc\u00edstica en ingl\u00e9s en Espa\u00f1a<\/span>&nbsp;&nbsp;<span style=\"color: #000080\">&nbsp;<\/span><a href=\"https:\/\/www.sepe.es\/HomeSepe\/que-es-el-sepe\/comunicacion-institucional\/noticias\/detalle-noticia.html?folder=\/2023\/Febrero\/&amp;detail=Convocadas-2400-becas-del-programa-de-inmersion-linguistica-en-ingles-en-Espana#:~:text=Se%20convocan%202.400%20becas%20para,mes%20de%20julio%20de%202023.\"><img loading=\"lazy\" decoding=\"async\" class=\"alignnone wp-image-122\" src=\"https:\/\/iesbellavista.files.wordpress.com\/2015\/03\/manitacursor11.png\" alt=\"manitacursor1\" width=\"21\" height=\"17\"><\/a><\/h4>\n<p><img loading=\"lazy\" decoding=\"async\" class=\"alignnone\" src=\"https:\/\/stecyl.net\/wp-content\/uploads\/2018\/02\/Programa-Inmersion.jpg\" alt=\"Convocatoria de ayudas para programas de inmersi\u00f3n ling\u00fc\u00edstica en lengua inglesa en Espa\u00f1a. Curso 22-23 - STECyL-i\" width=\"416\" height=\"196\"><\/p>\n<p><a href=\"https:\/\/www.educacionyfp.gob.es\/servicios-al-ciudadano\/catalogo\/general\/99\/998697\/ficha\/998697-2023.html\">Toda la informaci\u00f3n<\/a><\/p>\n<p>Se convocan<strong>&nbsp;2.400 becas&nbsp;<\/strong>para la participaci\u00f3n en un programa intensivo de inmersi\u00f3n ling\u00fc\u00edstica en ingl\u00e9s en Espa\u00f1a en r\u00e9gimen de internado y pensi\u00f3n completa, de <strong>una semana de duraci\u00f3n, en el mes de julio de 2023<\/strong>.<\/p>\n<p>La selecci\u00f3n de candidatos se har\u00e1 ordenando a los solicitantes que cumplan los requisitos exigidos en funci\u00f3n de la nota obtenida en la asignatura de ingl\u00e9s.<\/p>\n<p>A dicha nota se le sumar\u00e1n 1,50 puntos cuando el solicitante sea de nueva adjudicaci\u00f3n.<\/p>\n<p>El <strong>plazo para la presentaci\u00f3n de solicitudes<\/strong> finalizar\u00e1 el d\u00eda&nbsp;<strong>3 de abril de 2023.<\/strong><\/p>\n<p>Entre los <strong>requisitos<\/strong>:<\/p>\n<ul>\n<li>Haber <strong>nacido entre el 1 de enero de 2003 y el 31 de diciembre de 2006.<\/strong><\/li>\n<li><strong>Estar matriculado en el curso 2022-2023<\/strong> en cualquier curso de alguno de los siguientes estudios: <strong>Bachillerato<\/strong>. Ense\u00f1anzas profesionales de m\u00fasica y danza. Grado medio de Formaci\u00f3n Profesional. Grado medio de artes pl\u00e1sticas y dise\u00f1o. Grado medio de ense\u00f1anzas deportivas. Ense\u00f1anzas de idiomas de nivel intermedio o avanzado.<\/li>\n<li>Haber obtenido <strong>en el curso 2022-2023 la condici\u00f3n de becario del Ministerio de Educaci\u00f3n y Formaci\u00f3n Profesional<\/strong> en alguno de los estudios rese\u00f1ados en el apartado anterior.<\/li>\n<li>Tener aprobadas todas las asignaturas del curso 2021-2022, a fecha de finalizaci\u00f3n del curso, con una <strong>nota final m\u00ednima de 9 puntos en la asignatura de ingl\u00e9s<\/strong>.<\/li>\n<\/ul>\n<p>&nbsp;<\/p>\n<p>&nbsp;<\/p>\n<p><span style=\"color: #0000ff\">24\/02\/2023<\/span><\/p>\n<h4><span style=\"color: #000080\">Proceso de Escolarizaci\u00f3n para el curso 2023\/2024<\/span><\/h4>\n<p><img loading=\"lazy\" decoding=\"async\" class=\"alignleft\" title=\"Escolarizaci\u00f3n\" src=\"https:\/\/www.juntadeandalucia.es\/educacion\/portals\/documents\/10197\/308222\/COVER_FACEBOOK_ADMISION.jpg\/4c68fba0-97cc-45e7-b58d-b7939e281d70?t=1519727537636\" alt=\"Escolarizaci\u00f3n\" width=\"538\" height=\"199\"><\/p>\n<p>Desde el <strong>1 al 31 de marzo<\/strong> es el plazo para presentar las solicitudes de admisi\u00f3n en los centros docentes p\u00fablicos y privados concertados para cursar las ense\u00f1anzas de segundo ciclo de educaci\u00f3n infantil, primaria, educaci\u00f3n especial, educaci\u00f3n secundaria obligatoria y bachillerato <strong>para el curso 2023\/24<\/strong>.<\/p>\n<p>No tendr\u00e1n que presentar dicha solicitud todo el alumnado de nuestros centros de Primaria adscritos (CEIP Lora Tamayo y CEIP San Fernando).<\/p>\n<p>Toda la informaci\u00f3n en <a href=\"https:\/\/blogsaverroes.juntadeandalucia.es\/iesbellavista\/secretaria\/escolarizacion\/\">Secretar\u00eda&gt; Escolarizaci\u00f3n<\/a><\/p>\n<p>&nbsp;<\/p>\n<p>&nbsp;<\/p>\n<p><span style=\"color: #0000ff\">01\/07\/2022<\/span><\/p>\n<h4><span style=\"color: #000080\">Matriculaci\u00f3n en ESO y Bachillerato a trav\u00e9s de la Secretar\u00eda virtual de los centros docentes andaluces del 1 al 11 de julio<\/span><\/h4>\n<p style=\"text-align: justify\">El plazo de matriculaci\u00f3n es el comprendido <strong>entre el 1 y el 11 de&nbsp; julio de 2022<\/strong> ambos inclusive. La forma m\u00e1s sencilla de hacerlo es accediendo al sobre de matr\u00edcula electr\u00f3nico a trav\u00e9s de la Secretar\u00eda Virtual de los Centros Docentes Andaluces, utilizando la <strong>fecha de nacimiento<\/strong> y la <strong>clave IANDE<\/strong>, la cual la puedes consultar en IPASEN anclada en la parte superior del apartado Mensajer\u00eda.<\/p>\n<p><a href=\"https:\/\/blogsaverroes.juntadeandalucia.es\/iesbellavista\/files\/2022\/07\/Captura3.jpg\"><img loading=\"lazy\" decoding=\"async\" class=\"size-full wp-image-10451 aligncenter\" src=\"https:\/\/blogsaverroes.juntadeandalucia.es\/iesbellavista\/files\/2022\/07\/Captura3.jpg\" alt=\"\" width=\"373\" height=\"677\" srcset=\"https:\/\/blogsaverroes.juntadeandalucia.es\/iesbellavista\/files\/2022\/07\/Captura3.jpg 373w, https:\/\/blogsaverroes.juntadeandalucia.es\/iesbellavista\/files\/2022\/07\/Captura3-165x300.jpg 165w\" sizes=\"(max-width: 373px) 100vw, 373px\" \/><\/a><\/p>\n<p>&nbsp;<\/p>\n<ul>\n<li><strong>Matriculaci\u00f3n en ESO<\/strong>&nbsp;<span style=\"color: #000080\">&nbsp;<\/span><a href=\"https:\/\/www.juntadeandalucia.es\/educacion\/secretariavirtual\/accesoTramite\/413\/\"><img loading=\"lazy\" decoding=\"async\" class=\"alignnone wp-image-122\" src=\"https:\/\/iesbellavista.files.wordpress.com\/2015\/03\/manitacursor11.png\" alt=\"manitacursor1\" width=\"21\" height=\"17\"><\/a><\/li>\n<li><strong>Matriculaci\u00f3n en Bachillerato<\/strong> <a href=\"https:\/\/www.juntadeandalucia.es\/educacion\/secretariavirtual\/accesoTramite\/486\/\"><img loading=\"lazy\" decoding=\"async\" class=\"alignnone wp-image-122\" src=\"https:\/\/iesbellavista.files.wordpress.com\/2015\/03\/manitacursor11.png\" alt=\"manitacursor1\" width=\"21\" height=\"17\"><\/a><\/li>\n<\/ul>\n<p>&nbsp;<\/p>\n<p><strong>Tutorial sobre matriculaci\u00f3n a trav\u00e9s de la Secretar\u00eda Virtual&nbsp;<\/strong><\/p>\n<p><iframe loading=\"lazy\" title=\"Sobre Electr\u00f3nico de Matr\u00edcula 2022 \ud83d\udce7 \ud83d\udce7\" width=\"500\" height=\"281\" src=\"https:\/\/www.youtube.com\/embed\/VCcL3E5x7lk?feature=oembed&#038;wmode=opaque\" frameborder=\"0\" allow=\"accelerometer; autoplay; clipboard-write; encrypted-media; gyroscope; picture-in-picture; web-share\" referrerpolicy=\"strict-origin-when-cross-origin\" allowfullscreen><\/iframe><\/p>\n<p>&nbsp;<\/p>\n<p style=\"text-align: justify\">Para formalizar la matr\u00edcula deber\u00e1 rellenar los tres apartados obligatorios (Matr\u00edcula, Cuestionario de Ejecuci\u00f3n del Fondo Social Europeo (FSE) y Autorizaciones). El apartado Servicio Complementario del Transporte Escolar s\u00f3lo se rellenar\u00e1 si tiene derecho a ello por encontrarse su domicilio dentro de la ruta de transporte escolar que tiene asignada el instituto.<\/p>\n<p style=\"text-align: justify\">En relaci\u00f3n con el <strong>Pago del Seguro Escolar<\/strong> , cuyo importe es de <strong>1,12 \u20ac<\/strong>, se recuerda que <strong>es obligatorio para todos los alumnos de 3\u00ba y 4\u00ba ESO, 1\u00ba y 2\u00ba Bachillerato y Curso de Acceso a Ciclos Formativos<\/strong>. \u00danicamente no tienen que pagar el seguro escolar el alumnado de 1\u00ba y 2\u00ba ESO.<\/p>\n<p style=\"text-align: justify\">Puede realizar el Pago del Seguro Escolar a trav\u00e9s de la Secretar\u00eda Virtual&nbsp;<span style=\"color: #000080\">&nbsp;<\/span><a href=\"https:\/\/www.juntadeandalucia.es\/educacion\/secretariavirtual\/seguroEscolar\/pagoSeguroEscolar\/\"><img loading=\"lazy\" decoding=\"async\" class=\"alignnone wp-image-122\" src=\"https:\/\/iesbellavista.files.wordpress.com\/2015\/03\/manitacursor11.png\" alt=\"manitacursor1\" width=\"21\" height=\"17\"><\/a>&nbsp; (el c\u00f3digo de nuestro centro es el 41008519) o bien en met\u00e1lico en la secretar\u00eda del instituto.<\/p>\n<p><a href=\"https:\/\/blogsaverroes.juntadeandalucia.es\/iesbellavista\/files\/2022\/07\/Captura.jpg\"><img loading=\"lazy\" decoding=\"async\" class=\"aligncenter size-full wp-image-10447\" src=\"https:\/\/blogsaverroes.juntadeandalucia.es\/iesbellavista\/files\/2022\/07\/Captura.jpg\" alt=\"\" width=\"883\" height=\"723\" srcset=\"https:\/\/blogsaverroes.juntadeandalucia.es\/iesbellavista\/files\/2022\/07\/Captura.jpg 883w, https:\/\/blogsaverroes.juntadeandalucia.es\/iesbellavista\/files\/2022\/07\/Captura-300x246.jpg 300w, https:\/\/blogsaverroes.juntadeandalucia.es\/iesbellavista\/files\/2022\/07\/Captura-768x629.jpg 768w\" sizes=\"(max-width: 883px) 100vw, 883px\" \/><\/a><\/p>\n<p>&nbsp;<\/p>\n<p><span style=\"color: #0000ff\">22\/06\/2022<\/span><\/p>\n<h4 style=\"text-align: justify\"><span style=\"color: #000080\">Tutorial sobre el proceso de admisi\u00f3n en Grados Universitarios<\/span><span style=\"color: #000080\">&nbsp;<\/span><a href=\"https:\/\/blogsaverroes.juntadeandalucia.es\/iesbellavista\/files\/2022\/06\/ADMISI\u00d3N-A-GRADOS-UNIVERSITARIOS.pdf\"><img loading=\"lazy\" decoding=\"async\" class=\"alignnone wp-image-122\" src=\"https:\/\/iesbellavista.files.wordpress.com\/2015\/03\/manitacursor11.png\" alt=\"manitacursor1\" width=\"21\" height=\"17\"><\/a><\/h4>\n<p><a href=\"https:\/\/blogsaverroes.juntadeandalucia.es\/iesbellavista\/files\/2022\/06\/ADMISI\u00d3N-A-GRADOS-UNIVERSITARIOS.pdf\"><img loading=\"lazy\" decoding=\"async\" class=\"aligncenter wp-image-10443\" src=\"https:\/\/blogsaverroes.juntadeandalucia.es\/iesbellavista\/files\/2022\/06\/Captura.jpg\" alt=\"\" width=\"593\" height=\"445\" srcset=\"https:\/\/blogsaverroes.juntadeandalucia.es\/iesbellavista\/files\/2022\/06\/Captura.jpg 916w, https:\/\/blogsaverroes.juntadeandalucia.es\/iesbellavista\/files\/2022\/06\/Captura-300x225.jpg 300w, https:\/\/blogsaverroes.juntadeandalucia.es\/iesbellavista\/files\/2022\/06\/Captura-768x576.jpg 768w\" sizes=\"(max-width: 593px) 100vw, 593px\" \/><\/a><\/p>\n<p><span style=\"color: #0000ff\">17\/05\/2022<\/span><\/p>\n<h4><span style=\"color: #000080\">Informaci\u00f3n sobre protecci\u00f3n solar en ni\u00f1os y contra los efectos del polen<\/span><\/h4>\n<p><a href=\"https:\/\/blogsaverroes.juntadeandalucia.es\/iesbellavista\/files\/2022\/05\/Protecci\u00f3n-solar.jpg\"><img loading=\"lazy\" decoding=\"async\" class=\"aligncenter size-full wp-image-10420\" src=\"https:\/\/blogsaverroes.juntadeandalucia.es\/iesbellavista\/files\/2022\/05\/Protecci\u00f3n-solar.jpg\" alt=\"\" width=\"792\" height=\"231\" srcset=\"https:\/\/blogsaverroes.juntadeandalucia.es\/iesbellavista\/files\/2022\/05\/Protecci\u00f3n-solar.jpg 792w, https:\/\/blogsaverroes.juntadeandalucia.es\/iesbellavista\/files\/2022\/05\/Protecci\u00f3n-solar-300x88.jpg 300w, https:\/\/blogsaverroes.juntadeandalucia.es\/iesbellavista\/files\/2022\/05\/Protecci\u00f3n-solar-768x224.jpg 768w\" sizes=\"(max-width: 792px) 100vw, 792px\" \/><\/a><\/p>\n<p style=\"text-align: justify\">Nuestro enfermero de referencia nos remite esta interesante informaci\u00f3n sobre c\u00f3mo protegernos de las quemaduras del sol y los efectos del polen que solemos sufrir en estas fechas si no nos protegemos.<\/p>\n<ul>\n<li><a href=\"https:\/\/blogsaverroes.juntadeandalucia.es\/iesbellavista\/files\/2022\/05\/Tipos-de-piel.pdf\">Tipos de piel<\/a><\/li>\n<li><a href=\"https:\/\/blogsaverroes.juntadeandalucia.es\/iesbellavista\/files\/2022\/05\/Proteccion-solar-en-la-infancia-cartel.pdf\">Protecci\u00f3n solar cartel<\/a><\/li>\n<li><a href=\"https:\/\/blogsaverroes.juntadeandalucia.es\/iesbellavista\/files\/2022\/05\/Proteccion-solar-en-la-infancia-triptico.pdf\">Protecci\u00f3n solar tr\u00edptico<\/a><\/li>\n<li><a href=\"https:\/\/blogsaverroes.juntadeandalucia.es\/iesbellavista\/files\/2022\/05\/C\u00f3mo-evitar-los-efectos-del-polen.pdf\">Como evitar los efectos del polen<\/a><\/li>\n<\/ul>\n<p>&nbsp;<\/p>\n<p>&nbsp;<\/p>\n<p><span style=\"color: #0000ff\">02\/02\/2021<\/span><\/p>\n<h4><span style=\"color: #000080\">Nuestro IES tiene Enfermero Referente Escolar <\/span><\/h4>\n<div style=\"width: 1210px;\" class=\"wp-video\"><!--[if lt IE 9]><script>document.createElement('video');<\/script><![endif]-->\n<video class=\"wp-video-shortcode\" id=\"video-1113-1\" width=\"1210\" height=\"1712\" preload=\"metadata\" controls=\"controls\"><source type=\"video\/mp4\" src=\"https:\/\/blogsaverroes.juntadeandalucia.es\/iesbellavista\/files\/2022\/03\/NUESTRO-I.E.S.-DISPONE-DE-ENFERMERO-REFERENTE-ESCOLAR-Junta-de-Andaluc\u00eda.mp4?_=1\" \/><a href=\"https:\/\/blogsaverroes.juntadeandalucia.es\/iesbellavista\/files\/2022\/03\/NUESTRO-I.E.S.-DISPONE-DE-ENFERMERO-REFERENTE-ESCOLAR-Junta-de-Andaluc\u00eda.mp4\">https:\/\/blogsaverroes.juntadeandalucia.es\/iesbellavista\/files\/2022\/03\/NUESTRO-I.E.S.-DISPONE-DE-ENFERMERO-REFERENTE-ESCOLAR-Junta-de-Andaluc\u00eda.mp4<\/a><\/video><\/div>\n<p>&nbsp;<\/p>\n<p>&nbsp;<\/p>\n<p>&nbsp;<\/p>\n<p><span style=\"color: #0000ff\">16\/06\/2021<\/span><\/p>\n<h4><span style=\"color: #000080\"><b><a href=\"https:\/\/blogsaverroes.juntadeandalucia.es\/iesbellavista\/files\/2021\/06\/FPB\u00e1sica-Folleto2021.pdf\"><img loading=\"lazy\" decoding=\"async\" class=\"alignnone wp-image-122\" src=\"https:\/\/iesbellavista.files.wordpress.com\/2015\/03\/manitacursor11.png\" alt=\"manitacursor1\" width=\"21\" height=\"17\"><\/a> &nbsp;Documentos con enlaces de inter\u00e9s sobre la Formaci\u00f3n Profesional B\u00e1sica<br \/>\n<\/b><\/span><\/h4>\n<p><a href=\"https:\/\/blogsaverroes.juntadeandalucia.es\/iesbellavista\/files\/2021\/06\/FPB\u00e1sica-Folleto2021.pdf\"><img loading=\"lazy\" decoding=\"async\" class=\"n3VNCb aligncenter\" src=\"https:\/\/www.ieshuertaalta.es\/wp-content\/uploads\/2020\/06\/Captura-de-pantalla-2020-06-12-a-las-11.03.29-1024x621.png\" alt=\"Formaci\u00f3n Profesional B\u00e1sica (FPB) \u2013 IES Huerta Alta\" width=\"589\" height=\"357\" data-noaft=\"1\"><\/a><\/p>\n<p>&nbsp;<\/p>\n<p><span style=\"color: #0000ff\">08\/06\/2021<\/span><\/p>\n<h4><b><span style=\"color: #000080\">Proceso de inscripci\u00f3n, (elecci\u00f3n de grados universitarios) y automatr\u00edcula a la universidad<\/span><br \/>\n<\/b><\/h4>\n<p><a href=\"https:\/\/blogsaverroes.juntadeandalucia.es\/iesbellavista\/files\/2021\/06\/INSCRIPCI\u00d3N-Y-MATR\u00cdCULA-EN-LA-UNIVERSIDAD-IES-BELLAVISTA.pdf\"><img loading=\"lazy\" decoding=\"async\" class=\"alignnone wp-image-122\" src=\"https:\/\/iesbellavista.files.wordpress.com\/2015\/03\/manitacursor11.png\" alt=\"manitacursor1\" width=\"21\" height=\"17\"><\/a> Accede al documento con toda la informaci\u00f3n<\/p>\n<p><span style=\"color: #0000ff\">20\/05\/2021<\/span><\/p>\n<h4><span style=\"color: #000080\">Proceso de automatr\u00edcula de la PVAU<\/span><\/h4>\n<p><a href=\"https:\/\/blogsaverroes.juntadeandalucia.es\/iesbellavista\/files\/2021\/05\/AUTOMATRICULA-PEVAU-2021-IES-BELLAVISTA-ALUMNADO.pdf\"><img loading=\"lazy\" decoding=\"async\" class=\"alignnone wp-image-122\" src=\"https:\/\/iesbellavista.files.wordpress.com\/2015\/03\/manitacursor11.png\" alt=\"manitacursor1\" width=\"21\" height=\"17\"><\/a> Proceso de automatr\u00edcula PVAU Universidad de Sevilla 2021<\/p>\n<p><a href=\"https:\/\/view.genial.ly\/60a3d1c9cb96bf0db526d5d0\/presentation-automatricula-pevau-2021\"><img loading=\"lazy\" decoding=\"async\" class=\"alignnone wp-image-122\" src=\"https:\/\/iesbellavista.files.wordpress.com\/2015\/03\/manitacursor11.png\" alt=\"manitacursor1\" width=\"21\" height=\"17\"><\/a> Proceso de automatr\u00edcula PVAU presentaci\u00f3n<\/p>\n<p>&nbsp;<\/p>\n<p><span style=\"color: #0000ff\">11\/05\/2021<\/span><\/p>\n<h4 style=\"text-align: justify\"><span style=\"color: #000080\">\u00bfTe vas a presentar a las Pruebas de Acceso a la Universidad?<\/span><\/h4>\n<p><a href=\"https:\/\/blogsaverroes.juntadeandalucia.es\/iesbellavista\/files\/2021\/05\/universidad-sevilla.gif\"><img loading=\"lazy\" decoding=\"async\" class=\" wp-image-10210 alignleft\" src=\"https:\/\/blogsaverroes.juntadeandalucia.es\/iesbellavista\/files\/2021\/05\/universidad-sevilla.gif\" alt=\"\" width=\"163\" height=\"147\"><\/a><\/p>\n<p style=\"padding-left: 40px\"><a href=\"https:\/\/blogsaverroes.juntadeandalucia.es\/iesbellavista\/files\/2021\/05\/Folleto-UVUS-2021-matricula-pevau.pdf\"><img loading=\"lazy\" decoding=\"async\" class=\"alignnone wp-image-122\" src=\"https:\/\/iesbellavista.files.wordpress.com\/2015\/03\/manitacursor11.png\" alt=\"manitacursor1\" width=\"21\" height=\"17\"><\/a> Qu\u00e9 es el UVUS y c\u00f3mo obtenerlo<\/p>\n<p style=\"padding-left: 40px\"><a href=\"https:\/\/blogsaverroes.juntadeandalucia.es\/iesbellavista\/files\/2021\/05\/PROCEDIMIENTO-UVUS-PEVAU-2021-DEFINITIVO.pdf\"><img loading=\"lazy\" decoding=\"async\" class=\"alignnone wp-image-122\" src=\"https:\/\/iesbellavista.files.wordpress.com\/2015\/03\/manitacursor11.png\" alt=\"manitacursor1\" width=\"21\" height=\"17\"><\/a> Procedimiento para obtener tu UVUS<\/p>\n<p>&nbsp;<\/p>\n<p>&nbsp;<\/p>\n<p>&nbsp;<\/p>\n<p><span style=\"color: #0000ff\">12\/04\/2021<\/span><\/p>\n<h4 style=\"text-align: justify\"><span style=\"color: #000080\">Pruebas de Acceso a Ciclos Formativos de Grado Medio y Superior<\/span><\/h4>\n<p style=\"text-align: justify\"><a href=\"https:\/\/blogsaverroes.juntadeandalucia.es\/iesbellavista\/files\/2021\/04\/Pruebas.png\"><img loading=\"lazy\" decoding=\"async\" class=\"size-full wp-image-10202 alignleft\" src=\"https:\/\/blogsaverroes.juntadeandalucia.es\/iesbellavista\/files\/2021\/04\/Pruebas.png\" alt=\"\" width=\"305\" height=\"165\" srcset=\"https:\/\/blogsaverroes.juntadeandalucia.es\/iesbellavista\/files\/2021\/04\/Pruebas.png 305w, https:\/\/blogsaverroes.juntadeandalucia.es\/iesbellavista\/files\/2021\/04\/Pruebas-300x162.png 300w\" sizes=\"(max-width: 305px) 100vw, 305px\" \/><\/a>Se encuentra abierto el plazo para inscribirse en las Pruebas de Acceso a los Ciclos Formativos de Grado Medio y de Grado Superior.<\/p>\n<p style=\"text-align: justify\">El plazo de inscripci\u00f3n es <strong>desde el 5 al 16 de abril<\/strong>. En <span style=\"text-decoration: underline\"><a href=\"https:\/\/blogsaverroes.juntadeandalucia.es\/iesbellavista\/files\/2021\/04\/PRUEBAS-DE-ACCESO-A-CICLOS-FORMATIVOS.pdf\"><strong>este documento<\/strong><\/a><\/span> encontrar\u00e1s&nbsp; enlaces a los requisitos, inscripci\u00f3n, calendario de las pruebas, pruebas de otros a\u00f1os, etc.<\/p>\n<p>&nbsp;<\/p>\n<p>&nbsp;<\/p>\n<p>&nbsp;<\/p>\n<p><span style=\"color: #0000ff\">01\/07\/2020<\/span><\/p>\n<h4 style=\"text-align: justify\"><span style=\"color: #000080\">Acceso a la Secretar\u00eda Virtual de los Centros docentes andaluces para realizar la matr\u00edcula online<\/span><\/h4>\n<ul>\n<li>\n<h4><a href=\"https:\/\/www.juntadeandalucia.es\/educacion\/secretariavirtual\/accesoTramite\/413\/\">Sobre de Secundaria<\/a>&nbsp; <a href=\"https:\/\/www.juntadeandalucia.es\/educacion\/secretariavirtual\/accesoTramite\/413\/\"><img loading=\"lazy\" decoding=\"async\" class=\"alignnone wp-image-122\" src=\"https:\/\/iesbellavista.files.wordpress.com\/2015\/03\/manitacursor11.png\" alt=\"manitacursor1\" width=\"21\" height=\"17\"><\/a><\/h4>\n<\/li>\n<li>\n<h4><a href=\"https:\/\/www.juntadeandalucia.es\/educacion\/secretariavirtual\/accesoTramite\/486\/\">Sobre de Bachillerato<\/a>&nbsp; <a href=\"https:\/\/www.juntadeandalucia.es\/educacion\/secretariavirtual\/accesoTramite\/486\/\"><img loading=\"lazy\" decoding=\"async\" class=\"alignnone wp-image-122\" src=\"https:\/\/iesbellavista.files.wordpress.com\/2015\/03\/manitacursor11.png\" alt=\"manitacursor1\" width=\"21\" height=\"17\"><\/a><\/h4>\n<\/li>\n<\/ul>\n<p>&nbsp;<\/p>\n<p><span style=\"color: #0000ff\">30\/06\/2020<\/span><\/p>\n<h4><span style=\"color: #000080\">Pago del Seguro Escolar con tarjeta a trav\u00e9s de la Secretar\u00eda Virtual. El c\u00f3digo de nuestro centro es 40008519<\/span><\/h4>\n<p>[youtube https:\/\/youtu.be\/f2SpHCc3m6I]<\/p>\n<p>&nbsp;<\/p>\n<p><span style=\"color: #0000ff\">22\/06\/2020<\/span><\/p>\n<h4><span style=\"color: #000080\">Obtenci\u00f3n de la clave iANDE<\/span> <a href=\"https:\/\/www.juntadeandalucia.es\/educacion\/secretariavirtual\/autenticacion\/registroUsuarioIANDE\/\"><img loading=\"lazy\" decoding=\"async\" class=\"alignnone wp-image-122\" src=\"https:\/\/iesbellavista.files.wordpress.com\/2015\/03\/manitacursor11.png\" alt=\"manitacursor1\" width=\"21\" height=\"17\"><\/a><\/h4>\n<p>Videotutorial<\/p>\n<p>[youtube https:\/\/youtu.be\/p8bqMdBsLd4]<\/p>\n<p>&nbsp;<\/p>\n<p><span style=\"color: #0000ff\">17\/06\/2020<\/span><\/p>\n<h4 style=\"text-align: justify\"><span style=\"color: #000080\">Punto de Recogida de documentos de evaluaci\u00f3n por Pasen e iPasen<\/span><\/h4>\n<p style=\"text-align: justify\">Los tutores legales del alumnado podr\u00e1n acceder y descargar los documentos de evaluaci\u00f3n (boletines de notas, Consejo Orientador e Informes de evaluaci\u00f3n) en el <strong>Punto de Recogida<\/strong> electr\u00f3nico que se ha habilitado para ello y al que se accede desde Pasen e iPasen. El Punto de Recogida se habilitar\u00e1 una vez realizadas las evaluaciones correspondientes a cada curso. <a href=\"https:\/\/blogsaverroes.juntadeandalucia.es\/iesbellavista\/files\/2020\/06\/Punto_de_recogida_documentos_evaluacion_padres.pdf\">Instrucciones<\/a> <a href=\"https:\/\/blogsaverroes.juntadeandalucia.es\/iesbellavista\/files\/2020\/06\/Punto_de_recogida_documentos_evaluacion_padres.pdf\"><img loading=\"lazy\" decoding=\"async\" class=\"alignnone wp-image-122\" src=\"https:\/\/iesbellavista.files.wordpress.com\/2015\/03\/manitacursor11.png\" alt=\"manitacursor1\" width=\"21\" height=\"17\"><\/a><\/p>\n<p>V\u00eddeo explicativo sobre c\u00f3mo descargar documentaci\u00f3n del punto de recogida<\/p>\n<p>[youtube https:\/\/youtu.be\/4gSREGKTg7U]<\/p>\n<p>&nbsp;<\/p>\n<p style=\"text-align: justify\"><span style=\"color: #0000ff\">03\/04\/2020<\/span><\/p>\n<h3 style=\"text-align: justify\"><span style=\"color: #000080\">C\u00f3mo obtener la credencial para entrar en Pasen e iPasen<\/span> <a href=\"https:\/\/blogsaverroes.juntadeandalucia.es\/iesbellavista\/credenciales-acceso-a-ipasen\/\"><img loading=\"lazy\" decoding=\"async\" class=\"alignnone wp-image-122\" src=\"https:\/\/iesbellavista.files.wordpress.com\/2015\/03\/manitacursor11.png\" alt=\"0manitacursor1\" width=\"22\" height=\"18\"><\/a><\/h3>\n<h3>&nbsp;<\/h3>\n<h3 style=\"text-align: justify\"><span style=\"color: #000080\">Tutorial sobre c\u00f3mo consultar las notas por iPasen<\/span><\/h3>\n<p>[youtube https:\/\/youtu.be\/KHzzuL2mjjg]<\/p>\n<p>&nbsp;<\/p>\n<h3 style=\"text-align: justify\"><span style=\"color: #000080\">Tutorial sobre c\u00f3mo consultar las observaciones compartidas por el profesorado con las familias por iPasen<\/span><\/h3>\n<p>[youtube https:\/\/youtu.be\/QKIp9aMRnIs]<\/p>\n<p>&nbsp;<\/p>\n<p><span style=\"color: #0000ff\">26\/03\/2020<\/span><\/p>\n<div class=\"_2zOpJb7ZbCN0X1DoeFyiYw JWNdg1hee9_Rz6bIGvG1c allowTextSelection\">\n<div>\n<div class=\"rps_d0c6\">\n<div>\n<h3 style=\"text-align: justify\"><span style=\"color: #000080\">V\u00eddeos explicativos para la presentaci\u00f3n de solicitudes del Procedimiento de Admisi\u00f3n de forma telem\u00e1tica sin y con Certificado Digital<\/span><\/h3>\n<\/div>\n<\/div>\n<\/div>\n<\/div>\n<h4 style=\"text-align: justify\"><strong>Sin disponer de certificado digital<\/strong><\/h4>\n<p>[youtube https:\/\/youtu.be\/0jzsoje-GyQ]<\/p>\n<p>&nbsp;<\/p>\n<h4><strong>Disponiendo de certificado digital<br \/>\n<\/strong><\/h4>\n<p>[youtube https:\/\/www.youtube.com\/watch?v=ksm-g4kbVnQ]<\/p>\n<p>&nbsp;<\/p>\n<p><span style=\"color: #0000ff\">24\/03\/2020<\/span><\/p>\n<h3><span style=\"color: #000080\">Aprendo en Casa del Ministerio de educaci\u00f3n<\/span>&nbsp; <a href=\"https:\/\/aprendoencasa.educacion.es\/familias\/\"><img loading=\"lazy\" decoding=\"async\" class=\"alignnone wp-image-122\" src=\"https:\/\/iesbellavista.files.wordpress.com\/2015\/03\/manitacursor11.png\" alt=\"0manitacursor1\" width=\"22\" height=\"18\"><\/a><\/h3>\n<p style=\"text-align: justify\"><a href=\"https:\/\/aprendoencasa.educacion.es\/familias\/\"><img loading=\"lazy\" decoding=\"async\" class=\"wp-image-9816 alignleft\" src=\"https:\/\/blogsaverroes.juntadeandalucia.es\/iesbellavista\/files\/2020\/03\/ETlW9MmXYAM9G9e.jpg\" alt=\"\" width=\"338\" height=\"286\" srcset=\"https:\/\/blogsaverroes.juntadeandalucia.es\/iesbellavista\/files\/2020\/03\/ETlW9MmXYAM9G9e.jpg 1200w, https:\/\/blogsaverroes.juntadeandalucia.es\/iesbellavista\/files\/2020\/03\/ETlW9MmXYAM9G9e-300x254.jpg 300w, https:\/\/blogsaverroes.juntadeandalucia.es\/iesbellavista\/files\/2020\/03\/ETlW9MmXYAM9G9e-768x650.jpg 768w, https:\/\/blogsaverroes.juntadeandalucia.es\/iesbellavista\/files\/2020\/03\/ETlW9MmXYAM9G9e-1024x866.jpg 1024w, https:\/\/blogsaverroes.juntadeandalucia.es\/iesbellavista\/files\/2020\/03\/ETlW9MmXYAM9G9e-24x20.jpg 24w, https:\/\/blogsaverroes.juntadeandalucia.es\/iesbellavista\/files\/2020\/03\/ETlW9MmXYAM9G9e-36x30.jpg 36w, https:\/\/blogsaverroes.juntadeandalucia.es\/iesbellavista\/files\/2020\/03\/ETlW9MmXYAM9G9e-48x41.jpg 48w\" sizes=\"(max-width: 338px) 100vw, 338px\" \/><\/a>Materiales y recursos educativos online del Ministerio de Educaci\u00f3n, para todas las edades y etapas educativas.<\/p>\n<p>&nbsp;<\/p>\n<p>&nbsp;<\/p>\n<p>&nbsp;<\/p>\n<p>&nbsp;<\/p>\n<p>&nbsp;<\/p>\n<p>&nbsp;<\/p>\n<p>&nbsp;<\/p>\n<h3 style=\"text-align: justify\">&nbsp;<a href=\"https:\/\/view.genial.ly\/5e2ea8fa35ef460490c50afd\/presentation-ipasen\"><img loading=\"lazy\" decoding=\"async\" class=\"alignnone wp-image-122\" src=\"https:\/\/iesbellavista.files.wordpress.com\/2015\/03\/manitacursor11.png\" alt=\"0manitacursor1\" width=\"22\" height=\"18\"><\/a>&nbsp; <span style=\"color: #000080\">\u00a1Atenci\u00f3n familias ! Excelente presentaci\u00f3n sobre la utilizaci\u00f3n de iPasen<\/span><\/h3>\n<p><a href=\"https:\/\/view.genial.ly\/5e2ea8fa35ef460490c50afd\/presentation-ipasen\"><img loading=\"lazy\" decoding=\"async\" class=\"aligncenter wp-image-9780\" src=\"https:\/\/blogsaverroes.juntadeandalucia.es\/iesbellavista\/files\/2020\/02\/iPasen.jpg\" alt=\"\" width=\"312\" height=\"148\" srcset=\"https:\/\/blogsaverroes.juntadeandalucia.es\/iesbellavista\/files\/2020\/02\/iPasen.jpg 1247w, https:\/\/blogsaverroes.juntadeandalucia.es\/iesbellavista\/files\/2020\/02\/iPasen-300x142.jpg 300w, https:\/\/blogsaverroes.juntadeandalucia.es\/iesbellavista\/files\/2020\/02\/iPasen-768x365.jpg 768w, https:\/\/blogsaverroes.juntadeandalucia.es\/iesbellavista\/files\/2020\/02\/iPasen-1024x486.jpg 1024w, https:\/\/blogsaverroes.juntadeandalucia.es\/iesbellavista\/files\/2020\/02\/iPasen-520x245.jpg 520w, https:\/\/blogsaverroes.juntadeandalucia.es\/iesbellavista\/files\/2020\/02\/iPasen-720x340.jpg 720w, https:\/\/blogsaverroes.juntadeandalucia.es\/iesbellavista\/files\/2020\/02\/iPasen-24x11.jpg 24w, https:\/\/blogsaverroes.juntadeandalucia.es\/iesbellavista\/files\/2020\/02\/iPasen-36x17.jpg 36w, https:\/\/blogsaverroes.juntadeandalucia.es\/iesbellavista\/files\/2020\/02\/iPasen-48x23.jpg 48w\" sizes=\"(max-width: 312px) 100vw, 312px\" \/><\/a><\/p>\n<p>&nbsp;<\/p>\n<p><span style=\"color: #0000ff\">06\/03\/2019<\/span><\/p>\n<h3><span style=\"color: #000080\">Conoce la aplicaci\u00f3n PASEN<\/span><\/h3>\n<p style=\"text-align: justify\">A trav\u00e9s de la plataforma PASEN podr\u00e1s consultar mediante tu m\u00f3vil, las calificaciones de tus hijos, sus faltas de asistencia, comunicados del centro, etc.<\/p>\n<p>&nbsp;<\/p>\n<p><iframe loading=\"lazy\" title=\"Aplicaci\u00f3n iPasen para el seguimiento del alumnado\" width=\"500\" height=\"281\" src=\"https:\/\/www.youtube.com\/embed\/Lt02ZPIbSoI?feature=oembed&#038;wmode=opaque\" frameborder=\"0\" allow=\"accelerometer; autoplay; clipboard-write; encrypted-media; gyroscope; picture-in-picture; web-share\" referrerpolicy=\"strict-origin-when-cross-origin\" allowfullscreen><\/iframe><\/p>\n<div class=\"inner_cuerpo\">&nbsp;<\/div>\n","protected":false},"excerpt":{"rendered":"<p>11\/09\/2025 Listado de libros de bachillerato para el curso 2025\/2026 Se recuerda el listado de libros de texto de Bachillerato. Se ha a\u00f1adido alguno que no estaba en julio. Pincha aqu\u00ed &nbsp; 08\/09\/2025 Horario&#46;&#46;&#46;<\/p>\n","protected":false},"author":1,"featured_media":0,"parent":0,"menu_order":0,"comment_status":"open","ping_status":"open","template":"","meta":{"ngg_post_thumbnail":0,"footnotes":"","_mc_calendar":[]},"aioseo_notices":[],"_links":{"self":[{"href":"https:\/\/blogsaverroes.juntadeandalucia.es\/iesbellavista\/wp-json\/wp\/v2\/pages\/1113"}],"collection":[{"href":"https:\/\/blogsaverroes.juntadeandalucia.es\/iesbellavista\/wp-json\/wp\/v2\/pages"}],"about":[{"href":"https:\/\/blogsaverroes.juntadeandalucia.es\/iesbellavista\/wp-json\/wp\/v2\/types\/page"}],"author":[{"embeddable":true,"href":"https:\/\/blogsaverroes.juntadeandalucia.es\/iesbellavista\/wp-json\/wp\/v2\/users\/1"}],"replies":[{"embeddable":true,"href":"https:\/\/blogsaverroes.juntadeandalucia.es\/iesbellavista\/wp-json\/wp\/v2\/comments?post=1113"}],"version-history":[{"count":764,"href":"https:\/\/blogsaverroes.juntadeandalucia.es\/iesbellavista\/wp-json\/wp\/v2\/pages\/1113\/revisions"}],"predecessor-version":[{"id":11020,"href":"https:\/\/blogsaverroes.juntadeandalucia.es\/iesbellavista\/wp-json\/wp\/v2\/pages\/1113\/revisions\/11020"}],"wp:attachment":[{"href":"https:\/\/blogsaverroes.juntadeandalucia.es\/iesbellavista\/wp-json\/wp\/v2\/media?parent=1113"}],"curies":[{"name":"wp","href":"https:\/\/api.w.org\/{rel}","templated":true}]}}