{"id":2358,"date":"2015-11-07T14:51:20","date_gmt":"2015-11-07T14:51:20","guid":{"rendered":"http:\/\/blogsaverroes.juntadeandalucia.es\/iesbellavista\/?page_id=2358"},"modified":"2021-09-19T21:51:58","modified_gmt":"2021-09-19T19:51:58","slug":"2o-eso-tecnologia","status":"publish","type":"page","link":"https:\/\/blogsaverroes.juntadeandalucia.es\/iesbellavista\/tecnologia\/2o-eso-tecnologia\/","title":{"rendered":"2\u00ba ESO TECNOLOG\u00cdA"},"content":{"rendered":"<h4><strong><span style=\"color: #0909ad\">TEMA: EL PROCESO TECNOL\u00d3GICO<br \/>\n<\/span><\/strong><\/h4>\n<p><span style=\"color: #008000\">Presentaciones pasadas a pdf<\/span><\/p>\n<ul>\n<li><a href=\"https:\/\/iesbellavista.files.wordpress.com\/2015\/03\/el-proceso-tecnolc3b3gico.pdf\"><img loading=\"lazy\" decoding=\"async\" class=\"alignnone size-full wp-image-122\" src=\"https:\/\/iesbellavista.files.wordpress.com\/2015\/03\/manitacursor11.png\" alt=\"0manitacursor1\" width=\"17\" height=\"14\"><\/a> El proceso tecnol\u00f3gico. Presentaci\u00f3n PP impresa en pdf<\/li>\n<li><a href=\"https:\/\/iesbellavista.files.wordpress.com\/2015\/03\/la-documentacic3b3n-de-un-proyecto.pdf\"><img loading=\"lazy\" decoding=\"async\" class=\"alignnone size-full wp-image-122\" src=\"https:\/\/iesbellavista.files.wordpress.com\/2015\/03\/manitacursor11.png\" alt=\"0manitacursor1\" width=\"17\" height=\"14\"><\/a> La documentaci\u00f3n de un proyecto. Presentaci\u00f3n PP impresa en pdf<\/li>\n<li><a href=\"https:\/\/blogsaverroes.juntadeandalucia.es\/iesbellavista\/files\/2019\/10\/PROYECTO-LAPICERO.pdf\"><img loading=\"lazy\" decoding=\"async\" class=\"alignnone wp-image-122\" src=\"https:\/\/iesbellavista.files.wordpress.com\/2015\/03\/manitacursor11.png\" alt=\"0manitacursor1\" width=\"17\" height=\"14\"><\/a> Ejemplo de proyecto t\u00e9cnico de un lapicero de sobremesa<\/li>\n<\/ul>\n<p><span style=\"color: #008000\">Apuntes y actividades<\/span><\/p>\n<ul>\n<li><a href=\"https:\/\/blogsaverroes.juntadeandalucia.es\/iesbellavista\/files\/2018\/09\/Actividades-Proceso-Tecnol\u00f3gico.pdf\"><img loading=\"lazy\" decoding=\"async\" class=\"alignnone wp-image-122 size-full\" src=\"https:\/\/iesbellavista.files.wordpress.com\/2015\/03\/manitacursor11.png\" alt=\"0manitacursor1\" width=\"17\" height=\"14\"><\/a> El proceso tecnol\u00f3gico. Actividades<\/li>\n<\/ul>\n<h4>&nbsp;<\/h4>\n<h4><strong><span style=\"color: #0909ad\">TEMA: LA REPRESENTACI\u00d3N GR\u00c1FICA<\/span><\/strong><\/h4>\n<p><span style=\"color: #008000\">Presentaciones pasadas a pdf<\/span><\/p>\n<ul>\n<li><a href=\"https:\/\/iesbellavista.files.wordpress.com\/2015\/03\/rep-grafica-mano-alzada-delineado-acotacion-escala.pdf\"><img loading=\"lazy\" decoding=\"async\" class=\"alignnone size-full wp-image-122\" src=\"https:\/\/iesbellavista.files.wordpress.com\/2015\/03\/manitacursor11.png\" alt=\"0manitacursor1\" width=\"17\" height=\"14\"><\/a> Representaci\u00f3n gr\u00e1fica. Presentaci\u00f3n PP impresa en pdf<\/li>\n<li><a href=\"https:\/\/blogsaverroes.juntadeandalucia.es\/iesbellavista\/files\/2016\/03\/La-representacion_de_las_tres_dimensiones.pdf\"><img loading=\"lazy\" decoding=\"async\" class=\"alignnone wp-image-122 size-full\" src=\"https:\/\/iesbellavista.files.wordpress.com\/2015\/03\/manitacursor11.png\" alt=\"0manitacursor1\" width=\"17\" height=\"14\"><\/a> La representaci\u00f3n de las tres dimensiones. Presentaci\u00f3n PP impresa en pdf<\/li>\n<\/ul>\n<p><span style=\"color: #008000\">Apuntes y actividades<\/span><\/p>\n<ol>\n<li><a href=\"https:\/\/iesbellavista.files.wordpress.com\/2015\/03\/boceto-y-croquis-apuntes.pdf\"><img loading=\"lazy\" decoding=\"async\" class=\"alignnone size-full wp-image-122\" src=\"https:\/\/iesbellavista.files.wordpress.com\/2015\/03\/manitacursor11.png\" alt=\"0manitacursor1\" width=\"17\" height=\"14\"><\/a> T\u00e9cnicas de representaci\u00f3n gr\u00e1fica. Apuntes<\/li>\n<li><a href=\"https:\/\/iesbellavista.files.wordpress.com\/2015\/03\/bocetos-actividades.pdf\"><img loading=\"lazy\" decoding=\"async\" class=\"alignnone size-full wp-image-122\" src=\"https:\/\/iesbellavista.files.wordpress.com\/2015\/03\/manitacursor11.png\" alt=\"0manitacursor1\" width=\"17\" height=\"14\"><\/a> Bocetos. Actividades<\/li>\n<li><a href=\"https:\/\/iesbellavista.files.wordpress.com\/2015\/03\/el-dibujo-a-mano-alzada-actividades.pdf\"><img loading=\"lazy\" decoding=\"async\" class=\"alignnone size-full wp-image-122\" src=\"https:\/\/iesbellavista.files.wordpress.com\/2015\/03\/manitacursor11.png\" alt=\"0manitacursor1\" width=\"17\" height=\"14\"><\/a> Dibujo a mano alzada. Actividades<\/li>\n<li><a href=\"https:\/\/iesbellavista.files.wordpress.com\/2015\/03\/acotacic3b3n-teorc3ada.pdf\"><img loading=\"lazy\" decoding=\"async\" class=\"alignnone size-full wp-image-122\" src=\"https:\/\/iesbellavista.files.wordpress.com\/2015\/03\/manitacursor11.png\" alt=\"0manitacursor1\" width=\"17\" height=\"14\"><\/a> Acotaci\u00f3n. Apuntes<\/li>\n<li><a href=\"https:\/\/iesbellavista.files.wordpress.com\/2015\/03\/acotacic3b3n-actividades.pdf\"><img loading=\"lazy\" decoding=\"async\" class=\"alignnone size-full wp-image-122\" src=\"https:\/\/iesbellavista.files.wordpress.com\/2015\/03\/manitacursor11.png\" alt=\"0manitacursor1\" width=\"17\" height=\"14\"><\/a> Acotaci\u00f3n. Actividades<\/li>\n<li><a href=\"https:\/\/iesbellavista.files.wordpress.com\/2015\/03\/actividades-de-despiece.pdf\"><img loading=\"lazy\" decoding=\"async\" class=\"alignnone size-full wp-image-122\" src=\"https:\/\/iesbellavista.files.wordpress.com\/2015\/03\/manitacursor11.png\" alt=\"0manitacursor1\" width=\"17\" height=\"14\"><\/a> Despiece. Actividades<\/li>\n<li><a href=\"https:\/\/iesbellavista.files.wordpress.com\/2015\/03\/trazado-paralelas-y-perpendiculares-teorc3ada.pdf\"><img loading=\"lazy\" decoding=\"async\" class=\"alignnone size-full wp-image-122\" src=\"https:\/\/iesbellavista.files.wordpress.com\/2015\/03\/manitacursor11.png\" alt=\"0manitacursor1\" width=\"17\" height=\"14\"><\/a> Trazado de paralelas. Apuntes<\/li>\n<li><a href=\"https:\/\/iesbellavista.files.wordpress.com\/2015\/03\/dibujo-delineado-actividades.pdf\"><img loading=\"lazy\" decoding=\"async\" class=\"alignnone size-full wp-image-122\" src=\"https:\/\/iesbellavista.files.wordpress.com\/2015\/03\/manitacursor11.png\" alt=\"0manitacursor1\" width=\"17\" height=\"14\"><\/a> Dibujo delineado. Actividades.<\/li>\n<li><a href=\"https:\/\/iesbellavista.files.wordpress.com\/2015\/03\/escala-ficha-y-actividades.pdf\"><img loading=\"lazy\" decoding=\"async\" class=\"alignnone size-full wp-image-122\" src=\"https:\/\/iesbellavista.files.wordpress.com\/2015\/03\/manitacursor11.png\" alt=\"0manitacursor1\" width=\"17\" height=\"14\"><\/a> Escala. Apuntes y actividades<\/li>\n<li><a href=\"https:\/\/iesbellavista.files.wordpress.com\/2015\/03\/actividades-vistas-desde-piezas-de-madera.pdf\"><img loading=\"lazy\" decoding=\"async\" class=\"alignnone size-full wp-image-122\" src=\"https:\/\/iesbellavista.files.wordpress.com\/2015\/03\/manitacursor11.png\" alt=\"0manitacursor1\" width=\"17\" height=\"14\"><\/a> Montajes con bloques de madera sobre plantillas para obtener las vistas y perspectivas de los mismos.<\/li>\n<li><a href=\"https:\/\/iesbellavista.files.wordpress.com\/2015\/03\/plantillas-vistas-dic3a9dricas-4.pdf\"><img loading=\"lazy\" decoding=\"async\" class=\"alignnone size-full wp-image-122\" src=\"https:\/\/iesbellavista.files.wordpress.com\/2015\/03\/manitacursor11.png\" alt=\"0manitacursor1\" width=\"17\" height=\"14\"><\/a> Pauta para realizar las vistas di\u00e9dricas de las piezas del punto 10<\/li>\n<li><a href=\"https:\/\/iesbellavista.files.wordpress.com\/2015\/03\/plantillas-perspectiva-caballera.pdf\"><img loading=\"lazy\" decoding=\"async\" class=\"alignnone size-full wp-image-122\" src=\"https:\/\/iesbellavista.files.wordpress.com\/2015\/03\/manitacursor11.png\" alt=\"0manitacursor1\" width=\"17\" height=\"14\"><\/a> Pauta para realizar las perspectivas caballeras de las piezas del punto 10<\/li>\n<li><a href=\"https:\/\/iesbellavista.files.wordpress.com\/2015\/03\/plantillas-perspectiva-isomc3a9trica.pdf\"><img loading=\"lazy\" decoding=\"async\" class=\"alignnone size-full wp-image-122\" src=\"https:\/\/iesbellavista.files.wordpress.com\/2015\/03\/manitacursor11.png\" alt=\"0manitacursor1\" width=\"17\" height=\"14\"><\/a> Pauta para realizar las perspectivas isom\u00e9tricas de las piezas del punto 10<\/li>\n<li><a href=\"https:\/\/iesbellavista.files.wordpress.com\/2015\/03\/actividad-1-figuras-isomc3a9rica-para-vistas.pdf\"><img loading=\"lazy\" decoding=\"async\" class=\"alignnone size-full wp-image-122\" src=\"https:\/\/iesbellavista.files.wordpress.com\/2015\/03\/manitacursor11.png\" alt=\"0manitacursor1\" width=\"17\" height=\"14\"><\/a> Actividad 1: obtener vistas de piezas en isom\u00e9trica<\/li>\n<li><a href=\"https:\/\/iesbellavista.files.wordpress.com\/2015\/03\/actividad-2-figuras-caballera-para-vistas.pdf\"><img loading=\"lazy\" decoding=\"async\" class=\"alignnone size-full wp-image-122\" src=\"https:\/\/iesbellavista.files.wordpress.com\/2015\/03\/manitacursor11.png\" alt=\"0manitacursor1\" width=\"17\" height=\"14\"><\/a> Actividad 2: obtener vistas de piezas en caballera<\/li>\n<li><a href=\"https:\/\/iesbellavista.files.wordpress.com\/2015\/03\/actividad-3-rompecabeza-de-vistas.pdf\"><img loading=\"lazy\" decoding=\"async\" class=\"alignnone size-full wp-image-122\" src=\"https:\/\/iesbellavista.files.wordpress.com\/2015\/03\/manitacursor11.png\" alt=\"0manitacursor1\" width=\"17\" height=\"14\"><\/a> Actividad 3: rompecabezas de vistas<\/li>\n<li><a href=\"https:\/\/iesbellavista.files.wordpress.com\/2015\/03\/actividad-4-figuras-isomc3a9trica-para-vistas-y-caballera.pdf\"><img loading=\"lazy\" decoding=\"async\" class=\"alignnone size-full wp-image-122\" src=\"https:\/\/iesbellavista.files.wordpress.com\/2015\/03\/manitacursor11.png\" alt=\"0manitacursor1\" width=\"17\" height=\"14\"><\/a> Actividad 4: obtener vistas y perspectiva caballera de piezas en isom\u00e9trica<\/li>\n<li><a href=\"https:\/\/iesbellavista.files.wordpress.com\/2015\/03\/actividad-5-isomc3a9trica-a-caballera.pdf\"><img loading=\"lazy\" decoding=\"async\" class=\"alignnone size-full wp-image-122\" src=\"https:\/\/iesbellavista.files.wordpress.com\/2015\/03\/manitacursor11.png\" alt=\"0manitacursor1\" width=\"17\" height=\"14\"><\/a> Actividad 5: obtener perspectiva caballera desde isom\u00e9trica<\/li>\n<li><a href=\"https:\/\/iesbellavista.files.wordpress.com\/2015\/03\/actividad-6-caballera-a-isomc3a9trica.pdf\"><img loading=\"lazy\" decoding=\"async\" class=\"alignnone size-full wp-image-122\" src=\"https:\/\/iesbellavista.files.wordpress.com\/2015\/03\/manitacursor11.png\" alt=\"0manitacursor1\" width=\"17\" height=\"14\"><\/a> Actividad 6: obtener perspectiva isom\u00e9trica desde caballera<\/li>\n<li><a href=\"https:\/\/iesbellavista.files.wordpress.com\/2015\/03\/actividad-7-perspectivas-desde-vistas.pdf\"><img loading=\"lazy\" decoding=\"async\" class=\"alignnone size-full wp-image-122\" src=\"https:\/\/iesbellavista.files.wordpress.com\/2015\/03\/manitacursor11.png\" alt=\"0manitacursor1\" width=\"17\" height=\"14\"><\/a> Actividad 7: obtener perspectivas desde vistas di\u00e9dricas<\/li>\n<\/ol>\n<p>&nbsp;<\/p>\n<h4><strong><span style=\"color: #0909ad\">TEMA: MATERIALES DE USO T\u00c9CNICO. LA MADERA<br \/>\n<\/span><\/strong><\/h4>\n<p><span style=\"color: #008000\">Presentaciones pasadas a pdf<\/span><\/p>\n<ul>\n<li><a href=\"https:\/\/blogsaverroes.juntadeandalucia.es\/iesbellavista\/files\/2017\/11\/Materiales_tecnicos_y_madera_2_ESO-1.pdf\"><img loading=\"lazy\" decoding=\"async\" class=\"alignnone wp-image-122 size-full\" src=\"https:\/\/iesbellavista.files.wordpress.com\/2015\/03\/manitacursor11.png\" alt=\"0manitacursor1\" width=\"17\" height=\"14\"><\/a> Materiales t\u00e9cnicos. La madera. Presentaci\u00f3n PP impresa en pdf<\/li>\n<\/ul>\n<p><span style=\"color: #008000\">Apuntes y actividades<\/span><\/p>\n<ul>\n<li><a href=\"https:\/\/iesbellavista.files.wordpress.com\/2015\/03\/la-madera-apuntes.pdf\"><img loading=\"lazy\" decoding=\"async\" class=\"alignnone size-full wp-image-122\" src=\"https:\/\/iesbellavista.files.wordpress.com\/2015\/03\/manitacursor11.png\" alt=\"0manitacursor1\" width=\"17\" height=\"14\"><\/a> Materiales t\u00e9cnicos. La madera. Apuntes<\/li>\n<li><a href=\"https:\/\/iesbellavista.files.wordpress.com\/2015\/03\/la-madera-actividades.pdf\"><img loading=\"lazy\" decoding=\"async\" class=\"alignnone size-full wp-image-122\" src=\"https:\/\/iesbellavista.files.wordpress.com\/2015\/03\/manitacursor11.png\" alt=\"0manitacursor1\" width=\"17\" height=\"14\"><\/a> Materiales t\u00e9cnicos. La madera. Actividades<\/li>\n<\/ul>\n<p>&nbsp;<\/p>\n<h4><strong><span style=\"color: #9a41f2\">PROYECTO LAPICERO DE ESCRITORIO<\/span><br \/>\n<\/strong><\/h4>\n<ul>\n<li><a href=\"https:\/\/blogsaverroes.juntadeandalucia.es\/iesbellavista\/lapiceros-de-escritorio-2o-eso-18-19\/\"><img loading=\"lazy\" decoding=\"async\" class=\"alignnone wp-image-122\" src=\"https:\/\/iesbellavista.files.wordpress.com\/2015\/03\/manitacursor11.png\" alt=\"0manitacursor1\" width=\"17\" height=\"14\"><\/a> Ejemplos de lapiceros del curso 18\/19<\/li>\n<li><a href=\"https:\/\/blogsaverroes.juntadeandalucia.es\/iesbellavista\/files\/2019\/10\/PROYECTO-LAPICERO.pdf\"><img loading=\"lazy\" decoding=\"async\" class=\"alignnone wp-image-122 size-full\" src=\"https:\/\/iesbellavista.files.wordpress.com\/2015\/03\/manitacursor11.png\" alt=\"0manitacursor1\" width=\"17\" height=\"14\"><\/a> Documentaci\u00f3n de un proyecto. Proyecto de ejemplo de 2\u00ba ESO. Formato pdf<\/li>\n<li>Documentos del proyecto en formato word vac\u00edos para completar\n<ul>\n<li><a href=\"https:\/\/blogsaverroes.juntadeandalucia.es\/iesbellavista\/files\/2019\/11\/0-Plantilla-con-marco-para-PROYECTOS.doc\"><img loading=\"lazy\" decoding=\"async\" class=\"alignnone wp-image-122 size-full\" src=\"https:\/\/iesbellavista.files.wordpress.com\/2015\/03\/manitacursor11.png\" alt=\"0manitacursor1\" width=\"17\" height=\"14\"><\/a> 0 Plantilla en blanco con marco.<\/li>\n<li><a href=\"https:\/\/blogsaverroes.juntadeandalucia.es\/iesbellavista\/files\/2019\/11\/1-PORTADA.doc\"><img loading=\"lazy\" decoding=\"async\" class=\"alignnone wp-image-122 size-full\" src=\"https:\/\/iesbellavista.files.wordpress.com\/2015\/03\/manitacursor11.png\" alt=\"0manitacursor1\" width=\"17\" height=\"14\"><\/a> 1 Portada.<\/li>\n<li><a href=\"https:\/\/blogsaverroes.juntadeandalucia.es\/iesbellavista\/files\/2019\/11\/2-\u00cdNDICE.doc\"><img loading=\"lazy\" decoding=\"async\" class=\"alignnone wp-image-122 size-full\" src=\"https:\/\/iesbellavista.files.wordpress.com\/2015\/03\/manitacursor11.png\" alt=\"0manitacursor1\" width=\"17\" height=\"14\"><\/a> 2 \u00cdndice.<\/li>\n<li><a href=\"https:\/\/blogsaverroes.juntadeandalucia.es\/iesbellavista\/files\/2019\/12\/3-MEMORIA-DESCRIPTIVA.doc\"><img loading=\"lazy\" decoding=\"async\" class=\"alignnone wp-image-122 size-full\" src=\"https:\/\/iesbellavista.files.wordpress.com\/2015\/03\/manitacursor11.png\" alt=\"0manitacursor1\" width=\"17\" height=\"14\"><\/a> 3 Memoria descriptiva.<\/li>\n<li><a href=\"https:\/\/blogsaverroes.juntadeandalucia.es\/iesbellavista\/files\/2019\/11\/4-LISTA-DE-RECURSOS-COMPONENTES-Y-PLANOS.doc\"><img loading=\"lazy\" decoding=\"async\" class=\"alignnone wp-image-122 size-full\" src=\"https:\/\/iesbellavista.files.wordpress.com\/2015\/03\/manitacursor11.png\" alt=\"0manitacursor1\" width=\"17\" height=\"14\"><\/a> 4 Lista de recursos, componentes y planos.<\/li>\n<li><a href=\"https:\/\/blogsaverroes.juntadeandalucia.es\/iesbellavista\/files\/2019\/11\/5-PROCESO-DE-CONSTRUCCI\u00d3N-Y-OBSERVACIONES.doc\"><img loading=\"lazy\" decoding=\"async\" class=\"alignnone wp-image-122 size-full\" src=\"https:\/\/iesbellavista.files.wordpress.com\/2015\/03\/manitacursor11.png\" alt=\"0manitacursor1\" width=\"17\" height=\"14\"><\/a> 5 Proceso de Construcci\u00f3n y Observaciones.<\/li>\n<li><a href=\"https:\/\/blogsaverroes.juntadeandalucia.es\/iesbellavista\/files\/2019\/11\/6-BOCETO.doc\"><img loading=\"lazy\" decoding=\"async\" class=\"alignnone wp-image-122 size-full\" src=\"https:\/\/iesbellavista.files.wordpress.com\/2015\/03\/manitacursor11.png\" alt=\"0manitacursor1\" width=\"17\" height=\"14\"><\/a> 6 Plano Boceto.<\/li>\n<li><a href=\"https:\/\/blogsaverroes.juntadeandalucia.es\/iesbellavista\/files\/2019\/11\/7-CROQUIS.doc\"><img loading=\"lazy\" decoding=\"async\" class=\"alignnone wp-image-122 size-full\" src=\"https:\/\/iesbellavista.files.wordpress.com\/2015\/03\/manitacursor11.png\" alt=\"0manitacursor1\" width=\"17\" height=\"14\"><\/a> 7 Plano Croquis.<\/li>\n<li><a href=\"https:\/\/blogsaverroes.juntadeandalucia.es\/iesbellavista\/files\/2019\/11\/8-DESPIECE.doc\"><img loading=\"lazy\" decoding=\"async\" class=\"alignnone wp-image-122 size-full\" src=\"https:\/\/iesbellavista.files.wordpress.com\/2015\/03\/manitacursor11.png\" alt=\"0manitacursor1\" width=\"17\" height=\"14\"><\/a> 8 Plano Despiece.<\/li>\n<li><a href=\"https:\/\/blogsaverroes.juntadeandalucia.es\/iesbellavista\/files\/2019\/11\/9-ESQUEMA-EL\u00c9CTRICO.doc\"><img loading=\"lazy\" decoding=\"async\" class=\"alignnone wp-image-122 size-full\" src=\"https:\/\/iesbellavista.files.wordpress.com\/2015\/03\/manitacursor11.png\" alt=\"0manitacursor1\" width=\"17\" height=\"14\"><\/a> 9 Plano Esquema el\u00e9ctrico.<\/li>\n<\/ul>\n<\/li>\n<\/ul>\n<p>&nbsp;<\/p>\n<h4><strong><span style=\"color: #0909ad\">TEMA: LAS ESTRUCTURAS<br \/>\n<\/span><\/strong><\/h4>\n<p><span style=\"color: #008000\">Presentaciones pasadas a pdf<\/span><\/p>\n<ul>\n<li><a href=\"https:\/\/iesbellavista.files.wordpress.com\/2015\/03\/las-estructuras.pdf\"><img loading=\"lazy\" decoding=\"async\" class=\"alignnone size-full wp-image-122\" src=\"https:\/\/iesbellavista.files.wordpress.com\/2015\/03\/manitacursor11.png\" alt=\"0manitacursor1\" width=\"17\" height=\"14\"><\/a> Las estructuras. Presentaci\u00f3n PP impresa en pdf<\/li>\n<\/ul>\n<p><span style=\"color: #008000\">Apuntes y actividades<\/span><\/p>\n<ul>\n<li><a href=\"https:\/\/blogsaverroes.juntadeandalucia.es\/iesbellavista\/files\/2019\/02\/D-ESTRUCTURAS-apuntes-y-actividades-18-19.pdf\"><img loading=\"lazy\" decoding=\"async\" class=\"alignnone wp-image-122 size-full\" src=\"https:\/\/iesbellavista.files.wordpress.com\/2015\/03\/manitacursor11.png\" alt=\"0manitacursor1\" width=\"17\" height=\"14\"><\/a> Las estructuras. Apuntes y actividades<\/li>\n<\/ul>\n<p>&nbsp;<\/p>\n<h4><strong><span style=\"color: #0909ad\">TEMA: LOS METALES<br \/>\n<\/span><\/strong><\/h4>\n<p><span style=\"color: #008000\">Presentaciones pasadas a pdf<\/span><\/p>\n<ul>\n<li><a href=\"https:\/\/blogsaverroes.juntadeandalucia.es\/iesbellavista\/files\/2019\/05\/Metales-2\u00ba-ESO.pdf\"><img loading=\"lazy\" decoding=\"async\" class=\"alignnone wp-image-122 size-full\" src=\"https:\/\/iesbellavista.files.wordpress.com\/2015\/03\/manitacursor11.png\" alt=\"0manitacursor1\" width=\"17\" height=\"14\"><\/a> Los metales. Presentaci\u00f3n PP impresa en pdf<\/li>\n<\/ul>\n<p><span style=\"color: #008000\">Apuntes y actividades<\/span><\/p>\n<ul>\n<li><a href=\"https:\/\/iesbellavista.files.wordpress.com\/2015\/03\/metales-apuntes.pdf\"><img loading=\"lazy\" decoding=\"async\" class=\"alignnone size-full wp-image-122\" src=\"https:\/\/iesbellavista.files.wordpress.com\/2015\/03\/manitacursor11.png\" alt=\"0manitacursor1\" width=\"17\" height=\"14\"><\/a> Los metales. Apuntes<\/li>\n<li><a href=\"https:\/\/blogsaverroes.juntadeandalucia.es\/iesbellavista\/files\/2019\/05\/Metales-Actividades-MH.pdf\"><img loading=\"lazy\" decoding=\"async\" class=\"alignnone wp-image-122 size-full\" src=\"https:\/\/iesbellavista.files.wordpress.com\/2015\/03\/manitacursor11.png\" alt=\"0manitacursor1\" width=\"17\" height=\"14\"><\/a> Los metales. Actividades<\/li>\n<\/ul>\n<p><span style=\"color: #008000\">V\u00eddeos online<br \/>\n<\/span><\/p>\n<ul>\n<li><a href=\"https:\/\/youtu.be\/nchoAGAxBpU\"><img loading=\"lazy\" decoding=\"async\" class=\"alignnone size-full wp-image-122\" src=\"https:\/\/iesbellavista.files.wordpress.com\/2015\/03\/manitacursor11.png\" alt=\"0manitacursor1\" width=\"17\" height=\"14\"><\/a> La historia de los metales: del cobre al aluminio<\/li>\n<\/ul>\n<p>&nbsp;<\/p>\n<h4><strong><span style=\"color: #0909ad\">TEMA: LA ELECTRICIDAD<br \/>\n<\/span><\/strong><\/h4>\n<p><span style=\"color: #008000\">Presentaciones pasadas a pdf<\/span><\/p>\n<ul>\n<li><a href=\"https:\/\/blogsaverroes.juntadeandalucia.es\/iesbellavista\/files\/2018\/04\/La-electricidad-2\u00ba-ESO-presentaci\u00f3n.pdf\"><img loading=\"lazy\" decoding=\"async\" class=\"alignnone size-full wp-image-122\" src=\"https:\/\/iesbellavista.files.wordpress.com\/2015\/03\/manitacursor11.png\" alt=\"0manitacursor1\" width=\"17\" height=\"14\"><\/a> La electricidad. Presentaci\u00f3n PP impresa en pdf<\/li>\n<\/ul>\n<p><span style=\"color: #008000\">Apuntes y actividades<\/span><\/p>\n<ul>\n<li><a href=\"https:\/\/iesbellavista.files.wordpress.com\/2015\/05\/la_electricidad_apuntes.pdf\"><img loading=\"lazy\" decoding=\"async\" class=\"alignnone size-full wp-image-122\" src=\"https:\/\/iesbellavista.files.wordpress.com\/2015\/03\/manitacursor11.png\" alt=\"0manitacursor1\" width=\"17\" height=\"14\"><\/a> La electricidad. Apuntes<\/li>\n<li><a href=\"https:\/\/blogsaverroes.juntadeandalucia.es\/iesbellavista\/files\/2018\/06\/ACTIVIDADES-TEMA-ELECTRICIDAD.pdf\"><img loading=\"lazy\" decoding=\"async\" class=\"alignnone wp-image-122 size-full\" src=\"https:\/\/iesbellavista.files.wordpress.com\/2015\/03\/manitacursor11.png\" alt=\"0manitacursor1\" width=\"17\" height=\"14\"><\/a> La electricidad. Actividades<\/li>\n<\/ul>\n<p>&nbsp;<\/p>\n<h4><strong><span style=\"color: #0909ad\">TEMA: EL ORDENADOR<\/span><\/strong><\/h4>\n<p><span style=\"color: #008000\">Apuntes y actividades<\/span><\/p>\n<ul>\n<li><a href=\"https:\/\/blogsaverroes.juntadeandalucia.es\/iesbellavista\/files\/2016\/04\/TEMA-2-El-ordenador-2\u00ba-ESO1.pdf\"><img loading=\"lazy\" decoding=\"async\" class=\"alignnone wp-image-122\" src=\"https:\/\/iesbellavista.files.wordpress.com\/2015\/03\/manitacursor11.png\" alt=\"0manitacursor1\" width=\"17\" height=\"14\"><\/a>&nbsp;El ordenador. Apuntes y actividades<\/li>\n<\/ul>\n<p>&nbsp;<\/p>\n<h4><strong><span style=\"color: #000080\">TEMA: INTRODUCCI\u00d3N A LA PROGRAMACI\u00d3N CON SCRATCH<\/span><br \/>\n<\/strong><\/h4>\n<ul>\n<li><a href=\"https:\/\/blockly-games.appspot.com\/?lang=es\"><img loading=\"lazy\" decoding=\"async\" class=\"alignnone wp-image-122 size-full\" src=\"https:\/\/iesbellavista.files.wordpress.com\/2015\/03\/manitacursor11.png\" alt=\"0manitacursor1\" width=\"17\" height=\"14\"><\/a>&nbsp;Blockly<\/li>\n<li><a href=\"https:\/\/iesbellavista.files.wordpress.com\/2015\/09\/apuntes-de-scratch.pdf\"><img loading=\"lazy\" decoding=\"async\" class=\"alignnone wp-image-122 size-full\" src=\"https:\/\/iesbellavista.files.wordpress.com\/2015\/03\/manitacursor11.png\" alt=\"0manitacursor1\" width=\"17\" height=\"14\"><\/a> Apuntes de Scratch<\/li>\n<li><a href=\"http:\/\/eduteka.icesi.edu.co\/articulos\/ScratchActividadesCortas\"><img loading=\"lazy\" decoding=\"async\" class=\"alignnone wp-image-122 size-full\" src=\"https:\/\/iesbellavista.files.wordpress.com\/2015\/03\/manitacursor11.png\" alt=\"0manitacursor1\" width=\"17\" height=\"14\"><\/a>&nbsp;10 actividades cortas para aprender Scratch<\/li>\n<li><a href=\"https:\/\/blogsaverroes.juntadeandalucia.es\/iesbellavista\/files\/2015\/05\/ACTIVIDADES-SCRATCH.pdf\"><img loading=\"lazy\" decoding=\"async\" class=\"alignnone wp-image-122 size-full\" src=\"https:\/\/iesbellavista.files.wordpress.com\/2015\/03\/manitacursor11.png\" alt=\"0manitacursor1\" width=\"17\" height=\"14\"><\/a> Actividades de Scratch<\/li>\n<\/ul>\n<p>&nbsp;<\/p>\n","protected":false},"excerpt":{"rendered":"<p>TEMA: EL PROCESO TECNOL\u00d3GICO Presentaciones pasadas a pdf El proceso tecnol\u00f3gico. Presentaci\u00f3n PP impresa en pdf La documentaci\u00f3n de un proyecto. Presentaci\u00f3n PP impresa en pdf Ejemplo de proyecto t\u00e9cnico de un lapicero de&#46;&#46;&#46;<\/p>\n","protected":false},"author":1963,"featured_media":0,"parent":162,"menu_order":1,"comment_status":"open","ping_status":"closed","template":"page-templates\/child-menu.php","meta":{"ngg_post_thumbnail":0,"footnotes":"","_mc_calendar":[]},"aioseo_notices":[],"_links":{"self":[{"href":"https:\/\/blogsaverroes.juntadeandalucia.es\/iesbellavista\/wp-json\/wp\/v2\/pages\/2358"}],"collection":[{"href":"https:\/\/blogsaverroes.juntadeandalucia.es\/iesbellavista\/wp-json\/wp\/v2\/pages"}],"about":[{"href":"https:\/\/blogsaverroes.juntadeandalucia.es\/iesbellavista\/wp-json\/wp\/v2\/types\/page"}],"author":[{"embeddable":true,"href":"https:\/\/blogsaverroes.juntadeandalucia.es\/iesbellavista\/wp-json\/wp\/v2\/users\/1963"}],"replies":[{"embeddable":true,"href":"https:\/\/blogsaverroes.juntadeandalucia.es\/iesbellavista\/wp-json\/wp\/v2\/comments?post=2358"}],"version-history":[{"count":35,"href":"https:\/\/blogsaverroes.juntadeandalucia.es\/iesbellavista\/wp-json\/wp\/v2\/pages\/2358\/revisions"}],"predecessor-version":[{"id":9751,"href":"https:\/\/blogsaverroes.juntadeandalucia.es\/iesbellavista\/wp-json\/wp\/v2\/pages\/2358\/revisions\/9751"}],"up":[{"embeddable":true,"href":"https:\/\/blogsaverroes.juntadeandalucia.es\/iesbellavista\/wp-json\/wp\/v2\/pages\/162"}],"wp:attachment":[{"href":"https:\/\/blogsaverroes.juntadeandalucia.es\/iesbellavista\/wp-json\/wp\/v2\/media?parent=2358"}],"curies":[{"name":"wp","href":"https:\/\/api.w.org\/{rel}","templated":true}]}}