{"id":2711,"date":"2015-12-07T21:05:30","date_gmt":"2015-12-07T20:05:30","guid":{"rendered":"http:\/\/blogsaverroes.juntadeandalucia.es\/iesbellavista\/?page_id=2711"},"modified":"2022-08-29T14:41:23","modified_gmt":"2022-08-29T12:41:23","slug":"orlas-de-graduacion","status":"publish","type":"page","link":"https:\/\/blogsaverroes.juntadeandalucia.es\/iesbellavista\/orlas-de-graduacion\/","title":{"rendered":"Orlas de Graduaci\u00f3n"},"content":{"rendered":"<p style=\"text-align: justify\">Aqu\u00ed dispones de las orlas de los grupos de C.O.U. o de 2\u00ba de Bachillerato (seg\u00fan las \u00e9pocas) del IES Bellavista desde el curso 1978-79 hasta la actualidad. Algunas no est\u00e1n de momento disponibles, pero intentaremos rescatarlas.<\/p>\n<p style=\"text-align: justify\">Algunos archivos \u00abpesan\u00bb bastante, pero hemos preferido colgarlos sin reducirle tama\u00f1o para que aquellos que dese\u00e9is descargar vuestras orlas o de vuestros familiares dispong\u00e1is de ellas con la mejor calidad posible.<\/p>\n<p style=\"text-align: justify\">Puede que en alguna orla se nos haya colado alg\u00fan gazapo (alg\u00fan apellido equivocado, alguna foto traspuesta, etc.). Si los detectas, puedes indic\u00e1rnoslo a trav\u00e9s de la pesta\u00f1a contactar e intentaremos ir corrigi\u00e9ndolos.<\/p>\n<p style=\"text-align: justify\">Esperamos que pas\u00e9is un buen rato recordando a compa\u00f1eros de anta\u00f1o o viendo el aspecto de vuestros padres en su etapa estudiantil.<\/p>\n<table class=\" aligncenter\" style=\"height: 419px\" width=\"693\">\n<tbody>\n<tr>\n<td style=\"text-align: left;vertical-align: top\">\n<ul>\n<li><span style=\"color: #0000ff\"><a href=\"https:\/\/blogsaverroes.juntadeandalucia.es\/iesbellavista\/files\/2015\/05\/1978-79.pdf\">1978-79<\/a><\/span> (1,6 MB)<\/li>\n<li><span style=\"color: #0000ff\"><a href=\"https:\/\/blogsaverroes.juntadeandalucia.es\/iesbellavista\/files\/2021\/01\/1981-82.jpg\">1981-82<\/a><\/span> (4,2 MB)<\/li>\n<li><span style=\"color: #0000ff\"><a href=\"https:\/\/blogsaverroes.juntadeandalucia.es\/iesbellavista\/files\/2015\/05\/1984-85.pdf\">1984-85<\/a><\/span> (3 MB)<\/li>\n<li><span style=\"color: #0000ff\"><a href=\"https:\/\/blogsaverroes.juntadeandalucia.es\/iesbellavista\/files\/2015\/05\/1987-88.pdf\">1987-88<\/a><\/span> (4,5 MB)<\/li>\n<li><span style=\"color: #0000ff\"><a href=\"https:\/\/blogsaverroes.juntadeandalucia.es\/iesbellavista\/files\/2015\/05\/1990-91.pdf\">1990-91<\/a><\/span> (4,9 MB)<\/li>\n<li><span style=\"color: #0000ff\"><a href=\"https:\/\/blogsaverroes.juntadeandalucia.es\/iesbellavista\/files\/2015\/05\/1993-94.pdf\">1993-94<\/a><\/span> (1,2 MB)<\/li>\n<li><span style=\"color: #0000ff\"><a href=\"https:\/\/blogsaverroes.juntadeandalucia.es\/iesbellavista\/files\/2015\/05\/1996-97.pdf\">1996-97<\/a><\/span> (817 KB)<\/li>\n<li><a href=\"https:\/\/blogsaverroes.juntadeandalucia.es\/iesbellavista\/files\/2016\/05\/1998-99-2B.jpg\">1998-99<\/a> <span style=\"color: #008000\">2\u00baB<\/span> (3,3 MB)<\/li>\n<li><span style=\"color: #0000ff\"><a href=\"https:\/\/blogsaverroes.juntadeandalucia.es\/iesbellavista\/files\/2015\/05\/1999-00-2\u00ba-A.jpg\">1999-00<\/a><\/span> <span style=\"color: #008000\">2\u00baA<\/span> (4,4 MB)<\/li>\n<li><span style=\"color: #0000ff\"><a href=\"https:\/\/blogsaverroes.juntadeandalucia.es\/iesbellavista\/files\/2015\/05\/2000-01-2\u00ba-A.jpg\">2000-01<\/a><\/span> <span style=\"color: #008000\">2\u00baA<\/span> (4 MB)<\/li>\n<li><span style=\"color: #0000ff\"><a href=\"https:\/\/blogsaverroes.juntadeandalucia.es\/iesbellavista\/files\/2015\/05\/2001-02.jpg\">2001-02<\/a><\/span> (9 MB)<\/li>\n<li><span style=\"color: #0000ff\"><a href=\"https:\/\/blogsaverroes.juntadeandalucia.es\/iesbellavista\/files\/2015\/05\/2004-05.jpg\">2004-05<\/a><\/span> (6,6MB)<\/li>\n<li><span style=\"color: #0000ff\"><a href=\"https:\/\/blogsaverroes.juntadeandalucia.es\/iesbellavista\/files\/2015\/05\/2007-08.jpg\">2007-08<\/a><\/span> (5,9 MB)<\/li>\n<li><span style=\"color: #0000ff\"><a href=\"https:\/\/blogsaverroes.juntadeandalucia.es\/iesbellavista\/files\/2015\/05\/2010-11.jpg\">2010-11<\/a><\/span> (2,7 MB)<\/li>\n<li><span style=\"color: #0000ff\"><a href=\"https:\/\/blogsaverroes.juntadeandalucia.es\/iesbellavista\/files\/2015\/05\/2013-14.jpg\">2013-14<\/a><\/span> (4,5 MB)<\/li>\n<li><a href=\"https:\/\/blogsaverroes.juntadeandalucia.es\/iesbellavista\/files\/2017\/06\/orla16-17b.jpg\">2016-17<\/a> (8,8 MB)<\/li>\n<li><a href=\"https:\/\/blogsaverroes.juntadeandalucia.es\/iesbellavista\/files\/2021\/02\/orla-19-20.jpg\">2019-20<\/a> (11,5 MB)<\/li>\n<\/ul>\n<\/td>\n<td style=\"text-align: left;vertical-align: top\">\n<ul>\n<li><span style=\"color: #0000ff\"><a href=\"https:\/\/blogsaverroes.juntadeandalucia.es\/iesbellavista\/files\/2015\/05\/1979-80.pdf\">1979-80<\/a><\/span> (2,5 MB)<\/li>\n<li><span style=\"color: #0000ff\"><a href=\"https:\/\/blogsaverroes.juntadeandalucia.es\/iesbellavista\/files\/2015\/05\/1982-83.pdf\">1982-83<\/a><\/span> (1,9 MB)<\/li>\n<li><span style=\"color: #0000ff\"><a href=\"https:\/\/blogsaverroes.juntadeandalucia.es\/iesbellavista\/files\/2015\/05\/1985-86.pdf\">1985-86<\/a><\/span> (1,8 MB)<\/li>\n<li><span style=\"color: #0000ff\"><a href=\"https:\/\/blogsaverroes.juntadeandalucia.es\/iesbellavista\/files\/2015\/05\/1988-89.pdf\">1988-89<\/a><\/span> (2,5 MB)<\/li>\n<li><span style=\"color: #0000ff\"><a href=\"https:\/\/blogsaverroes.juntadeandalucia.es\/iesbellavista\/files\/2015\/05\/1991-92.pdf\">1991-92<\/a><\/span> (762 KB)<\/li>\n<li><span style=\"color: #0000ff\">1<a href=\"https:\/\/blogsaverroes.juntadeandalucia.es\/iesbellavista\/files\/2015\/05\/1994-95.pdf\">994-95<\/a><\/span> (618 KB)<\/li>\n<li><span style=\"color: #0000ff\"><a href=\"https:\/\/blogsaverroes.juntadeandalucia.es\/iesbellavista\/files\/2015\/05\/1997-98.pdf\">1997-98<\/a><\/span> (648 KB)<\/li>\n<li><a href=\"https:\/\/blogsaverroes.juntadeandalucia.es\/iesbellavista\/files\/2016\/05\/1998-99-2C.jpg\">1998-99<\/a> <span style=\"color: #008000\">2\u00baC<\/span> (3 MB)<\/li>\n<li><span style=\"color: #0000ff\"><a href=\"https:\/\/blogsaverroes.juntadeandalucia.es\/iesbellavista\/files\/2015\/05\/1999-00-2\u00ba-B.jpg\">1999-00<\/a><\/span> <span style=\"color: #008000\">2\u00baB<\/span> (4,8 MB)<\/li>\n<li><span style=\"color: #0000ff\"><a href=\"https:\/\/blogsaverroes.juntadeandalucia.es\/iesbellavista\/files\/2015\/05\/2000-01-2\u00ba-B.jpg\">2000-01<\/a><\/span> <span style=\"color: #008000\">2\u00baB<\/span> (4,2 MB)<\/li>\n<li><span style=\"color: #0000ff\"><a href=\"https:\/\/blogsaverroes.juntadeandalucia.es\/iesbellavista\/files\/2015\/05\/2002-03.pdf\">2002-03<\/a><\/span> (1,7 MB)<\/li>\n<li><span style=\"color: #0000ff\"><a href=\"https:\/\/blogsaverroes.juntadeandalucia.es\/iesbellavista\/files\/2015\/05\/2005-06.jpg\">2005-06<\/a><\/span> (11,2 MB)<\/li>\n<li><span style=\"color: #0000ff\"><a href=\"https:\/\/blogsaverroes.juntadeandalucia.es\/iesbellavista\/files\/2015\/05\/2008-09c.jpg\">2008-09<\/a><\/span> (12,5 MB)<\/li>\n<li><span style=\"color: #0000ff\"><a href=\"https:\/\/blogsaverroes.juntadeandalucia.es\/iesbellavista\/files\/2015\/05\/2011-12.jpg\">2011-12<\/a><\/span> (2,3 MB)<\/li>\n<li><span style=\"color: #0000ff\"><a href=\"https:\/\/blogsaverroes.juntadeandalucia.es\/iesbellavista\/files\/2015\/05\/2014-15.jpg\">2014-15<\/a><\/span> (5,5 MB)<\/li>\n<li><a href=\"https:\/\/blogsaverroes.juntadeandalucia.es\/iesbellavista\/files\/2018\/06\/Orla-17-18.jpg\">2017-18<\/a> (768 KB)<\/li>\n<\/ul>\n<\/td>\n<td style=\"text-align: left;vertical-align: top\">\n<ul>\n<li><span style=\"color: #0000ff\"><a href=\"https:\/\/blogsaverroes.juntadeandalucia.es\/iesbellavista\/files\/2015\/05\/1980-81.pdf\">1980-81<\/a><\/span> (2,2 MB)<\/li>\n<li><span style=\"color: #0000ff\"><a href=\"https:\/\/blogsaverroes.juntadeandalucia.es\/iesbellavista\/files\/2015\/05\/1983-84.pdf\">1983-84<\/a><\/span> (449 KB)<\/li>\n<li><span style=\"color: #0000ff\"><a href=\"https:\/\/blogsaverroes.juntadeandalucia.es\/iesbellavista\/files\/2015\/05\/1986-87.pdf\">1986-87<\/a><\/span> (4,6 MB)<\/li>\n<li><span style=\"color: #0000ff\"><a href=\"https:\/\/blogsaverroes.juntadeandalucia.es\/iesbellavista\/files\/2015\/05\/1989-90.pdf\">1989-90<\/a><\/span> (669 KB)<\/li>\n<li><span style=\"color: #0000ff\"><a href=\"https:\/\/blogsaverroes.juntadeandalucia.es\/iesbellavista\/files\/2015\/05\/1992-93.pdf\">1992-93<\/a><\/span> (2,4 MB)<\/li>\n<li><span style=\"color: #0000ff\"><a href=\"https:\/\/blogsaverroes.juntadeandalucia.es\/iesbellavista\/files\/2015\/05\/1995-96.pdf\">1995-96<\/a><\/span> (2,1 MB)<\/li>\n<li><span style=\"color: #800000\">1998-99<\/span> 2\u00baA (No disponible)<\/li>\n<li><a href=\"https:\/\/blogsaverroes.juntadeandalucia.es\/iesbellavista\/files\/2016\/05\/1998-99-2D.jpg\">1998-99<\/a> <span style=\"color: #008000\">2\u00baD<\/span> (3,3 MB)<\/li>\n<li><span style=\"color: #0000ff\"><a href=\"https:\/\/blogsaverroes.juntadeandalucia.es\/iesbellavista\/files\/2015\/05\/1999-00-2\u00ba-C.jpg\">1999-00<\/a><\/span> <span style=\"color: #008000\">2\u00baC<\/span> (4,4 MB)<\/li>\n<li><span style=\"color: #0000ff\"><a href=\"https:\/\/blogsaverroes.juntadeandalucia.es\/iesbellavista\/files\/2015\/05\/2000-01-2\u00ba-C.jpg\">2000-01<\/a><\/span> <span style=\"color: #008000\">2\u00baC<\/span> (4,2 MB)<\/li>\n<li><a href=\"https:\/\/blogsaverroes.juntadeandalucia.es\/iesbellavista\/files\/2016\/05\/2003-04.jpg\">2003-04<\/a> (4,7 MB)<\/li>\n<li><span style=\"color: #0000ff\"><a href=\"https:\/\/blogsaverroes.juntadeandalucia.es\/iesbellavista\/files\/2015\/05\/2006-07.jpg\">2006-07<\/a><\/span> (10 MB)<\/li>\n<li><span style=\"color: #800000\">2009-10<\/span> (No disponible)<\/li>\n<li><span style=\"color: #800000\">2012-13<\/span> (No disponible)<\/li>\n<li><a href=\"https:\/\/blogsaverroes.juntadeandalucia.es\/iesbellavista\/files\/2016\/10\/Orla-15-16-HC.jpg\">2015-16<\/a> (5,4 MB)<\/li>\n<li><a href=\"https:\/\/blogsaverroes.juntadeandalucia.es\/iesbellavista\/files\/2019\/06\/Orla-18-19-2.pdf\">2018-19<\/a> (13,5 MB)<\/li>\n<li><a href=\"https:\/\/blogsaverroes.juntadeandalucia.es\/iesbellavista\/files\/2022\/08\/Orla-2021-2022-scaled.jpg\">2021-22<\/a> (13 MB)<\/li>\n<\/ul>\n<\/td>\n<\/tr>\n<\/tbody>\n<\/table>\n<p>&nbsp;<\/p>\n<p style=\"text-align: justify\"><strong><span style=\"color: #a81818\">Como veis, no tenemos las orlas de los cursos 98\/99 2\u00baA, 2009\/10 y 2012\/13. Si alg\u00fan alumno que visitara esta p\u00e1gina tuviera o conociera a alg\u00fan alumno que la tuviera en papel, le agradecer\u00edamos que nos dejara escanearla para colgarla aqu\u00ed. Gracias.<\/span><\/strong><\/p>\n<p>&nbsp;<\/p>\n","protected":false},"excerpt":{"rendered":"<p>Aqu\u00ed dispones de las orlas de los grupos de C.O.U. o de 2\u00ba de Bachillerato (seg\u00fan las \u00e9pocas) del IES Bellavista desde el curso 1978-79 hasta la actualidad. Algunas no est\u00e1n de momento disponibles,&#46;&#46;&#46;<\/p>\n","protected":false},"author":1963,"featured_media":0,"parent":0,"menu_order":0,"comment_status":"closed","ping_status":"closed","template":"","meta":{"ngg_post_thumbnail":0,"footnotes":"","_mc_calendar":[]},"aioseo_notices":[],"_links":{"self":[{"href":"https:\/\/blogsaverroes.juntadeandalucia.es\/iesbellavista\/wp-json\/wp\/v2\/pages\/2711"}],"collection":[{"href":"https:\/\/blogsaverroes.juntadeandalucia.es\/iesbellavista\/wp-json\/wp\/v2\/pages"}],"about":[{"href":"https:\/\/blogsaverroes.juntadeandalucia.es\/iesbellavista\/wp-json\/wp\/v2\/types\/page"}],"author":[{"embeddable":true,"href":"https:\/\/blogsaverroes.juntadeandalucia.es\/iesbellavista\/wp-json\/wp\/v2\/users\/1963"}],"replies":[{"embeddable":true,"href":"https:\/\/blogsaverroes.juntadeandalucia.es\/iesbellavista\/wp-json\/wp\/v2\/comments?post=2711"}],"version-history":[{"count":29,"href":"https:\/\/blogsaverroes.juntadeandalucia.es\/iesbellavista\/wp-json\/wp\/v2\/pages\/2711\/revisions"}],"predecessor-version":[{"id":10475,"href":"https:\/\/blogsaverroes.juntadeandalucia.es\/iesbellavista\/wp-json\/wp\/v2\/pages\/2711\/revisions\/10475"}],"wp:attachment":[{"href":"https:\/\/blogsaverroes.juntadeandalucia.es\/iesbellavista\/wp-json\/wp\/v2\/media?parent=2711"}],"curies":[{"name":"wp","href":"https:\/\/api.w.org\/{rel}","templated":true}]}}