{"id":6521,"date":"2017-05-18T00:08:48","date_gmt":"2017-05-17T22:08:48","guid":{"rendered":"http:\/\/blogsaverroes.juntadeandalucia.es\/iesbellavista\/?page_id=6521"},"modified":"2019-06-25T01:02:22","modified_gmt":"2019-06-24T23:02:22","slug":"erasmus","status":"publish","type":"page","link":"https:\/\/blogsaverroes.juntadeandalucia.es\/iesbellavista\/erasmus\/","title":{"rendered":"Erasmus +"},"content":{"rendered":"<table class=\" aligncenter\" style=\"height: 114px;width: 650px\">\n<tbody>\n<tr style=\"height: 9.75px\">\n<td style=\"width: 640.333px;height: 9.75px;background-color: #f2cb61;text-align: center;vertical-align: middle\">\n<h1><span style=\"color: #0000ff\">Erasmus + en el IES Bellavista<\/span><\/h1>\n<\/td>\n<\/tr>\n<\/tbody>\n<\/table>\n<table class=\" aligncenter\" style=\"height: 88px;width: 652px\">\n<tbody>\n<tr style=\"height: 58.9167px\">\n<td style=\"width: 629.533px;height: 58.9167px\">\n<h2 style=\"text-align: center\"><em><a href=\"http:\/\/sustainabilitychallenge.eu\"><img loading=\"lazy\" decoding=\"async\" class=\"alignnone wp-image-122\" src=\"https:\/\/iesbellavista.files.wordpress.com\/2015\/03\/manitacursor11.png\" alt=\"0manitacursor1\" width=\"24\" height=\"20\"><\/a> Web principal del Proyecto Sustainability Challenge<br \/>\n<\/em><\/h2>\n<\/td>\n<\/tr>\n<\/tbody>\n<\/table>\n<p><a href=\"https:\/\/blogsaverroes.juntadeandalucia.es\/iesbellavista\/files\/2019\/06\/Erasmus_2-1_opt.jpg\"><img loading=\"lazy\" decoding=\"async\" class=\"aligncenter wp-image-9464 size-large\" src=\"https:\/\/blogsaverroes.juntadeandalucia.es\/iesbellavista\/files\/2019\/06\/Erasmus_2-1_opt-724x1024.jpg\" alt=\"\" width=\"724\" height=\"1024\" srcset=\"https:\/\/blogsaverroes.juntadeandalucia.es\/iesbellavista\/files\/2019\/06\/Erasmus_2-1_opt-724x1024.jpg 724w, https:\/\/blogsaverroes.juntadeandalucia.es\/iesbellavista\/files\/2019\/06\/Erasmus_2-1_opt-212x300.jpg 212w, https:\/\/blogsaverroes.juntadeandalucia.es\/iesbellavista\/files\/2019\/06\/Erasmus_2-1_opt-768x1086.jpg 768w, https:\/\/blogsaverroes.juntadeandalucia.es\/iesbellavista\/files\/2019\/06\/Erasmus_2-1_opt-17x24.jpg 17w, https:\/\/blogsaverroes.juntadeandalucia.es\/iesbellavista\/files\/2019\/06\/Erasmus_2-1_opt-25x36.jpg 25w, https:\/\/blogsaverroes.juntadeandalucia.es\/iesbellavista\/files\/2019\/06\/Erasmus_2-1_opt-34x48.jpg 34w, https:\/\/blogsaverroes.juntadeandalucia.es\/iesbellavista\/files\/2019\/06\/Erasmus_2-1_opt.jpg 1131w\" sizes=\"(max-width: 724px) 100vw, 724px\" \/><\/a> <a href=\"https:\/\/blogsaverroes.juntadeandalucia.es\/iesbellavista\/files\/2019\/06\/Erasmus_2-2_opt.jpg\"><img loading=\"lazy\" decoding=\"async\" class=\"aligncenter wp-image-9456 size-large\" src=\"https:\/\/blogsaverroes.juntadeandalucia.es\/iesbellavista\/files\/2019\/06\/Erasmus_2-2_opt-724x1024.jpg\" alt=\"\" width=\"724\" height=\"1024\" srcset=\"https:\/\/blogsaverroes.juntadeandalucia.es\/iesbellavista\/files\/2019\/06\/Erasmus_2-2_opt-724x1024.jpg 724w, https:\/\/blogsaverroes.juntadeandalucia.es\/iesbellavista\/files\/2019\/06\/Erasmus_2-2_opt-212x300.jpg 212w, https:\/\/blogsaverroes.juntadeandalucia.es\/iesbellavista\/files\/2019\/06\/Erasmus_2-2_opt-768x1086.jpg 768w, https:\/\/blogsaverroes.juntadeandalucia.es\/iesbellavista\/files\/2019\/06\/Erasmus_2-2_opt-17x24.jpg 17w, https:\/\/blogsaverroes.juntadeandalucia.es\/iesbellavista\/files\/2019\/06\/Erasmus_2-2_opt-25x36.jpg 25w, https:\/\/blogsaverroes.juntadeandalucia.es\/iesbellavista\/files\/2019\/06\/Erasmus_2-2_opt-34x48.jpg 34w, https:\/\/blogsaverroes.juntadeandalucia.es\/iesbellavista\/files\/2019\/06\/Erasmus_2-2_opt.jpg 1131w\" sizes=\"(max-width: 724px) 100vw, 724px\" \/><\/a><a href=\"https:\/\/blogsaverroes.juntadeandalucia.es\/iesbellavista\/files\/2019\/06\/Erasmus_2-3_opt.jpg\"><img loading=\"lazy\" decoding=\"async\" class=\"aligncenter wp-image-9457 size-large\" src=\"https:\/\/blogsaverroes.juntadeandalucia.es\/iesbellavista\/files\/2019\/06\/Erasmus_2-3_opt-724x1024.jpg\" alt=\"\" width=\"724\" height=\"1024\" srcset=\"https:\/\/blogsaverroes.juntadeandalucia.es\/iesbellavista\/files\/2019\/06\/Erasmus_2-3_opt-724x1024.jpg 724w, https:\/\/blogsaverroes.juntadeandalucia.es\/iesbellavista\/files\/2019\/06\/Erasmus_2-3_opt-212x300.jpg 212w, https:\/\/blogsaverroes.juntadeandalucia.es\/iesbellavista\/files\/2019\/06\/Erasmus_2-3_opt-768x1086.jpg 768w, https:\/\/blogsaverroes.juntadeandalucia.es\/iesbellavista\/files\/2019\/06\/Erasmus_2-3_opt-17x24.jpg 17w, https:\/\/blogsaverroes.juntadeandalucia.es\/iesbellavista\/files\/2019\/06\/Erasmus_2-3_opt-25x36.jpg 25w, https:\/\/blogsaverroes.juntadeandalucia.es\/iesbellavista\/files\/2019\/06\/Erasmus_2-3_opt-34x48.jpg 34w, https:\/\/blogsaverroes.juntadeandalucia.es\/iesbellavista\/files\/2019\/06\/Erasmus_2-3_opt.jpg 1131w\" sizes=\"(max-width: 724px) 100vw, 724px\" \/><\/a><a href=\"https:\/\/blogsaverroes.juntadeandalucia.es\/iesbellavista\/files\/2019\/06\/Erasmus_2-4_opt.jpg\"><img loading=\"lazy\" decoding=\"async\" class=\"aligncenter wp-image-9458 size-large\" src=\"https:\/\/blogsaverroes.juntadeandalucia.es\/iesbellavista\/files\/2019\/06\/Erasmus_2-4_opt-724x1024.jpg\" alt=\"\" width=\"724\" height=\"1024\" srcset=\"https:\/\/blogsaverroes.juntadeandalucia.es\/iesbellavista\/files\/2019\/06\/Erasmus_2-4_opt-724x1024.jpg 724w, https:\/\/blogsaverroes.juntadeandalucia.es\/iesbellavista\/files\/2019\/06\/Erasmus_2-4_opt-212x300.jpg 212w, https:\/\/blogsaverroes.juntadeandalucia.es\/iesbellavista\/files\/2019\/06\/Erasmus_2-4_opt-768x1086.jpg 768w, https:\/\/blogsaverroes.juntadeandalucia.es\/iesbellavista\/files\/2019\/06\/Erasmus_2-4_opt-17x24.jpg 17w, https:\/\/blogsaverroes.juntadeandalucia.es\/iesbellavista\/files\/2019\/06\/Erasmus_2-4_opt-25x36.jpg 25w, https:\/\/blogsaverroes.juntadeandalucia.es\/iesbellavista\/files\/2019\/06\/Erasmus_2-4_opt-34x48.jpg 34w, https:\/\/blogsaverroes.juntadeandalucia.es\/iesbellavista\/files\/2019\/06\/Erasmus_2-4_opt.jpg 1131w\" sizes=\"(max-width: 724px) 100vw, 724px\" \/><\/a><a href=\"https:\/\/blogsaverroes.juntadeandalucia.es\/iesbellavista\/files\/2019\/06\/Erasmus_2-5_opt.jpg\"><img loading=\"lazy\" decoding=\"async\" class=\"aligncenter wp-image-9459 size-large\" src=\"https:\/\/blogsaverroes.juntadeandalucia.es\/iesbellavista\/files\/2019\/06\/Erasmus_2-5_opt-724x1024.jpg\" alt=\"\" width=\"724\" height=\"1024\" srcset=\"https:\/\/blogsaverroes.juntadeandalucia.es\/iesbellavista\/files\/2019\/06\/Erasmus_2-5_opt-724x1024.jpg 724w, https:\/\/blogsaverroes.juntadeandalucia.es\/iesbellavista\/files\/2019\/06\/Erasmus_2-5_opt-212x300.jpg 212w, https:\/\/blogsaverroes.juntadeandalucia.es\/iesbellavista\/files\/2019\/06\/Erasmus_2-5_opt-768x1086.jpg 768w, https:\/\/blogsaverroes.juntadeandalucia.es\/iesbellavista\/files\/2019\/06\/Erasmus_2-5_opt-17x24.jpg 17w, https:\/\/blogsaverroes.juntadeandalucia.es\/iesbellavista\/files\/2019\/06\/Erasmus_2-5_opt-25x36.jpg 25w, https:\/\/blogsaverroes.juntadeandalucia.es\/iesbellavista\/files\/2019\/06\/Erasmus_2-5_opt-34x48.jpg 34w, https:\/\/blogsaverroes.juntadeandalucia.es\/iesbellavista\/files\/2019\/06\/Erasmus_2-5_opt.jpg 1131w\" sizes=\"(max-width: 724px) 100vw, 724px\" \/><\/a><a href=\"https:\/\/blogsaverroes.juntadeandalucia.es\/iesbellavista\/files\/2019\/06\/Erasmus_2-6_opt.jpg\"><img loading=\"lazy\" decoding=\"async\" class=\"aligncenter wp-image-9460 size-large\" src=\"https:\/\/blogsaverroes.juntadeandalucia.es\/iesbellavista\/files\/2019\/06\/Erasmus_2-6_opt-724x1024.jpg\" alt=\"\" width=\"724\" height=\"1024\" srcset=\"https:\/\/blogsaverroes.juntadeandalucia.es\/iesbellavista\/files\/2019\/06\/Erasmus_2-6_opt-724x1024.jpg 724w, https:\/\/blogsaverroes.juntadeandalucia.es\/iesbellavista\/files\/2019\/06\/Erasmus_2-6_opt-212x300.jpg 212w, https:\/\/blogsaverroes.juntadeandalucia.es\/iesbellavista\/files\/2019\/06\/Erasmus_2-6_opt-768x1086.jpg 768w, https:\/\/blogsaverroes.juntadeandalucia.es\/iesbellavista\/files\/2019\/06\/Erasmus_2-6_opt-17x24.jpg 17w, https:\/\/blogsaverroes.juntadeandalucia.es\/iesbellavista\/files\/2019\/06\/Erasmus_2-6_opt-25x36.jpg 25w, https:\/\/blogsaverroes.juntadeandalucia.es\/iesbellavista\/files\/2019\/06\/Erasmus_2-6_opt-34x48.jpg 34w, https:\/\/blogsaverroes.juntadeandalucia.es\/iesbellavista\/files\/2019\/06\/Erasmus_2-6_opt.jpg 1131w\" sizes=\"(max-width: 724px) 100vw, 724px\" \/><\/a><a href=\"https:\/\/blogsaverroes.juntadeandalucia.es\/iesbellavista\/files\/2019\/06\/Erasmus_2-7_opt.jpg\"><img loading=\"lazy\" decoding=\"async\" class=\"aligncenter wp-image-9461 size-large\" src=\"https:\/\/blogsaverroes.juntadeandalucia.es\/iesbellavista\/files\/2019\/06\/Erasmus_2-7_opt-724x1024.jpg\" alt=\"\" width=\"724\" height=\"1024\" srcset=\"https:\/\/blogsaverroes.juntadeandalucia.es\/iesbellavista\/files\/2019\/06\/Erasmus_2-7_opt-724x1024.jpg 724w, https:\/\/blogsaverroes.juntadeandalucia.es\/iesbellavista\/files\/2019\/06\/Erasmus_2-7_opt-212x300.jpg 212w, https:\/\/blogsaverroes.juntadeandalucia.es\/iesbellavista\/files\/2019\/06\/Erasmus_2-7_opt-768x1086.jpg 768w, https:\/\/blogsaverroes.juntadeandalucia.es\/iesbellavista\/files\/2019\/06\/Erasmus_2-7_opt-17x24.jpg 17w, https:\/\/blogsaverroes.juntadeandalucia.es\/iesbellavista\/files\/2019\/06\/Erasmus_2-7_opt-25x36.jpg 25w, https:\/\/blogsaverroes.juntadeandalucia.es\/iesbellavista\/files\/2019\/06\/Erasmus_2-7_opt-34x48.jpg 34w, https:\/\/blogsaverroes.juntadeandalucia.es\/iesbellavista\/files\/2019\/06\/Erasmus_2-7_opt.jpg 1131w\" sizes=\"(max-width: 724px) 100vw, 724px\" \/><\/a> <a href=\"https:\/\/blogsaverroes.juntadeandalucia.es\/iesbellavista\/files\/2019\/06\/Erasmus_2-8_opt.jpg\"><img loading=\"lazy\" decoding=\"async\" class=\"aligncenter wp-image-9462 size-large\" src=\"https:\/\/blogsaverroes.juntadeandalucia.es\/iesbellavista\/files\/2019\/06\/Erasmus_2-8_opt-724x1024.jpg\" alt=\"\" width=\"724\" height=\"1024\" srcset=\"https:\/\/blogsaverroes.juntadeandalucia.es\/iesbellavista\/files\/2019\/06\/Erasmus_2-8_opt-724x1024.jpg 724w, https:\/\/blogsaverroes.juntadeandalucia.es\/iesbellavista\/files\/2019\/06\/Erasmus_2-8_opt-212x300.jpg 212w, https:\/\/blogsaverroes.juntadeandalucia.es\/iesbellavista\/files\/2019\/06\/Erasmus_2-8_opt-768x1086.jpg 768w, https:\/\/blogsaverroes.juntadeandalucia.es\/iesbellavista\/files\/2019\/06\/Erasmus_2-8_opt-17x24.jpg 17w, https:\/\/blogsaverroes.juntadeandalucia.es\/iesbellavista\/files\/2019\/06\/Erasmus_2-8_opt-25x36.jpg 25w, https:\/\/blogsaverroes.juntadeandalucia.es\/iesbellavista\/files\/2019\/06\/Erasmus_2-8_opt-34x48.jpg 34w, https:\/\/blogsaverroes.juntadeandalucia.es\/iesbellavista\/files\/2019\/06\/Erasmus_2-8_opt.jpg 1131w\" sizes=\"(max-width: 724px) 100vw, 724px\" \/><\/a><a href=\"https:\/\/blogsaverroes.juntadeandalucia.es\/iesbellavista\/files\/2019\/06\/Erasmus_2-9_opt.jpg\"><img loading=\"lazy\" decoding=\"async\" class=\"aligncenter wp-image-9463 size-large\" src=\"https:\/\/blogsaverroes.juntadeandalucia.es\/iesbellavista\/files\/2019\/06\/Erasmus_2-9_opt-724x1024.jpg\" alt=\"\" width=\"724\" height=\"1024\" srcset=\"https:\/\/blogsaverroes.juntadeandalucia.es\/iesbellavista\/files\/2019\/06\/Erasmus_2-9_opt-724x1024.jpg 724w, https:\/\/blogsaverroes.juntadeandalucia.es\/iesbellavista\/files\/2019\/06\/Erasmus_2-9_opt-212x300.jpg 212w, https:\/\/blogsaverroes.juntadeandalucia.es\/iesbellavista\/files\/2019\/06\/Erasmus_2-9_opt-768x1086.jpg 768w, https:\/\/blogsaverroes.juntadeandalucia.es\/iesbellavista\/files\/2019\/06\/Erasmus_2-9_opt-17x24.jpg 17w, https:\/\/blogsaverroes.juntadeandalucia.es\/iesbellavista\/files\/2019\/06\/Erasmus_2-9_opt-25x36.jpg 25w, https:\/\/blogsaverroes.juntadeandalucia.es\/iesbellavista\/files\/2019\/06\/Erasmus_2-9_opt-34x48.jpg 34w, https:\/\/blogsaverroes.juntadeandalucia.es\/iesbellavista\/files\/2019\/06\/Erasmus_2-9_opt.jpg 1131w\" sizes=\"(max-width: 724px) 100vw, 724px\" \/><\/a><\/p>\n<p>&nbsp;<\/p>\n<table class=\" aligncenter\" style=\"height: 211px\" width=\"607\">\n<tbody>\n<tr style=\"height: 65px\">\n<td style=\"width: 597.333px;height: 65px;text-align: left\">\n<h3><em><a href=\"https:\/\/blogsaverroes.juntadeandalucia.es\/iesbellavista\/files\/2019\/06\/Presentacion-21nov.pdf\"><img loading=\"lazy\" decoding=\"async\" class=\"alignnone wp-image-122\" src=\"https:\/\/iesbellavista.files.wordpress.com\/2015\/03\/manitacursor11.png\" alt=\"0manitacursor1\" width=\"24\" height=\"20\"><\/a> Presentaci\u00f3n del Proyecto<br \/>\n<\/em><\/h3>\n<\/td>\n<\/tr>\n<tr style=\"height: 65px\">\n<td style=\"width: 597.333px;height: 65px;text-align: left\">\n<h3><em><a href=\"https:\/\/blogsaverroes.juntadeandalucia.es\/iesbellavista\/files\/2019\/06\/The-sustainability-challenge-broshure.pdf\"><img loading=\"lazy\" decoding=\"async\" class=\"alignnone wp-image-122\" src=\"https:\/\/iesbellavista.files.wordpress.com\/2015\/03\/manitacursor11.png\" alt=\"0manitacursor1\" width=\"24\" height=\"20\"><\/a> Folleto informativo del Proyecto<br \/>\n<\/em><\/h3>\n<\/td>\n<\/tr>\n<tr style=\"height: 65px\">\n<td style=\"width: 597.333px;height: 65px;text-align: left\">\n<h3><em><a href=\"https:\/\/blogsaverroes.juntadeandalucia.es\/iesbellavista\/files\/2019\/06\/Articulo-Ingles.pdf\"><img loading=\"lazy\" decoding=\"async\" class=\"alignnone wp-image-122\" src=\"https:\/\/iesbellavista.files.wordpress.com\/2015\/03\/manitacursor11.png\" alt=\"0manitacursor1\" width=\"24\" height=\"20\"><\/a> Art\u00edculo cient\u00edfico del proyecto (en ingl\u00e9s)<br \/>\n<\/em><\/h3>\n<\/td>\n<\/tr>\n<tr style=\"height: 65px\">\n<td style=\"width: 597.333px;height: 65px;text-align: left\">\n<h3><em><a href=\"https:\/\/www.youtube.com\/watch?v=6p9YBYu0PoA\"><img loading=\"lazy\" decoding=\"async\" class=\"alignnone wp-image-122\" src=\"https:\/\/iesbellavista.files.wordpress.com\/2015\/03\/manitacursor11.png\" alt=\"0manitacursor1\" width=\"24\" height=\"20\"><\/a> V\u00eddeo del Proyecto <\/em><em>Sustainability Challenge<\/em><\/h3>\n<\/td>\n<\/tr>\n<tr style=\"height: 57.6162px\">\n<td style=\"width: 597.333px;height: 57.6162px;text-align: left\">\n<h3><em><a href=\"https:\/\/www.instagram.com\/the_sustainabilitychallenge\/?hl=es\"><img loading=\"lazy\" decoding=\"async\" class=\"alignnone wp-image-122\" src=\"https:\/\/iesbellavista.files.wordpress.com\/2015\/03\/manitacursor11.png\" alt=\"0manitacursor1\" width=\"24\" height=\"20\"><\/a> Instagram del Proyecto Sustainability Challenge<\/em><\/h3>\n<\/td>\n<\/tr>\n<\/tbody>\n<\/table>\n<p>&nbsp;<\/p>\nngg_shortcode_0_placeholder\n<p>&nbsp;<\/p>\n<p><a href=\"https:\/\/blogsaverroes.juntadeandalucia.es\/iesbellavista\/files\/2018\/04\/file1.jpeg\"><img loading=\"lazy\" decoding=\"async\" class=\"aligncenter wp-image-7693\" src=\"https:\/\/blogsaverroes.juntadeandalucia.es\/iesbellavista\/files\/2018\/04\/file1.jpeg\" alt=\"\" width=\"822\" height=\"475\" srcset=\"https:\/\/blogsaverroes.juntadeandalucia.es\/iesbellavista\/files\/2018\/04\/file1.jpeg 729w, https:\/\/blogsaverroes.juntadeandalucia.es\/iesbellavista\/files\/2018\/04\/file1-300x173.jpeg 300w, https:\/\/blogsaverroes.juntadeandalucia.es\/iesbellavista\/files\/2018\/04\/file1-24x14.jpeg 24w, https:\/\/blogsaverroes.juntadeandalucia.es\/iesbellavista\/files\/2018\/04\/file1-36x21.jpeg 36w, https:\/\/blogsaverroes.juntadeandalucia.es\/iesbellavista\/files\/2018\/04\/file1-48x28.jpeg 48w\" sizes=\"(max-width: 822px) 100vw, 822px\" \/><\/a><\/p>\n<p><a href=\"https:\/\/blogsaverroes.juntadeandalucia.es\/iesbellavista\/files\/2018\/04\/file-2.jpeg\"><img loading=\"lazy\" decoding=\"async\" class=\"aligncenter wp-image-7694\" src=\"https:\/\/blogsaverroes.juntadeandalucia.es\/iesbellavista\/files\/2018\/04\/file-2.jpeg\" alt=\"\" width=\"833\" height=\"470\" srcset=\"https:\/\/blogsaverroes.juntadeandalucia.es\/iesbellavista\/files\/2018\/04\/file-2.jpeg 750w, https:\/\/blogsaverroes.juntadeandalucia.es\/iesbellavista\/files\/2018\/04\/file-2-300x169.jpeg 300w, https:\/\/blogsaverroes.juntadeandalucia.es\/iesbellavista\/files\/2018\/04\/file-2-24x14.jpeg 24w, https:\/\/blogsaverroes.juntadeandalucia.es\/iesbellavista\/files\/2018\/04\/file-2-36x20.jpeg 36w, https:\/\/blogsaverroes.juntadeandalucia.es\/iesbellavista\/files\/2018\/04\/file-2-48x27.jpeg 48w\" sizes=\"(max-width: 833px) 100vw, 833px\" \/><\/a><\/p>\n<table class=\" aligncenter\" style=\"height: 180px;width: 678px\">\n<tbody>\n<tr style=\"height: 13.0167px\">\n<td style=\"width: 667px;height: 13.0167px\">\n<h3 style=\"text-align: left\"><em><a href=\"https:\/\/blogsaverroes.juntadeandalucia.es\/iesbellavista\/files\/2018\/04\/Criterios-evaluaci\u00f3n-prueba-de-ingl\u00e9s-Erasmus.pdf\"><img loading=\"lazy\" decoding=\"async\" class=\"alignnone wp-image-122\" src=\"https:\/\/iesbellavista.files.wordpress.com\/2015\/03\/manitacursor11.png\" alt=\"0manitacursor1\" width=\"24\" height=\"20\"><\/a> Criterios de Evaluaci\u00f3n Prueba de Ingl\u00e9s<\/em><\/h3>\n<\/td>\n<\/tr>\n<tr style=\"height: 26px\">\n<td style=\"width: 667px;text-align: left;height: 26px\">\n<h3><em><a href=\"https:\/\/blogsaverroes.juntadeandalucia.es\/iesbellavista\/files\/2018\/04\/Criterios-Evaluaci\u00f3n-Prueba-Idoneidad-Erasmus.pdf\"><img loading=\"lazy\" decoding=\"async\" class=\"alignnone wp-image-122\" src=\"https:\/\/iesbellavista.files.wordpress.com\/2015\/03\/manitacursor11.png\" alt=\"0manitacursor1\" width=\"24\" height=\"20\"><\/a> Cristerios de Evaluaci\u00f3n Prueba de Idoneidad<\/em><\/h3>\n<\/td>\n<\/tr>\n<\/tbody>\n<\/table>\n<p><a href=\"https:\/\/blogsaverroes.juntadeandalucia.es\/iesbellavista\/files\/2018\/04\/file1.png\"><img loading=\"lazy\" decoding=\"async\" class=\"aligncenter wp-image-7680\" src=\"https:\/\/blogsaverroes.juntadeandalucia.es\/iesbellavista\/files\/2018\/04\/file1.png\" alt=\"\" width=\"838\" height=\"471\" srcset=\"https:\/\/blogsaverroes.juntadeandalucia.es\/iesbellavista\/files\/2018\/04\/file1.png 1334w, https:\/\/blogsaverroes.juntadeandalucia.es\/iesbellavista\/files\/2018\/04\/file1-300x169.png 300w, https:\/\/blogsaverroes.juntadeandalucia.es\/iesbellavista\/files\/2018\/04\/file1-768x432.png 768w, https:\/\/blogsaverroes.juntadeandalucia.es\/iesbellavista\/files\/2018\/04\/file1-1024x576.png 1024w, https:\/\/blogsaverroes.juntadeandalucia.es\/iesbellavista\/files\/2018\/04\/file1-24x13.png 24w, https:\/\/blogsaverroes.juntadeandalucia.es\/iesbellavista\/files\/2018\/04\/file1-36x20.png 36w, https:\/\/blogsaverroes.juntadeandalucia.es\/iesbellavista\/files\/2018\/04\/file1-48x27.png 48w\" sizes=\"(max-width: 838px) 100vw, 838px\" \/><\/a><\/p>\n<p><a href=\"https:\/\/blogsaverroes.juntadeandalucia.es\/iesbellavista\/files\/2018\/04\/file.png\"><img loading=\"lazy\" decoding=\"async\" class=\"aligncenter wp-image-7679\" src=\"https:\/\/blogsaverroes.juntadeandalucia.es\/iesbellavista\/files\/2018\/04\/file.png\" alt=\"\" width=\"836\" height=\"470\" srcset=\"https:\/\/blogsaverroes.juntadeandalucia.es\/iesbellavista\/files\/2018\/04\/file.png 1334w, https:\/\/blogsaverroes.juntadeandalucia.es\/iesbellavista\/files\/2018\/04\/file-300x169.png 300w, https:\/\/blogsaverroes.juntadeandalucia.es\/iesbellavista\/files\/2018\/04\/file-768x432.png 768w, https:\/\/blogsaverroes.juntadeandalucia.es\/iesbellavista\/files\/2018\/04\/file-1024x576.png 1024w, https:\/\/blogsaverroes.juntadeandalucia.es\/iesbellavista\/files\/2018\/04\/file-24x13.png 24w, https:\/\/blogsaverroes.juntadeandalucia.es\/iesbellavista\/files\/2018\/04\/file-36x20.png 36w, https:\/\/blogsaverroes.juntadeandalucia.es\/iesbellavista\/files\/2018\/04\/file-48x27.png 48w\" sizes=\"(max-width: 836px) 100vw, 836px\" \/><\/a><\/p>\n<p><a href=\"https:\/\/blogsaverroes.juntadeandalucia.es\/iesbellavista\/files\/2018\/02\/Erasmus1.jpeg\"><img loading=\"lazy\" decoding=\"async\" class=\"aligncenter wp-image-7293\" src=\"https:\/\/blogsaverroes.juntadeandalucia.es\/iesbellavista\/files\/2018\/02\/Erasmus1.jpeg\" alt=\"\" width=\"555\" height=\"553\" srcset=\"https:\/\/blogsaverroes.juntadeandalucia.es\/iesbellavista\/files\/2018\/02\/Erasmus1.jpeg 750w, https:\/\/blogsaverroes.juntadeandalucia.es\/iesbellavista\/files\/2018\/02\/Erasmus1-150x150.jpeg 150w, https:\/\/blogsaverroes.juntadeandalucia.es\/iesbellavista\/files\/2018\/02\/Erasmus1-300x300.jpeg 300w, https:\/\/blogsaverroes.juntadeandalucia.es\/iesbellavista\/files\/2018\/02\/Erasmus1-100x100.jpeg 100w, https:\/\/blogsaverroes.juntadeandalucia.es\/iesbellavista\/files\/2018\/02\/Erasmus1-160x160.jpeg 160w, https:\/\/blogsaverroes.juntadeandalucia.es\/iesbellavista\/files\/2018\/02\/Erasmus1-320x320.jpeg 320w, https:\/\/blogsaverroes.juntadeandalucia.es\/iesbellavista\/files\/2018\/02\/Erasmus1-24x24.jpeg 24w, https:\/\/blogsaverroes.juntadeandalucia.es\/iesbellavista\/files\/2018\/02\/Erasmus1-36x36.jpeg 36w, https:\/\/blogsaverroes.juntadeandalucia.es\/iesbellavista\/files\/2018\/02\/Erasmus1-48x48.jpeg 48w\" sizes=\"(max-width: 555px) 100vw, 555px\" \/><\/a><\/p>\n<hr>\n<p><a href=\"https:\/\/blogsaverroes.juntadeandalucia.es\/iesbellavista\/files\/2018\/02\/file.jpeg\"><img loading=\"lazy\" decoding=\"async\" class=\"aligncenter size-full wp-image-7267\" src=\"https:\/\/blogsaverroes.juntadeandalucia.es\/iesbellavista\/files\/2018\/02\/file.jpeg\" alt=\"\" width=\"726\" height=\"403\" srcset=\"https:\/\/blogsaverroes.juntadeandalucia.es\/iesbellavista\/files\/2018\/02\/file.jpeg 726w, https:\/\/blogsaverroes.juntadeandalucia.es\/iesbellavista\/files\/2018\/02\/file-300x167.jpeg 300w, https:\/\/blogsaverroes.juntadeandalucia.es\/iesbellavista\/files\/2018\/02\/file-24x13.jpeg 24w, https:\/\/blogsaverroes.juntadeandalucia.es\/iesbellavista\/files\/2018\/02\/file-36x20.jpeg 36w, https:\/\/blogsaverroes.juntadeandalucia.es\/iesbellavista\/files\/2018\/02\/file-48x27.jpeg 48w\" sizes=\"(max-width: 726px) 100vw, 726px\" \/><\/a><\/p>\n<hr>\n<p style=\"text-align: justify\">El IES Bellavista participa durante los cursos 2017-18 y 2018-19 en el Proyecto Erasmus Plus&nbsp;\u201cThe sustainability challenge \u2013 travelling, eating, living and performing activities within a carbondioxide quota\u201d con el&nbsp; centro&nbsp;Aniaragymnasiet de Gotemburgo, Suecia.<\/p>\n<ul>\n<li><em><a href=\"https:\/\/blogsaverroes.juntadeandalucia.es\/iesbellavista\/files\/2018\/02\/Criterios-prueba-proyecto-cient\u00edfico.pdf\"><img loading=\"lazy\" decoding=\"async\" class=\"alignnone wp-image-122\" src=\"https:\/\/iesbellavista.files.wordpress.com\/2015\/03\/manitacursor11.png\" alt=\"0manitacursor1\" width=\"24\" height=\"20\"><\/a> Criterios Prueba Proyecto Cient\u00edfico<br \/>\n<\/em><\/li>\n<li><em><a href=\"https:\/\/blogsaverroes.juntadeandalucia.es\/iesbellavista\/files\/2018\/02\/Presentacion-familias-21-nov-2017.pdf\"><img loading=\"lazy\" decoding=\"async\" class=\"alignnone wp-image-122\" src=\"https:\/\/iesbellavista.files.wordpress.com\/2015\/03\/manitacursor11.png\" alt=\"0manitacursor1\" width=\"24\" height=\"20\"><\/a> Presentaci\u00f3n familias 21\/11\/2017<br \/>\n<\/em><\/li>\n<li><em><a href=\"https:\/\/blogsaverroes.juntadeandalucia.es\/iesbellavista\/files\/2018\/02\/Proyecto-cient\u00edfico-enunciado-trabajo-individual.pdf\"><img loading=\"lazy\" decoding=\"async\" class=\"alignnone wp-image-122\" src=\"https:\/\/iesbellavista.files.wordpress.com\/2015\/03\/manitacursor11.png\" alt=\"0manitacursor1\" width=\"24\" height=\"20\"><\/a> Proyecto Cient\u00edfico &#8211; Enunciado Trabajo Individual<br \/>\n<\/em><\/li>\n<\/ul>\n<hr>\n<p>&nbsp;<\/p>\n<p style=\"text-align: justify\">El IES Bellavista form\u00f3 parte del proyecto Erasmus + \u00abBy train training through Europe towards sustainability\u00bb con otro cuatro pa\u00edses europeos durante los cursos 2015\/16 y 2016\/17.<\/p>\n<table class=\" aligncenter\" style=\"height: 68px;width: 610px\">\n<tbody>\n<tr style=\"height: 37.9167px\">\n<td style=\"width: 600.333px;height: 37.9167px;background-color: #ffffff;text-align: center;vertical-align: middle\">\n<h3><em>&nbsp;<img loading=\"lazy\" decoding=\"async\" class=\"alignnone wp-image-122\" src=\"https:\/\/iesbellavista.files.wordpress.com\/2015\/03\/manitacursor11.png\" alt=\"0manitacursor1\" width=\"24\" height=\"20\">&nbsp; <a href=\"http:\/\/erasmusplusbellavista.blogspot.com.es\">Entra en el blog de nuestro Erasmus +<\/a>&nbsp; <img loading=\"lazy\" decoding=\"async\" class=\"alignnone wp-image-122\" src=\"https:\/\/iesbellavista.files.wordpress.com\/2015\/03\/manitacursor11.png\" alt=\"0manitacursor1\" width=\"24\" height=\"20\"><\/em><\/h3>\n<\/td>\n<\/tr>\n<\/tbody>\n<\/table>\n<h2 style=\"text-align: center\">Presentaciones<\/h2>\n<table class=\" aligncenter\" style=\"height: 1242px;width: 652px\">\n<tbody>\n<tr style=\"height: 22px\">\n<td style=\"width: 300.617px;height: 22px;background-color: #f2cb61;text-align: center\"><strong><span style=\"color: #0000ff\">Erasmus en el IES Bellavista<\/span><\/strong><\/td>\n<td style=\"width: 18.8333px;height: 22px;background-color: #ffffff\">&nbsp;<\/td>\n<td style=\"width: 307.217px;height: 22px;background-color: #f2cb61;text-align: center\"><strong><span style=\"color: #0000ff\">By train Sevilla-Goteborg<\/span><\/strong><\/td>\n<\/tr>\n<tr style=\"height: 190px\">\n<td style=\"width: 300.617px;height: 190px\"><a href=\"https:\/\/blogsaverroes.juntadeandalucia.es\/iesbellavista\/files\/2017\/05\/13-Introducci\u00f3n.pdf\"><img loading=\"lazy\" decoding=\"async\" class=\"aligncenter size-full wp-image-6524\" src=\"https:\/\/blogsaverroes.juntadeandalucia.es\/iesbellavista\/files\/2017\/05\/13-introducci\u00f3n.jpg\" alt=\"\" width=\"857\" height=\"500\" srcset=\"https:\/\/blogsaverroes.juntadeandalucia.es\/iesbellavista\/files\/2017\/05\/13-introducci\u00f3n.jpg 857w, https:\/\/blogsaverroes.juntadeandalucia.es\/iesbellavista\/files\/2017\/05\/13-introducci\u00f3n-300x175.jpg 300w, https:\/\/blogsaverroes.juntadeandalucia.es\/iesbellavista\/files\/2017\/05\/13-introducci\u00f3n-768x448.jpg 768w, https:\/\/blogsaverroes.juntadeandalucia.es\/iesbellavista\/files\/2017\/05\/13-introducci\u00f3n-24x14.jpg 24w, https:\/\/blogsaverroes.juntadeandalucia.es\/iesbellavista\/files\/2017\/05\/13-introducci\u00f3n-36x21.jpg 36w, https:\/\/blogsaverroes.juntadeandalucia.es\/iesbellavista\/files\/2017\/05\/13-introducci\u00f3n-48x28.jpg 48w\" sizes=\"(max-width: 857px) 100vw, 857px\" \/><\/a><\/td>\n<td style=\"width: 18.8333px;height: 190px\">&nbsp;<\/td>\n<td style=\"width: 307.217px;height: 190px\"><a href=\"https:\/\/blogsaverroes.juntadeandalucia.es\/iesbellavista\/files\/2017\/05\/13-guia-de-viaje.pdf\"><img loading=\"lazy\" decoding=\"async\" class=\"aligncenter size-full wp-image-6523\" src=\"https:\/\/blogsaverroes.juntadeandalucia.es\/iesbellavista\/files\/2017\/05\/13-gu\u00eda-de-viaje.jpg\" alt=\"\" width=\"897\" height=\"500\" srcset=\"https:\/\/blogsaverroes.juntadeandalucia.es\/iesbellavista\/files\/2017\/05\/13-gu\u00eda-de-viaje.jpg 897w, https:\/\/blogsaverroes.juntadeandalucia.es\/iesbellavista\/files\/2017\/05\/13-gu\u00eda-de-viaje-300x167.jpg 300w, https:\/\/blogsaverroes.juntadeandalucia.es\/iesbellavista\/files\/2017\/05\/13-gu\u00eda-de-viaje-768x428.jpg 768w, https:\/\/blogsaverroes.juntadeandalucia.es\/iesbellavista\/files\/2017\/05\/13-gu\u00eda-de-viaje-24x13.jpg 24w, https:\/\/blogsaverroes.juntadeandalucia.es\/iesbellavista\/files\/2017\/05\/13-gu\u00eda-de-viaje-36x20.jpg 36w, https:\/\/blogsaverroes.juntadeandalucia.es\/iesbellavista\/files\/2017\/05\/13-gu\u00eda-de-viaje-48x27.jpg 48w\" sizes=\"(max-width: 897px) 100vw, 897px\" \/><\/a><\/td>\n<\/tr>\n<tr style=\"height: 30px\">\n<td style=\"width: 300.617px;height: 30px;background-color: #f2cb61;text-align: center\">&nbsp;<span style=\"color: #0000ff\"><strong>La huella ecol\u00f3gica del turismo<\/strong><\/span><\/td>\n<td style=\"width: 18.8333px;height: 30px;background-color: #ffffff\">&nbsp;<\/td>\n<td style=\"width: 307.217px;height: 30px;background-color: #f2cb61;text-align: center\"><strong><span style=\"color: #0000ff\">Bergamo: Environment and Tourism<\/span><\/strong><\/td>\n<\/tr>\n<tr style=\"height: 2px\">\n<td style=\"width: 300.617px;height: 2px\"><a href=\"https:\/\/blogsaverroes.juntadeandalucia.es\/iesbellavista\/files\/2017\/05\/1-a-43-La-huella-dejada-por-el-turismo.pdf\"><img loading=\"lazy\" decoding=\"async\" class=\"aligncenter size-full wp-image-6522\" src=\"https:\/\/blogsaverroes.juntadeandalucia.es\/iesbellavista\/files\/2017\/05\/1-43-la-huella-dejada-por-el-turismo.jpg\" alt=\"\" width=\"888\" height=\"500\" srcset=\"https:\/\/blogsaverroes.juntadeandalucia.es\/iesbellavista\/files\/2017\/05\/1-43-la-huella-dejada-por-el-turismo.jpg 888w, https:\/\/blogsaverroes.juntadeandalucia.es\/iesbellavista\/files\/2017\/05\/1-43-la-huella-dejada-por-el-turismo-300x169.jpg 300w, https:\/\/blogsaverroes.juntadeandalucia.es\/iesbellavista\/files\/2017\/05\/1-43-la-huella-dejada-por-el-turismo-768x432.jpg 768w, https:\/\/blogsaverroes.juntadeandalucia.es\/iesbellavista\/files\/2017\/05\/1-43-la-huella-dejada-por-el-turismo-24x14.jpg 24w, https:\/\/blogsaverroes.juntadeandalucia.es\/iesbellavista\/files\/2017\/05\/1-43-la-huella-dejada-por-el-turismo-36x20.jpg 36w, https:\/\/blogsaverroes.juntadeandalucia.es\/iesbellavista\/files\/2017\/05\/1-43-la-huella-dejada-por-el-turismo-48x27.jpg 48w\" sizes=\"(max-width: 888px) 100vw, 888px\" \/><\/a><\/td>\n<td style=\"width: 18.8333px;height: 2px\">&nbsp;<\/td>\n<td style=\"width: 307.217px;height: 2px\"><a href=\"https:\/\/blogsaverroes.juntadeandalucia.es\/iesbellavista\/files\/2017\/05\/31-ITA-Bergamo-The-footprint-left-by-tourism.pdf\"><img loading=\"lazy\" decoding=\"async\" class=\"aligncenter wp-image-6525\" src=\"https:\/\/blogsaverroes.juntadeandalucia.es\/iesbellavista\/files\/2017\/05\/31-B\u00e9rgamo.jpg\" alt=\"\" width=\"261\" height=\"189\" srcset=\"https:\/\/blogsaverroes.juntadeandalucia.es\/iesbellavista\/files\/2017\/05\/31-B\u00e9rgamo.jpg 691w, https:\/\/blogsaverroes.juntadeandalucia.es\/iesbellavista\/files\/2017\/05\/31-B\u00e9rgamo-300x217.jpg 300w, https:\/\/blogsaverroes.juntadeandalucia.es\/iesbellavista\/files\/2017\/05\/31-B\u00e9rgamo-24x17.jpg 24w, https:\/\/blogsaverroes.juntadeandalucia.es\/iesbellavista\/files\/2017\/05\/31-B\u00e9rgamo-36x26.jpg 36w, https:\/\/blogsaverroes.juntadeandalucia.es\/iesbellavista\/files\/2017\/05\/31-B\u00e9rgamo-48x35.jpg 48w\" sizes=\"(max-width: 261px) 100vw, 261px\" \/><\/a><\/td>\n<\/tr>\n<tr style=\"height: 24px\">\n<td style=\"width: 300.617px;height: 24px;background-color: #f2cb61;text-align: center\"><strong><span style=\"color: #0000ff\">The state of the water<\/span><\/strong><\/td>\n<td style=\"width: 18.8333px;height: 24px;background-color: #ffffff\">&nbsp;<\/td>\n<td style=\"width: 307.217px;height: 24px;background-color: #f2cb61;text-align: center\">&nbsp;<span style=\"color: #0000ff\"><strong>Air pollution<\/strong><\/span><\/td>\n<\/tr>\n<tr style=\"height: 24px\">\n<td style=\"width: 300.617px;height: 24px\"><a href=\"https:\/\/blogsaverroes.juntadeandalucia.es\/iesbellavista\/files\/2017\/05\/31-The-State-of-the-water.jpg\"><img loading=\"lazy\" decoding=\"async\" class=\"aligncenter size-full wp-image-6526\" src=\"https:\/\/blogsaverroes.juntadeandalucia.es\/iesbellavista\/files\/2017\/05\/31-The-State-of-the-water.jpg\" alt=\"\" width=\"809\" height=\"500\" srcset=\"https:\/\/blogsaverroes.juntadeandalucia.es\/iesbellavista\/files\/2017\/05\/31-The-State-of-the-water.jpg 809w, https:\/\/blogsaverroes.juntadeandalucia.es\/iesbellavista\/files\/2017\/05\/31-The-State-of-the-water-300x185.jpg 300w, https:\/\/blogsaverroes.juntadeandalucia.es\/iesbellavista\/files\/2017\/05\/31-The-State-of-the-water-768x475.jpg 768w, https:\/\/blogsaverroes.juntadeandalucia.es\/iesbellavista\/files\/2017\/05\/31-The-State-of-the-water-24x15.jpg 24w, https:\/\/blogsaverroes.juntadeandalucia.es\/iesbellavista\/files\/2017\/05\/31-The-State-of-the-water-36x22.jpg 36w, https:\/\/blogsaverroes.juntadeandalucia.es\/iesbellavista\/files\/2017\/05\/31-The-State-of-the-water-48x30.jpg 48w\" sizes=\"(max-width: 809px) 100vw, 809px\" \/><\/a><\/td>\n<td style=\"width: 18.8333px;height: 24px\">&nbsp;<\/td>\n<td style=\"width: 307.217px;height: 24px\"><a href=\"https:\/\/blogsaverroes.juntadeandalucia.es\/iesbellavista\/files\/2017\/05\/35-Air-Pollution.pdf\"><img loading=\"lazy\" decoding=\"async\" class=\"aligncenter wp-image-6527\" src=\"https:\/\/blogsaverroes.juntadeandalucia.es\/iesbellavista\/files\/2017\/05\/35-Air-Pollution.jpg\" alt=\"\" width=\"277\" height=\"200\" srcset=\"https:\/\/blogsaverroes.juntadeandalucia.es\/iesbellavista\/files\/2017\/05\/35-Air-Pollution.jpg 693w, https:\/\/blogsaverroes.juntadeandalucia.es\/iesbellavista\/files\/2017\/05\/35-Air-Pollution-300x216.jpg 300w, https:\/\/blogsaverroes.juntadeandalucia.es\/iesbellavista\/files\/2017\/05\/35-Air-Pollution-24x17.jpg 24w, https:\/\/blogsaverroes.juntadeandalucia.es\/iesbellavista\/files\/2017\/05\/35-Air-Pollution-36x26.jpg 36w, https:\/\/blogsaverroes.juntadeandalucia.es\/iesbellavista\/files\/2017\/05\/35-Air-Pollution-48x35.jpg 48w\" sizes=\"(max-width: 277px) 100vw, 277px\" \/><\/a><\/td>\n<\/tr>\n<tr style=\"height: 24px\">\n<td style=\"width: 300.617px;height: 24px;background-color: #f2cb61;text-align: center\">&nbsp;<span style=\"color: #0000ff\"><strong>Choral diary september<\/strong><\/span><\/td>\n<td style=\"width: 18.8333px;height: 24px;background-color: #ffffff\">&nbsp;<\/td>\n<td style=\"width: 307.217px;height: 24px;background-color: #f2cb61;text-align: center\">&nbsp;<strong><span style=\"color: #0000ff\">Amberg<\/span><\/strong><\/td>\n<\/tr>\n<tr style=\"height: 24px\">\n<td style=\"width: 300.617px;height: 24px\"><a href=\"https:\/\/blogsaverroes.juntadeandalucia.es\/iesbellavista\/files\/2017\/05\/62-Choral-diary-September.pdf\"><img loading=\"lazy\" decoding=\"async\" class=\"aligncenter size-full wp-image-6528\" src=\"https:\/\/blogsaverroes.juntadeandalucia.es\/iesbellavista\/files\/2017\/05\/62-Choral-Diary-September.jpg\" alt=\"\" width=\"682\" height=\"500\" srcset=\"https:\/\/blogsaverroes.juntadeandalucia.es\/iesbellavista\/files\/2017\/05\/62-Choral-Diary-September.jpg 682w, https:\/\/blogsaverroes.juntadeandalucia.es\/iesbellavista\/files\/2017\/05\/62-Choral-Diary-September-300x220.jpg 300w, https:\/\/blogsaverroes.juntadeandalucia.es\/iesbellavista\/files\/2017\/05\/62-Choral-Diary-September-24x18.jpg 24w, https:\/\/blogsaverroes.juntadeandalucia.es\/iesbellavista\/files\/2017\/05\/62-Choral-Diary-September-36x26.jpg 36w, https:\/\/blogsaverroes.juntadeandalucia.es\/iesbellavista\/files\/2017\/05\/62-Choral-Diary-September-48x35.jpg 48w\" sizes=\"(max-width: 682px) 100vw, 682px\" \/><\/a><\/td>\n<td style=\"width: 18.8333px;height: 24px\">&nbsp;<\/td>\n<td style=\"width: 307.217px;height: 24px\"><a href=\"https:\/\/blogsaverroes.juntadeandalucia.es\/iesbellavista\/files\/2017\/05\/Amberg-12.pdf\"><img loading=\"lazy\" decoding=\"async\" class=\"aligncenter size-full wp-image-6530\" src=\"https:\/\/blogsaverroes.juntadeandalucia.es\/iesbellavista\/files\/2017\/05\/Amberg.jpg\" alt=\"\" width=\"696\" height=\"500\" srcset=\"https:\/\/blogsaverroes.juntadeandalucia.es\/iesbellavista\/files\/2017\/05\/Amberg.jpg 696w, https:\/\/blogsaverroes.juntadeandalucia.es\/iesbellavista\/files\/2017\/05\/Amberg-300x216.jpg 300w, https:\/\/blogsaverroes.juntadeandalucia.es\/iesbellavista\/files\/2017\/05\/Amberg-24x17.jpg 24w, https:\/\/blogsaverroes.juntadeandalucia.es\/iesbellavista\/files\/2017\/05\/Amberg-36x26.jpg 36w, https:\/\/blogsaverroes.juntadeandalucia.es\/iesbellavista\/files\/2017\/05\/Amberg-48x34.jpg 48w\" sizes=\"(max-width: 696px) 100vw, 696px\" \/><\/a><\/td>\n<\/tr>\n<tr style=\"height: 24px\">\n<td style=\"width: 300.617px;height: 24px;background-color: #f2cb61;text-align: center\"><span style=\"color: #0000ff\"><strong>&nbsp;From Amberg to Bergamo<\/strong><\/span><\/td>\n<td style=\"width: 18.8333px;height: 24px;background-color: #ffffff\">&nbsp;<\/td>\n<td style=\"width: 307.217px;height: 24px;background-color: #f2cb61;text-align: center;vertical-align: middle\"><span style=\"color: #0000ff\"><strong>From Amberg to Goteborg<\/strong><\/span><\/td>\n<\/tr>\n<tr style=\"height: 24px\">\n<td style=\"width: 300.617px;height: 24px\"><a href=\"https:\/\/blogsaverroes.juntadeandalucia.es\/iesbellavista\/files\/2017\/05\/Amberg-Bergamo-12.pdf\"><img loading=\"lazy\" decoding=\"async\" class=\"aligncenter wp-image-6529\" src=\"https:\/\/blogsaverroes.juntadeandalucia.es\/iesbellavista\/files\/2017\/05\/Amberg-to-Bergamo.jpg\" alt=\"\" width=\"255\" height=\"204\" srcset=\"https:\/\/blogsaverroes.juntadeandalucia.es\/iesbellavista\/files\/2017\/05\/Amberg-to-Bergamo.jpg 625w, https:\/\/blogsaverroes.juntadeandalucia.es\/iesbellavista\/files\/2017\/05\/Amberg-to-Bergamo-300x240.jpg 300w, https:\/\/blogsaverroes.juntadeandalucia.es\/iesbellavista\/files\/2017\/05\/Amberg-to-Bergamo-24x19.jpg 24w, https:\/\/blogsaverroes.juntadeandalucia.es\/iesbellavista\/files\/2017\/05\/Amberg-to-Bergamo-36x29.jpg 36w, https:\/\/blogsaverroes.juntadeandalucia.es\/iesbellavista\/files\/2017\/05\/Amberg-to-Bergamo-48x38.jpg 48w\" sizes=\"(max-width: 255px) 100vw, 255px\" \/><\/a><\/td>\n<td style=\"width: 18.8333px;height: 24px\">&nbsp;<\/td>\n<td style=\"width: 307.217px;height: 24px\"><a href=\"https:\/\/blogsaverroes.juntadeandalucia.es\/iesbellavista\/files\/2017\/05\/Amberg-G\u00f6theborg-1.pdf\"><img loading=\"lazy\" decoding=\"async\" class=\"aligncenter size-full wp-image-6559\" src=\"https:\/\/blogsaverroes.juntadeandalucia.es\/iesbellavista\/files\/2017\/05\/Amberg-to-Goteborg.jpg\" alt=\"\" width=\"721\" height=\"500\" srcset=\"https:\/\/blogsaverroes.juntadeandalucia.es\/iesbellavista\/files\/2017\/05\/Amberg-to-Goteborg.jpg 721w, https:\/\/blogsaverroes.juntadeandalucia.es\/iesbellavista\/files\/2017\/05\/Amberg-to-Goteborg-300x208.jpg 300w, https:\/\/blogsaverroes.juntadeandalucia.es\/iesbellavista\/files\/2017\/05\/Amberg-to-Goteborg-24x17.jpg 24w, https:\/\/blogsaverroes.juntadeandalucia.es\/iesbellavista\/files\/2017\/05\/Amberg-to-Goteborg-36x25.jpg 36w, https:\/\/blogsaverroes.juntadeandalucia.es\/iesbellavista\/files\/2017\/05\/Amberg-to-Goteborg-48x33.jpg 48w\" sizes=\"(max-width: 721px) 100vw, 721px\" \/><\/a><\/td>\n<\/tr>\n<tr style=\"height: 24px\">\n<td style=\"width: 300.617px;height: 24px;background-color: #f2cb61\">&nbsp;<\/td>\n<td style=\"width: 18.8333px;height: 24px;background-color: #f2cb61\">&nbsp;<\/td>\n<td style=\"width: 307.217px;height: 24px;background-color: #f2cb61\">&nbsp;<\/td>\n<\/tr>\n<\/tbody>\n<\/table>\n<p>&nbsp;<\/p>\n<h2 style=\"text-align: center\">V\u00eddeos<\/h2>\n<table class=\" aligncenter\" style=\"height: 645px;width: 655px\">\n<tbody>\n<tr style=\"height: 22px\">\n<td style=\"width: 305.833px;height: 22px;background-color: #f2cb61;text-align: center\"><strong><span style=\"color: #0000ff\">T\u00edtulo del v\u00eddeo<br \/>\n<\/span><\/strong><\/td>\n<td style=\"width: 18px;height: 22px;background-color: #ffffff\">&nbsp;<\/td>\n<td style=\"width: 305.833px;height: 22px;background-color: #f2cb61;text-align: center\"><strong><span style=\"color: #0000ff\">T\u00edtulo del v\u00eddeo<br \/>\n<\/span><\/strong><\/td>\n<\/tr>\n<tr style=\"height: 19px\">\n<td style=\"width: 305.833px;height: 19px;vertical-align: top\">[youtube https:\/\/www.youtube.com\/watch?v=4z0ZlB93E58]<\/td>\n<td style=\"width: 18px;height: 19px\">&nbsp;<\/td>\n<td style=\"width: 305.833px;height: 19px\">[youtube https:\/\/www.youtube.com\/watch?v=o8gW3v-m8BE]<\/td>\n<\/tr>\n<tr style=\"height: 30px\">\n<td style=\"width: 305.833px;height: 30px;background-color: #f2cb61;text-align: center\">&nbsp;<strong><span style=\"color: #0000ff\">T\u00edtulo del v\u00eddeo<\/span><\/strong><\/td>\n<td style=\"width: 18px;height: 30px;background-color: #ffffff\">&nbsp;<\/td>\n<td style=\"width: 305.833px;height: 30px;background-color: #f2cb61;text-align: center\"><strong><span style=\"color: #0000ff\">T\u00edtulo del v\u00eddeo<\/span><\/strong><\/td>\n<\/tr>\n<tr style=\"height: 2px\">\n<td style=\"width: 305.833px;height: 2px\">[youtube https:\/\/www.youtube.com\/watch?v=vQmntQASVzc]<\/td>\n<td style=\"width: 18px;height: 2px\">&nbsp;<\/td>\n<td style=\"width: 305.833px;height: 2px\">[youtube https:\/\/www.youtube.com\/watch?v=e_UPs6xMn8I]<\/td>\n<\/tr>\n<tr style=\"height: 24px\">\n<td style=\"width: 305.833px;height: 24px;background-color: #f2cb61;text-align: center\"><strong><span style=\"color: #0000ff\">T\u00edtulo del v\u00eddeo<\/span><\/strong><\/td>\n<td style=\"width: 18px;height: 24px;background-color: #ffffff\">&nbsp;<\/td>\n<td style=\"width: 305.833px;height: 24px;background-color: #f2cb61;text-align: center\"><span style=\"color: #0000ff\"><strong>T\u00edtulo del v\u00eddeo<\/strong><\/span><\/td>\n<\/tr>\n<tr style=\"height: 24px\">\n<td style=\"width: 305.833px;height: 24px\">[youtube https:\/\/www.youtube.com\/watch?v=P8WaVBVx7KM]<\/td>\n<td style=\"width: 18px;height: 24px\">&nbsp;<\/td>\n<td style=\"width: 305.833px;height: 24px\">[googleapps domain=\u00bbdrive\u00bb dir=\u00bbfile\/d\/0B_TnDq-r-ekYRl9JQklkeXQzUzg\/preview\u00bb query=\u00bb\u00bb width=\u00bb300&#8243; height=\u00bb150&#8243; \/]<\/td>\n<\/tr>\n<tr style=\"height: 24px\">\n<td style=\"width: 305.833px;height: 24px;background-color: #f2cb61;text-align: center\">&nbsp;<strong><span style=\"color: #0000ff\">T\u00edtulo del v\u00eddeo<\/span><\/strong><\/td>\n<td style=\"width: 18px;height: 24px;background-color: #ffffff\">&nbsp;<\/td>\n<td style=\"width: 305.833px;height: 24px;background-color: #f2cb61;text-align: center\">&nbsp;<strong><span style=\"color: #0000ff\">T\u00edtulo del v\u00eddeo<\/span><\/strong><\/td>\n<\/tr>\n<tr style=\"height: 12.8667px\">\n<td style=\"width: 305.833px;height: 12.8667px\">[youtube https:\/\/www.youtube.com\/watch?v=ieNmK22zF_g]<\/td>\n<td style=\"width: 18px;height: 12.8667px\">&nbsp;<\/td>\n<td style=\"width: 305.833px;height: 12.8667px\"><a href=\"https:\/\/www.dropbox.com\/s\/bbh0dbowl0k4o3q\/Bicycle%20Race-%20Erasmus%2B.mp4?dl=0\"><img loading=\"lazy\" decoding=\"async\" class=\"aligncenter wp-image-6546\" src=\"https:\/\/blogsaverroes.juntadeandalucia.es\/iesbellavista\/files\/2017\/05\/BYCICLE.jpg\" alt=\"\" width=\"286\" height=\"163\" srcset=\"https:\/\/blogsaverroes.juntadeandalucia.es\/iesbellavista\/files\/2017\/05\/BYCICLE.jpg 276w, https:\/\/blogsaverroes.juntadeandalucia.es\/iesbellavista\/files\/2017\/05\/BYCICLE-24x14.jpg 24w, https:\/\/blogsaverroes.juntadeandalucia.es\/iesbellavista\/files\/2017\/05\/BYCICLE-36x20.jpg 36w, https:\/\/blogsaverroes.juntadeandalucia.es\/iesbellavista\/files\/2017\/05\/BYCICLE-48x27.jpg 48w\" sizes=\"(max-width: 286px) 100vw, 286px\" \/><\/a><\/td>\n<\/tr>\n<tr style=\"height: 24px\">\n<td style=\"width: 305.833px;height: 24px;background-color: #f2cb61\">&nbsp;<\/td>\n<td style=\"width: 18px;height: 24px;background-color: #f2cb61\">&nbsp;<\/td>\n<td style=\"width: 305.833px;height: 24px;background-color: #f2cb61\">&nbsp;<\/td>\n<\/tr>\n<\/tbody>\n<\/table>\n<h2 style=\"text-align: center\"><span style=\"color: #993300\">Presentaci\u00f3n del Proyecto Erasmus Plus del IES Bellavista en el CEIP Lora Tamayo<\/span><\/h2>\n<p style=\"text-align: justify\">ngg_shortcode_1_placeholder<\/p>\n<p style=\"text-align: justify\">El pasado lunes 29 de mayo nuestros estudiantes Erasmus Plus presentaron el proyecto \u201cBy-Train Training Through Europe Towards Sustanaibility\u201d desarrollado por nuestro centro durante los dos \u00faltimos cursos a los chicos y chicas de 6\u00ba de Primaria del CEIP Lora Tamayo de nuestro barrio. Tanto mayores como peque\u00f1os disfrutamos de una agradable ma\u00f1ana conociendo y motivando en el estudio del medioambiente y las experiencias con nuestros colegas suecos, alemanes e italianos. Desde aqu\u00ed queremos hacer un agradecimiento especial a las tutoras&nbsp;M\u00aa Jos\u00e9 y Bel\u00e9n y a Rafael Carmona, director del centro.&nbsp;<\/p>\nngg_shortcode_2_placeholder\n<p>&nbsp;&nbsp;&nbsp;&nbsp;<\/p>\n<hr>\n<h2 style=\"text-align: center\"><span style=\"color: #993300\">Presentaci\u00f3n del Proyecto Erasmus Plus del IES Bellavista en el CEP de Sevilla<br \/>\n<\/span><\/h2>\n<p style=\"text-align: justify\">ngg_shortcode_3_placeholder<\/p>\n<p style=\"text-align: justify\">El pasado mi\u00e9rcoles 7 de junio los profesores Maite Camas, Sergio Robles, Carmen Flores y Gonzalo Lloret presentaron la ejecuci\u00f3n y productos&nbsp;en el CEP de Sevilla del proyecto Erasmus Plus \u00abBy-Train Training Through Europe Towards Sustanaibility\u00bb desarrollado por nuestro centro durante los cursos 2015\/16 y 2016\/17. M\u00e1s que interesante actividad de difusi\u00f3n e intercambio de experiencias entre centros con experiencia en proyectos europeos, especialmente pensando los nuevos proyectos solicitados por nuestro instituto.<\/p>\nngg_shortcode_4_placeholder\n<p>&nbsp;<\/p>\n<hr>\n<h2 style=\"text-align: center\"><span style=\"color: #993300\">Presentaci\u00f3n del Proyecto Erasmus Plus del IES Bellavista en el CEIP San Fernando<br \/>\n<\/span><\/h2>\nngg_shortcode_5_placeholder\n<p style=\"text-align: justify\">El pasado lunes 19 de junio los alumnos y alumnas de 2\u00ba de bachillerato de nuestro centro&nbsp;presentaron&nbsp;en el CEIP San Fernando, del vecino barrio &nbsp;Fuente Del Rey, el proyecto Erasmus Plus \u00abBy-Train Training Through Europe Towards Sustanaibility\u00bb desarrollado por el IES Bellavista durante los cursos 2015\/16 y 2016\/17. Maravillosa actividad de difusi\u00f3n e intercambio de experiencias con los estudiantes de 6\u00ba de Primaria sobre proyectos europeos, y&nbsp;ya pensando en los futuros proyectos similares solicitados por nuestro instituto. Desde aqu\u00ed queremos enviar un especial agradecimiento a Abraham, tutor del grupo y a Eli, directora de centro.<\/p>\nngg_shortcode_6_placeholder\n<hr>\n<h2 style=\"text-align: center\"><span style=\"color: #993300\">Recopilaci\u00f3n de v\u00eddeos proyecto Erasmus +<\/span><\/h2>\n<p><a href=\"http:\/\/blogsaverroes.juntadeandalucia.es\/iesbellavista\/files\/2015\/05\/ERasmus.jpg\"><img loading=\"lazy\" decoding=\"async\" class=\" size-full wp-image-4014 alignleft\" src=\"http:\/\/blogsaverroes.juntadeandalucia.es\/iesbellavista\/files\/2015\/05\/ERasmus.jpg\" alt=\"ERasmus\" width=\"372\" height=\"158\" srcset=\"https:\/\/blogsaverroes.juntadeandalucia.es\/iesbellavista\/files\/2015\/05\/ERasmus.jpg 372w, https:\/\/blogsaverroes.juntadeandalucia.es\/iesbellavista\/files\/2015\/05\/ERasmus-300x127.jpg 300w\" sizes=\"(max-width: 372px) 100vw, 372px\" \/><\/a>Os ofrecemos los enlaces a los tres v\u00eddeos elaborados por D. Javier Jim\u00e9nez, profesor de M\u00fasica del IES Bellavista, sobre las visitas realizadas por los alumnos participantes en el proyecto Erasmus + \u00abBy train training through Europe towards sustainability\u00bb.<\/p>\n<p><a href=\"https:\/\/youtu.be\/wWHvMUeCs0g\"><img loading=\"lazy\" decoding=\"async\" class=\"alignnone wp-image-122\" src=\"https:\/\/iesbellavista.files.wordpress.com\/2015\/03\/manitacursor11.png\" alt=\"0manitacursor1\" width=\"17\" height=\"14\"><\/a> Visita al centro de Sevilla<\/p>\n<p><a href=\"https:\/\/youtu.be\/iQ6sjoZA-vU\"><img loading=\"lazy\" decoding=\"async\" class=\"alignnone wp-image-122\" src=\"https:\/\/iesbellavista.files.wordpress.com\/2015\/03\/manitacursor11.png\" alt=\"0manitacursor1\" width=\"17\" height=\"14\"><\/a> Visita a C\u00f3rdoba<\/p>\n<p><a href=\"https:\/\/youtu.be\/qsNynUzWAe8\"><img loading=\"lazy\" decoding=\"async\" class=\"alignnone wp-image-122\" src=\"https:\/\/iesbellavista.files.wordpress.com\/2015\/03\/manitacursor11.png\" alt=\"0manitacursor1\" width=\"17\" height=\"14\"><\/a> Visita a Do\u00f1ana<\/p>\n<p>&nbsp;<\/p>\n<hr>\n<p>&nbsp;<\/p>\n<p>&nbsp;<\/p>\n<p>&nbsp;<\/p>\n<p>&nbsp;<\/p>\n<p>&nbsp;<\/p>\n<p>&nbsp;<\/p>\n<p>&nbsp;<\/p>\n<p>&nbsp;<\/p>\n<p>&nbsp;<\/p>\n<p>&nbsp;<\/p>\n<p>&nbsp;<\/p>\n<p>&nbsp;<\/p>\n<p>&nbsp;<\/p>\n<p>&nbsp;<\/p>\n<p>&nbsp;<\/p>\n<p>&nbsp;<\/p>\n<p>&nbsp;<\/p>\n","protected":false},"excerpt":{"rendered":"<p>Erasmus + en el IES Bellavista Web principal del Proyecto Sustainability Challenge &nbsp; Presentaci\u00f3n del Proyecto Folleto informativo del Proyecto Art\u00edculo cient\u00edfico del proyecto (en ingl\u00e9s) V\u00eddeo del Proyecto Sustainability Challenge Instagram del Proyecto&#46;&#46;&#46;<\/p>\n","protected":false},"author":1963,"featured_media":0,"parent":0,"menu_order":0,"comment_status":"closed","ping_status":"closed","template":"","meta":{"ngg_post_thumbnail":0,"footnotes":"","_mc_calendar":[]},"aioseo_notices":[],"_links":{"self":[{"href":"https:\/\/blogsaverroes.juntadeandalucia.es\/iesbellavista\/wp-json\/wp\/v2\/pages\/6521"}],"collection":[{"href":"https:\/\/blogsaverroes.juntadeandalucia.es\/iesbellavista\/wp-json\/wp\/v2\/pages"}],"about":[{"href":"https:\/\/blogsaverroes.juntadeandalucia.es\/iesbellavista\/wp-json\/wp\/v2\/types\/page"}],"author":[{"embeddable":true,"href":"https:\/\/blogsaverroes.juntadeandalucia.es\/iesbellavista\/wp-json\/wp\/v2\/users\/1963"}],"replies":[{"embeddable":true,"href":"https:\/\/blogsaverroes.juntadeandalucia.es\/iesbellavista\/wp-json\/wp\/v2\/comments?post=6521"}],"version-history":[{"count":55,"href":"https:\/\/blogsaverroes.juntadeandalucia.es\/iesbellavista\/wp-json\/wp\/v2\/pages\/6521\/revisions"}],"predecessor-version":[{"id":9577,"href":"https:\/\/blogsaverroes.juntadeandalucia.es\/iesbellavista\/wp-json\/wp\/v2\/pages\/6521\/revisions\/9577"}],"wp:attachment":[{"href":"https:\/\/blogsaverroes.juntadeandalucia.es\/iesbellavista\/wp-json\/wp\/v2\/media?parent=6521"}],"curies":[{"name":"wp","href":"https:\/\/api.w.org\/{rel}","templated":true}]}}