{"id":120,"date":"2018-04-08T20:48:58","date_gmt":"2018-04-08T20:48:58","guid":{"rendered":"https:\/\/blogsaverroes.juntadeandalucia.es\/iesbitacora\/?page_id=120"},"modified":"2018-04-14T13:29:42","modified_gmt":"2018-04-14T13:29:42","slug":"gestion","status":"publish","type":"page","link":"https:\/\/blogsaverroes.juntadeandalucia.es\/iesbitacora\/gestion\/","title":{"rendered":"GESTI\u00d3N"},"content":{"rendered":"<figure id=\"attachment_130\" aria-describedby=\"caption-attachment-130\" style=\"width: 300px\" class=\"wp-caption aligncenter\"><a href=\"https:\/\/centros.guadaliris.com\/bitacora\/1718\/\"><img loading=\"lazy\" decoding=\"async\" class=\"size-medium wp-image-130\" src=\"https:\/\/blogsaverroes.juntadeandalucia.es\/iesbitacora\/files\/2018\/04\/Guadaliris-300x81.jpg\" alt=\"\" width=\"300\" height=\"81\" srcset=\"https:\/\/blogsaverroes.juntadeandalucia.es\/iesbitacora\/files\/2018\/04\/Guadaliris-300x81.jpg 300w, https:\/\/blogsaverroes.juntadeandalucia.es\/iesbitacora\/files\/2018\/04\/Guadaliris-24x6.jpg 24w, https:\/\/blogsaverroes.juntadeandalucia.es\/iesbitacora\/files\/2018\/04\/Guadaliris-36x10.jpg 36w, https:\/\/blogsaverroes.juntadeandalucia.es\/iesbitacora\/files\/2018\/04\/Guadaliris-48x13.jpg 48w, https:\/\/blogsaverroes.juntadeandalucia.es\/iesbitacora\/files\/2018\/04\/Guadaliris.jpg 450w\" sizes=\"(max-width: 300px) 100vw, 300px\" \/><\/a><figcaption id=\"caption-attachment-130\" class=\"wp-caption-text\">Gesti\u00f3n interna del Centro<\/figcaption><\/figure>\n<hr>\n<p style=\"text-align: center\"><a href=\"https:\/\/www.juntadeandalucia.es\/educacion\/portalseneca\/web\/seneca\/inicio\"><img loading=\"lazy\" decoding=\"async\" class=\"aligncenter wp-image-176 size-full\" src=\"https:\/\/blogsaverroes.juntadeandalucia.es\/iesbitacora\/files\/2018\/04\/S\u00e9neca.jpg\" alt=\"\" width=\"343\" height=\"85\" srcset=\"https:\/\/blogsaverroes.juntadeandalucia.es\/iesbitacora\/files\/2018\/04\/S\u00e9neca.jpg 343w, https:\/\/blogsaverroes.juntadeandalucia.es\/iesbitacora\/files\/2018\/04\/S\u00e9neca-300x74.jpg 300w, https:\/\/blogsaverroes.juntadeandalucia.es\/iesbitacora\/files\/2018\/04\/S\u00e9neca-24x6.jpg 24w, https:\/\/blogsaverroes.juntadeandalucia.es\/iesbitacora\/files\/2018\/04\/S\u00e9neca-36x9.jpg 36w, https:\/\/blogsaverroes.juntadeandalucia.es\/iesbitacora\/files\/2018\/04\/S\u00e9neca-48x12.jpg 48w\" sizes=\"(max-width: 343px) 100vw, 343px\" \/><\/a>Gesti\u00f3n acad\u00e9mica de los centros educativos<\/p>\n<hr>\n<p style=\"text-align: center\"><a href=\"https:\/\/www.juntadeandalucia.es\/educacion\/portaldocente\/\"><img loading=\"lazy\" decoding=\"async\" class=\"aligncenter wp-image-888 size-full\" src=\"https:\/\/blogsaverroes.juntadeandalucia.es\/iesbitacora\/files\/2018\/04\/Portal-Docente-1.jpg\" alt=\"\" width=\"487\" height=\"63\" srcset=\"https:\/\/blogsaverroes.juntadeandalucia.es\/iesbitacora\/files\/2018\/04\/Portal-Docente-1.jpg 487w, https:\/\/blogsaverroes.juntadeandalucia.es\/iesbitacora\/files\/2018\/04\/Portal-Docente-1-300x39.jpg 300w, https:\/\/blogsaverroes.juntadeandalucia.es\/iesbitacora\/files\/2018\/04\/Portal-Docente-1-24x3.jpg 24w, https:\/\/blogsaverroes.juntadeandalucia.es\/iesbitacora\/files\/2018\/04\/Portal-Docente-1-36x5.jpg 36w, https:\/\/blogsaverroes.juntadeandalucia.es\/iesbitacora\/files\/2018\/04\/Portal-Docente-1-48x6.jpg 48w\" sizes=\"(max-width: 487px) 100vw, 487px\" \/><\/a><\/p>\n<p style=\"text-align: center\">&nbsp; Portal para realizar tr\u00e1mites y con informaci\u00f3n administrativa, retributiva, etc<\/p>\n","protected":false},"excerpt":{"rendered":"<p>Gesti\u00f3n acad\u00e9mica de los centros educativos &nbsp; Portal para realizar tr\u00e1mites y con informaci\u00f3n administrativa, retributiva, etc<\/p>\n","protected":false},"author":5897,"featured_media":0,"parent":0,"menu_order":0,"comment_status":"closed","ping_status":"closed","template":"page-template-full.php","meta":{"ngg_post_thumbnail":0,"footnotes":""},"aioseo_notices":[],"_links":{"self":[{"href":"https:\/\/blogsaverroes.juntadeandalucia.es\/iesbitacora\/wp-json\/wp\/v2\/pages\/120"}],"collection":[{"href":"https:\/\/blogsaverroes.juntadeandalucia.es\/iesbitacora\/wp-json\/wp\/v2\/pages"}],"about":[{"href":"https:\/\/blogsaverroes.juntadeandalucia.es\/iesbitacora\/wp-json\/wp\/v2\/types\/page"}],"author":[{"embeddable":true,"href":"https:\/\/blogsaverroes.juntadeandalucia.es\/iesbitacora\/wp-json\/wp\/v2\/users\/5897"}],"replies":[{"embeddable":true,"href":"https:\/\/blogsaverroes.juntadeandalucia.es\/iesbitacora\/wp-json\/wp\/v2\/comments?post=120"}],"version-history":[{"count":11,"href":"https:\/\/blogsaverroes.juntadeandalucia.es\/iesbitacora\/wp-json\/wp\/v2\/pages\/120\/revisions"}],"predecessor-version":[{"id":890,"href":"https:\/\/blogsaverroes.juntadeandalucia.es\/iesbitacora\/wp-json\/wp\/v2\/pages\/120\/revisions\/890"}],"wp:attachment":[{"href":"https:\/\/blogsaverroes.juntadeandalucia.es\/iesbitacora\/wp-json\/wp\/v2\/media?parent=120"}],"curies":[{"name":"wp","href":"https:\/\/api.w.org\/{rel}","templated":true}]}}