{"id":1047,"date":"2020-09-21T20:36:20","date_gmt":"2020-09-21T18:36:20","guid":{"rendered":"https:\/\/blogsaverroes.juntadeandalucia.es\/iesblasinfante\/?page_id=1047"},"modified":"2020-09-27T10:53:06","modified_gmt":"2020-09-27T08:53:06","slug":"actividades-2017-2018","status":"publish","type":"page","link":"https:\/\/blogsaverroes.juntadeandalucia.es\/iesblasinfante\/actividades\/actividades-2017-2018\/","title":{"rendered":"Actividades 2017-2018"},"content":{"rendered":"<h1><img decoding=\"async\" class=\"wpGallery mceItem\" title=\"gallery ids=&quot;4884,4885,4886,4887,4888,4889&quot;\" src=\"http:\/\/iesblasinfante.com\/wp-includes\/js\/tinymce\/plugins\/wpgallery\/img\/t.gif\" alt=\"\">Graduaci\u00f3n 4\u00ba ESO<\/h1>\nngg_shortcode_0_placeholder\n<h1>2\u00ba ESO Actividad de CN y EF en la Playa<\/h1>\n<p style=\"padding-left: 120px\"><img fetchpriority=\"high\" decoding=\"async\" class=\"alignnone size-medium wp-image-2490\" src=\"https:\/\/blogsaverroes.juntadeandalucia.es\/iesblasinfante\/files\/2020\/09\/IMG-20180517-WA0000-300x225.jpg\" alt=\"\" width=\"300\" height=\"225\" srcset=\"https:\/\/blogsaverroes.juntadeandalucia.es\/iesblasinfante\/files\/2020\/09\/IMG-20180517-WA0000-300x225.jpg 300w, https:\/\/blogsaverroes.juntadeandalucia.es\/iesblasinfante\/files\/2020\/09\/IMG-20180517-WA0000-1024x768.jpg 1024w, https:\/\/blogsaverroes.juntadeandalucia.es\/iesblasinfante\/files\/2020\/09\/IMG-20180517-WA0000-768x576.jpg 768w, https:\/\/blogsaverroes.juntadeandalucia.es\/iesblasinfante\/files\/2020\/09\/IMG-20180517-WA0000-1536x1152.jpg 1536w, https:\/\/blogsaverroes.juntadeandalucia.es\/iesblasinfante\/files\/2020\/09\/IMG-20180517-WA0000-24x18.jpg 24w, https:\/\/blogsaverroes.juntadeandalucia.es\/iesblasinfante\/files\/2020\/09\/IMG-20180517-WA0000-36x27.jpg 36w, https:\/\/blogsaverroes.juntadeandalucia.es\/iesblasinfante\/files\/2020\/09\/IMG-20180517-WA0000-48x36.jpg 48w, https:\/\/blogsaverroes.juntadeandalucia.es\/iesblasinfante\/files\/2020\/09\/IMG-20180517-WA0000.jpg 1600w\" sizes=\"(max-width: 300px) 100vw, 300px\" \/>&nbsp; &nbsp; &nbsp; &nbsp; &nbsp; &nbsp; &nbsp; &nbsp; &nbsp; &nbsp; &nbsp; <img decoding=\"async\" class=\"alignnone size-medium wp-image-2489\" src=\"https:\/\/blogsaverroes.juntadeandalucia.es\/iesblasinfante\/files\/2020\/09\/IMG-20180517-WA0001-300x225.jpg\" alt=\"\" width=\"300\" height=\"225\" srcset=\"https:\/\/blogsaverroes.juntadeandalucia.es\/iesblasinfante\/files\/2020\/09\/IMG-20180517-WA0001-300x225.jpg 300w, https:\/\/blogsaverroes.juntadeandalucia.es\/iesblasinfante\/files\/2020\/09\/IMG-20180517-WA0001-1024x768.jpg 1024w, https:\/\/blogsaverroes.juntadeandalucia.es\/iesblasinfante\/files\/2020\/09\/IMG-20180517-WA0001-768x576.jpg 768w, https:\/\/blogsaverroes.juntadeandalucia.es\/iesblasinfante\/files\/2020\/09\/IMG-20180517-WA0001-1536x1152.jpg 1536w, https:\/\/blogsaverroes.juntadeandalucia.es\/iesblasinfante\/files\/2020\/09\/IMG-20180517-WA0001-24x18.jpg 24w, https:\/\/blogsaverroes.juntadeandalucia.es\/iesblasinfante\/files\/2020\/09\/IMG-20180517-WA0001-36x27.jpg 36w, https:\/\/blogsaverroes.juntadeandalucia.es\/iesblasinfante\/files\/2020\/09\/IMG-20180517-WA0001-48x36.jpg 48w, https:\/\/blogsaverroes.juntadeandalucia.es\/iesblasinfante\/files\/2020\/09\/IMG-20180517-WA0001.jpg 1600w\" sizes=\"(max-width: 300px) 100vw, 300px\" \/><\/p>\n<h1>Visita a la Biblioteca del alumnado de 1\u00ba y 2\u00ba ESO<\/h1>\n<h2>2\u00ba ESO<\/h2>\nngg_shortcode_1_placeholder\n<h2><img decoding=\"async\" title=\"gallery columns=&quot;4&quot; ids=&quot;3824,3825,3826,3827&quot;\" src=\"http:\/\/iesblasinfante.com\/wp-includes\/js\/tinymce\/plugins\/wpgallery\/img\/t.gif\" alt=\"\">1\u00ba ESO<\/h2>\nngg_shortcode_2_placeholder\n<h1>Concurso de fotograf\u00eda matem\u00e1tica<\/h1>\n<p><a href=\"https:\/\/blogsaverroes.juntadeandalucia.es\/iesblasinfante\/files\/2020\/09\/Exposici\u00f3n-Ganadores-17-18.pdf\" target=\"_blank\" rel=\"noopener noreferrer\"><strong>PINCHA AQU\u00cd<\/strong> PARA DISFRUTAR DE LOS TRABAJOS GANADORES<\/a><\/p>\n<h1>Surfing 4\u00ba ESO&nbsp;<\/h1>\nngg_shortcode_3_placeholder\n<h1>Exposici\u00f3n Migraciones<\/h1>\n<p style=\"text-align: center\"><img decoding=\"async\" class=\"alignnone size-medium wp-image-2493\" src=\"https:\/\/blogsaverroes.juntadeandalucia.es\/iesblasinfante\/files\/2020\/09\/IMG-20180502-WA0001-300x225.jpg\" alt=\"\" width=\"300\" height=\"225\" srcset=\"https:\/\/blogsaverroes.juntadeandalucia.es\/iesblasinfante\/files\/2020\/09\/IMG-20180502-WA0001-300x225.jpg 300w, https:\/\/blogsaverroes.juntadeandalucia.es\/iesblasinfante\/files\/2020\/09\/IMG-20180502-WA0001-768x576.jpg 768w, https:\/\/blogsaverroes.juntadeandalucia.es\/iesblasinfante\/files\/2020\/09\/IMG-20180502-WA0001-24x18.jpg 24w, https:\/\/blogsaverroes.juntadeandalucia.es\/iesblasinfante\/files\/2020\/09\/IMG-20180502-WA0001-36x27.jpg 36w, https:\/\/blogsaverroes.juntadeandalucia.es\/iesblasinfante\/files\/2020\/09\/IMG-20180502-WA0001-48x36.jpg 48w, https:\/\/blogsaverroes.juntadeandalucia.es\/iesblasinfante\/files\/2020\/09\/IMG-20180502-WA0001.jpg 1024w\" sizes=\"(max-width: 300px) 100vw, 300px\" \/>&nbsp; &nbsp; &nbsp; &nbsp; &nbsp; &nbsp; &nbsp; &nbsp; &nbsp; &nbsp; &nbsp; &nbsp; &nbsp; &nbsp; &nbsp;<img loading=\"lazy\" decoding=\"async\" class=\"alignnone size-medium wp-image-2492\" src=\"https:\/\/blogsaverroes.juntadeandalucia.es\/iesblasinfante\/files\/2020\/09\/IMG-20180502-WA0002-300x225.jpg\" alt=\"\" width=\"300\" height=\"225\" srcset=\"https:\/\/blogsaverroes.juntadeandalucia.es\/iesblasinfante\/files\/2020\/09\/IMG-20180502-WA0002-300x225.jpg 300w, https:\/\/blogsaverroes.juntadeandalucia.es\/iesblasinfante\/files\/2020\/09\/IMG-20180502-WA0002-768x576.jpg 768w, https:\/\/blogsaverroes.juntadeandalucia.es\/iesblasinfante\/files\/2020\/09\/IMG-20180502-WA0002-24x18.jpg 24w, https:\/\/blogsaverroes.juntadeandalucia.es\/iesblasinfante\/files\/2020\/09\/IMG-20180502-WA0002-36x27.jpg 36w, https:\/\/blogsaverroes.juntadeandalucia.es\/iesblasinfante\/files\/2020\/09\/IMG-20180502-WA0002-48x36.jpg 48w, https:\/\/blogsaverroes.juntadeandalucia.es\/iesblasinfante\/files\/2020\/09\/IMG-20180502-WA0002.jpg 1024w\" sizes=\"(max-width: 300px) 100vw, 300px\" \/><\/p>\n<h1>Excursi\u00f3n al Pinsapar<img decoding=\"async\" title=\"gallery columns=&quot;4&quot; ids=&quot;3801,3802,3803,3804,3805,3806,3807,3808,3809,3810,3811,3812,3813,3814,3815,3816&quot;\" src=\"http:\/\/iesblasinfante.com\/wp-includes\/js\/tinymce\/plugins\/wpgallery\/img\/t.gif\" alt=\"\"><\/h1>\nngg_shortcode_4_placeholder\n<h1>Clase de trigonometr\u00eda de 4\u00ba ESO en el Parque del Oeste<\/h1>\nngg_shortcode_5_placeholder\n<h1>Teatro 4\u00ba ESO en los CEIPs adscritos<\/h1>\nngg_shortcode_6_placeholder\n<h1>2-6 de Abril, Semana del Autismo<\/h1>\nngg_shortcode_7_placeholder\n<h1><img decoding=\"async\" title=\"gallery ids=&quot;3706,3707,3708&quot;\" src=\"http:\/\/iesblasinfante.com\/wp-includes\/js\/tinymce\/plugins\/wpgallery\/img\/t.gif\" alt=\"\">11 y 12 de abril, 4\u00ba ESO visita los ciclos formativos de la localidad.<\/h1>\nngg_shortcode_8_placeholder\n<h1>D\u00eda de Andaluc\u00eda<\/h1>\n<p>Por motivos meteorol\u00f3gicos no hemos podido Celebrar el D\u00eda de Andaluc\u00eda hasta el 20 de marzo, pero ha merecido la pena:<\/p>\nngg_shortcode_9_placeholder\n<h1>Visita a la UCA, 4\u00ba ESO.<\/h1>\nngg_shortcode_10_placeholder\n<h1>Carrera Solidaria<\/h1>\nngg_shortcode_11_placeholder\n<h1>Preparando San Valent\u00edn<\/h1>\nngg_shortcode_12_placeholder\n<h1>Degustaci\u00f3n de productos belgas<\/h1>\nngg_shortcode_13_placeholder\n<h1>Cuenta cuentos<\/h1>\nngg_shortcode_14_placeholder\n<h1>Premio a las clases m\u00e1s solidarias en la Campa\u00f1a de recogida de alimentos.<\/h1>\nngg_shortcode_15_placeholder\n<h1>22D Jornada Celebraci\u00f3n del Solsticio de Invierno:<\/h1>\nngg_shortcode_16_placeholder\n<h1>Concurso de tarjeta de felicitaci\u00f3n matem\u00e1tica<\/h1>\n<div id='gallery-1' class='gallery galleryid-1047 gallery-columns-3 gallery-size-thumbnail'><figure class='gallery-item'>\n\t\t\t<div class='gallery-icon landscape'>\n\t\t\t\t<a href='https:\/\/blogsaverroes.juntadeandalucia.es\/iesblasinfante\/noelia-gomez-2o-eso-b\/'><img loading=\"lazy\" decoding=\"async\" width=\"150\" height=\"150\" src=\"https:\/\/blogsaverroes.juntadeandalucia.es\/iesblasinfante\/files\/2020\/09\/Noelia-G\u00f3mez-2\u00ba-ESO-B-150x150.jpg\" class=\"attachment-thumbnail size-thumbnail\" alt=\"\" srcset=\"https:\/\/blogsaverroes.juntadeandalucia.es\/iesblasinfante\/files\/2020\/09\/Noelia-G\u00f3mez-2\u00ba-ESO-B-150x150.jpg 150w, https:\/\/blogsaverroes.juntadeandalucia.es\/iesblasinfante\/files\/2020\/09\/Noelia-G\u00f3mez-2\u00ba-ESO-B-100x100.jpg 100w, https:\/\/blogsaverroes.juntadeandalucia.es\/iesblasinfante\/files\/2020\/09\/Noelia-G\u00f3mez-2\u00ba-ESO-B-50x50.jpg 50w\" sizes=\"(max-width: 150px) 100vw, 150px\" \/><\/a>\n\t\t\t<\/div><\/figure><figure class='gallery-item'>\n\t\t\t<div class='gallery-icon portrait'>\n\t\t\t\t<a href='https:\/\/blogsaverroes.juntadeandalucia.es\/iesblasinfante\/2o-premio-paula-eloy-3o-eso-b\/'><img loading=\"lazy\" decoding=\"async\" width=\"150\" height=\"150\" src=\"https:\/\/blogsaverroes.juntadeandalucia.es\/iesblasinfante\/files\/2020\/09\/2\u00ba-premio-Paula-Eloy-3\u00ba-ESO-B-150x150.jpg\" class=\"attachment-thumbnail size-thumbnail\" alt=\"\" srcset=\"https:\/\/blogsaverroes.juntadeandalucia.es\/iesblasinfante\/files\/2020\/09\/2\u00ba-premio-Paula-Eloy-3\u00ba-ESO-B-150x150.jpg 150w, https:\/\/blogsaverroes.juntadeandalucia.es\/iesblasinfante\/files\/2020\/09\/2\u00ba-premio-Paula-Eloy-3\u00ba-ESO-B-100x100.jpg 100w, https:\/\/blogsaverroes.juntadeandalucia.es\/iesblasinfante\/files\/2020\/09\/2\u00ba-premio-Paula-Eloy-3\u00ba-ESO-B-50x50.jpg 50w\" sizes=\"(max-width: 150px) 100vw, 150px\" \/><\/a>\n\t\t\t<\/div><\/figure><figure class='gallery-item'>\n\t\t\t<div class='gallery-icon landscape'>\n\t\t\t\t<a href='https:\/\/blogsaverroes.juntadeandalucia.es\/iesblasinfante\/1o-premio-andrea-gutierrez-4o-eso-a\/'><img loading=\"lazy\" decoding=\"async\" width=\"150\" height=\"150\" src=\"https:\/\/blogsaverroes.juntadeandalucia.es\/iesblasinfante\/files\/2020\/09\/1\u00ba-premio-Andrea-Guti\u00e9rrez-4\u00ba-ESO-A-150x150.jpg\" class=\"attachment-thumbnail size-thumbnail\" alt=\"\" srcset=\"https:\/\/blogsaverroes.juntadeandalucia.es\/iesblasinfante\/files\/2020\/09\/1\u00ba-premio-Andrea-Guti\u00e9rrez-4\u00ba-ESO-A-150x150.jpg 150w, https:\/\/blogsaverroes.juntadeandalucia.es\/iesblasinfante\/files\/2020\/09\/1\u00ba-premio-Andrea-Guti\u00e9rrez-4\u00ba-ESO-A-100x100.jpg 100w, https:\/\/blogsaverroes.juntadeandalucia.es\/iesblasinfante\/files\/2020\/09\/1\u00ba-premio-Andrea-Guti\u00e9rrez-4\u00ba-ESO-A-50x50.jpg 50w\" sizes=\"(max-width: 150px) 100vw, 150px\" \/><\/a>\n\t\t\t<\/div><\/figure>\n\t\t<\/div>\n\n<h1>Actividades Complementarias 1\u00ba ESO<span style=\"color: #993366\">:<\/span><\/h1>\n<ul>\n<li>Sendero Punta del Boquer\u00f3n con el profesorado de Ciencias Naturales y Educaci\u00f3n F\u00edsica.<\/li>\n<li>Actividades Deportivas en Bah\u00eda Sur con el profesor de Educaci\u00f3n F\u00edsica.<\/li>\n<\/ul>\nngg_shortcode_17_placeholder\n<h1>25N:<\/h1>\n<ul>\n<li>V\u00eddeo:&nbsp;<a href=\"https:\/\/youtu.be\/q0HssFwgwMc\" target=\"_blank\" rel=\"noopener noreferrer\">Acto de la comunidad educativa<\/a><\/li>\n<\/ul>\n<p><iframe title=\"Blas Infante 25N 2017\" width=\"843\" height=\"474\" src=\"https:\/\/www.youtube.com\/embed\/q0HssFwgwMc?feature=oembed\" frameborder=\"0\" allow=\"accelerometer; autoplay; clipboard-write; encrypted-media; gyroscope; picture-in-picture\" allowfullscreen><\/iframe><\/p>\n<ul>\n<li>V\u00eddeo:&nbsp;<a href=\"https:\/\/youtu.be\/ZOjJt6FOCFk\" target=\"_blank\" rel=\"noopener noreferrer\">Actuaciones realizadas en el IES pa la conmemoraci\u00f3n de 25N<\/a><\/li>\n<\/ul>\n<p><iframe title=\"Acciones 25 N 2017-2018\" width=\"843\" height=\"474\" src=\"https:\/\/www.youtube.com\/embed\/ZOjJt6FOCFk?feature=oembed\" frameborder=\"0\" allow=\"accelerometer; autoplay; clipboard-write; encrypted-media; gyroscope; picture-in-picture\" allowfullscreen><\/iframe><\/p>\n<ul>\n<li><a href=\"https:\/\/youtu.be\/wbTdnTfMmpc\">Cuento Arturo y Clementina<\/a>&nbsp;de realizado por el alumnado de 2\u00ba ESO para los Ceips adscritos.<\/li>\n<\/ul>\n<p><iframe title=\"25N 2017 Cuento Arturo y Clementina\" width=\"843\" height=\"474\" src=\"https:\/\/www.youtube.com\/embed\/wbTdnTfMmpc?feature=oembed\" frameborder=\"0\" allow=\"accelerometer; autoplay; clipboard-write; encrypted-media; gyroscope; picture-in-picture\" allowfullscreen><\/iframe><\/p>\n<p style=\"text-align: center\"><img loading=\"lazy\" decoding=\"async\" class=\"alignnone size-medium wp-image-2495\" src=\"https:\/\/blogsaverroes.juntadeandalucia.es\/iesblasinfante\/files\/2020\/09\/DSC_0601-300x225.jpg\" alt=\"\" width=\"300\" height=\"225\" srcset=\"https:\/\/blogsaverroes.juntadeandalucia.es\/iesblasinfante\/files\/2020\/09\/DSC_0601-300x225.jpg 300w, https:\/\/blogsaverroes.juntadeandalucia.es\/iesblasinfante\/files\/2020\/09\/DSC_0601-1024x768.jpg 1024w, https:\/\/blogsaverroes.juntadeandalucia.es\/iesblasinfante\/files\/2020\/09\/DSC_0601-768x576.jpg 768w, https:\/\/blogsaverroes.juntadeandalucia.es\/iesblasinfante\/files\/2020\/09\/DSC_0601-1536x1152.jpg 1536w, https:\/\/blogsaverroes.juntadeandalucia.es\/iesblasinfante\/files\/2020\/09\/DSC_0601-2048x1536.jpg 2048w, https:\/\/blogsaverroes.juntadeandalucia.es\/iesblasinfante\/files\/2020\/09\/DSC_0601-24x18.jpg 24w, https:\/\/blogsaverroes.juntadeandalucia.es\/iesblasinfante\/files\/2020\/09\/DSC_0601-36x27.jpg 36w, https:\/\/blogsaverroes.juntadeandalucia.es\/iesblasinfante\/files\/2020\/09\/DSC_0601-48x36.jpg 48w\" sizes=\"(max-width: 300px) 100vw, 300px\" \/><\/p>\n<h1>3\u00ba ESO y 4\u00ba ESO al Teatro:<\/h1>\n<p>El alumnado de 3\u00ba ESO y 4\u00ba ESO va a una obra de teatro y se encuentra con los compa\u00f1eros deque se fueron el curso pasado del IES. Un saludo a todos-as.<\/p>\nngg_shortcode_18_placeholder\n<h1>25N: Presentaci\u00f3n del Cartel Ayuntamiento<\/h1>\n<p style=\"text-align: center\"><img loading=\"lazy\" decoding=\"async\" class=\"alignnone size-medium wp-image-2497\" src=\"https:\/\/blogsaverroes.juntadeandalucia.es\/iesblasinfante\/files\/2020\/09\/25N-Presentaci\u00f3n-Cartel-Ayuntamiento-300x225.jpg\" alt=\"\" width=\"300\" height=\"225\" srcset=\"https:\/\/blogsaverroes.juntadeandalucia.es\/iesblasinfante\/files\/2020\/09\/25N-Presentaci\u00f3n-Cartel-Ayuntamiento-300x225.jpg 300w, https:\/\/blogsaverroes.juntadeandalucia.es\/iesblasinfante\/files\/2020\/09\/25N-Presentaci\u00f3n-Cartel-Ayuntamiento-1024x768.jpg 1024w, https:\/\/blogsaverroes.juntadeandalucia.es\/iesblasinfante\/files\/2020\/09\/25N-Presentaci\u00f3n-Cartel-Ayuntamiento-768x576.jpg 768w, https:\/\/blogsaverroes.juntadeandalucia.es\/iesblasinfante\/files\/2020\/09\/25N-Presentaci\u00f3n-Cartel-Ayuntamiento-1536x1152.jpg 1536w, https:\/\/blogsaverroes.juntadeandalucia.es\/iesblasinfante\/files\/2020\/09\/25N-Presentaci\u00f3n-Cartel-Ayuntamiento-24x18.jpg 24w, https:\/\/blogsaverroes.juntadeandalucia.es\/iesblasinfante\/files\/2020\/09\/25N-Presentaci\u00f3n-Cartel-Ayuntamiento-36x27.jpg 36w, https:\/\/blogsaverroes.juntadeandalucia.es\/iesblasinfante\/files\/2020\/09\/25N-Presentaci\u00f3n-Cartel-Ayuntamiento-48x36.jpg 48w, https:\/\/blogsaverroes.juntadeandalucia.es\/iesblasinfante\/files\/2020\/09\/25N-Presentaci\u00f3n-Cartel-Ayuntamiento.jpg 1600w\" sizes=\"(max-width: 300px) 100vw, 300px\" \/><\/p>\n<h1>Halloween: Me muero de miedo en la Biblioteca<\/h1>\nngg_shortcode_19_placeholder\n","protected":false},"excerpt":{"rendered":"<p>Graduaci\u00f3n 4\u00ba ESO 2\u00ba ESO Actividad de CN y EF en la Playa &nbsp; &nbsp; &nbsp; &nbsp; &nbsp; &nbsp; &nbsp; &nbsp; &nbsp; &nbsp; &nbsp; Visita&hellip;<\/p>\n","protected":false},"author":10359,"featured_media":0,"parent":214,"menu_order":0,"comment_status":"closed","ping_status":"closed","template":"","meta":{"ngg_post_thumbnail":0,"footnotes":""},"aioseo_notices":[],"_links":{"self":[{"href":"https:\/\/blogsaverroes.juntadeandalucia.es\/iesblasinfante\/wp-json\/wp\/v2\/pages\/1047"}],"collection":[{"href":"https:\/\/blogsaverroes.juntadeandalucia.es\/iesblasinfante\/wp-json\/wp\/v2\/pages"}],"about":[{"href":"https:\/\/blogsaverroes.juntadeandalucia.es\/iesblasinfante\/wp-json\/wp\/v2\/types\/page"}],"author":[{"embeddable":true,"href":"https:\/\/blogsaverroes.juntadeandalucia.es\/iesblasinfante\/wp-json\/wp\/v2\/users\/10359"}],"replies":[{"embeddable":true,"href":"https:\/\/blogsaverroes.juntadeandalucia.es\/iesblasinfante\/wp-json\/wp\/v2\/comments?post=1047"}],"version-history":[{"count":30,"href":"https:\/\/blogsaverroes.juntadeandalucia.es\/iesblasinfante\/wp-json\/wp\/v2\/pages\/1047\/revisions"}],"predecessor-version":[{"id":2574,"href":"https:\/\/blogsaverroes.juntadeandalucia.es\/iesblasinfante\/wp-json\/wp\/v2\/pages\/1047\/revisions\/2574"}],"up":[{"embeddable":true,"href":"https:\/\/blogsaverroes.juntadeandalucia.es\/iesblasinfante\/wp-json\/wp\/v2\/pages\/214"}],"wp:attachment":[{"href":"https:\/\/blogsaverroes.juntadeandalucia.es\/iesblasinfante\/wp-json\/wp\/v2\/media?parent=1047"}],"curies":[{"name":"wp","href":"https:\/\/api.w.org\/{rel}","templated":true}]}}