{"id":1856,"date":"2020-09-24T20:55:17","date_gmt":"2020-09-24T18:55:17","guid":{"rendered":"https:\/\/blogsaverroes.juntadeandalucia.es\/iesblasinfante\/?page_id=1856"},"modified":"2020-09-27T10:20:56","modified_gmt":"2020-09-27T08:20:56","slug":"actividades-2014-2015","status":"publish","type":"page","link":"https:\/\/blogsaverroes.juntadeandalucia.es\/iesblasinfante\/actividades\/actividades-2014-2015\/","title":{"rendered":"Actividades 2014-2015"},"content":{"rendered":"<h1>Graduaci\u00f3n 4\u00ba ESO<\/h1>\n<p>El pasado viernes 19 de Junio de 2015 una nueva promoci\u00f3n de alumnos-as del IES Blas Infante celebr\u00f3 un emotivo acto de graduaci\u00f3n.<\/p>\n<h3 style=\"text-align: center\"><strong>\u00a1Enhorabuena a todos profesorado, alumnado y familias!<\/strong><\/h3>\nngg_shortcode_0_placeholder\n<h1>Cuenta cuentos 4\u00ba ESO con los IES adscritos<\/h1>\n<h2><img fetchpriority=\"high\" decoding=\"async\" class=\"alignnone size-medium wp-image-2463 aligncenter\" src=\"https:\/\/blogsaverroes.juntadeandalucia.es\/iesblasinfante\/files\/2020\/09\/IMG-20150528-WA0000-300x180.jpg\" alt=\"\" width=\"300\" height=\"180\" srcset=\"https:\/\/blogsaverroes.juntadeandalucia.es\/iesblasinfante\/files\/2020\/09\/IMG-20150528-WA0000-300x180.jpg 300w, https:\/\/blogsaverroes.juntadeandalucia.es\/iesblasinfante\/files\/2020\/09\/IMG-20150528-WA0000-1024x614.jpg 1024w, https:\/\/blogsaverroes.juntadeandalucia.es\/iesblasinfante\/files\/2020\/09\/IMG-20150528-WA0000-768x461.jpg 768w, https:\/\/blogsaverroes.juntadeandalucia.es\/iesblasinfante\/files\/2020\/09\/IMG-20150528-WA0000-24x14.jpg 24w, https:\/\/blogsaverroes.juntadeandalucia.es\/iesblasinfante\/files\/2020\/09\/IMG-20150528-WA0000-36x22.jpg 36w, https:\/\/blogsaverroes.juntadeandalucia.es\/iesblasinfante\/files\/2020\/09\/IMG-20150528-WA0000-48x29.jpg 48w, https:\/\/blogsaverroes.juntadeandalucia.es\/iesblasinfante\/files\/2020\/09\/IMG-20150528-WA0000.jpg 1280w\" sizes=\"(max-width: 300px) 100vw, 300px\" \/><\/h2>\n<h1>Todo el IES de excursi\u00f3n a Isla M\u00e1gica<\/h1>\n<p>S\u00f3lo tenemos esta de muestra de fotos de Isla M\u00e1gica, los pasamos tan bien que se nos olvid\u00f3 hacer m\u00e1s:<\/p>\nngg_shortcode_1_placeholder\n<h1>4\u00ba ESO visita al IES Salinas por la semana de La Ciencia<\/h1>\n<p>El pasado 30 de abril disfrutamos de la semana de la ciencia con nuestros compa\u00f1eros-as del IES Salinas y su profesorado. Aprendimos cosas interesante y lo pasamos genial, gracias.<\/p>\nngg_shortcode_2_placeholder\n<h1>4\u00ba ESO visita el&nbsp;Museo de T\u00edtere y la Biblioteca de C\u00e1diz<\/h1>\n<ul>\n<li><a href=\"https:\/\/youtu.be\/ZUNuHLxti-A\" target=\"_blank\" rel=\"noopener noreferrer\">Video Museo del T\u00edtere<\/a><\/li>\n<li>Galer\u00eda de fotos:<img decoding=\"async\" class=\"wpGallery mceItem\" title=\"gallery columns=&quot;4&quot; ids=&quot;2119,2120,2121,2122,2123,2124,2125,2126,2127,2128,2129,2130,2131,2132,2133,2134,2135,2136,2137,2138,2139,2140,2141,2142,2143,2144,2145,2146,2147,2148,2149&quot;\" src=\"http:\/\/iesblasinfante.com\/wp-includes\/js\/tinymce\/plugins\/wpgallery\/img\/t.gif\" alt=\"\">ngg_shortcode_3_placeholder<\/li>\n<\/ul>\n<h1>Teatro la Dama Boba 1\u00ba ESO y 2\u00ba ESO<\/h1>\n<ul>\n<li><a href=\"https:\/\/youtu.be\/0eKLxITgZxM\" target=\"_blank\" rel=\"noopener noreferrer\">V\u00eddeo ladamaboba1<\/a><\/li>\n<li><a href=\"https:\/\/youtu.be\/XRI26y6PEmE\" target=\"_blank\" rel=\"noopener noreferrer\">V\u00eddeo ladamaboba2<\/a><\/li>\n<li>Galer\u00eda de Fotos:ngg_shortcode_4_placeholder<\/li>\n<\/ul>\n<h1>Premios del concurso de foto matem\u00e1tica<\/h1>\n<p><a href=\"https:\/\/blogsaverroes.juntadeandalucia.es\/iesblasinfante\/files\/2020\/09\/Exposici\u00f3n-14-15.pdf\" target=\"_blank\" rel=\"noopener noreferrer\">Pincha aqu\u00ed para ver lo trabajos premiados.<\/a><\/p>\nngg_shortcode_5_placeholder\n<h1>Viaje de Fin de Etapa a Granada<\/h1>\nngg_shortcode_6_placeholder\n<h1>28 de Enero: Cuenta Cuentos en Franc\u00e9s.<\/h1>\n<p>Gracias a la profesora de Franc\u00e9s el alumnado que estudia dicha materia disfrut\u00f3 de un genial Cuenta Cuentos.<\/p>\nngg_shortcode_7_placeholder\n<h1>12 de Enero: Jornada Navide\u00f1a.<\/h1>\n<p>A continuaci\u00f3n os dejamos unas fotos de los equipos ganadores de la Gymkhana de la Jornada Navide\u00f1a.<\/p>\n<div>\n<p align=\"center\"><b>GANADORES DEL PRIMER TURNO<\/b><\/p>\n<p>EQUIPO GANADOR DEL PRIMER TURNO: Equipo 9<\/p>\n<p>CAPITAN-A EQUIPO GANADOR DEL PRIMER TURNO: Ana M\u00aa Vioque Lacida, 3\u00ba ESO A.<\/p>\n<p>COMPONENTES EQUIPO GANADOR DEL PRIMER TURNO:<\/p>\n<ul>\n<li>Alberto L\u00f3pez Garc\u00eda, 3\u00ba ESO A.<\/li>\n<li>Eloy Garc\u00eda Morales, 3\u00ba ESO A.<\/li>\n<li>Jos\u00e9 Lu\u00eds Morales Garc\u00eda, 3\u00ba ESO A.<\/li>\n<li>Victoria Lucas, 3\u00ba ESO A.<\/li>\n<li>Alberto Lacida, FPB.<\/li>\n<li>Alejandro Fern\u00e1ndez, 3\u00ba ESO A.<\/li>\n<li>Kiara Cuellar, 3\u00ba ESO A.<\/li>\n<\/ul>\n<p><img decoding=\"async\" class=\"alignnone size-medium wp-image-2466\" src=\"https:\/\/blogsaverroes.juntadeandalucia.es\/iesblasinfante\/files\/2020\/09\/IMG_20150109_124534548_640x360-300x169.jpg\" alt=\"\" width=\"300\" height=\"169\" srcset=\"https:\/\/blogsaverroes.juntadeandalucia.es\/iesblasinfante\/files\/2020\/09\/IMG_20150109_124534548_640x360-300x169.jpg 300w, https:\/\/blogsaverroes.juntadeandalucia.es\/iesblasinfante\/files\/2020\/09\/IMG_20150109_124534548_640x360-24x14.jpg 24w, https:\/\/blogsaverroes.juntadeandalucia.es\/iesblasinfante\/files\/2020\/09\/IMG_20150109_124534548_640x360-36x20.jpg 36w, https:\/\/blogsaverroes.juntadeandalucia.es\/iesblasinfante\/files\/2020\/09\/IMG_20150109_124534548_640x360-48x27.jpg 48w, https:\/\/blogsaverroes.juntadeandalucia.es\/iesblasinfante\/files\/2020\/09\/IMG_20150109_124534548_640x360.jpg 640w\" sizes=\"(max-width: 300px) 100vw, 300px\" \/><\/p>\n<\/div>\n<div>\n<p align=\"center\"><b>GANADORES DEL SEGUNDO TURNO<\/b><\/p>\n<p>EQUIPO GANADOR DEL SEGUNDO TURNO: Equipo 1<\/p>\n<p>CAPITAN-A EQUIPO GANADOR DEL SEGUNDO TURNO: Elena Montero, 4\u00ba ESO A<\/p>\n<p>COMPONENTES EQUIPO GANADOR DEL SEGUNDO TURNO:<\/p>\n<\/div>\n<ul>\n<li>Gema Ternero Mart\u00ednez, 4\u00ba ESO A.<\/li>\n<li>Marina P\u00e9rez&nbsp; Mart\u00ednez, 4\u00ba ESO A.<\/li>\n<li>Marta Morales, 4\u00ba ESO A.<\/li>\n<li>Yting Wu, 4\u00ba ESO A.<\/li>\n<li>Cristina Montiel, 4\u00ba ESO A.<\/li>\n<li>Daniella Oliveira, 4\u00ba ESO A.<\/li>\n<li>Ana Bel\u00e9n Garc\u00eda Navarro, 4\u00ba ESO A.<\/li>\n<li>Mart\u00edn Ameyugo, 4\u00ba ESO A.<\/li>\n<\/ul>\n<p><img decoding=\"async\" class=\"alignnone size-medium wp-image-2465\" src=\"https:\/\/blogsaverroes.juntadeandalucia.es\/iesblasinfante\/files\/2020\/09\/IMG_20150109_124105410_HDR_640x360-300x169.jpg\" alt=\"\" width=\"300\" height=\"169\" srcset=\"https:\/\/blogsaverroes.juntadeandalucia.es\/iesblasinfante\/files\/2020\/09\/IMG_20150109_124105410_HDR_640x360-300x169.jpg 300w, https:\/\/blogsaverroes.juntadeandalucia.es\/iesblasinfante\/files\/2020\/09\/IMG_20150109_124105410_HDR_640x360-24x14.jpg 24w, https:\/\/blogsaverroes.juntadeandalucia.es\/iesblasinfante\/files\/2020\/09\/IMG_20150109_124105410_HDR_640x360-36x20.jpg 36w, https:\/\/blogsaverroes.juntadeandalucia.es\/iesblasinfante\/files\/2020\/09\/IMG_20150109_124105410_HDR_640x360-48x27.jpg 48w, https:\/\/blogsaverroes.juntadeandalucia.es\/iesblasinfante\/files\/2020\/09\/IMG_20150109_124105410_HDR_640x360.jpg 640w\" sizes=\"(max-width: 300px) 100vw, 300px\" \/><\/p>\n<h1>19&nbsp;de Diciembre: Jornada Navide\u00f1a.<\/h1>\n<p>Con motivo del final de trimestre como otros a\u00f1os celebramos una Jornada de convivencia entre toda la comunidad educativa llena de juegos y risas. Os dejamos una selecci\u00f3n de fotos. Gracias a todos-as por vuestra participaci\u00f3n.<\/p>\nngg_shortcode_8_placeholder\n<h1>Premios del concurso de tarjetas navide\u00f1o matem\u00e1ticas<\/h1>\n<div id='gallery-1' class='gallery galleryid-1856 gallery-columns-3 gallery-size-thumbnail'><figure class='gallery-item'>\n\t\t\t<div class='gallery-icon portrait'>\n\t\t\t\t<a href='https:\/\/blogsaverroes.juntadeandalucia.es\/iesblasinfante\/3o-premio-maria-penas\/'><img loading=\"lazy\" decoding=\"async\" width=\"150\" height=\"150\" src=\"https:\/\/blogsaverroes.juntadeandalucia.es\/iesblasinfante\/files\/2020\/09\/3\u00ba-premio-Mar\u00eda-Pe\u00f1as-150x150.jpg\" class=\"attachment-thumbnail size-thumbnail\" alt=\"\" srcset=\"https:\/\/blogsaverroes.juntadeandalucia.es\/iesblasinfante\/files\/2020\/09\/3\u00ba-premio-Mar\u00eda-Pe\u00f1as-150x150.jpg 150w, https:\/\/blogsaverroes.juntadeandalucia.es\/iesblasinfante\/files\/2020\/09\/3\u00ba-premio-Mar\u00eda-Pe\u00f1as-100x100.jpg 100w, https:\/\/blogsaverroes.juntadeandalucia.es\/iesblasinfante\/files\/2020\/09\/3\u00ba-premio-Mar\u00eda-Pe\u00f1as-50x50.jpg 50w\" sizes=\"(max-width: 150px) 100vw, 150px\" \/><\/a>\n\t\t\t<\/div><\/figure><figure class='gallery-item'>\n\t\t\t<div class='gallery-icon landscape'>\n\t\t\t\t<a href='https:\/\/blogsaverroes.juntadeandalucia.es\/iesblasinfante\/2o-premio-andrea-ochoa\/'><img loading=\"lazy\" decoding=\"async\" width=\"150\" height=\"150\" src=\"https:\/\/blogsaverroes.juntadeandalucia.es\/iesblasinfante\/files\/2020\/09\/2\u00ba-premio-Andrea-Ochoa-150x150.jpg\" class=\"attachment-thumbnail size-thumbnail\" alt=\"\" srcset=\"https:\/\/blogsaverroes.juntadeandalucia.es\/iesblasinfante\/files\/2020\/09\/2\u00ba-premio-Andrea-Ochoa-150x150.jpg 150w, https:\/\/blogsaverroes.juntadeandalucia.es\/iesblasinfante\/files\/2020\/09\/2\u00ba-premio-Andrea-Ochoa-100x100.jpg 100w, https:\/\/blogsaverroes.juntadeandalucia.es\/iesblasinfante\/files\/2020\/09\/2\u00ba-premio-Andrea-Ochoa-50x50.jpg 50w\" sizes=\"(max-width: 150px) 100vw, 150px\" \/><\/a>\n\t\t\t<\/div><\/figure><figure class='gallery-item'>\n\t\t\t<div class='gallery-icon landscape'>\n\t\t\t\t<a href='https:\/\/blogsaverroes.juntadeandalucia.es\/iesblasinfante\/1o-premio-belen-carrasco\/'><img loading=\"lazy\" decoding=\"async\" width=\"150\" height=\"150\" src=\"https:\/\/blogsaverroes.juntadeandalucia.es\/iesblasinfante\/files\/2020\/09\/1\u00ba-premio-Bel\u00e9n-Carrasco-150x150.jpg\" class=\"attachment-thumbnail size-thumbnail\" alt=\"\" srcset=\"https:\/\/blogsaverroes.juntadeandalucia.es\/iesblasinfante\/files\/2020\/09\/1\u00ba-premio-Bel\u00e9n-Carrasco-150x150.jpg 150w, https:\/\/blogsaverroes.juntadeandalucia.es\/iesblasinfante\/files\/2020\/09\/1\u00ba-premio-Bel\u00e9n-Carrasco-100x100.jpg 100w, https:\/\/blogsaverroes.juntadeandalucia.es\/iesblasinfante\/files\/2020\/09\/1\u00ba-premio-Bel\u00e9n-Carrasco-50x50.jpg 50w\" sizes=\"(max-width: 150px) 100vw, 150px\" \/><\/a>\n\t\t\t<\/div><\/figure>\n\t\t<\/div>\n\n<h1>25 de Noviembre: \u00abSi hacen recortes, que recorten en la Violencia\u00bb<\/h1>\n<p>El 26 de Noviembre realizamos en el IES el acto Contra la Violencia a las mujeres con la participaci\u00f3n de todo el alumnado realizando diferentes actividades trabajadas durante las horas de tutor\u00eda.<\/p>\nngg_shortcode_9_placeholder\n<h1>CELEBRACI\u00d3N 31 DE OCTUBRE Y 1 DE NOVIEMBRE<\/h1>\n<p>El pasado 31 de Octubre fueron varias las actividades que celebramos en el IES:<\/p>\n<ul>\n<li>El Dpto. de Ingl\u00e9s celebr\u00f3 Halloween<\/li>\n<li>El AMPA convirti\u00f3 nuestro Sal\u00f3n de Actos en una espectacular y terror\u00edfica Sala de Cine<\/li>\n<li>El alumnado de Pl\u00e1stica nos traslad\u00f3 a M\u00e9xico, os dejamos unas fotos del altar de muertos dedicado a Paco de Luc\u00eda que han preparado:ngg_shortcode_10_placeholder<\/li>\n<\/ul>\n","protected":false},"excerpt":{"rendered":"<p>Graduaci\u00f3n 4\u00ba ESO El pasado viernes 19 de Junio de 2015 una nueva promoci\u00f3n de alumnos-as del IES Blas Infante celebr\u00f3 un emotivo acto de&hellip;<\/p>\n","protected":false},"author":10359,"featured_media":0,"parent":214,"menu_order":0,"comment_status":"closed","ping_status":"closed","template":"","meta":{"ngg_post_thumbnail":0,"footnotes":""},"aioseo_notices":[],"_links":{"self":[{"href":"https:\/\/blogsaverroes.juntadeandalucia.es\/iesblasinfante\/wp-json\/wp\/v2\/pages\/1856"}],"collection":[{"href":"https:\/\/blogsaverroes.juntadeandalucia.es\/iesblasinfante\/wp-json\/wp\/v2\/pages"}],"about":[{"href":"https:\/\/blogsaverroes.juntadeandalucia.es\/iesblasinfante\/wp-json\/wp\/v2\/types\/page"}],"author":[{"embeddable":true,"href":"https:\/\/blogsaverroes.juntadeandalucia.es\/iesblasinfante\/wp-json\/wp\/v2\/users\/10359"}],"replies":[{"embeddable":true,"href":"https:\/\/blogsaverroes.juntadeandalucia.es\/iesblasinfante\/wp-json\/wp\/v2\/comments?post=1856"}],"version-history":[{"count":13,"href":"https:\/\/blogsaverroes.juntadeandalucia.es\/iesblasinfante\/wp-json\/wp\/v2\/pages\/1856\/revisions"}],"predecessor-version":[{"id":2539,"href":"https:\/\/blogsaverroes.juntadeandalucia.es\/iesblasinfante\/wp-json\/wp\/v2\/pages\/1856\/revisions\/2539"}],"up":[{"embeddable":true,"href":"https:\/\/blogsaverroes.juntadeandalucia.es\/iesblasinfante\/wp-json\/wp\/v2\/pages\/214"}],"wp:attachment":[{"href":"https:\/\/blogsaverroes.juntadeandalucia.es\/iesblasinfante\/wp-json\/wp\/v2\/media?parent=1856"}],"curies":[{"name":"wp","href":"https:\/\/api.w.org\/{rel}","templated":true}]}}