{"id":2095,"date":"2020-09-25T21:14:25","date_gmt":"2020-09-25T19:14:25","guid":{"rendered":"https:\/\/blogsaverroes.juntadeandalucia.es\/iesblasinfante\/?page_id=2095"},"modified":"2020-09-27T10:13:17","modified_gmt":"2020-09-27T08:13:17","slug":"actividades-2013-2014","status":"publish","type":"page","link":"https:\/\/blogsaverroes.juntadeandalucia.es\/iesblasinfante\/actividades\/actividades-2013-2014\/","title":{"rendered":"Actividades 2013-2014"},"content":{"rendered":"<h1>VIDEO ACTIVIDADES TERCER TRIMESTRE CURSO 2013-2014<span style=\"color: #ff00ff\"><strong>&nbsp;<\/strong><\/span><\/h1>\n<p>La profesora de Ciencias Naturales&nbsp;L\u00faa ha realizado este video resumen de las actividades realizadas este curso 2013-2014 durante el tercer trimestre. \u00a1<strong>Gracias L\u00faa por tu trabajo y profesionalidad! <\/strong><\/p>\n<p><iframe src=\"\/\/www.youtube.com\/embed\/zbOi2UNBL6M\" width=\"560\" height=\"315\" frameborder=\"0\"><\/iframe><\/p>\n<h1>EXCURSI\u00d3N DEL ALUMNADO DE BUEN REDIMIENTO ACAD\u00c9MICO Y COMPORTAMIENTO<\/h1>\n<p style=\"text-align: center\"><span style=\"color: #000000\"><strong>POR MOTIVOS METEREOL\u00d3GICOS HEMOS TENIDO DE SUSPENDER LA EXCURSI\u00d3N. LO SENTIMOS MUCHO.<\/strong><\/span><\/p>\n<p>Es tradici\u00f3n en el IES Blas Infante valorar el buen rendimiento y comportamiento de nuestro alumnado durante el curso escolar, por ello el IES financia una excursi\u00f3n a este alumnado. Este a\u00f1o consiste en la <b>Visita a Zahara de la Sierra y playita Arroyomolinos<\/b>,<b>&nbsp;<\/b>se llevar\u00e1 a cabo el martes&nbsp;<b>24 de junio de 2014 desde las 08:45 hasta las 18:30 aproximadamente.<\/b><\/p>\n<p><b>NOTA:&nbsp;<\/b>El alumnado asistente debe llevar: crema protectora, gorra, desayuno, comida, merienda, calzado c\u00f3modo (para la visita cultural), toalla, ba\u00f1ador y muda para la vuelta. Tambi\u00e9n pueden llevar cartas, pelotas, palas\u2026 para jugar durante el tiempo de ocio en la playita.<\/p>\n<p style=\"text-align: center\"><span style=\"color: #000000\"><strong>Queremos felicitar al alumnado seleccionado&nbsp; y a sus familias por el esfuerzo realizado durante todo el curso escolar.<\/strong><\/span><\/p>\n<h1>CARROVELERISMO 3\u00ba ESO<\/h1>\n<p>El pasado jueves 29 de mayo el alumnado de 3\u00ba ESO se inici\u00f3 en el Carrovelerismo en la playa de Camposoto.<\/p>\nngg_shortcode_0_placeholder\n<h1>VISITA AL ROA 4\u00ba ESO<\/h1>\n<p><img fetchpriority=\"high\" decoding=\"async\" class=\"alignnone size-medium wp-image-2461\" src=\"https:\/\/blogsaverroes.juntadeandalucia.es\/iesblasinfante\/files\/2020\/09\/DSCF1108-300x225.jpg\" alt=\"\" width=\"300\" height=\"225\" srcset=\"https:\/\/blogsaverroes.juntadeandalucia.es\/iesblasinfante\/files\/2020\/09\/DSCF1108-300x225.jpg 300w, https:\/\/blogsaverroes.juntadeandalucia.es\/iesblasinfante\/files\/2020\/09\/DSCF1108-1024x768.jpg 1024w, https:\/\/blogsaverroes.juntadeandalucia.es\/iesblasinfante\/files\/2020\/09\/DSCF1108-768x576.jpg 768w, https:\/\/blogsaverroes.juntadeandalucia.es\/iesblasinfante\/files\/2020\/09\/DSCF1108-1536x1152.jpg 1536w, https:\/\/blogsaverroes.juntadeandalucia.es\/iesblasinfante\/files\/2020\/09\/DSCF1108-2048x1536.jpg 2048w, https:\/\/blogsaverroes.juntadeandalucia.es\/iesblasinfante\/files\/2020\/09\/DSCF1108-24x18.jpg 24w, https:\/\/blogsaverroes.juntadeandalucia.es\/iesblasinfante\/files\/2020\/09\/DSCF1108-36x27.jpg 36w, https:\/\/blogsaverroes.juntadeandalucia.es\/iesblasinfante\/files\/2020\/09\/DSCF1108-48x36.jpg 48w\" sizes=\"(max-width: 300px) 100vw, 300px\" \/>&nbsp; &nbsp; &nbsp; &nbsp; &nbsp; &nbsp; &nbsp; &nbsp;<img decoding=\"async\" class=\"alignnone size-medium wp-image-2460\" src=\"https:\/\/blogsaverroes.juntadeandalucia.es\/iesblasinfante\/files\/2020\/09\/DSCF1109-300x225.jpg\" alt=\"\" width=\"300\" height=\"225\" srcset=\"https:\/\/blogsaverroes.juntadeandalucia.es\/iesblasinfante\/files\/2020\/09\/DSCF1109-300x225.jpg 300w, https:\/\/blogsaverroes.juntadeandalucia.es\/iesblasinfante\/files\/2020\/09\/DSCF1109-1024x768.jpg 1024w, https:\/\/blogsaverroes.juntadeandalucia.es\/iesblasinfante\/files\/2020\/09\/DSCF1109-768x576.jpg 768w, https:\/\/blogsaverroes.juntadeandalucia.es\/iesblasinfante\/files\/2020\/09\/DSCF1109-1536x1152.jpg 1536w, https:\/\/blogsaverroes.juntadeandalucia.es\/iesblasinfante\/files\/2020\/09\/DSCF1109-2048x1536.jpg 2048w, https:\/\/blogsaverroes.juntadeandalucia.es\/iesblasinfante\/files\/2020\/09\/DSCF1109-24x18.jpg 24w, https:\/\/blogsaverroes.juntadeandalucia.es\/iesblasinfante\/files\/2020\/09\/DSCF1109-36x27.jpg 36w, https:\/\/blogsaverroes.juntadeandalucia.es\/iesblasinfante\/files\/2020\/09\/DSCF1109-48x36.jpg 48w\" sizes=\"(max-width: 300px) 100vw, 300px\" \/><\/p>\n<h1>SURFING 4\u00ba ESO<strong><br \/>\n<\/strong><\/h1>\n<p>El pasado jueves 23 de mayo el alumnado de 4\u00ba ESO surfe\u00f3 muy bien con los miembros de la&nbsp;<a href=\"http:\/\/www.escueladesurfcadiz.com\/\" target=\"_blank\" rel=\"noopener noreferrer\"><em>\u00abEscuela de Surf Offshore\u00bb<\/em><\/a>&nbsp;la playa de Cortadura de C\u00e1diz.<\/p>\n<p>Tenemos que agradecer el trabajo del gran fot\u00f3grafo Adrian Arag\u00f3n su labor en la orilla.&nbsp;<\/p>\nngg_shortcode_1_placeholder\n<h1><img decoding=\"async\" title=\"gallery columns=&quot;4&quot; ids=&quot;1325,1326,1327,1328,1329,1330,1331,1332,1333,1334,1335,1336,1337,1338,1339,1340,1341,1342,1343,1344,1345,1346,1347,1348,1349,1350,1351,1352,1353,1354,1355,1356,1357,1358,1359,1360,1361,1362,1363,1364,1365,1366,1367,1368,1369,1370,1371,1372,1373,1374,1375,1376&quot; orderby=&quot;rand&quot;\" src=\"http:\/\/iesblasinfante.com\/wp-includes\/js\/tinymce\/plugins\/wpgallery\/img\/t.gif\" alt=\"\">CONCURSO DE FOTOGRAF\u00cdA MATEM\u00c1TICA<\/h1>\n<p><a href=\"https:\/\/blogsaverroes.juntadeandalucia.es\/iesblasinfante\/files\/2020\/09\/Aula-Espec\u00edfica.pdf\" target=\"_blank\" rel=\"noopener noreferrer\">Participaci\u00f3n del Aula Espec\u00edfica. <strong>Click aqu\u00ed.<\/strong><\/a><\/p>\n<p><a href=\"https:\/\/blogsaverroes.juntadeandalucia.es\/iesblasinfante\/files\/2020\/09\/Exposici\u00f3n-13-14.pdf\" target=\"_blank\" rel=\"noopener noreferrer\">Premiados. <strong>Click aqu\u00ed<\/strong><\/a><\/p>\n<h1>LECTURA EN PARQUE Y JARDINES<\/h1>\nngg_shortcode_2_placeholder\n<h1>CETRER\u00cdA<\/h1>\nngg_shortcode_3_placeholder\n<h1>D\u00cdA DE LA PAZ<\/h1>\nngg_shortcode_4_placeholder\n<h1>CELEBRACI\u00d3N DEL D\u00cdA DE ANDALUC\u00cdA<\/h1>\n<p><span style=\"color: #008000\">TALLERES.<\/span><span style=\"color: #888888\">&nbsp;<span style=\"color: #000000\">Se llevaron a cabo diferentes&nbsp; talleres aunque no tenemos fotos de todos:<\/span><br \/>\n<\/span><\/p>\n<blockquote>\n<ul>\n<li><span style=\"color: #000000\">\u00bfQuieres ser millonario?<\/span><\/li>\n<li><span style=\"color: #000000\">Futbol<\/span><\/li>\n<li><span style=\"color: #000000\">Pingpong<\/span><\/li>\n<li><span style=\"color: #000000\">Cocina<\/span><\/li>\n<li><span style=\"color: #000000\">Carnaval<\/span><\/li>\n<li><span style=\"color: #000000\">Juegos de Ordenador<\/span><\/li>\n<li><span style=\"color: #000000\"><span style=\"color: #000000\">Flamenco<\/span><\/span>ngg_shortcode_5_placeholder<\/li>\n<\/ul>\n<\/blockquote>\n<p><span style=\"color: #888888\"><span style=\"color: #008000\">MERCADILLO.<\/span>&nbsp;<span style=\"color: #000000\">El aula espec\u00edfica organiz\u00f3 un estupendo mercadillo con el que consiguieron recaudar un dinerito para comprar un horno para su cocina. Gracias a todos-as y en especial a todos los dem\u00e1s Centros que participaron.<\/span><\/span><\/p>\n<p>ngg_shortcode_6_placeholder<span style=\"color: #888888\"><span style=\"color: #008000\">DESAYUNO ANDALUZ<\/span>.&nbsp;<span style=\"color: #000000\">Gracias al AMPA disfrutamos de un desayuno andaluz.<\/span><\/span><\/p>\n<p>ngg_shortcode_7_placeholder<span style=\"color: #888888\"><span style=\"color: #008000\">PASE DE DISFRACES.<\/span>&nbsp;<span style=\"color: #000000\">En clase de Pl\u00e1stica el alumnado cre\u00f3 diferentes disfraces que mostraron al IES en un divertido pase. El profesorado tambi\u00e9n se anim\u00f3 a participar.<\/span><\/span><\/p>\n<p>ngg_shortcode_8_placeholder<span style=\"color: #888888\"><span style=\"color: #008000\">LECTURA DRAMATIZADA.<\/span>&nbsp;<span style=\"color: #000000\">El la clase de lengua prepararon una divertid\u00edsima lectura dramatizada que nos hizo pasar un rato estupendo.<\/span><\/span><\/p>\n<p>ngg_shortcode_9_placeholder<span style=\"color: #888888\"><span style=\"color: #008000\">T\u00da SI QUE VALES<\/span>.&nbsp;<span style=\"color: #000000\">Se organiza el&nbsp;<em>\u00abII T\u00fa si que vales del IES Blas Infante<\/em>\u00bb con impresionantes actuaciones de muchos alumnos-as.<\/span><\/span><\/p>\nngg_shortcode_10_placeholder\n<h2><span style=\"color: #008000\">INFORMACI\u00d3N PREVIA A LAS FAMILIAS<\/span><\/h2>\n<p>Con motivo del D\u00eda de Andaluc\u00eda, se ha organizado una Jornada de Convivencia&nbsp; para el pr\u00f3ximo mi\u00e9rcoles, 26 de febrero.<\/p>\n<p>El horario y actividades programadas son las siguientes:<\/p>\n<div align=\"center\">\n<table border=\"1\" cellspacing=\"0\" cellpadding=\"0\">\n<tbody>\n<tr>\n<td valign=\"top\" width=\"92\">\n<p align=\"center\">8:15-9:00<\/p>\n<\/td>\n<td style=\"vertical-align: middle\" valign=\"top\" width=\"444\">Recepci\u00f3n del alumnado<\/td>\n<\/tr>\n<tr>\n<td valign=\"top\" width=\"92\">\n<p align=\"center\">9:00-9.30<\/p>\n<\/td>\n<td style=\"vertical-align: middle\" valign=\"top\" width=\"444\">Izado de la bandera e himno<\/td>\n<\/tr>\n<tr>\n<td valign=\"top\" width=\"92\">\n<p align=\"center\">9:30-11:00<\/p>\n<\/td>\n<td style=\"vertical-align: middle\" valign=\"top\" width=\"444\">Talleres<\/td>\n<\/tr>\n<tr>\n<td valign=\"top\" width=\"92\">\n<p align=\"center\">11:00-12:00<\/p>\n<\/td>\n<td style=\"vertical-align: middle\" valign=\"top\" width=\"444\">Desayuno andaluz<\/td>\n<\/tr>\n<tr>\n<td valign=\"top\" width=\"92\">\n<p align=\"center\">12:00-13:45<\/p>\n<\/td>\n<td style=\"vertical-align: middle\" valign=\"top\" width=\"444\">Actividades colectivas<\/td>\n<\/tr>\n<tr>\n<td valign=\"top\" width=\"92\">\n<p align=\"center\">13:45-14:30<\/p>\n<\/td>\n<td style=\"vertical-align: middle\" valign=\"top\" width=\"444\">Degustaci\u00f3n taller de cocina<\/td>\n<\/tr>\n<tr>\n<td valign=\"top\" width=\"92\">\n<p align=\"center\">14:30<\/p>\n<\/td>\n<td style=\"vertical-align: middle\" valign=\"top\" width=\"444\">Finalizaci\u00f3n de la jornada escolar<\/td>\n<\/tr>\n<\/tbody>\n<\/table>\n<\/div>\n<p>Por cuestiones organizativas, se permitir\u00e1 la entrada del alumnado hasta las 9:00 h., no pudi\u00e9ndose incorporar a los talleres programados el alumnado que se llegue con posterioridad a esta hora, que tendr\u00e1 que permanecer en la biblioteca realizando tareas encomendadas por el profesorado de guardia.<\/p>\n<h1>GALERIA DE FOTOS JORNADA NAVIDE\u00d1A<\/h1>\nngg_shortcode_11_placeholder\n<h1>JORNADA DE CONVIVENCIA NAVIDE\u00d1A<\/h1>\n<p>Con motivo de la finalizaci\u00f3n del trimestre, se ha organizado una Jornada de Convivencia Navide\u00f1a&nbsp; para el pr\u00f3ximo viernes, 20 de diciembre.<\/p>\n<p>El horario y actividades programadas son las siguientes:<\/p>\n<div align=\"center\">\n<table border=\"1\" width=\"640\" cellspacing=\"0\" cellpadding=\"0\">\n<tbody>\n<tr>\n<td valign=\"top\" width=\"92\">8:15-9:15<\/td>\n<td valign=\"top\" width=\"444\">Decoraci\u00f3n y organizaci\u00f3n del desayuno<\/td>\n<\/tr>\n<tr>\n<td valign=\"top\" width=\"92\">9:15-11:15<\/td>\n<td valign=\"top\" width=\"444\">Pel\u00edcula 1\u00ba ESO y 2\u00ba ESO \u2013 Gymkhana 3\u00ba ESO y 4\u00ba ESO<\/td>\n<\/tr>\n<tr>\n<td valign=\"top\" width=\"92\">11:15-12:15<\/td>\n<td valign=\"top\" width=\"444\">Desayuno &#8211; Entrega de premios \u2013 Mercadillo\u2013 Karaoke \u2013 Dedicatoria de canciones\u2026<\/td>\n<\/tr>\n<tr>\n<td valign=\"top\" width=\"92\">12:15-12:45<\/td>\n<td valign=\"top\" width=\"444\">Entrega de notas al alumnado<\/td>\n<\/tr>\n<tr>\n<td valign=\"top\" width=\"92\">12:45-14:45<\/td>\n<td valign=\"top\" width=\"444\">Pel\u00edcula 3\u00ba ESO y 4\u00ba ESO \u2013 Gymkhana 1\u00ba ESO y 2\u00ba ESO<\/td>\n<\/tr>\n<\/tbody>\n<\/table>\n<\/div>\n<p>Como se puede observar en el cuadro anterior, el horario es el habitual, y se informa que el alumnado que llegue con retraso no se podr\u00e1 incorporar a las actividades. Este alumnado deber\u00e1 permanecer en la biblioteca realizando las tareas encomendadas por el&nbsp; profesorado de guardia.<\/p>\n<p>La entrega de notas se har\u00e1 directamente al alumnado.<\/p>\n<h1>\u00a1COMPRA TU PAPELETA Y GANA!<\/h1>\n<p>El alumnado de 3\u00ba ESO y 4\u00ba ESO del IES rifa una estupenda cesta de chocolates el 13 de Diciembre, las ganancias se destinan al Viaje a Granada previsto para la segunda evaluaci\u00f3n.<img decoding=\"async\" class=\"size-medium wp-image-2386 aligncenter\" src=\"https:\/\/blogsaverroes.juntadeandalucia.es\/iesblasinfante\/files\/2020\/09\/DSC02003-300x225.jpg\" alt=\"\" width=\"300\" height=\"225\" srcset=\"https:\/\/blogsaverroes.juntadeandalucia.es\/iesblasinfante\/files\/2020\/09\/DSC02003-300x225.jpg 300w, https:\/\/blogsaverroes.juntadeandalucia.es\/iesblasinfante\/files\/2020\/09\/DSC02003-1024x768.jpg 1024w, https:\/\/blogsaverroes.juntadeandalucia.es\/iesblasinfante\/files\/2020\/09\/DSC02003-768x576.jpg 768w, https:\/\/blogsaverroes.juntadeandalucia.es\/iesblasinfante\/files\/2020\/09\/DSC02003-1536x1152.jpg 1536w, https:\/\/blogsaverroes.juntadeandalucia.es\/iesblasinfante\/files\/2020\/09\/DSC02003-2048x1536.jpg 2048w, https:\/\/blogsaverroes.juntadeandalucia.es\/iesblasinfante\/files\/2020\/09\/DSC02003-24x18.jpg 24w, https:\/\/blogsaverroes.juntadeandalucia.es\/iesblasinfante\/files\/2020\/09\/DSC02003-36x27.jpg 36w, https:\/\/blogsaverroes.juntadeandalucia.es\/iesblasinfante\/files\/2020\/09\/DSC02003-48x36.jpg 48w\" sizes=\"(max-width: 300px) 100vw, 300px\" \/><\/p>\n<h1>CONCURSO DE TARJETAS NAVIDE\u00d1O-MATEM\u00c1TICAS<\/h1>\n<p><a href=\"https:\/\/blogsaverroes.juntadeandalucia.es\/iesblasinfante\/files\/2020\/09\/Resumen-premios-2013-2014.pdf\" target=\"_blank\" rel=\"noopener noreferrer\">Haz <strong>click aqu\u00ed<\/strong> para ver lo premiados de este curso.<\/a><\/p>\n","protected":false},"excerpt":{"rendered":"<p>VIDEO ACTIVIDADES TERCER TRIMESTRE CURSO 2013-2014&nbsp; La profesora de Ciencias Naturales&nbsp;L\u00faa ha realizado este video resumen de las actividades realizadas este curso 2013-2014 durante el&hellip;<\/p>\n","protected":false},"author":10359,"featured_media":0,"parent":214,"menu_order":0,"comment_status":"closed","ping_status":"closed","template":"","meta":{"ngg_post_thumbnail":0,"footnotes":""},"aioseo_notices":[],"_links":{"self":[{"href":"https:\/\/blogsaverroes.juntadeandalucia.es\/iesblasinfante\/wp-json\/wp\/v2\/pages\/2095"}],"collection":[{"href":"https:\/\/blogsaverroes.juntadeandalucia.es\/iesblasinfante\/wp-json\/wp\/v2\/pages"}],"about":[{"href":"https:\/\/blogsaverroes.juntadeandalucia.es\/iesblasinfante\/wp-json\/wp\/v2\/types\/page"}],"author":[{"embeddable":true,"href":"https:\/\/blogsaverroes.juntadeandalucia.es\/iesblasinfante\/wp-json\/wp\/v2\/users\/10359"}],"replies":[{"embeddable":true,"href":"https:\/\/blogsaverroes.juntadeandalucia.es\/iesblasinfante\/wp-json\/wp\/v2\/comments?post=2095"}],"version-history":[{"count":17,"href":"https:\/\/blogsaverroes.juntadeandalucia.es\/iesblasinfante\/wp-json\/wp\/v2\/pages\/2095\/revisions"}],"predecessor-version":[{"id":2532,"href":"https:\/\/blogsaverroes.juntadeandalucia.es\/iesblasinfante\/wp-json\/wp\/v2\/pages\/2095\/revisions\/2532"}],"up":[{"embeddable":true,"href":"https:\/\/blogsaverroes.juntadeandalucia.es\/iesblasinfante\/wp-json\/wp\/v2\/pages\/214"}],"wp:attachment":[{"href":"https:\/\/blogsaverroes.juntadeandalucia.es\/iesblasinfante\/wp-json\/wp\/v2\/media?parent=2095"}],"curies":[{"name":"wp","href":"https:\/\/api.w.org\/{rel}","templated":true}]}}