{"id":2663,"date":"2020-10-01T12:14:07","date_gmt":"2020-10-01T10:14:07","guid":{"rendered":"https:\/\/blogsaverroes.juntadeandalucia.es\/iesblasinfante\/?page_id=2663"},"modified":"2025-11-04T12:13:53","modified_gmt":"2025-11-04T11:13:53","slug":"lengua","status":"publish","type":"page","link":"https:\/\/blogsaverroes.juntadeandalucia.es\/iesblasinfante\/departamentos-didacticos\/lengua\/","title":{"rendered":"Lengua"},"content":{"rendered":"<h1>CURSO 2025-2026<\/h1>\n<h3 style=\"padding-left: 40px\"><span style=\"font-size: 18pt\">PROFESORADO<\/span><\/h3>\n<table style=\"width: 100%\" border=\"2\" cellpadding=\"1\">\n<tbody>\n<tr>\n<td style=\"text-align: center;width: 99.0066%\" colspan=\"3\">\n<h5><span style=\"font-weight: 400\">DPTO. LENGUA<\/span><\/h5>\n<\/td>\n<\/tr>\n<tr>\n<td style=\"text-align: center;width: 22.0199%\">\n<h5><span style=\"font-weight: 400\">Profesor\/a<\/span><\/h5>\n<\/td>\n<td style=\"text-align: center;width: 38.4934%\">\n<h5><span style=\"font-weight: 400\">Cargo\/Puesto<\/span><\/h5>\n<\/td>\n<td style=\"text-align: center;width: 38.4934%\">\n<h5><span style=\"font-weight: 400\">Materia que imparte<\/span><\/h5>\n<\/td>\n<\/tr>\n<tr>\n<td style=\"width: 22.0199%\"><span style=\"font-weight: 400\">CRC<\/span><\/td>\n<td style=\"width: 38.4934%\"><span style=\"font-weight: 400\">Tutora 1\u00ba Peal<\/span><\/td>\n<td style=\"width: 38.4934%\"><span style=\"font-weight: 400\">\u00c1mbito Socioling\u00fc\u00edstico 1\u00ba PEAL<\/span><\/p>\n<p><span style=\"font-weight: 400\">Lengua castellana y literatura 2\u00ba ESO<\/span><\/p>\n<p><span style=\"font-weight: 400\">Apoyo en el aula 3\u00ba ESO<\/span><\/p>\n<p><span style=\"font-weight: 400\">Aprendizaje socioemocional 4\u00ba ESO<\/span><\/p>\n<p><span style=\"font-weight: 400\">Oratoria y debate 1\u00ba de ESO<\/span><\/p>\n<p><span style=\"font-weight: 400\">Oratoria y debate 3\u00ba de ESO<\/span><\/td>\n<\/tr>\n<tr>\n<td style=\"width: 22.0199%\">Juana Caus\u00edn Rodr\u00edguez<\/td>\n<td style=\"width: 38.4934%\"><span style=\"font-weight: 400\">Tutor\/a 2\u00ba ESO<\/span><\/td>\n<td style=\"width: 38.4934%\"><span style=\"font-weight: 400\">Lengua castellana y literatura 1\u00ba ESO<\/span><\/p>\n<p><span style=\"font-weight: 400\">Lengua castellana y literatura 2\u00ba ESO<\/span><\/p>\n<p><span style=\"font-weight: 400\">Lengua castellana y literatura 3\u00ba ESO<\/span><\/p>\n<p><span style=\"font-weight: 400\">Lengua castellana y literatura 4\u00ba ESO<\/span><\/td>\n<\/tr>\n<tr>\n<td style=\"width: 22.0199%\"><span style=\"font-weight: 400\">Mercedes D\u00edaz Cama<\/span><\/td>\n<td style=\"width: 38.4934%\"><span style=\"font-weight: 400\">Secretaria&nbsp;<\/span><\/td>\n<td style=\"width: 38.4934%\"><span style=\"font-weight: 400\">Lengua castellana y literatura 4\u00ba ESO<\/span><\/p>\n<p><span style=\"font-weight: 400\">Lat\u00edn 4\u00ba ESO<\/span><\/td>\n<\/tr>\n<tr>\n<td style=\"width: 22.0199%\"><span style=\"font-weight: 400\">Mar\u00eda Marassi Baena<\/span><\/td>\n<td style=\"width: 38.4934%\"><span style=\"font-weight: 400\">Jefa del Dpto.<\/span><\/p>\n<p><span style=\"font-weight: 400\">Coordinadora Escuela Espacio de Paz<\/span><\/p>\n<p><span style=\"font-weight: 400\">Coordinadora Igualdad<\/span><\/td>\n<td style=\"width: 38.4934%\"><span style=\"font-weight: 400\">Lengua castellana y literatura 2\u00ba ESO<\/span><\/p>\n<p><span style=\"font-weight: 400\">Apoyo en el aula 4\u00ba ESO<\/span><\/td>\n<\/tr>\n<\/tbody>\n<\/table>\n<h3 style=\"padding-left: 40px\"><span style=\"font-size: 18pt\">DOCUMENTACI\u00d3N<\/span><\/h3>\n<h2 style=\"padding-left: 40px\"><span style=\"font-size: 14pt\">PRESENTACI\u00d3N DE LAS DIFERENTES MATERIAS<\/span><\/h2>\n<ul>\n<li style=\"list-style-type: none\">\n<ul>\n<li>\n<div><a href=\"https:\/\/docs.google.com\/document\/d\/13G53C77UgwvgBsmVAIW4uaGdYuJbZ53OLREhC-OYHbI\/edit?usp=sharing\" target=\"_blank\" rel=\"noopener\" data-saferedirecturl=\"https:\/\/www.google.com\/url?q=https:\/\/docs.google.com\/document\/d\/13G53C77UgwvgBsmVAIW4uaGdYuJbZ53OLREhC-OYHbI\/edit?usp%3Dsharing&amp;source=gmail&amp;ust=1762340782259000&amp;usg=AOvVaw1fU8Z04qSaROkmHntq4wqM\">Lengua y literatura 1\u00ba de ESO<\/a><\/div>\n<\/li>\n<li>\n<div><a href=\"https:\/\/docs.google.com\/document\/d\/1wQrZ2gcyhKu--xmUPcLb-jrHC8GhsofUTyyBwMkT9sk\/edit?usp=sharing\" target=\"_blank\" rel=\"noopener\" data-saferedirecturl=\"https:\/\/www.google.com\/url?q=https:\/\/docs.google.com\/document\/d\/1wQrZ2gcyhKu--xmUPcLb-jrHC8GhsofUTyyBwMkT9sk\/edit?usp%3Dsharing&amp;source=gmail&amp;ust=1762340782259000&amp;usg=AOvVaw1i-c7z11tYdT4knNTsPZ2s\">Lengua y literatura 2\u00ba de ESO<\/a><\/div>\n<\/li>\n<li>\n<div><a href=\"https:\/\/docs.google.com\/document\/d\/1GfjbAuFhbakjLR2fl89W7AWJ1S780PWPIoGShOR1Dg8\/edit?usp=sharing\" target=\"_blank\" rel=\"noopener\" data-saferedirecturl=\"https:\/\/www.google.com\/url?q=https:\/\/docs.google.com\/document\/d\/1GfjbAuFhbakjLR2fl89W7AWJ1S780PWPIoGShOR1Dg8\/edit?usp%3Dsharing&amp;source=gmail&amp;ust=1762340782259000&amp;usg=AOvVaw1zptryza_dbt8w2vICNuO0\">Lengua y literatura 3\u00ba de ESO<\/a><\/div>\n<\/li>\n<li>\n<div><a href=\"https:\/\/docs.google.com\/document\/d\/1Hhq3GKC-uB7ju7vCc5P8Mc0WB7mKd6-Sf9aHVo7sw5Y\/edit?usp=sharing\" target=\"_blank\" rel=\"noopener\" data-saferedirecturl=\"https:\/\/www.google.com\/url?q=https:\/\/docs.google.com\/document\/d\/1Hhq3GKC-uB7ju7vCc5P8Mc0WB7mKd6-Sf9aHVo7sw5Y\/edit?usp%3Dsharing&amp;source=gmail&amp;ust=1762340782259000&amp;usg=AOvVaw3ZX7wQlgBWBSaE40LktmUn\">Lengua y literatura 4\u00ba de ESO<\/a><\/div>\n<\/li>\n<li>\n<div><a href=\"https:\/\/docs.google.com\/document\/d\/1pqgD-gjckSgZlqW9BCI0ofyaEA2WBmj8FsbsyqUXoZ0\/edit?usp=sharing\" target=\"_blank\" rel=\"noopener\" data-saferedirecturl=\"https:\/\/www.google.com\/url?q=https:\/\/docs.google.com\/document\/d\/1pqgD-gjckSgZlqW9BCI0ofyaEA2WBmj8FsbsyqUXoZ0\/edit?usp%3Dsharing&amp;source=gmail&amp;ust=1762340782259000&amp;usg=AOvVaw1K7u760SXxHtwCLxZ1MOzt\">Oratoria y debate 1\u00ba de ESO<\/a><\/div>\n<\/li>\n<li>\n<div><a href=\"https:\/\/docs.google.com\/document\/d\/1fYdmhZCdM2t9DlIHPcM999fpuN3TXrGpodJOcByaTPI\/edit?usp=sharing\" target=\"_blank\" rel=\"noopener\" data-saferedirecturl=\"https:\/\/www.google.com\/url?q=https:\/\/docs.google.com\/document\/d\/1fYdmhZCdM2t9DlIHPcM999fpuN3TXrGpodJOcByaTPI\/edit?usp%3Dsharing&amp;source=gmail&amp;ust=1762340782259000&amp;usg=AOvVaw2y9zGVtnVbvUY7As1ZB0TM\">Oratoria y debate 3\u00ba de ESO<\/a><\/div>\n<\/li>\n<li>\n<div><a href=\"https:\/\/docs.google.com\/document\/d\/1YfM9lvDsfEuITFVxnW5F3IfgPwvYuGl74JwOtjUEhEA\/edit?usp=sharing\" target=\"_blank\" rel=\"noopener\" data-saferedirecturl=\"https:\/\/www.google.com\/url?q=https:\/\/docs.google.com\/document\/d\/1YfM9lvDsfEuITFVxnW5F3IfgPwvYuGl74JwOtjUEhEA\/edit?usp%3Dsharing&amp;source=gmail&amp;ust=1762340782259000&amp;usg=AOvVaw2oh3k7CkHCgRYvPhUNE-E4\">Lat\u00edn 4\u00ba de ESO<\/a><\/div>\n<\/li>\n<li>\n<div><a href=\"https:\/\/docs.google.com\/document\/d\/14BuS6nF7QZMSX5b_9vRchowDhpIalvdgH3ByqQiplCU\/edit?usp=sharing\" target=\"_blank\" rel=\"noopener\" data-saferedirecturl=\"https:\/\/www.google.com\/url?q=https:\/\/docs.google.com\/document\/d\/14BuS6nF7QZMSX5b_9vRchowDhpIalvdgH3ByqQiplCU\/edit?usp%3Dsharing&amp;source=gmail&amp;ust=1762340782259000&amp;usg=AOvVaw2GaO2DAbLXLY0a3ZWVRA4a\">Aprendizaje Social y emocional 4\u00ba de ESO<\/a><\/div>\n<\/li>\n<\/ul>\n<\/li>\n<\/ul>\n<h2 style=\"padding-left: 40px\"><span style=\"font-size: 14pt\">PROGRAMACIONES<\/span><\/h2>\n<ul>\n<li style=\"list-style-type: none\">\n<ul>\n<li><a href=\"https:\/\/drive.google.com\/file\/d\/1kgsz6-PJ8YkR2rbDQy4rUmSD2_0GN-No\/view?usp=sharing\" target=\"_blank\" rel=\"noopener\">Lengua castellana y literatura<\/a><\/li>\n<li><a href=\"https:\/\/drive.google.com\/file\/d\/1RlKhMenlTv-hMCUzqBxzuulFJGJ2iNwU\/view?usp=sharing\" target=\"_blank\" rel=\"noopener\">Oratoria y debate<\/a><\/li>\n<li><a href=\"https:\/\/drive.google.com\/file\/d\/1cDpIK6tML5uJAiR_2S5VZ7yVG3isG7Bi\/view?usp=sharing\" target=\"_blank\" rel=\"noopener\">Lat\u00edn 4\u00ba ESO<\/a><\/li>\n<li><a href=\"https:\/\/drive.google.com\/file\/d\/11Nx4LADK1cpzNPpr3Hopta1Z_nzVXx2m\/view?usp=sharing\" target=\"_blank\" rel=\"noopener\">\u00c1mbito de comunicaci\u00f3n y ciencias sociales&nbsp; I FPBE<\/a><\/li>\n<li><a href=\"https:\/\/drive.google.com\/file\/d\/1fhDiJ17nc28cpJjESTn6pWKPqIezPjRf\/view?usp=sharing\" target=\"_blank\" rel=\"noopener\">Aprendizaje socioemocional<\/a><\/li>\n<\/ul>\n<\/li>\n<\/ul>\n<h1>CURSO 2024-2025<\/h1>\n<h1 style=\"padding-left: 40px\"><span style=\"font-size: 18pt\">PROFESORADO<\/span><\/h1>\n<table style=\"width: 100%\" border=\"2\">\n<tbody>\n<tr>\n<td style=\"text-align: center\" colspan=\"3\">\n<h5><span style=\"font-weight: 400\">DPTO. LENGUA<\/span><\/h5>\n<\/td>\n<\/tr>\n<tr>\n<td style=\"text-align: center\">\n<h5><span style=\"font-weight: 400\">Profesor\/a<\/span><\/h5>\n<\/td>\n<td style=\"text-align: center\">\n<h5><span style=\"font-weight: 400\">Cargo\/Puesto<\/span><\/h5>\n<\/td>\n<td style=\"text-align: center\">\n<h5><span style=\"font-weight: 400\">Materia que imparte<\/span><\/h5>\n<\/td>\n<\/tr>\n<tr>\n<td><span style=\"font-weight: 400\">Manuel Jurado Romero<\/span><\/td>\n<td><span style=\"font-weight: 400\">Tutor&nbsp;<\/span><\/td>\n<td><span style=\"font-weight: 400\">Lengua castellana y literatura 2\u00ba ESO<\/span><\/p>\n<p><span style=\"font-weight: 400\">Lengua castellana y literatura 3\u00ba ESO<\/span><\/p>\n<p><span style=\"font-weight: 400\">Lengua castellana y literatura 4\u00ba ESO<\/span><\/p>\n<p><span style=\"font-weight: 400\">Oratoria y debate 3\u00ba de ESO<\/span><\/p>\n<p><span style=\"font-weight: 400\">Cultura Cl\u00e1sica 4\u00ba de ESO<\/span><\/td>\n<\/tr>\n<tr>\n<td><span style=\"font-weight: 400\">Mar\u00eda Sierra Garc\u00eda Jim\u00e9nez&nbsp;<\/span><\/td>\n<td><span style=\"font-weight: 400\">Tutor\/a<\/span><\/td>\n<td><span style=\"font-weight: 400\">Lengua castellana y literatura 1\u00ba ESO<\/span><\/p>\n<p><span style=\"font-weight: 400\">Lengua castellana y literatura 2\u00ba ESO<\/span><\/p>\n<p><span style=\"font-weight: 400\">Lengua castellana y literatura 3\u00ba ESO<\/span><\/td>\n<\/tr>\n<tr>\n<td><span style=\"font-weight: 400\">Mercedes D\u00edaz Cama<\/span><\/td>\n<td><span style=\"font-weight: 400\">Secretaria&nbsp;<\/span><\/td>\n<td><span style=\"font-weight: 400\">Lengua castellana y literatura 4\u00ba ESO<\/span><\/p>\n<p><span style=\"font-weight: 400\">Lat\u00edn 4\u00ba ESO<\/span><\/td>\n<\/tr>\n<tr>\n<td><span style=\"font-weight: 400\">Mar\u00eda Marassi Baena<\/span><\/td>\n<td><span style=\"font-weight: 400\">Jefa del Dpto.<\/span><\/p>\n<p><span style=\"font-weight: 400\">Coordinadora Escuela Espacio de Paz<\/span><\/p>\n<p><span style=\"font-weight: 400\">Coordinadora Igualdad<\/span><\/td>\n<td><span style=\"font-weight: 400\">ASL 4\u00ba Diversificaci\u00f3n<\/span><\/p>\n<p><span style=\"font-weight: 400\">Apoyo en el aula 2\u00ba ESO<\/span><\/td>\n<\/tr>\n<\/tbody>\n<\/table>\n<h1 style=\"padding-left: 40px\"><span style=\"font-size: 18pt\">DOCUMENTACI\u00d3N<\/span><\/h1>\n<h2 style=\"padding-left: 40px\"><span style=\"font-size: 14pt\">PRESENTACI\u00d3N DE LAS DIFERENTES MATERIAS<\/span><\/h2>\n<ul>\n<li style=\"list-style-type: none\">\n<ul>\n<li><a href=\"https:\/\/docs.google.com\/document\/d\/13G53C77UgwvgBsmVAIW4uaGdYuJbZ53OLREhC-OYHbI\/edit?usp=sharing\" target=\"_blank\" rel=\"noopener\">Lengua y literatura 1\u00ba de ESO<\/a><\/li>\n<li><a href=\"https:\/\/docs.google.com\/document\/d\/1pqgD-gjckSgZlqW9BCI0ofyaEA2WBmj8FsbsyqUXoZ0\/edit?usp=sharing\" target=\"_blank\" rel=\"noopener\">Oratoria y debate 1\u00ba de ESO<\/a><\/li>\n<li><a href=\"https:\/\/docs.google.com\/document\/d\/1wQrZ2gcyhKu--xmUPcLb-jrHC8GhsofUTyyBwMkT9sk\/edit?usp=sharing\" target=\"_blank\" rel=\"noopener\">Lengua y literatura 2\u00ba de ESO<\/a><\/li>\n<li><a href=\"https:\/\/docs.google.com\/document\/d\/1GfjbAuFhbakjLR2fl89W7AWJ1S780PWPIoGShOR1Dg8\/edit?usp=sharing\" target=\"_blank\" rel=\"noopener\">Lengua y literatura 3\u00ba de ESO<\/a><\/li>\n<li><a href=\"https:\/\/docs.google.com\/document\/d\/1fYdmhZCdM2t9DlIHPcM999fpuN3TXrGpodJOcByaTPI\/edit?usp=sharing\" target=\"_blank\" rel=\"noopener\">Oratoria y debate 3\u00ba de ESO<\/a><\/li>\n<li><a href=\"https:\/\/docs.google.com\/document\/d\/1Hhq3GKC-uB7ju7vCc5P8Mc0WB7mKd6-Sf9aHVo7sw5Y\/edit?usp=sharing\" target=\"_blank\" rel=\"noopener\">Lengua castellana y literatura 4\u00ba de ESO<\/a><\/li>\n<li><a href=\"https:\/\/docs.google.com\/document\/d\/1YfM9lvDsfEuITFVxnW5F3IfgPwvYuGl74JwOtjUEhEA\/edit?usp=sharing\" target=\"_blank\" rel=\"noopener\">Lat\u00edn 4\u00ba ESO<\/a><\/li>\n<li><a href=\"https:\/\/docs.google.com\/document\/d\/1uDjdKgxED1_jD4soDyTKL1hDFsmmcOvlzXPUYCf6wwI\/edit?usp=sharing\" target=\"_blank\" rel=\"noopener\">\u00c1mbito Socioling\u00fc\u00edstico 4\u00ba ESO<\/a><\/li>\n<\/ul>\n<\/li>\n<\/ul>\n<h2 style=\"padding-left: 40px\"><span style=\"font-size: 14pt\">PROGRAMACIONES<\/span><\/h2>\n<ul>\n<li style=\"list-style-type: none\">\n<ul>\n<li><a href=\"https:\/\/drive.google.com\/file\/d\/1d6ztGyKRP9NTVAP5j0SkhLDRgUR5O7RJ\/view?usp=sharing\" target=\"_blank\" rel=\"noopener\">Lengua castellana y literatura<\/a><\/li>\n<li><a href=\"https:\/\/drive.google.com\/file\/d\/1CazNyppC_0mWanLt-xVLV7maAuRb7d-u\/view?usp=sharing\" target=\"_blank\" rel=\"noopener\">Oratoria y debate<\/a><\/li>\n<li><a href=\"https:\/\/drive.google.com\/file\/d\/1TjCdO-wS_DtfNvSptWQ_7cljEuWNOy7Y\/view?usp=sharing\" target=\"_blank\" rel=\"noopener\">Lat\u00edn 4\u00ba ESO<\/a><\/li>\n<li><a href=\"https:\/\/drive.google.com\/file\/d\/1WUqoJvPAf_hsIYJbTrWbFcrPBolRXZeo\/view?usp=sharing\" target=\"_blank\" rel=\"noopener\">Ampliaci\u00f3n de cultura cl\u00e1sica 4\u00ba ESO<\/a><\/li>\n<li><a href=\"https:\/\/drive.google.com\/file\/d\/1CCcNE1Db638Q-8Lqyhi9Sn1dZ0Fca0ps\/view?usp=sharing\" target=\"_blank\" rel=\"noopener\">\u00c1mbito Socioling\u00fc\u00edstico 4\u00ba ESO<\/a><\/li>\n<\/ul>\n<\/li>\n<\/ul>\n<h1>CURSO 2023-2024<\/h1>\n<h1 style=\"padding-left: 40px\"><span style=\"font-size: 18pt\">PROFESORADO<\/span><\/h1>\n<table border=\"1\">\n<tbody>\n<tr>\n<td style=\"text-align: center\" colspan=\"3\"><strong>DPTO. LENGUA<\/strong><\/td>\n<\/tr>\n<tr>\n<td style=\"text-align: center\"><strong>Profesor\/a<\/strong><\/td>\n<td style=\"text-align: center\"><strong>Cargo\/Puesto<\/strong><\/td>\n<td style=\"text-align: center\"><strong>Materia que imparte<\/strong><\/td>\n<\/tr>\n<tr>\n<td><span style=\"font-weight: 400\">Mercedes D\u00edaz Cama<\/span><\/td>\n<td><span style=\"font-weight: 400\">Profesora&nbsp;<\/span><\/p>\n<p><span style=\"font-weight: 400\">Secretaria<\/span><\/td>\n<td><span style=\"font-weight: 400\">Lengua castellana y literatura 3\u00ba ESO<\/span><\/td>\n<\/tr>\n<tr>\n<td><span style=\"font-weight: 400\">Mar\u00eda Chicano Mart\u00edn<\/span><\/td>\n<td><span style=\"font-weight: 400\">Profesor\/a<\/span><\/td>\n<td><span style=\"font-weight: 400\">Lengua castellana y literatura 1\u00ba ESO<\/span><\/p>\n<p><span style=\"font-weight: 400\">Lengua castellana y literatura 2\u00ba ESO<\/span><\/p>\n<p><span style=\"font-weight: 400\">Lengua castellana y literatura 4\u00ba ESO<\/span><\/td>\n<\/tr>\n<tr>\n<td><span style=\"font-weight: 400\">Mar\u00eda Marassi Baena<\/span><\/td>\n<td><span style=\"font-weight: 400\">Jefa del Dpto.&nbsp;<\/span><\/p>\n<p><span style=\"font-weight: 400\">Coordinadora del Plan de Igualdad y prevenci\u00f3n de la violencia de g\u00e9nero y Escuela Espacio de Paz.&nbsp;<\/span><\/td>\n<td><span style=\"font-weight: 400\">\u00c1mbito Socioling\u00fc\u00edstico 3\u00ba ESO<\/span><\/p>\n<p><span style=\"font-weight: 400\">Oratoria y Debate 3\u00ba ESO<\/span><\/td>\n<\/tr>\n<\/tbody>\n<\/table>\n<h1 style=\"padding-left: 40px\"><span style=\"font-size: 18pt\">DOCUMENTACI\u00d3N<\/span><\/h1>\n<h2 style=\"padding-left: 40px\"><span style=\"font-size: 14pt\">PRESENTACI\u00d3N DE LAS DIFERENTES MATERIAS<\/span><\/h2>\n<ul>\n<li style=\"list-style-type: none\">\n<ul>\n<li><a href=\"https:\/\/blogsaverroes.juntadeandalucia.es\/iesblasinfante\/files\/2023\/12\/1\u00baESO-2023-2024.docx.pdf\" target=\"_blank\" rel=\"noopener noreferrer\">1\u00ba ESO 2023-2024<\/a><\/li>\n<li><a href=\"https:\/\/blogsaverroes.juntadeandalucia.es\/iesblasinfante\/files\/2023\/12\/2\u00baESO-2023-2024.docx.pdf\" target=\"_blank\" rel=\"noopener noreferrer\">2\u00ba ESO 2023-2024<\/a><\/li>\n<li><a href=\"https:\/\/blogsaverroes.juntadeandalucia.es\/iesblasinfante\/files\/2023\/12\/3\u00baESO-2023-2024-presentaci\u00f3n.docx.pdf\" target=\"_blank\" rel=\"noopener noreferrer\">3\u00ba ESO 2023-2024<\/a><\/li>\n<li><a href=\"https:\/\/blogsaverroes.juntadeandalucia.es\/iesblasinfante\/files\/2023\/12\/4\u00baESO-2023-2024-presentaci\u00f3n.docx.pdf\" target=\"_blank\" rel=\"noopener noreferrer\">4\u00ba ESO 2023-2024<\/a><\/li>\n<li><a href=\"https:\/\/blogsaverroes.juntadeandalucia.es\/iesblasinfante\/files\/2023\/12\/ASL-3\u00ba-DIV.-presentaci\u00f3n.docx.pdf\" target=\"_blank\" rel=\"noopener noreferrer\">ASL 3\u00ba DIVERSIFICACI\u00d3N<\/a><\/li>\n<li><a href=\"https:\/\/blogsaverroes.juntadeandalucia.es\/iesblasinfante\/files\/2023\/12\/ORATORIA-Y-DEBATE-3\u00baESO-2023-2024-presentaci\u00f3n.docx.pdf\" target=\"_blank\" rel=\"noopener noreferrer\">ORATORIA Y DEBATE 3\u00ba ESO 2023-2024<\/a><\/li>\n<\/ul>\n<\/li>\n<\/ul>\n<h2 style=\"padding-left: 40px\"><span style=\"font-size: 14pt\">PROGRAMACIONES<\/span><\/h2>\n<ul>\n<li style=\"list-style-type: none\">\n<ul>\n<li><a href=\"https:\/\/drive.google.com\/file\/d\/132mKzTH0W4sF979pW6WWXLzd8fxzWh7e\/view?usp=sharing\" target=\"_blank\" rel=\"noopener noreferrer\">PROGRAMACI\u00d3N DID\u00c1CTICA \u00c1MBITO LING\u00dc\u00cdSTICO Y SOCIAL 3\u00ba ESO y 4\u00ba ESO<\/a><\/li>\n<li><a href=\"https:\/\/drive.google.com\/file\/d\/1LpJY7rTRZhgkR8XfcwYyNWqL3rtMMx80\/view?usp=sharing\" target=\"_blank\" rel=\"noopener noreferrer\">PROGRAMACI\u00d3N DID\u00c1CTICA LENGUA CASTELLANA Y LITERATURA 1\u00ba ESO, 2\u00ba ESO, 3\u00ba ESO y 4\u00ba ESO<\/a><\/li>\n<li><a href=\"https:\/\/drive.google.com\/file\/d\/10J5jskAobliFXjwt-QjUQXTUzjB4XHdj\/view?usp=sharing\" target=\"_blank\" rel=\"noopener noreferrer\">PROGRAMACI\u00d3N DID\u00c1CTICA ORATORIA Y DEBATE 3\u00ba ESO<\/a><\/li>\n<\/ul>\n<\/li>\n<\/ul>\n<h1>CURSO 2022-2023<\/h1>\n<h1 style=\"padding-left: 40px\"><span style=\"font-size: 18pt\">PROFESORADO<\/span><\/h1>\n<table style=\"border-color: #000000;margin-left: 40px\" border=\"2\">\n<thead style=\"padding-left: 40px\">\n<tr style=\"padding-left: 40px\">\n<th style=\"text-align: center;padding-left: 40px\" colspan=\"3\"><strong>DPTO. LENGUA<\/strong><\/th>\n<\/tr>\n<tr style=\"padding-left: 40px\">\n<th style=\"text-align: center;padding-left: 40px\"><strong>Profesor\/a<\/strong><\/th>\n<th style=\"text-align: center;padding-left: 40px\"><strong>Cargo\/Puesto<\/strong><\/th>\n<th style=\"text-align: center;padding-left: 40px\"><strong>Materia que imparte<\/strong><\/th>\n<\/tr>\n<tr style=\"padding-left: 40px\">\n<th style=\"padding-left: 40px\"><span style=\"font-weight: 400\">Rosario Otero Mu\u00f1oz<\/span><\/th>\n<th style=\"padding-left: 40px\"><span style=\"font-weight: 400\">Profesora<\/span><\/th>\n<th style=\"padding-left: 40px\"><span style=\"font-weight: 400\">Lengua castellana y literatura 1\u00ba de ESO.&nbsp;<\/span><\/th>\n<\/tr>\n<tr style=\"padding-left: 40px\">\n<th style=\"padding-left: 40px\"><span style=\"font-weight: 400\">Jos\u00e9 Manuel Mato Ortega<\/span><\/th>\n<th style=\"padding-left: 40px\"><span style=\"font-weight: 400\">Profesor<\/span><\/th>\n<th style=\"padding-left: 40px\"><span style=\"font-weight: 400\">Lengua castellana y literatura 1\u00ba de ESO.&nbsp;<\/span><\/th>\n<\/tr>\n<tr style=\"padding-left: 40px\">\n<th style=\"padding-left: 40px\"><span style=\"font-weight: 400\">Ana Bel\u00e9n Gil Guti\u00e9rrez<\/span><\/th>\n<th style=\"padding-left: 40px\"><span style=\"font-weight: 400\">Profesora PT<\/span><\/th>\n<th style=\"padding-left: 40px\"><span style=\"font-weight: 400\">\u00c1rea ling\u00fc\u00edstica Transversal 1\u00ba de ESO.&nbsp;<\/span><\/th>\n<\/tr>\n<tr style=\"padding-left: 40px\">\n<th style=\"padding-left: 40px\"><span style=\"font-weight: 400\">Juan Pedro P\u00e9rez Carrasco<\/span><\/th>\n<th style=\"padding-left: 40px\"><span style=\"font-weight: 400\">Profesor<\/span><\/th>\n<th style=\"padding-left: 40px\"><span style=\"font-weight: 400\">Lengua castellana y literatura 2\u00ba de ESO.&nbsp;<\/span><\/th>\n<\/tr>\n<tr style=\"padding-left: 40px\">\n<th style=\"padding-left: 40px\"><span style=\"font-weight: 400\">Mar\u00eda Marassi Baena<\/span><\/th>\n<th style=\"padding-left: 40px\"><span style=\"font-weight: 400\">Jefa de Departamento<\/span><\/th>\n<th style=\"padding-left: 40px\"><span style=\"font-weight: 400\">Lengua castellana y literatura 2\u00ba de ESO y 4\u00ba de ESO.&nbsp;<\/span><\/th>\n<\/tr>\n<tr style=\"padding-left: 40px\">\n<th style=\"padding-left: 40px\"><span style=\"font-weight: 400\">M\u00aa de las Mercedes D\u00edaz Cama<\/span><\/th>\n<th style=\"padding-left: 40px\"><span style=\"font-weight: 400\">Secretaria&nbsp;<\/span><\/th>\n<th style=\"padding-left: 40px\">\n<p style=\"padding-left: 40px\"><span style=\"font-weight: 400\">Lengua castellana y literatura y Oratoria y Debate&nbsp; 3\u00ba ESO.<\/span><\/p>\n<p style=\"padding-left: 40px\"><span style=\"font-weight: 400\">RMT 4\u00ba de ESO.&nbsp;<\/span><\/p>\n<\/th>\n<\/tr>\n<\/thead>\n<\/table>\n<h1 style=\"padding-left: 40px\"><span style=\"font-size: 18pt\">DOCUMENTACI\u00d3N DEL DEPARTAMENTO<\/span><\/h1>\n<ul>\n<li style=\"list-style-type: none\">\n<ul>\n<li><a href=\"https:\/\/blogsaverroes.juntadeandalucia.es\/iesblasinfante\/files\/2022\/10\/Normas-de-presentaci\u00f3n-de-cuadernos-2022-23.pdf\" target=\"_blank\" rel=\"noopener noreferrer\">Normas de presentaci\u00f3n de cuadernos 2022-23<\/a><\/li>\n<li><a href=\"https:\/\/blogsaverroes.juntadeandalucia.es\/iesblasinfante\/files\/2022\/10\/PLAN-DE-RECUPERACI\u00d3N-PARA-EL-ALUMNADO-CON-PENDIENTE-DE-CURSOS-ANTERIORES.docx-1.pdf\" target=\"_blank\" rel=\"noopener noreferrer\">Plan de recuperaci\u00f3n para el alumnado con materia pendiente de cursos anteriores<\/a><\/li>\n<\/ul>\n<\/li>\n<\/ul>\n<h2 style=\"padding-left: 40px\"><span style=\"font-size: 14pt\">PRESENTACI\u00d3N DE LAS DIFERENTES MATERIAS<\/span><\/h2>\n<ul>\n<li style=\"list-style-type: none\">\n<ul>\n<li><a href=\"https:\/\/blogsaverroes.juntadeandalucia.es\/iesblasinfante\/files\/2022\/10\/1\u00baESO-2022-2023.docx.pdf\" target=\"_blank\" rel=\"noopener noreferrer\">1\u00baESO-2022-2023<\/a><\/li>\n<li><a href=\"https:\/\/blogsaverroes.juntadeandalucia.es\/iesblasinfante\/files\/2022\/10\/2\u00baESO-2022-2023.docx.pdf\" target=\"_blank\" rel=\"noopener noreferrer\">2\u00baESO-2022-2023<\/a><\/li>\n<li><a href=\"https:\/\/blogsaverroes.juntadeandalucia.es\/iesblasinfante\/files\/2022\/10\/3\u00baESO-2022-2023-presentaci\u00f3n.docx.pdf\" target=\"_blank\" rel=\"noopener noreferrer\">3\u00baESO-2022-2023<\/a><\/li>\n<li><a href=\"https:\/\/blogsaverroes.juntadeandalucia.es\/iesblasinfante\/files\/2022\/10\/ORATORIA-Y-DEBATE-3\u00baESO-2022-2023-presentaci\u00f3n.docx.pdf\" target=\"_blank\" rel=\"noopener noreferrer\">Oratoria y debate 3\u00baESO-2022-2023<\/a><\/li>\n<li><a href=\"https:\/\/blogsaverroes.juntadeandalucia.es\/iesblasinfante\/files\/2022\/10\/4\u00baESO-2022-2023-presentaci\u00f3n.docx.pdf\" target=\"_blank\" rel=\"noopener noreferrer\">4\u00baESO-2022-2023<\/a><\/li>\n<li><a href=\"https:\/\/blogsaverroes.juntadeandalucia.es\/iesblasinfante\/files\/2022\/10\/PRESENTACI\u00d3N-REFUERZO-MATERIAS-TRONCALES-4\u00ba-ES0CURSO-22.docx.pdf\" target=\"_blank\" rel=\"noopener noreferrer\">Refuerzo Materias Troncales 4\u00ba ESO<\/a><\/li>\n<\/ul>\n<\/li>\n<\/ul>\n<h2 style=\"padding-left: 40px\"><span style=\"font-size: 14pt\">PROGRAMACIONES<\/span><\/h2>\n<ul>\n<li style=\"list-style-type: none\">\n<ul>\n<li><a href=\"https:\/\/blogsaverroes.juntadeandalucia.es\/iesblasinfante\/files\/2022\/11\/Programacio\u0301n-Dpto.Lengua-LOMCE-2\u00ba-y-4\u00ba-de-ESO.pdf\" target=\"_blank\" rel=\"noopener noreferrer\">Programacio\u0301n Lengua Castellana y literatura 2\u00ba ESO y 4\u00ba ESO<\/a><\/li>\n<li><a href=\"https:\/\/blogsaverroes.juntadeandalucia.es\/iesblasinfante\/files\/2022\/11\/Programaci\u00f3n-Dpto.Lengua-RMT-4\u00ba-ESO-22-23.pdf\" target=\"_blank\" rel=\"noopener noreferrer\">Programaci\u00f3n Refuerzo de Materias Troncales Lengua Castellana y Literatura 4\u00ba ESO 22-23<\/a><\/li>\n<\/ul>\n<\/li>\n<\/ul>\n<h1>CURSO 2021-2022<\/h1>\n<h1><span style=\"font-size: 18pt\">PROFESORADO<\/span><\/h1>\n<table border=\"2 px\" cellpadding=\"2 px \">\n<tbody>\n<tr>\n<td style=\"width: 21.1793%\" width=\"288\">\n<h4>PROFESORADO<\/h4>\n<\/td>\n<td style=\"width: 41.0644%\" width=\"288\">\n<h4>CARGO Y PUESTO<\/h4>\n<\/td>\n<td style=\"width: 250.12%\" width=\"288\">\n<h4>MATERIA QUE IMPARTE<\/h4>\n<\/td>\n<\/tr>\n<tr>\n<td style=\"width: 21.1793%\" width=\"288\">Mercedes D\u00edaz Cama<\/td>\n<td style=\"width: 41.0644%\" width=\"288\">Secretaria del IES<\/p>\n<p>Profesora de Lengua castellana y literatura<\/td>\n<td style=\"width: 250.12%\" width=\"288\">Lengua y literatura 3\u00ba ESO B<\/p>\n<p>RMT 4\u00ba ESO<\/p>\n<p>Lat\u00edn 4\u00ba ESO A y B<\/td>\n<\/tr>\n<tr>\n<td style=\"width: 21.1793%\" width=\"288\">Juan Jes\u00fas Carpio P\u00e9rez<\/td>\n<td style=\"width: 41.0644%\" width=\"288\">Tutor 1\u00ba ESO A<\/p>\n<p>Profesor de Ingl\u00e9s<\/td>\n<td style=\"width: 250.12%\" width=\"288\">Lengua castellana y literatura 1\u00ba ESO A.<\/td>\n<\/tr>\n<tr>\n<td style=\"width: 21.1793%\">Ana M\u00aa Quintiana Garc\u00eda<\/td>\n<td style=\"width: 41.0644%\">Tutora 2\u00ba ESO A&nbsp;<\/p>\n<p>Profesora de Franc\u00e9s<\/td>\n<td style=\"width: 250.12%\">Lengua castellana y literatura 1\u00ba ESO B<\/p>\n<p>Lengua castellana y literatura 2\u00ba ESO A.<\/td>\n<\/tr>\n<tr>\n<td style=\"width: 21.1793%\" width=\"288\">M\u00aa del Mar D\u00edaz Gonz\u00e1lez<\/td>\n<td style=\"width: 41.0644%\" width=\"288\">PT<\/p>\n<p>Tutora 2\u00ba PEAL<\/td>\n<td style=\"width: 250.12%\" width=\"288\">RMT 1\u00ba ESO A y B<\/td>\n<\/tr>\n<tr>\n<td style=\"width: 21.1793%\" width=\"288\">M\u00aa del Carmen Mar\u00edn Romano<\/td>\n<td style=\"width: 41.0644%\" width=\"288\">Pedagog\u00eda Terap\u00e9utica<\/td>\n<td style=\"width: 250.12%\" width=\"288\">ACS y Programas Espec\u00edficos<\/td>\n<\/tr>\n<tr>\n<td style=\"width: 21.1793%\" width=\"288\">Mar\u00eda Marassi Baena<\/td>\n<td style=\"width: 41.0644%\" width=\"288\">Profesora de Lengua castellana y literatura.<\/p>\n<p>Jefa del Departamento<\/td>\n<td style=\"width: 250.12%\" width=\"288\">Lengua castellana y literatura 3\u00ba ESO A.<\/p>\n<p>Lengua castellana y literatura 4\u00ba ESO A.<\/p>\n<p>Lengua castellana y literatura 4\u00ba ESO B.<\/td>\n<\/tr>\n<\/tbody>\n<\/table>\n<h1><span style=\"font-size: 18pt\">EVALUACI\u00d3N Y MATERIALES<\/span><\/h1>\n<p><a href=\"https:\/\/blogsaverroes.juntadeandalucia.es\/iesblasinfante\/files\/2022\/01\/Instrumentos-y-criterios-de-calificaci\u00f3n.docx-1.pdf\" target=\"_blank\" rel=\"noopener noreferrer\">Instrumentos y criterios de calificaci\u00f3n<\/a><\/p>\n<h1><span style=\"font-size: 18pt\">CRITERIOS DE EVALUACI\u00d3N. PONDERACI\u00d3N.<\/span><\/h1>\n<ul>\n<li style=\"list-style-type: none\">\n<ul>\n<li><a href=\"https:\/\/blogsaverroes.juntadeandalucia.es\/iesblasinfante\/files\/2022\/01\/Criterios-1\u00ba-ESO.pdf\" target=\"_blank\" rel=\"noopener noreferrer\">Criterios 1\u00ba ESO<\/a><\/li>\n<li><a href=\"https:\/\/blogsaverroes.juntadeandalucia.es\/iesblasinfante\/files\/2022\/01\/Criterios-2\u00ba-ESO.pdf\" target=\"_blank\" rel=\"noopener noreferrer\">Criterios 2\u00ba ESO<\/a><\/li>\n<li><a href=\"https:\/\/blogsaverroes.juntadeandalucia.es\/iesblasinfante\/files\/2022\/01\/Criterios-3\u00ba-ESO.pdf\" target=\"_blank\" rel=\"noopener noreferrer\">Criterios 3\u00ba ESO<\/a><\/li>\n<li><a href=\"https:\/\/blogsaverroes.juntadeandalucia.es\/iesblasinfante\/files\/2022\/01\/Criterios-4\u00ba-ESO.pdf\" target=\"_blank\" rel=\"noopener noreferrer\">Criterios 4\u00ba ESO<\/a><\/li>\n<\/ul>\n<\/li>\n<\/ul>\n<h1><span style=\"font-size: 18pt\">PROGRAMACIONES DID\u00c1CTICAS<\/span><\/h1>\n<ul>\n<li style=\"list-style-type: none\">\n<ul>\n<li><a href=\"https:\/\/blogsaverroes.juntadeandalucia.es\/iesblasinfante\/files\/2022\/01\/Programaci\u00f3n-lat\u00edn-21-22.pdf\" target=\"_blank\" rel=\"noopener noreferrer\">Programaci\u00f3n lat\u00edn 21-22<\/a><\/li>\n<li><a href=\"https:\/\/blogsaverroes.juntadeandalucia.es\/iesblasinfante\/files\/2022\/01\/Programaci\u00f3n-lengua-21-22.pdf\" target=\"_blank\" rel=\"noopener noreferrer\">Programaci\u00f3n lengua 21-22<\/a><\/li>\n<li><a href=\"https:\/\/blogsaverroes.juntadeandalucia.es\/iesblasinfante\/files\/2022\/01\/PROGRAMACI\u00d3N-RMT1\u00ba-ESO-21-22.pdf\" target=\"_blank\" rel=\"noopener noreferrer\">Programaci\u00f3n RMT1\u00ba ESO 21-22<\/a><\/li>\n<li><a href=\"https:\/\/blogsaverroes.juntadeandalucia.es\/iesblasinfante\/files\/2022\/01\/PROGRAMACI\u00d3N-RMT4\u00ba-ESO-21-22.pdf\" target=\"_blank\" rel=\"noopener noreferrer\">Programaci\u00f3n RMT4\u00ba ESO 21-22<\/a><\/li>\n<\/ul>\n<\/li>\n<\/ul>\n<h1><span style=\"font-size: 18pt\">ACTIVIDADES PARA LA RECUPERACI\u00d3N DE MATERIAS PENDIENTES<\/span><\/h1>\n<p>Pincha en los siguientes enlaces para acceder a las actividades para la recuperaci\u00f3n de la materia Lengua pendiente de cursos anteriores:<\/p>\n<h4>PRIMERA EVALUACI\u00d3N<\/h4>\n<ul>\n<li style=\"list-style-type: none\">\n<ul>\n<li><a href=\"https:\/\/blogsaverroes.juntadeandalucia.es\/iesblasinfante\/files\/2020\/10\/CuadernilloPte1\u00c2\u00baESO.pdf\" target=\"_blank\" rel=\"noopener noreferrer\">Cuadernillo para la recuperaci\u00f3n de la materia pendiente Lengua 1\u00ba ESO<\/a><\/li>\n<li><a href=\"https:\/\/blogsaverroes.juntadeandalucia.es\/iesblasinfante\/files\/2020\/10\/Cuadernillo-Pte-2\u00ba-ESO.pdf\" target=\"_blank\" rel=\"noopener noreferrer\">Cuadernillo para la recuperaci\u00f3n de la materia pendiente Lengua 2\u00ba ESO<\/a><\/li>\n<\/ul>\n<\/li>\n<\/ul>\n<h4>SEGUNDA EVALUACI\u00d3N<\/h4>\n<ul>\n<li style=\"list-style-type: none\">\n<ul>\n<li><a href=\"https:\/\/blogsaverroes.juntadeandalucia.es\/iesblasinfante\/files\/2020\/12\/Cuadernillo-PTE-1\u00ba-ESO-Segundo-Trimestre.pdf\" target=\"_blank\" rel=\"noopener noreferrer\">Cuadernillo para la recuperaci\u00f3n de la materia pendiente Lengua 1\u00ba ESO<\/a><\/li>\n<li><a href=\"https:\/\/blogsaverroes.juntadeandalucia.es\/iesblasinfante\/files\/2020\/12\/Cuadernillo-PTE-2\u00ba-ESO-Segundo-Trimestre-R.pdf\" target=\"_blank\" rel=\"noopener noreferrer\">Cuadernillo para la recuperaci\u00f3n de la materia pendientes Lengua&nbsp; 2\u00ba ESO<\/a>&nbsp;<\/li>\n<\/ul>\n<\/li>\n<\/ul>\n<h4>TERCERA EVALUACI\u00d3N<\/h4>\n<ul>\n<li style=\"list-style-type: none\">\n<ul>\n<li><a href=\"https:\/\/blogsaverroes.juntadeandalucia.es\/iesblasinfante\/files\/2021\/04\/Cuadernillo-PTE-1\u00ba-ESO-Tercer-Trimestre.pdf\" target=\"_blank\" rel=\"noopener noreferrer\">Cuadernillo para la recuperaci\u00f3n de la materia pendiente Lengua 1\u00ba ESO<\/a><\/li>\n<li><a href=\"https:\/\/blogsaverroes.juntadeandalucia.es\/iesblasinfante\/files\/2021\/04\/Cuadernillo-PTE-2\u00ba-ESO-Tercer-Trimestre.pdf\" target=\"_blank\" rel=\"noopener noreferrer\">Cuadernillo para la recuperaci\u00f3n de la materia pendiente Lengua 2\u00ba ESO<\/a>&nbsp;<\/li>\n<\/ul>\n<\/li>\n<\/ul>\n<h1>CURSO 2020-2021<\/h1>\n<h1><span style=\"font-size: 18pt\">PROFESORADO<\/span><\/h1>\n<table border=\"2 px\" cellpadding=\"2 px \">\n<tbody>\n<tr>\n<td style=\"width: 21.1793%\" width=\"288\">\n<h4>PROFESORADO<\/h4>\n<\/td>\n<td style=\"width: 40.7787%\" width=\"288\">\n<h4>CARGO Y PUESTO<\/h4>\n<\/td>\n<td style=\"width: 89.2629%\" width=\"288\">\n<h4>MATERIA QUE IMPARTE<\/h4>\n<\/td>\n<\/tr>\n<tr>\n<td style=\"width: 21.1793%\" width=\"288\">Mercedes D\u00edaz Cama<\/td>\n<td style=\"width: 40.7787%\" width=\"288\">Secretaria del IES<\/p>\n<p>Profesora de Lengua castellana y literatura<\/td>\n<td style=\"width: 89.2629%\" width=\"288\">Lengua y literatura 1\u00ba ESO B<\/p>\n<p>Lengua y literatura 4\u00ba ESO A y B<\/td>\n<\/tr>\n<tr>\n<td style=\"width: 21.1793%\" width=\"288\">J. Antonio Paredes L\u00f3pez<\/td>\n<td style=\"width: 40.7787%\" width=\"288\">Profesor de Lengua castellana y literatura<\/td>\n<td style=\"width: 89.2629%\" width=\"288\">Lengua castellana y literatura 2\u00ba ESO B.<\/p>\n<p>Lengua castellana y literatura 3\u00ba ESO A y B.<\/p>\n<p>Refuerzo de Lengua 4\u00ba ESO.<\/p>\n<p>Lat\u00edn 4\u00ba ESO<\/td>\n<\/tr>\n<tr>\n<td style=\"width: 21.1793%\" width=\"288\">M\u00aa del Mar D\u00edaz Gonz\u00e1lez<\/td>\n<td style=\"width: 40.7787%\" width=\"288\">PT<\/p>\n<p>Tutora 2\u00ba PEAL<\/td>\n<td style=\"width: 89.2629%\" width=\"288\">Lengua castellana y literatura 1\u00ba ESO A y B.<\/td>\n<\/tr>\n<tr>\n<td style=\"width: 21.1793%\" width=\"288\">M\u00aa Jos\u00e9 Cabrera Soto<\/td>\n<td style=\"width: 40.7787%\" width=\"288\">Pedagog\u00eda Terap\u00e9utica<\/td>\n<td style=\"width: 89.2629%\" width=\"288\">ACS y ACNS<\/td>\n<\/tr>\n<tr>\n<td style=\"width: 21.1793%\" width=\"288\">Mar\u00eda Marassi Baena<\/td>\n<td style=\"width: 40.7787%\" width=\"288\">Profesora de Lengua castellana y literatura.<\/p>\n<p>Jefa del Departamento<\/td>\n<td style=\"width: 89.2629%\" width=\"288\">Lengua castellana y literatura 1\u00ba ESO A.<\/p>\n<p>Lengua castellana y literatura 2\u00ba ESO A.<\/p>\n<p>Refuerzo de Lengua 1\u00ba ESO.<\/td>\n<\/tr>\n<\/tbody>\n<\/table>\n<p><a href=\"https:\/\/blogsaverroes.juntadeandalucia.es\/iesblasinfante\/files\/2020\/12\/Criteriosdeevaluaci\u00c3\u00b3nycalificaci\u00c3\u00b3nyplandeatenci\u00c3\u00b3naladiversidadLengua.pdf\" target=\"_blank\" rel=\"noopener noreferrer\"><strong>Pincha aqu\u00ed<\/strong> para conocer el detalle del proceso de evaluaci\u00f3n de las materias del departamento de lengua y las medias de atenci\u00f3n a la diversidad<\/a><\/p>\n<h1><span style=\"font-size: 18pt\">ACTIVIDADES PARA LA RECUPERACI\u00d3N DE MATERIAS PENDIENTES<\/span><\/h1>\n<p>Pincha en los siguientes enlaces para acceder a las actividades para la recuperaci\u00f3n de la materia Lengua pendiente de cursos anteriores:<\/p>\n<h4>PRIMERA EVALUACI\u00d3N<\/h4>\n<ul>\n<li style=\"list-style-type: none\">\n<ul>\n<li><a href=\"https:\/\/blogsaverroes.juntadeandalucia.es\/iesblasinfante\/files\/2020\/10\/CuadernilloPte1\u00c2\u00baESO.pdf\" target=\"_blank\" rel=\"noopener noreferrer\">Cuadernillo para la recuperaci\u00f3n de la materia pendiente Lengua 1\u00ba ESO<\/a><\/li>\n<li><a href=\"https:\/\/blogsaverroes.juntadeandalucia.es\/iesblasinfante\/files\/2020\/10\/Cuadernillo-Pte-2\u00ba-ESO.pdf\" target=\"_blank\" rel=\"noopener noreferrer\">Cuadernillo para la recuperaci\u00f3n de la materia pendiente Lengua 2\u00ba ESO<\/a><\/li>\n<\/ul>\n<\/li>\n<\/ul>\n<h4>SEGUNDA EVALUACI\u00d3N<\/h4>\n<ul>\n<li style=\"list-style-type: none\">\n<ul>\n<li><a href=\"https:\/\/blogsaverroes.juntadeandalucia.es\/iesblasinfante\/files\/2020\/12\/Cuadernillo-PTE-1\u00ba-ESO-Segundo-Trimestre.pdf\" target=\"_blank\" rel=\"noopener noreferrer\">Cuadernillo para la recuperaci\u00f3n de la materia pendiente Lengua 1\u00ba ESO<\/a><\/li>\n<li><a href=\"https:\/\/blogsaverroes.juntadeandalucia.es\/iesblasinfante\/files\/2020\/12\/Cuadernillo-PTE-2\u00ba-ESO-Segundo-Trimestre-R.pdf\" target=\"_blank\" rel=\"noopener noreferrer\">Cuadernillo para la recuperaci\u00f3n de la materia pendientes Lengua&nbsp; 2\u00ba ESO<\/a>&nbsp;<\/li>\n<\/ul>\n<\/li>\n<\/ul>\n<h4>TERCERA EVALUACI\u00d3N<\/h4>\n<ul>\n<li style=\"list-style-type: none\">\n<ul>\n<li><a href=\"https:\/\/blogsaverroes.juntadeandalucia.es\/iesblasinfante\/files\/2021\/04\/Cuadernillo-PTE-1\u00ba-ESO-Tercer-Trimestre.pdf\" target=\"_blank\" rel=\"noopener noreferrer\">Cuadernillo para la recuperaci\u00f3n de la materia pendiente Lengua 1\u00ba ESO<\/a><\/li>\n<li><a href=\"https:\/\/blogsaverroes.juntadeandalucia.es\/iesblasinfante\/files\/2021\/04\/Cuadernillo-PTE-2\u00ba-ESO-Tercer-Trimestre.pdf\" target=\"_blank\" rel=\"noopener noreferrer\">Cuadernillo para la recuperaci\u00f3n de la materia pendiente Lengua 2\u00ba ESO<\/a>&nbsp;<\/li>\n<\/ul>\n<\/li>\n<\/ul>\n","protected":false},"excerpt":{"rendered":"<p>CURSO 2025-2026 PROFESORADO DPTO. LENGUA Profesor\/a Cargo\/Puesto Materia que imparte CRC Tutora 1\u00ba Peal \u00c1mbito Socioling\u00fc\u00edstico 1\u00ba PEAL Lengua castellana y literatura 2\u00ba ESO Apoyo&hellip;<\/p>\n","protected":false},"author":10359,"featured_media":0,"parent":183,"menu_order":0,"comment_status":"closed","ping_status":"closed","template":"","meta":{"ngg_post_thumbnail":0,"footnotes":""},"aioseo_notices":[],"_links":{"self":[{"href":"https:\/\/blogsaverroes.juntadeandalucia.es\/iesblasinfante\/wp-json\/wp\/v2\/pages\/2663"}],"collection":[{"href":"https:\/\/blogsaverroes.juntadeandalucia.es\/iesblasinfante\/wp-json\/wp\/v2\/pages"}],"about":[{"href":"https:\/\/blogsaverroes.juntadeandalucia.es\/iesblasinfante\/wp-json\/wp\/v2\/types\/page"}],"author":[{"embeddable":true,"href":"https:\/\/blogsaverroes.juntadeandalucia.es\/iesblasinfante\/wp-json\/wp\/v2\/users\/10359"}],"replies":[{"embeddable":true,"href":"https:\/\/blogsaverroes.juntadeandalucia.es\/iesblasinfante\/wp-json\/wp\/v2\/comments?post=2663"}],"version-history":[{"count":55,"href":"https:\/\/blogsaverroes.juntadeandalucia.es\/iesblasinfante\/wp-json\/wp\/v2\/pages\/2663\/revisions"}],"predecessor-version":[{"id":10041,"href":"https:\/\/blogsaverroes.juntadeandalucia.es\/iesblasinfante\/wp-json\/wp\/v2\/pages\/2663\/revisions\/10041"}],"up":[{"embeddable":true,"href":"https:\/\/blogsaverroes.juntadeandalucia.es\/iesblasinfante\/wp-json\/wp\/v2\/pages\/183"}],"wp:attachment":[{"href":"https:\/\/blogsaverroes.juntadeandalucia.es\/iesblasinfante\/wp-json\/wp\/v2\/media?parent=2663"}],"curies":[{"name":"wp","href":"https:\/\/api.w.org\/{rel}","templated":true}]}}