{"id":2673,"date":"2020-10-01T20:03:00","date_gmt":"2020-10-01T18:03:00","guid":{"rendered":"https:\/\/blogsaverroes.juntadeandalucia.es\/iesblasinfante\/?page_id=2673"},"modified":"2025-11-03T18:27:00","modified_gmt":"2025-11-03T17:27:00","slug":"tecnologia","status":"publish","type":"page","link":"https:\/\/blogsaverroes.juntadeandalucia.es\/iesblasinfante\/departamentos-didacticos\/tecnologia\/","title":{"rendered":"Tecnolog\u00eda"},"content":{"rendered":"<h1>CURSO 2025-2026<\/h1>\n<h3 style=\"padding-left: 40px\"><span style=\"font-size: 18pt\">PROFESORADO<\/span><\/h3>\n<table style=\"width: 100%\" border=\"2\" cellpadding=\"1\">\n<tbody>\n<tr>\n<td style=\"text-align: center\" colspan=\"3\">\n<h5><span style=\"font-weight: 400\">DPTO. TECNOLOG\u00cdA<\/span><\/h5>\n<\/td>\n<\/tr>\n<tr>\n<td style=\"text-align: center\">\n<h5><span style=\"font-weight: 400\">Profesor\/a<\/span><\/h5>\n<\/td>\n<td style=\"text-align: center\">\n<h5><span style=\"font-weight: 400\">Cargo\/Puesto<\/span><\/h5>\n<\/td>\n<td style=\"text-align: center\">\n<h5><span style=\"font-weight: 400\">Materia que imparte<\/span><\/h5>\n<\/td>\n<\/tr>\n<tr>\n<td><span style=\"font-weight: 400\">Jos\u00e9 Manuel Castro L\u00f3pez<\/span><\/td>\n<td><span style=\"font-weight: 400\">Profesor T\u00e9cnico GDCFGBEEE.<\/span><\/p>\n<p><span style=\"font-weight: 400\">Tutor DUAL I.<\/span><\/td>\n<td><span style=\"font-weight: 400\">1\u00ba GDCFGBEEE:<\/span><\/p>\n<p style=\"padding-left: 40px\"><span style=\"font-weight: 400\">ATCL<\/span><\/p>\n<p style=\"padding-left: 40px\"><span style=\"font-weight: 400\">MPT<\/span><\/p>\n<p style=\"padding-left: 40px\"><span style=\"font-weight: 400\">LSR<\/span><\/p>\n<p style=\"padding-left: 40px\"><span style=\"font-weight: 400\">PER<\/span><\/p>\n<\/td>\n<\/tr>\n<tr>\n<td><span style=\"font-weight: 400\">Mariano G\u00f3mez Calcerrada de la Torre<\/span><\/td>\n<td><span style=\"font-weight: 400\">Profesor T\u00e9cnico GDCFGBEEE.<\/span><\/p>\n<p><span style=\"font-weight: 400\">Tutor DUAL II.<\/span><\/td>\n<td><span style=\"font-weight: 400\">2\u00ba PEAL:<\/span><\/p>\n<p style=\"padding-left: 40px\"><span style=\"font-weight: 400\">PPHZC<\/span><\/p>\n<p style=\"padding-left: 40px\"><span style=\"font-weight: 400\">LMLA<\/span><\/p>\n<p style=\"padding-left: 40px\"><span style=\"font-weight: 400\">PMMCC<\/span><\/p>\n<p style=\"padding-left: 40px\"><span style=\"font-weight: 400\">UFPRL<\/span><\/p>\n<p style=\"padding-left: 40px\"><span style=\"font-weight: 400\">UFFCT<\/span><\/p>\n<\/td>\n<\/tr>\n<tr>\n<td><span style=\"font-weight: 400\">Aurelio Moreno L\u00f3pez<\/span><\/td>\n<td><span style=\"font-weight: 400\">Profesor Ense\u00f1anza Secundaria<\/span><\/p>\n<p><span style=\"font-weight: 400\">Jefe Dpto. Tecnolog\u00eda.<\/span><\/p>\n<p><span style=\"font-weight: 400\">Coordinador ACT.<\/span><\/p>\n<p><span style=\"font-weight: 400\">Coordinador PRL.<\/span><\/td>\n<td><span style=\"font-weight: 400\">2\u00ba ESO: TYD.<\/span><\/p>\n<p><span style=\"font-weight: 400\">3\u00ba ESO: TYD.<\/span><\/p>\n<p><span style=\"font-weight: 400\">4\u00ba ESO: DIG.<\/span><\/td>\n<\/tr>\n<\/tbody>\n<\/table>\n<h3 style=\"padding-left: 40px\"><span style=\"font-size: 18pt\">DOCUMENTACI\u00d3N<\/span><\/h3>\n<h3 style=\"padding-left: 40px\">Res\u00famenes de las programaciones<\/h3>\n<h4 style=\"padding-left: 40px\">Educaci\u00f3n Secundaria Obligatoria<\/h4>\n<ul>\n<li style=\"list-style-type: none\">\n<ul>\n<li><a href=\"https:\/\/drive.google.com\/file\/d\/1AhBKObAh10YLTLr7J4Y-OSSlOc97QiQK\/view?usp=drive_link\" target=\"_blank\" rel=\"noopener\">2\u00ba Tecnolog\u00eda y digitalizaci\u00f3n<\/a><\/li>\n<li><a href=\"https:\/\/drive.google.com\/file\/d\/1echEOzAeW9EyInzRIo9ZKheHywWoMaau\/view?usp=drive_link\" target=\"_blank\" rel=\"noopener\">3\u00ba Tecnolog\u00eda y digitalizaci\u00f3n<\/a><\/li>\n<li><a href=\"https:\/\/drive.google.com\/file\/d\/1vsbvICV8X7pAD-1V8glfd-JDfaHf3vVN\/view?usp=drive_link\" target=\"_blank\" rel=\"noopener\">4\u00ba ESO Digitalizaci\u00f3n<\/a><\/li>\n<\/ul>\n<\/li>\n<\/ul>\n<h4 style=\"padding-left: 40px\">1\u00ba GDCFGBEEE<\/h4>\n<ul>\n<li style=\"list-style-type: none\">\n<ul>\n<li><a href=\"https:\/\/drive.google.com\/file\/d\/1Ak0v3J69gTGvDX7rRv4NlExTlQgb7pSx\/view?usp=drive_link\" target=\"_blank\" rel=\"noopener\">Atenci\u00f3n al cliente<\/a><\/li>\n<li><a href=\"https:\/\/drive.google.com\/file\/d\/1pB9oQeuk36WGUTGccP924CizHdCpyyA3\/view?usp=drive_link\" target=\"_blank\" rel=\"noopener\">Planchado y embolsado de ropa<\/a><\/li>\n<li><a href=\"https:\/\/drive.google.com\/file\/d\/16Du-6BZLlljYLe1b5HdPLXn-ootPbQ7Q\/view?usp=drive_link\" target=\"_blank\" rel=\"noopener\">Materiales y productos textiles<\/a><\/li>\n<li><a href=\"https:\/\/drive.google.com\/file\/d\/1xZuZkzA_dFKoQygwnRtT0bhxJ9jf31G_\/view?usp=drive_link\" target=\"_blank\" rel=\"noopener\">Lavado y secado de ropa<\/a><\/li>\n<\/ul>\n<\/li>\n<\/ul>\n<h4 style=\"padding-left: 40px\"><span style=\"font-weight: 400\">2\u00ba GDCFGBEEE<\/span><\/h4>\n<ul>\n<li style=\"list-style-type: none\">\n<ul>\n<li><a href=\"https:\/\/drive.google.com\/file\/d\/1hZE5rNbhlQrUmIh9qPPuQWsDHq-Zhs4w\/view?usp=drive_link\" target=\"_blank\" rel=\"noopener\">Preparaci\u00f3n y montaje de materiales para colectividades y catering<\/a><\/li>\n<li><a href=\"https:\/\/drive.google.com\/file\/d\/1w-jnpoZDuGtbrUG0l6qDu1lP_Kx5YPLv\/view?usp=drive_link\" target=\"_blank\" rel=\"noopener\">Puesta a punto de habitaciones y zonas comunes en alojamiento<\/a><\/li>\n<li><a href=\"https:\/\/drive.google.com\/file\/d\/10EpfJkSqMWDHjRoZ8GvW-vWrF08nvIhP\/view?usp=drive_link\" target=\"_blank\" rel=\"noopener\">Lavander\u00eda y mantenimiento de lencer\u00eda en el alojamiento<\/a><\/li>\n<\/ul>\n<\/li>\n<\/ul>\n<h3 style=\"padding-left: 40px\">Programaciones did\u00e1cticas<\/h3>\n<h4 style=\"padding-left: 40px\">Educaci\u00f3n Secundaria Obligatoria<\/h4>\n<ul>\n<li style=\"list-style-type: none\">\n<ul>\n<li><a href=\"https:\/\/drive.google.com\/file\/d\/1o1-SzzuffQBoX9lcRhRpMNPYgimviT-3\/view?usp=sharing\" target=\"_blank\" rel=\"noopener\">Programaci\u00f3n Did\u00e1ctica Tecnolog\u00eda y Digitalizaci\u00f3n 2\u00ba ESO y 3\u00ba ESO<\/a><\/li>\n<li><a href=\"https:\/\/drive.google.com\/file\/d\/1KHAs6k5s58aNSKBGgRK0bLD8EnY2kNB5\/view?usp=sharing\" target=\"_blank\" rel=\"noopener\">Programaci\u00f3n Digitalizaci\u00f3n 4\u00ba ESO<\/a><\/li>\n<\/ul>\n<\/li>\n<\/ul>\n<h4 style=\"padding-left: 40px\">Formaci\u00f3n Profesional<\/h4>\n<ul>\n<li style=\"list-style-type: none\">\n<ul>\n<li><a href=\"https:\/\/drive.google.com\/file\/d\/1XF-DnOuTCqocxPzGnDkkDzKihU6KlVzW\/view?usp=sharing\" target=\"_blank\" rel=\"noopener\">Programaci\u00f3n formaci\u00f3n en centros de trabajo<\/a><\/li>\n<li><a href=\"https:\/\/drive.google.com\/file\/d\/1w26j0Ei_9aXjQJc6hE3HeSCMmGMOd091\/view?usp=sharing\" target=\"_blank\" rel=\"noopener\">Programaci\u00f3n lavander\u00eda y mantenimiento de lencer\u00eda en alojamiento<\/a><\/li>\n<li><a href=\"https:\/\/drive.google.com\/file\/d\/1Aqb65FW2b5LWZU4xBb9p2CStszNYLqrG\/view?usp=sharing\" target=\"_blank\" rel=\"noopener\">Programaci\u00f3n Atenci\u00f3n al cliente<\/a><\/li>\n<li><a href=\"https:\/\/drive.google.com\/file\/d\/12QQZEeYUdmyQSlr4VezmMZ4QcjDRbwfB\/view?usp=sharing\" target=\"_blank\" rel=\"noopener\">Programaci\u00f3n de materiales y productos textiles<\/a><\/li>\n<li><a href=\"https:\/\/drive.google.com\/file\/d\/1SYB-plTT-CVaS1GSesjTlZ09RaPYVTzW\/view?usp=sharing\" target=\"_blank\" rel=\"noopener\">Programaci\u00f3n de lavado y secado de ropa<\/a><\/li>\n<li><a href=\"https:\/\/drive.google.com\/file\/d\/18XgWaRvVgxi1RAJJ-NQvz7YhjEyQeICA\/view?usp=sharing\" target=\"_blank\" rel=\"noopener\">Programaci\u00f3n de planchado y embolsado<\/a><\/li>\n<li><a href=\"https:\/\/drive.google.com\/file\/d\/1A36DUa1P9nRTF_X23m4LsVKXUJJqseeP\/view?usp=sharing\" target=\"_blank\" rel=\"noopener\">Programaci\u00f3n de preparaci\u00f3n y montaje de materiales para colectividades y catering<\/a><\/li>\n<li><a href=\"https:\/\/drive.google.com\/file\/d\/1ds2TP6nTMB8FEj0rq-J7QzyK6KRB2EYx\/view?usp=sharing\" target=\"_blank\" rel=\"noopener\">Programaci\u00f3n puesta a punto de habitaciones y zonas comunes en alojamiento<\/a><\/li>\n<\/ul>\n<\/li>\n<\/ul>\n<h1>CURSO 2024-2025<\/h1>\n<h2 style=\"padding-left: 40px\"><span style=\"font-size: 18pt\">PROFESORADO<\/span><\/h2>\n<table style=\"width: 100%;height: 770px\" border=\"2\">\n<tbody>\n<tr style=\"height: 55px\">\n<td style=\"height: 55px;text-align: center\" colspan=\"3\">\n<h5><span style=\"font-weight: 400\">DPTO. TECNOLOG\u00cdA<\/span><\/h5>\n<\/td>\n<\/tr>\n<tr style=\"height: 55px\">\n<td style=\"height: 55px;text-align: center\">\n<h5><span style=\"font-weight: 400\">Profesor\/a<\/span><\/h5>\n<\/td>\n<td style=\"height: 55px;text-align: center\">\n<h5><span style=\"font-weight: 400\">Cargo\/Puesto<\/span><\/h5>\n<\/td>\n<td style=\"height: 55px;text-align: center\">\n<h5><span style=\"font-weight: 400\">Materia que imparte<\/span><\/h5>\n<\/td>\n<\/tr>\n<tr style=\"height: 175px\">\n<td style=\"height: 175px\"><span style=\"font-weight: 400\">Carolina Arroyo Chicano.<\/span><\/td>\n<td style=\"height: 175px\"><span style=\"font-weight: 400\">Profesor T\u00e9cnico PEAL.<\/span><\/td>\n<td style=\"height: 175px\"><span style=\"font-weight: 400\">1\u00ba PEAL ATCL<\/span><\/p>\n<p><span style=\"font-weight: 400\">1\u00ba PEAL MPT<\/span><\/p>\n<p><span style=\"font-weight: 400\">1\u00ba PEAL LSR<\/span><\/p>\n<p><span style=\"font-weight: 400\">1\u00ba PEAL PER<\/span><\/td>\n<\/tr>\n<tr style=\"height: 215px\">\n<td style=\"height: 215px\"><span style=\"font-weight: 400\">Mariano G\u00f3mez Calcerrada de la Torre.<\/span><\/td>\n<td style=\"height: 215px\"><span style=\"font-weight: 400\">Profesor T\u00e9cnico PEAL.<\/span><\/p>\n<p><span style=\"font-weight: 400\">Tutor FCT.<\/span><\/td>\n<td style=\"height: 215px\"><span style=\"font-weight: 400\">2\u00ba PEAL PPHZC<\/span><\/p>\n<p><span style=\"font-weight: 400\">2\u00ba PEAL LMLA<\/span><\/p>\n<p><span style=\"font-weight: 400\">2\u00ba PEAL PMMCC<\/span><\/p>\n<p><span style=\"font-weight: 400\">2\u00ba PEAL UFPRL<\/span><\/p>\n<p><span style=\"font-weight: 400\">2\u00ba PEAL UFFCT<\/span><\/td>\n<\/tr>\n<tr style=\"height: 135px\">\n<td style=\"height: 135px\"><span style=\"font-weight: 400\">Aurelio Moreno L\u00f3pez.<\/span><\/td>\n<td style=\"height: 135px\"><span style=\"font-weight: 400\">Jefe Dpto. Tecnolog\u00eda.<\/span><\/p>\n<p><span style=\"font-weight: 400\">Coordinador ACT.<\/span><\/p>\n<p><span style=\"font-weight: 400\">Coordinador PRL.<\/span><\/td>\n<td style=\"height: 135px\"><span style=\"font-weight: 400\">4\u00ba ESO PDC<\/span><\/p>\n<p><span style=\"font-weight: 400\">4\u00ba ESO DIG<\/span><\/td>\n<\/tr>\n<tr style=\"height: 135px\">\n<td style=\"height: 135px\"><span style=\"font-weight: 400\">M\u00aa del Pino Pazo S\u00e1nchez.<\/span><\/td>\n<td style=\"height: 135px\"><span style=\"font-weight: 400\">Tutora 3\u00ba ESO.<\/span><\/td>\n<td style=\"height: 135px\"><span style=\"font-weight: 400\">2\u00ba ESO TEC<\/span><\/p>\n<p><span style=\"font-weight: 400\">3\u00ba ESO TEC<\/span><\/p>\n<p><span style=\"font-weight: 400\">PEAL ACT<\/span><\/td>\n<\/tr>\n<\/tbody>\n<\/table>\n<h2 style=\"padding-left: 40px\">DOCUMENTACI\u00d3N<\/h2>\n<h3 style=\"padding-left: 40px\">Res\u00famenes de las programaciones<\/h3>\n<p style=\"padding-left: 40px\">Educaci\u00f3n Secundaria Obligatoria<\/p>\n<ul>\n<li style=\"list-style-type: none\">\n<ul>\n<li><a href=\"https:\/\/drive.google.com\/file\/d\/1gQma12VeVV8N4BDTipI2PEKf82T-mRuI\/view?usp=sharing\" target=\"_blank\" rel=\"noopener\">2\u00ba Tecnolog\u00eda y digitalizaci\u00f3n<\/a><\/li>\n<li><a href=\"https:\/\/drive.google.com\/file\/d\/13zrPyHy63DDQBin5S6pEUvlwCpaD_S90\/view?usp=sharing\" target=\"_blank\" rel=\"noopener\">3\u00ba Tecnolog\u00eda y digitalizaci\u00f3n<\/a><\/li>\n<li><a href=\"https:\/\/drive.google.com\/file\/d\/1M3-3d4TKVRaAUtSmMUeMsT0V_Mg-Q80Z\/view?usp=sharing\" target=\"_blank\" rel=\"noopener\">4\u00ba \u00c1mbito Cient\u00edfico y Tecnol\u00f3gico<\/a><\/li>\n<li><a href=\"https:\/\/drive.google.com\/file\/d\/1M3-3d4TKVRaAUtSmMUeMsT0V_Mg-Q80Z\/view?usp=sharing\" target=\"_blank\" rel=\"noopener\">4\u00ba ESO Digitalizaci\u00f3n<\/a><\/li>\n<\/ul>\n<\/li>\n<\/ul>\n<p style=\"padding-left: 40px\">1\u00ba GDCFGBEEE<\/p>\n<ul>\n<li style=\"list-style-type: none\">\n<ul>\n<li><a href=\"https:\/\/drive.google.com\/file\/d\/1agLoDw_Fko9glGLDLgnw6sKJOnl3-KDz\/view?usp=sharing\" target=\"_blank\" rel=\"noopener\">Atenci\u00f3n al cliente<\/a><\/li>\n<li><a href=\"https:\/\/drive.google.com\/file\/d\/16d7oYc8IDlZJmN5rAUDOQPxEswvHSI4i\/view?usp=sharing\" target=\"_blank\" rel=\"noopener\">Planchado y embolsado de ropa<\/a><\/li>\n<li><a href=\"https:\/\/drive.google.com\/file\/d\/1IDPvP_zeLEiDtJOoybIDQgBQJ-VpvXKs\/view?usp=sharing\" target=\"_blank\" rel=\"noopener\">Materiales y productos textiles<\/a><\/li>\n<li><a href=\"https:\/\/drive.google.com\/file\/d\/11c7dW48eaYeACbCU2VhrWR8MSZIhm6sr\/view?usp=sharing\" target=\"_blank\" rel=\"noopener\">Lavado y secado de ropa<\/a><\/li>\n<\/ul>\n<\/li>\n<\/ul>\n<p style=\"padding-left: 40px\">2\u00ba PEAL<\/p>\n<ul>\n<li style=\"list-style-type: none\">\n<ul>\n<li><a href=\"https:\/\/drive.google.com\/file\/d\/1Mur4BVoKB2eSiPQdF54yP4wlhb7QWOWg\/view?usp=sharing\" target=\"_blank\" rel=\"noopener\">Preparaci\u00f3n y montaje de materiales para colectividades y catering<\/a><\/li>\n<li><a href=\"https:\/\/drive.google.com\/file\/d\/1GHhEXVex2SHcYWCQ3bZg8O9wcl2o12b8\/view?usp=sharing\" target=\"_blank\" rel=\"noopener\">Puesta a punto de habitaciones y zonas comunes en alojamiento<\/a><\/li>\n<li><a href=\"https:\/\/drive.google.com\/file\/d\/1RPZt5nBfjQWuw_xVcNdiD1SMVgXrxcVe\/view?usp=sharing\" target=\"_blank\" rel=\"noopener\">Lavander\u00eda y mantenimiento de lencer\u00eda en el alojamiento<\/a><\/li>\n<\/ul>\n<\/li>\n<\/ul>\n<h3 style=\"padding-left: 40px\">Programaciones did\u00e1cticas<\/h3>\n<p style=\"padding-left: 40px\">Educaci\u00f3n Secundaria Obligatoria<\/p>\n<ul>\n<li style=\"list-style-type: none\">\n<ul>\n<li><a href=\"https:\/\/drive.google.com\/file\/d\/1-ffofkqn-o-4xgPllf_dz4_YDDZnoGPM\/view?usp=sharing\" target=\"_blank\" rel=\"noopener\">Programaci\u00f3n y Anexo \u00c1mbito cient\u00edfico tecnol\u00f3gico 3\u00ba ESO y 4\u00ba ESO<\/a><\/li>\n<li><a href=\"https:\/\/drive.google.com\/file\/d\/1zog75gesHP5xNSlZLUh9tqJWbm7DvH3U\/view?usp=sharing\" target=\"_blank\" rel=\"noopener\">Programaci\u00f3n Did\u00e1ctica Tecnolog\u00eda y Digitalizaci\u00f3n 2\u00ba ESO y 3\u00ba ESO<\/a><\/li>\n<li><a href=\"https:\/\/drive.google.com\/file\/d\/1K-k0Z_KbXyOVqSI0QSldjm5VgBxekBAA\/view?usp=sharing\" target=\"_blank\" rel=\"noopener\">Programaci\u00f3n Digitalizaci\u00f3n 4\u00ba ESO<\/a><\/li>\n<li><a href=\"https:\/\/drive.google.com\/file\/d\/1DcKGQMvxCN9jLp3NmtElMhuEAnFWp26d\/view?usp=sharing\" target=\"_blank\" rel=\"noopener\">Plan de Lectura<\/a><\/li>\n<\/ul>\n<\/li>\n<\/ul>\n<p style=\"padding-left: 40px\">Formaci\u00f3n Profesional<\/p>\n<ul>\n<li style=\"list-style-type: none\">\n<ul>\n<li><a href=\"https:\/\/drive.google.com\/file\/d\/1zC-C-FrMI-M_XGjZcUWOnUgpSoyyBZUO\/view?usp=sharing\" target=\"_blank\" rel=\"noopener\">Programaci\u00f3n formaci\u00f3n en centros de trabajo<\/a><\/li>\n<li><a href=\"https:\/\/drive.google.com\/file\/d\/1KQYCBlg5W39OmgJH9JzuaihCT0loTPw9\/view?usp=sharing\" target=\"_blank\" rel=\"noopener\">Programaci\u00f3n lenceria<\/a><\/li>\n<li><a href=\"https:\/\/drive.google.com\/file\/d\/1_UNca7yl6YIuahJ2htbqIG5laHiRgsTo\/view?usp=sharing\" target=\"_blank\" rel=\"noopener\">Programaci\u00f3n Atenci\u00f3n al cliente<\/a><\/li>\n<li><a href=\"https:\/\/drive.google.com\/file\/d\/1TQr7R_GeRg7xIzjR5xKWC_RghEVDkOEJ\/view?usp=sharing\" target=\"_blank\" rel=\"noopener\">Programaci\u00f3n de materiales y productos textiles<\/a><\/li>\n<li><a href=\"https:\/\/drive.google.com\/file\/d\/1qKAhtVBAQnUao1iwoG-rn8JWdJIB5HP0\/view?usp=sharing\" target=\"_blank\" rel=\"noopener\">Programaci\u00f3n de lavado y secado de ropa<\/a><\/li>\n<li><a href=\"https:\/\/drive.google.com\/file\/d\/1hQPuCxxkKXqwHWHrdQse5zcFQcuZwBiu\/view?usp=sharing\" target=\"_blank\" rel=\"noopener\">Programaci\u00f3n de planchado y embolsado<\/a><\/li>\n<li><a href=\"https:\/\/drive.google.com\/file\/d\/1EWBeHCtMW4qLkRpwvtSmpCOCEQ9iKE7l\/view?usp=sharing\" target=\"_blank\" rel=\"noopener\">Programaci\u00f3n de preparaci\u00f3n y montaje de materiales para colectividades y catering<\/a><\/li>\n<li><a href=\"https:\/\/drive.google.com\/file\/d\/1dbt5kHOYNc9htJ1oWOImNQD8Zxaabk_U\/view?usp=sharing\" target=\"_blank\" rel=\"noopener\">Programaci\u00f3n puesta a punto de habitaciones y zonas comunes en alojamiento<\/a><\/li>\n<\/ul>\n<\/li>\n<\/ul>\n<h1>CURSO 2023-2024<\/h1>\n<h2 style=\"padding-left: 40px\"><span style=\"font-size: 18pt\">PROFESORADO<\/span><\/h2>\n<table border=\"1\">\n<tbody>\n<tr>\n<td style=\"text-align: center\" colspan=\"3\"><strong>DPTO. TECNOLOG\u00cdA<\/strong><\/td>\n<\/tr>\n<tr>\n<td style=\"text-align: center\"><strong>Profesor\/a<\/strong><\/td>\n<td style=\"text-align: center\"><strong>Cargo\/Puesto<\/strong><\/td>\n<td style=\"text-align: center\"><strong>Materia que imparte<\/strong><\/td>\n<\/tr>\n<tr>\n<td><span style=\"font-weight: 400\">Mariano G\u00f3mez Calcerrada de la Torre<\/span><\/td>\n<td><span style=\"font-weight: 400\">Profesor T\u00e9cnico PEAL<\/span><\/td>\n<td><span style=\"font-weight: 400\">MPT 1\u00ba PEAL<\/span><\/p>\n<p><span style=\"font-weight: 400\">PER 1\u00ba PEAL<\/span><\/p>\n<p><span style=\"font-weight: 400\">ATCL 1\u00ba PEAL<\/span><\/p>\n<p><span style=\"font-weight: 400\">LMLA 2\u00ba1 PEAL<\/span><\/p>\n<p><span style=\"font-weight: 400\">UFPRL 2\u00ba PEAL<\/span><\/td>\n<\/tr>\n<tr>\n<td><span style=\"font-weight: 400\">Jos\u00e9 \u00e4ngel Mena Rivas<\/span><\/td>\n<td><span style=\"font-weight: 400\">Profesor T\u00e9cnico PEAL<\/span><\/td>\n<td><span style=\"font-weight: 400\">LSR 1\u00ba PEAL<\/span><\/p>\n<p><span style=\"font-weight: 400\">PPHZC 2\u00ba PEAL<\/span><\/p>\n<p><span style=\"font-weight: 400\">PMMCC 2\u00ba PEAL<\/span><\/p>\n<p><span style=\"font-weight: 400\">FCT<\/span><\/td>\n<\/tr>\n<tr>\n<td><span style=\"font-weight: 400\">Aurelio Moreno L\u00f3pez<\/span><\/td>\n<td><span style=\"font-weight: 400\">Tutor<\/span><\/p>\n<p><span style=\"font-weight: 400\">Coordinador PRL<\/span><\/td>\n<td><span style=\"font-weight: 400\">TEC 2\u00ba ESO,<\/span><\/p>\n<p><span style=\"font-weight: 400\">TEC 3\u00ba ESO<\/span><\/p>\n<p><span style=\"font-weight: 400\">PDC 4\u00ba<\/span><\/td>\n<\/tr>\n<tr>\n<td><span style=\"font-weight: 400\">M\u00aa del Pino Pazo S\u00e1nchez<\/span><\/td>\n<td><span style=\"font-weight: 400\">Jefa Dpto. Tecnolog\u00eda<\/span><\/p>\n<p><span style=\"font-weight: 400\">Coordinadora ACT<\/span><\/td>\n<td><span style=\"font-weight: 400\">Computaci\u00f3n y rob\u00f3tica 1\u00ba ESO<\/span><\/p>\n<p><span style=\"font-weight: 400\">TEC 2\u00ba ESO<\/span><\/p>\n<p><span style=\"font-weight: 400\">PDC 3\u00ba ESO<\/span><\/td>\n<\/tr>\n<\/tbody>\n<\/table>\n<h2 style=\"padding-left: 40px\">DOCUMENTACI\u00d3N<\/h2>\n<h3 style=\"padding-left: 40px\">Documentaci\u00f3n ESO<\/h3>\n<h4 style=\"padding-left: 80px\">Res\u00famenes de la programaci\u00f3n<\/h4>\n<ul>\n<li style=\"list-style-type: none\">\n<ul>\n<li style=\"list-style-type: none\">\n<ul>\n<li><a href=\"https:\/\/blogsaverroes.juntadeandalucia.es\/iesblasinfante\/files\/2024\/01\/Programaci\u00f3n-corta-CYR-1\u00ba-ESO-2023-2024.pdf\" target=\"_blank\" rel=\"noopener noreferrer\">Res\u00famenes de la programaci\u00f3n CYR 1\u00ba ESO 2023-2024<\/a><\/li>\n<li><a href=\"https:\/\/blogsaverroes.juntadeandalucia.es\/iesblasinfante\/files\/2024\/01\/Programacio\u0301n-corta-2\u00ba-ESO-T-Y-D-2023-2024-F.pdf\" target=\"_blank\" rel=\"noopener noreferrer\">Resumen de la programaci\u00f3n 2\u00ba ESO T Y D 2023-2024<\/a><\/li>\n<li><a href=\"https:\/\/blogsaverroes.juntadeandalucia.es\/iesblasinfante\/files\/2024\/01\/Programacio\u0301n-corta-3\u00ba-ESO-T-Y-D-2023-2024.pdf\" target=\"_blank\" rel=\"noopener noreferrer\">Res\u00famenes de la programaci\u00f3n 3\u00ba ESO T Y D 2023-2024<\/a><\/li>\n<li><a href=\"https:\/\/docs.google.com\/document\/d\/1-3klYung458Oy7HFyxhARZob4gM6iGak\/edit?usp=drive_link&amp;ouid=103816920912197489452&amp;rtpof=true&amp;sd=true\" target=\"_blank\" rel=\"noopener noreferrer\">Resumen de la programaci\u00f3n 3\u00ba ACT 2023-2024<\/a><\/li>\n<li><a href=\"https:\/\/blogsaverroes.juntadeandalucia.es\/iesblasinfante\/files\/2024\/01\/Programaci\u00f3n-corta-4\u00ba-ACT-2023-2024.pdf\" target=\"_blank\" rel=\"noopener noreferrer\">Resumen de la programaci\u00f3n 4\u00ba ACT 2023-2024<\/a><\/li>\n<\/ul>\n<\/li>\n<\/ul>\n<\/li>\n<\/ul>\n<h3 style=\"padding-left: 80px\">Programaciones<\/h3>\n<ul>\n<li style=\"list-style-type: none\">\n<ul>\n<li style=\"list-style-type: none\">\n<ul>\n<li><a href=\"https:\/\/drive.google.com\/file\/d\/1ei48TJYuvAEQIsqwLtsda9JoScQIUGSo\/view?usp=sharing\" target=\"_blank\" rel=\"noopener noreferrer\">PROGRAMACI\u00d3N DID\u00c1CTICA \u00c1MBITO CIENT\u00cdFICO-TECNOL\u00d3GICO 3\u00ba ESO y 4\u00ba ESO<\/a><\/li>\n<li><a href=\"https:\/\/drive.google.com\/file\/d\/1_cb0LLo7sEoyGaEJd1fPntiG0zcUBEuf\/view?usp=sharing\" target=\"_blank\" rel=\"noopener noreferrer\">PROGRAMACI\u00d3N DID\u00c1CTICA TECNOLOG\u00cdA Y DIGITALIZACI\u00d3N&nbsp; 2\u00ba ESO y 3\u00ba ESO<\/a><\/li>\n<\/ul>\n<\/li>\n<\/ul>\n<\/li>\n<\/ul>\n<h3 style=\"padding-left: 40px\">Documentaci\u00f3n FPB<\/h3>\n<h4 style=\"padding-left: 80px\">Res\u00famenes de la programaci\u00f3n<\/h4>\n<ul>\n<li style=\"list-style-type: none\">\n<ul>\n<li style=\"list-style-type: none\">\n<ul>\n<li><a href=\"https:\/\/blogsaverroes.juntadeandalucia.es\/iesblasinfante\/files\/2024\/01\/Resumen-programaci\u00f3n-atenci\u00f3n-al-cliente-2023-2024-1\u00baPEAL.pdf\">Resumen programaci\u00f3n atenci\u00f3n al cliente 2023-2024 1\u00baPEAL<\/a><\/li>\n<li><a href=\"https:\/\/blogsaverroes.juntadeandalucia.es\/iesblasinfante\/files\/2024\/01\/Resumen-programaci\u00f3n-Mantenimiento-Lencer\u00eda-2\u00ba-PEAL.pdf\">Resumen programaci\u00f3n Mantenimiento Lencer\u00eda 2\u00ba PEAL<\/a><\/li>\n<li><a href=\"https:\/\/blogsaverroes.juntadeandalucia.es\/iesblasinfante\/files\/2024\/01\/Programaci\u00f3n-corta-LAVADO-Y-SECADO-DE-ROPA-lsr.docx.pdf\" target=\"_blank\" rel=\"noopener noreferrer\">Res\u00famenes de la programaci\u00f3n LAVADO Y SECADO DE ROPA <\/a><\/li>\n<li><a href=\"https:\/\/blogsaverroes.juntadeandalucia.es\/iesblasinfante\/files\/2024\/01\/Resumen-programacio\u00bfnmateriales-2023-2024-1\u00ba-PEAL.pdf\" target=\"_blank\" rel=\"noopener noreferrer\">Resumen programaci\u00f3n Materiales 2023-2024 1\u00ba PEAL<\/a><\/li>\n<li><a href=\"https:\/\/blogsaverroes.juntadeandalucia.es\/iesblasinfante\/files\/2024\/01\/Resumen-Programaci\u00f3n-Planchado-23-24-1\u00ba-PEAL.pdf\">Resumen Programaci\u00f3n Planchado 23 24 1\u00ba PEAL<\/a><\/li>\n<li><a href=\"https:\/\/blogsaverroes.juntadeandalucia.es\/iesblasinfante\/files\/2024\/01\/Programaci\u00f3n-corta-pmmcc-2\u00ba-PEAL..pdf\" target=\"_blank\" rel=\"noopener noreferrer\">Res\u00famenes de la programaci\u00f3n PMMCC 2\u00ba PEAL.<\/a><\/li>\n<li><a href=\"https:\/\/blogsaverroes.juntadeandalucia.es\/iesblasinfante\/files\/2024\/01\/programaci\u00f3n-corta-de-PPHZ-2\u00ba-PEAL..pdf\" target=\"_blank\" rel=\"noopener noreferrer\"> Res\u00famenes de la programaci\u00f3n PPHZ 2\u00ba PEAL.<\/a><\/li>\n<\/ul>\n<\/li>\n<\/ul>\n<\/li>\n<\/ul>\n<h3 style=\"padding-left: 80px\">Programaciones<\/h3>\n<ul>\n<li style=\"list-style-type: none\">\n<ul>\n<li style=\"list-style-type: none\">\n<ul>\n<li><a href=\"https:\/\/drive.google.com\/file\/d\/1pCrG6wtEgHfP_-wg1tsW_BAxS700yqOd\/view?usp=sharing\" target=\"_blank\" rel=\"noopener noreferrer\">PROGRAMACI\u00d3N DID\u00c1CTICA ATENCI\u00d3N AL CLIENTE 1\u00ba PEAL<\/a><\/li>\n<li><a href=\"https:\/\/drive.google.com\/file\/d\/1g_G5y_Qk_A2YUoJC_qP201YKPmc2Yduy\/view?usp=sharing\" target=\"_blank\" rel=\"noopener noreferrer\">PROGRAMACI\u00d3N DID\u00c1CTICA LAVANDER\u00cdA Y MANTENIMIENTO DE LENCER\u00cdA EN EL ALOJAMIENTO 2\u00ba PEAL<\/a><\/li>\n<li><a href=\"https:\/\/drive.google.com\/file\/d\/1YtW3fx17AMlCV8zAhkCQ-oojSrBU2hTd\/view?usp=sharing\" target=\"_blank\" rel=\"noopener noreferrer\">PROGRAMACI\u00d3N DID\u00c1CTICA LAVADO Y SECADO DE ROPA 1\u00ba PEAL<\/a><\/li>\n<li><a href=\"https:\/\/drive.google.com\/file\/d\/1RccaRiB3C4-bgMreAxlqci_z2IBgJ1YM\/view?usp=sharing\" target=\"_blank\" rel=\"noopener noreferrer\">PROGRAMACI\u00d3N DID\u00c1CTICA MATERIALES Y PRODUCTOS TEXTILES 1\u00ba PEAL<\/a><\/li>\n<li><a href=\"https:\/\/drive.google.com\/file\/d\/1YK0AjZ-6pJvpQrt4l3vOdZcOFnriDs7p\/view?usp=sharing\" target=\"_blank\" rel=\"noopener noreferrer\">PROGRAMACI\u00d3N DID\u00c1CTICA PLANCHADO Y EMBOLSADO DE ROPA 1\u00ba PEAL<\/a><\/li>\n<li><a href=\"https:\/\/drive.google.com\/file\/d\/1FYvNl3fKbbWdLDIIKfc85sk3kjGd_E_n\/view?usp=sharing\" target=\"_blank\" rel=\"noopener noreferrer\">PROGRAMACI\u00d3N DID\u00c1CTICA PREPARACI\u00d3N Y MONTAJE DE MATERIALES PARA COLECTIVIDADES Y CATERING 2\u00ba PEAL<\/a><\/li>\n<li><a href=\"https:\/\/drive.google.com\/file\/d\/1RdkGqLCnug6riuLgW8LfH1-D9XumhBtA\/view?usp=sharing\" target=\"_blank\" rel=\"noopener noreferrer\">PROGRAMACI\u00d3N DID\u00c1CTICA PUESTA A PUNTO DE HABITACIONES Y ZONAS COMUNES EN ALOJAMIENTO 2\u00ba PEAL<\/a><\/li>\n<\/ul>\n<\/li>\n<\/ul>\n<\/li>\n<\/ul>\n<h1>CURSO 2022-2023<\/h1>\n<h2 style=\"padding-left: 40px\"><span style=\"font-size: 18pt\">PROFESORADO<\/span><\/h2>\n<table style=\"margin-left: 40px\" border=\"2\">\n<tbody style=\"padding-left: 40px\">\n<tr style=\"padding-left: 40px\">\n<td style=\"padding-left: 40px\" colspan=\"3\">\n<p style=\"text-align: center;padding-left: 40px\"><strong>DPTO. TECNOLOG\u00cdA<\/strong><\/p>\n<\/td>\n<\/tr>\n<tr style=\"padding-left: 40px\">\n<td style=\"padding-left: 40px\">\n<p style=\"text-align: center;padding-left: 40px\"><strong>Profesor\/a<\/strong><\/p>\n<\/td>\n<td style=\"padding-left: 40px\">\n<p style=\"text-align: center;padding-left: 40px\"><strong>Cargo\/Puesto<\/strong><\/p>\n<\/td>\n<td style=\"padding-left: 40px\">\n<p style=\"text-align: center;padding-left: 40px\"><strong>Materia que imparte<\/strong><\/p>\n<\/td>\n<\/tr>\n<tr style=\"padding-left: 40px\">\n<td style=\"padding-left: 40px\"><span style=\"font-weight: 400\">Aurelio Moreno L\u00f3pez<\/span><\/td>\n<td style=\"padding-left: 40px\"><span style=\"font-weight: 400\">Tutor\/Coordinador PRL<\/span><\/td>\n<td style=\"padding-left: 40px\">\n<p style=\"padding-left: 40px\"><span style=\"font-weight: 400\">Tecnolog\u00eda 2\u00ba ESO<\/span><\/p>\n<p style=\"padding-left: 40px\"><span style=\"font-weight: 400\">PDC \u00c1mbito cient\u00edfico-tecnol\u00f3gico<\/span><\/p>\n<\/td>\n<\/tr>\n<tr style=\"padding-left: 40px\">\n<td style=\"padding-left: 40px\"><span style=\"font-weight: 400\">Vicente Fern\u00e1ndez Beliz\u00f3n<\/span><\/td>\n<td style=\"padding-left: 40px\"><span style=\"font-weight: 400\">Profesor T\u00e9cnico 2\u00ba PEAL<\/span><\/td>\n<td style=\"padding-left: 40px\">\n<p style=\"padding-left: 40px\"><span style=\"font-weight: 400\">Puesta a punto de habitaciones y zonas comunes en alojamiento.<\/span><\/p>\n<p style=\"padding-left: 40px\"><span style=\"font-weight: 400\">Lavander\u00eda y mantenimiento de lencer\u00eda en alojamiento.<\/span><\/p>\n<p style=\"padding-left: 40px\"><span style=\"font-weight: 400\">Preparaci\u00f3n y montaje de materiales para colectividades y catering.<\/span><\/p>\n<p style=\"padding-left: 40px\"><span style=\"font-weight: 400\">Prevenci\u00f3n de riesgos laborales.<\/span><\/p>\n<p style=\"padding-left: 40px\"><span style=\"font-weight: 400\">Formaci\u00f3n en centros de trabajo.<\/span><\/p>\n<\/td>\n<\/tr>\n<tr style=\"padding-left: 40px\">\n<td style=\"padding-left: 40px\"><span style=\"font-weight: 400\">Mariano G\u00f3mez Calcerrada de la Torrre<\/span><\/td>\n<td style=\"padding-left: 40px\"><span style=\"font-weight: 400\">Profesor T\u00e9cnico 1\u00ba PEAL<\/span><\/td>\n<td style=\"padding-left: 40px\">\n<p style=\"padding-left: 40px\"><span style=\"font-weight: 400\">Planchado y embolsado de ropa.<\/span><\/p>\n<p style=\"padding-left: 40px\"><span style=\"font-weight: 400\">Materiales y productos textiles.<\/span><\/p>\n<p style=\"padding-left: 40px\"><span style=\"font-weight: 400\">Atenci\u00f3n al cliente.<\/span><\/p>\n<p style=\"padding-left: 40px\"><span style=\"font-weight: 400\">Lavado y secado de ropa.<\/span><\/p>\n<\/td>\n<\/tr>\n<tr style=\"padding-left: 40px\">\n<td style=\"padding-left: 40px\"><span style=\"font-weight: 400\">M\u00aa del Pino Pazo S\u00e1nchez<\/span><\/td>\n<td style=\"padding-left: 40px\"><span style=\"font-weight: 400\">Jefa de Departamento\/ Coordinadora ACT<\/span><\/td>\n<td style=\"padding-left: 40px\">\n<p style=\"padding-left: 40px\"><span style=\"font-weight: 400\">Computaci\u00f3n y Rob\u00f3tica 1\u00ba ESO<\/span><\/p>\n<p style=\"padding-left: 40px\"><span style=\"font-weight: 400\">Tecnolog\u00eda 3\u00ba ESO<\/span><\/p>\n<p style=\"padding-left: 40px\"><span style=\"font-weight: 400\">ACT PMAR I 2\u00ba ESO<\/span><\/p>\n<\/td>\n<\/tr>\n<\/tbody>\n<\/table>\n<h2 style=\"padding-left: 40px\">DOCUMENTACI\u00d3N<\/h2>\n<h3 style=\"padding-left: 40px\">Documentaci\u00f3n ESO<\/h3>\n<ul>\n<li style=\"list-style-type: none\">\n<ul>\n<li><a href=\"https:\/\/blogsaverroes.juntadeandalucia.es\/iesblasinfante\/files\/2022\/11\/Programacio\u0301n-Tecnologi\u0301a.pdf\" target=\"_blank\" rel=\"noopener noreferrer\">Programacio\u0301n Tecnologi\u0301a<\/a><\/li>\n<li><a href=\"https:\/\/blogsaverroes.juntadeandalucia.es\/iesblasinfante\/files\/2022\/11\/RESUMEN-PROGRAMACIO\u0301N-2\u00ba-PMAR-ACT.pdf\" target=\"_blank\" rel=\"noopener noreferrer\">RESUMEN PROGRAMACIO\u0301N 2\u00ba PMAR ACT<\/a><\/li>\n<li><a href=\"https:\/\/blogsaverroes.juntadeandalucia.es\/iesblasinfante\/files\/2022\/11\/RESUMEN-PROGRAMACIO\u0301N-2\u00ba-TEC.pdf\" target=\"_blank\" rel=\"noopener noreferrer\">RESUMEN PROGRAMACIO\u0301N 2\u00ba TECNOLOG\u00cdA<\/a><\/li>\n<\/ul>\n<\/li>\n<\/ul>\n<h3 style=\"padding-left: 40px\">Documentaci\u00f3n FPB<\/h3>\n<h4 style=\"padding-left: 80px\">1\u00ba PEAL<\/h4>\n<ul>\n<li style=\"list-style-type: none\">\n<ul>\n<li style=\"list-style-type: none\">\n<ul>\n<li><a href=\"https:\/\/blogsaverroes.juntadeandalucia.es\/iesblasinfante\/files\/2022\/11\/Programaci\u00f3n-Atenci\u00f3n-al-cliente-2022-2023-.pdf\" target=\"_blank\" rel=\"noopener noreferrer\">Programaci\u00f3n Atenci\u00f3n al cliente 2022-2023<\/a><\/li>\n<li><a href=\"https:\/\/blogsaverroes.juntadeandalucia.es\/iesblasinfante\/files\/2022\/11\/EVALUACION-ATENCION-AL-CLIENTE-1\u00ba-PEAL.pdf\" target=\"_blank\" rel=\"noopener noreferrer\">EVALUACION ATENCION AL CLIENTE 1\u00ba PEAL<\/a><\/li>\n<li><a href=\"https:\/\/blogsaverroes.juntadeandalucia.es\/iesblasinfante\/files\/2022\/11\/Programaci\u00f3n-Lavado-y-Secado-de-Ropa-2022-2023-.pdf\" target=\"_blank\" rel=\"noopener noreferrer\">Programaci\u00f3n Lavado y Secado de Ropa 2022-2023<\/a><\/li>\n<li><a href=\"https:\/\/blogsaverroes.juntadeandalucia.es\/iesblasinfante\/files\/2022\/11\/EVALUACION-LAVADO-Y-SECADO-DE-ROPA-1\u00ba-PEAL.pdf\" target=\"_blank\" rel=\"noopener noreferrer\">EVALUACION LAVADO Y SECADO DE ROPA 1\u00ba PEAL<\/a><\/li>\n<li><a href=\"https:\/\/blogsaverroes.juntadeandalucia.es\/iesblasinfante\/files\/2022\/11\/Programaci\u00f3n-Materiales-y-productos-textiles-2022-2023.pdf\" target=\"_blank\" rel=\"noopener noreferrer\">Programaci\u00f3n Materiales y productos textiles 2022-2023<\/a><\/li>\n<li><a href=\"https:\/\/blogsaverroes.juntadeandalucia.es\/iesblasinfante\/files\/2022\/11\/EVALUACION-MATERIALES-Y-PRODUCTOS-TEXTILES-1\u00ba-PEAL.pdf\" target=\"_blank\" rel=\"noopener noreferrer\">EVALUACION MATERIALES Y PRODUCTOS TEXTILES 1\u00ba PEAL<\/a><\/li>\n<li><a href=\"https:\/\/blogsaverroes.juntadeandalucia.es\/iesblasinfante\/files\/2022\/11\/Programaci\u00f3n-PLanchado-y-Embolsaldo-de-Ropa-2022-2023-.pdf\" target=\"_blank\" rel=\"noopener noreferrer\">Programaci\u00f3n Planchado y Embolsado de Ropa 2022-2023<\/a><\/li>\n<li><a href=\"https:\/\/blogsaverroes.juntadeandalucia.es\/iesblasinfante\/files\/2022\/11\/EVALUACI\u00d3N-PLANCHADO-Y-EMBOLSADO-DE-ROPA-1\u00ba-PEAL.pdf\" target=\"_blank\" rel=\"noopener noreferrer\">EVALUACI\u00d3N PLANCHADO Y EMBOLSADO DE ROPA 1\u00ba PEAL<\/a><\/li>\n<\/ul>\n<\/li>\n<\/ul>\n<\/li>\n<\/ul>\n<h4 style=\"padding-left: 80px\">2\u00ba PEAL<\/h4>\n<ul>\n<li style=\"list-style-type: none\">\n<ul>\n<li style=\"list-style-type: none\">\n<ul>\n<li><a href=\"https:\/\/blogsaverroes.juntadeandalucia.es\/iesblasinfante\/files\/2022\/11\/alojamiento-2\u00ba-PEAl.pdf\" target=\"_blank\" rel=\"noopener noreferrer\">Alojamiento 2\u00ba PEAL<\/a><\/li>\n<li><a href=\"https:\/\/blogsaverroes.juntadeandalucia.es\/iesblasinfante\/files\/2022\/11\/lavanderia-1-2\u00ba-PEAL.pdf\" target=\"_blank\" rel=\"noopener noreferrer\">Lavanderia-1 2\u00ba PEAL<\/a><\/li>\n<li><a href=\"https:\/\/blogsaverroes.juntadeandalucia.es\/iesblasinfante\/files\/2022\/11\/PROGRAMACION-CATERING-MAQUETADO.pdf\" target=\"_blank\" rel=\"noopener noreferrer\">PROGRAMACION CATERING MAQUETADO<\/a><\/li>\n<li><a href=\"https:\/\/blogsaverroes.juntadeandalucia.es\/iesblasinfante\/files\/2022\/11\/Evaluaci\u00f3n-Catering-2\u00ba-PEAL.pdf\" target=\"_blank\" rel=\"noopener noreferrer\">Evaluaci\u00f3n Catering 2\u00ba PEAL<\/a><\/li>\n<li><a href=\"https:\/\/blogsaverroes.juntadeandalucia.es\/iesblasinfante\/files\/2022\/11\/PROGRAMACI\u00d3N-DID\u00c1CTICA-DEL-M\u00d3DULO-DE-FORMACI\u00d3N-EN-CENTROS-DE-TRABAJO-2\u00ba-PEAL.pdf\" target=\"_blank\" rel=\"noopener noreferrer\">PROGRAMACI\u00d3N DID\u00c1CTICA DEL M\u00d3DULO DE FORMACI\u00d3N EN CENTROS DE TRABAJO 2\u00ba PEAL<\/a><\/li>\n<li><a href=\"https:\/\/blogsaverroes.juntadeandalucia.es\/iesblasinfante\/files\/2022\/11\/Programaci\u00f3n-PREPARACI\u00d3N-Y-MONTAJE-DE-MATERIALES-PARA-COLECTIVIDADES-Y-CATERING.pdf\" target=\"_blank\" rel=\"noopener noreferrer\">Programaci\u00f3n PREPARACI\u00d3N Y MONTAJE DE MATERIALES PARA COLECTIVIDADES Y CATERING<\/a><\/li>\n<li><a href=\"https:\/\/blogsaverroes.juntadeandalucia.es\/iesblasinfante\/files\/2022\/11\/Programaci\u00f3n-PUESTA-A-PUNTO-DE-HABITACIONES-Y-ZONAS.pdf\" target=\"_blank\" rel=\"noopener noreferrer\">Programaci\u00f3n PUESTA A PUNTO DE HABITACIONES Y ZONAS<\/a><\/li>\n<li><a href=\"https:\/\/blogsaverroes.juntadeandalucia.es\/iesblasinfante\/files\/2022\/11\/Programaci\u00f3n-Lavander\u00eda-y-Mantenimiento-de-Lencer\u00eda-en-el-Alojamiento-2\u00ba-FPBE-2022-2023.pdf\" target=\"_blank\" rel=\"noopener noreferrer\">Programaci\u00f3n Lavander\u00eda y Mantenimiento de Lencer\u00eda en el Alojamiento 2\u00ba FPBE 2022-2023<\/a><\/li>\n<\/ul>\n<\/li>\n<\/ul>\n<\/li>\n<\/ul>\n<h1>CURSO 2021-2022<\/h1>\n<h2 style=\"padding-left: 40px\"><span style=\"font-size: 18pt\">PROFESORADO<\/span><\/h2>\n<table style=\"border-color: #000000;width: 949px;margin-left: 40px\" border=\"1\" width=\"949\" cellspacing=\"0\" cellpadding=\"11\">\n<colgroup>\n<col width=\"240\">\n<col width=\"302\">\n<col width=\"340\"> <\/colgroup>\n<tbody style=\"padding-left: 40px\">\n<tr style=\"padding-left: 40px\" valign=\"top\">\n<td style=\"padding-left: 40px\" width=\"240\">\n<p class=\"western\" style=\"padding-left: 40px\" align=\"center\"><span style=\"font-family: Arial, sans-serif\"><span style=\"font-size: large\"><b>PROFESOR\/A<\/b><\/span><\/span><\/p>\n<\/td>\n<td style=\"padding-left: 40px\" width=\"302\">\n<p class=\"western\" style=\"padding-left: 40px\" align=\"center\"><span style=\"font-family: Arial, sans-serif\"><span style=\"font-size: large\"><b>CARGO\/PUESTO<\/b><\/span><\/span><\/p>\n<\/td>\n<td style=\"padding-left: 40px\" width=\"340\">\n<p class=\"western\" style=\"padding-left: 40px\" align=\"center\"><span style=\"font-family: Arial, sans-serif\"><span style=\"font-size: large\"><b>MATERIAS QUE IMPARTE<\/b><\/span><\/span><\/p>\n<\/td>\n<\/tr>\n<tr style=\"padding-left: 40px\" valign=\"top\">\n<td style=\"padding-left: 40px\" width=\"240\">\n<p class=\"western\" style=\"padding-left: 40px\"><span style=\"font-family: Arial, sans-serif\"><span style=\"font-size: small\">D\u00aa Leticia Esperanza Guill\u00e9n Fern\u00e1ndez\/<\/span><\/span><\/p>\n<p class=\"western\" style=\"padding-left: 40px\"><span style=\"font-family: Arial, sans-serif\"><span style=\"font-size: small\">D. Francisco Jos\u00e9 Mart\u00edn Gonz\u00e1lez<\/span><\/span><\/p>\n<\/td>\n<td style=\"padding-left: 40px\" width=\"302\">\n<p class=\"western\" style=\"padding-left: 40px\"><span style=\"font-family: Arial, sans-serif\"><span style=\"font-size: small\">Profesor\/a T\u00e9cnico 1\u00ba PEAL<\/span><\/span><\/p>\n<\/td>\n<td style=\"padding-left: 40px\" width=\"340\">\n<p class=\"western\" style=\"padding-left: 40px\"><span style=\"font-family: Arial, sans-serif\"><span style=\"font-size: small\">MPT (Materiales y productos Textiles).<\/span><\/span><\/p>\n<p class=\"western\" style=\"padding-left: 40px\"><span style=\"font-family: Arial, sans-serif\"><span style=\"font-size: small\">LSR (Lavado y Secado de Ropa).<\/span><\/span><\/p>\n<p class=\"western\" style=\"padding-left: 40px\"><span style=\"font-family: Arial, sans-serif\"><span style=\"font-size: small\">PER (Planchado y Embolsado de Ropa).<\/span><\/span><\/p>\n<p class=\"western\" style=\"padding-left: 40px\"><span style=\"font-family: Arial, sans-serif\"><span style=\"font-size: small\">ATCL (Atenci\u00f3n al Cliente)<\/span><\/span><\/p>\n<p class=\"western\" style=\"padding-left: 40px\"><span style=\"font-family: Arial, sans-serif\"><span style=\"font-size: small\">3\u00ba ESO CSG<\/span><\/span><\/p>\n<\/td>\n<\/tr>\n<tr style=\"padding-left: 40px\" valign=\"top\">\n<td style=\"padding-left: 40px\" width=\"240\">\n<p class=\"western\" style=\"padding-left: 40px\"><span style=\"font-family: Arial, sans-serif\"><span style=\"font-size: small\">D. Vicente Fern\u00e1ndez Beliz\u00f3n<\/span><\/span><\/p>\n<\/td>\n<td style=\"padding-left: 40px\" width=\"302\">\n<p class=\"western\" style=\"padding-left: 40px\"><span style=\"font-family: Arial, sans-serif\"><span style=\"font-size: small\">Profesor T\u00e9cnico 2\u00ba PEAL<\/span><\/span><\/p>\n<\/td>\n<td style=\"padding-left: 40px\" width=\"340\">\n<p class=\"western\" style=\"padding-left: 40px\"><span style=\"font-family: Arial, sans-serif\"><span style=\"font-size: small\">PPHZC (Puesta a punto de habitaciones y Zonas Comunes en Alojamiento).<\/span><\/span><\/p>\n<p class=\"western\" style=\"padding-left: 40px\"><span style=\"font-family: Arial, sans-serif\"><span style=\"font-size: small\">LMLA (Lavander\u00eda y Mantenimiento de Lencer\u00eda en Alojamiento).<\/span><\/span><\/p>\n<p class=\"western\" style=\"padding-left: 40px\"><span style=\"font-family: Arial, sans-serif\"><span style=\"font-size: small\">PMMCC (Preparaci\u00f3n y Montaje de Materiales para Colectividades y Catering).<\/span><\/span><\/p>\n<p class=\"western\" style=\"padding-left: 40px\"><span style=\"font-family: Arial, sans-serif\"><span style=\"font-size: small\">UFPRL (Unidad Formativa de<\/span><\/span><\/p>\n<p class=\"western\" style=\"padding-left: 40px\"><span style=\"font-family: Arial, sans-serif\"><span style=\"font-size: small\">Prevenci\u00f3n) <\/span><\/span><\/p>\n<\/td>\n<\/tr>\n<tr style=\"padding-left: 40px\" valign=\"top\">\n<td style=\"padding-left: 40px\" width=\"240\">\n<p class=\"western\" style=\"padding-left: 40px\"><span style=\"font-family: Arial, sans-serif\"><span style=\"font-size: small\">D. Aurelio Moreno L\u00f3pez<\/span><\/span><\/p>\n<\/td>\n<td style=\"padding-left: 40px\" width=\"302\">\n<p class=\"western\" style=\"padding-left: 40px\"><span style=\"font-family: Arial, sans-serif\"><span style=\"font-size: small\">Profesor de Tecnolog\u00eda<\/span><\/span><\/p>\n<p class=\"western\" style=\"padding-left: 40px\"><span style=\"font-family: Arial, sans-serif\"><span style=\"font-size: small\">Jefe de Estudios<\/span><\/span><\/p>\n<p class=\"western\" style=\"padding-left: 40px\"><span style=\"font-family: Arial, sans-serif\"><span style=\"font-size: small\">Coordinador PRL<\/span><\/span><\/p>\n<\/td>\n<td style=\"padding-left: 40px\" width=\"340\">\n<p class=\"western\" style=\"padding-left: 40px\"><span style=\"font-family: Arial, sans-serif\"><span style=\"font-size: small\">PMAR I 2\u00ba ESO ACT<\/span><\/span><\/p>\n<\/td>\n<\/tr>\n<tr style=\"padding-left: 40px\" valign=\"top\">\n<td style=\"padding-left: 40px\" width=\"240\">\n<p class=\"western\" style=\"padding-left: 40px\"><span style=\"font-family: Arial, sans-serif\"><span style=\"font-size: small\">D\u00f1a. M\u00aa del Pino Pazo S\u00e1nchez<\/span><\/span><\/p>\n<\/td>\n<td style=\"padding-left: 40px\" width=\"302\">\n<p class=\"western\" style=\"padding-left: 40px\"><span style=\"font-family: Arial, sans-serif\"><span style=\"font-size: small\">Profesora de Tecnolog\u00eda<\/span><\/span><\/p>\n<p class=\"western\" style=\"padding-left: 40px\"><span style=\"font-family: Arial, sans-serif\"><span style=\"font-size: small\">Jefa del Departamento<\/span><\/span><\/p>\n<p class=\"western\" style=\"padding-left: 40px\"><span style=\"font-family: Arial, sans-serif\"><span style=\"font-size: small\">Coordinadora del ACT<\/span><\/span><\/p>\n<\/td>\n<td style=\"padding-left: 40px\" width=\"340\">\n<p class=\"western\" style=\"padding-left: 40px\"><span style=\"font-family: Arial, sans-serif\"><span style=\"font-size: small\">2\u00ba ESO A Tecnolog\u00eda <\/span><\/span><\/p>\n<p class=\"western\" style=\"padding-left: 40px\"><span style=\"font-family: Arial, sans-serif\"><span style=\"font-size: small\">3<\/span><\/span><span style=\"font-family: Arial, sans-serif\"><span style=\"font-size: small\">\u00ba ESO A Tecnolog\u00eda<\/span><\/span><\/p>\n<p class=\"western\" style=\"padding-left: 40px\"><span style=\"font-family: Arial, sans-serif\"><span style=\"font-size: small\">3\u00ba ESO B Tecnolog\u00eda<\/span><\/span><\/p>\n<p class=\"western\" style=\"padding-left: 40px\"><span style=\"font-family: Arial, sans-serif\"><span style=\"font-size: small\">4\u00ba ESO A-B TIC (Tecnolog\u00eda de la Informaci\u00f3n y de la Comunicaci\u00f3n).<\/span><\/span><\/p>\n<\/td>\n<\/tr>\n<\/tbody>\n<\/table>\n<h1 style=\"padding-left: 40px\"><span style=\"font-size: 18pt\">TECNOLOG\u00cdA<\/span><\/h1>\n<ul>\n<li style=\"list-style-type: none\">\n<ul>\n<li><a href=\"https:\/\/blogsaverroes.juntadeandalucia.es\/iesblasinfante\/files\/2022\/02\/RESUMEN-PROGRAMACI\u00d3N-2\u00ba-PMAR.pdf\">RESUMEN PROGRAMACI\u00d3N 2\u00ba PMAR<\/a><\/li>\n<li><a href=\"https:\/\/blogsaverroes.juntadeandalucia.es\/iesblasinfante\/files\/2022\/02\/RESUMEN-PROGRAMACI\u00d3N-2\u00ba-TEC.pdf\">RESUMEN PROGRAMACI\u00d3N 2\u00ba TEC<\/a><\/li>\n<li><a href=\"https:\/\/blogsaverroes.juntadeandalucia.es\/iesblasinfante\/files\/2022\/02\/RESUMEN-PROGRAMACI\u00d3N-3\u00ba-TEC.pdf\">RESUMEN PROGRAMACI\u00d3N 3\u00ba TEC<\/a><\/li>\n<li><a href=\"https:\/\/blogsaverroes.juntadeandalucia.es\/iesblasinfante\/files\/2022\/02\/RESUMEN-PROGRAMACI\u00d3N-4\u00ba-TIC.pdf\">RESUMEN PROGRAMACI\u00d3N 4\u00ba TIC<\/a><\/li>\n<\/ul>\n<\/li>\n<\/ul>\n<h1 style=\"padding-left: 40px\"><span style=\"font-size: 18pt\">1\u00ba PEAL<\/span><\/h1>\n<ul>\n<li style=\"list-style-type: none\">\n<ul>\n<li><a href=\"https:\/\/blogsaverroes.juntadeandalucia.es\/iesblasinfante\/files\/2022\/02\/EVALUACION-ATCL-1\u00ba-PEAL.pdf\">EVALUACION ATCL- 1\u00ba PEAL<\/a><\/li>\n<li><a href=\"https:\/\/blogsaverroes.juntadeandalucia.es\/iesblasinfante\/files\/2022\/02\/EVALUACION-LSR-1\u00ba-PEAL.pdf\">EVALUACION LSR- 1\u00ba PEAL<\/a><\/li>\n<li><a href=\"https:\/\/blogsaverroes.juntadeandalucia.es\/iesblasinfante\/files\/2022\/02\/EVALUACION-MPT-1\u00ba-PEAL.pdf\">EVALUACION MPT 1\u00ba PEAL<\/a><\/li>\n<li><a href=\"https:\/\/blogsaverroes.juntadeandalucia.es\/iesblasinfante\/files\/2022\/02\/EVALUACI\u00d3N-PER-1\u00ba-PEAL.pdf\">VALUACI\u00d3N PER-1\u00ba PEAL<\/a><\/li>\n<\/ul>\n<\/li>\n<\/ul>\n<h1 style=\"padding-left: 40px\"><span style=\"font-size: 18pt\">2\u00ba PEAL<\/span><\/h1>\n<ul>\n<li style=\"list-style-type: none\">\n<ul>\n<li><a href=\"https:\/\/blogsaverroes.juntadeandalucia.es\/iesblasinfante\/files\/2022\/02\/alojamiento-2\u00ba-PEAl.pdf\">Alojamiento<\/a><\/li>\n<li><a href=\"https:\/\/blogsaverroes.juntadeandalucia.es\/iesblasinfante\/files\/2022\/02\/catering-2\u00ba-PEAL.pdf\">Catering<\/a><\/li>\n<li><a href=\"https:\/\/blogsaverroes.juntadeandalucia.es\/iesblasinfante\/files\/2022\/02\/FCT-2\u00ba-PEAL.pdf\">FCT 2\u00ba PEAL<\/a><\/li>\n<li><a href=\"https:\/\/blogsaverroes.juntadeandalucia.es\/iesblasinfante\/files\/2022\/02\/lavanderia-1.pdf\">Lavander\u00eda<\/a><\/li>\n<\/ul>\n<\/li>\n<\/ul>\n<h1>CURSO 2020-2021<\/h1>\n<h1><span style=\"font-size: 18pt\">PROFESORADO<\/span><\/h1>\n<table style=\"width: 97.5657%;margin-left: 40px\" border=\"2 px\" cellpadding=\"2 px\">\n<tbody style=\"padding-left: 40px\">\n<tr style=\"padding-left: 40px\">\n<td style=\"width: 27.4127%;padding-left: 40px\" width=\"263\">\n<h4 style=\"padding-left: 40px\">PROFESOR\/A<\/h4>\n<\/td>\n<td style=\"width: 20.1597%;padding-left: 40px\" width=\"324\">\n<h4 style=\"padding-left: 40px\">CARGO\/PUESTO<\/h4>\n<\/td>\n<td style=\"width: 67.7253%;padding-left: 40px\" width=\"365\">\n<h4 style=\"padding-left: 40px\">MATERIAS QUE IMPARTE<\/h4>\n<\/td>\n<\/tr>\n<tr style=\"padding-left: 40px\">\n<td style=\"width: 27.4127%;vertical-align: middle\" width=\"263\">D. Mariano G\u00f3mez Calcerrada de la Torre<\/td>\n<td style=\"width: 20.1597%;text-align: left;vertical-align: middle;padding-left: 40px\" width=\"324\">Profesor T\u00e9cnico 1\u00ba PEAL<\/td>\n<td style=\"width: 67.7253%;text-align: left;vertical-align: middle;padding-left: 40px\" width=\"365\">\n<ul>\n<li style=\"list-style-type: none\">\n<ul>\n<li>MPT (Materiales y productos Textiles).<\/li>\n<li>LSR (Lavado y Secado de Ropa).<\/li>\n<li>PER (Planchado y Embolsado de Ropa).<\/li>\n<li>ATCL (Atenci\u00f3n al Cliente).<\/li>\n<\/ul>\n<\/li>\n<\/ul>\n<\/td>\n<\/tr>\n<tr style=\"padding-left: 40px\">\n<td style=\"width: 27.4127%;vertical-align: middle\" width=\"263\">D. Vicente Fern\u00e1ndez Beliz\u00f3n<\/td>\n<td style=\"width: 20.1597%;text-align: left;vertical-align: middle\" width=\"324\">Profesor T\u00e9cnico&nbsp; 2\u00ba PEAL<\/td>\n<td style=\"width: 67.7253%;text-align: left;vertical-align: middle\" width=\"365\">\n<ul>\n<li>PPHZC (Puesta a punto de habitaciones y Zonas Comunes en Alojamiento).<\/li>\n<li>LMLA (Lavander\u00eda y Mantenimiento de Lencer\u00eda en Alojamiento).<\/li>\n<li>PMMCC (Preparaci\u00f3n y Montaje de Materiales para Colectividades y Catering). UFPRL (Unidad Formativa&nbsp; de&nbsp;Prevenci\u00f3n)&nbsp;&nbsp;&nbsp;&nbsp;<\/li>\n<\/ul>\n<\/td>\n<\/tr>\n<tr>\n<td style=\"width: 27.4127%;text-align: left;vertical-align: middle\" width=\"263\">D. Aurelio Moreno L\u00f3pez<\/td>\n<td style=\"width: 20.1597%;text-align: left;vertical-align: middle\" width=\"324\">\n<ul>\n<li>Profesor de Tecnolog\u00eda<\/li>\n<li>Jefe de Estudios<\/li>\n<li>Coordinador TDE<\/li>\n<\/ul>\n<\/td>\n<td style=\"width: 67.7253%;text-align: left;vertical-align: middle\" width=\"365\">\n<ul>\n<li>&nbsp;3\u00ba ESO A Tecnolog\u00eda<\/li>\n<li>&nbsp;3\u00ba ESO B Tecnolog\u00eda<\/li>\n<\/ul>\n<\/td>\n<\/tr>\n<tr>\n<td style=\"width: 27.4127%;text-align: left;vertical-align: middle\" width=\"263\">D\u00f1a. M\u00aa del Pino Pazo S\u00e1nchez<\/td>\n<td style=\"width: 20.1597%;text-align: left;vertical-align: middle\" width=\"324\">\n<ul>\n<li>Profesora de Tecnolog\u00eda<\/li>\n<li>Jefa del Departamento<\/li>\n<li>Coordinaci\u00f3n ACT<\/li>\n<\/ul>\n<\/td>\n<td style=\"width: 67.7253%;text-align: left;vertical-align: middle\" width=\"365\">\n<ul>\n<li>&nbsp;1\u00ba ESO A-B Tecnolog\u00eda Aplicada.<\/li>\n<li>&nbsp;2\u00ba ESO A Tecnolog\u00eda<\/li>\n<li>&nbsp;2\u00ba ESO B Tecnolog\u00eda<\/li>\n<li>&nbsp;4\u00ba ESO A-B TIC (Tecnolog\u00eda de la Informaci\u00f3n y de la Comunicaci\u00f3n).<\/li>\n<\/ul>\n<\/td>\n<\/tr>\n<\/tbody>\n<\/table>\n<h1><span style=\"font-size: 18pt\">Evaluaci\u00f3n<\/span><\/h1>\n<p style=\"padding-left: 40px\"><a href=\"https:\/\/blogsaverroes.juntadeandalucia.es\/iesblasinfante\/files\/2020\/12\/EVALUACI\u00d3N.pdf\" target=\"_blank\" rel=\"noopener noreferrer\">EVALUACI\u00d3N. <strong>PINCHA AQU\u00cd<\/strong><\/a><strong>.<\/strong>&nbsp;&nbsp;<\/p>\n<h1><span style=\"font-size: 18pt\">Planes de atenci\u00f3n a la diversidad<\/span><\/h1>\n<ul>\n<li><a href=\"https:\/\/blogsaverroes.juntadeandalucia.es\/iesblasinfante\/files\/2020\/12\/PLAN-DE-RECUPERACI\u00d3N-PENDIENTES.pdf\" target=\"_blank\" rel=\"noopener noreferrer\">PLAN DE RECUPERACI\u00d3N PENDIENTES. <strong>PINCHA AQU\u00cd<\/strong><\/a><\/li>\n<li><a href=\"https:\/\/blogsaverroes.juntadeandalucia.es\/iesblasinfante\/files\/2020\/12\/PLAN-ESPEC\u00cdFICO-ALUMNADO-ABSENTISTA-ESO.pdf\" target=\"_blank\" rel=\"noopener noreferrer\">PLAN ESPEC\u00cdFICO ALUMNADO ABSENTISTA. <strong>PINCHA AQU\u00cd.<\/strong><\/a><\/li>\n<li><a href=\"https:\/\/blogsaverroes.juntadeandalucia.es\/iesblasinfante\/files\/2020\/12\/PLAN-ESPEC\u00cdFICP-ALUMNADO-REPETIDOR-ESO.pdf\" target=\"_blank\" rel=\"noopener noreferrer\">PLAN ESPEC\u00cdFICO ALUMNADO REPETIDOR. <strong>PINCHA AQU\u00cd<\/strong>.<\/a><\/li>\n<\/ul>\n<h1><span style=\"font-size: 18pt\">Recursos<\/span><\/h1>\n<p style=\"padding-left: 40px\"><a href=\"https:\/\/blogsaverroes.juntadeandalucia.es\/iesblasinfante\/files\/2020\/12\/Materiales-y-recursos.pdf\" target=\"_blank\" rel=\"noopener noreferrer\">Materiales y recursos.<strong> Pincha aqu\u00ed.<\/strong><\/a><\/p>\n<p>&nbsp;<\/p>\n","protected":false},"excerpt":{"rendered":"<p>CURSO 2025-2026 PROFESORADO DPTO. TECNOLOG\u00cdA Profesor\/a Cargo\/Puesto Materia que imparte Jos\u00e9 Manuel Castro L\u00f3pez Profesor T\u00e9cnico GDCFGBEEE. Tutor DUAL I. 1\u00ba GDCFGBEEE: ATCL MPT LSR&hellip;<\/p>\n","protected":false},"author":10359,"featured_media":0,"parent":183,"menu_order":0,"comment_status":"closed","ping_status":"closed","template":"","meta":{"ngg_post_thumbnail":0,"footnotes":""},"aioseo_notices":[],"_links":{"self":[{"href":"https:\/\/blogsaverroes.juntadeandalucia.es\/iesblasinfante\/wp-json\/wp\/v2\/pages\/2673"}],"collection":[{"href":"https:\/\/blogsaverroes.juntadeandalucia.es\/iesblasinfante\/wp-json\/wp\/v2\/pages"}],"about":[{"href":"https:\/\/blogsaverroes.juntadeandalucia.es\/iesblasinfante\/wp-json\/wp\/v2\/types\/page"}],"author":[{"embeddable":true,"href":"https:\/\/blogsaverroes.juntadeandalucia.es\/iesblasinfante\/wp-json\/wp\/v2\/users\/10359"}],"replies":[{"embeddable":true,"href":"https:\/\/blogsaverroes.juntadeandalucia.es\/iesblasinfante\/wp-json\/wp\/v2\/comments?post=2673"}],"version-history":[{"count":49,"href":"https:\/\/blogsaverroes.juntadeandalucia.es\/iesblasinfante\/wp-json\/wp\/v2\/pages\/2673\/revisions"}],"predecessor-version":[{"id":10022,"href":"https:\/\/blogsaverroes.juntadeandalucia.es\/iesblasinfante\/wp-json\/wp\/v2\/pages\/2673\/revisions\/10022"}],"up":[{"embeddable":true,"href":"https:\/\/blogsaverroes.juntadeandalucia.es\/iesblasinfante\/wp-json\/wp\/v2\/pages\/183"}],"wp:attachment":[{"href":"https:\/\/blogsaverroes.juntadeandalucia.es\/iesblasinfante\/wp-json\/wp\/v2\/media?parent=2673"}],"curies":[{"name":"wp","href":"https:\/\/api.w.org\/{rel}","templated":true}]}}