{"id":2691,"date":"2020-10-05T18:21:07","date_gmt":"2020-10-05T16:21:07","guid":{"rendered":"https:\/\/blogsaverroes.juntadeandalucia.es\/iesblasinfante\/?page_id=2691"},"modified":"2025-11-03T18:18:57","modified_gmt":"2025-11-03T17:18:57","slug":"artistico","status":"publish","type":"page","link":"https:\/\/blogsaverroes.juntadeandalucia.es\/iesblasinfante\/departamentos-didacticos\/artistico\/","title":{"rendered":"Art\u00edstico"},"content":{"rendered":"<h1>CURSO 2025-2026<\/h1>\n<h3 style=\"padding-left: 40px\"><span style=\"font-size: 18pt\">PROFESORADO<\/span><\/h3>\n<table style=\"width: 100%\" border=\"2\" cellpadding=\"1\">\n<tbody>\n<tr>\n<td style=\"text-align: center\" colspan=\"3\">\n<h5><span style=\"font-weight: 400\">DPTO. ART\u00cdSTICO<\/span><\/h5>\n<\/td>\n<\/tr>\n<tr>\n<td style=\"text-align: center\">\n<h5><span style=\"font-weight: 400\">Profesor\/a<\/span><\/h5>\n<\/td>\n<td style=\"text-align: center\">\n<h5><span style=\"font-weight: 400\">Cargo\/Puesto<\/span><\/h5>\n<\/td>\n<td style=\"text-align: center\">\n<h5><span style=\"font-weight: 400\">Materia que imparte<\/span><\/h5>\n<\/td>\n<\/tr>\n<tr>\n<td><span style=\"font-weight: 400\">D. Manuel Tirado Crespo<\/span><\/td>\n<td><span style=\"font-weight: 400\">Jefatura de Departamento<\/span><\/p>\n<p><span style=\"font-weight: 400\">Coordinaci\u00f3n de \u00c1rea Art\u00edstica<\/span><\/td>\n<td><span style=\"font-weight: 400\">EPVA 1\u00baA, 3\u00baA<\/span><\/p>\n<p><span style=\"font-weight: 400\">PEPA 2\u00ba ESO<\/span><\/p>\n<p><span style=\"font-weight: 400\">Expresi\u00f3n Art\u00edstica 4\u00ba A y 4\u00ba B&nbsp;&nbsp;&nbsp;<\/span><\/p>\n<p><span style=\"font-weight: 400\">Dibujo T\u00e9cnico 4\u00ba ESO<\/span><\/td>\n<\/tr>\n<tr>\n<td><span style=\"font-weight: 400\">D. Fernando J. Camas Gallego<\/span><\/td>\n<td>&nbsp;<\/td>\n<td><span style=\"font-weight: 400\">M\u00fasica 1\u00baA<\/span><\/p>\n<p><span style=\"font-weight: 400\">M\u00fasica 2\u00baA y 2\u00baB<\/span><\/p>\n<p><span style=\"font-weight: 400\">M\u00fasica 4\u00ba ESO<\/span><\/p>\n<p><span style=\"font-weight: 400\">Cultura del Flamenco 3\u00ba ESO&nbsp;<\/span><\/p>\n<p><span style=\"font-weight: 400\">Atenci\u00f3n Educativa&nbsp; 2\u00ba ESO<\/span><\/td>\n<\/tr>\n<\/tbody>\n<\/table>\n<h1 style=\"padding-left: 40px\"><span style=\"color: #479628;font-size: 18pt\">DOCUMENTACI\u00d3N DEPARTAMENTO:<\/span><\/h1>\n<h4 style=\"padding-left: 40px\">RES\u00daMENES DE LA PROGRAMACI\u00d3N<\/h4>\n<ul>\n<li style=\"list-style-type: none\">\n<ul>\n<li><a href=\"https:\/\/docs.google.com\/document\/d\/17mytEHlKF6gJ2L_UiDXV714aDWF5VP0sN1qvr8Eg3Pk\/edit?usp=drive_link\" target=\"_blank\" rel=\"noopener\">Educaci\u00f3n Pl\u00e1stica, Visual y Audiovisual 1\u00ba ESO<\/a><\/li>\n<li><a href=\"https:\/\/docs.google.com\/document\/d\/1mmrq2kxbwRwX9aR6Wt7bv6QLvUXKazNltS3yfKht5Yk\/edit?usp=drive_link\" target=\"_blank\" rel=\"noopener\">M\u00fasica 1\u00ba ESO<\/a><\/li>\n<li><a href=\"https:\/\/docs.google.com\/document\/d\/1sqvBWws-F8QdTBLZWjsq8wl04gocr4cBHXYna47KHiA\/edit?usp=drive_link\" target=\"_blank\" rel=\"noopener\">M\u00fasica 2\u00ba ESO<\/a><\/li>\n<li><a href=\"https:\/\/docs.google.com\/document\/d\/1TAg3K2TjyfHHNbw_h7ZtfsPLmXuj8fF0HWvt_POKy70\/edit?usp=drive_link\" target=\"_blank\" rel=\"noopener\">Proyecto de Educaci\u00f3n Pl\u00e1stica y Audiovisual 2\u00ba ESO<\/a><\/li>\n<li><a href=\"https:\/\/docs.google.com\/document\/d\/1PtgvV7k9-72l9rr5GtMtlzhG3yHkyiB2wmLv9d1w6SQ\/edit?usp=drive_link\" target=\"_blank\" rel=\"noopener\">Educaci\u00f3n Pl\u00e1stica, Visual y Audiovisual 3\u00ba ESO<\/a><\/li>\n<li><a href=\"https:\/\/docs.google.com\/document\/d\/1uBYIrOiYbs8FC8Tuoq9rgY8AA9Ur3-NiiPzbSsMSYVI\/edit?usp=drive_link\" target=\"_blank\" rel=\"noopener\">Cultura del flamenco 3\u00ba ESO<\/a><\/li>\n<li><a href=\"https:\/\/docs.google.com\/document\/d\/153FqQ7qwXoFmZ4lLIiwZRp3FCRnGKcy4wIfqwQkvMRg\/edit?usp=drive_link\" target=\"_blank\" rel=\"noopener\">Dibujo T\u00e9cnico 4\u00ba ESO<\/a><\/li>\n<li><a href=\"https:\/\/docs.google.com\/document\/d\/1fM0duZQlpK37nMguPR2mjM4vBmaKEWwn2wrt53R0Bgo\/edit?usp=drive_link\" target=\"_blank\" rel=\"noopener\">Expresi\u00f3n Art\u00edstica 4\u00ba ESO<\/a><\/li>\n<li><a href=\"https:\/\/docs.google.com\/document\/d\/1fmsVfWuYwtHuZkx__TcBwRXoIPmTG_v6NdAfQO2DHwQ\/edit?usp=drive_link\" target=\"_blank\" rel=\"noopener\">M\u00fasica 4\u00ba ESO<\/a><\/li>\n<\/ul>\n<\/li>\n<\/ul>\n<h4 style=\"padding-left: 40px\">PROGRAMACIONES DID\u00c1CTICAS<\/h4>\n<ul>\n<li style=\"list-style-type: none\">\n<ul>\n<li><a href=\"https:\/\/drive.google.com\/file\/d\/1pUYQwNUIKBFDtMirzjbuvB5kJInlsXWK\/view?usp=sharing\" target=\"_blank\" rel=\"noopener\"><span style=\"font-weight: 400\">Educaci\u00f3n Pl\u00e1stica, Visual y Audiovisual<\/span><\/a><\/li>\n<li><a href=\"https:\/\/drive.google.com\/file\/d\/1V0wSQDPxMUhNepvKRrjL0-xSeX1JRV6W\/view?usp=sharing\" target=\"_blank\" rel=\"noopener\">M\u00fasica<\/a><\/li>\n<li><a href=\"https:\/\/drive.google.com\/file\/d\/18oVUH5RD2IN_0AlNNfrxl8_hnaAj9mdE\/view?usp=sharing\" target=\"_blank\" rel=\"noopener\">Proyecto de Educaci\u00f3n Pl\u00e1stica y Audiovisual 2\u00ba ESO<\/a><\/li>\n<li><a href=\"https:\/\/drive.google.com\/file\/d\/1w1HAj7Olxt33-GTaHec56UhnxkWl7x6q\/view?usp=sharing\" target=\"_blank\" rel=\"noopener\"><span style=\"font-weight: 400\">Cultura del flamenco 3\u00ba ESO<\/span><\/a><\/li>\n<li><a href=\"https:\/\/drive.google.com\/file\/d\/1OUJLagst4DQdo4LSVSKatNEiqU9kqAM-\/view?usp=sharing\" target=\"_blank\" rel=\"noopener\"><span style=\"font-weight: 400\">Expresi\u00f3n Art\u00edstica 4\u00ba ESO<\/span><\/a><\/li>\n<li><a href=\"https:\/\/drive.google.com\/file\/d\/1Q3UlWqJDAVNGLHqasT1furhRpX3R5Gwv\/view?usp=sharing\" target=\"_blank\" rel=\"noopener\">Dibujo t\u00e9cnico 4\u00ba ESO<\/a><\/li>\n<\/ul>\n<\/li>\n<\/ul>\n<h1>CURSO 2024-2025<\/h1>\n<h3 style=\"padding-left: 40px\"><span style=\"font-size: 18pt\">PROFESORADO<\/span><\/h3>\n<table style=\"width: 100%\" border=\"2\">\n<tbody>\n<tr>\n<td style=\"text-align: center\" colspan=\"3\">\n<h5><span style=\"font-weight: 400\">DPTO. ART\u00cdSTICO<\/span><\/h5>\n<\/td>\n<\/tr>\n<tr>\n<td style=\"text-align: center\">\n<h5><span style=\"font-weight: 400\">Profesor\/a<\/span><\/h5>\n<\/td>\n<td style=\"text-align: center\">\n<h5><span style=\"font-weight: 400\">Cargo\/Puesto<\/span><\/h5>\n<\/td>\n<td style=\"text-align: center\">\n<h5><span style=\"font-weight: 400\">Materia que imparte<\/span><\/h5>\n<\/td>\n<\/tr>\n<tr>\n<td><span style=\"font-weight: 400\">Luc\u00eda Garc\u00eda Ruiz<\/span><\/td>\n<td><span style=\"font-weight: 400\">Tutora 2\u00baESO B<\/span><\/td>\n<td><span style=\"font-weight: 400\">M\u00fasica 1\u00ba,&nbsp; 2\u00ba y 4\u00ba ESO<\/span><\/p>\n<p><span style=\"font-weight: 400\">Cultura del Flamenco 3\u00ba ESO Atenci\u00f3n Educativa 1\u00ba,&nbsp; 2\u00ba y 3\u00ba ESO<\/span><\/td>\n<\/tr>\n<tr>\n<td><span style=\"font-weight: 400\">Manuel Tirado Crespo<\/span><\/td>\n<td><span style=\"font-weight: 400\">Jefe de Departamento<\/span><\/p>\n<p><span style=\"font-weight: 400\">Coordinador de \u00c1rea Art\u00edstica<\/span><\/p>\n<p><span style=\"font-weight: 400\">Coordinador CIMA<\/span><\/td>\n<td><span style=\"font-weight: 400\">Educaci\u00f3n Pl\u00e1stica Visual y Audiovisual (EPVA) 1\u00ba y 3\u00ba ESO<\/span><\/p>\n<p><span style=\"font-weight: 400\">Proyecto de Educaci\u00f3n Pl\u00e1stica y Audiovisual 2\u00ba ESO<\/span><\/p>\n<p><span style=\"font-weight: 400\">Expresi\u00f3n Art\u00edstica 4\u00ba ESO<\/span><\/p>\n<p><span style=\"font-weight: 400\">Educaci\u00f3n Social y Emocional 4\u00ba ESO<\/span><\/p>\n<p><span style=\"font-weight: 400\">Atenci\u00f3n Educativa 4\u00ba ESO<\/span><\/td>\n<\/tr>\n<\/tbody>\n<\/table>\n<h3 style=\"padding-left: 40px\"><span style=\"font-size: 18pt\">DOCUMENTACI\u00d3N<\/span><\/h3>\n<h4 style=\"padding-left: 40px\">RES\u00daMENES DE LA PROGRAMACI\u00d3N<\/h4>\n<ul>\n<li style=\"list-style-type: none\">\n<ul>\n<li><a href=\"https:\/\/docs.google.com\/document\/d\/1GoDTbBaV7GnM_lg01SZL4jIvO5hogGs5_w99SVmMQII\/edit?usp=sharing\" target=\"_blank\" rel=\"noopener\"><span style=\"font-weight: 400\">Educaci\u00f3n Pl\u00e1stica, Visual y Audiovisual 1\u00ba ESO<\/span><\/a><\/li>\n<li><a href=\"https:\/\/docs.google.com\/document\/d\/1DXqiVCqqnXW9ObfHYTP2g_UeutH5KnMhtkfgbW0qLF0\/edit?usp=sharing\" target=\"_blank\" rel=\"noopener\"><span style=\"font-weight: 400\">M\u00fasica 1\u00ba ESO<\/span><\/a><\/li>\n<li><a href=\"https:\/\/docs.google.com\/document\/d\/15qpU-xUJ9Y3XMoxEUk6lDaksxOrOKC9zaYvXKXHIHrE\/edit?usp=sharing\" target=\"_blank\" rel=\"noopener\">M\u00fasica 2\u00ba ESO&nbsp;<\/a><\/li>\n<li><a title=\"Proyecto de Educaci\u00f3n Pl\u00e1stica y Audiovisual 2\u00ba ESO\" href=\"https:\/\/docs.google.com\/document\/d\/1CG47kST4vjbL6_hgbNhlQfCRdVQwdlJXmwNWiJv_mBo\/edit?usp=sharing\" target=\"_blank\" rel=\"noopener\"><span style=\"font-weight: 400\">Proyecto de Educaci\u00f3n Pl\u00e1stica y Audiovisual 2\u00ba ESO<\/span><\/a><\/li>\n<li><a href=\"https:\/\/docs.google.com\/document\/d\/1k9IJD7oWlg3wDNeQu_sqBDL_4OajCBoCT1Zr-uFFFAE\/edit?usp=sharing\" target=\"_blank\" rel=\"noopener\"><span style=\"font-weight: 400\">Atenci\u00f3n Educativa<\/span><\/a><\/li>\n<li style=\"font-weight: 400\"><a href=\"https:\/\/docs.google.com\/document\/d\/1fDklUTVoPySfWM-MzkneGbe_-2t9pMwd8tBC_qjGvH4\/edit?usp=sharing\" target=\"_blank\" rel=\"noopener\"><span style=\"font-weight: 400\">Educaci\u00f3n Pl\u00e1stica, Visual y Audiovisual 3\u00ba ESO&nbsp;<\/span><\/a><\/li>\n<li><a href=\"https:\/\/docs.google.com\/document\/d\/11WtvjlbA67RkUPc97LEHIJvXolVWVBcI2SXvDomAvBE\/edit?usp=sharing\" target=\"_blank\" rel=\"noopener\"><span style=\"font-weight: 400\">Cultura del flamenco 3\u00ba ESO <\/span><\/a><\/li>\n<li><a href=\"https:\/\/docs.google.com\/document\/d\/1aU_d8qNu41VS-D8lgw7s7ZlvEy-EH4RMQnQZ50QEizI\/edit?usp=sharing\" target=\"_blank\" rel=\"noopener\"><span style=\"font-weight: 400\">Aprendizaje Social y Emocional 4\u00ba ESO<\/span><\/a><\/li>\n<li><a href=\"https:\/\/docs.google.com\/document\/d\/1bh83QhsT5DshxxFtwPBuN1RDTZPr40H2-70xDsXQcAc\/edit?usp=sharing\" target=\"_blank\" rel=\"noopener\"><span style=\"font-weight: 400\">Expresi\u00f3n Art\u00edstica 4\u00ba ESO<\/span><\/a><\/li>\n<li><a href=\"https:\/\/docs.google.com\/document\/d\/1HFyzQ1O1iDbZdmTXOAjTDF_lFPkDho6OYbv_ZVRmnEY\/edit?usp=sharing\" target=\"_blank\" rel=\"noopener\">M\u00fasica 4\u00ba ESO<\/a><\/li>\n<\/ul>\n<\/li>\n<\/ul>\n<h4 style=\"padding-left: 40px\">PROGRAMACIONES DID\u00c1CTICAS<\/h4>\n<ul>\n<li style=\"list-style-type: none\">\n<ul>\n<li><a href=\"https:\/\/drive.google.com\/file\/d\/1QB7aGidemCSdlfWLc3VYCcxhLG1hr5sx\/view?usp=sharing\" target=\"_blank\" rel=\"noopener\"><span style=\"font-weight: 400\">Educaci\u00f3n Pl\u00e1stica, Visual y Audiovisual<\/span><\/a><\/li>\n<li><a href=\"https:\/\/drive.google.com\/file\/d\/1_LMs6K7d6QAGhc30FFDsenRsgCok37Gm\/view?usp=sharing\" target=\"_blank\" rel=\"noopener\">M\u00fasica<\/a><\/li>\n<li><a href=\"https:\/\/drive.google.com\/file\/d\/1XWw91KcgikFDQhydNAMY8I8HTPduZSQN\/view?usp=sharing\" target=\"_blank\" rel=\"noopener\"><span style=\"font-weight: 400\">Atenci\u00f3n Educativa<\/span><\/a><\/li>\n<li><a href=\"https:\/\/drive.google.com\/file\/d\/1Bsd92TUbzC5eGgFF11KbW62i0B9KmIrF\/view?usp=sharing\" target=\"_blank\" rel=\"noopener\">Proyecto de Educaci\u00f3n Pl\u00e1stica y Audiovisual 2\u00ba ESO<\/a><\/li>\n<li><a href=\"https:\/\/drive.google.com\/file\/d\/1zFv5q2ih1z9WhSrlATgI3KET2IHWDpnV\/view?usp=sharing\" target=\"_blank\" rel=\"noopener\"><span style=\"font-weight: 400\">Cultura del flamenco 3\u00ba ESO<\/span><\/a><\/li>\n<li><span style=\"font-weight: 400\"><a href=\"https:\/\/drive.google.com\/file\/d\/1jUK5IBtUxi6Ug7QtA2YHqGD7X72bWfRg\/view?usp=sharing\" target=\"_blank\" rel=\"noopener\">Aprendizaje Social y Emocional 4\u00ba ESO<\/a><\/span><\/li>\n<li><a href=\"https:\/\/drive.google.com\/file\/d\/1jQ_DB9kkv1GReJXjXQPgi480jLImxs0q\/view?usp=sharing\" target=\"_blank\" rel=\"noopener\"><span style=\"font-weight: 400\">Expresi\u00f3n Art\u00edstica 4\u00ba ESO<\/span><\/a><\/li>\n<\/ul>\n<\/li>\n<\/ul>\n<h1>CURSO 2023-2024<\/h1>\n<h3 style=\"padding-left: 40px\"><span style=\"font-size: 18pt\">PROFESORADO<\/span><\/h3>\n<table border=\"1\">\n<tbody>\n<tr>\n<td colspan=\"3\">\n<p style=\"text-align: center\"><strong>DPTO. ART\u00cdSTICO<\/strong><\/p>\n<\/td>\n<\/tr>\n<tr>\n<td style=\"text-align: center\"><strong>Profesor\/a<\/strong><\/td>\n<td style=\"text-align: center\"><strong>Cargo\/Puesto<\/strong><\/td>\n<td style=\"text-align: center\"><strong>Materia que imparte<\/strong><\/td>\n<\/tr>\n<tr>\n<td><span style=\"font-weight: 400\">Roc\u00edo Barrag\u00e1n Allende<\/span><\/td>\n<td><span style=\"font-weight: 400\">Tutora<\/span><\/p>\n<p><span style=\"font-weight: 400\">Profesora de M\u00fasica<\/span><\/td>\n<td><span style=\"font-weight: 400\">M\u00fasica 1\u00ba, 2\u00ba y 4\u00ba ESO<\/span><\/p>\n<p><span style=\"font-weight: 400\">Cultura del Flamenco 3\u00ba ESO<\/span><\/p>\n<p><span style=\"font-weight: 400\">Atenci\u00f3n Educativa<\/span><\/td>\n<\/tr>\n<tr>\n<td><span style=\"font-weight: 400\">Manuel Tirado Crespo<\/span><\/td>\n<td><span style=\"font-weight: 400\">Jefe de Departamento<\/span><\/p>\n<p><span style=\"font-weight: 400\">Coord. \u00c1rea<\/span><\/td>\n<td><span style=\"font-weight: 400\">EPVA 1\u00ba, 3\u00ba&nbsp; ESO<\/span><\/p>\n<p><span style=\"font-weight: 400\">Proyecto de Educaci\u00f3n Pl\u00e1stica y Audiovisual 2\u00ba ESO<\/span><\/p>\n<p><span style=\"font-weight: 400\">Expresi\u00f3n Art\u00edstica 4\u00ba<\/span><\/p>\n<p><span style=\"font-weight: 400\">Dibujo T\u00e9cnico 4\u00ba ESO<\/span><\/p>\n<p><span style=\"font-weight: 400\">Atenci\u00f3n Educativa<\/span><\/td>\n<\/tr>\n<\/tbody>\n<\/table>\n<h3 style=\"padding-left: 40px\">RES\u00daMENES DE LA PROGRAMACI\u00d3N<\/h3>\n<ul>\n<li style=\"list-style-type: none\">\n<ul>\n<li><a href=\"https:\/\/blogsaverroes.juntadeandalucia.es\/iesblasinfante\/files\/2023\/12\/Programacion_corta_Dibujo_23-24.pdf\" target=\"_blank\" rel=\"noopener noreferrer\">DIBUJO 2023-2024<\/a><\/li>\n<li><a href=\"https:\/\/blogsaverroes.juntadeandalucia.es\/iesblasinfante\/files\/2023\/12\/Programacion_corta_Musica_23-24.pdf\" target=\"_blank\" rel=\"noopener noreferrer\">M\u00daSICA 2023-2024<\/a><\/li>\n<\/ul>\n<\/li>\n<\/ul>\n<h3 style=\"padding-left: 40px\">PROGRAMACIONES DID\u00c1CTICAS<\/h3>\n<ul>\n<li style=\"list-style-type: none\">\n<ul>\n<li><a href=\"https:\/\/drive.google.com\/file\/d\/1Tqz9b2Xm58mFZv752mjz6FZg5CZWYTZ5\/view?usp=sharing\" target=\"_blank\" rel=\"noopener noreferrer\">PROGRAMACI\u00d3N DID\u00c1CTICA DIBUJO T\u00c9CNICO 4\u00ba ESO<\/a><\/li>\n<li><a href=\"https:\/\/drive.google.com\/file\/d\/188M6FzVSYxp-0-otWwCzvyOGGoqn3e60\/view?usp=sharing\" target=\"_blank\" rel=\"noopener noreferrer\">PROGRAMACI\u00d3N DID\u00c1CTICA EXPRESI\u00d3N ART\u00cdSTICA 4\u00ba ESO<\/a><\/li>\n<li><a href=\"https:\/\/drive.google.com\/file\/d\/1ZxsWwXEpQgP0szuTPuU9vSQwkJSWBTTv\/view?usp=sharing\" target=\"_blank\" rel=\"noopener noreferrer\">PROGRAMACI\u00d3N DID\u00c1CTICA EDUCACI\u00d3N PL\u00c1STICA, VISUAL Y AUDIOVISUAL 1\u00ba ESO Y 3\u00ba ESO<\/a><\/li>\n<li><a href=\"https:\/\/drive.google.com\/file\/d\/1IDVPQp7s821PKkF7PgANd2MsOy6Gyw72\/view?usp=sharing\" target=\"_blank\" rel=\"noopener noreferrer\">PROGRAMACI\u00d3N DID\u00c1CTICA PROYECTO DE EDUCACI\u00d3N PL\u00c1STICA Y AUDIOVISUAL 2\u00ba ESO<\/a><\/li>\n<li><a href=\"https:\/\/drive.google.com\/file\/d\/16YlZLrU1m42vqrIVtIxv8pXbykoM9lfi\/view?usp=sharing\" target=\"_blank\" rel=\"noopener noreferrer\">PROGRAMACI\u00d3N DID\u00c1CTICA CULTURA DEL FLAMENCO 3\u00ba ESO<\/a><\/li>\n<li><a href=\"https:\/\/drive.google.com\/file\/d\/1jbDpj49KgFmllsp5kivUqXknwdnSwkwm\/view?usp=sharing\" target=\"_blank\" rel=\"noopener noreferrer\">PROGRAMACI\u00d3N DID\u00c1CTICA M\u00daSICA 1\u00ba ESO, 2\u00ba ESO, 4\u00ba ESO<\/a><\/li>\n<\/ul>\n<\/li>\n<\/ul>\n<h1>CURSO 2022-2023<\/h1>\n<h3 style=\"padding-left: 40px\"><span style=\"font-size: 18pt\">PROFESORADO<\/span><\/h3>\n<table style=\"margin-left: 40px\" border=\"2\">\n<tbody style=\"padding-left: 40px\">\n<tr style=\"padding-left: 40px\">\n<td style=\"width: 98.4797%;padding-left: 40px\" colspan=\"3\">\n<p style=\"text-align: center;padding-left: 40px\"><strong>DPTO. ART\u00cdSTICO<\/strong><\/p>\n<\/td>\n<\/tr>\n<tr style=\"padding-left: 40px\">\n<td style=\"width: 37.3311%;padding-left: 40px\">\n<p style=\"text-align: center;padding-left: 40px\"><strong>Profesor\/a<\/strong><\/p>\n<\/td>\n<td style=\"width: 27.3649%;padding-left: 40px\">\n<p style=\"text-align: center;padding-left: 40px\"><strong>Cargo\/Puesto<\/strong><\/p>\n<\/td>\n<td style=\"width: 33.7838%;padding-left: 40px\">\n<p style=\"text-align: center;padding-left: 40px\"><strong>Materia que imparte<\/strong><\/p>\n<\/td>\n<\/tr>\n<tr style=\"padding-left: 40px\">\n<td style=\"width: 37.3311%;padding-left: 40px\"><span style=\"font-weight: 400\">Rosa Mar\u00eda Verd\u00eda D\u00edaz<\/span><\/td>\n<td style=\"width: 27.3649%;padding-left: 40px\">\n<p style=\"padding-left: 40px\"><span style=\"font-weight: 400\">Tutora 1\u00ba ESO B<\/span><\/p>\n<p style=\"padding-left: 40px\"><span style=\"font-weight: 400\">Profesora de M\u00fasica<\/span><\/p>\n<\/td>\n<td style=\"width: 33.7838%;padding-left: 40px\">\n<p style=\"padding-left: 40px\"><span style=\"font-weight: 400\">M\u00fasica, 1\u00ba, 2\u00ba, 3\u00ba y 4\u00ba ESO.<\/span><\/p>\n<p style=\"padding-left: 40px\"><span style=\"font-weight: 400\">CSG, 2\u00ba ESO.<\/span><\/p>\n<\/td>\n<\/tr>\n<tr style=\"padding-left: 40px\">\n<td style=\"width: 37.3311%;padding-left: 40px\"><span style=\"font-weight: 400\">M\u00aa Dolores del Castillo Chaves.<\/span><\/td>\n<td style=\"width: 27.3649%;padding-left: 40px\">\n<p style=\"padding-left: 40px\"><span style=\"font-weight: 400\">Jefa de departamento<\/span><\/p>\n<p style=\"padding-left: 40px\"><span style=\"font-weight: 400\">Coordinadora ACT.<\/span><\/p>\n<\/td>\n<td style=\"width: 33.7838%;padding-left: 40px\">\n<p style=\"padding-left: 40px\"><span style=\"font-weight: 400\">EPV, 2\u00ba, 3\u00ba y 4\u00ba ESO.<\/span><\/p>\n<p style=\"padding-left: 40px\"><span style=\"font-weight: 400\">Atenci\u00f3n educativa, 2\u00ba ESO.<\/span><\/p>\n<\/td>\n<\/tr>\n<\/tbody>\n<\/table>\n<h3 style=\"padding-left: 40px\">DOCUMENTACI\u00d3N<\/h3>\n<p style=\"padding-left: 40px\"><a href=\"https:\/\/blogsaverroes.juntadeandalucia.es\/iesblasinfante\/files\/2022\/11\/Programaci\u00f3n-EDUCACI\u00d3N-PL\u00c1STICA-VISUAL-Y-AUDIOVISUAL.pdf\">Programaci\u00f3n EDUCACI\u00d3N PL\u00c1STICA VISUAL Y AUDIOVISUAL<\/a><\/p>\n<h1>CURSO 2021-2022<\/h1>\n<h1 style=\"padding-left: 40px\"><span style=\"font-size: 18pt\">PROFESORADO<\/span><\/h1>\n<table style=\"height: 100%;width: 100%;margin-left: 40px\" border=\"2 px\">\n<tbody style=\"padding-left: 40px\">\n<tr style=\"padding-left: 40px\">\n<td style=\"padding-left: 40px\" width=\"288\">\n<h4 style=\"padding-left: 40px\">PROFESORADO<\/h4>\n<\/td>\n<td style=\"padding-left: 40px\" width=\"288\">\n<h4 style=\"padding-left: 40px\">CARGO Y PUESTO<\/h4>\n<\/td>\n<td style=\"padding-left: 40px\" width=\"288\">\n<h4 style=\"padding-left: 40px\">MATERIA QUE IMPARTE<\/h4>\n<\/td>\n<\/tr>\n<tr style=\"padding-left: 40px\">\n<td style=\"vertical-align: middle\" width=\"288\">Pablo, Del Pozo Toscano<\/td>\n<td style=\"vertical-align: middle\" width=\"288\">Profesora de M\u00fasica<\/p>\n<p>Tutora de 4\u00ba A<\/td>\n<td width=\"288\">1\u00ba E.S.O.: Dos grupos (A y B).<\/p>\n<p>2\u00ba E.S.O.: Un grupos (A y B).<\/p>\n<p>4\u00ba E.S.O.: Dos grupo (A y B)<\/p>\n<p>1\u00ba E.S.O. Cambio social y de g\u00e9nero un grupo formado por alumnado de los grupos A y B<\/p>\n<p>2\u00ba E.S.O. Cambio social y de g\u00e9nero, un grupo formado por alumnado de 2\u00ba A<\/td>\n<\/tr>\n<tr>\n<td style=\"vertical-align: middle\" width=\"288\">M\u00aa Dolores del Castillo Chaves<\/td>\n<td style=\"vertical-align: middle\" width=\"288\">Profesora de E.P.V.A.<\/p>\n<p>Jefa del departamento.<\/td>\n<td width=\"288\">1\u00ba E.S.O.: Dos grupos (1\u00baA y 1\u00ba B).<\/p>\n<p>2\u00ba E.S.O.: Un grupo (2\u00baA).<\/p>\n<p>4\u00ba E.S.O.: Dos grupos (4\u00ba A y 4\u00ba B)<\/p>\n<p>1\u00ba E.S.O.: Valores \u00c9ticos, dos grupos formado por alumnado de 1\u00baA y 1\u00ba B<\/p>\n<p>4\u00ba E.S.O. Valores \u00c9ticos: Un grupo formado por alumnado del grupo 4\u00baB<\/td>\n<\/tr>\n<\/tbody>\n<\/table>\n<h1 style=\"padding-left: 40px\"><span style=\"font-size: 18pt\">DOCUMENTACI\u00d3N SOBRE LAS MATERIAS DEL DEPARTAMENTO<\/span><\/h1>\n<p style=\"padding-left: 80px\"><a href=\"https:\/\/blogsaverroes.juntadeandalucia.es\/iesblasinfante\/files\/2022\/02\/Educaci\u00f3n-Pl\u00e1stica-y-Visual.pdf\">Educaci\u00f3n Pl\u00e1stica y Visual<\/a><\/p>\n<h1>CURSO 2020-2021<\/h1>\n<h1 style=\"padding-left: 40px\"><span style=\"font-size: 18pt\">PROFESORADO<\/span><\/h1>\n<table style=\"margin-left: 40px\" border=\"2 px\" cellpadding=\"2px\">\n<tbody style=\"padding-left: 40px\">\n<tr style=\"padding-left: 40px\">\n<td style=\"padding-left: 40px\" width=\"288\">\n<h4 style=\"padding-left: 40px\">PROFESORADO<\/h4>\n<\/td>\n<td style=\"padding-left: 40px\" width=\"288\">\n<h4 style=\"padding-left: 40px\">CARGO Y PUESTO<\/h4>\n<\/td>\n<td style=\"padding-left: 40px\" width=\"288\">\n<h4 style=\"padding-left: 40px\">MATERIA QUE IMPARTE<\/h4>\n<\/td>\n<\/tr>\n<tr style=\"padding-left: 40px\">\n<td style=\"vertical-align: middle;padding-left: 40px\" width=\"288\">M\u00aa Antonia Gil Beliz\u00f3n<\/td>\n<td style=\"vertical-align: middle\" width=\"288\">Profesora de M\u00fasica<\/p>\n<p>Tutora de 1\u00ba A<\/td>\n<td width=\"288\">M\u00fasica de 1\u00ba ESO A y B<\/p>\n<p>M\u00fasica de 2\u00ba ESO A y B<\/p>\n<p>M\u00fasica en un grupo de 4\u00ba formado por alumnado de 4\u00ba A y B.<\/p>\n<p>C.S.G de 3\u00ba B<\/p>\n<p>Ciudadan\u00eda en un grupo formado por alumnado de 3\u00ba A y B.<\/p>\n<p>&nbsp;<\/td>\n<\/tr>\n<tr>\n<td style=\"vertical-align: middle\" width=\"288\">M\u00aa Dolores del Castillo Chaves<\/td>\n<td style=\"vertical-align: middle\" width=\"288\">Profesora de E.P.V.A.<\/p>\n<p>Jefa del departamento.<\/td>\n<td width=\"288\">E.P.V.A. de 1\u00ba ESO<\/p>\n<p>&nbsp;E.P.V.A. de 2\u00ba ESO<\/p>\n<p>E.P.V.A&nbsp; en un grupo de 4\u00ba formado por alumnado de 4\u00ba A y B.<\/p>\n<p>C.S.G. en un grupo de 1\u00ba formado por alumnado de 1\u00ba A y B.<\/p>\n<p>L.D. en un grupo de 2\u00ba alternando primero 2\u00ba B y luego 2\u00ba A.<\/td>\n<\/tr>\n<\/tbody>\n<\/table>\n<p>&nbsp;<\/p>\n","protected":false},"excerpt":{"rendered":"<p>CURSO 2025-2026 PROFESORADO DPTO. ART\u00cdSTICO Profesor\/a Cargo\/Puesto Materia que imparte D. Manuel Tirado Crespo Jefatura de Departamento Coordinaci\u00f3n de \u00c1rea Art\u00edstica EPVA 1\u00baA, 3\u00baA PEPA&hellip;<\/p>\n","protected":false},"author":10359,"featured_media":0,"parent":183,"menu_order":0,"comment_status":"closed","ping_status":"closed","template":"","meta":{"ngg_post_thumbnail":0,"footnotes":""},"aioseo_notices":[],"_links":{"self":[{"href":"https:\/\/blogsaverroes.juntadeandalucia.es\/iesblasinfante\/wp-json\/wp\/v2\/pages\/2691"}],"collection":[{"href":"https:\/\/blogsaverroes.juntadeandalucia.es\/iesblasinfante\/wp-json\/wp\/v2\/pages"}],"about":[{"href":"https:\/\/blogsaverroes.juntadeandalucia.es\/iesblasinfante\/wp-json\/wp\/v2\/types\/page"}],"author":[{"embeddable":true,"href":"https:\/\/blogsaverroes.juntadeandalucia.es\/iesblasinfante\/wp-json\/wp\/v2\/users\/10359"}],"replies":[{"embeddable":true,"href":"https:\/\/blogsaverroes.juntadeandalucia.es\/iesblasinfante\/wp-json\/wp\/v2\/comments?post=2691"}],"version-history":[{"count":28,"href":"https:\/\/blogsaverroes.juntadeandalucia.es\/iesblasinfante\/wp-json\/wp\/v2\/pages\/2691\/revisions"}],"predecessor-version":[{"id":10015,"href":"https:\/\/blogsaverroes.juntadeandalucia.es\/iesblasinfante\/wp-json\/wp\/v2\/pages\/2691\/revisions\/10015"}],"up":[{"embeddable":true,"href":"https:\/\/blogsaverroes.juntadeandalucia.es\/iesblasinfante\/wp-json\/wp\/v2\/pages\/183"}],"wp:attachment":[{"href":"https:\/\/blogsaverroes.juntadeandalucia.es\/iesblasinfante\/wp-json\/wp\/v2\/media?parent=2691"}],"curies":[{"name":"wp","href":"https:\/\/api.w.org\/{rel}","templated":true}]}}