{"id":2713,"date":"2020-10-06T17:34:45","date_gmt":"2020-10-06T15:34:45","guid":{"rendered":"https:\/\/blogsaverroes.juntadeandalucia.es\/iesblasinfante\/?page_id=2713"},"modified":"2025-11-07T08:58:59","modified_gmt":"2025-11-07T07:58:59","slug":"educacion-fisica","status":"publish","type":"page","link":"https:\/\/blogsaverroes.juntadeandalucia.es\/iesblasinfante\/departamentos-didacticos\/educacion-fisica\/","title":{"rendered":"Educaci\u00f3n F\u00edsica"},"content":{"rendered":"<h1>CURSO 2025-2026<\/h1>\n<h3 style=\"padding-left: 40px\"><span style=\"font-size: 18pt\">PROFESORADO<\/span><\/h3>\n<table style=\"width: 100%\" border=\"2\" cellpadding=\"1\">\n<tbody>\n<tr>\n<td style=\"text-align: center\" colspan=\"3\">\n<h5><span style=\"font-weight: 400\">DPTO. EDUCACI\u00d3N F\u00cdSICA<\/span><\/h5>\n<\/td>\n<\/tr>\n<tr>\n<td style=\"text-align: center\">\n<h5><span style=\"font-weight: 400\">Profesor\/a<\/span><\/h5>\n<\/td>\n<td style=\"text-align: center\">\n<h5><span style=\"font-weight: 400\">Cargo\/Puesto<\/span><\/h5>\n<\/td>\n<td style=\"text-align: center\">\n<h5><span style=\"font-weight: 400\">Materia que imparte<\/span><\/h5>\n<\/td>\n<\/tr>\n<tr>\n<td><span style=\"font-weight: 400\">Crist\u00f3bal Serrano G\u00f3mez<\/span><\/td>\n<td><span style=\"font-weight: 400\">Jefe de Departamento Educaci\u00f3n F\u00edsica<\/span><\/td>\n<td><span style=\"font-weight: 400\">Educaci\u00f3n F\u00edsica 1\u00ba ESO<\/span><\/p>\n<p><span style=\"font-weight: 400\">Educaci\u00f3n F\u00edsica 2\u00ba ESO<\/span><\/p>\n<p>Atenci\u00f3n Educativa 2\u00ba ESO<\/p>\n<p><span style=\"font-weight: 400\">Educaci\u00f3n F\u00edsica 3\u00ba ESO<\/span><\/p>\n<p><span style=\"font-weight: 400\">Educaci\u00f3n F\u00edsica 4\u00ba ESO<\/span><\/td>\n<\/tr>\n<\/tbody>\n<\/table>\n<h3 style=\"padding-left: 40px\"><span style=\"font-size: 18pt\">DOCUMENTACI\u00d3N<\/span><\/h3>\n<h3 style=\"padding-left: 40px\">Res\u00famenes de la programaci\u00f3n<\/h3>\n<ul>\n<li style=\"list-style-type: none\">\n<ul>\n<li><a href=\"https:\/\/drive.google.com\/file\/d\/19J1CVh9maBiU1CfBSM9YW-lqICGBuLtD\/view?usp=sharing\" target=\"_blank\" rel=\"noopener\">Resumen Informativo Educaci\u00f3n F\u00edsica 1\u00ba ESO<\/a><\/li>\n<li><a href=\"https:\/\/drive.google.com\/file\/d\/16Y6_mMZmoHqi-nNIpyld34nCGizwqaLk\/view?usp=sharing\" target=\"_blank\" rel=\"noopener\">Resumen Informativo Educaci\u00f3n F\u00edsica 2\u00ba ESO<\/a><\/li>\n<li><a href=\"https:\/\/drive.google.com\/file\/d\/1k4qhnvI9r1cjS_BElD5dlwM1rLnoF5go\/view?usp=sharing\" target=\"_blank\" rel=\"noopener\">Resumen Informativo Educaci\u00f3n F\u00edsica 3\u00ba ESO<\/a><\/li>\n<li><a href=\"https:\/\/drive.google.com\/file\/d\/13GCrJjmJrrAFAkLUkv4EEIBcM-sVAu47\/view?usp=sharing\" target=\"_blank\" rel=\"noopener\">Resumen Informativo Educaci\u00f3n F\u00edsica 4\u00ba ESO<\/a><\/li>\n<\/ul>\n<\/li>\n<\/ul>\n<h3 style=\"padding-left: 40px\">Programaciones did\u00e1cticas<\/h3>\n<ul>\n<li style=\"list-style-type: none\">\n<ul>\n<li><a href=\"https:\/\/drive.google.com\/file\/d\/1k3Icl-InPfisQ71cWP-uxRP0TZhY-4fZ\/view?usp=sharing\" target=\"_blank\" rel=\"noopener\">Programaci\u00f3n did\u00e1ctica Educaci\u00f3n F\u00edsica 1\u00ba ESO<\/a><\/li>\n<li><a href=\"https:\/\/drive.google.com\/file\/d\/1jsMICesFE4iABSeegYcjtgF_xM9KOxSI\/view?usp=sharing\" target=\"_blank\" rel=\"noopener\">Programaci\u00f3n did\u00e1ctica Educaci\u00f3n F\u00edsica 2\u00ba ESO<\/a><\/li>\n<li><a href=\"https:\/\/drive.google.com\/file\/d\/1CZK5-O4szdToR-YQJFuqTaJwYEoP8YwC\/view?usp=sharing\" target=\"_blank\" rel=\"noopener\">Programaci\u00f3n did\u00e1ctica Educaci\u00f3n F\u00edsica 3\u00ba ESO<\/a><\/li>\n<li><a href=\"https:\/\/drive.google.com\/file\/d\/1mCfmhT9_CTuFcro_VPxWLxgg6plVOxQU\/view?usp=sharing\" target=\"_blank\" rel=\"noopener\">Programaci\u00f3n did\u00e1ctica Educaci\u00f3n F\u00edsica 4\u00ba ESO<\/a><\/li>\n<\/ul>\n<\/li>\n<\/ul>\n<h1>CURSO 2024-2025<\/h1>\n<h2 style=\"padding-left: 40px\"><span style=\"font-size: 18pt\">PROFESORADO<\/span><\/h2>\n<table style=\"width: 100%\" border=\"2\">\n<tbody>\n<tr>\n<td style=\"text-align: center\" colspan=\"3\">\n<h5><span style=\"font-weight: 400\">DPTO. EDUCACI\u00d3N F\u00cdSICA<\/span><\/h5>\n<\/td>\n<\/tr>\n<tr>\n<td style=\"text-align: center\">\n<h5><span style=\"font-weight: 400\">Profesor\/a<\/span><\/h5>\n<\/td>\n<td style=\"text-align: center\">\n<h5><span style=\"font-weight: 400\">Cargo\/Puesto<\/span><\/h5>\n<\/td>\n<td style=\"text-align: center\">\n<h5><span style=\"font-weight: 400\">Materia que imparte<\/span><\/h5>\n<\/td>\n<\/tr>\n<tr>\n<td><span style=\"font-weight: 400\">Crist\u00f3bal Serrano G\u00f3mez<\/span><\/td>\n<td><span style=\"font-weight: 400\">Jefe de Departamento Educaci\u00f3n F\u00edsica<\/span><\/td>\n<td><span style=\"font-weight: 400\">Educaci\u00f3n F\u00edsica 1\u00ba ESO<\/span><\/p>\n<p><span style=\"font-weight: 400\">Educaci\u00f3n F\u00edsica 2\u00ba ESO<\/span><\/p>\n<p><span style=\"font-weight: 400\">Educaci\u00f3n F\u00edsica 3\u00ba ESO<\/span><\/p>\n<p><span style=\"font-weight: 400\">Educaci\u00f3n F\u00edsica 4\u00ba ESO<\/span><\/td>\n<\/tr>\n<\/tbody>\n<\/table>\n<h2 style=\"padding-left: 40px\"><span style=\"font-size: 18pt\">DOCUMENTACI\u00d3N<\/span><\/h2>\n<h3 style=\"padding-left: 40px\">Res\u00famenes de la programaci\u00f3n<\/h3>\n<ul>\n<li style=\"list-style-type: none\">\n<ul>\n<li><a href=\"https:\/\/drive.google.com\/file\/d\/1uJGdlO6o_EqTkmLOF1yR_69ydgG8cZMj\/view?usp=sharing\" target=\"_blank\" rel=\"noopener\">Resumen Informativo Educaci\u00f3n F\u00edsica 1\u00ba ESO<\/a><\/li>\n<li><a href=\"https:\/\/drive.google.com\/file\/d\/10JkKY62LdiRlgPAiw5rgZ_kgszI9AUDR\/view?usp=sharing\" target=\"_blank\" rel=\"noopener\">Resumen Informativo Educaci\u00f3n F\u00edsica 2\u00ba ESO<\/a><\/li>\n<li><a href=\"https:\/\/drive.google.com\/file\/d\/1IlsqKEZwk3jH2NmWaW41N53RDEYxBEpe\/view?usp=sharing\" target=\"_blank\" rel=\"noopener\">Resumen Informativo Educaci\u00f3n F\u00edsica 3\u00ba ESO<\/a><\/li>\n<li><a href=\"https:\/\/drive.google.com\/file\/d\/1L6ruXh7vVJZ5c41mo2-wXIlgBMpb5_8Q\/view?usp=sharing\" target=\"_blank\" rel=\"noopener\">Resumen Informativo Educaci\u00f3n F\u00edsica 4\u00ba ESO<\/a><\/li>\n<\/ul>\n<\/li>\n<\/ul>\n<h3 style=\"padding-left: 40px\">Programaciones did\u00e1cticas<\/h3>\n<ul>\n<li style=\"list-style-type: none\">\n<ul>\n<li><a href=\"https:\/\/drive.google.com\/file\/d\/1-GvEAOIQF3cVidrRpqDUxtOoK1MXGwWW\/view?usp=sharing\" target=\"_blank\" rel=\"noopener\">Programaci\u00f3n did\u00e1ctica 1\u00ba ESO<\/a><\/li>\n<li><a href=\"https:\/\/drive.google.com\/file\/d\/1tHv0WlRaOZR_v5Vs2SWVuq_R4sdre_GF\/view?usp=sharing\" target=\"_blank\" rel=\"noopener\">Programaci\u00f3n did\u00e1ctica 2\u00ba ESO<\/a><\/li>\n<li><a href=\"https:\/\/drive.google.com\/file\/d\/1LiPvCzQybzXQiotF4PULj0JPHCsjI5w5\/view?usp=sharing\" target=\"_blank\" rel=\"noopener\">Programaci\u00f3n did\u00e1ctica 3\u00ba ESO<\/a><\/li>\n<li><a href=\"https:\/\/drive.google.com\/file\/d\/1-TaxhlOU3h8cImbd0HoOac5cM38v2aEK\/view?usp=sharing\" target=\"_blank\" rel=\"noopener\">Programaci\u00f3n did\u00e1ctica 4\u00ba ESO<\/a><\/li>\n<\/ul>\n<\/li>\n<\/ul>\n<h1>CURSO 2023-2024<\/h1>\n<h1 style=\"padding-left: 40px\"><span style=\"font-size: 18pt\">PROFESORADO<\/span><\/h1>\n<table style=\"width: 67.6936%\" border=\"1\">\n<tbody>\n<tr>\n<td style=\"width: 98.8294%\" colspan=\"3\">\n<p style=\"text-align: center\"><strong>DPTO. EDUCACI\u00d3N F\u00cdSICA<\/strong><\/p>\n<\/td>\n<\/tr>\n<tr>\n<td style=\"width: 29.5987%;text-align: center\"><strong>Profesor\/a<\/strong><\/td>\n<td style=\"width: 25.4181%;text-align: center\"><strong>Cargo\/Puesto<\/strong><\/td>\n<td style=\"width: 43.8127%;text-align: center\"><strong>Materia que imparte<\/strong><\/td>\n<\/tr>\n<tr>\n<td style=\"width: 29.5987%\"><span style=\"font-weight: 400\">Juan Carlos Soria Calero<\/span><\/td>\n<td style=\"width: 25.4181%\"><span style=\"font-weight: 400\">Jefe de departamento<\/span><\/td>\n<td style=\"width: 43.8127%\"><span style=\"font-weight: 400\">Educaci\u00f3n F\u00edsica 1\u00ba, 2\u00ba, 3\u00ba y 4\u00ba ESO<\/span><\/td>\n<\/tr>\n<\/tbody>\n<\/table>\n<p style=\"padding-left: 40px\"><a href=\"https:\/\/drive.google.com\/file\/d\/1CJ-b4vXqSFif9VwUDqpXp2VHa9wSfk9d\/view?usp=sharing\" target=\"_blank\" rel=\"noopener noreferrer\">PROGRAMACI\u00d3N DID\u00c1CTICA EDUCACI\u00d3N F\u00cdSICA 1\u00ba ESO, 2\u00ba ESO, 3\u00ba ESO y 4\u00ba ESO<\/a><\/p>\n<h1 style=\"padding-left: 40px\"><span style=\"font-size: 18pt\">RES\u00daMENES DE LA PROGRAMACI\u00d3N<\/span><\/h1>\n<ul>\n<li style=\"list-style-type: none\">\n<ul>\n<li><a href=\"https:\/\/blogsaverroes.juntadeandalucia.es\/iesblasinfante\/files\/2023\/12\/Programaci\u00f3n-corta-EF-2023-2024-1\u00ba-ESO.pdf\" target=\"_blank\" rel=\"noopener noreferrer\">Educaci\u00f3n F\u00edsica 2023-2024 1\u00ba ESO<\/a><\/li>\n<li><a href=\"https:\/\/blogsaverroes.juntadeandalucia.es\/iesblasinfante\/files\/2023\/12\/Programaci\u00f3n-corta-EF-2023-2024-2\u00ba-ESO.pdf\" target=\"_blank\" rel=\"noopener noreferrer\">Educaci\u00f3n F\u00edsica 2023-2024 2\u00ba ESO<\/a><\/li>\n<li><a href=\"https:\/\/blogsaverroes.juntadeandalucia.es\/iesblasinfante\/files\/2023\/12\/Programaci\u00f3n-corta-EF-2023-2024-3\u00ba-ESO.pdf\" target=\"_blank\" rel=\"noopener noreferrer\">Educaci\u00f3n F\u00edsica 2023-2024 3\u00ba ESO<\/a><\/li>\n<li><a href=\"https:\/\/blogsaverroes.juntadeandalucia.es\/iesblasinfante\/files\/2023\/12\/Programaci\u00f3n-corta-EF-2023-2024-4\u00ba-ESO.pdf\" target=\"_blank\" rel=\"noopener noreferrer\">Educaci\u00f3n F\u00edsica 2023-2024 4\u00ba ESO<\/a><\/li>\n<\/ul>\n<\/li>\n<\/ul>\n<h1>CURSO 2022-2023<\/h1>\n<h1 style=\"padding-left: 40px\"><span style=\"font-size: 18pt\">PROFESORADO<\/span><\/h1>\n<table style=\"margin-left: 80px;width: 64.311%;height: 195px\" border=\"2\">\n<tbody style=\"padding-left: 80px\">\n<tr style=\"padding-left: 80px\">\n<td style=\"padding-left: 80px;text-align: center;height: 56px\" colspan=\"3\">\n<p style=\"text-align: center;padding-left: 40px\"><strong>DPTO. ED. F\u00cdSICA<\/strong><\/p>\n<\/td>\n<\/tr>\n<tr style=\"padding-left: 80px\">\n<td style=\"padding-left: 80px;text-align: center;height: 56px\">\n<p style=\"text-align: center;padding-left: 40px\"><strong>Profesor\/a<\/strong><\/p>\n<\/td>\n<td style=\"padding-left: 80px;text-align: center;height: 56px\">\n<p style=\"text-align: center;padding-left: 40px\"><strong>Cargo\/Puesto<\/strong><\/p>\n<\/td>\n<td style=\"padding-left: 80px;text-align: center;height: 56px\">\n<p style=\"text-align: center;padding-left: 40px\"><strong>Materia que imparte<\/strong><\/p>\n<\/td>\n<\/tr>\n<tr style=\"padding-left: 80px\">\n<td style=\"text-align: center;height: 48px;padding-left: 40px\"><span style=\"font-weight: 400\">Roberto Ayala Moreno<\/span><\/td>\n<td style=\"text-align: center;height: 48px;padding-left: 40px\"><span style=\"font-weight: 400\">Jefe de departamento<\/span><\/td>\n<td style=\"text-align: center;height: 48px;padding-left: 40px\"><span style=\"font-weight: 400\">Educaci\u00f3n F\u00edsica 1\u00ba, 2\u00ba, 3\u00ba y 4\u00ba ESO<\/span><\/td>\n<\/tr>\n<\/tbody>\n<\/table>\n<h1 style=\"padding-left: 40px\"><span style=\"font-size: 18pt\">DOCUMENTACI\u00d3N<\/span><\/h1>\n<p style=\"padding-left: 80px\"><a href=\"https:\/\/blogsaverroes.juntadeandalucia.es\/iesblasinfante\/files\/2022\/11\/Programaci\u00f3n-Dpto.Ed_.F\u00edsica-2\u00ba-ESO.pdf\" target=\"_blank\" rel=\"noopener noreferrer\">Programaci\u00f3n Educaci\u00f3n F\u00edsica 2\u00ba ESO<\/a><\/p>\n<h1>CURSO 2021-2022<\/h1>\n<h1><span style=\"font-size: 18pt\">PROFESORADO<\/span><\/h1>\n<table style=\"width: 70.2478%;margin-left: 40px;border-style: none\" border=\"2 px\" cellpadding=\"2px\">\n<tbody style=\"padding-left: 40px\">\n<tr style=\"padding-left: 40px\">\n<td style=\"padding-left: 40px;width: 27.9577%\" width=\"288\">\n<h4 style=\"padding-left: 40px\">PROFESORADO<\/h4>\n<\/td>\n<td style=\"padding-left: 40px;width: 33.7415%\" width=\"288\">\n<h4 style=\"padding-left: 40px\">CARGO Y PUESTO<\/h4>\n<\/td>\n<td style=\"padding-left: 40px;width: 31.9001%\" width=\"288\">\n<h4 style=\"padding-left: 40px\">MATERIA QUE IMPARTE<\/h4>\n<\/td>\n<\/tr>\n<tr style=\"padding-left: 40px\">\n<td style=\"vertical-align: middle;padding-left: 40px;width: 27.9577%\" width=\"288\">Patricia Alc\u00e1ntara Dom\u00ednguez<\/td>\n<td style=\"vertical-align: middle;width: 33.7415%\" width=\"288\">Jefa de departamento de Educaci\u00f3n F\u00edsica.<\/p>\n<p>Coordinador \u00e1rea de art\u00edsticas<\/td>\n<td style=\"vertical-align: middle;width: 31.9001%\" width=\"288\">Educaci\u00f3n F\u00edsica (1\u00ba 4\u00ba ESO)<\/td>\n<\/tr>\n<\/tbody>\n<\/table>\n<h1><span style=\"font-size: 18pt\">DOCUMENTACI\u00d3N DEL DEPARTAMENTO<\/span><\/h1>\n<ul>\n<li><a href=\"https:\/\/blogsaverroes.juntadeandalucia.es\/iesblasinfante\/files\/2022\/01\/PROGRAMACI\u00d3N-EF.pdf\" target=\"_blank\" rel=\"noopener noreferrer\">PROGRAMACI\u00d3N EDUCACI\u00d3N F\u00cdSICA<\/a><\/li>\n<li><a href=\"https:\/\/blogsaverroes.juntadeandalucia.es\/iesblasinfante\/files\/2022\/01\/EVALUACI\u00d3N-DE-EDUCACI\u00d3N-F\u00cdSICA.pdf\" target=\"_blank\" rel=\"noopener noreferrer\">EVALUACI\u00d3N DE EDUCACI\u00d3N F\u00cdSICA<\/a><\/li>\n<li><a href=\"https:\/\/blogsaverroes.juntadeandalucia.es\/iesblasinfante\/files\/2022\/01\/CONTENIDOS-EDUCACI\u00d3N-F\u00cdSICA.pdf\" target=\"_blank\" rel=\"noopener noreferrer\">CONTENIDOS EDUCACI\u00d3N F\u00cdSICA<\/a><\/li>\n<\/ul>\n<h1>CURSO 2020-2021<\/h1>\n<h1><span style=\"font-size: 18pt\">PROFESORADO<\/span><\/h1>\n<table style=\"margin-left: 40px\" border=\"2 px\" cellpadding=\"2px\">\n<tbody style=\"padding-left: 40px\">\n<tr style=\"padding-left: 40px\">\n<td style=\"padding-left: 40px\" width=\"288\">\n<h4 style=\"padding-left: 40px\">PROFESORADO<\/h4>\n<\/td>\n<td style=\"padding-left: 40px\" width=\"288\">\n<h4 style=\"padding-left: 40px\">CARGO Y PUESTO<\/h4>\n<\/td>\n<td style=\"padding-left: 40px\" width=\"288\">\n<h4 style=\"padding-left: 40px\">MATERIA QUE IMPARTE<\/h4>\n<\/td>\n<\/tr>\n<tr style=\"padding-left: 40px\">\n<td style=\"vertical-align: middle;text-align: left;padding-left: 40px\" width=\"288\">Jos\u00e9 Mar\u00eda Correa L\u00f3pez<\/td>\n<td style=\"vertical-align: middle;text-align: left\" width=\"288\">Jefe de departamento de Educaci\u00f3n F\u00edsica.<\/p>\n<p>Coordinador \u00e1rea de art\u00edsticas<\/td>\n<td style=\"text-align: left;vertical-align: middle\" width=\"288\">Educaci\u00f3n F\u00edsica (1\u00ba 4\u00ba ESO)<\/td>\n<\/tr>\n<\/tbody>\n<\/table>\n<h1><span style=\"font-size: 18pt\">Materiales<\/span><\/h1>\n<ul>\n<li>Editorial Teide para todos los cursos y niveles.<\/li>\n<li><a href=\"https:\/\/blogsaverroes.juntadeandalucia.es\/iesblasinfante\/files\/2020\/11\/FICHA-M\u00c9DICA-EDUCACI\u00d3N-F\u00cdSICA.pdf\" target=\"_blank\" rel=\"noopener noreferrer\">FICHA M\u00c9DICA EDUCACI\u00d3N F\u00cdSICA<\/a><\/li>\n<\/ul>\n<h1><span style=\"font-size: 18pt\">Evaluaci\u00f3n y Calificaci\u00f3n<\/span><\/h1>\n<p style=\"padding-left: 40px\"><a href=\"https:\/\/blogsaverroes.juntadeandalucia.es\/iesblasinfante\/files\/2020\/12\/Evaluac\u00f3n-y-Calificaci\u00f3n.pdf\" target=\"_blank\" rel=\"noopener noreferrer\"><strong>Pincha aqu\u00ed<\/strong> para ver el detalle del proceso de evaluaci\u00f3n y calificaci\u00f3n<\/a><\/p>\n<h1><span style=\"font-size: 18pt\">Atenci\u00f3n a la Diversidad<\/span><\/h1>\n<ul>\n<li><a href=\"https:\/\/blogsaverroes.juntadeandalucia.es\/iesblasinfante\/files\/2020\/11\/Planes-individualizados-curso-20-21.pdf\" target=\"_blank\" rel=\"noopener noreferrer\">Planes individualizados curso 20-21<\/a><\/li>\n<li><a href=\"https:\/\/blogsaverroes.juntadeandalucia.es\/iesblasinfante\/files\/2020\/11\/Pendiente-1\u00ba-ESO.pdf\" target=\"_blank\" rel=\"noopener noreferrer\">Pendiente 1\u00ba ESO<\/a><\/li>\n<li><a href=\"https:\/\/blogsaverroes.juntadeandalucia.es\/iesblasinfante\/files\/2020\/11\/Pendiente-2\u00baESO.pdf\" target=\"_blank\" rel=\"noopener noreferrer\">Pendiente 2\u00baESO<\/a><\/li>\n<li><a href=\"https:\/\/blogsaverroes.juntadeandalucia.es\/iesblasinfante\/files\/2020\/11\/pendientes-3\u00baESO.pdf\" target=\"_blank\" rel=\"noopener noreferrer\">Pendientes 3\u00baESO<\/a><\/li>\n<\/ul>\n<p>&nbsp;<\/p>\n<p>&nbsp;<\/p>\n","protected":false},"excerpt":{"rendered":"<p>CURSO 2025-2026 PROFESORADO DPTO. EDUCACI\u00d3N F\u00cdSICA Profesor\/a Cargo\/Puesto Materia que imparte Crist\u00f3bal Serrano G\u00f3mez Jefe de Departamento Educaci\u00f3n F\u00edsica Educaci\u00f3n F\u00edsica 1\u00ba ESO Educaci\u00f3n F\u00edsica&hellip;<\/p>\n","protected":false},"author":10359,"featured_media":0,"parent":183,"menu_order":0,"comment_status":"closed","ping_status":"closed","template":"","meta":{"ngg_post_thumbnail":0,"footnotes":""},"aioseo_notices":[],"_links":{"self":[{"href":"https:\/\/blogsaverroes.juntadeandalucia.es\/iesblasinfante\/wp-json\/wp\/v2\/pages\/2713"}],"collection":[{"href":"https:\/\/blogsaverroes.juntadeandalucia.es\/iesblasinfante\/wp-json\/wp\/v2\/pages"}],"about":[{"href":"https:\/\/blogsaverroes.juntadeandalucia.es\/iesblasinfante\/wp-json\/wp\/v2\/types\/page"}],"author":[{"embeddable":true,"href":"https:\/\/blogsaverroes.juntadeandalucia.es\/iesblasinfante\/wp-json\/wp\/v2\/users\/10359"}],"replies":[{"embeddable":true,"href":"https:\/\/blogsaverroes.juntadeandalucia.es\/iesblasinfante\/wp-json\/wp\/v2\/comments?post=2713"}],"version-history":[{"count":29,"href":"https:\/\/blogsaverroes.juntadeandalucia.es\/iesblasinfante\/wp-json\/wp\/v2\/pages\/2713\/revisions"}],"predecessor-version":[{"id":10043,"href":"https:\/\/blogsaverroes.juntadeandalucia.es\/iesblasinfante\/wp-json\/wp\/v2\/pages\/2713\/revisions\/10043"}],"up":[{"embeddable":true,"href":"https:\/\/blogsaverroes.juntadeandalucia.es\/iesblasinfante\/wp-json\/wp\/v2\/pages\/183"}],"wp:attachment":[{"href":"https:\/\/blogsaverroes.juntadeandalucia.es\/iesblasinfante\/wp-json\/wp\/v2\/media?parent=2713"}],"curies":[{"name":"wp","href":"https:\/\/api.w.org\/{rel}","templated":true}]}}