{"id":4219,"date":"2022-03-07T09:24:19","date_gmt":"2022-03-07T08:24:19","guid":{"rendered":"https:\/\/blogsaverroes.juntadeandalucia.es\/iesblasinfante\/?page_id=4219"},"modified":"2023-06-02T11:39:54","modified_gmt":"2023-06-02T09:39:54","slug":"pacto-de-estado-contra-la-violencia-de-genero-en-el-ambito-escolar-2021-22","status":"publish","type":"page","link":"https:\/\/blogsaverroes.juntadeandalucia.es\/iesblasinfante\/pacto-de-estado-contra-la-violencia-de-genero-en-el-ambito-escolar-2021-22\/","title":{"rendered":"Pacto de Estado contra la Violencia de G\u00e9nero en el \u00c1mbito Escolar"},"content":{"rendered":"<h1>Curso 2022-2023<\/h1>\n<p><img fetchpriority=\"high\" decoding=\"async\" class=\"alignnone wp-image-6098 size-full\" src=\"https:\/\/blogsaverroes.juntadeandalucia.es\/iesblasinfante\/files\/2023\/06\/Actividades-y-actuaciones-Pacto-de-Estado-22-23_page-0001.jpg\" alt=\"\" width=\"1240\" height=\"1755\" srcset=\"https:\/\/blogsaverroes.juntadeandalucia.es\/iesblasinfante\/files\/2023\/06\/Actividades-y-actuaciones-Pacto-de-Estado-22-23_page-0001.jpg 1240w, https:\/\/blogsaverroes.juntadeandalucia.es\/iesblasinfante\/files\/2023\/06\/Actividades-y-actuaciones-Pacto-de-Estado-22-23_page-0001-212x300.jpg 212w, https:\/\/blogsaverroes.juntadeandalucia.es\/iesblasinfante\/files\/2023\/06\/Actividades-y-actuaciones-Pacto-de-Estado-22-23_page-0001-724x1024.jpg 724w, https:\/\/blogsaverroes.juntadeandalucia.es\/iesblasinfante\/files\/2023\/06\/Actividades-y-actuaciones-Pacto-de-Estado-22-23_page-0001-768x1087.jpg 768w, https:\/\/blogsaverroes.juntadeandalucia.es\/iesblasinfante\/files\/2023\/06\/Actividades-y-actuaciones-Pacto-de-Estado-22-23_page-0001-1085x1536.jpg 1085w\" sizes=\"(max-width: 1240px) 100vw, 1240px\" \/> <img decoding=\"async\" class=\"alignnone wp-image-6099 size-full\" src=\"https:\/\/blogsaverroes.juntadeandalucia.es\/iesblasinfante\/files\/2023\/06\/Actividades-y-actuaciones-Pacto-de-Estado-22-23_page-0002.jpg\" alt=\"\" width=\"1240\" height=\"1755\" srcset=\"https:\/\/blogsaverroes.juntadeandalucia.es\/iesblasinfante\/files\/2023\/06\/Actividades-y-actuaciones-Pacto-de-Estado-22-23_page-0002.jpg 1240w, https:\/\/blogsaverroes.juntadeandalucia.es\/iesblasinfante\/files\/2023\/06\/Actividades-y-actuaciones-Pacto-de-Estado-22-23_page-0002-212x300.jpg 212w, https:\/\/blogsaverroes.juntadeandalucia.es\/iesblasinfante\/files\/2023\/06\/Actividades-y-actuaciones-Pacto-de-Estado-22-23_page-0002-724x1024.jpg 724w, https:\/\/blogsaverroes.juntadeandalucia.es\/iesblasinfante\/files\/2023\/06\/Actividades-y-actuaciones-Pacto-de-Estado-22-23_page-0002-768x1087.jpg 768w, https:\/\/blogsaverroes.juntadeandalucia.es\/iesblasinfante\/files\/2023\/06\/Actividades-y-actuaciones-Pacto-de-Estado-22-23_page-0002-1085x1536.jpg 1085w\" sizes=\"(max-width: 1240px) 100vw, 1240px\" \/> <img decoding=\"async\" class=\"alignnone wp-image-6100 size-full\" src=\"https:\/\/blogsaverroes.juntadeandalucia.es\/iesblasinfante\/files\/2023\/06\/Actividades-y-actuaciones-Pacto-de-Estado-22-23_page-0003.jpg\" alt=\"\" width=\"1240\" height=\"1755\" srcset=\"https:\/\/blogsaverroes.juntadeandalucia.es\/iesblasinfante\/files\/2023\/06\/Actividades-y-actuaciones-Pacto-de-Estado-22-23_page-0003.jpg 1240w, https:\/\/blogsaverroes.juntadeandalucia.es\/iesblasinfante\/files\/2023\/06\/Actividades-y-actuaciones-Pacto-de-Estado-22-23_page-0003-212x300.jpg 212w, https:\/\/blogsaverroes.juntadeandalucia.es\/iesblasinfante\/files\/2023\/06\/Actividades-y-actuaciones-Pacto-de-Estado-22-23_page-0003-724x1024.jpg 724w, https:\/\/blogsaverroes.juntadeandalucia.es\/iesblasinfante\/files\/2023\/06\/Actividades-y-actuaciones-Pacto-de-Estado-22-23_page-0003-768x1087.jpg 768w, https:\/\/blogsaverroes.juntadeandalucia.es\/iesblasinfante\/files\/2023\/06\/Actividades-y-actuaciones-Pacto-de-Estado-22-23_page-0003-1085x1536.jpg 1085w\" sizes=\"(max-width: 1240px) 100vw, 1240px\" \/><\/p>\n<p>&nbsp;<\/p>\n<h1>Curso 2021-2022<\/h1>\n<p><img loading=\"lazy\" decoding=\"async\" class=\"alignnone wp-image-4220 size-full\" src=\"https:\/\/blogsaverroes.juntadeandalucia.es\/iesblasinfante\/files\/2022\/03\/Banner-tres-logos.jpg\" alt=\"\" width=\"1175\" height=\"198\" srcset=\"https:\/\/blogsaverroes.juntadeandalucia.es\/iesblasinfante\/files\/2022\/03\/Banner-tres-logos.jpg 1175w, https:\/\/blogsaverroes.juntadeandalucia.es\/iesblasinfante\/files\/2022\/03\/Banner-tres-logos-300x51.jpg 300w, https:\/\/blogsaverroes.juntadeandalucia.es\/iesblasinfante\/files\/2022\/03\/Banner-tres-logos-1024x173.jpg 1024w, https:\/\/blogsaverroes.juntadeandalucia.es\/iesblasinfante\/files\/2022\/03\/Banner-tres-logos-768x129.jpg 768w\" sizes=\"(max-width: 1175px) 100vw, 1175px\" \/><\/p>\n<h2><span style=\"font-size: 18pt\"><strong>TALLERES REALIZADOS CON LA SUBVENCI\u00d3N RECIBIDA A TRAV\u00c9S DEL PROYECTO <\/strong><strong>\u201cPACTO DE ESTADO CONTRA LA VIOLENCIA DE G\u00c9NERO\u201d, PARA EL CURSO 2021\/22<\/strong><\/span><\/h2>\n<p>La Consejer\u00eda de Educaci\u00f3n y Deporte, con la aportaci\u00f3n presupuestaria del Pacto de Estado contra la Violencia de G\u00e9nero, promueve anualmente la Convocatoria para la realizaci\u00f3n de medidas y actuaciones destinadas a la prevenci\u00f3n de la violencia de g\u00e9nero en los centros docentes p\u00fablicos dependientes de la Consejer\u00eda Educaci\u00f3n y Deporte de la Junta de Andaluc\u00eda.<\/p>\n<p>Tras presentar el proyecto este curso, nuestro Centro fue seleccionado y subvencionado con una dotaci\u00f3n con la que pudimos organizar 6 talleres, 5 para el alumnado y 1 para las familias, y cuyos t\u00edtulos y contenidos se detallan a continuaci\u00f3n:<\/p>\n<table style=\"border-color: #000000;width: 97.3182%;border-style: solid\" border=\"1\" width=\"97.3182%\" cellpadding=\"1\">\n<tbody>\n<tr>\n<td style=\"width: 19.4526%\" width=\"198\"><strong>Viernes, 4 Febrero<\/strong><\/td>\n<td style=\"width: 11.437%\" width=\"113\"><strong>1\u00ba ESO<\/strong><\/td>\n<td style=\"width: 68.3284%\" width=\"709\"><strong>Taller Juntos\/as: <\/strong>Autoconocimiento y conocimiento del grupo.<\/p>\n<p>&#8211; Autoestima.<\/p>\n<p>&#8211; Respeto a la Diversidad.<\/p>\n<p>&#8211; Inteligencias M\u00faltiples de Gadner.<\/p>\n<p>&#8211; Pensamiento reflexivo.<\/p>\n<p>&#8211; Emociones.<\/p>\n<p>&#8211; Empat\u00eda.<\/p>\n<p>&#8211; Comunicaci\u00f3n.<\/p>\n<p>&#8211; Resoluci\u00f3n de conflictos.<\/p>\n<p>&#8211; \u00bfQu\u00e9 son las Habilidades Sociales?<\/p>\n<p>&#8211; \u00bfQu\u00e9 es la Asertividad?<\/p>\n<p>&#8211; Tipos de conducta.<\/p>\n<p>&#8211; \u00bfQu\u00e9 es el Bullying, Ciberbullying?<\/p>\n<p><strong>&nbsp;<\/strong><\/td>\n<\/tr>\n<tr>\n<td style=\"width: 19.4526%\" width=\"198\"><strong>Lunes, 7 de febrero<\/strong><\/td>\n<td style=\"width: 11.437%\" width=\"113\"><strong>2\u00ba ESO y 2\u00baPMAR<\/strong><\/td>\n<td style=\"width: 68.3284%\" rowspan=\"2\" width=\"709\"><strong>Coeducaci\u00f3n por un Mundo en Igualdad: <\/strong>talleres formativos diversidad afectivo-sexual, estereotipos, videojuegos, canciones, micro machismos, etc.<\/p>\n<p><strong>&nbsp;<\/strong><\/p>\n<p><strong>&nbsp;<\/strong><\/td>\n<\/tr>\n<tr>\n<td style=\"width: 19.4526%\" width=\"198\"><strong>Mi\u00e9rcoles, 16 de febrero<\/strong><\/td>\n<td style=\"width: 11.437%\" width=\"113\"><strong>3\u00ba ESO y 3\u00ba PMAR<\/strong><\/td>\n<\/tr>\n<tr>\n<td style=\"width: 19.4526%\" width=\"198\"><strong>Jueves, 17 de febrero<\/strong><\/td>\n<td style=\"width: 11.437%\" width=\"113\"><strong>4\u00ba ESO<\/strong><\/td>\n<td style=\"width: 68.3284%\" width=\"709\"><strong>La Educaci\u00f3n emocional para la no Violencia: <\/strong>Vinculaciones afectivas sanas (casos pr\u00e1cticos diversidad<strong>)<\/strong><\/td>\n<\/tr>\n<tr>\n<td style=\"width: 19.4526%\" width=\"198\"><strong>Mi\u00e9rcoles, 09 de febrero<\/strong><\/td>\n<td style=\"width: 11.437%\" width=\"113\"><strong>Selecci\u00f3n de alumnado de 1\u00ba, 2\u00ba, 3\u00ba y 4\u00ba ESO<\/strong><\/td>\n<td style=\"width: 68.3284%\" width=\"709\"><strong>Alumnado Mediador: <\/strong><\/p>\n<p>&nbsp;Funciones, autoestima, autoconocimiento, habilidades sociales, asertividad, empat\u00eda, escucha activa\/pasiva, comunicaci\u00f3n efectiva\/afectiva, resoluci\u00f3n de conflictos, efecto Pigmali\u00f3n, pasos quedar en una mediaci\u00f3n formal, registro de la mediaci\u00f3n. Casos pr\u00e1cticos<\/td>\n<\/tr>\n<tr>\n<td style=\"width: 19.4526%\" width=\"198\"><strong>Lunes, 21 de febrero<\/strong><\/td>\n<td style=\"width: 11.437%\" width=\"113\"><strong>Familias<\/strong><\/td>\n<td style=\"width: 68.3284%\" width=\"709\"><strong>Escuela de Familias: Disciplina Positiva: <\/strong><\/p>\n<p>&nbsp;&#8211; Practicar una escucha y observaci\u00f3n activa.<\/p>\n<p>&#8211; T\u00e9cnicas y herramientas de disciplina positiva I.<\/p>\n<p>&#8211; Encontrar equilibrio entre amabilidad y firmeza.<\/p>\n<p>&#8211; Ense\u00f1ar con el ejemplo.<\/p>\n<p>&#8211; Adquirir un estilo educativo asertivo.<\/p>\n<p>&#8211; Empatizar con nuestros hijos\/as.<\/td>\n<\/tr>\n<\/tbody>\n<\/table>\n<p>La valoraci\u00f3n del taller \u201cEscuela de Familias: Disciplina Positiva\u201d, por parte del monitor, ha sido muy positiva en todos los aspectos. Manifestando que hab\u00eda sido un verdadero placer poder trabajar con los familiares, que manifestaron lo mucho que les hab\u00eda gustado la experiencia, y que repetir\u00edan sin dudarlo<\/p>\n<p>El grado de implicaci\u00f3n y participaci\u00f3n de los familiares ha sido muy bueno, interes\u00e1ndose mucho por las actividades y planteando cuestiones muy interesantes que enriquec\u00edan al grupo.<\/p>\n<p>En cuanto a los talleres dirigidos al alumnado, la acogida de los mismos por parte del alumnado ha sido muy positiva; se mostraron muy atentos y participativos en todas las actividades, deteni\u00e9ndose los monitores en aquellos aspectos que despertaban una mayor suspicacia.<\/p>\n<p>El alumnado valor\u00f3 de manera muy positiva la realizaci\u00f3n de este tipo de talleres, ya que se analizaron situaciones, conceptos e ideas de aquello que les rodea en su d\u00eda a d\u00eda.<\/p>\n<p>Los monitores que impartieron los talleres, de ILUSIONES, Proyectos Socioeducativos, nos felicitaron tanto por la actitud y la participaci\u00f3n del alumnado, como por facilitar y ayudar al monitor a poder impartir los talleres, \u2026. y por crear un mundo mejor.<\/p>\n<p>Por parte de toda la comunidad educativa del IES Blas Infante, le agradecemos igualmente su implicaci\u00f3n y profesionalidad, y ayudarnos a crear ese mundo mejor.<\/p>\n<p>Y nuestro reconocimiento a la Consejer\u00eda de Educaci\u00f3n y Deporte, por haber seleccionado nuestro proyecto.<\/p>\n<p style=\"text-align: right\">&nbsp;&nbsp;&nbsp;&nbsp;&nbsp;&nbsp;&nbsp;&nbsp;&nbsp;&nbsp;&nbsp;&nbsp;&nbsp;&nbsp;&nbsp;&nbsp;&nbsp;&nbsp;&nbsp;&nbsp;&nbsp;&nbsp;&nbsp;&nbsp;&nbsp;&nbsp;&nbsp;&nbsp;&nbsp;&nbsp;&nbsp;&nbsp;&nbsp;&nbsp;&nbsp;&nbsp;&nbsp;&nbsp;&nbsp;&nbsp;&nbsp;&nbsp;&nbsp;&nbsp;&nbsp;&nbsp;&nbsp;&nbsp;&nbsp;&nbsp;&nbsp;&nbsp;<strong>&nbsp;&nbsp;&nbsp;&nbsp; Coordinadora del Plan de Igualdad<\/strong><\/p>\n<h3><a title=\"Talleres EEP\" href=\"https:\/\/blogsaverroes.juntadeandalucia.es\/iesblasinfante\/category\/planes-programas\/pacto-de-estado-contra-la-violencia-de-genero\/\"><strong>Pincha aqu\u00ed<\/strong> para acceder a la muestra de actividades realizadas y financiadas en este marco.<\/a><\/h3>\n","protected":false},"excerpt":{"rendered":"<p>Curso 2022-2023 &nbsp; Curso 2021-2022 TALLERES REALIZADOS CON LA SUBVENCI\u00d3N RECIBIDA A TRAV\u00c9S DEL PROYECTO \u201cPACTO DE ESTADO CONTRA LA VIOLENCIA DE G\u00c9NERO\u201d, PARA EL&hellip;<\/p>\n","protected":false},"author":10359,"featured_media":0,"parent":0,"menu_order":0,"comment_status":"closed","ping_status":"closed","template":"","meta":{"ngg_post_thumbnail":0,"footnotes":""},"aioseo_notices":[],"_links":{"self":[{"href":"https:\/\/blogsaverroes.juntadeandalucia.es\/iesblasinfante\/wp-json\/wp\/v2\/pages\/4219"}],"collection":[{"href":"https:\/\/blogsaverroes.juntadeandalucia.es\/iesblasinfante\/wp-json\/wp\/v2\/pages"}],"about":[{"href":"https:\/\/blogsaverroes.juntadeandalucia.es\/iesblasinfante\/wp-json\/wp\/v2\/types\/page"}],"author":[{"embeddable":true,"href":"https:\/\/blogsaverroes.juntadeandalucia.es\/iesblasinfante\/wp-json\/wp\/v2\/users\/10359"}],"replies":[{"embeddable":true,"href":"https:\/\/blogsaverroes.juntadeandalucia.es\/iesblasinfante\/wp-json\/wp\/v2\/comments?post=4219"}],"version-history":[{"count":21,"href":"https:\/\/blogsaverroes.juntadeandalucia.es\/iesblasinfante\/wp-json\/wp\/v2\/pages\/4219\/revisions"}],"predecessor-version":[{"id":6102,"href":"https:\/\/blogsaverroes.juntadeandalucia.es\/iesblasinfante\/wp-json\/wp\/v2\/pages\/4219\/revisions\/6102"}],"wp:attachment":[{"href":"https:\/\/blogsaverroes.juntadeandalucia.es\/iesblasinfante\/wp-json\/wp\/v2\/media?parent=4219"}],"curies":[{"name":"wp","href":"https:\/\/api.w.org\/{rel}","templated":true}]}}