{"id":729,"date":"2020-09-20T19:50:28","date_gmt":"2020-09-20T17:50:28","guid":{"rendered":"https:\/\/blogsaverroes.juntadeandalucia.es\/iesblasinfante\/?page_id=729"},"modified":"2020-09-27T10:59:30","modified_gmt":"2020-09-27T08:59:30","slug":"actividades-2018-2019","status":"publish","type":"page","link":"https:\/\/blogsaverroes.juntadeandalucia.es\/iesblasinfante\/actividades\/actividades-2018-2019\/","title":{"rendered":"Actividades 2018-2019"},"content":{"rendered":"<h1>EXCURSI\u00d3N FINAL DE CURSO ISLA M\u00c1GICA<\/h1>\n<p style=\"text-align: center\"><img fetchpriority=\"high\" decoding=\"async\" class=\"alignnone size-medium wp-image-2501\" src=\"https:\/\/blogsaverroes.juntadeandalucia.es\/iesblasinfante\/files\/2020\/09\/SVLFF8R90TPT-200x300.jpg\" alt=\"\" width=\"200\" height=\"300\" srcset=\"https:\/\/blogsaverroes.juntadeandalucia.es\/iesblasinfante\/files\/2020\/09\/SVLFF8R90TPT-200x300.jpg 200w, https:\/\/blogsaverroes.juntadeandalucia.es\/iesblasinfante\/files\/2020\/09\/SVLFF8R90TPT-683x1024.jpg 683w, https:\/\/blogsaverroes.juntadeandalucia.es\/iesblasinfante\/files\/2020\/09\/SVLFF8R90TPT-768x1152.jpg 768w, https:\/\/blogsaverroes.juntadeandalucia.es\/iesblasinfante\/files\/2020\/09\/SVLFF8R90TPT-1024x1536.jpg 1024w, https:\/\/blogsaverroes.juntadeandalucia.es\/iesblasinfante\/files\/2020\/09\/SVLFF8R90TPT-1365x2048.jpg 1365w, https:\/\/blogsaverroes.juntadeandalucia.es\/iesblasinfante\/files\/2020\/09\/SVLFF8R90TPT-16x24.jpg 16w, https:\/\/blogsaverroes.juntadeandalucia.es\/iesblasinfante\/files\/2020\/09\/SVLFF8R90TPT-24x36.jpg 24w, https:\/\/blogsaverroes.juntadeandalucia.es\/iesblasinfante\/files\/2020\/09\/SVLFF8R90TPT-32x48.jpg 32w, https:\/\/blogsaverroes.juntadeandalucia.es\/iesblasinfante\/files\/2020\/09\/SVLFF8R90TPT-scaled.jpg 1707w\" sizes=\"(max-width: 200px) 100vw, 200px\" \/>&nbsp; &nbsp; &nbsp; &nbsp; &nbsp; &nbsp; &nbsp; &nbsp; &nbsp; &nbsp; <img decoding=\"async\" class=\"alignnone size-medium wp-image-2499\" src=\"https:\/\/blogsaverroes.juntadeandalucia.es\/iesblasinfante\/files\/2020\/09\/SVSLF8R90TUA-300x200.jpg\" alt=\"\" width=\"300\" height=\"200\" srcset=\"https:\/\/blogsaverroes.juntadeandalucia.es\/iesblasinfante\/files\/2020\/09\/SVSLF8R90TUA-300x200.jpg 300w, https:\/\/blogsaverroes.juntadeandalucia.es\/iesblasinfante\/files\/2020\/09\/SVSLF8R90TUA-1024x683.jpg 1024w, https:\/\/blogsaverroes.juntadeandalucia.es\/iesblasinfante\/files\/2020\/09\/SVSLF8R90TUA-768x512.jpg 768w, https:\/\/blogsaverroes.juntadeandalucia.es\/iesblasinfante\/files\/2020\/09\/SVSLF8R90TUA-1536x1024.jpg 1536w, https:\/\/blogsaverroes.juntadeandalucia.es\/iesblasinfante\/files\/2020\/09\/SVSLF8R90TUA-2048x1365.jpg 2048w, https:\/\/blogsaverroes.juntadeandalucia.es\/iesblasinfante\/files\/2020\/09\/SVSLF8R90TUA-24x16.jpg 24w, https:\/\/blogsaverroes.juntadeandalucia.es\/iesblasinfante\/files\/2020\/09\/SVSLF8R90TUA-36x24.jpg 36w, https:\/\/blogsaverroes.juntadeandalucia.es\/iesblasinfante\/files\/2020\/09\/SVSLF8R90TUA-48x32.jpg 48w\" sizes=\"(max-width: 300px) 100vw, 300px\" \/><\/p>\n<h1>FIESTA FINAL DE CURSO<\/h1>\nngg_shortcode_0_placeholder\n<h1>1\u00ba ESO EN EL TEATRO<\/h1>\n<p><img decoding=\"async\" class=\"alignnone size-medium wp-image-2503 aligncenter\" src=\"https:\/\/blogsaverroes.juntadeandalucia.es\/iesblasinfante\/files\/2020\/09\/IMG-20190530-WA0003-300x225.jpg\" alt=\"\" width=\"300\" height=\"225\" srcset=\"https:\/\/blogsaverroes.juntadeandalucia.es\/iesblasinfante\/files\/2020\/09\/IMG-20190530-WA0003-300x225.jpg 300w, https:\/\/blogsaverroes.juntadeandalucia.es\/iesblasinfante\/files\/2020\/09\/IMG-20190530-WA0003-1024x768.jpg 1024w, https:\/\/blogsaverroes.juntadeandalucia.es\/iesblasinfante\/files\/2020\/09\/IMG-20190530-WA0003-768x576.jpg 768w, https:\/\/blogsaverroes.juntadeandalucia.es\/iesblasinfante\/files\/2020\/09\/IMG-20190530-WA0003-1536x1152.jpg 1536w, https:\/\/blogsaverroes.juntadeandalucia.es\/iesblasinfante\/files\/2020\/09\/IMG-20190530-WA0003-24x18.jpg 24w, https:\/\/blogsaverroes.juntadeandalucia.es\/iesblasinfante\/files\/2020\/09\/IMG-20190530-WA0003-36x27.jpg 36w, https:\/\/blogsaverroes.juntadeandalucia.es\/iesblasinfante\/files\/2020\/09\/IMG-20190530-WA0003-48x36.jpg 48w, https:\/\/blogsaverroes.juntadeandalucia.es\/iesblasinfante\/files\/2020\/09\/IMG-20190530-WA0003.jpg 1600w\" sizes=\"(max-width: 300px) 100vw, 300px\" \/><\/p>\n<h1>2\u00ba ESO y 3\u00ba ESO EN LOS TORU\u00d1OS DISFRUTANDO DE LA NATURALIZA Y EL DEPORTE<\/h1>\nngg_shortcode_1_placeholder\n<h1>4\u00ba ESO, CUENTACUENTOS EN LOS COLES ADSCRITOS<\/h1>\n<p><iframe title=\"Cuentacuentos Blas Infante 2018\/2019\" width=\"843\" height=\"474\" src=\"https:\/\/www.youtube.com\/embed\/bZIdUgVCA0Q?feature=oembed\" frameborder=\"0\" allow=\"accelerometer; autoplay; clipboard-write; encrypted-media; gyroscope; picture-in-picture\" allowfullscreen><\/iframe><\/p>\nngg_shortcode_2_placeholder\n<h1>COCURSO DE FOTOGRAF\u00cdA MATEM\u00c1TICA<\/h1>\n<p><a href=\"https:\/\/blogsaverroes.juntadeandalucia.es\/iesblasinfante\/files\/2020\/09\/Ganadores-18-19.pdf\" target=\"_blank\" rel=\"noopener noreferrer\"><strong>Pincha aqu\u00ed<\/strong> para ver los trabajos ganadores<\/a><\/p>\n<h4>1\u00ba ESO REALIZA LAS ACTIVIDADES SOBRE LA EXPOSICI\u00d3N<\/h4>\nngg_shortcode_3_placeholder\n<h1>2\u00ba ESO, 3\u00ba ESO y 4\u00ba ESO PARTICIPAN EN LA OLIMPIADA INTERCENTRO DE SAN FERNANDO<\/h1>\n<p style=\"padding-left: 160px\"><img loading=\"lazy\" decoding=\"async\" class=\"alignnone size-medium wp-image-2506\" src=\"https:\/\/blogsaverroes.juntadeandalucia.es\/iesblasinfante\/files\/2020\/09\/IMG_20190508_142916084-1-300x212.jpg\" alt=\"\" width=\"300\" height=\"212\" srcset=\"https:\/\/blogsaverroes.juntadeandalucia.es\/iesblasinfante\/files\/2020\/09\/IMG_20190508_142916084-1-300x212.jpg 300w, https:\/\/blogsaverroes.juntadeandalucia.es\/iesblasinfante\/files\/2020\/09\/IMG_20190508_142916084-1-768x543.jpg 768w, https:\/\/blogsaverroes.juntadeandalucia.es\/iesblasinfante\/files\/2020\/09\/IMG_20190508_142916084-1-24x17.jpg 24w, https:\/\/blogsaverroes.juntadeandalucia.es\/iesblasinfante\/files\/2020\/09\/IMG_20190508_142916084-1-36x25.jpg 36w, https:\/\/blogsaverroes.juntadeandalucia.es\/iesblasinfante\/files\/2020\/09\/IMG_20190508_142916084-1-48x34.jpg 48w, https:\/\/blogsaverroes.juntadeandalucia.es\/iesblasinfante\/files\/2020\/09\/IMG_20190508_142916084-1.jpg 1019w\" sizes=\"(max-width: 300px) 100vw, 300px\" \/>&nbsp; &nbsp; &nbsp; &nbsp; &nbsp; &nbsp; &nbsp; &nbsp; &nbsp; &nbsp; &nbsp; &nbsp; &nbsp; <img loading=\"lazy\" decoding=\"async\" class=\"alignnone size-medium wp-image-2505\" src=\"https:\/\/blogsaverroes.juntadeandalucia.es\/iesblasinfante\/files\/2020\/09\/IMG-20190510-WA0006-1-300x225.jpg\" alt=\"\" width=\"300\" height=\"225\" srcset=\"https:\/\/blogsaverroes.juntadeandalucia.es\/iesblasinfante\/files\/2020\/09\/IMG-20190510-WA0006-1-300x225.jpg 300w, https:\/\/blogsaverroes.juntadeandalucia.es\/iesblasinfante\/files\/2020\/09\/IMG-20190510-WA0006-1-768x576.jpg 768w, https:\/\/blogsaverroes.juntadeandalucia.es\/iesblasinfante\/files\/2020\/09\/IMG-20190510-WA0006-1-24x18.jpg 24w, https:\/\/blogsaverroes.juntadeandalucia.es\/iesblasinfante\/files\/2020\/09\/IMG-20190510-WA0006-1-36x27.jpg 36w, https:\/\/blogsaverroes.juntadeandalucia.es\/iesblasinfante\/files\/2020\/09\/IMG-20190510-WA0006-1-48x36.jpg 48w, https:\/\/blogsaverroes.juntadeandalucia.es\/iesblasinfante\/files\/2020\/09\/IMG-20190510-WA0006-1.jpg 960w\" sizes=\"(max-width: 300px) 100vw, 300px\" \/><\/p>\n<h1>1\u00ba ESO VISTA EL ECOSISTEMA DUNAR DE LA PLAYA DE CORTADURA EN C\u00c1DIZ<\/h1>\nngg_shortcode_4_placeholder\n<h1>VISITA DE 4\u00ba ESO AL REAL OBSERVATORIO DELA ARMADA.<\/h1>\nngg_shortcode_5_placeholder\n<h1>VIAJE FIN DE ETAPA. GRANADA 3\u00ba ESO Y 4\u00ba ESO. 25-28 DE MARZO 2019.<\/h1>\n<p><iframe title=\"Granada Marzo 2019.\" width=\"843\" height=\"474\" src=\"https:\/\/www.youtube.com\/embed\/H6jABTGEDPc?feature=oembed\" frameborder=\"0\" allow=\"accelerometer; autoplay; clipboard-write; encrypted-media; gyroscope; picture-in-picture\" allowfullscreen><\/iframe><\/p>\nngg_shortcode_6_placeholder\n<h1>D\u00cdA DE ANDALUC\u00cdA<\/h1>\n<p>Siguiendo la tradici\u00f3n del IES disfrutamos de un D\u00eda de Andaluc\u00eda repleto de actividades:<\/p>\n<p>Degustaciones: Desayuno andaluz y Paella.<br \/>\nActuaciones: Zumba, Bachata y Carnaval<br \/>\nTalleres: Futbol, Bachata, Mosaicos, Crepes, Arte con Toallas, Pitos de Carnaval, Juegos tradicionales, Ajedrez, Videojuegos, Cocina, Elaboraci\u00f3n de cajas, Cartel del D\u00eda dela mujer, Lambda.<\/p>\n<p><iframe title=\"BI D\u00eda de Andaluc\u00eda 2019\" width=\"843\" height=\"474\" src=\"https:\/\/www.youtube.com\/embed\/PEjbhgEdrQs?feature=oembed\" frameborder=\"0\" allow=\"accelerometer; autoplay; clipboard-write; encrypted-media; gyroscope; picture-in-picture\" allowfullscreen><\/iframe><\/p>\nngg_shortcode_7_placeholder\n<h1>CUENTA-CUENTOS<\/h1>\nngg_shortcode_8_placeholder\n<h1>CONCURSO DE TARJETA DE FELICITACI\u00d3N MATEM\u00c1TICA<\/h1>\n<div id='gallery-1' class='gallery galleryid-729 gallery-columns-3 gallery-size-thumbnail'><figure class='gallery-item'>\n\t\t\t<div class='gallery-icon portrait'>\n\t\t\t\t<a href='https:\/\/blogsaverroes.juntadeandalucia.es\/iesblasinfante\/actividades\/actividades-2018-2019\/rocio-gonzalez-3oa-2o-premio\/'><img loading=\"lazy\" decoding=\"async\" width=\"150\" height=\"150\" src=\"https:\/\/blogsaverroes.juntadeandalucia.es\/iesblasinfante\/files\/2020\/09\/Roc\u00edo-Gonz\u00e1lez-3\u00baA.-2\u00ba-Premio-150x150.jpg\" class=\"attachment-thumbnail size-thumbnail\" alt=\"\" srcset=\"https:\/\/blogsaverroes.juntadeandalucia.es\/iesblasinfante\/files\/2020\/09\/Roc\u00edo-Gonz\u00e1lez-3\u00baA.-2\u00ba-Premio-150x150.jpg 150w, https:\/\/blogsaverroes.juntadeandalucia.es\/iesblasinfante\/files\/2020\/09\/Roc\u00edo-Gonz\u00e1lez-3\u00baA.-2\u00ba-Premio-100x100.jpg 100w, https:\/\/blogsaverroes.juntadeandalucia.es\/iesblasinfante\/files\/2020\/09\/Roc\u00edo-Gonz\u00e1lez-3\u00baA.-2\u00ba-Premio-50x50.jpg 50w\" sizes=\"(max-width: 150px) 100vw, 150px\" \/><\/a>\n\t\t\t<\/div><\/figure><figure class='gallery-item'>\n\t\t\t<div class='gallery-icon portrait'>\n\t\t\t\t<a href='https:\/\/blogsaverroes.juntadeandalucia.es\/iesblasinfante\/actividades\/actividades-2018-2019\/ainhoa-frutos-rodriguez-3o-a-3o-premio\/'><img loading=\"lazy\" decoding=\"async\" width=\"150\" height=\"150\" src=\"https:\/\/blogsaverroes.juntadeandalucia.es\/iesblasinfante\/files\/2020\/09\/Ainhoa-Frutos-Rodr\u00edguez.-3\u00ba-A.-3\u00ba-Premio-150x150.jpg\" class=\"attachment-thumbnail size-thumbnail\" alt=\"\" srcset=\"https:\/\/blogsaverroes.juntadeandalucia.es\/iesblasinfante\/files\/2020\/09\/Ainhoa-Frutos-Rodr\u00edguez.-3\u00ba-A.-3\u00ba-Premio-150x150.jpg 150w, https:\/\/blogsaverroes.juntadeandalucia.es\/iesblasinfante\/files\/2020\/09\/Ainhoa-Frutos-Rodr\u00edguez.-3\u00ba-A.-3\u00ba-Premio-100x100.jpg 100w, https:\/\/blogsaverroes.juntadeandalucia.es\/iesblasinfante\/files\/2020\/09\/Ainhoa-Frutos-Rodr\u00edguez.-3\u00ba-A.-3\u00ba-Premio-50x50.jpg 50w\" sizes=\"(max-width: 150px) 100vw, 150px\" \/><\/a>\n\t\t\t<\/div><\/figure><figure class='gallery-item'>\n\t\t\t<div class='gallery-icon portrait'>\n\t\t\t\t<a href='https:\/\/blogsaverroes.juntadeandalucia.es\/iesblasinfante\/actividades\/actividades-2018-2019\/nuria-rueda-4o-b-1o-premio\/'><img loading=\"lazy\" decoding=\"async\" width=\"150\" height=\"150\" src=\"https:\/\/blogsaverroes.juntadeandalucia.es\/iesblasinfante\/files\/2020\/09\/Nuria-Rueda-4\u00ba-B.-1\u00ba-Premio-150x150.jpg\" class=\"attachment-thumbnail size-thumbnail\" alt=\"\" srcset=\"https:\/\/blogsaverroes.juntadeandalucia.es\/iesblasinfante\/files\/2020\/09\/Nuria-Rueda-4\u00ba-B.-1\u00ba-Premio-150x150.jpg 150w, https:\/\/blogsaverroes.juntadeandalucia.es\/iesblasinfante\/files\/2020\/09\/Nuria-Rueda-4\u00ba-B.-1\u00ba-Premio-100x100.jpg 100w, https:\/\/blogsaverroes.juntadeandalucia.es\/iesblasinfante\/files\/2020\/09\/Nuria-Rueda-4\u00ba-B.-1\u00ba-Premio-50x50.jpg 50w\" sizes=\"(max-width: 150px) 100vw, 150px\" \/><\/a>\n\t\t\t<\/div><\/figure>\n\t\t<\/div>\n\n<h1>CONMEMORACI\u00d3N 25N<\/h1>\n<p>En el siguiente pdf se resumen las actividades realizadas en el IES para la conmemoraci\u00f3n del 25N: <a href=\"http:\/\/iesblasinfante.com\/wp-content\/uploads\/POWER-25-N-2018-compressed.pdf\"><strong>25 N 2018. Pincha aqu\u00ed<\/strong><\/a><\/p>\n<h1>DEPORTE EN LA ESCUELA: EXHIBICI\u00d3N DE ZUMBA:<\/h1>\nngg_shortcode_9_placeholder\n<h1>CHARLA SOBRE LA DONACI\u00d3N DE \u00d3RGANOS:<\/h1>\n<p><img loading=\"lazy\" decoding=\"async\" class=\"alignnone size-medium wp-image-2508 aligncenter\" src=\"https:\/\/blogsaverroes.juntadeandalucia.es\/iesblasinfante\/files\/2020\/09\/Donaci\u00f3n-de-\u00f3rganos-1-300x225.jpg\" alt=\"\" width=\"300\" height=\"225\" srcset=\"https:\/\/blogsaverroes.juntadeandalucia.es\/iesblasinfante\/files\/2020\/09\/Donaci\u00f3n-de-\u00f3rganos-1-300x225.jpg 300w, https:\/\/blogsaverroes.juntadeandalucia.es\/iesblasinfante\/files\/2020\/09\/Donaci\u00f3n-de-\u00f3rganos-1-1024x768.jpg 1024w, https:\/\/blogsaverroes.juntadeandalucia.es\/iesblasinfante\/files\/2020\/09\/Donaci\u00f3n-de-\u00f3rganos-1-768x576.jpg 768w, https:\/\/blogsaverroes.juntadeandalucia.es\/iesblasinfante\/files\/2020\/09\/Donaci\u00f3n-de-\u00f3rganos-1-1536x1152.jpg 1536w, https:\/\/blogsaverroes.juntadeandalucia.es\/iesblasinfante\/files\/2020\/09\/Donaci\u00f3n-de-\u00f3rganos-1-24x18.jpg 24w, https:\/\/blogsaverroes.juntadeandalucia.es\/iesblasinfante\/files\/2020\/09\/Donaci\u00f3n-de-\u00f3rganos-1-36x27.jpg 36w, https:\/\/blogsaverroes.juntadeandalucia.es\/iesblasinfante\/files\/2020\/09\/Donaci\u00f3n-de-\u00f3rganos-1-48x36.jpg 48w, https:\/\/blogsaverroes.juntadeandalucia.es\/iesblasinfante\/files\/2020\/09\/Donaci\u00f3n-de-\u00f3rganos-1.jpg 1600w\" sizes=\"(max-width: 300px) 100vw, 300px\" \/><\/p>\n<h1>3\u00ba ESO PARTICIPA EN LA SEMANA DE LA CIENCIA Y VISITA EL MUSEO DE LA T\u00cdA NORICA<\/h1>\nngg_shortcode_10_placeholder\n<h1>HALLOWEEN EN LA BIBLIOTECA<\/h1>\nngg_shortcode_11_placeholder\n","protected":false},"excerpt":{"rendered":"<p>EXCURSI\u00d3N FINAL DE CURSO ISLA M\u00c1GICA &nbsp; &nbsp; &nbsp; &nbsp; &nbsp; &nbsp; &nbsp; &nbsp; &nbsp; &nbsp; FIESTA FINAL DE CURSO 1\u00ba ESO EN EL TEATRO&hellip;<\/p>\n","protected":false},"author":10359,"featured_media":0,"parent":214,"menu_order":0,"comment_status":"closed","ping_status":"closed","template":"","meta":{"ngg_post_thumbnail":0,"footnotes":""},"aioseo_notices":[],"_links":{"self":[{"href":"https:\/\/blogsaverroes.juntadeandalucia.es\/iesblasinfante\/wp-json\/wp\/v2\/pages\/729"}],"collection":[{"href":"https:\/\/blogsaverroes.juntadeandalucia.es\/iesblasinfante\/wp-json\/wp\/v2\/pages"}],"about":[{"href":"https:\/\/blogsaverroes.juntadeandalucia.es\/iesblasinfante\/wp-json\/wp\/v2\/types\/page"}],"author":[{"embeddable":true,"href":"https:\/\/blogsaverroes.juntadeandalucia.es\/iesblasinfante\/wp-json\/wp\/v2\/users\/10359"}],"replies":[{"embeddable":true,"href":"https:\/\/blogsaverroes.juntadeandalucia.es\/iesblasinfante\/wp-json\/wp\/v2\/comments?post=729"}],"version-history":[{"count":23,"href":"https:\/\/blogsaverroes.juntadeandalucia.es\/iesblasinfante\/wp-json\/wp\/v2\/pages\/729\/revisions"}],"predecessor-version":[{"id":2500,"href":"https:\/\/blogsaverroes.juntadeandalucia.es\/iesblasinfante\/wp-json\/wp\/v2\/pages\/729\/revisions\/2500"}],"up":[{"embeddable":true,"href":"https:\/\/blogsaverroes.juntadeandalucia.es\/iesblasinfante\/wp-json\/wp\/v2\/pages\/214"}],"wp:attachment":[{"href":"https:\/\/blogsaverroes.juntadeandalucia.es\/iesblasinfante\/wp-json\/wp\/v2\/media?parent=729"}],"curies":[{"name":"wp","href":"https:\/\/api.w.org\/{rel}","templated":true}]}}