{"id":1648,"date":"2022-12-11T11:25:15","date_gmt":"2022-12-11T10:25:15","guid":{"rendered":"https:\/\/blogsaverroes.juntadeandalucia.es\/iesboliches\/?page_id=1648"},"modified":"2022-12-11T11:28:07","modified_gmt":"2022-12-11T10:28:07","slug":"convalidacion-modulos-profesionales","status":"publish","type":"page","link":"https:\/\/blogsaverroes.juntadeandalucia.es\/iesboliches\/convalidacion-modulos-profesionales\/","title":{"rendered":"Convalidaci\u00f3n m\u00f3dulos profesionales"},"content":{"rendered":"<p>[et_pb_section fb_built=&#8221;1&#8243; _builder_version=&#8221;4.14.5&#8243; _module_preset=&#8221;default&#8221; global_colors_info=&#8221;{}&#8221;][et_pb_row column_structure=&#8221;3_4,1_4&#8243; _builder_version=&#8221;4.14.5&#8243; _module_preset=&#8221;default&#8221; global_colors_info=&#8221;{}&#8221;][et_pb_column type=&#8221;3_4&#8243; _builder_version=&#8221;4.14.5&#8243; _module_preset=&#8221;default&#8221; global_colors_info=&#8221;{}&#8221;][et_pb_text _builder_version=&#8221;4.14.5&#8243; _module_preset=&#8221;default&#8221; hover_enabled=&#8221;0&#8243; global_colors_info=&#8221;{}&#8221; sticky_enabled=&#8221;0&#8243;]<\/p>\n<h2>Convalidaciones M\u00f3dulos Profesionales<\/h2>\n<div class=\"white-row styleSecondBackground\"><div class='et-box et-warning'>\n\t\t\t\t\t<div class='et-box-content'><strong>NOTA: esta informaci\u00f3n se ofrece con car\u00e1cter ilustrativo y sin responsabilidad legal por posibles errores, para una informaci\u00f3n m\u00e1s segura consulte en la secretar\u00eda del centro o la legislaci\u00f3n vigente.<\/strong><\/div><\/div><\/div>\n<h4>&nbsp;<\/h4>\n<h4>CONVALIDACIONES DE M\u00d3DULOS PROFESIONALES DEL<br \/>T\u00cdTULO DE T\u00c9CNICO EN GESTI\u00d3N ADMINISTRATIVA (T\u00edtulo L.O.E.)<\/h4>\n<p>La <a href=\"http:\/\/iesboliches.org\/principal\/01_centro\/08_secretaria\/archivos\/orden%20de%2021%20de%20febrero%20de%202011%20(tecnico%20en%20gestion%20administrativa).pdf\" target=\"_blank\" rel=\"noopener noreferrer\"><b>ORDEN de 21 de febrero de 2011<\/b><\/a>, por la que se desarrolla el curr\u00edculo correspondiente al t\u00edtulo de T\u00e9cnico en Gesti\u00f3n Administrativa (L.O.E.), de conformidad con el Decreto 436\/2008, de 2 de septiembre. A efectos de matriculaci\u00f3n, ser\u00e1n de aplicaci\u00f3n las convalidaciones recogidas en el <a href=\"http:\/\/iesboliches.org\/principal\/01_centro\/08_secretaria\/archivos\/convalidacion%20de%20gestion%20administrativa%20LOE%20(anexo%20IV).pdf\" target=\"_blank\" rel=\"noopener noreferrer\"><b>Anexo IV<\/b><\/a> del Real Decreto 1631\/2009, de 30 de octubre.<\/p>\n<h4>&nbsp;<\/h4>\n<h4>CONVALIDACIONES DE M\u00d3DULOS PROFESIONALES DEL<br \/>T\u00cdTULO DE T\u00c9CNICO SUPERIOR EN ADMINISTRACI\u00d3N Y FINANZAS (T\u00edtulo L.O.E.)<\/h4>\n<p>La <a href=\"http:\/\/iesboliches.org\/principal\/01_centro\/08_secretaria\/archivos\/BOJA_Orden_AyF_LOE.pdf\" target=\"_blank\" rel=\"noopener noreferrer\"><b>Orden de 11 de marzo de 2013<\/b><\/a>, por la que se desarrolla el curr\u00edculo correspondiente al t\u00edtulo de T\u00e9cnico Superior en Administraci\u00f3n y Finanzas. A efectos de matriculaci\u00f3n, ser\u00e1n de aplicaci\u00f3n las convalidaciones recogidas en el <a href=\"http:\/\/iesboliches.org\/principal\/archivos\/CONVALIDACION_TS_ADMINISTRACION_FINANZAS-1.pdf\" target=\"_blank\" rel=\"noopener noreferrer\"><b>Anexo IV<\/b><\/a> del Real Decreto 1584\/2011, de 4 de noviembre<\/p>\n<p>&nbsp;<\/p>\n<h4>CONVALIDACIONES DE M\u00d3DULOS PROFESIONALES DE CICLOS FORMATIVOS.<br \/>RECONOCIMIENTO POR LA DIRECCI\u00d3N DEL CENTRO<\/h4>\n<p><strong>1\u00ba-<\/strong> <a href=\"http:\/\/iesboliches.org\/principal\/01_centro\/08_secretaria\/archivos\/real%20decreto%20777-1998%20sobre%20formacion%20profesional.pdf\" target=\"_blank\" rel=\"noopener noreferrer\"><b>El Real Decreto 777\/1998, de 30 de abril<\/b><\/a>, por el que se desarrollan determinados aspectos de la ordenaci\u00f3n de la formaci\u00f3n profesional en el \u00e1mbito del sistema educativo, dispone en su art\u00edculo 12 las convalidaciones de m\u00f3dulos profesionales entre ciclos formativos y en su art\u00edculo 17 el procedimiento a seguir.<\/p>\n<p><strong>2\u00ba-<\/strong> <a href=\"http:\/\/iesboliches.org\/principal\/01_centro\/08_secretaria\/archivos\/orden%20ministerial%20de%2020%20de%20diciembre%20de%202001.pdf\" target=\"_blank\" rel=\"noopener noreferrer\"><b>La Orden Ministerial de 20 de diciembre de 2001<\/b><\/a>, por la que se determinan convalidaciones de estudios de Formaci\u00f3n Profesional Espec\u00edficaderivada de la Ley Org\u00e1nica 1\/1990, de 3 de octubre, de Ordenaci\u00f3n General del Sistema Educativo (BOE n\u00ba 8, de 9 de enero de 2002), rectificada por la Orden ECD\/1842\/2002, de 9 de julio (BOE n\u00ba 172, de 19 de julio), desarrolla en estos aspectos al mencionado Real Decreto.<\/p>\n<p><strong>3\u00ba-<\/strong> En el <a href=\"http:\/\/iesboliches.org\/principal\/01_centro\/08_secretaria\/archivos\/anexo%20I%20de%20orden%20ministerial%20de%2020%20de%20diciembre%20de%202001.pdf\" target=\"_blank\" rel=\"noopener noreferrer\"><b>anexo I<\/b><\/a> de la citada Orden de 20 de diciembre de 2001, se relacionan las convalidaciones de aquellos m\u00f3dulos profesionales comunes a varios ciclos formativos con id\u00e9ntica denominaci\u00f3n y duraci\u00f3n, as\u00ed como con las mismas capacidades terminales y criterios de evaluaci\u00f3n <em>(para la aplicaci\u00f3n del art\u00edculo 12.1 del REAL DECRETO 777\/1998 de 30 de abril)<\/em>.<\/p>\n<p><strong>4\u00ba-<\/strong> En su <a href=\"http:\/\/iesboliches.org\/principal\/01_centro\/08_secretaria\/archivos\/anexo%20II%20de%20orden%20ministerial%20de%2020%20de%20diciembre%20de%202001.pdf\" target=\"_blank\" rel=\"noopener noreferrer\"><b>anexo II<\/b><\/a>, se establecen las convalidaciones entre aquellos m\u00f3dulos profesionales que, aunque no poseen id\u00e9nticas denominaciones, tienen similares capacidades terminales y contenidos b\u00e1sicos <em>(para la aplicaci\u00f3n del art\u00edculo 12.2 del REAL DECRETO 777\/1998 de 30 de abril)<\/em>.<\/p>\n<p><strong>5\u00ba-<\/strong> Finalmente, en su <a href=\"http:\/\/iesboliches.org\/principal\/01_centro\/08_secretaria\/archivos\/anexo%20III%20de%20orden%20ministerial%20de%2020%20de%20diciembre%20de%202001.pdf\" target=\"_blank\" rel=\"noopener noreferrer\"><b>anexo III<\/b><\/a>, se recogen las convalidaciones de car\u00e1cter general entre m\u00f3dulos profesionales no incluidas en los anexos I y II.<\/p>\n<p><strong>6\u00ba-<\/strong> Asimismo, ser\u00e1 objeto de convalidaci\u00f3n los m\u00f3dulos profesionales propios de la Comunidad Aut\u00f3noma de Andaluc\u00eda comunes a distintos ciclos formativos con id\u00e9ntica denominaci\u00f3n y duraci\u00f3n, as\u00ed como con las mismas capacidades terminales y criterios de evaluaci\u00f3n. Estas convalidaciones se indican en el <u>anexo I<\/u> de la <a href=\"http:\/\/iesboliches.org\/principal\/archivos\/orden%2016%20de%20diciembre%20de%202002.pdf\" target=\"_blank\" rel=\"noopener noreferrer\"><b>Orden de la Consejer\u00eda de Educaci\u00f3n y Ciencia de 16 de diciembre de 2002<\/b><\/a>, por la que se determinan convalidaciones de estudios de Formaci\u00f3n Profesional Espec\u00edfica (BOJA n\u00ba 11, de 17 de enero de 2003).<\/p>\n<p><strong>7\u00ba-<\/strong> Tambi\u00e9n ser\u00e1 objeto de convalidaci\u00f3n aquellos m\u00f3dulos profesionales propios de la Comunidad Aut\u00f3noma de Andaluc\u00eda que no tengan id\u00e9ntica denominaci\u00f3n pero s\u00ed tengan similares capacidades terminales y contenidos b\u00e1sicos. Estas convalidaciones se recogen en el <u>anexo II<\/u> de la citada <a href=\"http:\/\/iesboliches.org\/principal\/01_centro\/08_secretaria\/archivos\/orden%2016%20de%20diciembre%20de%202002.pdf\" target=\"_blank\" rel=\"noopener noreferrer\"><b>Orden de 16 de diciembre de 2002<\/b><\/a>.<\/p>\n<p><strong>8\u00ba-<\/strong> <strong>SOLICITUDES<\/strong>. En todos los casos anteriores, estas convalidaciones ser\u00e1n reconocidas por la Direcci\u00f3n del Centro docente donde el alumno o alumna se encuentre matriculado o matriculada en el ciclo formativo para el que solicita convalidaci\u00f3n. Estas solicitudes de convalidaci\u00f3n, se realizar\u00e1n mediante escrito dirigido al Director del Centro docente donde el alumno o alumna se encuentre matriculado o matriculada, formalizado en el modelo de instancia establecido a tal efecto en el <a href=\"http:\/\/iesboliches.org\/principal\/01_centro\/08_secretaria\/archivos\/ANEXO%20III%20Solicitud%20de%20Convalidacion%20Ciclos%20Formativos.pdf\" target=\"_blank\" rel=\"noopener noreferrer\"><b>anexo III<\/b><\/a> de la <a href=\"http:\/\/iesboliches.org\/principal\/01_centro\/08_secretaria\/archivos\/orden%2016%20de%20diciembre%20de%202002.pdf\" target=\"_blank\" rel=\"noopener noreferrer\"><b>Orden de la Consejer\u00eda de Educaci\u00f3n y Ciencia de 16 de diciembre de 2002<\/b><\/a>, adjunt\u00e1ndose la justificaci\u00f3n documental que se indica en el citado anexo.<\/p>\n<h4>&nbsp;<\/h4>\n<h4>CONVALIDACIONES DE M\u00d3DULOS PROFESIONALES DE CICLOS FORMATIVOS.<br \/>RECONOCIMIENTO POR LA ADMINISTRACI\u00d3N EDUCATIVA<\/h4>\n<p><strong>1\u00ba-<\/strong> La solicitud de convalidaci\u00f3n entre m\u00f3dulos profesionales que forman parte de las ense\u00f1anzas m\u00ednimas y otros estudios realizados de acuerdo con planes de estudio extinguidos, ense\u00f1anzas de r\u00e9gimen especial, niveles universitarios u otros, se realizar\u00e1 mediante escrito dirigido al Director del Centro docente donde el alumno o alumna se encuentre matriculado o matriculada, formalizado en el modelo de instancia establecido a tal efecto en el <a href=\"http:\/\/iesboliches.org\/principal\/01_centro\/08_secretaria\/archivos\/ANEXO%20IV%20Solicitud%20de%20Convalidacion%20Ciclos%20Formativos%20(MEC).pdf\" target=\"_blank\" rel=\"noopener noreferrer\"><b>anexo IV<\/b><\/a> de la <a href=\"http:\/\/iesboliches.org\/principal\/01_centro\/08_secretaria\/archivos\/orden%20ministerial%20de%2020%20de%20diciembre%20de%202001.pdf\" target=\"_blank\" rel=\"noopener noreferrer\"><b>Orden del Ministerio de Educaci\u00f3n, Cultura y Deporte de 20 de diciembre de 2001<\/b><\/a>, adjuntando justificaci\u00f3n documental de los estudios cursados (original o fotocopia compulsada de certificaci\u00f3n acad\u00e9mica oficial o, en su caso, t\u00edtulo o libro de calificaciones). Estas solicitudes, junto con la justificaci\u00f3n documental, deber\u00e1n ser remitidas por la Direcci\u00f3n del Centro docente a la Direcci\u00f3n General de Educaci\u00f3n, Formaci\u00f3n Profesional e Innovaci\u00f3n Educativa del Ministerio de Educaci\u00f3n, Cultura y Deporte (C\/. Los Madrazo, 15-17. 28071 MADRID) para su resoluci\u00f3n personalizada, de acuerdo con lo establecido en el apartado tercero de la Orden Ministerial citada<\/p>\n<p><strong>2\u00ba-<\/strong> La solicitud de convalidaci\u00f3n entre m\u00f3dulos profesionales propios de la Comunidad Aut\u00f3noma de Andaluc\u00eda (*) y otros estudios realizados de acuerdo con planes de estudio extinguidos, ense\u00f1anzas de r\u00e9gimen especial, niveles universitarios u otros, se realizar\u00e1 mediante escrito dirigido al Director del Centro docente donde el alumno o alumna se encuentre matriculado o matriculada, formalizado en el modelo de instancia establecido a tal efecto en el <a href=\"http:\/\/iesboliches.org\/principal\/01_centro\/08_secretaria\/archivos\/ANEXO%20IV%20Solicitud%20de%20Convalidacion%20Ciclos%20Formativos%20(Junta%20Andalucia).pdf\" target=\"_blank\" rel=\"noopener noreferrer\"><b>anexo IV<\/b><\/a> de la <a href=\"http:\/\/iesboliches.org\/principal\/archivos\/orden%2016%20de%20diciembre%20de%202002.pdf\" target=\"_blank\" rel=\"noopener noreferrer\"><b>Orden de la Consejer\u00eda de Educaci\u00f3n y Ciencia de 16 de diciembre de 2002<\/b><\/a>, adjuntando justificaci\u00f3n documental de los estudios cursados (original o fotocopia compulsada de certificaci\u00f3n acad\u00e9mica oficial o, en su caso, t\u00edtulo o libro de calificaciones). Estas solicitudes, junto con la justificaci\u00f3n documental, se remitir\u00e1n por la Direcci\u00f3n del Centro docente a la Direcci\u00f3n General de Formaci\u00f3n Profesional de la Consejer\u00eda de Educaci\u00f3n y Ciencia de la Junta de Andaluc\u00eda, de acuerdo con lo establecido en el Art\u00edculo 3 de la Orden de 16 de diciembre de 2002.<\/p>\n<p><em>(*) M\u00f3dulos Profesionales PROPIOS DE LA COMUNIDAD AUT\u00d3NOMA DE ANDALUC\u00cdA &#8211; Familia Profesional<\/em><\/p>\n<p><em>&#8211; Proyecto integrado \u2013 Todas<\/em><br \/><em>&#8211; ADMINISTRACI\u00d3N &#8211; Introducci\u00f3n al estudio de los sectores productivos en Andaluc\u00eda<\/em><br \/><em>&#8211; COMERCIO Y MARKETING &#8211; El comercio y el transporte en Andaluc\u00eda<\/em><\/p>\n<h4>&nbsp;<\/h4>\n<h4>M\u00c1S INFORMACI\u00d3N<\/h4>\n<p><a href=\"http:\/\/www.juntadeandalucia.es\/educacion\/nav\/navegacion.jsp?perfil=&amp;delegacion=&amp;lista_canales=743&amp;vismenu=0,0,1,1,1\" target=\"_blank\" rel=\"noopener noreferrer\"><b>Enlaces a m\u00e1s informaci\u00f3n sobre Convalidaciones de M\u00f3dulos Profesionales de la Consejer\u00eda de Educaci\u00f3n de la Junta de Andaluc\u00eda.<\/b><\/a><\/p>\n<p>[\/et_pb_text][\/et_pb_column][et_pb_column type=&#8221;1_4&#8243; _builder_version=&#8221;4.14.5&#8243; _module_preset=&#8221;default&#8221; global_colors_info=&#8221;{}&#8221;][et_pb_sidebar _builder_version=&#8221;4.14.5&#8243; _module_preset=&#8221;default&#8221; global_colors_info=&#8221;{}&#8221;][\/et_pb_sidebar][\/et_pb_column][\/et_pb_row][\/et_pb_section]<\/p>\n","protected":false},"excerpt":{"rendered":"<p>Convalidaciones M\u00f3dulos Profesionales <div class='et-box et-warning'>\n\t\t\t\t\t<div class='et-box-content'>NOTA: esta informaci\u00f3n se ofrece con car\u00e1cter ilustrativo y sin responsabilidad legal por posibles errores, para una informaci\u00f3n m\u00e1s segura consulte en la secretar\u00eda del centro o la legislaci\u00f3n vigente.<\/div><\/div> &nbsp; CONVALIDACIONES DE M\u00d3DULOS PROFESIONALES DELT\u00cdTULO DE T\u00c9CNICO EN GESTI\u00d3N ADMINISTRATIVA (T\u00edtulo L.O.E.) La ORDEN de 21 de febrero de [&hellip;]<\/p>\n","protected":false},"author":5370,"featured_media":0,"parent":0,"menu_order":0,"comment_status":"closed","ping_status":"closed","template":"","meta":{"_et_pb_use_builder":"on","_et_pb_old_content":"","_et_gb_content_width":"","ngg_post_thumbnail":0,"footnotes":""},"aioseo_notices":[],"_links":{"self":[{"href":"https:\/\/blogsaverroes.juntadeandalucia.es\/iesboliches\/wp-json\/wp\/v2\/pages\/1648"}],"collection":[{"href":"https:\/\/blogsaverroes.juntadeandalucia.es\/iesboliches\/wp-json\/wp\/v2\/pages"}],"about":[{"href":"https:\/\/blogsaverroes.juntadeandalucia.es\/iesboliches\/wp-json\/wp\/v2\/types\/page"}],"author":[{"embeddable":true,"href":"https:\/\/blogsaverroes.juntadeandalucia.es\/iesboliches\/wp-json\/wp\/v2\/users\/5370"}],"replies":[{"embeddable":true,"href":"https:\/\/blogsaverroes.juntadeandalucia.es\/iesboliches\/wp-json\/wp\/v2\/comments?post=1648"}],"version-history":[{"count":4,"href":"https:\/\/blogsaverroes.juntadeandalucia.es\/iesboliches\/wp-json\/wp\/v2\/pages\/1648\/revisions"}],"predecessor-version":[{"id":1658,"href":"https:\/\/blogsaverroes.juntadeandalucia.es\/iesboliches\/wp-json\/wp\/v2\/pages\/1648\/revisions\/1658"}],"wp:attachment":[{"href":"https:\/\/blogsaverroes.juntadeandalucia.es\/iesboliches\/wp-json\/wp\/v2\/media?parent=1648"}],"curies":[{"name":"wp","href":"https:\/\/api.w.org\/{rel}","templated":true}]}}