{"id":3976,"date":"2025-11-20T10:29:28","date_gmt":"2025-11-20T09:29:28","guid":{"rendered":"https:\/\/blogsaverroes.juntadeandalucia.es\/iesboliches\/?page_id=3976"},"modified":"2025-11-20T12:53:51","modified_gmt":"2025-11-20T11:53:51","slug":"documentos-de-ies-los-boliches","status":"publish","type":"page","link":"https:\/\/blogsaverroes.juntadeandalucia.es\/iesboliches\/documentos-de-ies-los-boliches\/","title":{"rendered":"Documentos del IES Los Boliches"},"content":{"rendered":"<p>[et_pb_section fb_built=&#8221;1&#8243; admin_label=&#8221;section&#8221; _builder_version=&#8221;4.16&#8243; global_colors_info=&#8221;{}&#8221;][et_pb_row admin_label=&#8221;row&#8221; _builder_version=&#8221;4.16&#8243; background_size=&#8221;initial&#8221; background_position=&#8221;top_left&#8221; background_repeat=&#8221;repeat&#8221; global_colors_info=&#8221;{}&#8221;][et_pb_column type=&#8221;4_4&#8243; _builder_version=&#8221;4.16&#8243; custom_padding=&#8221;|||&#8221; global_colors_info=&#8221;{}&#8221; custom_padding__hover=&#8221;|||&#8221;][et_pb_text _builder_version=&#8221;4.24.2&#8243; _module_preset=&#8221;default&#8221; global_colors_info=&#8221;{}&#8221;]<\/p>\n<h4><strong>En los siguientes enlaces puede acceder a los principales documentos del Centro<\/strong><\/h4>\n<p>[\/et_pb_text][et_pb_accordion disabled_on=&#8221;off|off|off&#8221; _builder_version=&#8221;4.24.2&#8243; _module_preset=&#8221;default&#8221; hover_enabled=&#8221;0&#8243; global_colors_info=&#8221;{}&#8221; sticky_enabled=&#8221;0&#8243;][et_pb_accordion_item title=&#8221;Plan de Centro&#8221; open=&#8221;on&#8221; _builder_version=&#8221;4.24.2&#8243; _module_preset=&#8221;default&#8221; global_colors_info=&#8221;{}&#8221;]<\/p>\n<h5>&nbsp;<\/h5>\n<h5><a href=\"https:\/\/drive.google.com\/drive\/folders\/1r0qIFPXzxG-y_UOxdkS8aPrXLJg0S2va?usp=drive_link\" target=\"_blank\" rel=\"noopener\">Acceso a los documentos&nbsp;<\/a><\/h5>\n<p>Contiene: Proyecto Educativo del Centro, Reglamento de Organizaci\u00f3n y Funcionamiento (ROF), Proyecto de Gesti\u00f3n, &#8230;<\/p>\n<p>[\/et_pb_accordion_item][et_pb_accordion_item title=&#8221;Planes y programas&#8221; _builder_version=&#8221;4.24.2&#8243; _module_preset=&#8221;default&#8221; global_colors_info=&#8221;{}&#8221; open=&#8221;off&#8221;]<\/p>\n<h5>&nbsp;<\/h5>\n<h5><a href=\"https:\/\/drive.google.com\/drive\/folders\/1pLojU9ViNXUTRoct4bRamKtYnx_wNh-p?usp=drive_link\" target=\"_blank\" rel=\"noopener\">Acceso a los documentos<\/a><\/h5>\n<p>Contiene: Plan de actuaci\u00f3n digital (PAD), Plan de actuaci\u00f3n fomento de la lectura (Competencia ling\u00fc\u00edstica), Plan de actuaci\u00f3n fomento razonamiento matem\u00e1tico (Competencia matem\u00e1tica), Plan de mejora del centro, Programas de Refuerzo de los Aprendizajes no adquiridos (Seguimiento de PENDIENTES),&#8230;<\/p>\n<p>[\/et_pb_accordion_item][et_pb_accordion_item title=&#8221;Programaciones&#8221; _builder_version=&#8221;4.24.2&#8243; _module_preset=&#8221;default&#8221; global_colors_info=&#8221;{}&#8221; open=&#8221;off&#8221;]<\/p>\n<h5>&nbsp;<\/h5>\n<h5><a href=\"https:\/\/drive.google.com\/drive\/folders\/1dobsfhK4hmICg9Kx7f2aTioAb5kVPbDT?usp=drive_link\" target=\"_blank\" rel=\"noopener\">Acceso a los documentos<\/a><\/h5>\n<p>Contiene las programaciones did\u00e1cticas organizadas por departamentos.<\/p>\n<p>[\/et_pb_accordion_item][et_pb_accordion_item _builder_version=&#8221;4.24.2&#8243; _module_preset=&#8221;default&#8221; title=&#8221;Plan de Autoprotecci\u00f3n&#8221; hover_enabled=&#8221;0&#8243; sticky_enabled=&#8221;0&#8243;]<\/p>\n<h4>&nbsp;<\/h4>\n<ul class=\"list-icon check color\" style=\"list-style-type: circle\">\n<li><a href=\"https:\/\/drive.google.com\/file\/d\/1BWHLjfkf5TGpAWEABYZtkFBVMVxMoITQ\/view?usp=drive_link\">PAE N.01 Resumen del Plan de Autoproecci\u00f3n<\/a><\/li>\n<li><a href=\"https:\/\/drive.google.com\/file\/d\/1MP-6lxvlQYRKaB9_2vkkBywlcmhXs20I\/view?usp=drive_link\">PAE N.02 Simulacro: Instrucciones para el profesorado<\/a><\/li>\n<li><a href=\"https:\/\/drive.google.com\/file\/d\/1yOW9kf8n1FufWJ2-aV8O6EC5RCBJwbAA\/view?usp=drive_link\">PAE N.03 Simulacro: Instrucciones para el alumnado<\/a><\/li>\n<li><a href=\"https:\/\/drive.google.com\/file\/d\/10AnElUrA5YXeiLu6One7zNlfcES2Zxkn\/view?usp=drive_link\">PAE N.04 Simulacro: Instrucciones para el alumnado &#8211; Infograf\u00eda<\/a><\/li>\n<li><a href=\"https:\/\/drive.google.com\/file\/d\/1DoBSfkcYcqG3P8imQlz48mNRBadfp5ih\/view?usp=drive_link\">PAE N.05 Equipo de evacuaci\u00f3n de aula<\/a><\/li>\n<li><a href=\"https:\/\/drive.google.com\/file\/d\/1aEbSUqwTzvq_eAWpZZ2EfJ3_mweaLGQk\/view?usp=drive_link\">PAE N.06 Protocolo ola de calor<\/a><\/li>\n<li><a href=\"https:\/\/drive.google.com\/file\/d\/1JRByfaJOAqWgVWc8HNVkvahO1Hc89a1V\/view?usp=drive_link\">PAE N.07 Puertas y orden de salidar<\/a><\/li>\n<li><a href=\"http:\/\/iesboliches.org\/principal\/02_documentos\/Plan_de_evacuacion\/EvacuacionGeneral.pdf\" target=\"_blank\" rel=\"noopener noreferrer\">Plano de Evacuaci\u00f3n General del Centro<\/a><\/li>\n<li><a href=\"http:\/\/iesboliches.org\/principal\/02_documentos\/Plan_de_evacuacion\/planta_baja.pdf\" target=\"_blank\" rel=\"noopener noreferrer\">Plano de Evacuaci\u00f3n: Planta Baja<\/a><\/li>\n<li><a href=\"http:\/\/iesboliches.org\/principal\/02_documentos\/Plan_de_evacuacion\/EvacuacioPlantaPrimera.pdf\" target=\"_blank\" rel=\"noopener noreferrer\">Plano de Evacuaci\u00f3n: Planta Primera<\/a><\/li>\n<li><a href=\"http:\/\/iesboliches.org\/principal\/02_documentos\/Plan_de_evacuacion\/EvacuacionPlantaSegunda.pdf\" target=\"_blank\" rel=\"noopener noreferrer\">Plano de Evacuaci\u00f3n: Planta Segunda<\/a><\/li>\n<\/ul>\n<p>[\/et_pb_accordion_item][\/et_pb_accordion][\/et_pb_column][\/et_pb_row][\/et_pb_section]<\/p>\n","protected":false},"excerpt":{"rendered":"<p>En los siguientes enlaces puede acceder a los principales documentos del Centro&nbsp; Acceso a los documentos&nbsp; Contiene: Proyecto Educativo del Centro, Reglamento de Organizaci\u00f3n y Funcionamiento (ROF), Proyecto de Gesti\u00f3n, &#8230;&nbsp; Acceso a los documentos Contiene: Plan de actuaci\u00f3n digital (PAD), Plan de actuaci\u00f3n fomento de la lectura (Competencia ling\u00fc\u00edstica), Plan de actuaci\u00f3n fomento razonamiento [&hellip;]<\/p>\n","protected":false},"author":5370,"featured_media":0,"parent":0,"menu_order":0,"comment_status":"closed","ping_status":"closed","template":"","meta":{"_et_pb_use_builder":"on","_et_pb_old_content":"<p>En los siguientes enlaces puede acceder a los principales documentos del Centro<\/p><h5><a href=\"https:\/\/drive.google.com\/drive\/folders\/1r0qIFPXzxG-y_UOxdkS8aPrXLJg0S2va?usp=drive_link\" target=\"_blank\" rel=\"noopener\">Plan de Centro<\/a><\/h5><p>Contiene: Proyecto Educativo del Centro, Reglamento de Organizaci\u00f3n y Funcionamiento (ROF), Proyecto de Gesti\u00f3n, ...<\/p><h5><a href=\"https:\/\/drive.google.com\/drive\/folders\/1pLojU9ViNXUTRoct4bRamKtYnx_wNh-p?usp=drive_link\" target=\"_blank\" rel=\"noopener\">Planes y programas<\/a><\/h5><p>Contiene: Plan de actuaci\u00f3n digital (PAD), Plan de actuaci\u00f3n fomento de la lectura (Competencia ling\u00fc\u00edstica), Plan de actuaci\u00f3n fomento razonamiento matem\u00e1tico (Competencia matem\u00e1tica), Plan de mejora del centro, Programas de Refuerzo de los Aprendizajes no adquiridos (Seguimiento de PENDIENTES),...<\/p><h5><a href=\"https:\/\/drive.google.com\/drive\/folders\/1dobsfhK4hmICg9Kx7f2aTioAb5kVPbDT?usp=drive_link\" target=\"_blank\" rel=\"noopener\">Programaciones<\/a><\/h5><p>Contiene las programaciones did\u00e1cticas organizadas por departamentos.<\/p>","_et_gb_content_width":"","ngg_post_thumbnail":0,"footnotes":""},"aioseo_notices":[],"_links":{"self":[{"href":"https:\/\/blogsaverroes.juntadeandalucia.es\/iesboliches\/wp-json\/wp\/v2\/pages\/3976"}],"collection":[{"href":"https:\/\/blogsaverroes.juntadeandalucia.es\/iesboliches\/wp-json\/wp\/v2\/pages"}],"about":[{"href":"https:\/\/blogsaverroes.juntadeandalucia.es\/iesboliches\/wp-json\/wp\/v2\/types\/page"}],"author":[{"embeddable":true,"href":"https:\/\/blogsaverroes.juntadeandalucia.es\/iesboliches\/wp-json\/wp\/v2\/users\/5370"}],"replies":[{"embeddable":true,"href":"https:\/\/blogsaverroes.juntadeandalucia.es\/iesboliches\/wp-json\/wp\/v2\/comments?post=3976"}],"version-history":[{"count":9,"href":"https:\/\/blogsaverroes.juntadeandalucia.es\/iesboliches\/wp-json\/wp\/v2\/pages\/3976\/revisions"}],"predecessor-version":[{"id":3997,"href":"https:\/\/blogsaverroes.juntadeandalucia.es\/iesboliches\/wp-json\/wp\/v2\/pages\/3976\/revisions\/3997"}],"wp:attachment":[{"href":"https:\/\/blogsaverroes.juntadeandalucia.es\/iesboliches\/wp-json\/wp\/v2\/media?parent=3976"}],"curies":[{"name":"wp","href":"https:\/\/api.w.org\/{rel}","templated":true}]}}