{"id":1806,"date":"2015-03-17T07:46:28","date_gmt":"2015-03-17T06:46:28","guid":{"rendered":"http:\/\/blogsaverroes.juntadeandalucia.es\/pre\/ceip\/?page_id=144"},"modified":"2025-12-19T09:51:08","modified_gmt":"2025-12-19T08:51:08","slug":"orientacion-2","status":"publish","type":"page","link":"https:\/\/blogsaverroes.juntadeandalucia.es\/iesbulyana\/?page_id=1806","title":{"rendered":"Orientaci\u00f3n"},"content":{"rendered":"<p><span style=\"color: #ff0000\"><span style=\"font-family: Palatino Linotype, serif\"><span style=\"font-size: large\"><b>\u00bfQui\u00e9nes somos?<\/b><\/span><\/span><\/span><\/p>\n<p align=\"justify\"><span style=\"color: #333333\"><span style=\"font-family: Times New Roman, serif\"><span style=\"font-size: large\">Somos el <\/span><\/span><\/span><span style=\"color: #333333\"><span style=\"font-family: Times New Roman, serif\"><span style=\"font-size: large\"><b>Departamento de Orientaci\u00f3n del IES \u201cBulyana\u201d de Pulianas (Granada)<\/b><\/span><\/span><\/span><span style=\"color: #333333\"><span style=\"font-family: Times New Roman, serif\"><span style=\"font-size: large\">. Nuestro departamento contribuye a la&nbsp;<\/span><\/span><\/span><span style=\"color: #333333\"><span style=\"font-family: Times New Roman, serif\"><span style=\"font-size: large\"><b>mejora de la calidad de la ense\u00f1anza<\/b><\/span><\/span><\/span><span style=\"color: #333333\"><span style=\"font-family: Times New Roman, serif\"><span style=\"font-size: large\">&nbsp;como se menciona en el Art. 55 de la LOGSE.<\/span><\/span><\/span><\/p>\n<p align=\"justify\"><span style=\"color: #ff0000\"><span style=\"font-family: Palatino Linotype, serif\"><span style=\"font-size: large\"><b>\u00bfQu\u00e9 hacemos?<\/b><\/span><\/span><\/span><\/p>\n<p align=\"justify\"><span style=\"color: #333333\"><span style=\"font-family: Times New Roman, serif\"><span style=\"font-size: large\">Nos encargamos de organizar y de <\/span><\/span><\/span><span style=\"color: #333333\"><span style=\"font-family: Times New Roman, serif\"><span style=\"font-size: large\"><b>atender la diversidad, la acci\u00f3n tutorial y la orientaci\u00f3n acad\u00e9mica y profesional del instituto<\/b><\/span><\/span><\/span><span style=\"color: #333333\"><span style=\"font-family: Times New Roman, serif\"><span style=\"font-size: large\">.<\/span><\/span><\/span><\/p>\n<p align=\"justify\"><span style=\"color: #ff0000\"><span style=\"font-family: Palatino Linotype, serif\"><span style=\"font-size: large\"><b>\u00bfQu\u00e9 es la atenci\u00f3n a la diversidad?<\/b><\/span><\/span><\/span><span style=\"color: #ff0000\"><span style=\"font-family: Times New Roman, serif\"><span style=\"font-size: small\"><b>&nbsp;<\/b><\/span><\/span><\/span><\/p>\n<p align=\"justify\"><span style=\"color: #333333\"><span style=\"font-family: Times New Roman, serif\"><span style=\"font-size: large\">No hay ninguna persona igual a otra, todos somos diferentes, pero tenemos que ense\u00f1ar y dar a todos lo mismo, atender sus diferencias, y a esto se le llama&nbsp;<\/span><\/span><\/span><span style=\"color: #333333\"><span style=\"font-family: Times New Roman, serif\"><span style=\"font-size: large\">diversidad<\/span><\/span><\/span><span style=\"color: #333333\"><span style=\"font-family: Times New Roman, serif\"><span style=\"font-size: large\">.&nbsp;Si miras tu mano ver\u00e1s 5 dedos diferentes:&nbsp;\u00ab<\/span><\/span><\/span><span style=\"color: #333333\"><span style=\"font-family: Times New Roman, serif\"><span style=\"font-size: large\"><b>todos los dedos de la mano son diferentes pero no puedes pasar sin ninguno de ellos<\/b><\/span><\/span><\/span><span style=\"color: #333333\"><span style=\"font-family: Times New Roman, serif\"><span style=\"font-size: large\"><b>\u00bb&nbsp;y eso es la diversidad.<\/b><\/span><\/span><\/span><\/p>\n<p align=\"justify\"><span style=\"color: #ff0000\">&nbsp;<\/span><span style=\"color: #ff0000\"><span style=\"font-family: Palatino Linotype, serif\"><span style=\"font-size: large\"><b>\u00bfQu\u00e9 es la acci\u00f3n tutorial?<\/b><\/span><\/span><\/span><\/p>\n<p align=\"justify\"><span style=\"color: #333333\"><span style=\"font-family: Times New Roman, serif\"><span style=\"font-size: large\">La tutor\u00eda y la orientaci\u00f3n tienen como<\/span><\/span><\/span><span style=\"color: #333333\"><span style=\"font-family: Times New Roman, serif\"><span style=\"font-size: large\"><b>&nbsp;fines fundamentales<\/b><\/span><\/span><\/span><span style=\"color: #333333\"><span style=\"font-family: Times New Roman, serif\"><span style=\"font-size: large\">:<\/span><\/span><\/span><\/p>\n<ol>\n<li>\n<p align=\"justify\"><span style=\"color: #333333\"><span style=\"font-family: Times New Roman, serif\"><span style=\"font-size: large\"><b>Acompa\u00f1ar<\/b><\/span><\/span><\/span><span style=\"color: #333333\"><span style=\"font-family: Times New Roman, serif\"><span style=\"font-size: large\"> al alumnado y a sus padres en su paso por el IES.<\/span><\/span><\/span><\/p>\n<\/li>\n<li>\n<p align=\"justify\"><span style=\"color: #333333\"><span style=\"font-family: Times New Roman, serif\"><span style=\"font-size: large\">Favorecer la <\/span><\/span><\/span><span style=\"color: #333333\"><span style=\"font-family: Times New Roman, serif\"><span style=\"font-size: large\"><b>educaci\u00f3n integral<\/b><\/span><\/span><\/span><span style=\"color: #333333\"><span style=\"font-family: Times New Roman, serif\"><span style=\"font-size: large\"> del alumno\/alumna como persona.<\/span><\/span><\/span><\/p>\n<\/li>\n<li>\n<p align=\"justify\"><span style=\"color: #333333\"><span style=\"font-family: Times New Roman, serif\"><span style=\"font-size: large\">Potenciar una <\/span><\/span><\/span><span style=\"color: #333333\"><span style=\"font-family: Times New Roman, serif\"><span style=\"font-size: large\"><b>educaci\u00f3n<\/b><\/span><\/span><\/span><span style=\"color: #333333\"><span style=\"font-family: Times New Roman, serif\"><span style=\"font-size: large\"> lo m\u00e1s <\/span><\/span><\/span><span style=\"color: #333333\"><span style=\"font-family: Times New Roman, serif\"><span style=\"font-size: large\"><b>personalizada<\/b><\/span><\/span><\/span><span style=\"color: #333333\"><span style=\"font-family: Times New Roman, serif\"><span style=\"font-size: large\"> posible y que tenga en cuenta las necesidades de cada alumno.<\/span><\/span><\/span><\/p>\n<\/li>\n<li>\n<p align=\"justify\"><span style=\"color: #333333\"><span style=\"font-family: Times New Roman, serif\"><span style=\"font-size: large\"><b>Mantener la cooperaci\u00f3n educativa con las familias<\/b><\/span><\/span><\/span><span style=\"color: #333333\"><span style=\"font-family: Times New Roman, serif\"><span style=\"font-size: large\">: la acci\u00f3n tutorial es una tarea colaborativa que, coordinada por el Tutor\/Tutora y asesorada por la orientadora del instituto, compete a la Jefatura de Estudios y al conjunto de todos los profesores, en colaboraci\u00f3n con los padres, ayuda a la educaci\u00f3n del alumnado ya que <\/span><\/span><\/span><span style=\"color: #333333\"><span style=\"font-family: Times New Roman, serif\"><span style=\"font-size: large\"><i>\u201csi todos colaboramos y nos ayudamos, educar es m\u00e1s f\u00e1cil\u201d.<\/i><\/span><\/span><\/span><\/p>\n<\/li>\n<\/ol>\n<p align=\"justify\"><span style=\"color: #ff0000\"><span style=\"font-family: Palatino Linotype, serif\"><span style=\"font-size: large\"><b>\u00bfQu\u00e9 es la orientaci\u00f3n acad\u00e9mica y profesional?<\/b><\/span><\/span><\/span><\/p>\n<p align=\"justify\"><span style=\"color: #333333\"><span style=\"font-family: Times New Roman, serif\"><span style=\"font-size: large\">La orientaci\u00f3n acad\u00e9mica y profesional que desarrollamos en nuestro instituto pretende facilitar la<\/span><\/span><\/span><span style=\"color: #333333\"><span style=\"font-family: Times New Roman, serif\"><span style=\"font-size: large\"><b>&nbsp;toma de decisiones&nbsp;<\/b><\/span><\/span><\/span><span style=\"color: #333333\"><span style=\"font-family: Times New Roman, serif\"><span style=\"font-size: large\">de cada alumna y alumno respecto al &nbsp;<\/span><\/span><\/span><span style=\"color: #333333\"><span style=\"font-family: Times New Roman, serif\"><span style=\"font-size: large\"><b>itinerario acad\u00e9mico y profesional que le interese sin que el g\u00e9nero sea un obst\u00e1culo<\/b><\/span><\/span><\/span><span style=\"color: #333333\"><span style=\"font-family: Times New Roman, serif\"><span style=\"font-size: large\">. Para ello se analizan todos los caminos a seguir con y sin el t\u00edtulo con vistas a opciones posteriores, de acuerdo con sus necesidades, intereses y capacidades. La orientaci\u00f3n que realizamos es progresiva y continua, y est\u00e1 dirigida al alumnado, a sus familias, al profesorado, etc, en definitiva, a toda la comunidad educativa que nos rodea.<\/span><\/span><\/span><\/p>\n<p align=\"justify\"><span style=\"color: #ff0000\">&nbsp;<\/span><span style=\"color: #ff0000\"><span style=\"font-family: Palatino Linotype, serif\"><span style=\"font-size: large\"><b>\u00bfC\u00f3mo hacemos lo anterior en el IES?<\/b><\/span><\/span><\/span><\/p>\n<p align=\"justify\"><span style=\"color: #333333\"><span style=\"font-family: Times New Roman, serif\"><span style=\"font-size: large\">Educando en la diferencia y para la diferencia. Facilitando la integraci\u00f3n y normalizaci\u00f3n de todo el alumnado. Compensando las desigualdades personales y\/o sociales a trav\u00e9s de programas espec\u00edficos. Poniendo en marcha lo siguiente:<\/span><\/span><\/span><\/p>\n<ul>\n<li>\n<p align=\"justify\"><span style=\"color: #333333\"><span style=\"font-family: Times New Roman, serif\"><span style=\"font-size: large\">La optatividad en la ESO.<\/span><\/span><\/span><\/p>\n<\/li>\n<li>\n<p align=\"justify\"><span style=\"color: #333333\"><span style=\"font-family: Times New Roman, serif\"><span style=\"font-size: large\">Agrupamientos flexibles.<\/span><\/span><\/span><\/p>\n<\/li>\n<li>\n<p align=\"justify\"><span style=\"color: #333333\"><span style=\"font-family: Times New Roman, serif\"><span style=\"font-size: large\">Refuerzos educativos.<\/span><\/span><\/span><\/p>\n<\/li>\n<li>\n<p align=\"justify\"><span style=\"color: #333333\"><span style=\"font-family: Times New Roman, serif\"><span style=\"font-size: large\">Aula de Apoyo (AA).<\/span><\/span><\/span><\/p>\n<\/li>\n<li>\n<p align=\"justify\"><span style=\"color: #333333\"><span style=\"font-family: Times New Roman, serif\"><span style=\"font-size: large\">Adaptaciones Curriculares Individuales (ACI).<\/span><\/span><\/span><\/p>\n<\/li>\n<li>\n<p align=\"justify\"><span style=\"color: #333333\"><span style=\"font-family: Times New Roman, serif\"><span style=\"font-size: large\">Programa de transici\u00f3n de una etapa a otra.<\/span><\/span><\/span><\/p>\n<\/li>\n<li>\n<p align=\"justify\"><span style=\"color: #333333\"><span style=\"font-family: Times New Roman, serif\"><span style=\"font-size: large\">Programa de Mejora del Aprendizaje y el Rendimiento (PMAR).<\/span><\/span><\/span><\/p>\n<\/li>\n<li>\n<p align=\"justify\"><span style=\"color: #333333\"><span style=\"font-family: Times New Roman, serif\"><span style=\"font-size: large\">Programa de Absentismo escolar.<\/span><\/span><\/span><\/p>\n<\/li>\n<li>\n<p align=\"justify\"><span style=\"color: #333333\"><span style=\"font-family: Times New Roman, serif\"><span style=\"font-size: large\">Programa PARCES de apoyo escolar por las tardes.<\/span><\/span><\/span><\/p>\n<\/li>\n<li>\n<p align=\"justify\"><span style=\"color: #333333\"><span style=\"font-family: Times New Roman, serif\"><span style=\"font-size: large\">Programa de Salud \u201cForma Joven\u201d en colaboraci\u00f3n con el SAS.<\/span><\/span><\/span><\/p>\n<\/li>\n<li>\n<p align=\"justify\"><span style=\"color: #333333\"><span style=\"font-family: Times New Roman, serif\"><span style=\"font-size: large\">Programa \u201cCantera\u201d en colaboraci\u00f3n con la Diputaci\u00f3n de Granada, Delegaci\u00f3n de Educaci\u00f3n y Ayuntamiento de Pulianas.<\/span><\/span><\/span><\/p>\n<\/li>\n<li>\n<p align=\"justify\"><span style=\"color: #333333\"><span style=\"font-family: Times New Roman, serif\"><span style=\"font-size: large\">Programa Profundiza.<\/span><\/span><\/span><\/p>\n<\/li>\n<\/ul>\n<p align=\"justify\"><span style=\"font-family: Times New Roman, serif\"><span style=\"font-size: large\"><b>Para facilitar la comunicaci\u00f3n entre todos, el IES posee <\/b><\/span><\/span><span style=\"font-family: Times New Roman, serif\"><span style=\"font-size: large\"><u><b>horas de tutor\u00eda<\/b><\/u><\/span><\/span><span style=\"font-family: Times New Roman, serif\"><span style=\"font-size: large\"><b> para que padres\/madres puedan hablar con los tutores y\/o profesorado, y tambi\u00e9n para que el profesorado se comunique con los padres<\/b><\/span><\/span><span style=\"font-family: Times New Roman, serif\"><span style=\"font-size: large\">. Estas tutor\u00edas <\/span><\/span><span style=\"font-family: Times New Roman, serif\"><span style=\"font-size: large\"><u><b>se pueden solicitar<\/b><\/u><\/span><\/span><span style=\"font-family: Times New Roman, serif\"><span style=\"font-size: large\"><b> de diferentes formas<\/b><\/span><\/span><span style=\"font-family: Times New Roman, serif\"><span style=\"font-size: large\">: <\/span><\/span><\/p>\n<p align=\"justify\"><span style=\"font-size: large\"><span style=\"font-family: Times New Roman, serif\">1<\/span><\/span> <span style=\"font-family: Times New Roman, serif\"><span style=\"font-size: large\"><u><b>Agenda Escolar del IES<\/b><\/u><\/span><\/span><span style=\"font-family: Times New Roman, serif\"><span style=\"font-size: large\">: solicitud por escrito en la agenda escolar una cita con el tutor\/a o el tutor\/a solicita entrevista con la familia.<\/span><\/span><\/p>\n<p align=\"justify\"><span style=\"font-size: large\"><span style=\"font-family: Times New Roman, serif\">2<\/span><\/span> <span style=\"font-family: Times New Roman, serif\"><span style=\"font-size: large\"><u><b>iPasen<\/b><\/u><\/span><\/span><span style=\"font-family: Times New Roman, serif\"><span style=\"font-size: large\">: solicitud informatizada mediante la <\/span><\/span><span style=\"font-family: Times New Roman, serif\"><span style=\"font-size: large\"><b>App<\/b><\/span><\/span><span style=\"font-family: Times New Roman, serif\"><span style=\"font-size: large\"> de la Junta de Andaluc\u00eda. <\/span><\/span><\/p>\n<p align=\"justify\"><span style=\"font-size: large\"><span style=\"font-family: Times New Roman, serif\">3<\/span><\/span> <span style=\"font-family: Times New Roman, serif\"><span style=\"font-size: large\"><u><b>Comunicaci\u00f3n verbal<\/b><\/u><\/span><\/span><span style=\"font-family: Times New Roman, serif\"><span style=\"font-size: large\"> del alumno o padres, al tutor\/a, o al rev\u00e9s.<\/span><\/span><\/p>\n<p align=\"justify\"><span style=\"font-size: large\"><span style=\"font-family: Times New Roman, serif\">4<\/span><\/span> <span style=\"font-family: Times New Roman, serif\"><span style=\"font-size: large\"><u><b>Tel\u00e9fono<\/b><\/u><\/span><\/span><span style=\"font-family: Times New Roman, serif\"><span style=\"font-size: large\">: llamando por tel\u00e9fono al <\/span><\/span><span style=\"font-family: Times New Roman, serif\"><span style=\"font-size: large\"><b>958-894699 <\/b><\/span><\/span><span style=\"font-family: Times New Roman, serif\"><span style=\"font-size: large\">del instituto o mediante llamada del tutor\/a o profesorado, a los padres.<\/span><\/span><\/p>\n<p><strong>Miembros de nuestro departamento:<\/strong><\/p>\n<ul>\n<li>Galindo Hernandez, Agust\u00edn. Jefe de Departamento.<\/li>\n<li>G\u00f3mez Lopera, Marian. Orientadora.<\/li>\n<li>Guerrero Ruiz, Adolfo. ZTS.<\/li>\n<li>L\u00f3pez Mu\u00f1oz, Manuel.&nbsp;<\/li>\n<\/ul>\n","protected":false},"excerpt":{"rendered":"<p>\u00bfQui\u00e9nes somos? Somos el Departamento de Orientaci\u00f3n del IES \u201cBulyana\u201d de Pulianas (Granada). Nuestro departamento contribuye a la&nbsp;mejora de la calidad de la ense\u00f1anza&nbsp;como se menciona en el Art. 55 de la LOGSE. \u00bfQu\u00e9 hacemos? Nos encargamos de organizar y de atender la diversidad, la acci\u00f3n tutorial y la orientaci\u00f3n acad\u00e9mica y profesional del instituto. &hellip; <\/p>\n<p><a class=\"more-link btn\" href=\"https:\/\/blogsaverroes.juntadeandalucia.es\/iesbulyana\/?page_id=1806\">Seguir leyendo<\/a><\/p>\n","protected":false},"author":1,"featured_media":0,"parent":0,"menu_order":9,"comment_status":"open","ping_status":"closed","template":"","meta":{"_exactmetrics_skip_tracking":false,"_exactmetrics_sitenote_active":false,"_exactmetrics_sitenote_note":"","_exactmetrics_sitenote_category":0,"ngg_post_thumbnail":0,"footnotes":"","_mc_calendar":[]},"aioseo_notices":[],"_links":{"self":[{"href":"https:\/\/blogsaverroes.juntadeandalucia.es\/iesbulyana\/index.php?rest_route=\/wp\/v2\/pages\/1806"}],"collection":[{"href":"https:\/\/blogsaverroes.juntadeandalucia.es\/iesbulyana\/index.php?rest_route=\/wp\/v2\/pages"}],"about":[{"href":"https:\/\/blogsaverroes.juntadeandalucia.es\/iesbulyana\/index.php?rest_route=\/wp\/v2\/types\/page"}],"author":[{"embeddable":true,"href":"https:\/\/blogsaverroes.juntadeandalucia.es\/iesbulyana\/index.php?rest_route=\/wp\/v2\/users\/1"}],"replies":[{"embeddable":true,"href":"https:\/\/blogsaverroes.juntadeandalucia.es\/iesbulyana\/index.php?rest_route=%2Fwp%2Fv2%2Fcomments&post=1806"}],"version-history":[{"count":9,"href":"https:\/\/blogsaverroes.juntadeandalucia.es\/iesbulyana\/index.php?rest_route=\/wp\/v2\/pages\/1806\/revisions"}],"predecessor-version":[{"id":7840,"href":"https:\/\/blogsaverroes.juntadeandalucia.es\/iesbulyana\/index.php?rest_route=\/wp\/v2\/pages\/1806\/revisions\/7840"}],"wp:attachment":[{"href":"https:\/\/blogsaverroes.juntadeandalucia.es\/iesbulyana\/index.php?rest_route=%2Fwp%2Fv2%2Fmedia&parent=1806"}],"curies":[{"name":"wp","href":"https:\/\/api.w.org\/{rel}","templated":true}]}}