{"id":9235,"date":"2023-01-25T19:46:19","date_gmt":"2023-01-25T19:46:19","guid":{"rendered":"https:\/\/blogsaverroes.juntadeandalucia.es\/iesburguillos\/?page_id=9235"},"modified":"2023-01-31T23:33:47","modified_gmt":"2023-01-31T23:33:47","slug":"concurso-marcapaginas","status":"publish","type":"page","link":"https:\/\/blogsaverroes.juntadeandalucia.es\/iesburguillos\/concurso-marcapaginas\/","title":{"rendered":"Concurso marcap\u00e1ginas"},"content":{"rendered":"<p><strong>Concurso de&nbsp; marcap\u00e1ginas<\/strong><\/p>\n<p>Con motivo de la celebraci\u00f3n del D\u00eda de la Paz y la No Violencia, nuestros alumnos de la ESO han participado en un concurso de marcap\u00e1ginas organizado por el Proyecto de Biblioteca.<\/p>\n<p><a href=\"https:\/\/blogsaverroes.juntadeandalucia.es\/iesburguillos\/files\/2023\/01\/IMG-20230125-WA0007-1.jpg\"><img fetchpriority=\"high\" decoding=\"async\" class=\"aligncenter size-full wp-image-9240\" src=\"https:\/\/blogsaverroes.juntadeandalucia.es\/iesburguillos\/files\/2023\/01\/IMG-20230125-WA0007-1.jpg\" alt=\"\" width=\"684\" height=\"912\" srcset=\"https:\/\/blogsaverroes.juntadeandalucia.es\/iesburguillos\/files\/2023\/01\/IMG-20230125-WA0007-1.jpg 684w, https:\/\/blogsaverroes.juntadeandalucia.es\/iesburguillos\/files\/2023\/01\/IMG-20230125-WA0007-1-225x300.jpg 225w\" sizes=\"(max-width: 684px) 100vw, 684px\" \/><\/a> <a href=\"https:\/\/blogsaverroes.juntadeandalucia.es\/iesburguillos\/files\/2023\/01\/IMG-20230125-WA0009-1.jpg\"><img decoding=\"async\" class=\"aligncenter size-large wp-image-9241\" src=\"https:\/\/blogsaverroes.juntadeandalucia.es\/iesburguillos\/files\/2023\/01\/IMG-20230125-WA0009-1.jpg\" alt=\"\" width=\"514\" height=\"912\" srcset=\"https:\/\/blogsaverroes.juntadeandalucia.es\/iesburguillos\/files\/2023\/01\/IMG-20230125-WA0009-1.jpg 514w, https:\/\/blogsaverroes.juntadeandalucia.es\/iesburguillos\/files\/2023\/01\/IMG-20230125-WA0009-1-169x300.jpg 169w\" sizes=\"(max-width: 514px) 100vw, 514px\" \/><\/a> <a href=\"https:\/\/blogsaverroes.juntadeandalucia.es\/iesburguillos\/files\/2023\/01\/IMG-20230125-WA0008.jpg\"><img decoding=\"async\" class=\"aligncenter size-large wp-image-9242\" src=\"https:\/\/blogsaverroes.juntadeandalucia.es\/iesburguillos\/files\/2023\/01\/IMG-20230125-WA0008.jpg\" alt=\"\" width=\"684\" height=\"912\" srcset=\"https:\/\/blogsaverroes.juntadeandalucia.es\/iesburguillos\/files\/2023\/01\/IMG-20230125-WA0008.jpg 684w, https:\/\/blogsaverroes.juntadeandalucia.es\/iesburguillos\/files\/2023\/01\/IMG-20230125-WA0008-225x300.jpg 225w\" sizes=\"(max-width: 684px) 100vw, 684px\" \/><\/a> <a href=\"https:\/\/blogsaverroes.juntadeandalucia.es\/iesburguillos\/files\/2023\/01\/IMG-20230125-WA0006.jpg\"><img loading=\"lazy\" decoding=\"async\" class=\"aligncenter size-large wp-image-9243\" src=\"https:\/\/blogsaverroes.juntadeandalucia.es\/iesburguillos\/files\/2023\/01\/IMG-20230125-WA0006-577x1024.jpg\" alt=\"\" width=\"577\" height=\"1024\" srcset=\"https:\/\/blogsaverroes.juntadeandalucia.es\/iesburguillos\/files\/2023\/01\/IMG-20230125-WA0006-577x1024.jpg 577w, https:\/\/blogsaverroes.juntadeandalucia.es\/iesburguillos\/files\/2023\/01\/IMG-20230125-WA0006-169x300.jpg 169w, https:\/\/blogsaverroes.juntadeandalucia.es\/iesburguillos\/files\/2023\/01\/IMG-20230125-WA0006-768x1364.jpg 768w, https:\/\/blogsaverroes.juntadeandalucia.es\/iesburguillos\/files\/2023\/01\/IMG-20230125-WA0006-865x1536.jpg 865w, https:\/\/blogsaverroes.juntadeandalucia.es\/iesburguillos\/files\/2023\/01\/IMG-20230125-WA0006.jpg 901w\" sizes=\"(max-width: 577px) 100vw, 577px\" \/><\/a><\/p>\n<p><a href=\"https:\/\/blogsaverroes.juntadeandalucia.es\/iesburguillos\/files\/2023\/01\/IMG-20230125-WA0005-1.jpg\"><img loading=\"lazy\" decoding=\"async\" class=\"aligncenter size-large wp-image-9275\" src=\"https:\/\/blogsaverroes.juntadeandalucia.es\/iesburguillos\/files\/2023\/01\/IMG-20230125-WA0005-1-577x1024.jpg\" alt=\"\" width=\"577\" height=\"1024\" srcset=\"https:\/\/blogsaverroes.juntadeandalucia.es\/iesburguillos\/files\/2023\/01\/IMG-20230125-WA0005-1-577x1024.jpg 577w, https:\/\/blogsaverroes.juntadeandalucia.es\/iesburguillos\/files\/2023\/01\/IMG-20230125-WA0005-1-169x300.jpg 169w, https:\/\/blogsaverroes.juntadeandalucia.es\/iesburguillos\/files\/2023\/01\/IMG-20230125-WA0005-1-768x1364.jpg 768w, https:\/\/blogsaverroes.juntadeandalucia.es\/iesburguillos\/files\/2023\/01\/IMG-20230125-WA0005-1-865x1536.jpg 865w, https:\/\/blogsaverroes.juntadeandalucia.es\/iesburguillos\/files\/2023\/01\/IMG-20230125-WA0005-1.jpg 901w\" sizes=\"(max-width: 577px) 100vw, 577px\" \/><\/a><\/p>\n<p style=\"text-align: center\"><strong>Marcap\u00e1ginas&nbsp; finalistas<\/strong><\/p>\n<p style=\"text-align: center\"><a href=\"https:\/\/blogsaverroes.juntadeandalucia.es\/iesburguillos\/files\/2023\/01\/6A6EA49E-D2A6-4CCA-8CFF-2A6527CD12EF-rotated.jpg\"><img loading=\"lazy\" decoding=\"async\" class=\"aligncenter size-large wp-image-9270\" src=\"https:\/\/blogsaverroes.juntadeandalucia.es\/iesburguillos\/files\/2023\/01\/6A6EA49E-D2A6-4CCA-8CFF-2A6527CD12EF-576x1024.jpg\" alt=\"\" width=\"576\" height=\"1024\" srcset=\"https:\/\/blogsaverroes.juntadeandalucia.es\/iesburguillos\/files\/2023\/01\/6A6EA49E-D2A6-4CCA-8CFF-2A6527CD12EF-576x1024.jpg 576w, https:\/\/blogsaverroes.juntadeandalucia.es\/iesburguillos\/files\/2023\/01\/6A6EA49E-D2A6-4CCA-8CFF-2A6527CD12EF-169x300.jpg 169w, https:\/\/blogsaverroes.juntadeandalucia.es\/iesburguillos\/files\/2023\/01\/6A6EA49E-D2A6-4CCA-8CFF-2A6527CD12EF-rotated.jpg 607w\" sizes=\"(max-width: 576px) 100vw, 576px\" \/><\/a><a href=\"https:\/\/blogsaverroes.juntadeandalucia.es\/iesburguillos\/files\/2023\/01\/330CFE10-AC4A-4A73-A5B8-C83649BDE77A.jpg\"><img loading=\"lazy\" decoding=\"async\" class=\"aligncenter size-large wp-image-9271\" src=\"https:\/\/blogsaverroes.juntadeandalucia.es\/iesburguillos\/files\/2023\/01\/330CFE10-AC4A-4A73-A5B8-C83649BDE77A-1024x576.jpg\" alt=\"\" width=\"1024\" height=\"576\" srcset=\"https:\/\/blogsaverroes.juntadeandalucia.es\/iesburguillos\/files\/2023\/01\/330CFE10-AC4A-4A73-A5B8-C83649BDE77A-1024x576.jpg 1024w, https:\/\/blogsaverroes.juntadeandalucia.es\/iesburguillos\/files\/2023\/01\/330CFE10-AC4A-4A73-A5B8-C83649BDE77A-300x169.jpg 300w, https:\/\/blogsaverroes.juntadeandalucia.es\/iesburguillos\/files\/2023\/01\/330CFE10-AC4A-4A73-A5B8-C83649BDE77A-768x432.jpg 768w, https:\/\/blogsaverroes.juntadeandalucia.es\/iesburguillos\/files\/2023\/01\/330CFE10-AC4A-4A73-A5B8-C83649BDE77A.jpg 1080w\" sizes=\"(max-width: 1024px) 100vw, 1024px\" \/><\/a><a href=\"https:\/\/blogsaverroes.juntadeandalucia.es\/iesburguillos\/files\/2023\/01\/23664F5A-B3A9-4003-8D55-D22643B3BB0E.jpg\"><img loading=\"lazy\" decoding=\"async\" class=\"aligncenter size-large wp-image-9272\" src=\"https:\/\/blogsaverroes.juntadeandalucia.es\/iesburguillos\/files\/2023\/01\/23664F5A-B3A9-4003-8D55-D22643B3BB0E-1024x576.jpg\" alt=\"\" width=\"1024\" height=\"576\" srcset=\"https:\/\/blogsaverroes.juntadeandalucia.es\/iesburguillos\/files\/2023\/01\/23664F5A-B3A9-4003-8D55-D22643B3BB0E-1024x576.jpg 1024w, https:\/\/blogsaverroes.juntadeandalucia.es\/iesburguillos\/files\/2023\/01\/23664F5A-B3A9-4003-8D55-D22643B3BB0E-300x169.jpg 300w, https:\/\/blogsaverroes.juntadeandalucia.es\/iesburguillos\/files\/2023\/01\/23664F5A-B3A9-4003-8D55-D22643B3BB0E-768x432.jpg 768w, https:\/\/blogsaverroes.juntadeandalucia.es\/iesburguillos\/files\/2023\/01\/23664F5A-B3A9-4003-8D55-D22643B3BB0E.jpg 1080w\" sizes=\"(max-width: 1024px) 100vw, 1024px\" \/><\/a><a href=\"https:\/\/blogsaverroes.juntadeandalucia.es\/iesburguillos\/files\/2023\/01\/b4d9ad0d-fca2-4534-8ede-585879db31aa.jpg\"><img loading=\"lazy\" decoding=\"async\" class=\"aligncenter size-large wp-image-9274\" src=\"https:\/\/blogsaverroes.juntadeandalucia.es\/iesburguillos\/files\/2023\/01\/b4d9ad0d-fca2-4534-8ede-585879db31aa-1024x576.jpg\" alt=\"\" width=\"1024\" height=\"576\" srcset=\"https:\/\/blogsaverroes.juntadeandalucia.es\/iesburguillos\/files\/2023\/01\/b4d9ad0d-fca2-4534-8ede-585879db31aa-1024x576.jpg 1024w, https:\/\/blogsaverroes.juntadeandalucia.es\/iesburguillos\/files\/2023\/01\/b4d9ad0d-fca2-4534-8ede-585879db31aa-300x169.jpg 300w, https:\/\/blogsaverroes.juntadeandalucia.es\/iesburguillos\/files\/2023\/01\/b4d9ad0d-fca2-4534-8ede-585879db31aa-768x432.jpg 768w, https:\/\/blogsaverroes.juntadeandalucia.es\/iesburguillos\/files\/2023\/01\/b4d9ad0d-fca2-4534-8ede-585879db31aa-1536x864.jpg 1536w, https:\/\/blogsaverroes.juntadeandalucia.es\/iesburguillos\/files\/2023\/01\/b4d9ad0d-fca2-4534-8ede-585879db31aa.jpg 1600w\" sizes=\"(max-width: 1024px) 100vw, 1024px\" \/><\/a><\/p>\n<p>&nbsp;<\/p>\n<p><strong>Los ganadores han sido:<\/strong><\/p>\n<p><strong>Roc\u00edo T\u00e9llez del Valle ( 3\u00baESO D)<\/strong><\/p>\n<p><strong>Mar\u00eda Moreno Artacho (3\u00baESO D)<\/strong><\/p>\n","protected":false},"excerpt":{"rendered":"<p>Concurso de&nbsp; marcap\u00e1ginas Con motivo de la celebraci\u00f3n del D\u00eda de la Paz y la No Violencia, nuestros alumnos de la ESO han participado en un concurso de marcap\u00e1ginas organizado por el Proyecto de&#46;&#46;&#46;<\/p>\n","protected":false},"author":2616,"featured_media":0,"parent":0,"menu_order":0,"comment_status":"closed","ping_status":"closed","template":"","meta":{"ngg_post_thumbnail":0,"footnotes":"","_mc_calendar":[]},"aioseo_notices":[],"_links":{"self":[{"href":"https:\/\/blogsaverroes.juntadeandalucia.es\/iesburguillos\/wp-json\/wp\/v2\/pages\/9235"}],"collection":[{"href":"https:\/\/blogsaverroes.juntadeandalucia.es\/iesburguillos\/wp-json\/wp\/v2\/pages"}],"about":[{"href":"https:\/\/blogsaverroes.juntadeandalucia.es\/iesburguillos\/wp-json\/wp\/v2\/types\/page"}],"author":[{"embeddable":true,"href":"https:\/\/blogsaverroes.juntadeandalucia.es\/iesburguillos\/wp-json\/wp\/v2\/users\/2616"}],"replies":[{"embeddable":true,"href":"https:\/\/blogsaverroes.juntadeandalucia.es\/iesburguillos\/wp-json\/wp\/v2\/comments?post=9235"}],"version-history":[{"count":4,"href":"https:\/\/blogsaverroes.juntadeandalucia.es\/iesburguillos\/wp-json\/wp\/v2\/pages\/9235\/revisions"}],"predecessor-version":[{"id":9276,"href":"https:\/\/blogsaverroes.juntadeandalucia.es\/iesburguillos\/wp-json\/wp\/v2\/pages\/9235\/revisions\/9276"}],"wp:attachment":[{"href":"https:\/\/blogsaverroes.juntadeandalucia.es\/iesburguillos\/wp-json\/wp\/v2\/media?parent=9235"}],"curies":[{"name":"wp","href":"https:\/\/api.w.org\/{rel}","templated":true}]}}