{"id":9555,"date":"2023-06-12T10:57:44","date_gmt":"2023-06-12T10:57:44","guid":{"rendered":"https:\/\/blogsaverroes.juntadeandalucia.es\/iesburguillos\/?page_id=9555"},"modified":"2023-06-12T11:47:07","modified_gmt":"2023-06-12T11:47:07","slug":"elementor-9555","status":"publish","type":"page","link":"https:\/\/blogsaverroes.juntadeandalucia.es\/iesburguillos\/elementor-9555\/","title":{"rendered":"Ciclo Formativo de Grado B\u00e1sico"},"content":{"rendered":"\t\t<div data-elementor-type=\"wp-page\" data-elementor-id=\"9555\" class=\"elementor elementor-9555\">\n\t\t\t\t\t\t<section class=\"elementor-section elementor-top-section elementor-element elementor-element-f236d9d elementor-section-boxed elementor-section-height-default elementor-section-height-default\" data-id=\"f236d9d\" data-element_type=\"section\">\n\t\t\t\t\t\t<div class=\"elementor-container elementor-column-gap-default\">\n\t\t\t\t\t<div class=\"elementor-column elementor-col-100 elementor-top-column elementor-element elementor-element-de440e0\" data-id=\"de440e0\" data-element_type=\"column\">\n\t\t\t<div class=\"elementor-widget-wrap elementor-element-populated\">\n\t\t\t\t\t\t<div class=\"elementor-element elementor-element-409cbad elementor-widget elementor-widget-text-editor\" data-id=\"409cbad\" data-element_type=\"widget\" data-widget_type=\"text-editor.default\">\n\t\t\t\t<div class=\"elementor-widget-container\">\n\t\t\t\t\t\t\t\t\t<p style=\"line-height: normal;background-image: initial;background-position: initial;background-size: initial;background-attachment: initial;text-align: justify\"><span style=\"font-size: 10.0pt;font-family: 'Times New Roman',serif;color: #212529\">Un\u00a0<\/span><b><span style=\"font-size: 10.0pt;font-family: 'Times New Roman',serif;color: #212529\">Ciclo Formativo de Grado B\u00e1sico te prepara para iniciarte en el aprendizaje de un oficio<\/span><\/b><span style=\"font-size: 10.0pt;font-family: 'Times New Roman',serif;color: #212529\"> y para realizar actividades profesionales.<\/span><\/p><p style=\"line-height: normal;background-image: initial;background-position: initial;background-size: initial;background-attachment: initial;text-align: justify\"><span style=\"font-size: 10.0pt;font-family: 'Times New Roman',serif;color: #212529\">Conseguir\u00e1s las competencias profesionales correspondientes a una cualificaci\u00f3n de nivel uno del Cat\u00e1logo Nacional de Cualificaciones Profesionales. Estos ciclos son de\u00a0<\/span><b><span style=\"font-size: 10.0pt;font-family: 'Times New Roman',serif;color: #212529\">dos cursos<\/span><\/b><span style=\"font-size: 10.0pt;font-family: 'Times New Roman',serif;color: #212529\">\u00a0acad\u00e9micos de\u00a0<\/span><b><span style=\"font-size: 10.0pt;font-family: 'Times New Roman',serif;color: #212529\">1.000 horas<\/span><\/b><span style=\"font-size: 10.0pt;font-family: 'Times New Roman',serif;color: #212529\">\u00a0cada<br \/>uno.<\/span><\/p><p style=\"line-height: normal;background-image: initial;background-position: initial;background-size: initial;background-attachment: initial;text-align: justify\"><span style=\"font-size: 10.0pt;font-family: 'Times New Roman',serif;color: #212529\">Al finalizar los estudios\u00a0<\/span><b><span style=\"font-size: 10.0pt;font-family: 'Times New Roman',serif;color: #212529\">obtendr\u00e1s el t\u00edtulo de Graduado en Educaci\u00f3n Secundaria Obligatoria<\/span><\/b><span style=\"font-size: 10.0pt;font-family: 'Times New Roman',serif;color: #212529\"> y, adem\u00e1s, el\u00a0<\/span><b><span style=\"font-size: 10.0pt;font-family: 'Times New Roman',serif;color: #212529\">t\u00edtulo de T\u00e9cnico B\u00e1sico<\/span><\/b><span style=\"font-size: 10.0pt;font-family: 'Times New Roman',serif;color: #212529\">\u00a0correspondiente.<\/span><\/p><p style=\"line-height: normal;background-image: initial;background-position: initial;background-size: initial;background-attachment: initial;text-align: justify\"><span style=\"font-size: 10.0pt;font-family: 'Times New Roman',serif;color: #212529\">Los ciclos formativos de grado b\u00e1sico se organizan en\u00a0<\/span><b><span style=\"font-size: 10.0pt;font-family: 'Times New Roman',serif;color: #212529\">\u00e1mbitos<\/span><\/b><span style=\"font-size: 10.0pt;font-family: 'Times New Roman',serif;color: #212529\">:<\/span><\/p><p><strong><span style=\"font-size: 10.0pt;font-family: 'Times New Roman',serif\">\u00c1mbito de Comunicaci\u00f3n y Ciencias Sociales, que incluye las materias:\u00a0<\/span><\/strong><\/p><p><strong><span style=\"font-size: 10.0pt;font-family: 'Times New Roman',serif\">&#8211; Lengua Castellana\u00a0<\/span><\/strong><\/p><p><strong><span style=\"font-size: 10.0pt;font-family: 'Times New Roman',serif\">&#8211; Lengua Extranjera de Iniciaci\u00f3n profesional<\/span><\/strong><\/p><p><strong><span style=\"font-size: 10.0pt;font-family: 'Times New Roman',serif\">&#8211; Ciencias Sociales<\/span><\/strong><\/p><p><strong><span style=\"font-size: 10.0pt;font-family: 'Times New Roman',serif\">&#8211; En su caso, Lengua Cooficial<\/span><\/strong><\/p><p><strong><span style=\"font-size: 10.0pt;font-family: 'Times New Roman',serif\">\u00c1mbito de Ciencias Aplicadas, que incluye:<\/span><\/strong><\/p><p><strong><span style=\"font-size: 10.0pt;font-family: 'Times New Roman',serif\">&#8211; Matem\u00e1ticas Aplicadas<\/span><\/strong><\/p><p><strong><span style=\"font-size: 10.0pt;font-family: 'Times New Roman',serif\">&#8211; Ciencias Aplicadas<\/span><\/strong><\/p><p><span style=\"font-family: Times New Roman, serif\"><span style=\"font-size: 13.3333px\"><b>\u00c1mbito Profesional, que incluye la formaci\u00f3n espec\u00edfica de cada ciclo<\/b><\/span><\/span><\/p><p><b style=\"font-size: 13px;text-align: justify\"><span style=\"font-size: 12pt;line-height: 115%\">Enlaces de inter\u00e9s<\/span><\/b><\/p><div><p style=\"text-align: justify\">Tutorial de\u00a0 escolarizaci\u00f3n\u00a0<b><span style=\"font-size: 10.0pt;line-height: 115%;font-family: 'Times New Roman',serif;color: #212529\">Ciclo Formativo de Grado B\u00e1sico\u00a0<\/span><\/b><\/p><\/div>\t\t\t\t\t\t\t\t<\/div>\n\t\t\t\t<\/div>\n\t\t\t\t\t<\/div>\n\t\t<\/div>\n\t\t\t\t\t<\/div>\n\t\t<\/section>\n\t\t\t\t<section class=\"elementor-section elementor-top-section elementor-element elementor-element-c29be24 elementor-section-boxed elementor-section-height-default elementor-section-height-default\" data-id=\"c29be24\" data-element_type=\"section\">\n\t\t\t\t\t\t<div class=\"elementor-container elementor-column-gap-default\">\n\t\t\t\t\t<div class=\"elementor-column elementor-col-100 elementor-top-column elementor-element elementor-element-e431c76\" data-id=\"e431c76\" data-element_type=\"column\">\n\t\t\t<div class=\"elementor-widget-wrap elementor-element-populated\">\n\t\t\t\t\t\t<div class=\"elementor-element elementor-element-00924a4 elementor-widget elementor-widget-video\" data-id=\"00924a4\" data-element_type=\"widget\" data-settings=\"{&quot;youtube_url&quot;:&quot;https:\\\/\\\/www.youtube.com\\\/watch?v=9PMxUS9mK_k&quot;,&quot;video_type&quot;:&quot;youtube&quot;,&quot;controls&quot;:&quot;yes&quot;}\" data-widget_type=\"video.default\">\n\t\t\t\t<div class=\"elementor-widget-container\">\n\t\t\t\t\t\t\t<div class=\"elementor-wrapper elementor-open-inline\">\n\t\t\t<div class=\"elementor-video\"><\/div>\t\t<\/div>\n\t\t\t\t\t\t<\/div>\n\t\t\t\t<\/div>\n\t\t\t\t\t<\/div>\n\t\t<\/div>\n\t\t\t\t\t<\/div>\n\t\t<\/section>\n\t\t\t\t<section class=\"elementor-section elementor-top-section elementor-element elementor-element-901e3b2 elementor-section-boxed elementor-section-height-default elementor-section-height-default\" data-id=\"901e3b2\" data-element_type=\"section\">\n\t\t\t\t\t\t<div class=\"elementor-container elementor-column-gap-default\">\n\t\t\t\t\t<div class=\"elementor-column elementor-col-100 elementor-top-column elementor-element elementor-element-3996f1b\" data-id=\"3996f1b\" data-element_type=\"column\">\n\t\t\t<div class=\"elementor-widget-wrap\">\n\t\t\t\t\t\t\t<\/div>\n\t\t<\/div>\n\t\t\t\t\t<\/div>\n\t\t<\/section>\n\t\t\t\t<section class=\"elementor-section elementor-top-section elementor-element elementor-element-55a3e1f elementor-section-boxed elementor-section-height-default elementor-section-height-default\" data-id=\"55a3e1f\" data-element_type=\"section\">\n\t\t\t\t\t\t<div class=\"elementor-container elementor-column-gap-default\">\n\t\t\t\t\t<div class=\"elementor-column elementor-col-100 elementor-top-column elementor-element elementor-element-31d02cb\" data-id=\"31d02cb\" data-element_type=\"column\">\n\t\t\t<div class=\"elementor-widget-wrap elementor-element-populated\">\n\t\t\t\t\t\t<div class=\"elementor-element elementor-element-785d123 elementor-widget elementor-widget-text-editor\" data-id=\"785d123\" data-element_type=\"widget\" data-widget_type=\"text-editor.default\">\n\t\t\t\t<div class=\"elementor-widget-container\">\n\t\t\t\t\t\t\t\t\t<p style=\"text-indent: -18.0pt;line-height: 150%\"><!-- [if !supportLists]--><span style=\"font-family: Symbol\">\u00b7<span style=\"font-size: 7pt;line-height: normal;font-family: 'Times New Roman'\">\u00a0 \u00a0 \u00a0 \u00a0 \u00a0<\/span><\/span><b style=\"font-size: 13px;text-indent: -18pt\"><span style=\"color: black\"><a title=\"Se abre en una nueva ventana\" href=\"https:\/\/www.juntadeandalucia.es\/educacion\/portals\/delegate\/content\/ba2f21bc-7615-4e0a-bb32-76041888d592\" target=\"_blank\" rel=\"noopener\"><span style=\"font-family: 'Times New Roman',serif;color: black\">Ense\u00f1anzas de FP<\/span><\/a><\/span><\/b><\/p><p class=\"MsoListParagraphCxSpMiddle\" style=\"text-indent: -18.0pt;line-height: 150%\"><!-- [if !supportLists]--><span style=\"font-family: Symbol;color: black\">\u00b7<span style=\"font-size: 7pt;line-height: normal;font-family: 'Times New Roman'\"> \u00a0\u00a0 \u00a0\u00a0 \u00a0<\/span><\/span><b><span style=\"color: black\"><a title=\"Se abre en una nueva ventana\" href=\"https:\/\/www.juntadeandalucia.es\/educacion\/portals\/web\/formacion-profesional-andaluza\/quiero-formarme\/escolarizacion-2022\/calendario-plazos-escolarizacion-2022\" target=\"_blank\" rel=\"noopener\"><span style=\"font-family: 'Times New Roman',serif;color: black\">Calendario y plazos de escolarizaci\u00f3n<\/span><\/a><\/span><\/b><b><\/b><\/p><p class=\"MsoListParagraphCxSpMiddle\" style=\"text-indent: -18.0pt;line-height: 150%\"><!-- [if !supportLists]--><span style=\"font-family: Symbol;color: black\">\u00b7<span style=\"font-size: 7pt;line-height: normal;font-family: 'Times New Roman'\">\u00a0\u00a0\u00a0\u00a0\u00a0\u00a0\u00a0\u00a0 <\/span><\/span><!--[endif]--><b><span style=\"color: black\"><a title=\"Se abre en una nueva ventana\" href=\"https:\/\/www.youtube.com\/watch?v=JTm-T0u-WWQ\" target=\"_blank\" rel=\"noopener\"><span style=\"font-family: 'Times New Roman',serif;color: black\">V\u00eddeo \u00abModalidades en las que puedes estudiar Formaci\u00f3n Profesional\u00bb<\/span><\/a><\/span><\/b><b><\/b><\/p><p class=\"MsoListParagraphCxSpMiddle\" style=\"text-indent: -18.0pt;line-height: 150%\"><!-- [if !supportLists]--><span style=\"font-family: Symbol\">\u00b7<span style=\"font-size: 7pt;line-height: normal;font-family: 'Times New Roman'\">\u00a0 \u00a0 \u00a0 \u00a0 \u00a0<\/span><\/span><!--[endif]--><a href=\"https:\/\/www.juntadeandalucia.es\/educacion\/secretariavirtual\/\"><span style=\"font-family: 'Times New Roman',serif\">https:\/\/www.juntadeandalucia.es\/educacion\/secretariavirtual\/<\/span><\/a><\/p><p class=\"MsoListParagraphCxSpMiddle\" style=\"text-indent: -18.0pt;line-height: 150%\"><!-- [if !supportLists]--><span style=\"font-family: Symbol\">\u00b7<span style=\"font-size: 7pt;line-height: normal;font-family: 'Times New Roman'\">\u00a0\u00a0\u00a0\u00a0\u00a0\u00a0\u00a0\u00a0 <\/span><\/span><!--[endif]--><a href=\"https:\/\/www.juntadeandalucia.es\/educacion\/portales\/web\/escolarizacion\/fp\/oferta-completa-presencial-ciclos-formativos-grado-basico\"><span style=\"font-family: 'Times New Roman',serif\">https:\/\/www.juntadeandalucia.es\/educacion\/portales\/web\/escolarizacion\/fp\/oferta-completa-presencial-ciclos-formativos-grado-basico<\/span><\/a><\/p><p class=\"MsoListParagraphCxSpLast\" style=\"text-indent: -18.0pt;line-height: 150%\"><!-- [if !supportLists]--><span style=\"font-family: Symbol\">\u00b7<span style=\"font-size: 7pt;line-height: normal;font-family: 'Times New Roman'\">\u00a0\u00a0\u00a0\u00a0\u00a0\u00a0\u00a0\u00a0 <\/span><\/span><!--[endif]--><a href=\"https:\/\/www.juntadeandalucia.es\/educacion\/portals\/web\/formacion-profesional-andaluza\/estudiante\/modalidades\/fp-dual\"><span style=\"font-family: 'Times New Roman',serif\">https:\/\/www<i>.<\/i>juntadeandalucia.es\/educacion\/portals\/web\/formacion-profesional-andaluza\/estudiante\/modalidades\/fp-dual<\/span><\/a><\/p><p style=\"text-indent: -18.0pt;line-height: 150%\"><!-- [if !supportLists]--><span style=\"font-family: Symbol\">\u00b7<span style=\"font-size: 7pt;line-height: normal;font-family: 'Times New Roman'\">\u00a0<br \/><\/span><\/span><\/p><p style=\"text-indent: -18.0pt;line-height: 150%\"><b>\u00a0<\/b><\/p><p style=\"text-indent: -18.0pt;line-height: 150%\"><b>\u00a0<\/b><\/p>\t\t\t\t\t\t\t\t<\/div>\n\t\t\t\t<\/div>\n\t\t\t\t\t<\/div>\n\t\t<\/div>\n\t\t\t\t\t<\/div>\n\t\t<\/section>\n\t\t\t\t<\/div>\n\t\t","protected":false},"excerpt":{"rendered":"<p>Un&nbsp;Ciclo Formativo de Grado B\u00e1sico te prepara para iniciarte en el aprendizaje de un oficio y para realizar actividades profesionales. Conseguir\u00e1s las competencias profesionales correspondientes a una cualificaci\u00f3n de nivel uno del Cat\u00e1logo Nacional&#46;&#46;&#46;<\/p>\n","protected":false},"author":2616,"featured_media":0,"parent":0,"menu_order":0,"comment_status":"closed","ping_status":"closed","template":"","meta":{"ngg_post_thumbnail":0,"footnotes":"","_mc_calendar":[]},"aioseo_notices":[],"_links":{"self":[{"href":"https:\/\/blogsaverroes.juntadeandalucia.es\/iesburguillos\/wp-json\/wp\/v2\/pages\/9555"}],"collection":[{"href":"https:\/\/blogsaverroes.juntadeandalucia.es\/iesburguillos\/wp-json\/wp\/v2\/pages"}],"about":[{"href":"https:\/\/blogsaverroes.juntadeandalucia.es\/iesburguillos\/wp-json\/wp\/v2\/types\/page"}],"author":[{"embeddable":true,"href":"https:\/\/blogsaverroes.juntadeandalucia.es\/iesburguillos\/wp-json\/wp\/v2\/users\/2616"}],"replies":[{"embeddable":true,"href":"https:\/\/blogsaverroes.juntadeandalucia.es\/iesburguillos\/wp-json\/wp\/v2\/comments?post=9555"}],"version-history":[{"count":18,"href":"https:\/\/blogsaverroes.juntadeandalucia.es\/iesburguillos\/wp-json\/wp\/v2\/pages\/9555\/revisions"}],"predecessor-version":[{"id":9586,"href":"https:\/\/blogsaverroes.juntadeandalucia.es\/iesburguillos\/wp-json\/wp\/v2\/pages\/9555\/revisions\/9586"}],"wp:attachment":[{"href":"https:\/\/blogsaverroes.juntadeandalucia.es\/iesburguillos\/wp-json\/wp\/v2\/media?parent=9555"}],"curies":[{"name":"wp","href":"https:\/\/api.w.org\/{rel}","templated":true}]}}