{"id":158,"date":"2015-03-17T07:50:33","date_gmt":"2015-03-17T06:50:33","guid":{"rendered":"http:\/\/blogsaverroes.juntadeandalucia.es\/pre\/ceip\/?page_id=158"},"modified":"2026-01-08T11:21:05","modified_gmt":"2026-01-08T10:21:05","slug":"matematicas","status":"publish","type":"page","link":"https:\/\/blogsaverroes.juntadeandalucia.es\/iescaballerobonald\/matematicas\/","title":{"rendered":"Matem\u00e1ticas"},"content":{"rendered":"<p>Durante el presente curso 2025\/2026, el departamento de Matem\u00e1ticas est\u00e1 compuesto por:<\/p>\n<ul>\n<li>Gonzalo Loureiro Gal\u00e1n (Jefe del departamento)<\/li>\n<li>Silvia Cossi Torrej\u00f3n&nbsp;<\/li>\n<li>Francisco Javier P\u00e9rez Barbero<\/li>\n<li>Jos\u00e9 Antonio Rodr\u00edguez Bellido<\/li>\n<li>Natalia Carretero Mart\u00edn<\/li>\n<li>Paloma Caballero Gil<\/li>\n<li>Alberto Rom\u00e1n Cano<\/li>\n<li>Silvia Navarro Romero<\/li>\n<li>Eva Alfaro Bouza<a href=\"https:\/\/blogsaverroes.juntadeandalucia.es\/iescaballerobonald\/files\/2024\/10\/Imagen-criterios-de-evaluacion-1.png\"><br \/>\n<\/a><a href=\"https:\/\/blogsaverroes.juntadeandalucia.es\/iescaballerobonald\/files\/2025\/10\/ChatGPT-Image-13-oct-2025-08_14_37.png\"><img loading=\"lazy\" decoding=\"async\" class=\"aligncenter wp-image-12492 size-medium\" src=\"https:\/\/blogsaverroes.juntadeandalucia.es\/iescaballerobonald\/files\/2025\/10\/ChatGPT-Image-13-oct-2025-08_14_37-300x300.png\" alt=\"\" width=\"300\" height=\"300\" srcset=\"https:\/\/blogsaverroes.juntadeandalucia.es\/iescaballerobonald\/files\/2025\/10\/ChatGPT-Image-13-oct-2025-08_14_37-300x300.png 300w, https:\/\/blogsaverroes.juntadeandalucia.es\/iescaballerobonald\/files\/2025\/10\/ChatGPT-Image-13-oct-2025-08_14_37-150x150.png 150w, https:\/\/blogsaverroes.juntadeandalucia.es\/iescaballerobonald\/files\/2025\/10\/ChatGPT-Image-13-oct-2025-08_14_37-768x768.png 768w, https:\/\/blogsaverroes.juntadeandalucia.es\/iescaballerobonald\/files\/2025\/10\/ChatGPT-Image-13-oct-2025-08_14_37-80x80.png 80w, https:\/\/blogsaverroes.juntadeandalucia.es\/iescaballerobonald\/files\/2025\/10\/ChatGPT-Image-13-oct-2025-08_14_37-320x320.png 320w, https:\/\/blogsaverroes.juntadeandalucia.es\/iescaballerobonald\/files\/2025\/10\/ChatGPT-Image-13-oct-2025-08_14_37.png 1024w\" sizes=\"(max-width: 300px) 100vw, 300px\" \/><\/a><\/li>\n<\/ul>\n<p style=\"text-align: center\"><a href=\"https:\/\/drive.google.com\/file\/d\/1jc7fcgUd2xn-SHmPfxU5dotqnpcOjuQ_\/view?usp=drive_link\">1ESO Criterios de evaluaci\u00f3n<\/a><\/p>\n<p style=\"text-align: center\"><a href=\"https:\/\/drive.google.com\/file\/d\/1unzG2UjFU6JWJDJNzzmrImw3PyZMaPk6\/view?usp=drive_link\">2ESO Criterios de evaluaci\u00f3n<\/a><\/p>\n<p style=\"text-align: center\"><a href=\"https:\/\/drive.google.com\/file\/d\/1vYn9PQs7OvC-gF0Imw9c6iSJfAnfuql1\/view?usp=drive_link\">3ESO Criterios de evaluaci\u00f3n<\/a><\/p>\n<p style=\"text-align: center\"><a href=\"https:\/\/drive.google.com\/file\/d\/1jvKvVgYZ3q1YWoYE8gHgBxaN9w9_aZcD\/view?usp=drive_link\">4ESO A Criterios de evaluaci\u00f3n<\/a><\/p>\n<p style=\"text-align: center\"><a href=\"https:\/\/drive.google.com\/file\/d\/131urPx4IEXsHCxPJNm9sxA69rgHj7F5x\/view?usp=drive_link\">4ESO B Criterios de evaluaci\u00f3n<\/a><\/p>\n<p style=\"text-align: center\"><a href=\"https:\/\/drive.google.com\/file\/d\/1I58YmeffaEe5pDghtj_EuqUvLg4o2xZ6\/view?usp=drive_link\">1Bach Matem\u00e1ticas I Criterios de evaluaci\u00f3n<\/a><\/p>\n<p style=\"text-align: center\"><a href=\"https:\/\/drive.google.com\/file\/d\/12gLKY-HnivLGgl969D6rmK7Bdc_gP7Ll\/view?usp=drive_link\">1BachCCSS Criterios de evaluaci\u00f3n<\/a><\/p>\n<p style=\"text-align: center\"><a href=\"https:\/\/drive.google.com\/file\/d\/1Vx0fFMDqnkFushym5dwxU5fzOBm5Hyzn\/view?usp=drive_link\">2BachCCSS Criterios de evaluaci\u00f3n<\/a><\/p>\n<p style=\"text-align: center\"><a href=\"https:\/\/drive.google.com\/file\/d\/1_WdmGOIDBeeZniiuAGRDvitsFNdphXmP\/view?usp=drive_link\">2Bach Matem\u00e1ticas II Criterios de evaluaci\u00f3n<\/a><\/p>\n<p><a href=\"https:\/\/blogsaverroes.juntadeandalucia.es\/iescaballerobonald\/files\/2025\/11\/IMG20251127100402.jpg\"><img loading=\"lazy\" decoding=\"async\" class=\"aligncenter wp-image-13025 size-full\" src=\"https:\/\/blogsaverroes.juntadeandalucia.es\/iescaballerobonald\/files\/2025\/11\/IMG20251127100402.jpg\" alt=\"\" width=\"3264\" height=\"2448\" srcset=\"https:\/\/blogsaverroes.juntadeandalucia.es\/iescaballerobonald\/files\/2025\/11\/IMG20251127100402.jpg 3264w, https:\/\/blogsaverroes.juntadeandalucia.es\/iescaballerobonald\/files\/2025\/11\/IMG20251127100402-300x225.jpg 300w, https:\/\/blogsaverroes.juntadeandalucia.es\/iescaballerobonald\/files\/2025\/11\/IMG20251127100402-1024x768.jpg 1024w, https:\/\/blogsaverroes.juntadeandalucia.es\/iescaballerobonald\/files\/2025\/11\/IMG20251127100402-768x576.jpg 768w, https:\/\/blogsaverroes.juntadeandalucia.es\/iescaballerobonald\/files\/2025\/11\/IMG20251127100402-1536x1152.jpg 1536w, https:\/\/blogsaverroes.juntadeandalucia.es\/iescaballerobonald\/files\/2025\/11\/IMG20251127100402-2048x1536.jpg 2048w\" sizes=\"(max-width: 3264px) 100vw, 3264px\" \/><\/a><\/p>\n<p><a href=\"https:\/\/blogsaverroes.juntadeandalucia.es\/iescaballerobonald\/files\/2022\/10\/IMG20221028103752-scaled.jpg\"><img loading=\"lazy\" decoding=\"async\" class=\"alignnone wp-image-7431 size-large\" src=\"https:\/\/blogsaverroes.juntadeandalucia.es\/iescaballerobonald\/files\/2022\/10\/IMG20221028103752-1024x768.jpg\" alt=\"\" width=\"1024\" height=\"768\" srcset=\"https:\/\/blogsaverroes.juntadeandalucia.es\/iescaballerobonald\/files\/2022\/10\/IMG20221028103752-1024x768.jpg 1024w, https:\/\/blogsaverroes.juntadeandalucia.es\/iescaballerobonald\/files\/2022\/10\/IMG20221028103752-300x225.jpg 300w, https:\/\/blogsaverroes.juntadeandalucia.es\/iescaballerobonald\/files\/2022\/10\/IMG20221028103752-768x576.jpg 768w, https:\/\/blogsaverroes.juntadeandalucia.es\/iescaballerobonald\/files\/2022\/10\/IMG20221028103752-1536x1152.jpg 1536w, https:\/\/blogsaverroes.juntadeandalucia.es\/iescaballerobonald\/files\/2022\/10\/IMG20221028103752-2048x1536.jpg 2048w, https:\/\/blogsaverroes.juntadeandalucia.es\/iescaballerobonald\/files\/2022\/10\/IMG20221028103752-scaled.jpg 1600w\" sizes=\"(max-width: 1024px) 100vw, 1024px\" \/><\/a><\/p>\n<p><strong><span style=\"font-family: sans-serif\"><span style=\"font-size: medium\">Matem\u00e1ticas <\/span><\/span><\/strong><\/p>\n<p style=\"text-align: justify\"><span style=\"font-family: sans-serif\"><span style=\"font-size: medium\">Las matem\u00e1ticas constituyen una forma de mirar e interpretar el mundo que nos rodea, reflejan la capacidad creativa, expresan con precisi\u00f3n conceptos y argumentos, favorecen la capacidad para aprender a aprender y contienen elementos de gran belleza; sin olvidar adem\u00e1s el car\u00e1cter instrumental que las matem\u00e1ticas tienen como base fundamental para la adquisici\u00f3n de nuevos conocimientos en otras disciplinas, especialmente en el proceso cient\u00edfico y tecnol\u00f3gico y como fuerza conductora en el desarrollo de la cultura y las civilizaciones.<\/span><\/span><\/p>\n<p>&nbsp;<\/p>\n<p><strong><span style=\"font-family: sans-serif\"><span style=\"font-size: medium\">El grupo Philae<\/span><\/span><\/strong><\/p>\n<p style=\"text-align: justify\"><span style=\"font-family: sans-serif\"><span style=\"font-size: medium\"> Durante el curso 2014-15 se cre\u00f3 en el seno del Departamento de Matem\u00e1ticas el Grupo Philae, grupo para la divulgaci\u00f3n e investigaci\u00f3n de Astronom\u00eda. Coordinados por los profesores Javier P\u00e9rez Barbero y Andr\u00e9s Jobacho S\u00e1nchez, y con la colaboraci\u00f3n de Guadalupe Fern\u00e1ndez Vega, los alumnos y alumnas que desean realizar proyectos relacionados con la astronom\u00eda, eligen cada curso uno o dos temas sobre los que investigar y divulgar.<\/span><\/span><\/p>\n<p style=\"text-align: justify\"><span style=\"font-family: sans-serif\"><span style=\"font-size: medium\">Pulsa sobre la imagen para entrar en su blog y conocer los trabajos que han realizado. <\/span><\/span><\/p>\n<p><a href=\"http:\/\/grupophilae.blogspot.com\/\" target=\"_blank\" rel=\"noopener noreferrer\"><img loading=\"lazy\" decoding=\"async\" class=\"aligncenter size-full wp-image-6057\" src=\"https:\/\/blogsaverroes.juntadeandalucia.es\/iescaballerobonald\/files\/2021\/02\/Captura-de-pantalla-de-2021-02-09-12-17-01.png\" alt=\"\" width=\"1600\" height=\"900\" srcset=\"https:\/\/blogsaverroes.juntadeandalucia.es\/iescaballerobonald\/files\/2021\/02\/Captura-de-pantalla-de-2021-02-09-12-17-01.png 1600w, https:\/\/blogsaverroes.juntadeandalucia.es\/iescaballerobonald\/files\/2021\/02\/Captura-de-pantalla-de-2021-02-09-12-17-01-300x169.png 300w, https:\/\/blogsaverroes.juntadeandalucia.es\/iescaballerobonald\/files\/2021\/02\/Captura-de-pantalla-de-2021-02-09-12-17-01-1024x576.png 1024w, https:\/\/blogsaverroes.juntadeandalucia.es\/iescaballerobonald\/files\/2021\/02\/Captura-de-pantalla-de-2021-02-09-12-17-01-768x432.png 768w, https:\/\/blogsaverroes.juntadeandalucia.es\/iescaballerobonald\/files\/2021\/02\/Captura-de-pantalla-de-2021-02-09-12-17-01-1536x864.png 1536w, https:\/\/blogsaverroes.juntadeandalucia.es\/iescaballerobonald\/files\/2021\/02\/Captura-de-pantalla-de-2021-02-09-12-17-01-2048x1152.png 2048w\" sizes=\"(max-width: 1600px) 100vw, 1600px\" \/><\/a><\/p>\n<p>&nbsp;<\/p>\n<p style=\"text-align: justify\"><strong><span style=\"font-family: sans-serif\"><span style=\"font-size: medium\">COTIMATES<\/span><\/span><\/strong><\/p>\n<p style=\"text-align: justify\"><span style=\"font-family: sans-serif\"><span style=\"font-size: medium\"> Blog del profesor Francisco Javier P\u00e9rez Barbero que pretende ser un recurso que acerque al alumnado, y a cualquier persona, a las matem\u00e1ticas de una manera l\u00fadica. Trata de recoger desaf\u00edos, juegos, citas, im\u00e1genes, v\u00eddeos, noticias, aplicaciones de la matem\u00e1ticas&#8230; que ayuden a reflexionar y a desarrollar capacidades relacionadas con el razonamiento matem\u00e1tico.<br \/>\n<\/span><\/span><\/p>\n<p><a href=\"http:\/\/cotimates.blogspot.com\/\" target=\"_blank\" rel=\"noopener noreferrer\">BLOG COTIMATES<\/a><\/p>\n<p>&nbsp;<\/p>\n<p style=\"text-align: center\">&nbsp;<\/p>\n<p>&nbsp;<\/p>\n","protected":false},"excerpt":{"rendered":"<p>Durante el presente curso 2025\/2026, el departamento de Matem\u00e1ticas est\u00e1 compuesto por: Gonzalo Loureiro Gal\u00e1n (Jefe del departamento) Silvia Cossi Torrej\u00f3n&nbsp; Francisco Javier P\u00e9rez Barbero Jos\u00e9 Antonio Rodr\u00edguez Bellido Natalia&#46;&#46;&#46;<\/p>\n","protected":false},"author":1,"featured_media":0,"parent":0,"menu_order":0,"comment_status":"closed","ping_status":"closed","template":"","meta":{"ngg_post_thumbnail":0,"footnotes":"","_mc_calendar":[]},"aioseo_notices":[],"_links":{"self":[{"href":"https:\/\/blogsaverroes.juntadeandalucia.es\/iescaballerobonald\/wp-json\/wp\/v2\/pages\/158"}],"collection":[{"href":"https:\/\/blogsaverroes.juntadeandalucia.es\/iescaballerobonald\/wp-json\/wp\/v2\/pages"}],"about":[{"href":"https:\/\/blogsaverroes.juntadeandalucia.es\/iescaballerobonald\/wp-json\/wp\/v2\/types\/page"}],"author":[{"embeddable":true,"href":"https:\/\/blogsaverroes.juntadeandalucia.es\/iescaballerobonald\/wp-json\/wp\/v2\/users\/1"}],"replies":[{"embeddable":true,"href":"https:\/\/blogsaverroes.juntadeandalucia.es\/iescaballerobonald\/wp-json\/wp\/v2\/comments?post=158"}],"version-history":[{"count":57,"href":"https:\/\/blogsaverroes.juntadeandalucia.es\/iescaballerobonald\/wp-json\/wp\/v2\/pages\/158\/revisions"}],"predecessor-version":[{"id":13143,"href":"https:\/\/blogsaverroes.juntadeandalucia.es\/iescaballerobonald\/wp-json\/wp\/v2\/pages\/158\/revisions\/13143"}],"wp:attachment":[{"href":"https:\/\/blogsaverroes.juntadeandalucia.es\/iescaballerobonald\/wp-json\/wp\/v2\/media?parent=158"}],"curies":[{"name":"wp","href":"https:\/\/api.w.org\/{rel}","templated":true}]}}