{"id":1806,"date":"2015-03-17T07:46:28","date_gmt":"2015-03-17T06:46:28","guid":{"rendered":"http:\/\/blogsaverroes.juntadeandalucia.es\/pre\/ceip\/?page_id=144"},"modified":"2025-11-11T14:41:11","modified_gmt":"2025-11-11T13:41:11","slug":"orientacion-2","status":"publish","type":"page","link":"https:\/\/blogsaverroes.juntadeandalucia.es\/iescaballerobonald\/orientacion-2\/","title":{"rendered":"Orientaci\u00f3n"},"content":{"rendered":"<p>Nuestro Departamento de Orientaci\u00f3n est\u00e1 compuesto por:<\/p>\n<ul>\n<li>Ignacio Miguel Rodr\u00edguez D\u00edaz: orientador<\/li>\n<li>Daniel Puyol Bustillo: profesor de audici\u00f3n y lenguaje<\/li>\n<li>M\u00aa Luisa Rodr\u00edguez: PT del aula TEA<\/li>\n<li>Mar\u00eda del Carmen Figueroa Abrio: PT<\/li>\n<li>Elena M\u00e1rquez Salanova: PT.<\/li>\n<li>Carmen Ortega Alconchel: PTIS<a href=\"https:\/\/blogsaverroes.juntadeandalucia.es\/iescaballerobonald\/files\/2025\/11\/IMG-20251111-WA0002.jpg\"><img loading=\"lazy\" decoding=\"async\" class=\"aligncenter size-full wp-image-12925\" src=\"https:\/\/blogsaverroes.juntadeandalucia.es\/iescaballerobonald\/files\/2025\/11\/IMG-20251111-WA0002.jpg\" alt=\"\" width=\"2000\" height=\"1500\" srcset=\"https:\/\/blogsaverroes.juntadeandalucia.es\/iescaballerobonald\/files\/2025\/11\/IMG-20251111-WA0002.jpg 1600w, https:\/\/blogsaverroes.juntadeandalucia.es\/iescaballerobonald\/files\/2025\/11\/IMG-20251111-WA0002-300x225.jpg 300w, https:\/\/blogsaverroes.juntadeandalucia.es\/iescaballerobonald\/files\/2025\/11\/IMG-20251111-WA0002-1024x768.jpg 1024w, https:\/\/blogsaverroes.juntadeandalucia.es\/iescaballerobonald\/files\/2025\/11\/IMG-20251111-WA0002-768x576.jpg 768w, https:\/\/blogsaverroes.juntadeandalucia.es\/iescaballerobonald\/files\/2025\/11\/IMG-20251111-WA0002-1536x1152.jpg 1536w\" sizes=\"(max-width: 2000px) 100vw, 2000px\" \/><\/a><\/li>\n<\/ul>\n<p>&nbsp;<\/p>\n<p>&nbsp;<\/p>\n<p>&nbsp;<\/p>\n","protected":false},"excerpt":{"rendered":"<p>Nuestro Departamento de Orientaci\u00f3n est\u00e1 compuesto por: Ignacio Miguel Rodr\u00edguez D\u00edaz: orientador Daniel Puyol Bustillo: profesor de audici\u00f3n y lenguaje M\u00aa Luisa Rodr\u00edguez: PT del aula TEA Mar\u00eda del Carmen&#46;&#46;&#46;<\/p>\n","protected":false},"author":1,"featured_media":0,"parent":0,"menu_order":0,"comment_status":"closed","ping_status":"closed","template":"","meta":{"ngg_post_thumbnail":0,"footnotes":"","_mc_calendar":[]},"aioseo_notices":[],"_links":{"self":[{"href":"https:\/\/blogsaverroes.juntadeandalucia.es\/iescaballerobonald\/wp-json\/wp\/v2\/pages\/1806"}],"collection":[{"href":"https:\/\/blogsaverroes.juntadeandalucia.es\/iescaballerobonald\/wp-json\/wp\/v2\/pages"}],"about":[{"href":"https:\/\/blogsaverroes.juntadeandalucia.es\/iescaballerobonald\/wp-json\/wp\/v2\/types\/page"}],"author":[{"embeddable":true,"href":"https:\/\/blogsaverroes.juntadeandalucia.es\/iescaballerobonald\/wp-json\/wp\/v2\/users\/1"}],"replies":[{"embeddable":true,"href":"https:\/\/blogsaverroes.juntadeandalucia.es\/iescaballerobonald\/wp-json\/wp\/v2\/comments?post=1806"}],"version-history":[{"count":25,"href":"https:\/\/blogsaverroes.juntadeandalucia.es\/iescaballerobonald\/wp-json\/wp\/v2\/pages\/1806\/revisions"}],"predecessor-version":[{"id":12926,"href":"https:\/\/blogsaverroes.juntadeandalucia.es\/iescaballerobonald\/wp-json\/wp\/v2\/pages\/1806\/revisions\/12926"}],"wp:attachment":[{"href":"https:\/\/blogsaverroes.juntadeandalucia.es\/iescaballerobonald\/wp-json\/wp\/v2\/media?parent=1806"}],"curies":[{"name":"wp","href":"https:\/\/api.w.org\/{rel}","templated":true}]}}