{"id":7844,"date":"2022-12-15T13:20:06","date_gmt":"2022-12-15T12:20:06","guid":{"rendered":"https:\/\/blogsaverroes.juntadeandalucia.es\/iescaballerobonald\/?page_id=7844"},"modified":"2026-04-24T09:43:29","modified_gmt":"2026-04-24T08:43:29","slug":"de-que-va","status":"publish","type":"page","link":"https:\/\/blogsaverroes.juntadeandalucia.es\/iescaballerobonald\/de-que-va\/","title":{"rendered":"ComunicA"},"content":{"rendered":"<p><a href=\"https:\/\/soundcloud.com\/io-toledo\" target=\"_blank\" rel=\"noopener\"><img loading=\"lazy\" decoding=\"async\" class=\"aligncenter wp-image-13300 size-full\" src=\"https:\/\/blogsaverroes.juntadeandalucia.es\/iescaballerobonald\/files\/2026\/04\/ChatGPT-Image-23-abr-2026-16_41_41.png\" alt=\"\" width=\"1536\" height=\"1024\" srcset=\"https:\/\/blogsaverroes.juntadeandalucia.es\/iescaballerobonald\/files\/2026\/04\/ChatGPT-Image-23-abr-2026-16_41_41.png 1536w, https:\/\/blogsaverroes.juntadeandalucia.es\/iescaballerobonald\/files\/2026\/04\/ChatGPT-Image-23-abr-2026-16_41_41-300x200.png 300w, https:\/\/blogsaverroes.juntadeandalucia.es\/iescaballerobonald\/files\/2026\/04\/ChatGPT-Image-23-abr-2026-16_41_41-1024x683.png 1024w, https:\/\/blogsaverroes.juntadeandalucia.es\/iescaballerobonald\/files\/2026\/04\/ChatGPT-Image-23-abr-2026-16_41_41-768x512.png 768w\" sizes=\"(max-width: 1536px) 100vw, 1536px\" \/><\/a><\/p>\n<p>23\/04\/2026: \u00abPoes\u00eda de lo cotidiano\u00bb (1\u00ba ESO)<\/p>\n<div>El alumnado de 1\u00ba de ESO ha trabajado la m\u00e9trica (tipos de rima, medida de los versos&#8230;) a trav\u00e9s del proyecto \u00abPoes\u00eda de lo cotidiano\u00bb en el que han compuesto&nbsp;odas&nbsp;dedicadas a objetos como una bicicleta, un sombrero o una bufanda&#8230;<\/div>\n<div>Nuestros peque\u00f1os grandes poetas han desplegado una creatividad tan sorprendente como inspiradora.<\/div>\n<div><a href=\"https:\/\/blogsaverroes.juntadeandalucia.es\/iescaballerobonald\/files\/2026\/04\/Odas.jpg\"><img loading=\"lazy\" decoding=\"async\" class=\"aligncenter size-full wp-image-13303\" src=\"https:\/\/blogsaverroes.juntadeandalucia.es\/iescaballerobonald\/files\/2026\/04\/Odas.jpg\" alt=\"\" width=\"1924\" height=\"1090\" srcset=\"https:\/\/blogsaverroes.juntadeandalucia.es\/iescaballerobonald\/files\/2026\/04\/Odas.jpg 1600w, https:\/\/blogsaverroes.juntadeandalucia.es\/iescaballerobonald\/files\/2026\/04\/Odas-300x170.jpg 300w, https:\/\/blogsaverroes.juntadeandalucia.es\/iescaballerobonald\/files\/2026\/04\/Odas-1024x580.jpg 1024w, https:\/\/blogsaverroes.juntadeandalucia.es\/iescaballerobonald\/files\/2026\/04\/Odas-768x435.jpg 768w, https:\/\/blogsaverroes.juntadeandalucia.es\/iescaballerobonald\/files\/2026\/04\/Odas-1536x870.jpg 1536w\" sizes=\"(max-width: 1924px) 100vw, 1924px\" \/><\/a><\/div>\n<p>14\/04\/2026: \u00abLa Celestina en el Caballero Bonald\u00bb.&nbsp;<\/p>\n<p>El alumnado de 3 B y D llev\u00f3 a cabo la representaci\u00f3n de diferentes escenas de La Celestina en la materia de Lengua Castellana, impartida por \u00c1ngela Figueroa.<\/p>\n<p><a href=\"https:\/\/blogsaverroes.juntadeandalucia.es\/iescaballerobonald\/files\/2026\/04\/PHOTO-2026-02-20-12-34-29.jpg\"><img loading=\"lazy\" decoding=\"async\" class=\"aligncenter wp-image-13271 size-large\" src=\"https:\/\/blogsaverroes.juntadeandalucia.es\/iescaballerobonald\/files\/2026\/04\/PHOTO-2026-02-20-12-34-29-e1776183922651-1024x683.jpg\" alt=\"\" width=\"1024\" height=\"683\" srcset=\"https:\/\/blogsaverroes.juntadeandalucia.es\/iescaballerobonald\/files\/2026\/04\/PHOTO-2026-02-20-12-34-29-e1776183922651-1024x683.jpg 1024w, https:\/\/blogsaverroes.juntadeandalucia.es\/iescaballerobonald\/files\/2026\/04\/PHOTO-2026-02-20-12-34-29-e1776183922651-300x200.jpg 300w, https:\/\/blogsaverroes.juntadeandalucia.es\/iescaballerobonald\/files\/2026\/04\/PHOTO-2026-02-20-12-34-29-e1776183922651-768x512.jpg 768w, https:\/\/blogsaverroes.juntadeandalucia.es\/iescaballerobonald\/files\/2026\/04\/PHOTO-2026-02-20-12-34-29-e1776183922651.jpg 1250w\" sizes=\"(max-width: 1024px) 100vw, 1024px\" \/><\/a><\/p>\n<h2 data-start=\"307\" data-end=\"365\"><span style=\"font-size: 16px\">13\/04\/2026: \u00abEl Renacimiento en los titulares\u00bb. El Lazarillo.&nbsp;<\/span><\/h2>\n<p>El alumnado de 3\u00ba de ESO A y C ha realizado una actividad, dentro del proyecto&nbsp;<b>\u201cEl Renacimiento en los titulares\u201d<\/b>, para la asignatura de Lengua Castellana y Literatura. Deb\u00edan elaborar un reportaje en torno a los amos del Lazarillo. Posteriormente, lo transformaron en un&nbsp;<b>podcast<\/b>,&nbsp;como viene siendo habitual:<b><a href=\"http:\/\/goog_1653690298\/\" target=\"_blank\" rel=\"noopener\" data-saferedirecturl=\"https:\/\/www.google.com\/url?q=http:\/\/goog_1653690298&amp;source=gmail&amp;ust=1776262944098000&amp;usg=AOvVaw2MPLijdfCFBlJ6ENHsMDBA\">&nbsp;<\/a><\/b><a href=\"https:\/\/soundcloud.com\/io-toledo\" target=\"_blank\" rel=\"noopener\" data-saferedirecturl=\"https:\/\/www.google.com\/url?q=https:\/\/soundcloud.com\/io-toledo&amp;source=gmail&amp;ust=1776262944098000&amp;usg=AOvVaw2DcmqLeSQNX-tYgxEqwNEv\">https:\/\/soundcloud.com\/io-toledo<b>&nbsp;<\/b><\/a><\/p>\n<p><a href=\"https:\/\/blogsaverroes.juntadeandalucia.es\/iescaballerobonald\/files\/2026\/04\/El-Lazarillo.jpeg\"><img loading=\"lazy\" decoding=\"async\" class=\"aligncenter wp-image-13267 size-large\" src=\"https:\/\/blogsaverroes.juntadeandalucia.es\/iescaballerobonald\/files\/2026\/04\/El-Lazarillo-e1776177449540-1024x533.jpeg\" alt=\"\" width=\"1024\" height=\"533\" srcset=\"https:\/\/blogsaverroes.juntadeandalucia.es\/iescaballerobonald\/files\/2026\/04\/El-Lazarillo-e1776177449540-1024x533.jpeg 1024w, https:\/\/blogsaverroes.juntadeandalucia.es\/iescaballerobonald\/files\/2026\/04\/El-Lazarillo-e1776177449540-300x156.jpeg 300w, https:\/\/blogsaverroes.juntadeandalucia.es\/iescaballerobonald\/files\/2026\/04\/El-Lazarillo-e1776177449540-768x400.jpeg 768w, https:\/\/blogsaverroes.juntadeandalucia.es\/iescaballerobonald\/files\/2026\/04\/El-Lazarillo-e1776177449540-1536x799.jpeg 1536w, https:\/\/blogsaverroes.juntadeandalucia.es\/iescaballerobonald\/files\/2026\/04\/El-Lazarillo-e1776177449540-2048x1065.jpeg 2048w\" sizes=\"(max-width: 1024px) 100vw, 1024px\" \/><\/a><\/p>\n<h2 data-start=\"307\" data-end=\"365\"><span style=\"font-size: 16px\">13\/04\/2026: \u00abEl Renacimiento en los titulares\u00bb. Poes\u00eda.&nbsp;<\/span><\/h2>\n<p style=\"text-align: justify\">El alumnado de 3\u00ba de ESO A y C ha realizado una actividad titulada&nbsp;<strong>\u201cEl Renacimiento en los titulares\u201d&nbsp;<\/strong>en la asignatura de Lengua Castellana y Literatura. Deb\u00edan elegir un autor del Renacimiento (Fray Luis de Le\u00f3n, San Juan de la Cruz, Santa Teresa de Jes\u00fas o Garcilaso de la Vega), investigar brevemente sobre su vida y su obra, y elaborar una&nbsp;<strong>noticia como si fueran periodistas del siglo XVI<\/strong>. Posteriormente, transformaron esa noticia en un <strong>podcasd:<a href=\"http:\/\/goog_1653690298\/\" target=\"_blank\" rel=\"noopener\" data-saferedirecturl=\"https:\/\/www.google.com\/url?q=http:\/\/goog_1653690298&amp;source=gmail&amp;ust=1776262944101000&amp;usg=AOvVaw3ObKXZXQnXEr4vajG2_WM2\">&nbsp;<\/a><\/strong><a href=\"https:\/\/soundcloud.com\/io-toledo\" target=\"_blank\" rel=\"noopener\" data-saferedirecturl=\"https:\/\/www.google.com\/url?q=https:\/\/soundcloud.com\/io-toledo&amp;source=gmail&amp;ust=1776262944101000&amp;usg=AOvVaw1Iwxm43hCokanOMoL6OEHq\">https:\/\/soundcloud.com\/io-toledo<strong> .<\/strong><\/a> Con esta actividad se pretende trabajar la comprensi\u00f3n de la literatura del Renacimiento, la expresi\u00f3n escrita y oral, as\u00ed como la creatividad y las competencias digitales.<\/p>\n<p><a href=\"https:\/\/blogsaverroes.juntadeandalucia.es\/iescaballerobonald\/files\/2026\/04\/Presentacion-El-Renacimiento-en-los-titulares.pdf.pdf\">Presentaci\u00f3n El Renacimiento en los titulares.pdf<\/a> <a href=\"https:\/\/blogsaverroes.juntadeandalucia.es\/iescaballerobonald\/files\/2026\/04\/exposicion-lirica-renacentista.jpeg\"><img loading=\"lazy\" decoding=\"async\" class=\"aligncenter wp-image-13265 size-large\" src=\"https:\/\/blogsaverroes.juntadeandalucia.es\/iescaballerobonald\/files\/2026\/04\/exposicion-lirica-renacentista-1024x547.jpeg\" alt=\"\" width=\"1024\" height=\"547\" srcset=\"https:\/\/blogsaverroes.juntadeandalucia.es\/iescaballerobonald\/files\/2026\/04\/exposicion-lirica-renacentista-1024x547.jpeg 1024w, https:\/\/blogsaverroes.juntadeandalucia.es\/iescaballerobonald\/files\/2026\/04\/exposicion-lirica-renacentista-300x160.jpeg 300w, https:\/\/blogsaverroes.juntadeandalucia.es\/iescaballerobonald\/files\/2026\/04\/exposicion-lirica-renacentista-768x410.jpeg 768w, https:\/\/blogsaverroes.juntadeandalucia.es\/iescaballerobonald\/files\/2026\/04\/exposicion-lirica-renacentista-1536x820.jpeg 1536w, https:\/\/blogsaverroes.juntadeandalucia.es\/iescaballerobonald\/files\/2026\/04\/exposicion-lirica-renacentista-2048x1093.jpeg 2048w\" sizes=\"(max-width: 1024px) 100vw, 1024px\" \/><\/a><\/p>\n<h2 data-start=\"307\" data-end=\"365\"><span style=\"font-size: 16px\">09\/04\/2026: \u00abEscritoras andaluzas con voz propia en 1\u00ba de ESO \u270d\ufe0f\ud83d\udc9a\u00bb<\/span><\/h2>\n<p style=\"text-align: justify\">El alumnado de 1\u00ba de ESO en la materia de Lengua y Literatura trabaj\u00f3 la biograf\u00eda de escritoras de distintas provincias andaluzas, aprovechando la celebraci\u00f3n de efem\u00e9rides como el D\u00eda de la Mujer o el D\u00eda de Andaluc\u00eda.<a href=\"https:\/\/blogsaverroes.juntadeandalucia.es\/iescaballerobonald\/files\/2026\/04\/escritoras-andaluzas.jpeg\"><img loading=\"lazy\" decoding=\"async\" class=\"aligncenter wp-image-13261 size-large\" src=\"https:\/\/blogsaverroes.juntadeandalucia.es\/iescaballerobonald\/files\/2026\/04\/escritoras-andaluzas-1024x768.jpeg\" alt=\"\" width=\"1024\" height=\"768\" srcset=\"https:\/\/blogsaverroes.juntadeandalucia.es\/iescaballerobonald\/files\/2026\/04\/escritoras-andaluzas-1024x768.jpeg 1024w, https:\/\/blogsaverroes.juntadeandalucia.es\/iescaballerobonald\/files\/2026\/04\/escritoras-andaluzas-300x225.jpeg 300w, https:\/\/blogsaverroes.juntadeandalucia.es\/iescaballerobonald\/files\/2026\/04\/escritoras-andaluzas-768x576.jpeg 768w, https:\/\/blogsaverroes.juntadeandalucia.es\/iescaballerobonald\/files\/2026\/04\/escritoras-andaluzas-1536x1152.jpeg 1536w, https:\/\/blogsaverroes.juntadeandalucia.es\/iescaballerobonald\/files\/2026\/04\/escritoras-andaluzas-2048x1536.jpeg 2048w\" sizes=\"(max-width: 1024px) 100vw, 1024px\" \/><\/a><\/p>\n<h2 data-start=\"307\" data-end=\"365\"><span style=\"font-size: 16px\">25\/03\/2026: \u00abComunicAndo el sector terciario\u00bb<\/span><\/h2>\n<div>El Departamento de Geograf\u00eda e Historia ha llevado a cabo en 3\u00ba de ESO una actividad encuadrada en el tema del sector terciario. La materia es impartida por los profesores Emilio Cerezuela y Manuel D. Ruiz. El sector terciario incluye actividades como el turismo por lo que se ha aprovechado para trabajar el patrimonio hist\u00f3rico cultural de Jerez de la Frontera en forma de d\u00edpticos y tr\u00edpticos sobre diversas hermandades y monumentos de la ciudad.<\/div>\n<div><a href=\"https:\/\/blogsaverroes.juntadeandalucia.es\/iescaballerobonald\/files\/2026\/03\/Comunica-Geografia-e-Historia-e1774697734870.jpg\"><img loading=\"lazy\" decoding=\"async\" class=\"aligncenter size-full wp-image-13257\" src=\"https:\/\/blogsaverroes.juntadeandalucia.es\/iescaballerobonald\/files\/2026\/03\/Comunica-Geografia-e-Historia-e1774697734870.jpg\" alt=\"\" width=\"1600\" height=\"810\" srcset=\"https:\/\/blogsaverroes.juntadeandalucia.es\/iescaballerobonald\/files\/2026\/03\/Comunica-Geografia-e-Historia-e1774697734870.jpg 1600w, https:\/\/blogsaverroes.juntadeandalucia.es\/iescaballerobonald\/files\/2026\/03\/Comunica-Geografia-e-Historia-e1774697734870-300x152.jpg 300w, https:\/\/blogsaverroes.juntadeandalucia.es\/iescaballerobonald\/files\/2026\/03\/Comunica-Geografia-e-Historia-e1774697734870-1024x518.jpg 1024w, https:\/\/blogsaverroes.juntadeandalucia.es\/iescaballerobonald\/files\/2026\/03\/Comunica-Geografia-e-Historia-e1774697734870-768x389.jpg 768w, https:\/\/blogsaverroes.juntadeandalucia.es\/iescaballerobonald\/files\/2026\/03\/Comunica-Geografia-e-Historia-e1774697734870-1536x778.jpg 1536w\" sizes=\"(max-width: 1600px) 100vw, 1600px\" \/><\/a><\/div>\n<h2 data-start=\"307\" data-end=\"365\"><span style=\"font-size: 16px\">12\/03\/2026: \u00abEl renacimiento en los titulares\u00bb<\/span><\/h2>\n<p style=\"text-align: justify\">El alumnado de 3\u00ba de ESO A y C ha realizado una actividad titulada&nbsp;\u201cEl Renacimiento en los titulares\u201d&nbsp;en la asignatura de Lengua Castellana y Literatura.<\/p>\n<p style=\"text-align: justify\">Deb\u00edan elegir un autor del Renacimiento (Fray Luis de Le\u00f3n, San Juan de la Cruz, Santa Teresa de Jes\u00fas o Garcilaso de la Vega), investigar brevemente sobre su vida y su obra, y elaborar una&nbsp;noticia como si fueran periodistas del siglo XVI.<\/p>\n<p style=\"text-align: justify\">Posteriormente, transformaron esa noticia en un&nbsp;podcasd:<a href=\"http:\/\/goog_1653690298\/\" target=\"_blank\" rel=\"noopener\" data-saferedirecturl=\"https:\/\/www.google.com\/url?q=http:\/\/goog_1653690298&amp;source=gmail&amp;ust=1773649270632000&amp;usg=AOvVaw0nOP4xeMEfwGJgypT0xpGO\">&nbsp;<\/a><a href=\"https:\/\/soundcloud.com\/io-toledo\" target=\"_blank\" rel=\"noopener\" data-saferedirecturl=\"https:\/\/www.google.com\/url?q=https:\/\/soundcloud.com\/io-toledo&amp;source=gmail&amp;ust=1773649270632000&amp;usg=AOvVaw2lcqz93RGSvVYx5SKxO-hQ\">https:\/\/soundcloud.com\/io-toledo&nbsp;<\/a><\/p>\n<p style=\"text-align: justify\">Con esta actividad se pretende trabajar la comprensi\u00f3n de la literatura del Renacimiento, la expresi\u00f3n escrita y oral, as\u00ed como la creatividad y las competencias digitales.<\/p>\n<h2 data-start=\"307\" data-end=\"365\"><span style=\"font-size: 16px\">14\/02\/2026: \u00abUn san Valent\u00edn comunicA\u00bb<\/span><\/h2>\n<p>La propuesta ha consistido en la redacci\u00f3n de cartas relacionadas con valores como el amor (entendido en sentido amplio), la amistad, el cari\u00f1o y la gratitud. El objetivo principal ha sido trabajar la expresi\u00f3n escrita a trav\u00e9s del texto epistolar, al mismo tiempo que se fomentaba la reflexi\u00f3n sobre la importancia del respeto, la empat\u00eda y las relaciones positivas. Para facilitar la creatividad y evitar situaciones inc\u00f3modas, al alumnado se le dio a elegir un tema (amor, amistad, cari\u00f1o o gratitud). Esto permiti\u00f3 que la actividad se desarrollase en un ambiente seguro y respetuoso. A cada estudiante se le entreg\u00f3 la plantilla de un sobre. En el interior redactaron una carta relacionada con el tema elegido. La carta pod\u00eda dirigirse a una persona real o imaginaria, a un familiar, amigo\/a, docente, mascota o incluso a un concepto (por ejemplo, \u201cQuerida amistad\u2026\u201d). Esta&nbsp;actividad favorece el desarrollo de la competencia ling\u00fc\u00edstica, as\u00ed como la competencia social y c\u00edvica, promoviendo una educaci\u00f3n en valores desde la escritura creativa.<\/p>\n<div class=\"yj6qo\"><a href=\"https:\/\/blogsaverroes.juntadeandalucia.es\/iescaballerobonald\/files\/2026\/02\/carta-de-amor-e1771430284645.jpeg\"><img loading=\"lazy\" decoding=\"async\" class=\"aligncenter wp-image-13211 size-large\" src=\"https:\/\/blogsaverroes.juntadeandalucia.es\/iescaballerobonald\/files\/2026\/02\/carta-de-amor-e1771430284645-1024x497.jpeg\" alt=\"\" width=\"1024\" height=\"497\" srcset=\"https:\/\/blogsaverroes.juntadeandalucia.es\/iescaballerobonald\/files\/2026\/02\/carta-de-amor-e1771430284645-1024x497.jpeg 1024w, https:\/\/blogsaverroes.juntadeandalucia.es\/iescaballerobonald\/files\/2026\/02\/carta-de-amor-e1771430284645-300x145.jpeg 300w, https:\/\/blogsaverroes.juntadeandalucia.es\/iescaballerobonald\/files\/2026\/02\/carta-de-amor-e1771430284645-768x372.jpeg 768w, https:\/\/blogsaverroes.juntadeandalucia.es\/iescaballerobonald\/files\/2026\/02\/carta-de-amor-e1771430284645-1536x745.jpeg 1536w, https:\/\/blogsaverroes.juntadeandalucia.es\/iescaballerobonald\/files\/2026\/02\/carta-de-amor-e1771430284645-2048x993.jpeg 2048w\" sizes=\"(max-width: 1024px) 100vw, 1024px\" \/><\/a><\/div>\n<h2 data-start=\"307\" data-end=\"365\"><span style=\"font-size: 16px\">05\/02\/2026: \u00abAnimales fant\u00e1sticos\u00bb<\/span><\/h2>\n<p style=\"text-align: justify\">El alumnado de&nbsp;1\u00ba de ESO D&nbsp;ha realizado en la asignatura de Lengua Castellana y Literatura un trabajo creativo para aprender a&nbsp;describir, una de las habilidades b\u00e1sicas de la expresi\u00f3n escrita. Para ello, cada alumno y alumna ha inventado un&nbsp;animal fant\u00e1stico, utilizando la imaginaci\u00f3n y aplicando los contenidos trabajados en clase. En este proyecto han creado animales \u00fanicos, combinando rasgos reales y fant\u00e1sticos, y los han descrito detallando su&nbsp;aspecto f\u00edsico,&nbsp;car\u00e1cter,&nbsp;h\u00e1bitat&nbsp;y&nbsp;habilidades especiales. El objetivo principal ha sido aprende<a href=\"https:\/\/blogsaverroes.juntadeandalucia.es\/iescaballerobonald\/files\/2026\/02\/animales-fantasticos.jpg\"><img loading=\"lazy\" decoding=\"async\" class=\"alignright wp-image-13197 size-medium\" src=\"https:\/\/blogsaverroes.juntadeandalucia.es\/iescaballerobonald\/files\/2026\/02\/animales-fantasticos-300x225.jpg\" alt=\"\" width=\"300\" height=\"225\" srcset=\"https:\/\/blogsaverroes.juntadeandalucia.es\/iescaballerobonald\/files\/2026\/02\/animales-fantasticos-300x225.jpg 300w, https:\/\/blogsaverroes.juntadeandalucia.es\/iescaballerobonald\/files\/2026\/02\/animales-fantasticos-1024x768.jpg 1024w, https:\/\/blogsaverroes.juntadeandalucia.es\/iescaballerobonald\/files\/2026\/02\/animales-fantasticos-768x576.jpg 768w, https:\/\/blogsaverroes.juntadeandalucia.es\/iescaballerobonald\/files\/2026\/02\/animales-fantasticos-1536x1152.jpg 1536w, https:\/\/blogsaverroes.juntadeandalucia.es\/iescaballerobonald\/files\/2026\/02\/animales-fantasticos-2048x1536.jpg 2048w\" sizes=\"(max-width: 300px) 100vw, 300px\" \/><\/a>r a usar&nbsp;adjetivos, ordenar la informaci\u00f3n y escribir descripciones claras y completas. Gracias a este trabajo, el alumnado ha desarrollado su&nbsp;creatividad, ha mejorado su&nbsp;expresi\u00f3n escrita&nbsp;y ha aprendido que describir tambi\u00e9n puede ser divertido.<\/p>\n<p>&nbsp;<\/p>\n<h2 data-start=\"307\" data-end=\"365\"><span style=\"font-size: 16px\">18\/01\/2026: \u00abLa Celestina, a escena\u00bb<\/span><\/h2>\n<p align=\"justify\">El alumnado de 3.\u00ba de ESO A y ha participado en el proyecto: \u201cLa Celestina, a escena\u201d, una actividad integrada en el Programa Comunica y a trav\u00e9s de la que han elaborado infograf\u00edas con herramientas como Canva, Genial.ly o Piktochart.<\/p>\n<p align=\"justify\">Las cuestiones abordadas en torno a esta obra de la literatura universal se han centrado en aspectos como los personajes, autor, contexto hist\u00f3rico, g\u00e9nero, estilo, temas o impacto en la historia de la Literatura. Los trabajos han sido expuestos en nuestro centro, al tiempo que puedes escucharlos en formato podcast, As\u00ed, hemos trabajado aspectos como el pensamiento cr\u00edtico, la expresi\u00f3n escrita y la oralidad.<a href=\"https:\/\/blogsaverroes.juntadeandalucia.es\/iescaballerobonald\/files\/2026\/01\/Presentacion-Celestina.pdf\" target=\"_blank\" rel=\"noopener\"><img loading=\"lazy\" decoding=\"async\" class=\"alignleft wp-image-13162 size-thumbnail\" src=\"https:\/\/blogsaverroes.juntadeandalucia.es\/iescaballerobonald\/files\/2026\/01\/Presentacion-Celestina-1_page-0001-150x150.jpg\" alt=\"\" width=\"150\" height=\"150\" srcset=\"https:\/\/blogsaverroes.juntadeandalucia.es\/iescaballerobonald\/files\/2026\/01\/Presentacion-Celestina-1_page-0001-150x150.jpg 150w, https:\/\/blogsaverroes.juntadeandalucia.es\/iescaballerobonald\/files\/2026\/01\/Presentacion-Celestina-1_page-0001-80x80.jpg 80w, https:\/\/blogsaverroes.juntadeandalucia.es\/iescaballerobonald\/files\/2026\/01\/Presentacion-Celestina-1_page-0001-320x320.jpg 320w\" sizes=\"(max-width: 150px) 100vw, 150px\" \/><\/a><\/p>\n<p align=\"justify\">ENLACE A PODCAST: <a href=\"https:\/\/soundcloud.com\/io-toledo\/sets\/la-celestina\" target=\"_blank\" rel=\"noopener\" data-saferedirecturl=\"https:\/\/www.google.com\/url?q=https:\/\/soundcloud.com\/io-toledo\/sets\/la-celestina&amp;source=gmail&amp;ust=1768924579874000&amp;usg=AOvVaw3FmwivYs4jh4adhjX-gA1Q\">https:\/\/soundcloud.com\/io-toledo\/sets\/la-celestina<\/a><\/p>\n<p align=\"justify\"><a href=\"https:\/\/blogsaverroes.juntadeandalucia.es\/iescaballerobonald\/files\/2026\/01\/Presentacion-Celestina.pdf\">Presentaci\u00f3n Celestina<\/a><\/p>\n<p align=\"justify\">&nbsp;<\/p>\n<h2 data-start=\"307\" data-end=\"365\"><span style=\"font-size: 16px\">20\/12\/2025: \u00abMicrorrelatos navide\u00f1os\u00bb.<\/span><\/h2>\n<div>El alumnado de Lengua Castellana y Literatura llev\u00f3 a cabo en los d\u00edas previos a las fiestas una actividad sobre t\u00e9cnicas narrativas en la que redact\u00f3 microrrelatos de tem\u00e1tica navide\u00f1a. Estos textos se plasmaron en diferentes como plantillas de libros, que sirvieron para la realizaci\u00f3n de \u00e1rboles de Navidad.&nbsp;<\/div>\n<div>En la imagen aparece parte del alumnado participante en esta actividad, concretamente del grupo 1.\u00ba D.<\/div>\n<div><a href=\"https:\/\/blogsaverroes.juntadeandalucia.es\/iescaballerobonald\/files\/2026\/01\/microrrelatos.jpg\"><img loading=\"lazy\" decoding=\"async\" class=\"aligncenter wp-image-13150 size-medium\" src=\"https:\/\/blogsaverroes.juntadeandalucia.es\/iescaballerobonald\/files\/2026\/01\/microrrelatos-300x225.jpg\" alt=\"\" width=\"300\" height=\"225\" srcset=\"https:\/\/blogsaverroes.juntadeandalucia.es\/iescaballerobonald\/files\/2026\/01\/microrrelatos-300x225.jpg 300w, https:\/\/blogsaverroes.juntadeandalucia.es\/iescaballerobonald\/files\/2026\/01\/microrrelatos-1024x768.jpg 1024w, https:\/\/blogsaverroes.juntadeandalucia.es\/iescaballerobonald\/files\/2026\/01\/microrrelatos-768x576.jpg 768w, https:\/\/blogsaverroes.juntadeandalucia.es\/iescaballerobonald\/files\/2026\/01\/microrrelatos-1536x1152.jpg 1536w, https:\/\/blogsaverroes.juntadeandalucia.es\/iescaballerobonald\/files\/2026\/01\/microrrelatos-2048x1536.jpg 2048w\" sizes=\"(max-width: 300px) 100vw, 300px\" \/><\/a><\/div>\n<h2 data-start=\"307\" data-end=\"365\"><span style=\"font-size: 16px\">15\/12\/2025: \u00abYo, juglar\u00bb: nuevos juglares para contar el siglo XXI.<\/span><\/h2>\n<p>El alumnado de 3.\u00ba de ESO ha participado en el proyecto \u201c<a href=\"http:\/\/chrome-extension:\/\/efaidnbmnnnibpcajpcglclefindmkaj\/https:\/\/blogsaverroes.juntadeandalucia.es\/iescaballerobonald\/files\/2025\/12\/Yo-juglar-Presentacion.pdf\">Yo, juglar<\/a>\u201d, una actividad integrada en el Programa Comunica que une literatura, actualidad y expresi\u00f3n oral.<br data-start=\"371\" data-end=\"374\"\/>A partir de noticias reales, el alumnado ha creado romances al estilo de los antiguos juglares, demostrando que la palabra sigue siendo una poderosa herramienta para contar el mundo. Como parte del proyecto, los textos han sido interpretados y grabados en formato <a href=\"https:\/\/soundcloud.com\/io-toledo\/sets\/yo-juglar?si=7fe0c8651df142b8a1f9019a6cbfb3dd&amp;utm_source=clipboard&amp;utm_medium=text&amp;utm_campaign=social_sharing\">Podcast<\/a>, dando voz a los versos y recuperando la tradici\u00f3n oral en clave actual.<br data-start=\"728\" data-end=\"731\"\/>Esta experiencia ha permitido trabajar la expresi\u00f3n escrita y oral, la creatividad y el pensamiento cr\u00edtico, utilizando adem\u00e1s formatos digitales cercanos al alumnado. Una forma original y motivadora de aprender a comunicar\u2026 como los juglares de hoy. \ud83c\udf99\ufe0f\ud83d\udcdc<\/p>\n<p><a href=\"\/\/blogsaverroes.juntadeandalucia.es\/iescaballerobonald\/files\/2025\/12\/Yo-juglar-Presentacion.pdf\" target=\"_blank\" rel=\"noopener\"><img loading=\"lazy\" decoding=\"async\" class=\"aligncenter wp-image-13067 size-large\" src=\"https:\/\/blogsaverroes.juntadeandalucia.es\/iescaballerobonald\/files\/2025\/12\/Yo-juglar-Presentacion-1_page-0001-1024x576.jpg\" alt=\"\" width=\"1024\" height=\"576\" srcset=\"https:\/\/blogsaverroes.juntadeandalucia.es\/iescaballerobonald\/files\/2025\/12\/Yo-juglar-Presentacion-1_page-0001-1024x576.jpg 1024w, https:\/\/blogsaverroes.juntadeandalucia.es\/iescaballerobonald\/files\/2025\/12\/Yo-juglar-Presentacion-1_page-0001-300x169.jpg 300w, https:\/\/blogsaverroes.juntadeandalucia.es\/iescaballerobonald\/files\/2025\/12\/Yo-juglar-Presentacion-1_page-0001-768x432.jpg 768w, https:\/\/blogsaverroes.juntadeandalucia.es\/iescaballerobonald\/files\/2025\/12\/Yo-juglar-Presentacion-1_page-0001-1536x865.jpg 1536w, https:\/\/blogsaverroes.juntadeandalucia.es\/iescaballerobonald\/files\/2025\/12\/Yo-juglar-Presentacion-1_page-0001.jpg 1654w\" sizes=\"(max-width: 1024px) 100vw, 1024px\" \/><\/a><\/p>\n<p><a href=\"https:\/\/blogsaverroes.juntadeandalucia.es\/iescaballerobonald\/files\/2025\/12\/Yo-juglar-Presentacion.pdf\">Yo, juglar Presentaci\u00f3n<\/a><\/p>\n<p><a href=\"https:\/\/soundcloud.com\/io-toledo\/sets\/yo-juglar?si=7fe0c8651df142b8a1f9019a6cbfb3dd&amp;utm_source=clipboard&amp;utm_medium=text&amp;utm_campaign=social_sharing\">Podcast<\/a><\/p>\n<h2 data-start=\"307\" data-end=\"365\">31\/10\/2025 \ud83d\udd6f\ufe0f\ud83d\udcd6 <em data-start=\"316\" data-end=\"363\">Relatos de terror: cuando el miedo se escribe<\/em><\/h2>\n<p data-start=\"367\" data-end=\"709\">El alumnado de 1.\u00ba A y 1.\u00ba D ha celebrado Halloween de una forma muy literaria: dando vida a sus propios relatos de terror en las clases de Lengua Castellana y Literatura.<br data-start=\"550\" data-end=\"553\"\/>Esta actividad, impulsada desde el Programa Comunica, tiene como objetivo fomentar la expresi\u00f3n escrita, la imaginaci\u00f3n y el gusto por la palabra.<\/p>\n<p data-start=\"711\" data-end=\"1031\">Entre sombras, fantasmas y misterios, nuestros j\u00f3venes autores han demostrado que escribir tambi\u00e9n puede ser una aventura emocionante\u2026 y escalofriante. \ud83d\udc7b El resultado: una colecci\u00f3n de historias originales, creativas y llenas de talento que revelan que el miedo, cuando se cuenta bien, tambi\u00e9n ense\u00f1a a pensar. \ud83d\udc80\u270d\ufe0f<\/p>\n<div style=\"width: 1280px;\" class=\"wp-video\"><!--[if lt IE 9]><script>document.createElement('video');<\/script><![endif]-->\n<video class=\"wp-video-shortcode\" id=\"video-7844-1\" width=\"1280\" height=\"720\" preload=\"metadata\" controls=\"controls\"><source type=\"video\/mp4\" src=\"https:\/\/blogsaverroes.juntadeandalucia.es\/iescaballerobonald\/files\/2025\/11\/RELATOS-DE-TERROR.mp4?_=1\" \/><a href=\"https:\/\/blogsaverroes.juntadeandalucia.es\/iescaballerobonald\/files\/2025\/11\/RELATOS-DE-TERROR.mp4\">https:\/\/blogsaverroes.juntadeandalucia.es\/iescaballerobonald\/files\/2025\/11\/RELATOS-DE-TERROR.mp4<\/a><\/video><\/div>\n<p><a href=\"https:\/\/blogsaverroes.juntadeandalucia.es\/iescaballerobonald\/files\/2025\/10\/DOSIER-PLANES-Y-PROGRAMAS-25-26-18_page-0001.jpg\"><img loading=\"lazy\" decoding=\"async\" class=\"aligncenter size-full wp-image-12719\" src=\"https:\/\/blogsaverroes.juntadeandalucia.es\/iescaballerobonald\/files\/2025\/10\/DOSIER-PLANES-Y-PROGRAMAS-25-26-18_page-0001.jpg\" alt=\"\" width=\"1241\" height=\"1755\" srcset=\"https:\/\/blogsaverroes.juntadeandalucia.es\/iescaballerobonald\/files\/2025\/10\/DOSIER-PLANES-Y-PROGRAMAS-25-26-18_page-0001.jpg 1131w, https:\/\/blogsaverroes.juntadeandalucia.es\/iescaballerobonald\/files\/2025\/10\/DOSIER-PLANES-Y-PROGRAMAS-25-26-18_page-0001-212x300.jpg 212w, https:\/\/blogsaverroes.juntadeandalucia.es\/iescaballerobonald\/files\/2025\/10\/DOSIER-PLANES-Y-PROGRAMAS-25-26-18_page-0001-724x1024.jpg 724w, https:\/\/blogsaverroes.juntadeandalucia.es\/iescaballerobonald\/files\/2025\/10\/DOSIER-PLANES-Y-PROGRAMAS-25-26-18_page-0001-768x1086.jpg 768w, https:\/\/blogsaverroes.juntadeandalucia.es\/iescaballerobonald\/files\/2025\/10\/DOSIER-PLANES-Y-PROGRAMAS-25-26-18_page-0001-1086x1536.jpg 1086w\" sizes=\"(max-width: 1241px) 100vw, 1241px\" \/><\/a><\/p>\n<p><a href=\"https:\/\/blogsaverroes.juntadeandalucia.es\/iescaballerobonald\/category\/que-estamos-haciendo-en-comunica\/\" target=\"_blank\" rel=\"noopener noreferrer\">\u00bfQuieres saber todo lo que hacemos en ComunicA? <\/a><\/p>\n<p style=\"text-align: center\"><span style=\"color: #993366\"><strong>NUESTROS\/AS COMUNICADORES\/AS<\/strong><\/span><\/p>\n<p><a href=\"https:\/\/blogsaverroes.juntadeandalucia.es\/iescaballerobonald\/files\/2022\/12\/IMG-20221219-WA0001.jpg\"><img loading=\"lazy\" decoding=\"async\" class=\"aligncenter size-large wp-image-7914\" src=\"https:\/\/blogsaverroes.juntadeandalucia.es\/iescaballerobonald\/files\/2022\/12\/IMG-20221219-WA0001-1024x768.jpg\" alt=\"\" width=\"1024\" height=\"768\" srcset=\"https:\/\/blogsaverroes.juntadeandalucia.es\/iescaballerobonald\/files\/2022\/12\/IMG-20221219-WA0001-1024x768.jpg 1024w, https:\/\/blogsaverroes.juntadeandalucia.es\/iescaballerobonald\/files\/2022\/12\/IMG-20221219-WA0001-300x225.jpg 300w, https:\/\/blogsaverroes.juntadeandalucia.es\/iescaballerobonald\/files\/2022\/12\/IMG-20221219-WA0001-768x576.jpg 768w, https:\/\/blogsaverroes.juntadeandalucia.es\/iescaballerobonald\/files\/2022\/12\/IMG-20221219-WA0001-1536x1152.jpg 1536w, https:\/\/blogsaverroes.juntadeandalucia.es\/iescaballerobonald\/files\/2022\/12\/IMG-20221219-WA0001.jpg 1600w\" sizes=\"(max-width: 1024px) 100vw, 1024px\" \/><\/a><\/p>\n<p style=\"text-align: center\"><strong>19\/05\/2023. AMPLIANDO INGL\u00c9S EN GONZ\u00c1LEZ BYASS<\/strong><\/p>\n<p>El alumnado de Ampliaci\u00f3n de Ingl\u00e9s (4\u00ba de ESO) ha realizado una visita guiada en ingl\u00e9s a la bodega Gonz\u00e1lez Byass, para as\u00ed practicar el idioma en el \u00e1mbito del vino, tan importante en la cultura y vida jerezana.&nbsp;<\/p>\n<p><a href=\"https:\/\/blogsaverroes.juntadeandalucia.es\/iescaballerobonald\/2023\/05\/19\/ampliamos-ingles-4o-eso-en-gonzalez-byass\/img-20230519-wa0021\/\" rel=\"attachment wp-att-9211\"><img loading=\"lazy\" decoding=\"async\" class=\"aligncenter size-full wp-image-9211\" src=\"https:\/\/blogsaverroes.juntadeandalucia.es\/iescaballerobonald\/files\/2023\/05\/IMG-20230519-WA0021.jpg\" alt=\"\" width=\"1024\" height=\"768\" srcset=\"https:\/\/blogsaverroes.juntadeandalucia.es\/iescaballerobonald\/files\/2023\/05\/IMG-20230519-WA0021.jpg 1024w, https:\/\/blogsaverroes.juntadeandalucia.es\/iescaballerobonald\/files\/2023\/05\/IMG-20230519-WA0021-300x225.jpg 300w, https:\/\/blogsaverroes.juntadeandalucia.es\/iescaballerobonald\/files\/2023\/05\/IMG-20230519-WA0021-768x576.jpg 768w\" sizes=\"(max-width: 1024px) 100vw, 1024px\" \/><\/a><\/p>\n<p style=\"text-align: center\"><strong>10\/05\/2023. EL ESTOICISMO RESPONDE<\/strong><\/p>\n<p>El alumnado de Filosof\u00eda (4\u00ba de ESO) ha decidido poner en pr\u00e1ctica los consejos del estoicismo y elaborar p\u00e1ginas web con sus mejores recetas para solucionar problemas. Incluso responden a tus preguntas si se las planteas&#8230;. Sabidur\u00eda en estado puro!! Aqu\u00ed tienes algunas de sus p\u00e1ginas:<\/p>\n<p><a href=\"https:\/\/sites.google.com\/iescaballerobonald.com\/psicologa-estoica?usp=sharing\" target=\"_blank\" rel=\"noopener noreferrer\">Iriel y Blanca:&nbsp;<em>Psicolog\u00eda estoica<\/em><\/a><\/p>\n<p><a href=\"https:\/\/sites.google.com\/iescaballerobonald.com\/gymest0ico\/inicio\" target=\"_blank\" rel=\"noopener noreferrer\">Jos\u00e9 Luis y Paula:&nbsp;<em>Proyecto estoico sobre Gym<\/em><\/a><\/p>\n<p><a href=\"https:\/\/sites.google.com\/iescaballerobonald.com\/culpa-estoicismo\/inicio\" target=\"_blank\" rel=\"noopener noreferrer\">Roc\u00edo Vega y Roc\u00edo L\u00f3pez:&nbsp;<em>Secta rociera: la culpa<\/em><\/a><\/p>\n<p><a href=\"https:\/\/sites.google.com\/iescaballerobonald.com\/samypedroestoicos\/inicio\" target=\"_blank\" rel=\"noopener noreferrer\">Sam y Pedro: <em>\u00bfC\u00f3mo dejar de tener miedo a la muerte?<\/em><\/a><\/p>\n<p><a href=\"https:\/\/sites.google.com\/iescaballerobonald.com\/estoicismo-y-amor\/inicio\" target=\"_blank\" rel=\"noopener noreferrer\">C\u00e9sar y Carmen: <em>Estoicismo y amor<\/em><\/a><\/p>\n<p><a href=\"https:\/\/sites.google.com\/iescaballerobonald.com\/estoicismo-en-el-instituto\/inicio\">Rafael y Celia:&nbsp;<em>\u00bfSientes que ir al instituto es in\u00fatil?<\/em><\/a><\/p>\n<p><a href=\"https:\/\/sites.google.com\/iescaballerobonald.com\/amistades?usp=sharing\">Miriam y Nayara:&nbsp;<em>\u00bfCrees que no entiendes las amistades?<\/em><\/a><\/p>\n<p style=\"text-align: center\"><strong>04\/05\/2023. BIOGRAPHIES: MY MOTHER (3\u00ba ESO)<\/strong><\/p>\n<p><a href=\"https:\/\/blogsaverroes.juntadeandalucia.es\/iescaballerobonald\/2023\/05\/04\/biographies-my-mother-3o-eso\/maria-gil-3c_page-0001\/\" rel=\"attachment wp-att-9030\"><img loading=\"lazy\" decoding=\"async\" class=\"aligncenter size-full wp-image-9030\" src=\"https:\/\/blogsaverroes.juntadeandalucia.es\/iescaballerobonald\/files\/2023\/05\/Mar\u00eda-Gil-3\u00b0C_page-0001.jpg\" alt=\"\" width=\"1131\" height=\"1600\" srcset=\"https:\/\/blogsaverroes.juntadeandalucia.es\/iescaballerobonald\/files\/2023\/05\/Mar\u00eda-Gil-3\u00b0C_page-0001.jpg 1131w, https:\/\/blogsaverroes.juntadeandalucia.es\/iescaballerobonald\/files\/2023\/05\/Mar\u00eda-Gil-3\u00b0C_page-0001-212x300.jpg 212w, https:\/\/blogsaverroes.juntadeandalucia.es\/iescaballerobonald\/files\/2023\/05\/Mar\u00eda-Gil-3\u00b0C_page-0001-724x1024.jpg 724w, https:\/\/blogsaverroes.juntadeandalucia.es\/iescaballerobonald\/files\/2023\/05\/Mar\u00eda-Gil-3\u00b0C_page-0001-768x1086.jpg 768w, https:\/\/blogsaverroes.juntadeandalucia.es\/iescaballerobonald\/files\/2023\/05\/Mar\u00eda-Gil-3\u00b0C_page-0001-1086x1536.jpg 1086w\" sizes=\"(max-width: 1131px) 100vw, 1131px\" \/><\/a> <a href=\"https:\/\/blogsaverroes.juntadeandalucia.es\/iescaballerobonald\/2023\/05\/04\/biographies-my-mother-3o-eso\/daniela-sainz-3e_page-0001\/\" rel=\"attachment wp-att-9029\"><img loading=\"lazy\" decoding=\"async\" class=\"aligncenter size-full wp-image-9029\" src=\"https:\/\/blogsaverroes.juntadeandalucia.es\/iescaballerobonald\/files\/2023\/05\/Daniela-Sainz-3\u00b0E_page-0001-scaled.jpg\" alt=\"\" width=\"640\" height=\"1600\" srcset=\"https:\/\/blogsaverroes.juntadeandalucia.es\/iescaballerobonald\/files\/2023\/05\/Daniela-Sainz-3\u00b0E_page-0001-scaled.jpg 640w, https:\/\/blogsaverroes.juntadeandalucia.es\/iescaballerobonald\/files\/2023\/05\/Daniela-Sainz-3\u00b0E_page-0001-120x300.jpg 120w, https:\/\/blogsaverroes.juntadeandalucia.es\/iescaballerobonald\/files\/2023\/05\/Daniela-Sainz-3\u00b0E_page-0001-410x1024.jpg 410w, https:\/\/blogsaverroes.juntadeandalucia.es\/iescaballerobonald\/files\/2023\/05\/Daniela-Sainz-3\u00b0E_page-0001-768x1920.jpg 768w, https:\/\/blogsaverroes.juntadeandalucia.es\/iescaballerobonald\/files\/2023\/05\/Daniela-Sainz-3\u00b0E_page-0001-614x1536.jpg 614w, https:\/\/blogsaverroes.juntadeandalucia.es\/iescaballerobonald\/files\/2023\/05\/Daniela-Sainz-3\u00b0E_page-0001-819x2048.jpg 819w\" sizes=\"(max-width: 640px) 100vw, 640px\" \/><\/a> <a href=\"https:\/\/blogsaverroes.juntadeandalucia.es\/iescaballerobonald\/2023\/05\/04\/biographies-my-mother-3o-eso\/ana-alonso-3e\/\" rel=\"attachment wp-att-9028\"><img loading=\"lazy\" decoding=\"async\" class=\"aligncenter size-full wp-image-9028\" src=\"https:\/\/blogsaverroes.juntadeandalucia.es\/iescaballerobonald\/files\/2023\/05\/Ana-Alonso-3\u00b0E.jpeg\" alt=\"\" width=\"1131\" height=\"1600\" srcset=\"https:\/\/blogsaverroes.juntadeandalucia.es\/iescaballerobonald\/files\/2023\/05\/Ana-Alonso-3\u00b0E.jpeg 1131w, https:\/\/blogsaverroes.juntadeandalucia.es\/iescaballerobonald\/files\/2023\/05\/Ana-Alonso-3\u00b0E-212x300.jpeg 212w, https:\/\/blogsaverroes.juntadeandalucia.es\/iescaballerobonald\/files\/2023\/05\/Ana-Alonso-3\u00b0E-724x1024.jpeg 724w, https:\/\/blogsaverroes.juntadeandalucia.es\/iescaballerobonald\/files\/2023\/05\/Ana-Alonso-3\u00b0E-768x1086.jpeg 768w, https:\/\/blogsaverroes.juntadeandalucia.es\/iescaballerobonald\/files\/2023\/05\/Ana-Alonso-3\u00b0E-1086x1536.jpeg 1086w\" sizes=\"(max-width: 1131px) 100vw, 1131px\" \/><\/a> <a href=\"https:\/\/blogsaverroes.juntadeandalucia.es\/iescaballerobonald\/2023\/05\/04\/biographies-my-mother-3o-eso\/daniel-moron-3e\/\" rel=\"attachment wp-att-9027\"><img loading=\"lazy\" decoding=\"async\" class=\"aligncenter size-full wp-image-9027\" src=\"https:\/\/blogsaverroes.juntadeandalucia.es\/iescaballerobonald\/files\/2023\/05\/Daniel-Mor\u00f3n-3\u00b0E.png\" alt=\"\" width=\"1131\" height=\"1600\" srcset=\"https:\/\/blogsaverroes.juntadeandalucia.es\/iescaballerobonald\/files\/2023\/05\/Daniel-Mor\u00f3n-3\u00b0E.png 1131w, https:\/\/blogsaverroes.juntadeandalucia.es\/iescaballerobonald\/files\/2023\/05\/Daniel-Mor\u00f3n-3\u00b0E-212x300.png 212w, https:\/\/blogsaverroes.juntadeandalucia.es\/iescaballerobonald\/files\/2023\/05\/Daniel-Mor\u00f3n-3\u00b0E-724x1024.png 724w, https:\/\/blogsaverroes.juntadeandalucia.es\/iescaballerobonald\/files\/2023\/05\/Daniel-Mor\u00f3n-3\u00b0E-768x1086.png 768w, https:\/\/blogsaverroes.juntadeandalucia.es\/iescaballerobonald\/files\/2023\/05\/Daniel-Mor\u00f3n-3\u00b0E-1086x1536.png 1086w, https:\/\/blogsaverroes.juntadeandalucia.es\/iescaballerobonald\/files\/2023\/05\/Daniel-Mor\u00f3n-3\u00b0E-1448x2048.png 1448w\" sizes=\"(max-width: 1131px) 100vw, 1131px\" \/><\/a> <a href=\"https:\/\/blogsaverroes.juntadeandalucia.es\/iescaballerobonald\/2023\/05\/04\/biographies-my-mother-3o-eso\/jesus-puerto-3c\/\" rel=\"attachment wp-att-9026\"><img loading=\"lazy\" decoding=\"async\" class=\"aligncenter size-full wp-image-9026\" src=\"https:\/\/blogsaverroes.juntadeandalucia.es\/iescaballerobonald\/files\/2023\/05\/Jes\u00fas-Puerto-3\u00b0C.png\" alt=\"\" width=\"800\" height=\"1200\" srcset=\"https:\/\/blogsaverroes.juntadeandalucia.es\/iescaballerobonald\/files\/2023\/05\/Jes\u00fas-Puerto-3\u00b0C.png 800w, https:\/\/blogsaverroes.juntadeandalucia.es\/iescaballerobonald\/files\/2023\/05\/Jes\u00fas-Puerto-3\u00b0C-200x300.png 200w, https:\/\/blogsaverroes.juntadeandalucia.es\/iescaballerobonald\/files\/2023\/05\/Jes\u00fas-Puerto-3\u00b0C-683x1024.png 683w, https:\/\/blogsaverroes.juntadeandalucia.es\/iescaballerobonald\/files\/2023\/05\/Jes\u00fas-Puerto-3\u00b0C-768x1152.png 768w\" sizes=\"(max-width: 800px) 100vw, 800px\" \/><\/a><\/p>\n<p style=\"text-align: center\"><strong>24\/04\/2023 TERCERA COSECHA \u00abDELF\u00bb<\/strong><\/p>\n<p>Nuestras brillantes alumnas de franc\u00e9s est\u00e1n hoy examin\u00e1ndose del DELF, para conseguir la certificaci\u00f3n B1 o B2 del Dipl\u00f4me d\u2019\u00e9tudes en langue fran\u00e7aise (Diploma de Estudios en Lengua Francesa). Estamos convencidos de que los resultados ser\u00e1n magn\u00edficos. Mucha suerte!!<\/p>\n<p><a href=\"https:\/\/blogsaverroes.juntadeandalucia.es\/iescaballerobonald\/2023\/04\/25\/tercera-cosecha-delf\/img-20230427-wa0002\/\" rel=\"attachment wp-att-8980\"><img loading=\"lazy\" decoding=\"async\" class=\"aligncenter size-full wp-image-8980\" src=\"https:\/\/blogsaverroes.juntadeandalucia.es\/iescaballerobonald\/files\/2023\/04\/IMG-20230427-WA0002.jpg\" alt=\"\" width=\"1600\" height=\"1200\" srcset=\"https:\/\/blogsaverroes.juntadeandalucia.es\/iescaballerobonald\/files\/2023\/04\/IMG-20230427-WA0002.jpg 1600w, https:\/\/blogsaverroes.juntadeandalucia.es\/iescaballerobonald\/files\/2023\/04\/IMG-20230427-WA0002-300x225.jpg 300w, https:\/\/blogsaverroes.juntadeandalucia.es\/iescaballerobonald\/files\/2023\/04\/IMG-20230427-WA0002-1024x768.jpg 1024w, https:\/\/blogsaverroes.juntadeandalucia.es\/iescaballerobonald\/files\/2023\/04\/IMG-20230427-WA0002-768x576.jpg 768w, https:\/\/blogsaverroes.juntadeandalucia.es\/iescaballerobonald\/files\/2023\/04\/IMG-20230427-WA0002-1536x1152.jpg 1536w\" sizes=\"(max-width: 1600px) 100vw, 1600px\" \/><\/a> <a href=\"https:\/\/blogsaverroes.juntadeandalucia.es\/iescaballerobonald\/2023\/04\/25\/tercera-cosecha-delf\/img-20230426-wa0003\/\" rel=\"attachment wp-att-8960\"><img loading=\"lazy\" decoding=\"async\" class=\"aligncenter size-full wp-image-8960\" src=\"https:\/\/blogsaverroes.juntadeandalucia.es\/iescaballerobonald\/files\/2023\/04\/IMG-20230426-WA0003.jpg\" alt=\"\" width=\"1600\" height=\"1200\" srcset=\"https:\/\/blogsaverroes.juntadeandalucia.es\/iescaballerobonald\/files\/2023\/04\/IMG-20230426-WA0003.jpg 1600w, https:\/\/blogsaverroes.juntadeandalucia.es\/iescaballerobonald\/files\/2023\/04\/IMG-20230426-WA0003-300x225.jpg 300w, https:\/\/blogsaverroes.juntadeandalucia.es\/iescaballerobonald\/files\/2023\/04\/IMG-20230426-WA0003-1024x768.jpg 1024w, https:\/\/blogsaverroes.juntadeandalucia.es\/iescaballerobonald\/files\/2023\/04\/IMG-20230426-WA0003-768x576.jpg 768w, https:\/\/blogsaverroes.juntadeandalucia.es\/iescaballerobonald\/files\/2023\/04\/IMG-20230426-WA0003-1536x1152.jpg 1536w\" sizes=\"(max-width: 1600px) 100vw, 1600px\" \/><\/a><\/p>\n<p>&nbsp;<\/p>\n<p><a href=\"https:\/\/blogsaverroes.juntadeandalucia.es\/iescaballerobonald\/2023\/04\/24\/tercera-cosecha-delf\/img-20230424-wa0002\/\" rel=\"attachment wp-att-8777\"><img loading=\"lazy\" decoding=\"async\" class=\"aligncenter size-full wp-image-8777\" src=\"https:\/\/blogsaverroes.juntadeandalucia.es\/iescaballerobonald\/files\/2023\/04\/IMG-20230424-WA0002.jpg\" alt=\"\" width=\"1600\" height=\"1200\" srcset=\"https:\/\/blogsaverroes.juntadeandalucia.es\/iescaballerobonald\/files\/2023\/04\/IMG-20230424-WA0002.jpg 1600w, https:\/\/blogsaverroes.juntadeandalucia.es\/iescaballerobonald\/files\/2023\/04\/IMG-20230424-WA0002-300x225.jpg 300w, https:\/\/blogsaverroes.juntadeandalucia.es\/iescaballerobonald\/files\/2023\/04\/IMG-20230424-WA0002-1024x768.jpg 1024w, https:\/\/blogsaverroes.juntadeandalucia.es\/iescaballerobonald\/files\/2023\/04\/IMG-20230424-WA0002-768x576.jpg 768w, https:\/\/blogsaverroes.juntadeandalucia.es\/iescaballerobonald\/files\/2023\/04\/IMG-20230424-WA0002-1536x1152.jpg 1536w\" sizes=\"(max-width: 1600px) 100vw, 1600px\" \/><\/a><\/p>\n<p style=\"text-align: center\"><strong>22\/04\/2023 DEBATE SOBRE FEMINISMO EN ORATORIA Y DEBATE<\/strong><\/p>\n<p>El alumnado de 1\u00ba y 2\u00ba de ESO realiza un interesant\u00edsimo <a href=\"https:\/\/drive.google.com\/file\/d\/1YGyq6K-JYfHKGb-mQrBxP24WPkZ39JLc\/view?usp=sharing\">debate sobre el feminismo<\/a> dentro de la materia <em>Oratoria y debate<\/em>.<\/p>\n<p style=\"text-align: center\"><strong>20\/04\/2023 ITINERARIOS VIAJEROS CON 3\u00ba DE ESO<\/strong><\/p>\n<p>\u00bfTe gustar\u00eda, por un momento disfrutar de una estancia en Grecia o Egipto? Pues resulta posible, porque e alumnado de 3\u00ba de ESO ha elaborado unos sugerentes itinerarios por diferentes destinos tur\u00edsticos. Si no tienes planes este verano\u2026.<\/p>\n<p><a href=\"https:\/\/view.genial.ly\/640f06fff9a2220019ae5b76\/guide-guia-evento\" target=\"_blank\" rel=\"attachment noopener wp-att-8700 noreferrer\"><img loading=\"lazy\" decoding=\"async\" class=\"aligncenter wp-image-8700 size-full\" src=\"https:\/\/blogsaverroes.juntadeandalucia.es\/iescaballerobonald\/files\/2023\/04\/Presentaci\u00f3n2.jpg\" alt=\"\" width=\"1280\" height=\"720\" srcset=\"https:\/\/blogsaverroes.juntadeandalucia.es\/iescaballerobonald\/files\/2023\/04\/Presentaci\u00f3n2.jpg 1280w, https:\/\/blogsaverroes.juntadeandalucia.es\/iescaballerobonald\/files\/2023\/04\/Presentaci\u00f3n2-300x169.jpg 300w, https:\/\/blogsaverroes.juntadeandalucia.es\/iescaballerobonald\/files\/2023\/04\/Presentaci\u00f3n2-1024x576.jpg 1024w, https:\/\/blogsaverroes.juntadeandalucia.es\/iescaballerobonald\/files\/2023\/04\/Presentaci\u00f3n2-768x432.jpg 768w\" sizes=\"(max-width: 1280px) 100vw, 1280px\" \/><\/a> <a href=\"https:\/\/view.genial.ly\/64118ffe52cf160013214db4\/presentation-egypt-presentation\" target=\"_blank\" rel=\"attachment noopener wp-att-8702 noreferrer\"><img loading=\"lazy\" decoding=\"async\" class=\"aligncenter wp-image-8702 size-full\" src=\"https:\/\/blogsaverroes.juntadeandalucia.es\/iescaballerobonald\/files\/2023\/04\/Presentaci\u00f3n1-1.jpg\" alt=\"\" width=\"1280\" height=\"720\" srcset=\"https:\/\/blogsaverroes.juntadeandalucia.es\/iescaballerobonald\/files\/2023\/04\/Presentaci\u00f3n1-1.jpg 1280w, https:\/\/blogsaverroes.juntadeandalucia.es\/iescaballerobonald\/files\/2023\/04\/Presentaci\u00f3n1-1-300x169.jpg 300w, https:\/\/blogsaverroes.juntadeandalucia.es\/iescaballerobonald\/files\/2023\/04\/Presentaci\u00f3n1-1-1024x576.jpg 1024w, https:\/\/blogsaverroes.juntadeandalucia.es\/iescaballerobonald\/files\/2023\/04\/Presentaci\u00f3n1-1-768x432.jpg 768w\" sizes=\"(max-width: 1280px) 100vw, 1280px\" \/><\/a><\/p>\n<p style=\"text-align: center\"><strong>28\/03\/2023 LAS MUJERES EN LA ANTIG\u00dcEDAD CL\u00c1SICA<\/strong><\/p>\n<p>Esta actividad ha sido realizada por el alumnado de 1\u00ba G de Lat\u00edn. Ha consistido en una puesta en escena, en la que se han representado algunos de los personajes femeninos m\u00e1s relevantes de Grecia y Roma, tanto hist\u00f3ricos como literarios y mitol\u00f3gicos. Una parte del alumnado se ha metido en el papel de Aurelia, Ant\u00edgona, Pen\u00e9lope, Cleopatra, Sulpicia y Safo. Y otra parte ha hablado sobre otros personajes como Electra, Hipatia, Livia, Lucrecia, Agripina la Menor, Casandra y Aspasia.<\/p>\n<div>La actividad, que se ha realizado con motivo de la celebraci\u00f3n del D\u00eda de la Mujer, se ha representado el jueves 16 de marzo en el SUM para alumnos y alumnas de 4\u00ba A, B y E. <a href=\"https:\/\/docs.google.com\/presentation\/d\/1CHiYJwTup4-Vm9kyOUYXwesy6z1t31qc\/edit?usp=share_link&amp;ouid=102093446499972578817&amp;rtpof=true&amp;sd=true\">Se ha acompa\u00f1ado de una presentaci\u00f3n digital en la que se mostraba a todas las mujeres que iban apareciendo o de las que se hablaba<\/a>.<\/div>\n<p style=\"text-align: center\"><iframe loading=\"lazy\" src=\"https:\/\/www.youtube.com\/embed\/DdQVLdg3stw\" width=\"560\" height=\"315\" frameborder=\"0\"><\/iframe>&nbsp;<\/p>\n<p style=\"text-align: center\"><strong>8\/3\/2023 TEATRO DE FIL\u00d3SOFOS<\/strong><\/p>\n<p>El alumnado de Filosof\u00eda (4\u00ba de ESO) teatraliza diversas posturas en la historia de la filosof\u00eda sobre lo que es el ser humano y su identidad. La actividad se realiza dentro del Programa \u00abComunicA Teatro\u00bb.<\/p>\n<p style=\"text-align: center\"><iframe loading=\"lazy\" src=\"https:\/\/www.youtube.com\/embed\/CgSyfFaY8-s\" width=\"560\" height=\"315\" frameborder=\"0\"><\/iframe>&nbsp;<\/p>\n<p>&nbsp;<\/p>\n<p>&nbsp;<\/p>\n<p style=\"text-align: center\"><strong>30\/01\/2023 BOOKTRAILERS 4\u00ba ESO. AMPLIACI\u00d3N DE INGL\u00c9S<\/strong><\/p>\n<p><iframe loading=\"lazy\" src=\"https:\/\/www.youtube.com\/embed\/mGiW9OUYNlk\" width=\"560\" height=\"315\" frameborder=\"0\"><span data-mce-type=\"bookmark\" style=\"width: 0px;overflow: hidden;line-height: 0\" class=\"mce_SELRES_start\">\ufeff<\/span><\/iframe>&nbsp;<\/p>\n<p>Nuestro alumnado de ampliaci\u00f3n de ingl\u00e9s (4\u00ba de ESO) ha elaborado estos Booktrailers en ingl\u00e9s. Qu\u00e9 dominio!!! &nbsp;<\/p>\n<p style=\"text-align: center\"><strong>BOOKTRAILERS DE 2\u00ba ESO<\/strong><\/p>\n<p><iframe loading=\"lazy\" src=\"https:\/\/www.youtube.com\/embed\/MsKlzXFqzz0\" width=\"560\" height=\"315\" frameborder=\"0\"><\/iframe>&nbsp;<\/p>\n<p>Irene Carri\u00f3n de 2\u00baA, V\u00eddeo de Nefertiti- Sergio Bernal de 2\u00baA, V\u00eddeo XiaoYing-Manuela Rodr\u00edguez Herrera-Picazzo de 2\u00baC, y Genialy de Daniela Rodr\u00edguez de 2\u00baB. Para la asignatura de Lengua Castellana y Literatura. Los alumnos\/as han realizado un booktrailer sobre un libro que han podido elegir libremente, considerando sus gustos literarios y nivel de lectura, de los que se encuentran en la biblioteca del centro y ayudados por la presentaci\u00f3n que Carmen Jim\u00e9nez les hizo. Esta actividad forma parte del Proyecto Lector que llevamos a cabo en el departamento de Lengua y Literatura y ha conseguido los objetivos que buscaba: impulsar la lectura entre los j\u00f3venes y fomentar el desarrollo de su creatividad, as\u00ed como mejorar su expresi\u00f3n oral.<\/p>\n<p><a href=\"https:\/\/view.genial.ly\/637bab7cf12d6a0018f8e8d1\/presentation-copia-presentacion-brujeria\"><img loading=\"lazy\" decoding=\"async\" class=\"aligncenter wp-image-8111\" src=\"https:\/\/blogsaverroes.juntadeandalucia.es\/iescaballerobonald\/files\/2023\/01\/Presentaci\u00f3n1-300x168.jpg\" alt=\"\" width=\"461\" height=\"258\" srcset=\"https:\/\/blogsaverroes.juntadeandalucia.es\/iescaballerobonald\/files\/2023\/01\/Presentaci\u00f3n1-300x168.jpg 300w, https:\/\/blogsaverroes.juntadeandalucia.es\/iescaballerobonald\/files\/2023\/01\/Presentaci\u00f3n1-768x429.jpg 768w, https:\/\/blogsaverroes.juntadeandalucia.es\/iescaballerobonald\/files\/2023\/01\/Presentaci\u00f3n1.jpg 958w\" sizes=\"(max-width: 461px) 100vw, 461px\" \/><\/a><\/p>\n<p>&nbsp;<\/p>\n<p>Voces angelicales de 2\u00ba Bach F deleita el Caballero Bonald con esta peculiar versi\u00f3n de Last Christmas a toda luz<\/p>\n<p style=\"text-align: center\"><iframe loading=\"lazy\" src=\"https:\/\/www.youtube.com\/embed\/MYnDiRYGOtA\" width=\"560\" height=\"315\" frameborder=\"0\"><\/iframe>&nbsp;<\/p>\n<p>Nuestros chicos y chicas de 4\u00ba de ESO protagonizan en tono desenfadado un informativo literario sobre los autores y obras m\u00e1s destacados del siglo XVIII espa\u00f1ol.<\/p>\n<p style=\"text-align: center\"><iframe loading=\"lazy\" src=\"https:\/\/www.youtube.com\/embed\/KJtEyFcz40Q\" width=\"560\" height=\"315\" frameborder=\"0\"><\/iframe>&nbsp;<\/p>\n<p>Alumnado de 4\u00b0 ESO de la materia de Biolog\u00eda y Geolog\u00eda ha editado unos v\u00eddeos explicativos sobre la divisi\u00f3n celular: mitosis y meiosis en c\u00e9lulas eucariotas.<\/p>\n<p style=\"text-align: center\"><iframe loading=\"lazy\" src=\"https:\/\/www.youtube.com\/embed\/KHwCARTRow4\" width=\"560\" height=\"315\" frameborder=\"0\"><\/iframe><\/p>\n<p class=\"style-scope ytd-watch-metadata\">En el Bonald se habla franc\u00e9s: Mauritania y Jerez unidos por la lengua de Jacques Pr\u00e9vert<\/p>\n<p style=\"text-align: center\"><iframe loading=\"lazy\" src=\"https:\/\/www.youtube.com\/embed\/3KzzU7i5vzA\" width=\"560\" height=\"315\" frameborder=\"0\"><\/iframe>&nbsp;<\/p>\n<p>\u00a1\u00a1Qu\u00e9 emoci\u00f3n entregar unos diplomas tan trabajados e importantes!!! Y es que ayer se hizo entrega de los certificados DELF B1 y B2, Dipl\u00f4me d\u2019\u00e9tudes en langue fran\u00e7aise (Diploma de Estudios en Lengua Francesa). No es para menos la alegr\u00eda por el trabajo bien realizado, porque el DELF B1 y B2 son certificaciones oficiales expedidas por el Ministerio de Educaci\u00f3n Nacional de Francia que acredita que nuestro alumnado est\u00e1 en el tercer y cuarto nivel del conocimiento del franc\u00e9s respectivamente de los 6 niveles del Marco Com\u00fan Europeo de Referencia para las Lenguas (MCERL). Gran trabajo el realizado por el departamento de franc\u00e9s durante el curso pasado y muy especialmente por Susana Romero.<\/p>\n<p>Felicidades a Miriam, Celia, Alonso y Marta. Os damos las gracias por acreditar que nuestro instituto est\u00e1 a la vanguardia del conocimiento.<\/p>\n<p><a href=\"https:\/\/blogsaverroes.juntadeandalucia.es\/iescaballerobonald\/files\/2022\/12\/318873935_870002710861245_6418987942238764894_n.jpg\"><img loading=\"lazy\" decoding=\"async\" class=\"alignleft wp-image-7807 size-medium\" src=\"https:\/\/blogsaverroes.juntadeandalucia.es\/iescaballerobonald\/files\/2022\/12\/318873935_870002710861245_6418987942238764894_n-300x300.jpg\" alt=\"\" width=\"300\" height=\"300\" srcset=\"https:\/\/blogsaverroes.juntadeandalucia.es\/iescaballerobonald\/files\/2022\/12\/318873935_870002710861245_6418987942238764894_n-300x300.jpg 300w, https:\/\/blogsaverroes.juntadeandalucia.es\/iescaballerobonald\/files\/2022\/12\/318873935_870002710861245_6418987942238764894_n-1024x1024.jpg 1024w, https:\/\/blogsaverroes.juntadeandalucia.es\/iescaballerobonald\/files\/2022\/12\/318873935_870002710861245_6418987942238764894_n-150x150.jpg 150w, https:\/\/blogsaverroes.juntadeandalucia.es\/iescaballerobonald\/files\/2022\/12\/318873935_870002710861245_6418987942238764894_n-768x768.jpg 768w, https:\/\/blogsaverroes.juntadeandalucia.es\/iescaballerobonald\/files\/2022\/12\/318873935_870002710861245_6418987942238764894_n-80x80.jpg 80w, https:\/\/blogsaverroes.juntadeandalucia.es\/iescaballerobonald\/files\/2022\/12\/318873935_870002710861245_6418987942238764894_n-320x320.jpg 320w, https:\/\/blogsaverroes.juntadeandalucia.es\/iescaballerobonald\/files\/2022\/12\/318873935_870002710861245_6418987942238764894_n.jpg 1080w\" sizes=\"(max-width: 300px) 100vw, 300px\" \/><\/a><a href=\"https:\/\/blogsaverroes.juntadeandalucia.es\/iescaballerobonald\/files\/2022\/11\/IMG-20221202-WA0000.jpg\"><img loading=\"lazy\" decoding=\"async\" class=\"wp-image-7770 size-medium alignnone\" src=\"https:\/\/blogsaverroes.juntadeandalucia.es\/iescaballerobonald\/files\/2022\/11\/IMG-20221202-WA0000-300x226.jpg\" alt=\"\" width=\"300\" height=\"226\" srcset=\"https:\/\/blogsaverroes.juntadeandalucia.es\/iescaballerobonald\/files\/2022\/11\/IMG-20221202-WA0000-300x226.jpg 300w, https:\/\/blogsaverroes.juntadeandalucia.es\/iescaballerobonald\/files\/2022\/11\/IMG-20221202-WA0000-1024x771.jpg 1024w, https:\/\/blogsaverroes.juntadeandalucia.es\/iescaballerobonald\/files\/2022\/11\/IMG-20221202-WA0000-768x578.jpg 768w, https:\/\/blogsaverroes.juntadeandalucia.es\/iescaballerobonald\/files\/2022\/11\/IMG-20221202-WA0000-1536x1156.jpg 1536w, https:\/\/blogsaverroes.juntadeandalucia.es\/iescaballerobonald\/files\/2022\/11\/IMG-20221202-WA0000.jpg 1600w\" sizes=\"(max-width: 300px) 100vw, 300px\" \/><\/a> <a href=\"https:\/\/blogsaverroes.juntadeandalucia.es\/iescaballerobonald\/files\/2022\/11\/IMG-20221111-WA0003.jpg\"><img loading=\"lazy\" decoding=\"async\" class=\"wp-image-7527 alignnone\" src=\"https:\/\/blogsaverroes.juntadeandalucia.es\/iescaballerobonald\/files\/2022\/11\/IMG-20221111-WA0003-225x300.jpg\" alt=\"\" width=\"222\" height=\"296\" srcset=\"https:\/\/blogsaverroes.juntadeandalucia.es\/iescaballerobonald\/files\/2022\/11\/IMG-20221111-WA0003-225x300.jpg 225w, https:\/\/blogsaverroes.juntadeandalucia.es\/iescaballerobonald\/files\/2022\/11\/IMG-20221111-WA0003-768x1024.jpg 768w, https:\/\/blogsaverroes.juntadeandalucia.es\/iescaballerobonald\/files\/2022\/11\/IMG-20221111-WA0003-1152x1536.jpg 1152w, https:\/\/blogsaverroes.juntadeandalucia.es\/iescaballerobonald\/files\/2022\/11\/IMG-20221111-WA0003.jpg 1200w\" sizes=\"(max-width: 222px) 100vw, 222px\" \/><\/a><a href=\"https:\/\/blogsaverroes.juntadeandalucia.es\/iescaballerobonald\/files\/2022\/11\/IMG-20221111-WA0004.jpg\"><img loading=\"lazy\" decoding=\"async\" class=\"wp-image-7526 size-medium alignleft\" src=\"https:\/\/blogsaverroes.juntadeandalucia.es\/iescaballerobonald\/files\/2022\/11\/IMG-20221111-WA0004-225x300.jpg\" alt=\"\" width=\"225\" height=\"300\" srcset=\"https:\/\/blogsaverroes.juntadeandalucia.es\/iescaballerobonald\/files\/2022\/11\/IMG-20221111-WA0004-225x300.jpg 225w, https:\/\/blogsaverroes.juntadeandalucia.es\/iescaballerobonald\/files\/2022\/11\/IMG-20221111-WA0004-768x1024.jpg 768w, https:\/\/blogsaverroes.juntadeandalucia.es\/iescaballerobonald\/files\/2022\/11\/IMG-20221111-WA0004-1152x1536.jpg 1152w, https:\/\/blogsaverroes.juntadeandalucia.es\/iescaballerobonald\/files\/2022\/11\/IMG-20221111-WA0004.jpg 1200w\" sizes=\"(max-width: 225px) 100vw, 225px\" \/><\/a><a href=\"https:\/\/blogsaverroes.juntadeandalucia.es\/iescaballerobonald\/files\/2022\/11\/IMG-20221111-WA0000.jpg\"><img loading=\"lazy\" decoding=\"async\" class=\"wp-image-7528 size-medium alignnone\" src=\"https:\/\/blogsaverroes.juntadeandalucia.es\/iescaballerobonald\/files\/2022\/11\/IMG-20221111-WA0000-300x225.jpg\" alt=\"\" width=\"300\" height=\"225\" srcset=\"https:\/\/blogsaverroes.juntadeandalucia.es\/iescaballerobonald\/files\/2022\/11\/IMG-20221111-WA0000-300x225.jpg 300w, https:\/\/blogsaverroes.juntadeandalucia.es\/iescaballerobonald\/files\/2022\/11\/IMG-20221111-WA0000-1024x768.jpg 1024w, https:\/\/blogsaverroes.juntadeandalucia.es\/iescaballerobonald\/files\/2022\/11\/IMG-20221111-WA0000-768x576.jpg 768w, https:\/\/blogsaverroes.juntadeandalucia.es\/iescaballerobonald\/files\/2022\/11\/IMG-20221111-WA0000-1536x1152.jpg 1536w, https:\/\/blogsaverroes.juntadeandalucia.es\/iescaballerobonald\/files\/2022\/11\/IMG-20221111-WA0000.jpg 1600w\" sizes=\"(max-width: 300px) 100vw, 300px\" \/><\/a><\/p>\n<p>&nbsp;<\/p>\n<p>El 26 de septiembre el Caballero Bonald conmemoramos el d\u00eda de las lenguas europeas. Nuestras compa\u00f1eras de franc\u00e9s lo celebraron como merece. Voil\u00e0!!<\/p>\n<p><a href=\"https:\/\/blogsaverroes.juntadeandalucia.es\/iescaballerobonald\/files\/2022\/09\/PHOTO-2022-09-28-12-46-03-e1664366201815.jpg\"><img loading=\"lazy\" decoding=\"async\" class=\"aligncenter size-large wp-image-6975\" src=\"https:\/\/blogsaverroes.juntadeandalucia.es\/iescaballerobonald\/files\/2022\/09\/PHOTO-2022-09-28-12-46-03-e1664366201815-1024x779.jpg\" alt=\"Dos parisinas en el Bonald\" width=\"1024\" height=\"779\" srcset=\"https:\/\/blogsaverroes.juntadeandalucia.es\/iescaballerobonald\/files\/2022\/09\/PHOTO-2022-09-28-12-46-03-e1664366201815-1024x779.jpg 1024w, https:\/\/blogsaverroes.juntadeandalucia.es\/iescaballerobonald\/files\/2022\/09\/PHOTO-2022-09-28-12-46-03-e1664366201815-300x228.jpg 300w, https:\/\/blogsaverroes.juntadeandalucia.es\/iescaballerobonald\/files\/2022\/09\/PHOTO-2022-09-28-12-46-03-e1664366201815-768x584.jpg 768w, https:\/\/blogsaverroes.juntadeandalucia.es\/iescaballerobonald\/files\/2022\/09\/PHOTO-2022-09-28-12-46-03-e1664366201815.jpg 1204w\" sizes=\"(max-width: 1024px) 100vw, 1024px\" \/><\/a><\/p>\n<p>El aula espec\u00edfica TEA est\u00e1 poniendo en pr\u00e1ctica la integraci\u00f3n de alumnos de espectro autista en aulas ordinarias. Roberto eligi\u00f3 su propio grupo de trabajo y en todo momento cont\u00f3 con la atenci\u00f3n de su profesora Carmen Ortega y, por supuesto, de Mr Carter.<\/p>\n<p><a href=\"https:\/\/blogsaverroes.juntadeandalucia.es\/iescaballerobonald\/files\/2022\/10\/IMG-20221018-WA0001.jpg\"><img loading=\"lazy\" decoding=\"async\" class=\"aligncenter size-large wp-image-7263\" src=\"https:\/\/blogsaverroes.juntadeandalucia.es\/iescaballerobonald\/files\/2022\/10\/IMG-20221018-WA0001-1024x768.jpg\" alt=\"\" width=\"1024\" height=\"768\" srcset=\"https:\/\/blogsaverroes.juntadeandalucia.es\/iescaballerobonald\/files\/2022\/10\/IMG-20221018-WA0001-1024x768.jpg 1024w, https:\/\/blogsaverroes.juntadeandalucia.es\/iescaballerobonald\/files\/2022\/10\/IMG-20221018-WA0001-300x225.jpg 300w, https:\/\/blogsaverroes.juntadeandalucia.es\/iescaballerobonald\/files\/2022\/10\/IMG-20221018-WA0001-768x576.jpg 768w, https:\/\/blogsaverroes.juntadeandalucia.es\/iescaballerobonald\/files\/2022\/10\/IMG-20221018-WA0001-1536x1152.jpg 1536w, https:\/\/blogsaverroes.juntadeandalucia.es\/iescaballerobonald\/files\/2022\/10\/IMG-20221018-WA0001.jpg 1600w\" sizes=\"(max-width: 1024px) 100vw, 1024px\" \/><\/a> <a href=\"https:\/\/blogsaverroes.juntadeandalucia.es\/iescaballerobonald\/files\/2022\/10\/IMG-20221018-WA0000.jpg\"><img loading=\"lazy\" decoding=\"async\" class=\"aligncenter size-large wp-image-7262\" src=\"https:\/\/blogsaverroes.juntadeandalucia.es\/iescaballerobonald\/files\/2022\/10\/IMG-20221018-WA0000-1024x768.jpg\" alt=\"\" width=\"1024\" height=\"768\" srcset=\"https:\/\/blogsaverroes.juntadeandalucia.es\/iescaballerobonald\/files\/2022\/10\/IMG-20221018-WA0000-1024x768.jpg 1024w, https:\/\/blogsaverroes.juntadeandalucia.es\/iescaballerobonald\/files\/2022\/10\/IMG-20221018-WA0000-300x225.jpg 300w, https:\/\/blogsaverroes.juntadeandalucia.es\/iescaballerobonald\/files\/2022\/10\/IMG-20221018-WA0000-768x576.jpg 768w, https:\/\/blogsaverroes.juntadeandalucia.es\/iescaballerobonald\/files\/2022\/10\/IMG-20221018-WA0000-1536x1152.jpg 1536w, https:\/\/blogsaverroes.juntadeandalucia.es\/iescaballerobonald\/files\/2022\/10\/IMG-20221018-WA0000.jpg 1600w\" sizes=\"(max-width: 1024px) 100vw, 1024px\" \/><\/a><\/p>\n<p>&nbsp;<\/p>\n","protected":false},"excerpt":{"rendered":"<p>23\/04\/2026: \u00abPoes\u00eda de lo cotidiano\u00bb (1\u00ba ESO) El alumnado de 1\u00ba de ESO ha trabajado la m\u00e9trica (tipos de rima, medida de los versos&#8230;) a trav\u00e9s del proyecto \u00abPoes\u00eda de&#46;&#46;&#46;<\/p>\n","protected":false},"author":15560,"featured_media":0,"parent":0,"menu_order":0,"comment_status":"closed","ping_status":"closed","template":"","meta":{"ngg_post_thumbnail":0,"footnotes":"","_mc_calendar":[]},"aioseo_notices":[],"_links":{"self":[{"href":"https:\/\/blogsaverroes.juntadeandalucia.es\/iescaballerobonald\/wp-json\/wp\/v2\/pages\/7844"}],"collection":[{"href":"https:\/\/blogsaverroes.juntadeandalucia.es\/iescaballerobonald\/wp-json\/wp\/v2\/pages"}],"about":[{"href":"https:\/\/blogsaverroes.juntadeandalucia.es\/iescaballerobonald\/wp-json\/wp\/v2\/types\/page"}],"author":[{"embeddable":true,"href":"https:\/\/blogsaverroes.juntadeandalucia.es\/iescaballerobonald\/wp-json\/wp\/v2\/users\/15560"}],"replies":[{"embeddable":true,"href":"https:\/\/blogsaverroes.juntadeandalucia.es\/iescaballerobonald\/wp-json\/wp\/v2\/comments?post=7844"}],"version-history":[{"count":84,"href":"https:\/\/blogsaverroes.juntadeandalucia.es\/iescaballerobonald\/wp-json\/wp\/v2\/pages\/7844\/revisions"}],"predecessor-version":[{"id":13305,"href":"https:\/\/blogsaverroes.juntadeandalucia.es\/iescaballerobonald\/wp-json\/wp\/v2\/pages\/7844\/revisions\/13305"}],"wp:attachment":[{"href":"https:\/\/blogsaverroes.juntadeandalucia.es\/iescaballerobonald\/wp-json\/wp\/v2\/media?parent=7844"}],"curies":[{"name":"wp","href":"https:\/\/api.w.org\/{rel}","templated":true}]}}