{"id":2174,"date":"2025-01-16T09:25:28","date_gmt":"2025-01-16T09:25:28","guid":{"rendered":"https:\/\/blogsaverroes.juntadeandalucia.es\/iescabeza\/?page_id=2174"},"modified":"2026-01-12T15:21:47","modified_gmt":"2026-01-12T15:21:47","slug":"departamento-de-matematicas","status":"publish","type":"page","link":"https:\/\/blogsaverroes.juntadeandalucia.es\/iescabeza\/departamento-de-matematicas\/","title":{"rendered":"Departamento de MATEM\u00c1TICAS"},"content":{"rendered":"<ul>\n<li>D. Isidro Armenteros Mudarra. (Jefe de Departamento)<\/li>\n<li>D\u00f1a. Encarnaci\u00f3n Amaro Parrado.<\/li>\n<li>D. Sebasti\u00e1n Campos Figueras.<\/li>\n<li>D. Miguel \u00c1ngel Estepa L\u00f3pez.<\/li>\n<li>D\u00f1a. Mar\u00eda Isabel Garrido Garc\u00eda.<\/li>\n<li>D\u00f1a. Eva Mar\u00eda Luque Garc\u00eda.<\/li>\n<li>D. Oscar de Lara Jurado.<\/li>\n<\/ul>\n<p style=\"text-align: center\"><a href=\"https:\/\/blogsaverroes.juntadeandalucia.es\/iescabeza\/files\/2025\/09\/MATEMATICAS-scaled.jpg\"><img fetchpriority=\"high\" decoding=\"async\" class=\"aligncenter wp-image-2807 \" src=\"https:\/\/blogsaverroes.juntadeandalucia.es\/iescabeza\/files\/2025\/09\/MATEMATICAS-1024x683.jpg\" alt=\"\" width=\"522\" height=\"348\" srcset=\"https:\/\/blogsaverroes.juntadeandalucia.es\/iescabeza\/files\/2025\/09\/MATEMATICAS-1024x683.jpg 1024w, https:\/\/blogsaverroes.juntadeandalucia.es\/iescabeza\/files\/2025\/09\/MATEMATICAS-300x200.jpg 300w, https:\/\/blogsaverroes.juntadeandalucia.es\/iescabeza\/files\/2025\/09\/MATEMATICAS-768x512.jpg 768w, https:\/\/blogsaverroes.juntadeandalucia.es\/iescabeza\/files\/2025\/09\/MATEMATICAS-1536x1024.jpg 1536w, https:\/\/blogsaverroes.juntadeandalucia.es\/iescabeza\/files\/2025\/09\/MATEMATICAS-2048x1365.jpg 2048w\" sizes=\"(max-width: 522px) 100vw, 522px\" \/><\/a><\/p>\n<h3 style=\"text-align: center\"><a href=\"https:\/\/blogsaverroes.juntadeandalucia.es\/iescabeza\/files\/2026\/01\/MATEMATICAS.pdf\" target=\"_blank\" rel=\"noopener\">CRITERIOS DE EVALUACI\u00d3N 25\/26<\/a><\/h3>\n","protected":false},"excerpt":{"rendered":"<p>D. Isidro Armenteros Mudarra. (Jefe de Departamento) D\u00f1a. Encarnaci\u00f3n Amaro Parrado. D. Sebasti\u00e1n Campos Figueras. D. Miguel \u00c1ngel Estepa L\u00f3pez. D\u00f1a. Mar\u00eda Isabel Garrido Garc\u00eda. D\u00f1a. Eva Mar\u00eda Luque Garc\u00eda. D. Oscar de Lara&#46;&#46;&#46;<\/p>\n","protected":false},"author":18412,"featured_media":0,"parent":0,"menu_order":0,"comment_status":"closed","ping_status":"closed","template":"","meta":{"ngg_post_thumbnail":0,"footnotes":""},"aioseo_notices":[],"_links":{"self":[{"href":"https:\/\/blogsaverroes.juntadeandalucia.es\/iescabeza\/wp-json\/wp\/v2\/pages\/2174"}],"collection":[{"href":"https:\/\/blogsaverroes.juntadeandalucia.es\/iescabeza\/wp-json\/wp\/v2\/pages"}],"about":[{"href":"https:\/\/blogsaverroes.juntadeandalucia.es\/iescabeza\/wp-json\/wp\/v2\/types\/page"}],"author":[{"embeddable":true,"href":"https:\/\/blogsaverroes.juntadeandalucia.es\/iescabeza\/wp-json\/wp\/v2\/users\/18412"}],"replies":[{"embeddable":true,"href":"https:\/\/blogsaverroes.juntadeandalucia.es\/iescabeza\/wp-json\/wp\/v2\/comments?post=2174"}],"version-history":[{"count":5,"href":"https:\/\/blogsaverroes.juntadeandalucia.es\/iescabeza\/wp-json\/wp\/v2\/pages\/2174\/revisions"}],"predecessor-version":[{"id":2923,"href":"https:\/\/blogsaverroes.juntadeandalucia.es\/iescabeza\/wp-json\/wp\/v2\/pages\/2174\/revisions\/2923"}],"wp:attachment":[{"href":"https:\/\/blogsaverroes.juntadeandalucia.es\/iescabeza\/wp-json\/wp\/v2\/media?parent=2174"}],"curies":[{"name":"wp","href":"https:\/\/api.w.org\/{rel}","templated":true}]}}