{"id":227,"date":"2022-01-18T11:04:24","date_gmt":"2022-01-18T11:04:24","guid":{"rendered":"https:\/\/blogsaverroes.juntadeandalucia.es\/iescabeza\/?page_id=227"},"modified":"2025-06-16T09:33:12","modified_gmt":"2025-06-16T09:33:12","slug":"plan-de-igualdad","status":"publish","type":"page","link":"https:\/\/blogsaverroes.juntadeandalucia.es\/iescabeza\/plan-de-igualdad\/","title":{"rendered":"Plan de Igualdad"},"content":{"rendered":"<p style=\"text-align: justify\"><strong>EL PLAN DE IGUALDAD<\/strong><br \/>\nEl Plan de Igualdad es obligado cumplimiento en todos los centros educativos de la Junta de Andaluc\u00eda desde la aprobaci\u00f3n del el I Plan de Igualdad entre Hombres y Mujeres en Educaci\u00f3n ( ACUERDO de 2 de noviembre de 2005, del Consejo de Gobierno, de la Junta de Andaluc\u00eda)<br \/>\nSe plantean dos objetivos b\u00e1sicos, promover la igualdad entre hombres y mujeres y prevenir la violencia de g\u00e9nero. Para ello establece como l\u00edneas de trabajo, la realizaci\u00f3n de actividades que haga visible el papel de la mujer en todos os \u00e1mbitos del conocimiento, erradicar los estereotipos sociales y roles asignado a cada sexo, as\u00ed como denunciar las situaciones de violencia de g\u00e9nero y que tome conciencia el alumnado de que es un problema real. Por \u00faltimo, es un plan que se debe trabajar de forma interdisciplinar, donde colabore toda la comunidad educativa.<\/p>\n<p>&nbsp;<\/p>\n<p><a href=\"https:\/\/sites.google.com\/iescabeza.es\/plandeigualdadiescabeza\/curso-2024-25\" target=\"_blank\" rel=\"noopener noreferrer\"><img fetchpriority=\"high\" decoding=\"async\" class=\"aligncenter wp-image-1308\" src=\"https:\/\/blogsaverroes.juntadeandalucia.es\/iescabeza\/files\/2022\/11\/banner_igualdad-980-\u00d7-150-px-600-\u00d7-150-px.png\" alt=\"\" width=\"888\" height=\"222\" srcset=\"https:\/\/blogsaverroes.juntadeandalucia.es\/iescabeza\/files\/2022\/11\/banner_igualdad-980-\u00d7-150-px-600-\u00d7-150-px.png 600w, https:\/\/blogsaverroes.juntadeandalucia.es\/iescabeza\/files\/2022\/11\/banner_igualdad-980-\u00d7-150-px-600-\u00d7-150-px-300x75.png 300w\" sizes=\"(max-width: 888px) 100vw, 888px\" \/><\/a><br \/>\n<img decoding=\"async\" class=\"size-medium wp-image-1276 alignleft\" src=\"https:\/\/blogsaverroes.juntadeandalucia.es\/iescabeza\/files\/2022\/10\/MIGU.Gob_-300x97.jpg\" alt=\"\" width=\"300\" height=\"97\" srcset=\"https:\/\/blogsaverroes.juntadeandalucia.es\/iescabeza\/files\/2022\/10\/MIGU.Gob_-300x97.jpg 300w, https:\/\/blogsaverroes.juntadeandalucia.es\/iescabeza\/files\/2022\/10\/MIGU.Gob_-1024x331.jpg 1024w, https:\/\/blogsaverroes.juntadeandalucia.es\/iescabeza\/files\/2022\/10\/MIGU.Gob_-768x248.jpg 768w, https:\/\/blogsaverroes.juntadeandalucia.es\/iescabeza\/files\/2022\/10\/MIGU.Gob_-1536x496.jpg 1536w, https:\/\/blogsaverroes.juntadeandalucia.es\/iescabeza\/files\/2022\/10\/MIGU.Gob_-2048x662.jpg 2048w\" sizes=\"(max-width: 300px) 100vw, 300px\" \/><\/p>\n<p><img decoding=\"async\" class=\"wp-image-1277 alignright\" src=\"https:\/\/blogsaverroes.juntadeandalucia.es\/iescabeza\/files\/2022\/10\/logopactoestadocolor-300x230.png\" alt=\"\" width=\"142\" height=\"109\" srcset=\"https:\/\/blogsaverroes.juntadeandalucia.es\/iescabeza\/files\/2022\/10\/logopactoestadocolor-300x230.png 300w, https:\/\/blogsaverroes.juntadeandalucia.es\/iescabeza\/files\/2022\/10\/logopactoestadocolor-768x589.png 768w, https:\/\/blogsaverroes.juntadeandalucia.es\/iescabeza\/files\/2022\/10\/logopactoestadocolor.png 882w\" sizes=\"(max-width: 142px) 100vw, 142px\" \/><\/p>\n<p>&nbsp;<\/p>\n","protected":false},"excerpt":{"rendered":"<p>EL PLAN DE IGUALDAD El Plan de Igualdad es obligado cumplimiento en todos los centros educativos de la Junta de Andaluc\u00eda desde la aprobaci\u00f3n del el I Plan de Igualdad entre Hombres y Mujeres&#46;&#46;&#46;<\/p>\n","protected":false},"author":13753,"featured_media":0,"parent":0,"menu_order":0,"comment_status":"closed","ping_status":"closed","template":"","meta":{"ngg_post_thumbnail":0,"footnotes":""},"aioseo_notices":[],"_links":{"self":[{"href":"https:\/\/blogsaverroes.juntadeandalucia.es\/iescabeza\/wp-json\/wp\/v2\/pages\/227"}],"collection":[{"href":"https:\/\/blogsaverroes.juntadeandalucia.es\/iescabeza\/wp-json\/wp\/v2\/pages"}],"about":[{"href":"https:\/\/blogsaverroes.juntadeandalucia.es\/iescabeza\/wp-json\/wp\/v2\/types\/page"}],"author":[{"embeddable":true,"href":"https:\/\/blogsaverroes.juntadeandalucia.es\/iescabeza\/wp-json\/wp\/v2\/users\/13753"}],"replies":[{"embeddable":true,"href":"https:\/\/blogsaverroes.juntadeandalucia.es\/iescabeza\/wp-json\/wp\/v2\/comments?post=227"}],"version-history":[{"count":15,"href":"https:\/\/blogsaverroes.juntadeandalucia.es\/iescabeza\/wp-json\/wp\/v2\/pages\/227\/revisions"}],"predecessor-version":[{"id":2667,"href":"https:\/\/blogsaverroes.juntadeandalucia.es\/iescabeza\/wp-json\/wp\/v2\/pages\/227\/revisions\/2667"}],"wp:attachment":[{"href":"https:\/\/blogsaverroes.juntadeandalucia.es\/iescabeza\/wp-json\/wp\/v2\/media?parent=227"}],"curies":[{"name":"wp","href":"https:\/\/api.w.org\/{rel}","templated":true}]}}