{"id":1113,"date":"2015-03-12T11:00:55","date_gmt":"2015-03-12T11:00:55","guid":{"rendered":"http:\/\/blogsaverroes.juntadeandalucia.es\/pre\/ceip\/?page_id=2"},"modified":"2016-03-01T13:38:58","modified_gmt":"2016-03-01T13:38:58","slug":"pagina-ejemplo-2","status":"publish","type":"page","link":"https:\/\/blogsaverroes.juntadeandalucia.es\/iescamposdenijar\/pagina-ejemplo-2\/","title":{"rendered":"Inicio"},"content":{"rendered":"<!-- This slideshow output is generated with Advanced post slider a multipurpose responsive WordPress slideshow plugin - http:\/\/www.wpcue.com\/wordpress-plugins\/advanced-post-slider\/ -->\r\n<style>\r\n#advps_container1 .bx-wrapper .bx-viewport {\r\n\t\t-moz-box-shadow: 0px 1px 4px #000000;\r\n\t-webkit-box-shadow: 0px 1px 4px #000000;\r\n\tbox-shadow: 0px 1px 4px #000000;\r\n\t\tborder: 1px solid #444444;\r\n\t\tbackground:#FFFFFF;\r\n}\r\n#advps_container1 .bx-wrapper .bx-pager{\r\n\ttext-align: center;\r\n\t;\r\n}\r\n#advps_container1 .bx-wrapper .bx-pager\r\n{\r\n\tbottom:-35px;\r\n\tz-index:999;\r\n}\r\n#advps_container1 .bx-wrapper .bx-controls-auto\r\n{\r\n\tbottom:6px;\r\n}\r\n#advps_container1 .bx-wrapper .bx-controls.bx-has-controls-auto.bx-has-pager .bx-pager {\r\n\ttext-align: center;\r\n}\r\n#advps_container1 .bx-wrapper .bx-controls-auto {\r\n\tz-index:99999;\r\n\ttext-align:center;width:100%;}\r\n\r\n#advps_container1 .bx-wrapper .bx-pager.bx-default-pager a {\r\n\tbackground: #666;\r\n\ttext-indent: -9999px;\r\n\tdisplay: block;\r\n\twidth: 10px;\r\n\theight: 10px;\r\n\tmargin: 0 5px;\r\n\toutline: 0;\r\n\t-moz-border-radius: 5px;\r\n\t-webkit-border-radius: 5px;\r\n\tborder-radius: 5px;\r\n\ttext-align:left;\r\n}\r\n#advps_container1 .bx-wrapper .bx-pager.bx-default-pager a:hover,\r\n#advps_container1 .bx-wrapper .bx-pager.bx-default-pager a.active {\r\n\tbackground: #000;\r\n}\r\n\r\n\/* thumbnail pager*\/\r\n#advps_container1 #bx-pager\r\n{\r\n\twidth:100%;\r\n\tposition:absolute;\r\n\tbottom:-35px;\r\n    text-align: center;\r\n\tz-index: 9999;\r\n}\r\n#advps_container1 #bx-pager a img\r\n{\r\n\tborder: 1px solid #CCCCCC;\r\n    padding: 3px;\r\n}\r\n#advps_container1 #bx-pager a:hover img, #advps_container1 #bx-pager a.active img\r\n{\r\n\tborder: 1px solid #666666;\r\n}\r\n\/* medai queries *\/\r\n#advps_container1 .advs-title,#advps_container1 .advs-title a\r\n{\r\n\tfont-size:20px;\r\n\tline-height:20px;\r\n}\r\n#advps_container1 .advps-slide p\r\n{\r\n\tfont-size:14px;\r\n\tline-height:14px;\r\n}\r\n@media screen and (max-width: 1024px){\r\n\t#advps_container1 .advs-title,#advps_container1 .advs-title a\r\n\t{\r\n\t\tfont-size:18px;\r\n\t\tline-height:18px;\r\n\t}\r\n\t#advps_container1 .advps-slide p\r\n\t{\r\n\t\tfont-size:12px;\r\n\t\tline-height:12px;\r\n\t}\r\n}\r\n@media screen and (max-width: 768px){\r\n\t#advps_container1 h2.advs-title, #advps_container1 h2.advs-title a\r\n\t{\r\n\t\tfont-size:16px;\r\n\t\tline-height:16px;\r\n\t}\r\n\t#advps_container1 .advps-slide p\r\n\t{\r\n\t\tfont-size:12px;\r\n\t\tline-height:12px;\r\n\t}\r\n}\r\n@media screen and (max-width: 650px){\r\n\t#advps_container1 h2.advs-title, #advps_container1 h2.advs-title a\r\n\t{\r\n\t\tfont-size:15px;\r\n\t\tline-height:15px;\r\n\t}\r\n\t#advps_container1 .advps-slide p\r\n\t{\r\n\t\tfont-size:12px;\r\n\t\tline-height:12px;\r\n\t}\r\n}\r\n@media screen and (max-width: 480px){\r\n\t#advps_container1 h2.advs-title, #advps_container1 h2.advs-title a\r\n\t{\r\n\t\tfont-size:15px;\r\n\t\tline-height:15px;\r\n\t}\r\n\t#advps_container1 .advps-slide p\r\n\t{\r\n\t\tfont-size:12px;\r\n\t\tline-height:12px;\r\n\t}\r\n}\r\n@media screen and (max-width: 320px){\r\n\t#advps_container1 h2.advs-title, #advps_container1 h2.advs-title a\r\n\t{\r\n\t\tfont-size:15px;\r\n\t\tline-height:15px;\r\n\t}\r\n\t#advps_container1 .advps-slide p\r\n\t{\r\n\t\tfont-size:12px;\r\n\t\tline-height:12px;\r\n\t}\r\n}\r\n<\/style>\r\n<script type=\"text\/javascript\">\r\n\t\tjQuery(document).ready(function($){\r\n\t\t\t$('#advpsslideshow_1').bxSlider({\r\n\t\t\t\tuseCSS:1,\r\n\t\t\t\tslideMargin: 0,\r\n\t\t\t\tspeed: 5000,\t\t\t\t\r\n\t\t\t\t\t\t\t\tmode: 'fade',\r\n\t\t\t\t\t\t\t\t\t\t\t\tauto: 1,\r\n\t\t\t\tautoHover: 1,\r\n\t\t\t\tpause: 3000,\r\n\t\t\t\teasing: 'linear',\r\n\t\t\t\tcontrols: 1,\r\n\t\t\t\tpager: 1,\r\n  \t\t\t\tautoControls: 0\t\t\t\t\t\t\t});\r\n\t\t\t\t\t\t\t$(\"#advpsslideshow_1 .advs-title a\").hover(function(){\r\n\t\t\t\t\t$(this).css('color','#c9c9c9');\r\n\t\t\t\t},function(){\r\n\t\t\t\t\t$(this).css('color','#FFFFFF');\r\n\t\t\t\t});\r\n\t\t\t\t\t\t$(\"#advpsslideshow_1 .advps-slide\").hover(function(){\r\n\t\t\t\t  \t\t\t},function(){\r\n\t\t\t\t\t\t\t});\r\n\t\t});\r\n\t<\/script>\r\n<div id=\"advps_container1\" class=\"advps-slide-container\" style=\"overflow:hidden;max-width:1024px;margin:auto;\">\r\n \r\n  <div id=\"advpsslideshow_1\">\r\n        <div class=\"advps-slide\">\r\n\t<a target=\"_self\" href=\"https:\/\/blogsaverroes.juntadeandalucia.es\/iescamposdenijar\/erasmus-training-course-experience-renaissance-art-in-florence-europass-teacher-academy\/\" >      <img loading=\"lazy\" decoding=\"async\" width=\"1280\" height=\"529\" src=\"https:\/\/blogsaverroes.juntadeandalucia.es\/iescamposdenijar\/files\/2026\/02\/333-e1770745153903.jpg\" class=\"attachment-full size-full wp-post-image\" alt=\"\" srcset=\"https:\/\/blogsaverroes.juntadeandalucia.es\/iescamposdenijar\/files\/2026\/02\/333-e1770745153903.jpg 1280w, https:\/\/blogsaverroes.juntadeandalucia.es\/iescamposdenijar\/files\/2026\/02\/333-e1770745153903-300x124.jpg 300w, https:\/\/blogsaverroes.juntadeandalucia.es\/iescamposdenijar\/files\/2026\/02\/333-e1770745153903-1024x423.jpg 1024w, https:\/\/blogsaverroes.juntadeandalucia.es\/iescamposdenijar\/files\/2026\/02\/333-e1770745153903-768x317.jpg 768w\" sizes=\"(max-width: 1280px) 100vw, 1280px\" \/>      <\/a>       \r\n      <div class=\"advps-excerpt-one\" style=\"width:30%;height:100%;top:0; right:0;\">\r\n      \t<div class=\"advps-overlay-one\" style=\"background-color:#000000; -moz-opacity:0.6;filter:alpha(opacity=60);opacity:0.6;\"><\/div>\r\n        <div class=\"advps-excerpt-block-one\" style=\"text-align:left;color:#FFFFFF;-moz-opacity:1;filter:alpha(opacity=100);opacity:1;\">        \r\n        <h2 class=\"advs-title\" style=\"margin:5px 0px 10px 0px;color:#FFFFFF\"><a target=\"_self\" href=\"https:\/\/blogsaverroes.juntadeandalucia.es\/iescamposdenijar\/erasmus-training-course-experience-renaissance-art-in-florence-europass-teacher-academy\/\" style=\"margin:5px 0px 10px 0px;color:#FFFFFF\" >Erasmus+ Training Course Experience &#8211; Renaissance Art in Florence \u2013 Europass Teacher Academy<\/a><\/h2>\r\n          \r\n            <p>Within the framework of the Erasmus+ programme, we participated in the training course \u201cRenaissance Art in Florence\u201d, organised by Europass Teacher Academy. This experience was highly enriching from a cultural,&#46;&#46;&#46;<\/p>\n        <\/div>\r\n      <\/div>\r\n    <\/div>\r\n        <div class=\"advps-slide\">\r\n\t<a target=\"_self\" href=\"https:\/\/blogsaverroes.juntadeandalucia.es\/iescamposdenijar\/erasmus-2025-2026-baremo-de-seleccion-del-alumnado-adulto-movilidad-erasmus\/\" >      <img loading=\"lazy\" decoding=\"async\" width=\"371\" height=\"181\" src=\"https:\/\/blogsaverroes.juntadeandalucia.es\/iescamposdenijar\/files\/2026\/02\/erasmus-logo-e1770744515444.png\" class=\"attachment-full size-full wp-post-image\" alt=\"\" srcset=\"https:\/\/blogsaverroes.juntadeandalucia.es\/iescamposdenijar\/files\/2026\/02\/erasmus-logo-e1770744515444.png 371w, https:\/\/blogsaverroes.juntadeandalucia.es\/iescamposdenijar\/files\/2026\/02\/erasmus-logo-e1770744515444-300x146.png 300w\" sizes=\"(max-width: 371px) 100vw, 371px\" \/>      <\/a>       \r\n      <div class=\"advps-excerpt-one\" style=\"width:30%;height:100%;top:0; right:0;\">\r\n      \t<div class=\"advps-overlay-one\" style=\"background-color:#000000; -moz-opacity:0.6;filter:alpha(opacity=60);opacity:0.6;\"><\/div>\r\n        <div class=\"advps-excerpt-block-one\" style=\"text-align:left;color:#FFFFFF;-moz-opacity:1;filter:alpha(opacity=100);opacity:1;\">        \r\n        <h2 class=\"advs-title\" style=\"margin:5px 0px 10px 0px;color:#FFFFFF\"><a target=\"_self\" href=\"https:\/\/blogsaverroes.juntadeandalucia.es\/iescamposdenijar\/erasmus-2025-2026-baremo-de-seleccion-del-alumnado-adulto-movilidad-erasmus\/\" style=\"margin:5px 0px 10px 0px;color:#FFFFFF\" >Erasmus+ 2025\/2026 &#8211; Baremo de selecci\u00f3n del alumnado adulto Movilidad Erasmus+<\/a><\/h2>\r\n          \r\n            <p>Programa Erasmus+ \u2013 Educaci\u00f3n de Personas Adultas (KA120-ADU) N\u00famero de proyecto: N\u00ba 2023-1-ES01-KA120-ADU-000192586 Tipo de actividad: Movilidad de grupo de estudiantes Baremo de selecci\u00f3n del alumnado adulto &#8211; Movilidad Erasmus+&#46;&#46;&#46;<\/p>\n        <\/div>\r\n      <\/div>\r\n    <\/div>\r\n        <div class=\"advps-slide\">\r\n\t<a target=\"_self\" href=\"https:\/\/blogsaverroes.juntadeandalucia.es\/iescamposdenijar\/erasmus-2025-2026-en-el-ies-campos-de-nijar\/\" >      <img loading=\"lazy\" decoding=\"async\" width=\"861\" height=\"607\" src=\"https:\/\/blogsaverroes.juntadeandalucia.es\/iescamposdenijar\/files\/2025\/10\/Captura-de-pantalla-2025-10-16-181711.png\" class=\"attachment-full size-full wp-post-image\" alt=\"\" srcset=\"https:\/\/blogsaverroes.juntadeandalucia.es\/iescamposdenijar\/files\/2025\/10\/Captura-de-pantalla-2025-10-16-181711.png 861w, https:\/\/blogsaverroes.juntadeandalucia.es\/iescamposdenijar\/files\/2025\/10\/Captura-de-pantalla-2025-10-16-181711-300x211.png 300w, https:\/\/blogsaverroes.juntadeandalucia.es\/iescamposdenijar\/files\/2025\/10\/Captura-de-pantalla-2025-10-16-181711-768x541.png 768w\" sizes=\"(max-width: 861px) 100vw, 861px\" \/>      <\/a>       \r\n      <div class=\"advps-excerpt-one\" style=\"width:30%;height:100%;top:0; right:0;\">\r\n      \t<div class=\"advps-overlay-one\" style=\"background-color:#000000; -moz-opacity:0.6;filter:alpha(opacity=60);opacity:0.6;\"><\/div>\r\n        <div class=\"advps-excerpt-block-one\" style=\"text-align:left;color:#FFFFFF;-moz-opacity:1;filter:alpha(opacity=100);opacity:1;\">        \r\n        <h2 class=\"advs-title\" style=\"margin:5px 0px 10px 0px;color:#FFFFFF\"><a target=\"_self\" href=\"https:\/\/blogsaverroes.juntadeandalucia.es\/iescamposdenijar\/erasmus-2025-2026-en-el-ies-campos-de-nijar\/\" style=\"margin:5px 0px 10px 0px;color:#FFFFFF\" >Erasmus+ 2025\/2026 en el IES Campos de N\u00edjar<\/a><\/h2>\r\n          \r\n            <p>El IES Campos de N\u00edjar ha recibido la Acreditaci\u00f3n Erasmus+ por su proyecto 2023-1-ES01-KA120-ADU-000192586. Siguiendo las normas del convenio Erasmus+ en materia de visibilidad, comunicaci\u00f3n y transparencia, en este espacio&#46;&#46;&#46;<\/p>\n        <\/div>\r\n      <\/div>\r\n    <\/div>\r\n        <div class=\"advps-slide\">\r\n\t<a target=\"_self\" href=\"https:\/\/blogsaverroes.juntadeandalucia.es\/iescamposdenijar\/presentacion-inicio-de-curso-25-26\/\" >      <img loading=\"lazy\" decoding=\"async\" width=\"2000\" height=\"600\" src=\"https:\/\/blogsaverroes.juntadeandalucia.es\/iescamposdenijar\/files\/2025\/09\/INICIO-DE-CURSO-DIURNO.png\" class=\"attachment-full size-full wp-post-image\" alt=\"\" srcset=\"https:\/\/blogsaverroes.juntadeandalucia.es\/iescamposdenijar\/files\/2025\/09\/INICIO-DE-CURSO-DIURNO.png 2000w, https:\/\/blogsaverroes.juntadeandalucia.es\/iescamposdenijar\/files\/2025\/09\/INICIO-DE-CURSO-DIURNO-300x90.png 300w, https:\/\/blogsaverroes.juntadeandalucia.es\/iescamposdenijar\/files\/2025\/09\/INICIO-DE-CURSO-DIURNO-1024x307.png 1024w, https:\/\/blogsaverroes.juntadeandalucia.es\/iescamposdenijar\/files\/2025\/09\/INICIO-DE-CURSO-DIURNO-768x230.png 768w, https:\/\/blogsaverroes.juntadeandalucia.es\/iescamposdenijar\/files\/2025\/09\/INICIO-DE-CURSO-DIURNO-1536x461.png 1536w\" sizes=\"(max-width: 2000px) 100vw, 2000px\" \/>      <\/a>       \r\n      <div class=\"advps-excerpt-one\" style=\"width:30%;height:100%;top:0; right:0;\">\r\n      \t<div class=\"advps-overlay-one\" style=\"background-color:#000000; -moz-opacity:0.6;filter:alpha(opacity=60);opacity:0.6;\"><\/div>\r\n        <div class=\"advps-excerpt-block-one\" style=\"text-align:left;color:#FFFFFF;-moz-opacity:1;filter:alpha(opacity=100);opacity:1;\">        \r\n        <h2 class=\"advs-title\" style=\"margin:5px 0px 10px 0px;color:#FFFFFF\"><a target=\"_self\" href=\"https:\/\/blogsaverroes.juntadeandalucia.es\/iescamposdenijar\/presentacion-inicio-de-curso-25-26\/\" style=\"margin:5px 0px 10px 0px;color:#FFFFFF\" >PRESENTACI\u00d3N INICIO DE CURSO 25\/26<\/a><\/h2>\r\n          \r\n            <p>El horario de entrada el d\u00eda 15 de septiembre para el alumnado de ESO, AULA ESPEC\u00cdFICA, BACHILLERATO y CFGB ser\u00e1 el siguiente: Las familias no pueden acceder al Centro. El&#46;&#46;&#46;<\/p>\n        <\/div>\r\n      <\/div>\r\n    <\/div>\r\n        <div class=\"advps-slide\">\r\n\t<a target=\"_self\" href=\"https:\/\/blogsaverroes.juntadeandalucia.es\/iescamposdenijar\/presentacion-inicio-de-curso-25-26-adultos-horario-nocturno\/\" >      <img loading=\"lazy\" decoding=\"async\" width=\"1600\" height=\"480\" src=\"https:\/\/blogsaverroes.juntadeandalucia.es\/iescamposdenijar\/files\/2025\/09\/Colorful-Playful-School-Admission-Linkedln-Banner-4.png\" class=\"attachment-full size-full wp-post-image\" alt=\"\" srcset=\"https:\/\/blogsaverroes.juntadeandalucia.es\/iescamposdenijar\/files\/2025\/09\/Colorful-Playful-School-Admission-Linkedln-Banner-4.png 1600w, https:\/\/blogsaverroes.juntadeandalucia.es\/iescamposdenijar\/files\/2025\/09\/Colorful-Playful-School-Admission-Linkedln-Banner-4-300x90.png 300w, https:\/\/blogsaverroes.juntadeandalucia.es\/iescamposdenijar\/files\/2025\/09\/Colorful-Playful-School-Admission-Linkedln-Banner-4-1024x307.png 1024w, https:\/\/blogsaverroes.juntadeandalucia.es\/iescamposdenijar\/files\/2025\/09\/Colorful-Playful-School-Admission-Linkedln-Banner-4-768x230.png 768w, https:\/\/blogsaverroes.juntadeandalucia.es\/iescamposdenijar\/files\/2025\/09\/Colorful-Playful-School-Admission-Linkedln-Banner-4-1536x461.png 1536w\" sizes=\"(max-width: 1600px) 100vw, 1600px\" \/>      <\/a>       \r\n      <div class=\"advps-excerpt-one\" style=\"width:30%;height:100%;top:0; right:0;\">\r\n      \t<div class=\"advps-overlay-one\" style=\"background-color:#000000; -moz-opacity:0.6;filter:alpha(opacity=60);opacity:0.6;\"><\/div>\r\n        <div class=\"advps-excerpt-block-one\" style=\"text-align:left;color:#FFFFFF;-moz-opacity:1;filter:alpha(opacity=100);opacity:1;\">        \r\n        <h2 class=\"advs-title\" style=\"margin:5px 0px 10px 0px;color:#FFFFFF\"><a target=\"_self\" href=\"https:\/\/blogsaverroes.juntadeandalucia.es\/iescamposdenijar\/presentacion-inicio-de-curso-25-26-adultos-horario-nocturno\/\" style=\"margin:5px 0px 10px 0px;color:#FFFFFF\" >PRESENTACI\u00d3N INICIO DE CURSO 25\/26 (Adultos &#8211; horario nocturno)<\/a><\/h2>\r\n          \r\n            <p>EL PR\u00d3XIMO D\u00cdA 15 DE SEPTIEMBRE DAR\u00c1 COMIENZO EL CURSO 2025\/2026.\u00a0 Horario de presentaciones: Ciclos (1\u00ba y 2\u00ba): 19:00h. ESPA (Nivel I y II): 19:00h Bachillerato adultos (1\u00ba y 2\u00ba):&#46;&#46;&#46;<\/p>\n        <\/div>\r\n      <\/div>\r\n    <\/div>\r\n        <div class=\"advps-slide\">\r\n\t<a target=\"_self\" href=\"https:\/\/blogsaverroes.juntadeandalucia.es\/iescamposdenijar\/agradecimiento-colaboradores-fp-dual\/\" >      <img loading=\"lazy\" decoding=\"async\" width=\"517\" height=\"298\" src=\"https:\/\/blogsaverroes.juntadeandalucia.es\/iescamposdenijar\/files\/2025\/07\/4.jpg\" class=\"attachment-full size-full wp-post-image\" alt=\"\" srcset=\"https:\/\/blogsaverroes.juntadeandalucia.es\/iescamposdenijar\/files\/2025\/07\/4.jpg 517w, https:\/\/blogsaverroes.juntadeandalucia.es\/iescamposdenijar\/files\/2025\/07\/4-300x173.jpg 300w\" sizes=\"(max-width: 517px) 100vw, 517px\" \/>      <\/a>       \r\n      <div class=\"advps-excerpt-one\" style=\"width:30%;height:100%;top:0; right:0;\">\r\n      \t<div class=\"advps-overlay-one\" style=\"background-color:#000000; -moz-opacity:0.6;filter:alpha(opacity=60);opacity:0.6;\"><\/div>\r\n        <div class=\"advps-excerpt-block-one\" style=\"text-align:left;color:#FFFFFF;-moz-opacity:1;filter:alpha(opacity=100);opacity:1;\">        \r\n        <h2 class=\"advs-title\" style=\"margin:5px 0px 10px 0px;color:#FFFFFF\"><a target=\"_self\" href=\"https:\/\/blogsaverroes.juntadeandalucia.es\/iescamposdenijar\/agradecimiento-colaboradores-fp-dual\/\" style=\"margin:5px 0px 10px 0px;color:#FFFFFF\" >AGRADECIMIENTO COLABORADORES FP DUAL<\/a><\/h2>\r\n          \r\n            <p>Desde el IES Campos de N\u00edjar nos gustar\u00eda presentaros la primera promoci\u00f3n dual de los ciclos formativos de grado b\u00e1sico de Inform\u00e1tica y comunicaciones, as\u00ed como de los grados medios&#46;&#46;&#46;<\/p>\n        <\/div>\r\n      <\/div>\r\n    <\/div>\r\n        <div class=\"advps-slide\">\r\n\t<a target=\"_self\" href=\"https:\/\/blogsaverroes.juntadeandalucia.es\/iescamposdenijar\/calendario-de-examenes-evaluacion-extraordinaria-2024-25\/\" >      <img loading=\"lazy\" decoding=\"async\" width=\"1600\" height=\"480\" src=\"https:\/\/blogsaverroes.juntadeandalucia.es\/iescamposdenijar\/files\/2025\/06\/Colorful-Playful-School-Admission-Linkedln-Banner1.png\" class=\"attachment-full size-full wp-post-image\" alt=\"\" srcset=\"https:\/\/blogsaverroes.juntadeandalucia.es\/iescamposdenijar\/files\/2025\/06\/Colorful-Playful-School-Admission-Linkedln-Banner1.png 1600w, https:\/\/blogsaverroes.juntadeandalucia.es\/iescamposdenijar\/files\/2025\/06\/Colorful-Playful-School-Admission-Linkedln-Banner1-300x90.png 300w, https:\/\/blogsaverroes.juntadeandalucia.es\/iescamposdenijar\/files\/2025\/06\/Colorful-Playful-School-Admission-Linkedln-Banner1-1024x307.png 1024w, https:\/\/blogsaverroes.juntadeandalucia.es\/iescamposdenijar\/files\/2025\/06\/Colorful-Playful-School-Admission-Linkedln-Banner1-768x230.png 768w, https:\/\/blogsaverroes.juntadeandalucia.es\/iescamposdenijar\/files\/2025\/06\/Colorful-Playful-School-Admission-Linkedln-Banner1-1536x461.png 1536w\" sizes=\"(max-width: 1600px) 100vw, 1600px\" \/>      <\/a>       \r\n      <div class=\"advps-excerpt-one\" style=\"width:30%;height:100%;top:0; right:0;\">\r\n      \t<div class=\"advps-overlay-one\" style=\"background-color:#000000; -moz-opacity:0.6;filter:alpha(opacity=60);opacity:0.6;\"><\/div>\r\n        <div class=\"advps-excerpt-block-one\" style=\"text-align:left;color:#FFFFFF;-moz-opacity:1;filter:alpha(opacity=100);opacity:1;\">        \r\n        <h2 class=\"advs-title\" style=\"margin:5px 0px 10px 0px;color:#FFFFFF\"><a target=\"_self\" href=\"https:\/\/blogsaverroes.juntadeandalucia.es\/iescamposdenijar\/calendario-de-examenes-evaluacion-extraordinaria-2024-25\/\" style=\"margin:5px 0px 10px 0px;color:#FFFFFF\" >CALENDARIO DE EX\u00c1MENES EVALUACI\u00d3N EXTRAORDINARIA &#8211; 2024\/25<\/a><\/h2>\r\n          \r\n            <p>CALENDARIO DE EX\u00c1MENES EVALUACI\u00d3N EXTRAORDINARIA &#8211; ESPA &#8211; 1\u00baBTOPA<\/p>\n        <\/div>\r\n      <\/div>\r\n    <\/div>\r\n        <div class=\"advps-slide\">\r\n\t<a target=\"_self\" href=\"https:\/\/blogsaverroes.juntadeandalucia.es\/iescamposdenijar\/oferta-formativa-adultos-horario-de-tarde\/\" >      <img loading=\"lazy\" decoding=\"async\" width=\"1600\" height=\"900\" src=\"https:\/\/blogsaverroes.juntadeandalucia.es\/iescamposdenijar\/files\/2025\/06\/Oferta-formativa-adultos-tarde.jpg\" class=\"attachment-full size-full wp-post-image\" alt=\"\" \/>      <\/a>       \r\n      <div class=\"advps-excerpt-one\" style=\"width:30%;height:100%;top:0; right:0;\">\r\n      \t<div class=\"advps-overlay-one\" style=\"background-color:#000000; -moz-opacity:0.6;filter:alpha(opacity=60);opacity:0.6;\"><\/div>\r\n        <div class=\"advps-excerpt-block-one\" style=\"text-align:left;color:#FFFFFF;-moz-opacity:1;filter:alpha(opacity=100);opacity:1;\">        \r\n        <h2 class=\"advs-title\" style=\"margin:5px 0px 10px 0px;color:#FFFFFF\"><a target=\"_self\" href=\"https:\/\/blogsaverroes.juntadeandalucia.es\/iescamposdenijar\/oferta-formativa-adultos-horario-de-tarde\/\" style=\"margin:5px 0px 10px 0px;color:#FFFFFF\" >OFERTA FORMATIVA ADULTOS (Horario de tarde)<\/a><\/h2>\r\n          \r\n            <p>Y AHORA&#8230;\u00bfQU\u00c9 OPCIONES TENGO PARA CONTINUAR MIS ESTUDIOS? Presentaci\u00f3n Oferta formativa adultos (tarde) Educaci\u00f3n Secundaria para Adultos (ESPA) \u00a1NOVEDAD! Nivel I: Para personas con formaci\u00f3n b\u00e1sica o equivalente o haber&#46;&#46;&#46;<\/p>\n        <\/div>\r\n      <\/div>\r\n    <\/div>\r\n        <div class=\"advps-slide\">\r\n\t<a target=\"_self\" href=\"https:\/\/blogsaverroes.juntadeandalucia.es\/iescamposdenijar\/escolarizacion-para-el-curso-25-26-grado-basico-y-medio\/\" >      <img loading=\"lazy\" decoding=\"async\" width=\"1860\" height=\"558\" src=\"https:\/\/blogsaverroes.juntadeandalucia.es\/iescamposdenijar\/files\/2025\/06\/Colorful-Playful-School-Admission-Linkedln-Banner-1-e1749226198974.png\" class=\"attachment-full size-full wp-post-image\" alt=\"\" \/>      <\/a>       \r\n      <div class=\"advps-excerpt-one\" style=\"width:30%;height:100%;top:0; right:0;\">\r\n      \t<div class=\"advps-overlay-one\" style=\"background-color:#000000; -moz-opacity:0.6;filter:alpha(opacity=60);opacity:0.6;\"><\/div>\r\n        <div class=\"advps-excerpt-block-one\" style=\"text-align:left;color:#FFFFFF;-moz-opacity:1;filter:alpha(opacity=100);opacity:1;\">        \r\n        <h2 class=\"advs-title\" style=\"margin:5px 0px 10px 0px;color:#FFFFFF\"><a target=\"_self\" href=\"https:\/\/blogsaverroes.juntadeandalucia.es\/iescamposdenijar\/escolarizacion-para-el-curso-25-26-grado-basico-y-medio\/\" style=\"margin:5px 0px 10px 0px;color:#FFFFFF\" >Escolarizaci\u00f3n para el curso 25\/26 &#8211; Grado B\u00e1sico y Medio.<\/a><\/h2>\r\n          \r\n            <p>El proceso de admisi\u00f3n a los ciclos formativos de Grado B\u00e1sico (FPB) y Grado Medio (GM) en Andaluc\u00eda ya tiene informaci\u00f3n oficial de escolarizaci\u00f3n para el curso 2025\/2026. Podr\u00e1s encontrar&#46;&#46;&#46;<\/p>\n        <\/div>\r\n      <\/div>\r\n    <\/div>\r\n        <div class=\"advps-slide\">\r\n\t<a target=\"_self\" href=\"https:\/\/blogsaverroes.juntadeandalucia.es\/iescamposdenijar\/visita-al-parque-cientifico-tecnologico-de-almeria-pita-y-a-los-refugios-de-la-guerra-civil-espanola\/\" >      <img loading=\"lazy\" decoding=\"async\" width=\"1600\" height=\"1200\" src=\"https:\/\/blogsaverroes.juntadeandalucia.es\/iescamposdenijar\/files\/2025\/03\/PHOTO-2025-02-21-16-05-102.jpg\" class=\"attachment-full size-full wp-post-image\" alt=\"\" srcset=\"https:\/\/blogsaverroes.juntadeandalucia.es\/iescamposdenijar\/files\/2025\/03\/PHOTO-2025-02-21-16-05-102.jpg 1600w, https:\/\/blogsaverroes.juntadeandalucia.es\/iescamposdenijar\/files\/2025\/03\/PHOTO-2025-02-21-16-05-102-300x225.jpg 300w, https:\/\/blogsaverroes.juntadeandalucia.es\/iescamposdenijar\/files\/2025\/03\/PHOTO-2025-02-21-16-05-102-1024x768.jpg 1024w, https:\/\/blogsaverroes.juntadeandalucia.es\/iescamposdenijar\/files\/2025\/03\/PHOTO-2025-02-21-16-05-102-768x576.jpg 768w, https:\/\/blogsaverroes.juntadeandalucia.es\/iescamposdenijar\/files\/2025\/03\/PHOTO-2025-02-21-16-05-102-1536x1152.jpg 1536w\" sizes=\"(max-width: 1600px) 100vw, 1600px\" \/>      <\/a>       \r\n      <div class=\"advps-excerpt-one\" style=\"width:30%;height:100%;top:0; right:0;\">\r\n      \t<div class=\"advps-overlay-one\" style=\"background-color:#000000; -moz-opacity:0.6;filter:alpha(opacity=60);opacity:0.6;\"><\/div>\r\n        <div class=\"advps-excerpt-block-one\" style=\"text-align:left;color:#FFFFFF;-moz-opacity:1;filter:alpha(opacity=100);opacity:1;\">        \r\n        <h2 class=\"advs-title\" style=\"margin:5px 0px 10px 0px;color:#FFFFFF\"><a target=\"_self\" href=\"https:\/\/blogsaverroes.juntadeandalucia.es\/iescamposdenijar\/visita-al-parque-cientifico-tecnologico-de-almeria-pita-y-a-los-refugios-de-la-guerra-civil-espanola\/\" style=\"margin:5px 0px 10px 0px;color:#FFFFFF\" >VISITA AL PARQUE CIENT\u00cdFICO TECNOL\u00d3GICO DE ALMER\u00cdA (PITA) Y A LOS REFUGIOS DE LA GUERRA CIVIL ESPA\u00d1OLA.<\/a><\/h2>\r\n          \r\n            <p>El alumnado de segundo curso de CFGM Gesti\u00f3n Administrativa y Servicios Microinform\u00e1ticos y Redes disfrut\u00f3 de una jornada de formaci\u00f3n, aprendizaje y convivencia antes de comenzar su fase de formaci\u00f3n&#46;&#46;&#46;<\/p>\n        <\/div>\r\n      <\/div>\r\n    <\/div>\r\n      <\/div>\r\n  <\/div><!-- end advps-slide-container -->\r\n<!-- \/ Advanced post slider a multipurpose responsive slideshow plugin -->\r\n\n<div class=\"osc-res-tab tabbable   osc-tabs-left\"><div style=\"clear:both;width: 100%;\"><ul class=\"nav osc-res-nav nav-tabs osc-tabs-left-ul\" id=\"oscitas-restabs-1-visita-al-parque-cientifico-tecnologico-de-almeria-pita-y-a-los-refugios-de-la-guerra-civil-espanola-35385\"><li class=\"active\"><a href=\"#ert_pane1-0\" data-toggle=\"tab\">Blogs Averroes<\/a><\/li><li class=\"\"><a href=\"#ert_pane1-1\" data-toggle=\"tab\">Wordpress<\/a><\/li><li class=\"\"><a href=\"#ert_pane1-2\" data-toggle=\"tab\">P\u00e1ginas y Men\u00fas<\/a><\/li><li class=\"\"><a href=\"#ert_pane1-3\" data-toggle=\"tab\">Categor\u00edas y Entradas<\/a><\/li><\/ul><\/div><div style=\"clear:both;width: 100%;\"><ul class=\"tab-content\" id=\"oscitas-restabcontent-1-visita-al-parque-cientifico-tecnologico-de-almeria-pita-y-a-los-refugios-de-la-guerra-civil-espanola-35385\"><li class=\"tab-pane active\" id=\"ert_pane1-0\"><\/p>\n<p>La granja de Blogs Averroes es un servicio gratuito de la Consejer\u00eda de Educaci\u00f3n de la Junta de Andaluc\u00eda, que tiene como finalidad proporcionar a toda la Comunidad Educativa (docentes, centros educativos, AMPAS) un espacio propio para la creaci\u00f3n, administraci\u00f3n y publicaci\u00f3n de blogs y sitios web utilizando WordPress, de manera que les permita difundir sus experiencias educativas, publicar contenidos y actividades educativas o utilizarlo como recurso did\u00e1ctico en el aula.<\/p>\n<p>El contenido que se muestra estas p\u00e1ginas simula, con car\u00e1cter general, la apariencia Web de un centro educativo. Cada centro debe adaptar a sus necesidades la informaci\u00f3n que se ofrece, a\u00f1adiendo, modificando o eliminando los diferentes men\u00fas, p\u00e1ginas y entradas.<\/p>\n<p><\/li><li class=\"tab-pane \" id=\"ert_pane1-1\"><br \/>\nEs sofware libre, se distribuye bajo licencia GNU General Public License.<\/p>\n<p>Puede incorporar multitud de Temas (plantillas), plugins y widgets, que permiten personalizar f\u00e1cilmente nuestro blog o nuestro sitio web. Actualmente existen m\u00e1s de 2.700 temas y 38.000 plugins gratuitos, aunque en Blogs Averroes solo est\u00e1n disponibles algunos de ellos.<\/p>\n<p>Es muy f\u00e1cil de usar. Dispone de una interfaz amigable e intuitiva y no requiere conocimientos de programaci\u00f3n o lenguaje HTML.<\/p>\n<p>Se adapta a los dispositivos desde el que se visualiza, tabletas, smartphone, PC, port\u00e1tiles,\u2026<\/p>\n<p>Permite la participaci\u00f3n de distintos usuarios con distintos permisos:<\/p>\n<p>Administrador \u2013 Quien tiene acceso a todas las caracter\u00edsticas de administraci\u00f3n de un sitio en particular.<br \/>\nEditor \u2013 Quien puede publicar y editar entradas, propias y de otros usuarios.<br \/>\nAutor \u2013 Quien puede publicar y editar sus propias entradas.<br \/>\nColaborador \u2013 Quien puede escribir y editar sus propias entradas pero no publicarlas.<br \/>\nSubscriptor \u2013 Quien solamente puede editar su perfil.<\/p>\n<p>Tiene una gran comunidad de usuarios que ofrecen soporte.<\/p>\n<p><\/li><li class=\"tab-pane \" id=\"ert_pane1-2\"><\/p>\n<p>Al iniciar la construcci\u00f3n de un sitio Web, es necesario un proceso de reflexi\u00f3n sobre la informaci\u00f3n que un centro muestra sobre s\u00ed mismo en cuanto a las ense\u00f1anzas que imparte, profesorado, secretar\u00eda, servicios que oferta, ubicaci\u00f3n, etc. Es decir, todo aquello que tiene un car\u00e1cter m\u00e1s o menos general e institucional y que permite al visitante que accede a la Web hacerse una idea del centro, su funcionamiento y sus caracter\u00edsticas principales. Por esta raz\u00f3n, su contenido ser\u00eda fundamentalmente de tipo est\u00e1tico, ya que la informaci\u00f3n no precisar\u00eda de modificaciones continuas, siendo el concepto P\u00e1ginas el formato mas aconsejable para su construcci\u00f3n. Las p\u00e1ginas as\u00ed creadas deben ser organizadas en Men\u00fas coherentes y comprensibles para el visitante de la Web.<\/p>\n<p><\/li><li class=\"tab-pane \" id=\"ert_pane1-3\"><\/p>\n<p>Por otro lado, en todo centro se producen noticias y eventos, asociados a su funcionamiento, cuyo rasgo esencial es el car\u00e1cter din\u00e1mico de la informaci\u00f3n. Para estos contenidos el formato m\u00e1s apropiado es el de Entradas que, organizadas en Categor\u00edas, mantienen a la comunidad educativa informada de la vida del centro y de las actividades, acontecimientos o novedades de inter\u00e9s, posibilitando al mismo tiempo interactuar con los mismos y crear una red social.<\/p>\n<p><\/li><\/ul><\/div><\/div>\n","protected":false},"excerpt":{"rendered":"","protected":false},"author":1,"featured_media":0,"parent":0,"menu_order":0,"comment_status":"open","ping_status":"open","template":"","meta":{"ngg_post_thumbnail":0,"footnotes":"","_mc_calendar":[]},"aioseo_notices":[],"_links":{"self":[{"href":"https:\/\/blogsaverroes.juntadeandalucia.es\/iescamposdenijar\/wp-json\/wp\/v2\/pages\/1113"}],"collection":[{"href":"https:\/\/blogsaverroes.juntadeandalucia.es\/iescamposdenijar\/wp-json\/wp\/v2\/pages"}],"about":[{"href":"https:\/\/blogsaverroes.juntadeandalucia.es\/iescamposdenijar\/wp-json\/wp\/v2\/types\/page"}],"author":[{"embeddable":true,"href":"https:\/\/blogsaverroes.juntadeandalucia.es\/iescamposdenijar\/wp-json\/wp\/v2\/users\/1"}],"replies":[{"embeddable":true,"href":"https:\/\/blogsaverroes.juntadeandalucia.es\/iescamposdenijar\/wp-json\/wp\/v2\/comments?post=1113"}],"version-history":[{"count":13,"href":"https:\/\/blogsaverroes.juntadeandalucia.es\/iescamposdenijar\/wp-json\/wp\/v2\/pages\/1113\/revisions"}],"predecessor-version":[{"id":2313,"href":"https:\/\/blogsaverroes.juntadeandalucia.es\/iescamposdenijar\/wp-json\/wp\/v2\/pages\/1113\/revisions\/2313"}],"wp:attachment":[{"href":"https:\/\/blogsaverroes.juntadeandalucia.es\/iescamposdenijar\/wp-json\/wp\/v2\/media?parent=1113"}],"curies":[{"name":"wp","href":"https:\/\/api.w.org\/{rel}","templated":true}]}}