{"id":2457,"date":"2021-01-21T13:12:50","date_gmt":"2021-01-21T12:12:50","guid":{"rendered":"https:\/\/blogsaverroes.juntadeandalucia.es\/iescamposdenijar\/?page_id=2457"},"modified":"2023-11-30T13:37:22","modified_gmt":"2023-11-30T12:37:22","slug":"consejo-escolar","status":"publish","type":"page","link":"https:\/\/blogsaverroes.juntadeandalucia.es\/iescamposdenijar\/consejo-escolar\/","title":{"rendered":"Consejo escolar"},"content":{"rendered":"<p><a href=\"https:\/\/blogsaverroes.juntadeandalucia.es\/iescamposdenijar\/files\/2021\/01\/consejo-escolar.jpg\"><img loading=\"lazy\" decoding=\"async\" class=\"size-thumbnail wp-image-2726 alignright\" src=\"https:\/\/blogsaverroes.juntadeandalucia.es\/iescamposdenijar\/files\/2021\/01\/consejo-escolar-150x150.jpg\" alt=\"\" width=\"150\" height=\"150\" srcset=\"https:\/\/blogsaverroes.juntadeandalucia.es\/iescamposdenijar\/files\/2021\/01\/consejo-escolar-150x150.jpg 150w, https:\/\/blogsaverroes.juntadeandalucia.es\/iescamposdenijar\/files\/2021\/01\/consejo-escolar-100x100.jpg 100w\" sizes=\"(max-width: 150px) 100vw, 150px\" \/><\/a><\/p>\n<p style=\"text-align: justify\">Se informa a la comunidad educativa que tras las elecciones a Consejo Escolar del centro seg\u00fan &#8220;<a href=\"https:\/\/www.juntadeandalucia.es\/educacion\/portals\/web\/inspeccion-educativa\/normativa-d\/-\/contenidos\/detalle\/resolucion-de-26-de-septiembre-de-2023-de-la-direccion-general-de-ordenacion-inclusion-participacion-y-evaluacion-1kgku308rrlgi\">Resoluci\u00f3n de 26 de septiembre de 2023<\/a>, de la Direcci\u00f3n General de Ordenaci\u00f3n, Inclusi\u00f3n, Participaci\u00f3n y Evaluaci\u00f3n Educativa, por la que se establece el calendario para el desarrollo de las elecciones de representantes en los Consejos de Centro de los Centros de Educaci\u00f3n Permanente de la Comunidad Aut\u00f3noma de Andaluc\u00eda, para el curso 2023\/2024&#8243;, \u00e9ste queda constituido como se indica a continuaci\u00f3n:<\/p>\n<h5>Equipo Directivo:<\/h5>\n<ul style=\"list-style-type: circle\">\n<li>MANUEL J. MART\u00cdNEZ-SANTAOLALLA MART\u00cdNEZ (DIRECTOR)<\/li>\n<li>ISABEL COBO VALVERDE (JEFA DE ESTUDIOS)<\/li>\n<li>SILVIA P\u00c9REZ F\u00c1BREGA (JEFA DE ESTUDIOS SECCI\u00d3N ADULTOS)<\/li>\n<li>MAR\u00cdA DOLORES ESCUDERO&nbsp; JIM\u00c9NEZ (VICEDIRECTORA)<\/li>\n<li>JUAN JOS\u00c9 MART\u00cdNEZ FERN\u00c1NDEZ (SECRETARIO)<\/li>\n<\/ul>\n<h5>Representantes de profesores y profesoras:<\/h5>\n<ul style=\"list-style-type: circle\">\n<li>ESPERANZA GIL QUESADA<\/li>\n<li>ROSA MAGA\u00d1A GARC\u00cdA<\/li>\n<li>RAM\u00d3N P\u00c9REZ NAVARRO<\/li>\n<\/ul>\n<h5>Representantes de madres, padres y tutores:<\/h5>\n<ul style=\"list-style-type: circle\">\n<li>B\u00c1RBARA CRESPO MU\u00d1OZ<\/li>\n<li>JOS\u00c9 MANUEL M\u00c9NDEZ GIM\u00c9NEZ<\/li>\n<li>SUSANA MORALES ALCARAZ<\/li>\n<li>GUILLERMINA TORRECILLAS GIM\u00c9NEZ (PRESIDENTA AMPA &#8220;LEVANTE&#8221;)<\/li>\n<li>MAR\u00cdA F\u00aa VI\u00d1OLO BONILLA<\/li>\n<\/ul>\n<h5>Representantes del alumnado:<\/h5>\n<ul style=\"list-style-type: circle\">\n<li>EUFRASIA M\u00aa GONZ\u00c1LEZ L\u00d3PEZ (2\u00baBACH A)<\/li>\n<li>LYDIA M\u00aa GONZ\u00c1LEZ TRIST\u00c1N (2\u00baBACH C)<\/li>\n<li>SARA MORILLAS S\u00c1NCHEZ (2\u00baBACH D)<\/li>\n<li>ADRI\u00c1N SALVADOR TORRECILLAS (2\u00baBACH D)<\/li>\n<\/ul>\n<h5>Representante del Personal de Atenci\u00f3n Socioeducativa:<\/h5>\n<ul style=\"list-style-type: circle\">\n<li>MARTA PARRA MORATA<\/li>\n<\/ul>\n<h5>Representante del Personal de Administraci\u00f3n y Servicios:<\/h5>\n<ul style=\"list-style-type: circle\">\n<li>CARMEN MAR\u00cdA RODR\u00cdGUEZ CERD\u00c1N<\/li>\n<\/ul>\n<h5>Representante del Ayuntamiento:<\/h5>\n<ul style=\"list-style-type: circle\">\n<li>\u00c1NGELES G\u00d3NGORA TRIVINO<\/li>\n<\/ul>\n<h5>Representante Fomento de la Igualdad entre hombres y mujeres:<\/h5>\n<ul style=\"list-style-type: circle\">\n<li>GUILLLERMINA TORRECILLAS GIM\u00c9NEZ<\/li>\n<\/ul>\n","protected":false},"excerpt":{"rendered":"<p>Se informa a la comunidad educativa que tras las elecciones a Consejo Escolar del centro seg\u00fan &#8220;Resoluci\u00f3n de 26 de septiembre de 2023, de la Direcci\u00f3n General de Ordenaci\u00f3n, Inclusi\u00f3n, Participaci\u00f3n y Evaluaci\u00f3n Educativa,&#46;&#46;&#46;<\/p>\n","protected":false},"author":11942,"featured_media":0,"parent":0,"menu_order":0,"comment_status":"closed","ping_status":"closed","template":"","meta":{"ngg_post_thumbnail":0,"footnotes":"","_mc_calendar":[]},"aioseo_notices":[],"_links":{"self":[{"href":"https:\/\/blogsaverroes.juntadeandalucia.es\/iescamposdenijar\/wp-json\/wp\/v2\/pages\/2457"}],"collection":[{"href":"https:\/\/blogsaverroes.juntadeandalucia.es\/iescamposdenijar\/wp-json\/wp\/v2\/pages"}],"about":[{"href":"https:\/\/blogsaverroes.juntadeandalucia.es\/iescamposdenijar\/wp-json\/wp\/v2\/types\/page"}],"author":[{"embeddable":true,"href":"https:\/\/blogsaverroes.juntadeandalucia.es\/iescamposdenijar\/wp-json\/wp\/v2\/users\/11942"}],"replies":[{"embeddable":true,"href":"https:\/\/blogsaverroes.juntadeandalucia.es\/iescamposdenijar\/wp-json\/wp\/v2\/comments?post=2457"}],"version-history":[{"count":9,"href":"https:\/\/blogsaverroes.juntadeandalucia.es\/iescamposdenijar\/wp-json\/wp\/v2\/pages\/2457\/revisions"}],"predecessor-version":[{"id":4604,"href":"https:\/\/blogsaverroes.juntadeandalucia.es\/iescamposdenijar\/wp-json\/wp\/v2\/pages\/2457\/revisions\/4604"}],"wp:attachment":[{"href":"https:\/\/blogsaverroes.juntadeandalucia.es\/iescamposdenijar\/wp-json\/wp\/v2\/media?parent=2457"}],"curies":[{"name":"wp","href":"https:\/\/api.w.org\/{rel}","templated":true}]}}