{"id":3565,"date":"2021-04-05T11:03:42","date_gmt":"2021-04-05T10:03:42","guid":{"rendered":"https:\/\/blogsaverroes.juntadeandalucia.es\/iescamposdenijar\/?page_id=3565"},"modified":"2021-04-05T11:03:42","modified_gmt":"2021-04-05T10:03:42","slug":"school-council","status":"publish","type":"page","link":"https:\/\/blogsaverroes.juntadeandalucia.es\/iescamposdenijar\/en\/school-council\/","title":{"rendered":"School Council"},"content":{"rendered":"<p>TRADUCIR<a href=\"https:\/\/blogsaverroes.juntadeandalucia.es\/iescamposdenijar\/files\/2021\/01\/consejo-escolar.jpg\"><br \/>\n<img loading=\"lazy\" decoding=\"async\" class=\"size-thumbnail wp-image-2726 aligncenter\" src=\"https:\/\/blogsaverroes.juntadeandalucia.es\/iescamposdenijar\/files\/2021\/01\/consejo-escolar-150x150.jpg\" alt=\"\" width=\"150\" height=\"150\" srcset=\"https:\/\/blogsaverroes.juntadeandalucia.es\/iescamposdenijar\/files\/2021\/01\/consejo-escolar-150x150.jpg 150w, https:\/\/blogsaverroes.juntadeandalucia.es\/iescamposdenijar\/files\/2021\/01\/consejo-escolar-100x100.jpg 100w\" sizes=\"(max-width: 150px) 100vw, 150px\" \/><\/a><\/p>\n<p style=\"text-align: justify\">Se informa a la comunidad educativa que tras las elecciones a Consejo Escolar del centro seg\u00fan &#8220;<a href=\"https:\/\/www.juntadeandalucia.es\/boja\/2018\/129\/12\">Resoluci\u00f3n de 28 de junio de 2018, de la Direcci\u00f3n General de Participaci\u00f3n y Equidad<\/a>, por la que se establece el calendario para el desarrollo de las elecciones de representantes en los Consejos Escolares de los centros docentes sostenidos con fondos p\u00fablicos de la Comunidad Aut\u00f3noma de Andaluc\u00eda, a excepci\u00f3n de los centros espec\u00edficos de educaci\u00f3n permanente de personas adultas para el curso 2018\/2019&#8243;, \u00e9ste queda constituido como se indica a continuaci\u00f3n:<\/p>\n<h5>Equipo Directivo:<\/h5>\n<ul style=\"list-style-type: circle\">\n<li>MANUEL J. MART\u00cdNEZ-SANTAOLALLA MART\u00cdNEZ (DIRECTOR)<\/li>\n<li>PABLO MORENO RIESCO (JEFE DE ESTUDIOS)<\/li>\n<li>SILVIA P\u00c9REZ F\u00c1BREGA (JEFA DE ESTUDIOS SECCI\u00d3N ADULTOS)<\/li>\n<li>JUAN JOS\u00c9 MART\u00cdNEZ FERN\u00c1NDEZ (SECRETARIO\/A)<\/li>\n<\/ul>\n<h5>Representantes de madres, padres y tutores:<\/h5>\n<ul style=\"list-style-type: circle\">\n<li>B\u00c1RBARA CRESPO MU\u00d1OZ<\/li>\n<li>NARCISA GONZ\u00c1LEZ MONTOYA<\/li>\n<li>JOS\u00c9 MANUEL M\u00c9NDEZ GIM\u00c9NEZ<\/li>\n<li>M\u00aa CRISTINA RODR\u00cdGUEZ MORALES<\/li>\n<li>GUILLERMINA TORRECILLAS GIM\u00c9NEZ (PRESIDENTA AMPA &#8220;LEVANTE&#8221;)<\/li>\n<\/ul>\n<h5>Representantes del alumnado:<\/h5>\n<ul style=\"list-style-type: circle\">\n<li>VICTOR CAM\u00daN MONTOYA<\/li>\n<li>LUC\u00cdA GARC\u00cdA COBO<\/li>\n<li>CLAUDIA GARC\u00cdA CAYUELA<\/li>\n<li>ANDREA GIM\u00c9NEZ HERN\u00c1NDEZ<\/li>\n<li>ANDREA ORT\u00cdZ MONTOYA<\/li>\n<\/ul>\n<h5>Representantes de profesores y profesoras:<\/h5>\n<ul style=\"list-style-type: circle\">\n<li>M\u00aa TERESA CAMPOS TORRES<\/li>\n<li>ISABEL COBO VALVERDE<\/li>\n<li>ISABEL FERN\u00c1NDEZ GARC\u00cdA<\/li>\n<li>MAR\u00cdA RODR\u00cdGUEZ CANO<\/li>\n<li>CARMEN MAR\u00cdA SEGURA RUM\u00cd<\/li>\n<\/ul>\n<h5>Representante del Personal de Atenci\u00f3n Educativa:<\/h5>\n<ul style=\"list-style-type: circle\">\n<li>ABIGAIL GARC\u00cdA P\u00c9REZ<\/li>\n<\/ul>\n<h5>Representante del Personal de Administraci\u00f3n y Servicios:<\/h5>\n<ul style=\"list-style-type: circle\">\n<li>DOLORES MART\u00cdNEZ D\u00cdAZ<\/li>\n<\/ul>\n<h5>Representante del Ayuntamiento:<\/h5>\n<ul style=\"list-style-type: circle\">\n<li>YOLANDA LOZANO SALINAS (Suplente: SERGIO VICENTE SOTO)<\/li>\n<\/ul>\n<h5>Fomento de la Igualdad entre hombres y mujeres:<\/h5>\n<ul style=\"list-style-type: circle\">\n<li>GUILLLERMINA TORRECILLAS GIM\u00c9NEZ<\/li>\n<\/ul>\n","protected":false},"excerpt":{"rendered":"<p>TRADUCIR Se informa a la comunidad educativa que tras las elecciones a Consejo Escolar del centro seg\u00fan &#8220;Resoluci\u00f3n de 28 de junio de 2018, de la Direcci\u00f3n General de Participaci\u00f3n y Equidad, por la&#46;&#46;&#46;<\/p>\n","protected":false},"author":11942,"featured_media":0,"parent":0,"menu_order":0,"comment_status":"closed","ping_status":"closed","template":"","meta":{"ngg_post_thumbnail":0,"footnotes":"","_mc_calendar":[]},"aioseo_notices":[],"_links":{"self":[{"href":"https:\/\/blogsaverroes.juntadeandalucia.es\/iescamposdenijar\/wp-json\/wp\/v2\/pages\/3565"}],"collection":[{"href":"https:\/\/blogsaverroes.juntadeandalucia.es\/iescamposdenijar\/wp-json\/wp\/v2\/pages"}],"about":[{"href":"https:\/\/blogsaverroes.juntadeandalucia.es\/iescamposdenijar\/wp-json\/wp\/v2\/types\/page"}],"author":[{"embeddable":true,"href":"https:\/\/blogsaverroes.juntadeandalucia.es\/iescamposdenijar\/wp-json\/wp\/v2\/users\/11942"}],"replies":[{"embeddable":true,"href":"https:\/\/blogsaverroes.juntadeandalucia.es\/iescamposdenijar\/wp-json\/wp\/v2\/comments?post=3565"}],"version-history":[{"count":1,"href":"https:\/\/blogsaverroes.juntadeandalucia.es\/iescamposdenijar\/wp-json\/wp\/v2\/pages\/3565\/revisions"}],"predecessor-version":[{"id":3570,"href":"https:\/\/blogsaverroes.juntadeandalucia.es\/iescamposdenijar\/wp-json\/wp\/v2\/pages\/3565\/revisions\/3570"}],"wp:attachment":[{"href":"https:\/\/blogsaverroes.juntadeandalucia.es\/iescamposdenijar\/wp-json\/wp\/v2\/media?parent=3565"}],"curies":[{"name":"wp","href":"https:\/\/api.w.org\/{rel}","templated":true}]}}