{"id":42,"date":"2015-03-13T08:40:47","date_gmt":"2015-03-13T08:40:47","guid":{"rendered":"http:\/\/blogsaverroes.juntadeandalucia.es\/pre\/ceip\/?page_id=42"},"modified":"2025-09-20T11:56:42","modified_gmt":"2025-09-20T10:56:42","slug":"equipo-directivo","status":"publish","type":"page","link":"https:\/\/blogsaverroes.juntadeandalucia.es\/iescamposdenijar\/equipo-directivo\/","title":{"rendered":"Organizaci\u00f3n"},"content":{"rendered":"<h3><a href=\"https:\/\/blogsaverroes.juntadeandalucia.es\/iescamposdenijar\/files\/2021\/01\/2-organizacin-de-los-centros-educativos-3-638.jpg\"><img loading=\"lazy\" decoding=\"async\" class=\"aligncenter wp-image-2730 size-medium\" src=\"https:\/\/blogsaverroes.juntadeandalucia.es\/iescamposdenijar\/files\/2021\/01\/2-organizacin-de-los-centros-educativos-3-638-300x169.jpg\" alt=\"\" width=\"300\" height=\"169\" srcset=\"https:\/\/blogsaverroes.juntadeandalucia.es\/iescamposdenijar\/files\/2021\/01\/2-organizacin-de-los-centros-educativos-3-638-300x169.jpg 300w, https:\/\/blogsaverroes.juntadeandalucia.es\/iescamposdenijar\/files\/2021\/01\/2-organizacin-de-los-centros-educativos-3-638-24x14.jpg 24w, https:\/\/blogsaverroes.juntadeandalucia.es\/iescamposdenijar\/files\/2021\/01\/2-organizacin-de-los-centros-educativos-3-638-36x20.jpg 36w, https:\/\/blogsaverroes.juntadeandalucia.es\/iescamposdenijar\/files\/2021\/01\/2-organizacin-de-los-centros-educativos-3-638-48x27.jpg 48w, https:\/\/blogsaverroes.juntadeandalucia.es\/iescamposdenijar\/files\/2021\/01\/2-organizacin-de-los-centros-educativos-3-638.jpg 638w\" sizes=\"(max-width: 300px) 100vw, 300px\" \/><\/a><\/h3>\n<h3 style=\"text-align: center\">Equipo directivo<\/h3>\n<table style=\"height: 96px;width: 100%;border-collapse: collapse;border-style: solid;border-color: #000000\" cellpadding=\"10\">\n<tbody>\n<tr style=\"height: 24px\">\n<td style=\"width: 50%;height: 24px;border-color: #000000;border-style: solid;background-color: #d3d3d3\"><span style=\"text-decoration: underline\">Director:<\/span><br \/>\nD. Manuel J. Mart\u00ednez-Santaolalla Mart\u00ednez<\/td>\n<td style=\"width: 50%;height: 24px;border-color: #000000;border-style: solid;background-color: #d3d3d3\"><span style=\"text-decoration: underline\">Vicedirectora:<\/span><br \/>\nD\u00aa. Mar\u00eda Escudero Jim\u00e9nez<\/td>\n<\/tr>\n<tr style=\"height: 24px\">\n<td style=\"width: 50%;height: 24px;border-color: #000000;border-style: solid\"><span style=\"text-decoration: underline\">Jefe de Estudios:<\/span><br \/>\nD. Manuel del \u00c1guila Rodr\u00edguez<\/td>\n<td style=\"width: 50%;height: 24px;border-color: #000000;border-style: solid\"><span style=\"text-decoration: underline\">Jefa de Estudios de Adultos:<\/span><br \/>\nD\u00aa. Silvia P\u00e9rez F\u00e1brega<\/td>\n<\/tr>\n<tr style=\"height: 24px\">\n<td style=\"width: 50%;height: 24px;border-color: #000000;border-style: solid;background-color: #d3d3d3\"><span style=\"text-decoration: underline\">Secretario:<\/span><br \/>\nD. Juan Jos\u00e9 Mart\u00ednez Fern\u00e1ndez<\/td>\n<td style=\"width: 50%;height: 24px;border-color: #000000;border-style: solid;background-color: #d3d3d3\"><span style=\"text-decoration: underline\">Jefe de Estudios Adjunto:<\/span><br \/>\nD. Ram\u00f3n P\u00e9rez Navarro<\/td>\n<\/tr>\n<tr style=\"height: 24px\">\n<td style=\"width: 50%;height: 24px;border-color: #000000;border-style: solid\"><span style=\"text-decoration: underline\">Jefa de Estudios Adjunta:<\/span><br \/>\nD\u00aa. Esperanza Gil Quesada<\/td>\n<td style=\"width: 50%;height: 24px;border-color: #000000;border-style: solid\"><span style=\"text-decoration: underline\">Jefa de Estudios Adjunta de Adultos:<\/span><br \/>\nD\u00aa. Isabel Mart\u00ednez Vega<\/td>\n<\/tr>\n<tr>\n<td style=\"width: 50%;height: 24px;border-color: #000000;border-style: solid;background-color: #d3d3d3\"><span style=\"text-decoration: underline\">Jefe de Estudios Adjunto:<\/span><br \/>\nD. Ignacio J. S\u00e1nchez Rojo<\/td>\n<td style=\"width: 50%;height: 24px;border-color: #000000;border-style: solid;background-color: #d3d3d3\">&nbsp;<\/td>\n<\/tr>\n<\/tbody>\n<\/table>\n<h3 style=\"text-align: center\">Departamentos did\u00e1cticos<\/h3>\n<table style=\"width: 100%\">\n<tbody>\n<tr style=\"background-color: ##d3d3d3;border-color: #000000;border-style: solid\">\n<td style=\"width: 50%;height: 10px;border-color: #000000;border-style: solid;text-align: center;background-color: #d3d3d3\"><span style=\"font-weight: 400\">ACT. EXTRAESCOLARES<\/span><\/td>\n<td style=\"width: 50%;height: 10px;border-color: #000000;border-style: solid;text-align: center;background-color: #d3d3d3\"><span style=\"font-weight: 400\">Antonio Fern\u00e1ndez L\u00f3pez<br \/>\n<\/span><\/td>\n<\/tr>\n<tr>\n<td style=\"width: 49.8352%;text-align: center\"><span style=\"font-weight: 400\">ADMON. Y GESTI\u00d3N<\/span><\/td>\n<td style=\"width: 98.0081%;text-align: center\"><span style=\"font-weight: 400\">Mar\u00eda Jes\u00fas Gim\u00e9nez<br \/>\n<\/span><\/td>\n<\/tr>\n<tr>\n<td style=\"width: 50%;height: 10px;border-color: #000000;border-style: solid;text-align: center;background-color: #d3d3d3\"><span style=\"font-weight: 400\">BECREA<\/span><\/td>\n<td style=\"width: 50%;height: 10px;border-color: #000000;border-style: solid;text-align: center;background-color: #d3d3d3\"><span style=\"font-weight: 400\">Noelia Ortiz Valverde<\/span><\/td>\n<\/tr>\n<tr>\n<td style=\"width: 49.8352%;text-align: center\"><span style=\"font-weight: 400\">BIOLOG\u00cdA Y GEOLOG\u00cdA<\/span><\/td>\n<td style=\"width: 98.0081%;text-align: center\"><span style=\"font-weight: 400\">Isabel Olivares Sierra<br \/>\n<\/span><\/td>\n<\/tr>\n<tr>\n<td style=\"width: 50%;height: 10px;border-color: #000000;border-style: solid;text-align: center;background-color: #d3d3d3\"><span style=\"font-weight: 400\">CULTURA CL\u00c1SICA<\/span><\/td>\n<td style=\"width: 50%;height: 10px;border-color: #000000;border-style: solid;text-align: center;background-color: #d3d3d3\"><span style=\"font-weight: 400\">Beatriz Mart\u00edn Gonz\u00e1lez<br \/>\n<\/span><\/td>\n<\/tr>\n<tr>\n<td style=\"width: 49.8352%;text-align: center\"><span style=\"font-weight: 400\">DIBUJO<\/span><\/td>\n<td style=\"width: 98.0081%;text-align: center\"><span style=\"font-weight: 400\">Eugenia Berenguel<br \/>\n<\/span><\/td>\n<\/tr>\n<tr>\n<td style=\"width: 50%;height: 10px;border-color: #000000;border-style: solid;text-align: center;background-color: #d3d3d3\"><span style=\"font-weight: 400\">EDUCACI\u00d3N F\u00cdSICA<\/span><\/td>\n<td style=\"width: 50%;height: 10px;border-color: #000000;border-style: solid;text-align: center;background-color: #d3d3d3\"><span style=\"font-weight: 400\">Salvador Cayuela Flores<\/span><\/td>\n<\/tr>\n<tr>\n<td style=\"width: 49.8352%;text-align: center\"><span style=\"font-weight: 400\">FILOSOF\u00cdA<\/span><\/td>\n<td style=\"width: 98.0081%;text-align: center\"><span style=\"font-weight: 400\">Juan Jos\u00e9 L\u00f3pez Galindo<\/span><\/td>\n<\/tr>\n<tr>\n<td style=\"width: 50%;height: 10px;border-color: #000000;border-style: solid;text-align: center;background-color: #d3d3d3\"><span style=\"font-weight: 400\">F\u00cdSICA Y QU\u00cdMICA<\/span><\/td>\n<td style=\"width: 50%;height: 10px;border-color: #000000;border-style: solid;text-align: center;background-color: #d3d3d3\"><span style=\"font-weight: 400\">Inmacula Mart\u00ednez<\/span><\/td>\n<\/tr>\n<tr>\n<td style=\"width: 49.8352%;text-align: center\"><span style=\"font-weight: 400\">FORMACI\u00d3N, EVALUACI\u00d3N e INNOVACI\u00d3N EDUCATIVA<br \/>\n<\/span><\/td>\n<td style=\"width: 98.0081%;text-align: center\"><span style=\"font-weight: 400\">Antonio L\u00f3pez L\u00f3pez<br \/>\n<\/span><\/td>\n<\/tr>\n<tr>\n<td style=\"width: 50%;height: 10px;border-color: #000000;border-style: solid;text-align: center;background-color: #d3d3d3\"><span style=\"font-weight: 400\">FRANC\u00c9S<\/span><\/td>\n<td style=\"width: 50%;height: 10px;border-color: #000000;border-style: solid;text-align: center;background-color: #d3d3d3\"><span style=\"font-weight: 400\">Juana M\u00aa Fern\u00e1ndez S\u00e1nchez<br \/>\n<\/span><\/td>\n<\/tr>\n<tr>\n<td style=\"width: 49.8352%;text-align: center\"><span style=\"font-weight: 400\">GEOGRAF\u00cdA E HISTORIA<\/span><\/td>\n<td style=\"width: 98.0081%;text-align: center\"><span style=\"font-weight: 400\">Ignacio Gallego Esteban<\/span><\/td>\n<\/tr>\n<tr>\n<td style=\"width: 50%;height: 10px;border-color: #000000;border-style: solid;text-align: center;background-color: #d3d3d3\"><span style=\"font-weight: 400\">INFORM\u00c1TICA<\/span><\/td>\n<td style=\"width: 50%;height: 10px;border-color: #000000;border-style: solid;text-align: center;background-color: #d3d3d3\"><span style=\"font-weight: 400\">Antonio Manrique L\u00f3pez<\/span><\/td>\n<\/tr>\n<tr>\n<td style=\"width: 49.8352%;text-align: center\"><span style=\"font-weight: 400\">INGL\u00c9S<\/span><\/td>\n<td style=\"width: 98.0081%;text-align: center\"><span style=\"font-weight: 400\">Rosa Maga\u00f1a Garc\u00eda<br \/>\n<\/span><\/td>\n<\/tr>\n<tr>\n<td style=\"width: 50%;height: 10px;border-color: #000000;border-style: solid;text-align: center;background-color: #d3d3d3\"><span style=\"font-weight: 400\">LENGUA CASTELLANA Y LITERATURA<\/span><\/td>\n<td style=\"width: 50%;height: 10px;border-color: #000000;border-style: solid;text-align: center;background-color: #d3d3d3\"><span style=\"font-weight: 400\">Marina Mart\u00ednez G\u00f3mez<\/span><\/td>\n<\/tr>\n<tr>\n<td style=\"width: 49.8352%;text-align: center\"><span style=\"font-weight: 400\">MATEM\u00c1TICAS<\/span><\/td>\n<td style=\"width: 98.0081%;text-align: center\"><span style=\"font-weight: 400\">Antonio Ca\u00f1adas<\/span><\/td>\n<\/tr>\n<tr>\n<td style=\"width: 50%;height: 10px;border-color: #000000;border-style: solid;text-align: center;background-color: #d3d3d3\"><span style=\"font-weight: 400\">M\u00daSICA<\/span><\/td>\n<td style=\"width: 50%;height: 10px;border-color: #000000;border-style: solid;text-align: center;background-color: #d3d3d3\"><span style=\"font-weight: 400\">Meritxell Santiago P\u00e9rez<\/span><\/td>\n<\/tr>\n<tr>\n<td style=\"width: 49.8352%;text-align: center\"><span style=\"font-weight: 400\">ORIENTACI\u00d3N<\/span><\/td>\n<td style=\"width: 98.0081%;text-align: center\"><span style=\"font-weight: 400\">Carmen Mar\u00eda Segura Rumi<\/span><\/td>\n<\/tr>\n<tr>\n<td style=\"width: 50%;height: 10px;border-color: #000000;border-style: solid;text-align: center;background-color: #d3d3d3\"><span style=\"font-weight: 400\">TECNOLOG\u00cdA<\/span><\/td>\n<td style=\"width: 50%;height: 10px;border-color: #000000;border-style: solid;text-align: center;background-color: #d3d3d3\"><span style=\"font-weight: 400\">Manuel Salvador L\u00f3pez<\/span><\/td>\n<\/tr>\n<tr>\n<td style=\"width: 49.8352%;text-align: center\"><span style=\"font-weight: 400\">COEDUCACI\u00d3N<\/span><\/td>\n<td style=\"width: 98.0081%;text-align: center\"><span style=\"font-weight: 400\">Lucia Cabezas Rosa<br \/>\n<\/span><\/td>\n<\/tr>\n<tr>\n<td style=\"width: 50%;height: 10px;border-color: #000000;border-style: solid;text-align: center;background-color: #d3d3d3\"><span style=\"font-weight: 400\">AUTOPROTECCI\u00d3N<\/span><\/td>\n<td style=\"width: 50%;height: 10px;border-color: #000000;border-style: solid;text-align: center;background-color: #d3d3d3\"><span style=\"font-weight: 400\">Juan Jos\u00e9 Mart\u00ednez Fern\u00e1ndez<\/span><\/td>\n<\/tr>\n<tr>\n<td style=\"width: 49.8352%;text-align: center\"><span style=\"font-weight: 400\">TDE<\/span><\/td>\n<td style=\"width: 98.0081%;text-align: center\"><span style=\"font-weight: 400\">Daniel Ayala Soriano<br \/>\n<\/span><\/td>\n<\/tr>\n<\/tbody>\n<\/table>\n<p>&nbsp;<\/p>\n","protected":false},"excerpt":{"rendered":"<p>Equipo directivo Director: D. Manuel J. Mart\u00ednez-Santaolalla Mart\u00ednez Vicedirectora: D\u00aa. Mar\u00eda Escudero Jim\u00e9nez Jefe de Estudios: D. Manuel del \u00c1guila Rodr\u00edguez Jefa de Estudios de Adultos: D\u00aa. Silvia P\u00e9rez F\u00e1brega Secretario: D. Juan Jos\u00e9&#46;&#46;&#46;<\/p>\n","protected":false},"author":1,"featured_media":0,"parent":0,"menu_order":0,"comment_status":"closed","ping_status":"closed","template":"","meta":{"ngg_post_thumbnail":0,"footnotes":"","_mc_calendar":[]},"aioseo_notices":[],"_links":{"self":[{"href":"https:\/\/blogsaverroes.juntadeandalucia.es\/iescamposdenijar\/wp-json\/wp\/v2\/pages\/42"}],"collection":[{"href":"https:\/\/blogsaverroes.juntadeandalucia.es\/iescamposdenijar\/wp-json\/wp\/v2\/pages"}],"about":[{"href":"https:\/\/blogsaverroes.juntadeandalucia.es\/iescamposdenijar\/wp-json\/wp\/v2\/types\/page"}],"author":[{"embeddable":true,"href":"https:\/\/blogsaverroes.juntadeandalucia.es\/iescamposdenijar\/wp-json\/wp\/v2\/users\/1"}],"replies":[{"embeddable":true,"href":"https:\/\/blogsaverroes.juntadeandalucia.es\/iescamposdenijar\/wp-json\/wp\/v2\/comments?post=42"}],"version-history":[{"count":25,"href":"https:\/\/blogsaverroes.juntadeandalucia.es\/iescamposdenijar\/wp-json\/wp\/v2\/pages\/42\/revisions"}],"predecessor-version":[{"id":4958,"href":"https:\/\/blogsaverroes.juntadeandalucia.es\/iescamposdenijar\/wp-json\/wp\/v2\/pages\/42\/revisions\/4958"}],"wp:attachment":[{"href":"https:\/\/blogsaverroes.juntadeandalucia.es\/iescamposdenijar\/wp-json\/wp\/v2\/media?parent=42"}],"curies":[{"name":"wp","href":"https:\/\/api.w.org\/{rel}","templated":true}]}}