{"id":158,"date":"2015-03-17T07:50:33","date_gmt":"2015-03-17T07:50:33","guid":{"rendered":"http:\/\/blogsaverroes.juntadeandalucia.es\/pre\/ceip\/?page_id=158"},"modified":"2025-09-19T11:40:51","modified_gmt":"2025-09-19T11:40:51","slug":"matematicas","status":"publish","type":"page","link":"https:\/\/blogsaverroes.juntadeandalucia.es\/iescarlinda\/matematicas\/","title":{"rendered":"Matem\u00e1ticas"},"content":{"rendered":"<p>&nbsp;<\/p>\n<p><span style=\"color: #ff0000\"><strong>Componentes del Departamento (curso 2025\/26):<\/strong>&nbsp;<\/span><\/p>\n<ul>\n<li><i>D\u00f1a. Inmaculada R\u00edos (Jefe de Departamento)<\/i><\/li>\n<li>D. Roberto Salcedo (Jefe de Estudios)<\/li>\n<li>D\u00f1a. M\u00aa del Mar Sep\u00falveda Pav\u00f3n<\/li>\n<li>D. Juan Jos\u00e9 Luque Duarte&nbsp;<\/li>\n<li>D. Jos\u00e9 Alarc\u00f3n Ortiz<\/li>\n<\/ul>\n<p>&nbsp;<\/p>\n<p><span style=\"color: #ff0000\"><strong>Recuperaci\u00f3n de pendientes del curso anterior:<\/strong><\/span><\/p>\n<p>Para la recuperaci\u00f3n de aprendizajes no adquiridos en cada materia de alg\u00fan curso anterior, se seguir\u00e1n las siguientes indicaciones:<br \/>\nAl comienzo de cada trimestre del curso, se le proporcionar\u00e1 al alumno o alumna un cuadernillo con las actividades que deber\u00e1 realizar durante dicho trimestre. En este cuadernillo se concretan saberes b\u00e1sicos que el alumnado debe trabajar, relacionados con las competencias espec\u00edficas y criterios de evaluaci\u00f3n no superados el curso anterior.<br \/>\nAquel alumno o alumna que tenga pendientes de superaci\u00f3n varios niveles de Matem\u00e1ticas previos al que se encuentra cursando, deber\u00e1 trabajar las actividades y las pruebas de todos y cada uno de los criterios de evaluaci\u00f3n no superados.<br \/>\nDurante cada trimestre, en el horario de clases, se asesorar\u00e1 y orientar\u00e1 al alumnado sobre el aprendizaje de los contenidos y la realizaci\u00f3n de las actividades propuestas.<br \/>\nEl alumnado entregar\u00e1 las actividades resueltas a su profesor de matem\u00e1ticas en las fechas determinadas y realizar\u00e1 una prueba escrita, que versar\u00e1n sobre los contenidos reforzados por medio de la realizaci\u00f3n de las actividades.<\/p>\n<p>Fechas para la realizaci\u00f3n de las pruebas y la entrega de las actividades:<\/p>\n<ul>\n<li>PRIMER TRIMESTRE: DEL 2 AL 5 DICIEMBRE.<\/li>\n<li>SEGUNDO TRIMESTRE: DEL 24 AL 28 MARZO.<\/li>\n<li>TERCER TRIMESTRE: DEL 26 AL 30 MAYO.<\/li>\n<\/ul>\n<p>&nbsp;<\/p>\n<p><span style=\"color: #ff0000\"><strong>Criterios de calificaci\u00f3n<\/strong><\/span><\/p>\n<p>Los criterios de calificaci\u00f3n estar\u00e1n basados en la superaci\u00f3n de los diferentes criterios de evaluaci\u00f3n descritos en la Orden del 30 de mayo y, por tanto, de las competencias espec\u00edficas.<br \/>\nLa calificaci\u00f3n de la materia se calcular\u00e1 haciendo la media de las calificaciones de las Competencias Espec\u00edficas, las cuales a su vez se obtienen haciendo la media de las calificaciones de los Criterios de Evaluaci\u00f3n de cada Competencia Espec\u00edfica.<br \/>\nPara la evaluaci\u00f3n del alumnado se har\u00e1 una observaci\u00f3n continua y global de la evoluci\u00f3n del proceso de aprendizaje de cada alumno o alumna en relaci\u00f3n con los criterios de evaluaci\u00f3n y el grado de desarrollo de las competencias de la materia. Se har\u00e1 un seguimiento diario por parte del profesor de la materia. Se pretende con ello llevar un control de su trabajo diario, detectar dificultades y actuar en consecuencia para superarlas.<br \/>\nSe utilizar\u00e1n diferentes herramientas para la evaluaci\u00f3n de los distintos criterios, tales como:<br \/>\nSituaciones de aprendizaje, tareas, observaci\u00f3n directa, pruebas escritas y orales, trabajos propios o grupales, informes, proyectos, infograf\u00edas, presentaciones, r\u00fabricas, lecturas, entre otros, ajustados a los criterios de evaluaci\u00f3n y a las caracter\u00edsticas espec\u00edficas del alumnado, favoreciendo la coevaluaci\u00f3n y autoevaluaci\u00f3n por parte del propio alumnado.<\/p>\n<p>MECANISMOS DE RECUPERACI\u00d3N<br \/>\nLa recuperaci\u00f3n de los criterios de evaluaci\u00f3n no superados se realizar\u00e1 a lo largo del curso. Para ello se tendr\u00e1n que seguir las indicaciones marcadas por el profesor\/a (volver a realizar las tareas o actividades que se han calificado negativamente, pruebas escritas u orales, etc.).<\/p>\n","protected":false},"excerpt":{"rendered":"<p>&nbsp; Componentes del Departamento (curso 2025\/26):&nbsp; D\u00f1a. Inmaculada R\u00edos (Jefe de Departamento) D. Roberto Salcedo (Jefe de Estudios) D\u00f1a. M\u00aa del Mar Sep\u00falveda Pav\u00f3n D. Juan Jos\u00e9 Luque Duarte&nbsp; D. Jos\u00e9 Alarc\u00f3n Ortiz &nbsp; Recuperaci\u00f3n de pendientes del curso anterior: Para la recuperaci\u00f3n de aprendizajes no adquiridos en cada materia de alg\u00fan curso anterior, se &hellip; <\/p>\n<p><a class=\"more-link btn\" href=\"https:\/\/blogsaverroes.juntadeandalucia.es\/iescarlinda\/matematicas\/\">Seguir leyendo<\/a><\/p>\n","protected":false},"author":1,"featured_media":0,"parent":0,"menu_order":0,"comment_status":"closed","ping_status":"open","template":"","meta":{"ngg_post_thumbnail":0,"footnotes":"","_mc_calendar":[]},"aioseo_notices":[],"_links":{"self":[{"href":"https:\/\/blogsaverroes.juntadeandalucia.es\/iescarlinda\/wp-json\/wp\/v2\/pages\/158"}],"collection":[{"href":"https:\/\/blogsaverroes.juntadeandalucia.es\/iescarlinda\/wp-json\/wp\/v2\/pages"}],"about":[{"href":"https:\/\/blogsaverroes.juntadeandalucia.es\/iescarlinda\/wp-json\/wp\/v2\/types\/page"}],"author":[{"embeddable":true,"href":"https:\/\/blogsaverroes.juntadeandalucia.es\/iescarlinda\/wp-json\/wp\/v2\/users\/1"}],"replies":[{"embeddable":true,"href":"https:\/\/blogsaverroes.juntadeandalucia.es\/iescarlinda\/wp-json\/wp\/v2\/comments?post=158"}],"version-history":[{"count":23,"href":"https:\/\/blogsaverroes.juntadeandalucia.es\/iescarlinda\/wp-json\/wp\/v2\/pages\/158\/revisions"}],"predecessor-version":[{"id":5506,"href":"https:\/\/blogsaverroes.juntadeandalucia.es\/iescarlinda\/wp-json\/wp\/v2\/pages\/158\/revisions\/5506"}],"wp:attachment":[{"href":"https:\/\/blogsaverroes.juntadeandalucia.es\/iescarlinda\/wp-json\/wp\/v2\/media?parent=158"}],"curies":[{"name":"wp","href":"https:\/\/api.w.org\/{rel}","templated":true}]}}