{"id":3834,"date":"2020-06-29T15:06:10","date_gmt":"2020-06-29T15:06:10","guid":{"rendered":"https:\/\/blogsaverroes.juntadeandalucia.es\/iescarlinda\/?page_id=3834"},"modified":"2022-02-25T12:29:45","modified_gmt":"2022-02-25T12:29:45","slug":"plan-de-prevencion-contra-la-violencia-de-genero","status":"publish","type":"page","link":"https:\/\/blogsaverroes.juntadeandalucia.es\/iescarlinda\/plan-de-prevencion-contra-la-violencia-de-genero\/","title":{"rendered":"Plan Prevenci\u00f3n Violencia de G\u00e9nero"},"content":{"rendered":"<h3><a href=\"https:\/\/blogsaverroes.juntadeandalucia.es\/iescarlinda\/files\/2021\/05\/LOGO-JUNTA-DE-ANDALUC\u00cdA.jpg\"><img loading=\"lazy\" decoding=\"async\" class=\"alignnone wp-image-4303\" src=\"https:\/\/blogsaverroes.juntadeandalucia.es\/iescarlinda\/files\/2021\/05\/LOGO-JUNTA-DE-ANDALUC\u00cdA-300x229.jpg\" alt=\"\" width=\"106\" height=\"83\"> <\/a><a href=\"https:\/\/blogsaverroes.juntadeandalucia.es\/iescarlinda\/files\/2021\/05\/LOGO-PACTO-ESTADO.jpg\"><img loading=\"lazy\" decoding=\"async\" class=\"alignnone wp-image-4305\" src=\"https:\/\/blogsaverroes.juntadeandalucia.es\/iescarlinda\/files\/2021\/05\/LOGO-PACTO-ESTADO-300x240.jpg\" alt=\"\" width=\"101\" height=\"83\"> <\/a><a href=\"https:\/\/blogsaverroes.juntadeandalucia.es\/iescarlinda\/files\/2021\/05\/LOGO-GOBIERNO-ESPA\u00d1A.jpg\"><img loading=\"lazy\" decoding=\"async\" class=\"alignnone wp-image-4306\" src=\"https:\/\/blogsaverroes.juntadeandalucia.es\/iescarlinda\/files\/2021\/05\/LOGO-GOBIERNO-ESPA\u00d1A-300x43.jpg\" alt=\"\" width=\"294\" height=\"54\"><\/a><\/h3>\n<h3><em><span style=\"color: #ff0000\"><strong>CURSO ACAD\u00c9MICO 2021-2022<\/strong><\/span><\/em><\/h3>\n<p><strong>DOCUMENTOS:<\/strong><\/p>\n<p><a href=\"https:\/\/blogsaverroes.juntadeandalucia.es\/iescarlinda\/files\/2022\/01\/PLAN-DE-IGUALDAD-DE-G\u00c9NERO-IES-CARLINDA-2021-2022.pdf\">Plan de Igualdad de G\u00e9nero<\/a><\/p>\n<p><a href=\"https:\/\/blogsaverroes.juntadeandalucia.es\/iescarlinda\/files\/2022\/01\/25N-ACTIVIDAD-COMPLEMENTARIA-INTERDISCIPLINAR.pdf\">25N D\u00eda Internacional de la Eliminaci\u00f3n de la Violencia contra la Mujer<\/a><\/p>\n<p><strong>ACTIVIDADES:<\/strong><\/p>\n<p>Semana de la Igualdad: <a href=\"https:\/\/blogsaverroes.juntadeandalucia.es\/iescarlinda\/files\/2022\/01\/CELEBRAMOS-EL-25N-PARA-FOMENTAR-LA-IGUALDAD-DE-G\u00c9NERO.jpeg\">25N Igualdad de g\u00e9nero<\/a>, <a href=\"https:\/\/blogsaverroes.juntadeandalucia.es\/iescarlinda\/files\/2022\/01\/CARTEL-CARLINDA-STEPS-UP-FOR-EQUALITY.jpeg\">Cartel \u00abCarlinda Steps Up For Equality\u00bb<\/a>, <a href=\"https:\/\/blogsaverroes.juntadeandalucia.es\/iescarlinda\/files\/2022\/01\/BALONCESTO-POR-LA-IGUALDAD.jpeg\">Baloncesto por la Igualdad<\/a>,&nbsp;<a href=\"https:\/\/blogsaverroes.juntadeandalucia.es\/iescarlinda\/files\/2022\/01\/EL-DEPORTE-NO-TIENE-G\u00c9NERO.jpeg\">El deporte no tiene g\u00e9nero<\/a>, <a href=\"https:\/\/blogsaverroes.juntadeandalucia.es\/iescarlinda\/files\/2022\/01\/UN-GOL-AL-MACHISMO.jpeg\">Un gol al machismo<\/a>, <a href=\"https:\/\/blogsaverroes.juntadeandalucia.es\/iescarlinda\/files\/2022\/01\/C\u00cdRCULO-CARLINDA-SE-VISTE-DE-COLOR-POR-LA-IGUALDAD.jpeg\">Circulo Carlinda se viste de color para fomentar la Igualdad de g\u00e9nero<\/a>,&nbsp;<a href=\"https:\/\/blogsaverroes.juntadeandalucia.es\/iescarlinda\/files\/2022\/01\/MASCARILLAS-VIOLETAS.jpeg\">Mascarillas violetas<\/a>,&nbsp;y&nbsp;<a href=\"https:\/\/blogsaverroes.juntadeandalucia.es\/iescarlinda\/files\/2022\/01\/VINILOS-POR-LA-IGUALDAD.jpeg\">Vinilos por la igualdad<\/a>.<\/p>\n<h3><em><span style=\"color: #ff0000\"><strong>CURSO ACAD\u00c9MICO 2020-2021<\/strong><\/span><\/em><\/h3>\n<p><strong>DOCUMENTOS:<\/strong><\/p>\n<p><a href=\"https:\/\/blogsaverroes.juntadeandalucia.es\/iescarlinda\/files\/2021\/01\/PLAN-DE-IGUALDAD-DE-G\u00c9NERO-IES-CARLINDA-2020-2021.pdf\">Plan de Igualdad de G\u00e9nero<\/a><\/p>\n<p><a href=\"https:\/\/blogsaverroes.juntadeandalucia.es\/iescarlinda\/files\/2021\/01\/UNIDADES-DID\u00c1CTICAS-DEL-PLAN-DE-PREVENCI\u00d3N-CONTRA-LA-VIOLENCIA-DE-G\u00c9NERO.pdf\">Unidades did\u00e1cticas del Plan de Prevenci\u00f3n contra la Violencia de G\u00e9nero<\/a><\/p>\n<p><a href=\"https:\/\/blogsaverroes.juntadeandalucia.es\/iescarlinda\/files\/2021\/01\/COORDINACI\u00d3N-DEL-25N-D\u00cdA-INTERNACIONAL-DE-LA-ELIMINACI\u00d3N-DE-LA-VIOLENCIA-CONTRA-LA-MUJER.pdf\">Coordinaci\u00f3n del 25N dia internacional de la Eliminaci\u00f3n de la Violencia contra la Mujer<\/a><\/p>\n<p><a href=\"https:\/\/blogsaverroes.juntadeandalucia.es\/iescarlinda\/files\/2021\/01\/PROTOCOLO-ACTUACI\u00d3N-IDENTIDAD-DE-G\u00c9NERO.pdf\">Protocolo de Actuaci\u00f3n Identidad de G\u00e9nero<\/a><\/p>\n<p><a href=\"https:\/\/blogsaverroes.juntadeandalucia.es\/iescarlinda\/files\/2021\/03\/8M-ACTIVIDAD-COMPLEMENTARIA-INTERDISCIPLINAR.pdf\">8M D\u00eda Internacional de la Mujer<\/a><\/p>\n<p><strong>ACTIVIDADES:<\/strong><\/p>\n<p><a href=\"https:\/\/blogsaverroes.juntadeandalucia.es\/iescarlinda\/files\/2020\/12\/CARTEL-PEL\u00cdCULA.pdf\">Cartel Pel\u00edcula<\/a><\/p>\n<p><a href=\"https:\/\/blogsaverroes.juntadeandalucia.es\/iescarlinda\/files\/2020\/12\/EL-\u00c1RBOL-DE-LOS-EVENTOS-25N-scaled.jpg\">El \u00c1rbol de los eventos 25N<\/a><\/p>\n<p><a href=\"https:\/\/blogsaverroes.juntadeandalucia.es\/iescarlinda\/files\/2020\/12\/INSTALACI\u00d3N-LA-PANDEMIA-SILENCIOSA.jpg\">Instalaci\u00f3n de la pandemia silenciosa<\/a><\/p>\n<p><a href=\"https:\/\/blogsaverroes.juntadeandalucia.es\/iescarlinda\/files\/2020\/12\/TARJETAS-TUTOR\u00cdAS-25N.pdf\">Tarjetas tutor\u00eda 25N<\/a><\/p>\n<p><a href=\"https:\/\/blogsaverroes.juntadeandalucia.es\/iescarlinda\/files\/2020\/12\/VESTIMOS-EL-\u00c1RBOL-DE-LOS-EVENTOS.jpg\">Vestimos el \u00e1rbol de los eventos<\/a><\/p>\n<p><a href=\"https:\/\/blogsaverroes.juntadeandalucia.es\/iescarlinda\/files\/2020\/12\/VISITA-\u00c1RBOL-2\u00ba-B.jpg\">Visita \u00e1rbol 2\u00baB<\/a><\/p>\n<p><a href=\"https:\/\/blogsaverroes.juntadeandalucia.es\/iescarlinda\/files\/2020\/12\/VISITA-\u00c1RBOL-FBO.jpg\">Visita \u00e1rbol FBO<\/a><\/p>\n<p><a href=\"https:\/\/youtu.be\/rGzbDFfDgFA\">V\u00eddeo \u00abA las que est\u00e1n\u00bb<\/a><\/p>\n<p><a href=\"https:\/\/blogsaverroes.juntadeandalucia.es\/iescarlinda\/8m-dia-internacional-de-la-mujer-2020-21\/\">8M &#8211; D\u00eda Internacional de la Mujer<\/a><\/p>\n<p>&nbsp;<\/p>\n<h3><em><span style=\"color: #ff0000\"><strong>CURSO ACAD\u00c9MICO 2019-2020<\/strong><\/span><\/em><\/h3>\n<p><strong>DOCUMENTOS:<\/strong><br \/>\n<a href=\"https:\/\/blogsaverroes.juntadeandalucia.es\/iescarlinda\/files\/2020\/06\/PLAN-IGUALDAD-IES-CARLINDA-2019-2021-.pdf\">Plan de Igualdad IES Carlinda 2019-20<\/a><br \/>\n<a href=\"https:\/\/blogsaverroes.juntadeandalucia.es\/iescarlinda\/files\/2020\/06\/Coordinaci\u00f3n-Dia-de-la-Mujer.pdf\">Coordinaci\u00f3n del D\u00eda Internacional de la Mujer<\/a><br \/>\n<a href=\"https:\/\/blogsaverroes.juntadeandalucia.es\/iescarlinda\/files\/2020\/06\/Programaci\u00f3n-dos-unidades-did\u00e1cticas-Plan-Prevenci\u00f3n-violencia-de-g\u00e9nero-en-el-\u00e1mbito-educativo.pdf\">Unidades Did\u00e1cticas del Plan de Prevenci\u00f3n contra la Violencia de G\u00e9nero<\/a><br \/>\n<a href=\"https:\/\/blogsaverroes.juntadeandalucia.es\/iescarlinda\/files\/2020\/06\/Diploma-mediaci\u00f3n-COEDUCATIVA.pdf\">Diploma de Mediaci\u00f3n Coeducativa<\/a><\/p>\n<p><strong>ACTIVIDADES:<\/strong><br \/>\n<a href=\"https:\/\/blogsaverroes.juntadeandalucia.es\/iescarlinda\/files\/2020\/06\/Concurso-Puertas-violetas.jpg\">Concurso Puertas Violetas<\/a><br \/>\n<a href=\"https:\/\/blogsaverroes.juntadeandalucia.es\/iescarlinda\/files\/2020\/06\/Exposici\u00f3n-d\u00eda-de-la-mujer-alumnado.jpg\">Exposici\u00f3n del D\u00eda de la Mujer (Alumnado)<\/a><br \/>\n<a href=\"https:\/\/blogsaverroes.juntadeandalucia.es\/iescarlinda\/files\/2020\/06\/Exposici\u00f3n-d\u00eda-de-la-mujer.jpg\">Exposici\u00f3n del D\u00eda de la Mujer (profesorado)<\/a><br \/>\n<a href=\"https:\/\/blogsaverroes.juntadeandalucia.es\/iescarlinda\/files\/2020\/06\/Trabajos-por-el-d\u00eda-de-la-mujer.jpg\">Trabajos del D\u00eda de la Mujer<\/a><br \/>\n<a href=\"https:\/\/blogsaverroes.juntadeandalucia.es\/iescarlinda\/files\/2020\/06\/Mural-60-ojos.jpg\">Mural 60 ojos<\/a><br \/>\n<a href=\"https:\/\/blogsaverroes.juntadeandalucia.es\/iescarlinda\/files\/2020\/06\/VID-20191127-WA0000.mp4\">V\u00eddeo contra la Violencia de G\u00e9nero<\/a><br \/>\n<a href=\"https:\/\/blogsaverroes.juntadeandalucia.es\/iescarlinda\/files\/2020\/06\/Juegos-coeducativos.jpg\">Juegos Coeducativos<\/a><br \/>\n<a href=\"https:\/\/blogsaverroes.juntadeandalucia.es\/iescarlinda\/files\/2020\/06\/Marcha-por-la-paz-y-la-igualdad.jpg\">Marcha por la Paz y la Igualdad<\/a><br \/>\n<a href=\"https:\/\/blogsaverroes.juntadeandalucia.es\/iescarlinda\/files\/2020\/06\/Participaci\u00f3n-en-la-First-Lego-league.jpg\">Competici\u00f3n First LEGO League<\/a><br \/>\n<a href=\"https:\/\/blogsaverroes.juntadeandalucia.es\/iescarlinda\/files\/2020\/06\/Proyecto-Armon\u00eda.jpg\">Proyecto Armon\u00eda 1<\/a><br \/>\n<a href=\"https:\/\/blogsaverroes.juntadeandalucia.es\/iescarlinda\/files\/2020\/06\/Proyecto-Armon\u00eda-2.jpg\">Proyecto Armon\u00eda 2<\/a><\/p>\n","protected":false},"excerpt":{"rendered":"<p>CURSO ACAD\u00c9MICO 2021-2022 DOCUMENTOS: Plan de Igualdad de G\u00e9nero 25N D\u00eda Internacional de la Eliminaci\u00f3n de la Violencia contra la Mujer ACTIVIDADES: Semana de la Igualdad: 25N Igualdad de g\u00e9nero, Cartel \u00abCarlinda Steps Up For Equality\u00bb, Baloncesto por la Igualdad,&nbsp;El deporte no tiene g\u00e9nero, Un gol al machismo, Circulo Carlinda se viste de color para &hellip; <\/p>\n<p><a class=\"more-link btn\" href=\"https:\/\/blogsaverroes.juntadeandalucia.es\/iescarlinda\/plan-de-prevencion-contra-la-violencia-de-genero\/\">Seguir leyendo<\/a><\/p>\n","protected":false},"author":2005,"featured_media":0,"parent":0,"menu_order":0,"comment_status":"closed","ping_status":"closed","template":"","meta":{"ngg_post_thumbnail":0,"footnotes":"","_mc_calendar":[]},"aioseo_notices":[],"_links":{"self":[{"href":"https:\/\/blogsaverroes.juntadeandalucia.es\/iescarlinda\/wp-json\/wp\/v2\/pages\/3834"}],"collection":[{"href":"https:\/\/blogsaverroes.juntadeandalucia.es\/iescarlinda\/wp-json\/wp\/v2\/pages"}],"about":[{"href":"https:\/\/blogsaverroes.juntadeandalucia.es\/iescarlinda\/wp-json\/wp\/v2\/types\/page"}],"author":[{"embeddable":true,"href":"https:\/\/blogsaverroes.juntadeandalucia.es\/iescarlinda\/wp-json\/wp\/v2\/users\/2005"}],"replies":[{"embeddable":true,"href":"https:\/\/blogsaverroes.juntadeandalucia.es\/iescarlinda\/wp-json\/wp\/v2\/comments?post=3834"}],"version-history":[{"count":25,"href":"https:\/\/blogsaverroes.juntadeandalucia.es\/iescarlinda\/wp-json\/wp\/v2\/pages\/3834\/revisions"}],"predecessor-version":[{"id":4468,"href":"https:\/\/blogsaverroes.juntadeandalucia.es\/iescarlinda\/wp-json\/wp\/v2\/pages\/3834\/revisions\/4468"}],"wp:attachment":[{"href":"https:\/\/blogsaverroes.juntadeandalucia.es\/iescarlinda\/wp-json\/wp\/v2\/media?parent=3834"}],"curies":[{"name":"wp","href":"https:\/\/api.w.org\/{rel}","templated":true}]}}