{"id":4612,"date":"2023-05-11T09:39:21","date_gmt":"2023-05-11T09:39:21","guid":{"rendered":"https:\/\/blogsaverroes.juntadeandalucia.es\/iescarlinda\/?page_id=4612"},"modified":"2023-05-18T11:08:19","modified_gmt":"2023-05-18T11:08:19","slug":"curso-2022-23","status":"publish","type":"page","link":"https:\/\/blogsaverroes.juntadeandalucia.es\/iescarlinda\/curso-2022-23\/","title":{"rendered":"Curso 2022-23"},"content":{"rendered":"<p><strong>Galer\u00eda de im\u00e1genes<\/strong> de las actividades extraescolares, complementarias, efem\u00e9rides, talleres y proyectos realizados por el alumnado del IES Carlinda durante el curso:<\/p>\n<p><a href=\"https:\/\/blogsaverroes.juntadeandalucia.es\/iescarlinda\/dia-de-la-constitucion-2022\"><img loading=\"lazy\" decoding=\"async\" class=\"alignnone size-medium wp-image-3492\" src=\"https:\/\/blogsaverroes.juntadeandalucia.es\/iescarlinda\/files\/2023\/05\/Constitucion5-scaled.jpg\" alt=\"\" width=\"212\" height=\"300\"> &nbsp;<\/a><a href=\"https:\/\/blogsaverroes.juntadeandalucia.es\/iescarlinda\/desfile-moda-flamenca\/\"><img loading=\"lazy\" decoding=\"async\" class=\"alignnone size-medium wp-image-3495\" src=\"https:\/\/blogsaverroes.juntadeandalucia.es\/iescarlinda\/files\/2023\/05\/DESFILE1.jpg\" alt=\"\" width=\"212\" height=\"300\"> &nbsp;<\/a><a href=\"https:\/\/blogsaverroes.juntadeandalucia.es\/iescarlinda\/dia-de-andalucia-musica\/\"><img loading=\"lazy\" decoding=\"async\" class=\"alignnone size-medium wp-image-3498\" src=\"https:\/\/blogsaverroes.juntadeandalucia.es\/iescarlinda\/files\/2023\/05\/DiaAndaluciaMUS2.jpg\" alt=\"\" width=\"212\" height=\"300\"> &nbsp;<\/a><a href=\"https:\/\/blogsaverroes.juntadeandalucia.es\/iescarlinda\/dia-de-la-paz-2023\/\"><img loading=\"lazy\" decoding=\"async\" class=\"alignnone size-medium wp-image-3492\" src=\"https:\/\/blogsaverroes.juntadeandalucia.es\/iescarlinda\/files\/2023\/05\/diaPAZ.jpg\" alt=\"\" width=\"212\" height=\"300\"><\/a><br \/>\n&nbsp; &nbsp; &nbsp; &nbsp; &nbsp; &nbsp; &nbsp; &nbsp;&nbsp;<strong>D\u00eda de la Constituci\u00f3n&nbsp; &nbsp; &nbsp; &nbsp; &nbsp; &nbsp; &nbsp; &nbsp; &nbsp; &nbsp; &nbsp; &nbsp; &nbsp; &nbsp;&nbsp; Desfile moda flamenca&nbsp; &nbsp; &nbsp; &nbsp; &nbsp; &nbsp; &nbsp; &nbsp; &nbsp; &nbsp; &nbsp; &nbsp; &nbsp;&nbsp; &nbsp; &nbsp;&nbsp; &nbsp;&nbsp; D\u00eda de Andaluc\u00eda&nbsp; &nbsp; &nbsp; &nbsp; &nbsp; &nbsp; &nbsp; &nbsp; &nbsp;&nbsp; &nbsp; &nbsp; &nbsp; &nbsp; &nbsp; &nbsp; &nbsp; &nbsp; &nbsp; &nbsp; &nbsp;<\/strong><strong>&nbsp; &nbsp; &nbsp; D\u00eda de la Paz<\/strong><\/p>\n<p>&nbsp;<br \/>\n<a href=\"https:\/\/blogsaverroes.juntadeandalucia.es\/iescarlinda\/desayuno-con-padres-23\/\"><img loading=\"lazy\" decoding=\"async\" class=\"alignnone size-medium wp-image-3492\" src=\"https:\/\/blogsaverroes.juntadeandalucia.es\/iescarlinda\/files\/2023\/05\/desayuno-scaled.jpg\" alt=\"\" width=\"212\" height=\"300\"> &nbsp;<\/a><a href=\"https:\/\/blogsaverroes.juntadeandalucia.es\/iescarlinda\/viaje-fin-de-curso-londres-23\/\"><img loading=\"lazy\" decoding=\"async\" class=\"alignnone size-medium wp-image-3495\" src=\"https:\/\/blogsaverroes.juntadeandalucia.es\/iescarlinda\/files\/2023\/05\/LONDRES3.jpg\" alt=\"\" width=\"212\" height=\"300\"> &nbsp;<\/a><a href=\"https:\/\/blogsaverroes.juntadeandalucia.es\/iescarlinda\/actuacion-patio-iker-murone\/\"><img loading=\"lazy\" decoding=\"async\" class=\"alignnone size-medium wp-image-3498\" src=\"https:\/\/blogsaverroes.juntadeandalucia.es\/iescarlinda\/files\/2023\/05\/MURONE3-scaled.jpg\" alt=\"\" width=\"212\" height=\"300\"> &nbsp;<\/a><a href=\"https:\/\/blogsaverroes.juntadeandalucia.es\/iescarlinda\/halloween-22\"><img loading=\"lazy\" decoding=\"async\" class=\"alignnone size-medium wp-image-3492\" src=\"https:\/\/blogsaverroes.juntadeandalucia.es\/iescarlinda\/files\/2023\/05\/HALOWEEN.jpg\" alt=\"\" width=\"212\" height=\"300\"><\/a><br \/>\n&nbsp; &nbsp; &nbsp; &nbsp; &nbsp; &nbsp; &nbsp; &nbsp; &nbsp; &nbsp; <strong>Desayuno con padres&nbsp; &nbsp; &nbsp; &nbsp; &nbsp; &nbsp; &nbsp; &nbsp; &nbsp; &nbsp; &nbsp; &nbsp; &nbsp; &nbsp; &nbsp; &nbsp; &nbsp; &nbsp;Viaje fin de curso&nbsp; &nbsp; &nbsp; &nbsp; &nbsp; &nbsp; &nbsp; &nbsp; &nbsp; &nbsp; &nbsp; &nbsp; &nbsp; &nbsp; &nbsp; &nbsp; &nbsp; &nbsp; &nbsp; &nbsp; &nbsp; &nbsp; &nbsp; Actuaci\u00f3n patio&nbsp; &nbsp; &nbsp; &nbsp; &nbsp; &nbsp; &nbsp; &nbsp; &nbsp; &nbsp; &nbsp; &nbsp; &nbsp; &nbsp; &nbsp; &nbsp; &nbsp; &nbsp; &nbsp; &nbsp; &nbsp; &nbsp; &nbsp; &nbsp; &nbsp; &nbsp; &nbsp;Halloween<\/strong><\/p>\n<p><a href=\"https:\/\/blogsaverroes.juntadeandalucia.es\/iescarlinda\/taller-de-peluqueria-23\/\"><img loading=\"lazy\" decoding=\"async\" class=\"alignnone size-medium wp-image-3492\" src=\"https:\/\/blogsaverroes.juntadeandalucia.es\/iescarlinda\/files\/2023\/05\/PELU8.jpg\" alt=\"\" width=\"212\" height=\"300\"> &nbsp;<\/a><a href=\"https:\/\/blogsaverroes.juntadeandalucia.es\/iescarlinda\/celebracion-picasso\/\"><img loading=\"lazy\" decoding=\"async\" class=\"alignnone size-medium wp-image-3495\" src=\"https:\/\/blogsaverroes.juntadeandalucia.es\/iescarlinda\/files\/2023\/05\/picasso2.jpg\" alt=\"\" width=\"212\" height=\"300\"> &nbsp;<\/a><a href=\"https:\/\/blogsaverroes.juntadeandalucia.es\/iescarlinda\/taller-de-musica-23\"><img loading=\"lazy\" decoding=\"async\" class=\"alignnone size-medium wp-image-3498\" src=\"https:\/\/blogsaverroes.juntadeandalucia.es\/iescarlinda\/files\/2023\/05\/TallerMUSICA10.jpg\" alt=\"\" width=\"212\" height=\"300\"> &nbsp;<\/a><a href=\"https:\/\/blogsaverroes.juntadeandalucia.es\/iescarlinda\/maquetas-de-peluqueria\"><img loading=\"lazy\" decoding=\"async\" class=\"alignnone size-medium wp-image-3492\" src=\"https:\/\/blogsaverroes.juntadeandalucia.es\/iescarlinda\/files\/2023\/05\/trabajos-pelu1.jpg\" alt=\"\" width=\"212\" height=\"300\"><\/a><br \/>\n&nbsp; &nbsp; &nbsp; &nbsp; &nbsp; &nbsp; &nbsp; &nbsp; &nbsp; &nbsp; <strong>Taller de peluquer\u00eda&nbsp; &nbsp; &nbsp; &nbsp; &nbsp; &nbsp; &nbsp; &nbsp; &nbsp; &nbsp; &nbsp; &nbsp; &nbsp; &nbsp; &nbsp; &nbsp; &nbsp; &nbsp;Celebraci\u00f3n Picasso&nbsp; &nbsp; &nbsp; &nbsp; &nbsp; &nbsp; &nbsp; &nbsp; &nbsp; &nbsp; &nbsp; &nbsp; &nbsp; &nbsp; &nbsp; &nbsp; &nbsp; &nbsp; &nbsp; &nbsp; &nbsp; &nbsp; &nbsp; Taller de M\u00fasica&nbsp; &nbsp; &nbsp; &nbsp; &nbsp; &nbsp; &nbsp; &nbsp; &nbsp; &nbsp; &nbsp; &nbsp; &nbsp; &nbsp; &nbsp;Maquetas de peluquer\u00eda<\/strong><\/p>\n<p><a href=\"https:\/\/blogsaverroes.juntadeandalucia.es\/iescarlinda\/reunion-de-transito-23\"><img loading=\"lazy\" decoding=\"async\" class=\"alignnone size-medium wp-image-3492\" src=\"https:\/\/blogsaverroes.juntadeandalucia.es\/iescarlinda\/files\/2023\/05\/transito1.jpg\" alt=\"\" width=\"212\" height=\"300\"> &nbsp;<\/a><a href=\"https:\/\/blogsaverroes.juntadeandalucia.es\/iescarlinda\/celebracion-picasso\/\"><img loading=\"lazy\" decoding=\"async\" class=\"alignnone size-medium wp-image-3495\" src=\"https:\/\/blogsaverroes.juntadeandalucia.es\/iescarlinda\/files\/2023\/05\/picasso2.jpg\" alt=\"\" width=\"212\" height=\"300\"> &nbsp;<\/a><a href=\"https:\/\/blogsaverroes.juntadeandalucia.es\/iescarlinda\/taller-de-musica-23\"><img loading=\"lazy\" decoding=\"async\" class=\"alignnone size-medium wp-image-3498\" src=\"https:\/\/blogsaverroes.juntadeandalucia.es\/iescarlinda\/files\/2023\/05\/TallerMUSICA10.jpg\" alt=\"\" width=\"212\" height=\"300\"> &nbsp;<\/a><a href=\"https:\/\/blogsaverroes.juntadeandalucia.es\/iescarlinda\/maquetas-de-peluqueria\"><img loading=\"lazy\" decoding=\"async\" class=\"alignnone size-medium wp-image-3492\" src=\"https:\/\/blogsaverroes.juntadeandalucia.es\/iescarlinda\/files\/2023\/05\/trabajos-pelu1.jpg\" alt=\"\" width=\"212\" height=\"300\"><\/a><br \/>\n&nbsp; &nbsp; &nbsp; &nbsp; &nbsp; &nbsp; &nbsp; &nbsp; &nbsp; &nbsp; &nbsp; &nbsp; &nbsp; &nbsp; &nbsp;<strong>Tr\u00e1nsito&nbsp; &nbsp; &nbsp; &nbsp; &nbsp; &nbsp; &nbsp; &nbsp; &nbsp; &nbsp; &nbsp; &nbsp; &nbsp; &nbsp; &nbsp; &nbsp; &nbsp; &nbsp;Celebraci\u00f3n Picasso&nbsp; &nbsp; &nbsp; &nbsp; &nbsp; &nbsp; &nbsp; &nbsp; &nbsp; &nbsp; &nbsp; &nbsp; &nbsp; &nbsp; &nbsp; &nbsp; &nbsp; &nbsp; &nbsp; &nbsp; &nbsp; &nbsp; &nbsp; Taller de M\u00fasica&nbsp; &nbsp; &nbsp; &nbsp; &nbsp; &nbsp; &nbsp; &nbsp; &nbsp; &nbsp; &nbsp; &nbsp; &nbsp; &nbsp; &nbsp;Maquetas de peluquer\u00eda<\/strong><\/p>\n","protected":false},"excerpt":{"rendered":"<p>Galer\u00eda de im\u00e1genes de las actividades extraescolares, complementarias, efem\u00e9rides, talleres y proyectos realizados por el alumnado del IES Carlinda durante el curso: &nbsp; &nbsp; &nbsp; &nbsp; &nbsp; &nbsp; &nbsp; &nbsp; &nbsp; &nbsp; &nbsp;&nbsp;D\u00eda de la Constituci\u00f3n&nbsp; &nbsp; &nbsp; &nbsp; &nbsp; &nbsp; &nbsp; &nbsp; &nbsp; &nbsp; &nbsp; &nbsp; &nbsp; &nbsp;&nbsp; Desfile moda flamenca&nbsp; &nbsp; &nbsp; &nbsp; &hellip; <\/p>\n<p><a class=\"more-link btn\" href=\"https:\/\/blogsaverroes.juntadeandalucia.es\/iescarlinda\/curso-2022-23\/\">Seguir leyendo<\/a><\/p>\n","protected":false},"author":2005,"featured_media":0,"parent":0,"menu_order":0,"comment_status":"closed","ping_status":"closed","template":"","meta":{"ngg_post_thumbnail":0,"footnotes":"","_mc_calendar":[]},"aioseo_notices":[],"_links":{"self":[{"href":"https:\/\/blogsaverroes.juntadeandalucia.es\/iescarlinda\/wp-json\/wp\/v2\/pages\/4612"}],"collection":[{"href":"https:\/\/blogsaverroes.juntadeandalucia.es\/iescarlinda\/wp-json\/wp\/v2\/pages"}],"about":[{"href":"https:\/\/blogsaverroes.juntadeandalucia.es\/iescarlinda\/wp-json\/wp\/v2\/types\/page"}],"author":[{"embeddable":true,"href":"https:\/\/blogsaverroes.juntadeandalucia.es\/iescarlinda\/wp-json\/wp\/v2\/users\/2005"}],"replies":[{"embeddable":true,"href":"https:\/\/blogsaverroes.juntadeandalucia.es\/iescarlinda\/wp-json\/wp\/v2\/comments?post=4612"}],"version-history":[{"count":34,"href":"https:\/\/blogsaverroes.juntadeandalucia.es\/iescarlinda\/wp-json\/wp\/v2\/pages\/4612\/revisions"}],"predecessor-version":[{"id":4774,"href":"https:\/\/blogsaverroes.juntadeandalucia.es\/iescarlinda\/wp-json\/wp\/v2\/pages\/4612\/revisions\/4774"}],"wp:attachment":[{"href":"https:\/\/blogsaverroes.juntadeandalucia.es\/iescarlinda\/wp-json\/wp\/v2\/media?parent=4612"}],"curies":[{"name":"wp","href":"https:\/\/api.w.org\/{rel}","templated":true}]}}