{"id":113,"date":"2015-03-16T08:06:00","date_gmt":"2015-03-16T08:06:00","guid":{"rendered":"http:\/\/blogsaverroes.juntadeandalucia.es\/pre\/ceip\/?page_id=113"},"modified":"2021-04-15T13:35:55","modified_gmt":"2021-04-15T12:35:55","slug":"biblioteca","status":"publish","type":"page","link":"https:\/\/blogsaverroes.juntadeandalucia.es\/iescarloshaya\/biblioteca\/","title":{"rendered":"Biblioteca"},"content":{"rendered":"<p style=\"text-align: justify\">Nuestro centro est\u00e1 ya trabajando con el nuevo programa de gesti\u00f3n de la biblioteca Biblioweb S\u00e9neca (BBS) .<\/p>\n<p style=\"text-align: justify\">Se puede acceder a \u00e9l tanto desde el perfil de profesorado de S\u00e9neca como de alumno a trav\u00e9s de Pasen. Adem\u00e1s es posible acceder a la \u00abzona p\u00fablica\u00bb sin ninguna identificaci\u00f3n pudi\u00e9ndose a acceder a un gran n\u00famero de datos (cat\u00e1logo de libros, realizar desideratas, &#8230;) simplemente a trav\u00e9s de el siguiente enlace:<\/p>\n<p style=\"text-align: justify\"><a href=\"https:\/\/www.juntadeandalucia.es\/educacion\/senecav2\/seneca\/biblioweb\/portal\/41007230\">https:\/\/www.juntadeandalucia.es\/educacion\/senecav2\/seneca\/biblioweb\/portal\/41007230<\/a><\/p>\n<p>Nuestra coordinadora de Bilblioteca as\u00ed como el equipo de Biblioteca anima a todos a usarlo.&nbsp;<\/p>\n<p><iframe loading=\"lazy\" title=\"Bibliotecas escolares de Andaluc\u00eda al servicio de la comunidad educativa\" width=\"843\" height=\"474\" src=\"https:\/\/www.youtube.com\/embed\/N_rrGePF_zM?feature=oembed\" frameborder=\"0\" allow=\"accelerometer; autoplay; clipboard-write; encrypted-media; gyroscope; picture-in-picture; web-share\" referrerpolicy=\"strict-origin-when-cross-origin\" allowfullscreen><\/iframe><\/p>\n<p>.<\/p>\n<p>A continuaci\u00f3n se detalla informaci\u00f3n sobre ganadores de los <strong>Concursos realizados por la Biblioteca en el curso 2014-2015:<\/strong><\/p>\n<p><strong>Premios de la Biblioteca:<\/strong><\/p>\n<ul>\n<li><span style=\"text-decoration: underline\">III Concurso de Relatos de Terror<\/span><\/li>\n<\/ul>\n<p style=\"padding-left: 30px\">El ganador del Concurso&nbsp;<strong>es Ricardo Liss\u00e9n de 2\u00ba ESO-A<\/strong>&nbsp;por:<\/p>\n<p style=\"text-align: left;padding-left: 30px\"><strong><a href=\"https:\/\/www.dropbox.com\/s\/csv3x19l971k69x\/Lo%20que%20me%20acompa%C3%B1aba.docx?dl=0\" target=\"_blank\" rel=\"noopener noreferrer\">Lo que me acompa\u00f1aba.<\/a><\/strong><\/p>\n<div>\n<ul>\n<li><span style=\"text-decoration: underline\">III Concurso de Relatos Navide\u00f1os<\/span><\/li>\n<\/ul>\n<\/div>\n<div style=\"padding-left: 30px\">El ganador del Concurso <strong>es&nbsp;Guillermo Kromer de 2\u00ba ESO-A<\/strong>, por:<\/div>\n<div style=\"padding-left: 30px\">&nbsp;<\/div>\n<div style=\"text-align: left;padding-left: 30px\"><strong><a href=\"https:\/\/www.dropbox.com\/s\/g9x52sw08hu8o92\/El%20Milagro%20Navide%C3%B1o%2C%20Guillermo%20Kromer.pdf?dl=0\" target=\"_blank\" rel=\"noopener noreferrer\">El Milagro Navide\u00f1o<\/a>.<br \/>\n<\/strong><\/div>\n<div>&nbsp;<\/div>\n<p>M\u00e1s informaci\u00f3n sobre Bibliotecas escolares la puede encontrar <a href=\"http:\/\/www.juntadeandalucia.es\/educacion\/webportal\/web\/lecturas-y-bibliotecas-escolares\/bibliotecas-escolares\" target=\"_blank\" rel=\"noopener noreferrer\">aqu\u00ed<\/a>.<\/p>\n<p>Algunas im\u00e1genes sobre las instalaciones de la biblioteca:<\/p>\n<p style=\"text-align: center\"><a href=\"http:\/\/blogsaverroes.juntadeandalucia.es\/iescarloshaya\/files\/2016\/01\/06_ordenadores.jpg\"><img loading=\"lazy\" decoding=\"async\" class=\" size-medium wp-image-2531 alignleft\" src=\"http:\/\/blogsaverroes.juntadeandalucia.es\/iescarloshaya\/files\/2016\/01\/06_ordenadores-300x225.jpg\" alt=\"06_ordenadores\" width=\"300\" height=\"225\" srcset=\"https:\/\/blogsaverroes.juntadeandalucia.es\/iescarloshaya\/files\/2016\/01\/06_ordenadores-300x225.jpg 300w, https:\/\/blogsaverroes.juntadeandalucia.es\/iescarloshaya\/files\/2016\/01\/06_ordenadores.jpg 619w\" sizes=\"(max-width: 300px) 100vw, 300px\" \/><\/a><a href=\"http:\/\/blogsaverroes.juntadeandalucia.es\/iescarloshaya\/files\/2016\/01\/02_zonageneral.jpg\"><img loading=\"lazy\" decoding=\"async\" class=\" size-medium wp-image-2529 alignnone\" src=\"http:\/\/blogsaverroes.juntadeandalucia.es\/iescarloshaya\/files\/2016\/01\/02_zonageneral-300x225.jpg\" alt=\"02_zonageneral\" width=\"300\" height=\"225\" srcset=\"https:\/\/blogsaverroes.juntadeandalucia.es\/iescarloshaya\/files\/2016\/01\/02_zonageneral-300x225.jpg 300w, https:\/\/blogsaverroes.juntadeandalucia.es\/iescarloshaya\/files\/2016\/01\/02_zonageneral.jpg 567w\" sizes=\"(max-width: 300px) 100vw, 300px\" \/><\/a><\/p>\n<p style=\"text-align: center\"><a href=\"http:\/\/blogsaverroes.juntadeandalucia.es\/iescarloshaya\/files\/2016\/01\/04_reuniones_juntas.jpg\"><img loading=\"lazy\" decoding=\"async\" class=\" size-medium wp-image-2530 alignleft\" src=\"http:\/\/blogsaverroes.juntadeandalucia.es\/iescarloshaya\/files\/2016\/01\/04_reuniones_juntas-300x225.jpg\" alt=\"04_reuniones_juntas\" width=\"300\" height=\"225\" srcset=\"https:\/\/blogsaverroes.juntadeandalucia.es\/iescarloshaya\/files\/2016\/01\/04_reuniones_juntas-300x225.jpg 300w, https:\/\/blogsaverroes.juntadeandalucia.es\/iescarloshaya\/files\/2016\/01\/04_reuniones_juntas.jpg 619w\" sizes=\"(max-width: 300px) 100vw, 300px\" \/><\/a><\/p>\n<p style=\"text-align: center\"><a href=\"http:\/\/blogsaverroes.juntadeandalucia.es\/iescarloshaya\/files\/2016\/01\/01_pasillo.jpg\"><img loading=\"lazy\" decoding=\"async\" class=\"alignnone size-medium wp-image-2528\" src=\"http:\/\/blogsaverroes.juntadeandalucia.es\/iescarloshaya\/files\/2016\/01\/01_pasillo-300x225.jpg\" alt=\"01_pasillo\" width=\"300\" height=\"225\" srcset=\"https:\/\/blogsaverroes.juntadeandalucia.es\/iescarloshaya\/files\/2016\/01\/01_pasillo-300x225.jpg 300w, https:\/\/blogsaverroes.juntadeandalucia.es\/iescarloshaya\/files\/2016\/01\/01_pasillo.jpg 619w\" sizes=\"(max-width: 300px) 100vw, 300px\" \/><\/a><\/p>\n<p style=\"text-align: center\">&nbsp;<\/p>\n","protected":false},"excerpt":{"rendered":"<p>Nuestro centro est\u00e1 ya trabajando con el nuevo programa de gesti\u00f3n de la biblioteca Biblioweb S\u00e9neca (BBS) . Se puede acceder a \u00e9l tanto desde&hellip;<\/p>\n","protected":false},"author":1,"featured_media":0,"parent":0,"menu_order":0,"comment_status":"closed","ping_status":"open","template":"template-full-width.php","meta":{"ngg_post_thumbnail":0,"footnotes":"","_mc_calendar":[]},"aioseo_notices":[],"_links":{"self":[{"href":"https:\/\/blogsaverroes.juntadeandalucia.es\/iescarloshaya\/wp-json\/wp\/v2\/pages\/113"}],"collection":[{"href":"https:\/\/blogsaverroes.juntadeandalucia.es\/iescarloshaya\/wp-json\/wp\/v2\/pages"}],"about":[{"href":"https:\/\/blogsaverroes.juntadeandalucia.es\/iescarloshaya\/wp-json\/wp\/v2\/types\/page"}],"author":[{"embeddable":true,"href":"https:\/\/blogsaverroes.juntadeandalucia.es\/iescarloshaya\/wp-json\/wp\/v2\/users\/1"}],"replies":[{"embeddable":true,"href":"https:\/\/blogsaverroes.juntadeandalucia.es\/iescarloshaya\/wp-json\/wp\/v2\/comments?post=113"}],"version-history":[{"count":17,"href":"https:\/\/blogsaverroes.juntadeandalucia.es\/iescarloshaya\/wp-json\/wp\/v2\/pages\/113\/revisions"}],"predecessor-version":[{"id":5585,"href":"https:\/\/blogsaverroes.juntadeandalucia.es\/iescarloshaya\/wp-json\/wp\/v2\/pages\/113\/revisions\/5585"}],"wp:attachment":[{"href":"https:\/\/blogsaverroes.juntadeandalucia.es\/iescarloshaya\/wp-json\/wp\/v2\/media?parent=113"}],"curies":[{"name":"wp","href":"https:\/\/api.w.org\/{rel}","templated":true}]}}