{"id":168,"date":"2015-03-17T07:54:01","date_gmt":"2015-03-17T07:54:01","guid":{"rendered":"http:\/\/blogsaverroes.juntadeandalucia.es\/pre\/ceip\/?page_id=168"},"modified":"2025-11-23T18:37:16","modified_gmt":"2025-11-23T17:37:16","slug":"filosofia","status":"publish","type":"page","link":"https:\/\/blogsaverroes.juntadeandalucia.es\/iescarloshaya\/filosofia\/","title":{"rendered":"Filosof\u00eda"},"content":{"rendered":"<p>A continuaci\u00f3n, se publica la PROGRAMACI\u00d3N del Departamento 2025-26 con la secuenciaci\u00f3n de Unidades de programaci\u00f3n:<\/p>\n<p><span style=\"color: #003300\"><a style=\"color: #003300\" href=\"https:\/\/blogsaverroes.juntadeandalucia.es\/iescarloshaya\/files\/2025\/11\/PD-HaFa-2oBACH_25-26-HHYCCSS-.pdf\">PD H\u00aaF\u00aa 2\u00baBACH_25-26 (HHYCCSS)<\/a><\/span><\/p>\n<p><span style=\"color: #003300\"> <a style=\"color: #003300\" href=\"https:\/\/blogsaverroes.juntadeandalucia.es\/iescarloshaya\/files\/2025\/11\/PD-PSICOLOGIA-2o-BACH_25-26.pdf\">PD PSICOLOG\u00cdA 2\u00ba BACH_25-26<\/a><\/span><\/p>\n<p><span style=\"color: #003300\"> <a style=\"color: #003300\" href=\"https:\/\/blogsaverroes.juntadeandalucia.es\/iescarloshaya\/files\/2025\/11\/PD-EVCE-2o-ESO_25-26.pdf\">PD EVCE 2\u00ba ESO_25-26<\/a><\/span><\/p>\n<p><span style=\"color: #003300\"> <a style=\"color: #003300\" href=\"https:\/\/blogsaverroes.juntadeandalucia.es\/iescarloshaya\/files\/2025\/11\/PD-FILOSOFIA-1o-BACH_25-26-CCYTEC.pdf\">PD FILOSOF\u00cdA 1\u00ba BACH_25-26 (CCYTEC)<\/a><\/span><\/p>\n<p><span style=\"color: #003300\"> <a style=\"color: #003300\" href=\"https:\/\/blogsaverroes.juntadeandalucia.es\/iescarloshaya\/files\/2025\/11\/PD-FILOSOFIA-1o-BACH_25-26-HHTCCSS.pdf\">PD FILOSOF\u00cdA 1\u00ba BACH_25-26 (HHTCCSS)<\/a><\/span><\/p>\n<p><span style=\"color: #003300\"> <a style=\"color: #003300\" href=\"https:\/\/blogsaverroes.juntadeandalucia.es\/iescarloshaya\/files\/2025\/11\/PD-FILOSOFIA-4o-ESO_25-26.pdf\">PD FILOSOF\u00cdA 4\u00ba ESO_25-26<\/a><\/span><\/p>\n<p><span style=\"color: #003300\"> <a style=\"color: #003300\" href=\"https:\/\/blogsaverroes.juntadeandalucia.es\/iescarloshaya\/files\/2025\/11\/PD-HaFa-2o-BACH_25-26-CCYTEC.pdf\">PD H\u00aaF\u00aa 2\u00ba BACH_25-26 (CCYTEC)<\/a><\/span><\/p>\n<p><span style=\"color: #003300\"><a style=\"color: #003300\" href=\"http:\/\/blogsaverroes.juntadeandalucia.es\/iescarloshaya\/files\/2015\/03\/logo_Dto_Filosof\u00eda.jpg\"><img loading=\"lazy\" decoding=\"async\" class=\" size-medium wp-image-2441 alignright\" src=\"http:\/\/blogsaverroes.juntadeandalucia.es\/iescarloshaya\/files\/2015\/03\/logo_Dto_Filosof\u00eda-300x300.jpg\" alt=\"logo_Dto_Filosof\u00eda\" width=\"300\" height=\"300\" srcset=\"https:\/\/blogsaverroes.juntadeandalucia.es\/iescarloshaya\/files\/2015\/03\/logo_Dto_Filosof\u00eda-300x300.jpg 300w, https:\/\/blogsaverroes.juntadeandalucia.es\/iescarloshaya\/files\/2015\/03\/logo_Dto_Filosof\u00eda-150x150.jpg 150w, https:\/\/blogsaverroes.juntadeandalucia.es\/iescarloshaya\/files\/2015\/03\/logo_Dto_Filosof\u00eda-1024x1019.jpg 1024w, https:\/\/blogsaverroes.juntadeandalucia.es\/iescarloshaya\/files\/2015\/03\/logo_Dto_Filosof\u00eda-100x100.jpg 100w, https:\/\/blogsaverroes.juntadeandalucia.es\/iescarloshaya\/files\/2015\/03\/logo_Dto_Filosof\u00eda-432x432.jpg 432w, https:\/\/blogsaverroes.juntadeandalucia.es\/iescarloshaya\/files\/2015\/03\/logo_Dto_Filosof\u00eda-268x268.jpg 268w, https:\/\/blogsaverroes.juntadeandalucia.es\/iescarloshaya\/files\/2015\/03\/logo_Dto_Filosof\u00eda-700x697.jpg 700w, https:\/\/blogsaverroes.juntadeandalucia.es\/iescarloshaya\/files\/2015\/03\/logo_Dto_Filosof\u00eda-50x50.jpg 50w, https:\/\/blogsaverroes.juntadeandalucia.es\/iescarloshaya\/files\/2015\/03\/logo_Dto_Filosof\u00eda.jpg 1600w\" sizes=\"(max-width: 300px) 100vw, 300px\" \/><\/a><\/span><\/p>\n<p>&nbsp;<\/p>\n<p>&nbsp;<\/p>\n<p>Durante el presente curso, el Departamento de Filosof\u00eda est\u00e1 integrado por :<\/p>\n<ul>\n<li><strong>D\u00aa Carmen Traverso Arcos (Jefa de Departamento)<\/strong><\/li>\n<\/ul>\n<p>&nbsp;<\/p>\n<p>&nbsp;<\/p>\n<p>&nbsp;<\/p>\n<p>&nbsp;<\/p>\n","protected":false},"excerpt":{"rendered":"<p>A continuaci\u00f3n, se publica la PROGRAMACI\u00d3N del Departamento 2025-26 con la secuenciaci\u00f3n de Unidades de programaci\u00f3n: PD H\u00aaF\u00aa 2\u00baBACH_25-26 (HHYCCSS) PD PSICOLOG\u00cdA 2\u00ba BACH_25-26 PD&hellip;<\/p>\n","protected":false},"author":1,"featured_media":0,"parent":0,"menu_order":0,"comment_status":"closed","ping_status":"open","template":"","meta":{"ngg_post_thumbnail":0,"footnotes":"","_mc_calendar":[]},"aioseo_notices":[],"_links":{"self":[{"href":"https:\/\/blogsaverroes.juntadeandalucia.es\/iescarloshaya\/wp-json\/wp\/v2\/pages\/168"}],"collection":[{"href":"https:\/\/blogsaverroes.juntadeandalucia.es\/iescarloshaya\/wp-json\/wp\/v2\/pages"}],"about":[{"href":"https:\/\/blogsaverroes.juntadeandalucia.es\/iescarloshaya\/wp-json\/wp\/v2\/types\/page"}],"author":[{"embeddable":true,"href":"https:\/\/blogsaverroes.juntadeandalucia.es\/iescarloshaya\/wp-json\/wp\/v2\/users\/1"}],"replies":[{"embeddable":true,"href":"https:\/\/blogsaverroes.juntadeandalucia.es\/iescarloshaya\/wp-json\/wp\/v2\/comments?post=168"}],"version-history":[{"count":54,"href":"https:\/\/blogsaverroes.juntadeandalucia.es\/iescarloshaya\/wp-json\/wp\/v2\/pages\/168\/revisions"}],"predecessor-version":[{"id":9122,"href":"https:\/\/blogsaverroes.juntadeandalucia.es\/iescarloshaya\/wp-json\/wp\/v2\/pages\/168\/revisions\/9122"}],"wp:attachment":[{"href":"https:\/\/blogsaverroes.juntadeandalucia.es\/iescarloshaya\/wp-json\/wp\/v2\/media?parent=168"}],"curies":[{"name":"wp","href":"https:\/\/api.w.org\/{rel}","templated":true}]}}