{"id":3054,"date":"2016-04-27T08:30:19","date_gmt":"2016-04-27T07:30:19","guid":{"rendered":"http:\/\/blogsaverroes.juntadeandalucia.es\/iescarloshaya\/?page_id=3054"},"modified":"2016-05-09T11:57:17","modified_gmt":"2016-05-09T10:57:17","slug":"musicales","status":"publish","type":"page","link":"https:\/\/blogsaverroes.juntadeandalucia.es\/iescarloshaya\/musicales\/","title":{"rendered":"Musicales"},"content":{"rendered":"<p>En nuestro centro tenemos varios alumnos y alumnas considerados como J\u00f3venes Talentos musicales. Entre ellos se encuentran:<\/p>\n<ul>\n<li>\n<div id=\"x_yui_3_16_0_ym19_1_1462481107229_2573\"><strong id=\"x_yui_3_16_0_ym19_1_1462481107229_2582\">Paula Vay\u00f3n Tamayo ( pianista )<\/strong><\/div>\n<div id=\"x_yui_3_16_0_ym19_1_1462481107229_2732\"><\/div>\n<div id=\"x_yui_3_16_0_ym19_1_1462481107229_2591\">Nuestra alumna Paula Vay\u00f3n estudia piano en el Conservatorio Profesional \u00abCrist\u00f3bal de Morales\u00bb, y actualmente se encuentra participando en el \u00abProyecto Piano Joven 2016\u00bb, con el cual\u00a0ha realizado\u00a0una gira de conciertos por diversas ciudades europeas.<\/div>\n<\/li>\n<\/ul>\n<p><a href=\"http:\/\/blogsaverroes.juntadeandalucia.es\/iescarloshaya\/files\/2016\/05\/Paula-Vay\u00f3n-Tamayo.png\"><img loading=\"lazy\" decoding=\"async\" class=\" size-full wp-image-3082 aligncenter\" src=\"http:\/\/blogsaverroes.juntadeandalucia.es\/iescarloshaya\/files\/2016\/05\/Paula-Vay\u00f3n-Tamayo.png\" alt=\"Paula Vay\u00f3n Tamayo\" width=\"219\" height=\"230\" \/><\/a><\/p>\n<ul>\n<li>\n<div id=\"x_yui_3_16_0_ym19_1_1462481107229_2591\"><strong id=\"x_yui_3_16_0_ym19_1_1462481107229_2677\">Ester Aguilar Mu\u00f1iz ( violinista )<\/strong><\/div>\n<div id=\"x_yui_3_16_0_ym19_1_1462481107229_2731\"><\/div>\n<div id=\"x_yui_3_16_0_ym19_1_1462481107229_2679\" dir=\"ltr\">Ester Aguilar estudia viol\u00edn en la Escuela de M\u00fasica \u00abJoaqu\u00edn Turina\u00bb, y\u00a0adem\u00e1s es miembro\u00a0de la Orquesta de dicha escuela y con la que ha obtenido diferentes premios en concursos musicales.<\/div>\n<\/li>\n<\/ul>\n<p><a href=\"http:\/\/blogsaverroes.juntadeandalucia.es\/iescarloshaya\/files\/2016\/05\/Ester-Aguilar-Mu\u00f1iz.jpg\"><img loading=\"lazy\" decoding=\"async\" class=\" size-medium wp-image-3080 aligncenter\" src=\"http:\/\/blogsaverroes.juntadeandalucia.es\/iescarloshaya\/files\/2016\/05\/Ester-Aguilar-Mu\u00f1iz-300x234.jpg\" alt=\"Ester Aguilar Mu\u00f1iz\" width=\"300\" height=\"234\" \/><\/a><\/p>\n<ul>\n<li>\n<div id=\"x_yui_3_16_0_ym19_1_1462481107229_2679\" dir=\"ltr\"><strong id=\"x_yui_3_16_0_ym19_1_1462481107229_3590\">Esther L\u00f3pez Ricoy ( violinista )<\/strong><\/div>\n<div id=\"x_yui_3_16_0_ym19_1_1462481107229_2725\"><\/div>\n<div id=\"x_yui_3_16_0_ym19_1_1462481107229_2724\">Nuestra alumna Esther L\u00f3pez estudia viol\u00edn en el Conservatorio Profesional \u00abFrancisco Guerrero\u00bb y adem\u00e1s es miembro de la Orquesta Filarmon\u00eda de Sevilla, una de las orquestas con mayor proyecci\u00f3n del momento.<\/div>\n<\/li>\n<\/ul>\n<p><a href=\"http:\/\/blogsaverroes.juntadeandalucia.es\/iescarloshaya\/files\/2016\/05\/Esther-L\u00f3pez-Ricoy.jpg\"><img loading=\"lazy\" decoding=\"async\" class=\" size-medium wp-image-3081 aligncenter\" src=\"http:\/\/blogsaverroes.juntadeandalucia.es\/iescarloshaya\/files\/2016\/05\/Esther-L\u00f3pez-Ricoy-300x200.jpg\" alt=\"Esther L\u00f3pez Ricoy\" width=\"300\" height=\"200\" \/><\/a><\/p>\n<ul>\n<li>\n<div id=\"x_yui_3_16_0_ym19_1_1462481107229_2724\"><strong id=\"x_yui_3_16_0_ym19_1_1462481107229_3598\">Esteban Jim\u00e9nez Su\u00e1rez ( cellista )<\/strong><\/div>\n<div id=\"x_yui_3_16_0_ym19_1_1462481107229_3599\"><\/div>\n<div id=\"x_yui_3_16_0_ym19_1_1462481107229_3600\" dir=\"ltr\">Esteban Jim\u00e9nez, ha sido galardonado recientemente con el 1\u00ba Premio\u00a0en Categor\u00eda Profesional en el \u00a0el IV Concurso de J\u00f3venes Int\u00e9rpretes \u00abCiudad de Sanl\u00facar\u00bb, celebrado en el Auditorio de la Merced en Sanl\u00facar de Barrameda (C\u00e1diz), el cual viene a sumarse a otros muchos ganados en a\u00f1os anteriores.<\/div>\n<p><a href=\"http:\/\/blogsaverroes.juntadeandalucia.es\/iescarloshaya\/files\/2016\/04\/Esteban-Jim\u00e9nez.jpg\"> \u00a0 \u00a0 \u00a0 \u00a0 \u00a0 \u00a0 \u00a0 \u00a0 \u00a0 \u00a0 \u00a0 \u00a0 \u00a0 \u00a0 \u00a0 \u00a0<\/a><a href=\"http:\/\/blogsaverroes.juntadeandalucia.es\/iescarloshaya\/files\/2016\/04\/Esteban-Jim\u00e9nez.jpg\"><img loading=\"lazy\" decoding=\"async\" class=\" wp-image-3067 size-medium aligncenter\" src=\"http:\/\/blogsaverroes.juntadeandalucia.es\/iescarloshaya\/files\/2016\/04\/Esteban-Jim\u00e9nez-215x300.jpg\" alt=\"Esteban Jim\u00e9nez\" width=\"215\" height=\"300\" \/><\/a><\/li>\n<\/ul>\n<p style=\"text-align: center\">\n","protected":false},"excerpt":{"rendered":"<p>En nuestro centro tenemos varios alumnos y alumnas considerados como J\u00f3venes Talentos musicales. Entre ellos se encuentran: Paula Vay\u00f3n Tamayo ( pianista ) Nuestra alumna&hellip;<\/p>\n","protected":false},"author":1972,"featured_media":0,"parent":0,"menu_order":0,"comment_status":"closed","ping_status":"open","template":"","meta":{"ngg_post_thumbnail":0,"footnotes":"","_mc_calendar":[]},"aioseo_notices":[],"_links":{"self":[{"href":"https:\/\/blogsaverroes.juntadeandalucia.es\/iescarloshaya\/wp-json\/wp\/v2\/pages\/3054"}],"collection":[{"href":"https:\/\/blogsaverroes.juntadeandalucia.es\/iescarloshaya\/wp-json\/wp\/v2\/pages"}],"about":[{"href":"https:\/\/blogsaverroes.juntadeandalucia.es\/iescarloshaya\/wp-json\/wp\/v2\/types\/page"}],"author":[{"embeddable":true,"href":"https:\/\/blogsaverroes.juntadeandalucia.es\/iescarloshaya\/wp-json\/wp\/v2\/users\/1972"}],"replies":[{"embeddable":true,"href":"https:\/\/blogsaverroes.juntadeandalucia.es\/iescarloshaya\/wp-json\/wp\/v2\/comments?post=3054"}],"version-history":[{"count":7,"href":"https:\/\/blogsaverroes.juntadeandalucia.es\/iescarloshaya\/wp-json\/wp\/v2\/pages\/3054\/revisions"}],"predecessor-version":[{"id":3083,"href":"https:\/\/blogsaverroes.juntadeandalucia.es\/iescarloshaya\/wp-json\/wp\/v2\/pages\/3054\/revisions\/3083"}],"wp:attachment":[{"href":"https:\/\/blogsaverroes.juntadeandalucia.es\/iescarloshaya\/wp-json\/wp\/v2\/media?parent=3054"}],"curies":[{"name":"wp","href":"https:\/\/api.w.org\/{rel}","templated":true}]}}