{"id":2318,"date":"2016-10-28T08:13:12","date_gmt":"2016-10-28T08:13:12","guid":{"rendered":"http:\/\/blogsaverroes.juntadeandalucia.es\/iescastillodetempul\/?page_id=2318"},"modified":"2024-04-03T08:36:08","modified_gmt":"2024-04-03T08:36:08","slug":"departamento-de-educacion-plastica-y-visual","status":"publish","type":"page","link":"https:\/\/blogsaverroes.juntadeandalucia.es\/iescastillodetempul\/departamento-de-educacion-plastica-y-visual\/","title":{"rendered":"Educaci\u00f3n Pl\u00e1stica y Visual"},"content":{"rendered":"<p><a href=\"http:\/\/blogsaverroes.juntadeandalucia.es\/iescastillodetempul\/files\/2016\/11\/pared1.jpg\"><img loading=\"lazy\" decoding=\"async\" class=\"wp-image-2498 aligncenter\" src=\"http:\/\/blogsaverroes.juntadeandalucia.es\/iescastillodetempul\/files\/2016\/11\/pared1-300x55.jpg\" alt=\"pared1\" width=\"819\" height=\"161\"><\/a><br \/>\nP\u00e1gina del departamento de Educaci\u00f3n Pl\u00e1stica y Visual del instituto IES Castillo de Tempul.<\/p>\n<p><strong>Jefe de departamento:<\/strong> <span style=\"font-weight: 400\">Sergio Moreno Dom\u00ednguez<\/span><\/p>\n<p>Carmen S\u00e1nchez Guill\u00e9n<\/p>\n<p><strong>Profesores colaboradores:<\/strong> <span style=\"font-weight: 400\">Carlos Argueso Asta-Buruaga y <\/span>Berta Mu\u00f1oz Dom\u00ednguez&nbsp;<\/p>\n<p><a href=\"https:\/\/blogsaverroes.juntadeandalucia.es\/iescastillodetempul\/files\/2021\/11\/IMG-20211111-WA0004.jpg\">Curso 21-22<\/a><\/p>\n<h3><a href=\"https:\/\/blogsaverroes.juntadeandalucia.es\/iescastillodetempul\/files\/2021\/11\/IMG-20211111-WA0004.jpg\"><strong>Fiesta de todos los Santos 21-22<\/strong><\/a><\/h3>\n<h5><a href=\"https:\/\/blogsaverroes.juntadeandalucia.es\/iescastillodetempul\/files\/2021\/11\/IMG-20211111-WA0004.jpg\"><strong>Dibujos basados en la pel\u00edcula Coco de Disney-Pizar.<\/strong><\/a><\/h5>\n<h5><a href=\"https:\/\/blogsaverroes.juntadeandalucia.es\/iescastillodetempul\/files\/2022\/03\/Puerta.png\"><img loading=\"lazy\" decoding=\"async\" class=\"aligncenter size-full wp-image-5994\" src=\"https:\/\/blogsaverroes.juntadeandalucia.es\/iescastillodetempul\/files\/2022\/03\/Puerta.png\" alt=\"\" width=\"529\" height=\"839\"><\/a><a href=\"https:\/\/blogsaverroes.juntadeandalucia.es\/iescastillodetempul\/files\/2021\/11\/IMG-20211111-WA0004.jpg\"><br \/>\n<img loading=\"lazy\" decoding=\"async\" class=\"aligncenter size-full wp-image-5760\" src=\"https:\/\/blogsaverroes.juntadeandalucia.es\/iescastillodetempul\/files\/2021\/11\/IMG-20211111-WA0004.jpg\" alt=\"\" width=\"768\" height=\"1024\" srcset=\"https:\/\/blogsaverroes.juntadeandalucia.es\/iescastillodetempul\/files\/2021\/11\/IMG-20211111-WA0004.jpg 768w, https:\/\/blogsaverroes.juntadeandalucia.es\/iescastillodetempul\/files\/2021\/11\/IMG-20211111-WA0004-700x933.jpg 700w\" sizes=\"(max-width: 768px) 100vw, 768px\" \/><\/a><a href=\"https:\/\/blogsaverroes.juntadeandalucia.es\/iescastillodetempul\/files\/2021\/11\/IMG-20211029-WA0001.jpg\"><img loading=\"lazy\" decoding=\"async\" class=\"aligncenter size-full wp-image-5762\" src=\"https:\/\/blogsaverroes.juntadeandalucia.es\/iescastillodetempul\/files\/2021\/11\/IMG-20211029-WA0001.jpg\" alt=\"\" width=\"768\" height=\"1024\" srcset=\"https:\/\/blogsaverroes.juntadeandalucia.es\/iescastillodetempul\/files\/2021\/11\/IMG-20211029-WA0001.jpg 768w, https:\/\/blogsaverroes.juntadeandalucia.es\/iescastillodetempul\/files\/2021\/11\/IMG-20211029-WA0001-700x933.jpg 700w\" sizes=\"(max-width: 768px) 100vw, 768px\" \/><\/a><img loading=\"lazy\" decoding=\"async\" class=\"aligncenter size-full wp-image-5761\" src=\"https:\/\/blogsaverroes.juntadeandalucia.es\/iescastillodetempul\/files\/2021\/11\/IMG-20211111-WA0003.jpg\" alt=\"\" width=\"768\" height=\"1024\" srcset=\"https:\/\/blogsaverroes.juntadeandalucia.es\/iescastillodetempul\/files\/2021\/11\/IMG-20211111-WA0003.jpg 768w, https:\/\/blogsaverroes.juntadeandalucia.es\/iescastillodetempul\/files\/2021\/11\/IMG-20211111-WA0003-700x933.jpg 700w\" sizes=\"(max-width: 768px) 100vw, 768px\" \/><img loading=\"lazy\" decoding=\"async\" class=\"aligncenter size-full wp-image-5763\" src=\"https:\/\/blogsaverroes.juntadeandalucia.es\/iescastillodetempul\/files\/2021\/11\/IMG-20211111-WA0002.jpg\" alt=\"\" width=\"768\" height=\"1024\" srcset=\"https:\/\/blogsaverroes.juntadeandalucia.es\/iescastillodetempul\/files\/2021\/11\/IMG-20211111-WA0002.jpg 768w, https:\/\/blogsaverroes.juntadeandalucia.es\/iescastillodetempul\/files\/2021\/11\/IMG-20211111-WA0002-700x933.jpg 700w\" sizes=\"(max-width: 768px) 100vw, 768px\" \/><\/h5>\n<h5><a href=\"https:\/\/blogsaverroes.juntadeandalucia.es\/iescastillodetempul\/files\/2022\/03\/IMG-20220124-WA0003.jpg\"><img loading=\"lazy\" decoding=\"async\" class=\"aligncenter size-full wp-image-5985\" src=\"https:\/\/blogsaverroes.juntadeandalucia.es\/iescastillodetempul\/files\/2022\/03\/IMG-20220124-WA0003.jpg\" alt=\"\" width=\"768\" height=\"1024\" srcset=\"https:\/\/blogsaverroes.juntadeandalucia.es\/iescastillodetempul\/files\/2022\/03\/IMG-20220124-WA0003.jpg 768w, https:\/\/blogsaverroes.juntadeandalucia.es\/iescastillodetempul\/files\/2022\/03\/IMG-20220124-WA0003-700x933.jpg 700w\" sizes=\"(max-width: 768px) 100vw, 768px\" \/><\/a><a href=\"https:\/\/blogsaverroes.juntadeandalucia.es\/iescastillodetempul\/files\/2022\/03\/IMG-20220124-WA0001.jpg\"><img loading=\"lazy\" decoding=\"async\" class=\"aligncenter size-full wp-image-5979\" src=\"https:\/\/blogsaverroes.juntadeandalucia.es\/iescastillodetempul\/files\/2022\/03\/IMG-20220124-WA0001.jpg\" alt=\"\" width=\"768\" height=\"1024\" srcset=\"https:\/\/blogsaverroes.juntadeandalucia.es\/iescastillodetempul\/files\/2022\/03\/IMG-20220124-WA0001.jpg 768w, https:\/\/blogsaverroes.juntadeandalucia.es\/iescastillodetempul\/files\/2022\/03\/IMG-20220124-WA0001-700x933.jpg 700w\" sizes=\"(max-width: 768px) 100vw, 768px\" \/><\/a> <a href=\"https:\/\/blogsaverroes.juntadeandalucia.es\/iescastillodetempul\/files\/2022\/03\/IMG-20220217-WA0002.jpg\"><img loading=\"lazy\" decoding=\"async\" class=\"aligncenter size-full wp-image-5987\" src=\"https:\/\/blogsaverroes.juntadeandalucia.es\/iescastillodetempul\/files\/2022\/03\/IMG-20220217-WA0002.jpg\" alt=\"\" width=\"768\" height=\"1024\" srcset=\"https:\/\/blogsaverroes.juntadeandalucia.es\/iescastillodetempul\/files\/2022\/03\/IMG-20220217-WA0002.jpg 768w, https:\/\/blogsaverroes.juntadeandalucia.es\/iescastillodetempul\/files\/2022\/03\/IMG-20220217-WA0002-700x933.jpg 700w\" sizes=\"(max-width: 768px) 100vw, 768px\" \/><\/a><\/h5>\n<h5><strong>Pintura para el suelto del Oasis<\/strong><strong> basado en un trabajo de Javier de la Riva.<\/strong><a href=\"https:\/\/blogsaverroes.juntadeandalucia.es\/iescastillodetempul\/files\/2021\/11\/IMG-20210621-WA0000.jpg\"><img loading=\"lazy\" decoding=\"async\" class=\"aligncenter size-medium wp-image-5767\" src=\"https:\/\/blogsaverroes.juntadeandalucia.es\/iescastillodetempul\/files\/2021\/11\/IMG-20210621-WA0000-767x1024.jpg\" alt=\"\" width=\"767\" height=\"1024\" srcset=\"https:\/\/blogsaverroes.juntadeandalucia.es\/iescastillodetempul\/files\/2021\/11\/IMG-20210621-WA0000-767x1024.jpg 767w, https:\/\/blogsaverroes.juntadeandalucia.es\/iescastillodetempul\/files\/2021\/11\/IMG-20210621-WA0000-768x1025.jpg 768w, https:\/\/blogsaverroes.juntadeandalucia.es\/iescastillodetempul\/files\/2021\/11\/IMG-20210621-WA0000-1151x1536.jpg 1151w, https:\/\/blogsaverroes.juntadeandalucia.es\/iescastillodetempul\/files\/2021\/11\/IMG-20210621-WA0000-700x935.jpg 700w, https:\/\/blogsaverroes.juntadeandalucia.es\/iescastillodetempul\/files\/2021\/11\/IMG-20210621-WA0000.jpg 1198w\" sizes=\"(max-width: 767px) 100vw, 767px\" \/><\/a><\/h5>\n<p><a href=\"http:\/\/blogsaverroes.juntadeandalucia.es\/iescastillodetempul\/la-pintora-berta-munoz-dominguez-pinta-la-valla-del-ies-castillo-de-tempul\/\" target=\"_blank\" rel=\"noopener noreferrer\">La pintora Berta Mu\u00f1oz Dom\u00ednguez pinta la valla del IES Castillo de Tempul<\/a><\/p>\n<p><img loading=\"lazy\" decoding=\"async\" class=\"aligncenter size-medium wp-image-3342\" src=\"http:\/\/blogsaverroes.juntadeandalucia.es\/iescastillodetempul\/files\/2017\/04\/valla3-1024x261.jpg\" alt=\"\" width=\"1024\" height=\"261\" srcset=\"https:\/\/blogsaverroes.juntadeandalucia.es\/iescastillodetempul\/files\/2017\/04\/valla3-1024x261.jpg 1024w, https:\/\/blogsaverroes.juntadeandalucia.es\/iescastillodetempul\/files\/2017\/04\/valla3-768x196.jpg 768w, https:\/\/blogsaverroes.juntadeandalucia.es\/iescastillodetempul\/files\/2017\/04\/valla3-700x179.jpg 700w, https:\/\/blogsaverroes.juntadeandalucia.es\/iescastillodetempul\/files\/2017\/04\/valla3-24x6.jpg 24w, https:\/\/blogsaverroes.juntadeandalucia.es\/iescastillodetempul\/files\/2017\/04\/valla3-36x9.jpg 36w, https:\/\/blogsaverroes.juntadeandalucia.es\/iescastillodetempul\/files\/2017\/04\/valla3-48x12.jpg 48w, https:\/\/blogsaverroes.juntadeandalucia.es\/iescastillodetempul\/files\/2017\/04\/valla3.jpg 1600w\" sizes=\"(max-width: 1024px) 100vw, 1024px\" \/><img loading=\"lazy\" decoding=\"async\" class=\"aligncenter size-medium wp-image-3341\" src=\"http:\/\/blogsaverroes.juntadeandalucia.es\/iescastillodetempul\/files\/2017\/04\/valla1-1024x244.jpg\" alt=\"\" width=\"1024\" height=\"244\" srcset=\"https:\/\/blogsaverroes.juntadeandalucia.es\/iescastillodetempul\/files\/2017\/04\/valla1-1024x244.jpg 1024w, https:\/\/blogsaverroes.juntadeandalucia.es\/iescastillodetempul\/files\/2017\/04\/valla1-768x183.jpg 768w, https:\/\/blogsaverroes.juntadeandalucia.es\/iescastillodetempul\/files\/2017\/04\/valla1-700x167.jpg 700w, https:\/\/blogsaverroes.juntadeandalucia.es\/iescastillodetempul\/files\/2017\/04\/valla1-24x6.jpg 24w, https:\/\/blogsaverroes.juntadeandalucia.es\/iescastillodetempul\/files\/2017\/04\/valla1-36x9.jpg 36w, https:\/\/blogsaverroes.juntadeandalucia.es\/iescastillodetempul\/files\/2017\/04\/valla1-48x11.jpg 48w, https:\/\/blogsaverroes.juntadeandalucia.es\/iescastillodetempul\/files\/2017\/04\/valla1.jpg 1600w\" sizes=\"(max-width: 1024px) 100vw, 1024px\" \/><\/p>\n<p>Cartel contra la violencia de g\u00e9nero 2019\/2020<\/p>\n<p><a href=\"https:\/\/blogsaverroes.juntadeandalucia.es\/iescastillodetempul\/files\/2019\/11\/Cartel-contra-la-violencia.jpg\"><img loading=\"lazy\" decoding=\"async\" class=\"aligncenter size-medium wp-image-5327\" src=\"https:\/\/blogsaverroes.juntadeandalucia.es\/iescastillodetempul\/files\/2019\/11\/Cartel-contra-la-violencia-1024x566.jpg\" alt=\"\" width=\"1024\" height=\"566\" srcset=\"https:\/\/blogsaverroes.juntadeandalucia.es\/iescastillodetempul\/files\/2019\/11\/Cartel-contra-la-violencia-1024x566.jpg 1024w, https:\/\/blogsaverroes.juntadeandalucia.es\/iescastillodetempul\/files\/2019\/11\/Cartel-contra-la-violencia-768x425.jpg 768w, https:\/\/blogsaverroes.juntadeandalucia.es\/iescastillodetempul\/files\/2019\/11\/Cartel-contra-la-violencia-700x387.jpg 700w, https:\/\/blogsaverroes.juntadeandalucia.es\/iescastillodetempul\/files\/2019\/11\/Cartel-contra-la-violencia-24x13.jpg 24w, https:\/\/blogsaverroes.juntadeandalucia.es\/iescastillodetempul\/files\/2019\/11\/Cartel-contra-la-violencia-36x20.jpg 36w, https:\/\/blogsaverroes.juntadeandalucia.es\/iescastillodetempul\/files\/2019\/11\/Cartel-contra-la-violencia-48x27.jpg 48w, https:\/\/blogsaverroes.juntadeandalucia.es\/iescastillodetempul\/files\/2019\/11\/Cartel-contra-la-violencia.jpg 1600w\" sizes=\"(max-width: 1024px) 100vw, 1024px\" \/><\/a><\/p>\n<p><a href=\"https:\/\/vimeo.com\/191028596\">Autoras de tebeo de ayer y hoy<\/a> from <a href=\"https:\/\/vimeo.com\/autorascomic\">Autoras de C\u00f3mic<\/a> on <a href=\"https:\/\/vimeo.com\">Vimeo<\/a>.<\/p>\n<p><iframe loading=\"lazy\" src=\"https:\/\/player.vimeo.com\/video\/191028596\" width=\"854\" height=\"480\" frameborder=\"0\"><\/iframe><\/p>\n<p><strong>Dibujos de Carlos Argueso Asta-Buruaga para el <a href=\"https:\/\/blogsaverroes.juntadeandalucia.es\/iescastillodetempul\/pasaje-del-terror\/\">Pasaje del terror<\/a><\/strong><a href=\"https:\/\/blogsaverroes.juntadeandalucia.es\/iescastillodetempul\/coeducacion\/photostudio_1541864047166\/\" rel=\"attachment wp-att-4588\"><img loading=\"lazy\" decoding=\"async\" class=\"aligncenter size-medium wp-image-4588\" src=\"https:\/\/blogsaverroes.juntadeandalucia.es\/iescastillodetempul\/files\/2018\/11\/photostudio_1541864047166-445x1024.jpg\" alt=\"\" width=\"445\" height=\"1024\" srcset=\"https:\/\/blogsaverroes.juntadeandalucia.es\/iescastillodetempul\/files\/2018\/11\/photostudio_1541864047166-445x1024.jpg 445w, https:\/\/blogsaverroes.juntadeandalucia.es\/iescastillodetempul\/files\/2018\/11\/photostudio_1541864047166-10x24.jpg 10w, https:\/\/blogsaverroes.juntadeandalucia.es\/iescastillodetempul\/files\/2018\/11\/photostudio_1541864047166-16x36.jpg 16w, https:\/\/blogsaverroes.juntadeandalucia.es\/iescastillodetempul\/files\/2018\/11\/photostudio_1541864047166-21x48.jpg 21w, https:\/\/blogsaverroes.juntadeandalucia.es\/iescastillodetempul\/files\/2018\/11\/photostudio_1541864047166.jpg 542w\" sizes=\"(max-width: 445px) 100vw, 445px\" \/><\/a><a href=\"https:\/\/blogsaverroes.juntadeandalucia.es\/iescastillodetempul\/coeducacion\/photostudio_1541864477739\/\" rel=\"attachment wp-att-4593\"><img loading=\"lazy\" decoding=\"async\" class=\"aligncenter size-medium wp-image-4593\" src=\"https:\/\/blogsaverroes.juntadeandalucia.es\/iescastillodetempul\/files\/2018\/11\/photostudio_1541864477739-385x1024.jpg\" alt=\"\" width=\"385\" height=\"1024\" srcset=\"https:\/\/blogsaverroes.juntadeandalucia.es\/iescastillodetempul\/files\/2018\/11\/photostudio_1541864477739-385x1024.jpg 385w, https:\/\/blogsaverroes.juntadeandalucia.es\/iescastillodetempul\/files\/2018\/11\/photostudio_1541864477739-9x24.jpg 9w, https:\/\/blogsaverroes.juntadeandalucia.es\/iescastillodetempul\/files\/2018\/11\/photostudio_1541864477739-14x36.jpg 14w, https:\/\/blogsaverroes.juntadeandalucia.es\/iescastillodetempul\/files\/2018\/11\/photostudio_1541864477739-18x48.jpg 18w, https:\/\/blogsaverroes.juntadeandalucia.es\/iescastillodetempul\/files\/2018\/11\/photostudio_1541864477739.jpg 455w\" sizes=\"(max-width: 385px) 100vw, 385px\" \/><\/a><a href=\"https:\/\/blogsaverroes.juntadeandalucia.es\/iescastillodetempul\/coeducacion\/photostudio_1541864352537\/\" rel=\"attachment wp-att-4592\"><img loading=\"lazy\" decoding=\"async\" class=\"aligncenter size-medium wp-image-4592\" src=\"https:\/\/blogsaverroes.juntadeandalucia.es\/iescastillodetempul\/files\/2018\/11\/photostudio_1541864352537-414x1024.jpg\" alt=\"\" width=\"414\" height=\"1024\" srcset=\"https:\/\/blogsaverroes.juntadeandalucia.es\/iescastillodetempul\/files\/2018\/11\/photostudio_1541864352537-414x1024.jpg 414w, https:\/\/blogsaverroes.juntadeandalucia.es\/iescastillodetempul\/files\/2018\/11\/photostudio_1541864352537-10x24.jpg 10w, https:\/\/blogsaverroes.juntadeandalucia.es\/iescastillodetempul\/files\/2018\/11\/photostudio_1541864352537-15x36.jpg 15w, https:\/\/blogsaverroes.juntadeandalucia.es\/iescastillodetempul\/files\/2018\/11\/photostudio_1541864352537-19x48.jpg 19w, https:\/\/blogsaverroes.juntadeandalucia.es\/iescastillodetempul\/files\/2018\/11\/photostudio_1541864352537.jpg 480w\" sizes=\"(max-width: 414px) 100vw, 414px\" \/><\/a><a href=\"https:\/\/blogsaverroes.juntadeandalucia.es\/iescastillodetempul\/coeducacion\/photostudio_1541864302372\/\" rel=\"attachment wp-att-4591\"><img loading=\"lazy\" decoding=\"async\" class=\"aligncenter size-medium wp-image-4591\" src=\"https:\/\/blogsaverroes.juntadeandalucia.es\/iescastillodetempul\/files\/2018\/11\/photostudio_1541864302372-428x1024.jpg\" alt=\"\" width=\"428\" height=\"1024\" srcset=\"https:\/\/blogsaverroes.juntadeandalucia.es\/iescastillodetempul\/files\/2018\/11\/photostudio_1541864302372-428x1024.jpg 428w, https:\/\/blogsaverroes.juntadeandalucia.es\/iescastillodetempul\/files\/2018\/11\/photostudio_1541864302372-10x24.jpg 10w, https:\/\/blogsaverroes.juntadeandalucia.es\/iescastillodetempul\/files\/2018\/11\/photostudio_1541864302372-15x36.jpg 15w, https:\/\/blogsaverroes.juntadeandalucia.es\/iescastillodetempul\/files\/2018\/11\/photostudio_1541864302372-20x48.jpg 20w, https:\/\/blogsaverroes.juntadeandalucia.es\/iescastillodetempul\/files\/2018\/11\/photostudio_1541864302372.jpg 534w\" sizes=\"(max-width: 428px) 100vw, 428px\" \/><\/a><a href=\"https:\/\/blogsaverroes.juntadeandalucia.es\/iescastillodetempul\/coeducacion\/photostudio_1541864221261\/\" rel=\"attachment wp-att-4590\"><img loading=\"lazy\" decoding=\"async\" class=\"aligncenter size-medium wp-image-4590\" src=\"https:\/\/blogsaverroes.juntadeandalucia.es\/iescastillodetempul\/files\/2018\/11\/photostudio_1541864221261-427x1024.jpg\" alt=\"\" width=\"427\" height=\"1024\" srcset=\"https:\/\/blogsaverroes.juntadeandalucia.es\/iescastillodetempul\/files\/2018\/11\/photostudio_1541864221261-427x1024.jpg 427w, https:\/\/blogsaverroes.juntadeandalucia.es\/iescastillodetempul\/files\/2018\/11\/photostudio_1541864221261-10x24.jpg 10w, https:\/\/blogsaverroes.juntadeandalucia.es\/iescastillodetempul\/files\/2018\/11\/photostudio_1541864221261-15x36.jpg 15w, https:\/\/blogsaverroes.juntadeandalucia.es\/iescastillodetempul\/files\/2018\/11\/photostudio_1541864221261-20x48.jpg 20w, https:\/\/blogsaverroes.juntadeandalucia.es\/iescastillodetempul\/files\/2018\/11\/photostudio_1541864221261.jpg 499w\" sizes=\"(max-width: 427px) 100vw, 427px\" \/><\/a><a href=\"https:\/\/blogsaverroes.juntadeandalucia.es\/iescastillodetempul\/coeducacion\/photostudio_1541864124489\/\" rel=\"attachment wp-att-4589\"><img loading=\"lazy\" decoding=\"async\" class=\"aligncenter size-medium wp-image-4589\" src=\"https:\/\/blogsaverroes.juntadeandalucia.es\/iescastillodetempul\/files\/2018\/11\/photostudio_1541864124489-420x1024.jpg\" alt=\"\" width=\"420\" height=\"1024\" srcset=\"https:\/\/blogsaverroes.juntadeandalucia.es\/iescastillodetempul\/files\/2018\/11\/photostudio_1541864124489-420x1024.jpg 420w, https:\/\/blogsaverroes.juntadeandalucia.es\/iescastillodetempul\/files\/2018\/11\/photostudio_1541864124489-10x24.jpg 10w, https:\/\/blogsaverroes.juntadeandalucia.es\/iescastillodetempul\/files\/2018\/11\/photostudio_1541864124489-15x36.jpg 15w, https:\/\/blogsaverroes.juntadeandalucia.es\/iescastillodetempul\/files\/2018\/11\/photostudio_1541864124489-20x48.jpg 20w, https:\/\/blogsaverroes.juntadeandalucia.es\/iescastillodetempul\/files\/2018\/11\/photostudio_1541864124489.jpg 491w\" sizes=\"(max-width: 420px) 100vw, 420px\" \/><\/a><br \/>\n<a href=\"https:\/\/blogsaverroes.juntadeandalucia.es\/iescastillodetempul\/departamento-de-educacion-plastica-y-visual\/photostudio_1541864409493\/\" rel=\"attachment wp-att-4634\"><img loading=\"lazy\" decoding=\"async\" class=\"aligncenter size-medium wp-image-4634\" src=\"https:\/\/blogsaverroes.juntadeandalucia.es\/iescastillodetempul\/files\/2016\/10\/photostudio_1541864409493-424x1024.jpg\" alt=\"\" width=\"424\" height=\"1024\" srcset=\"https:\/\/blogsaverroes.juntadeandalucia.es\/iescastillodetempul\/files\/2016\/10\/photostudio_1541864409493-424x1024.jpg 424w, https:\/\/blogsaverroes.juntadeandalucia.es\/iescastillodetempul\/files\/2016\/10\/photostudio_1541864409493-10x24.jpg 10w, https:\/\/blogsaverroes.juntadeandalucia.es\/iescastillodetempul\/files\/2016\/10\/photostudio_1541864409493-15x36.jpg 15w, https:\/\/blogsaverroes.juntadeandalucia.es\/iescastillodetempul\/files\/2016\/10\/photostudio_1541864409493-20x48.jpg 20w, https:\/\/blogsaverroes.juntadeandalucia.es\/iescastillodetempul\/files\/2016\/10\/photostudio_1541864409493.jpg 535w\" sizes=\"(max-width: 424px) 100vw, 424px\" \/><\/a><br \/>\n<a href=\"https:\/\/blogsaverroes.juntadeandalucia.es\/iescastillodetempul\/files\/2019\/10\/IMG_20181105_134709.jpg\"><img loading=\"lazy\" decoding=\"async\" class=\"aligncenter size-medium wp-image-5184\" src=\"https:\/\/blogsaverroes.juntadeandalucia.es\/iescastillodetempul\/files\/2019\/10\/IMG_20181105_134709-1024x576.jpg\" alt=\"\" width=\"1024\" height=\"576\" srcset=\"https:\/\/blogsaverroes.juntadeandalucia.es\/iescastillodetempul\/files\/2019\/10\/IMG_20181105_134709-1024x576.jpg 1024w, https:\/\/blogsaverroes.juntadeandalucia.es\/iescastillodetempul\/files\/2019\/10\/IMG_20181105_134709-768x432.jpg 768w, https:\/\/blogsaverroes.juntadeandalucia.es\/iescastillodetempul\/files\/2019\/10\/IMG_20181105_134709-700x393.jpg 700w, https:\/\/blogsaverroes.juntadeandalucia.es\/iescastillodetempul\/files\/2019\/10\/IMG_20181105_134709-24x14.jpg 24w, https:\/\/blogsaverroes.juntadeandalucia.es\/iescastillodetempul\/files\/2019\/10\/IMG_20181105_134709-36x20.jpg 36w, https:\/\/blogsaverroes.juntadeandalucia.es\/iescastillodetempul\/files\/2019\/10\/IMG_20181105_134709-48x27.jpg 48w, https:\/\/blogsaverroes.juntadeandalucia.es\/iescastillodetempul\/files\/2019\/10\/IMG_20181105_134709.jpg 1600w\" sizes=\"(max-width: 1024px) 100vw, 1024px\" \/><\/a><\/p>\n<p><strong>Pinturas de Escher en la fachada del IES castillo de Tempul<\/strong><\/p>\n<p><a href=\"https:\/\/blogsaverroes.juntadeandalucia.es\/iescastillodetempul\/files\/2019\/10\/photostudio_1571132232275.jpg\"><img loading=\"lazy\" decoding=\"async\" class=\"aligncenter size-medium wp-image-5189\" src=\"https:\/\/blogsaverroes.juntadeandalucia.es\/iescastillodetempul\/files\/2019\/10\/photostudio_1571132232275-1024x287.jpg\" alt=\"\" width=\"1024\" height=\"287\" srcset=\"https:\/\/blogsaverroes.juntadeandalucia.es\/iescastillodetempul\/files\/2019\/10\/photostudio_1571132232275-1024x287.jpg 1024w, https:\/\/blogsaverroes.juntadeandalucia.es\/iescastillodetempul\/files\/2019\/10\/photostudio_1571132232275-768x216.jpg 768w, https:\/\/blogsaverroes.juntadeandalucia.es\/iescastillodetempul\/files\/2019\/10\/photostudio_1571132232275-700x197.jpg 700w, https:\/\/blogsaverroes.juntadeandalucia.es\/iescastillodetempul\/files\/2019\/10\/photostudio_1571132232275-24x7.jpg 24w, https:\/\/blogsaverroes.juntadeandalucia.es\/iescastillodetempul\/files\/2019\/10\/photostudio_1571132232275-36x10.jpg 36w, https:\/\/blogsaverroes.juntadeandalucia.es\/iescastillodetempul\/files\/2019\/10\/photostudio_1571132232275-48x13.jpg 48w, https:\/\/blogsaverroes.juntadeandalucia.es\/iescastillodetempul\/files\/2019\/10\/photostudio_1571132232275.jpg 1600w\" sizes=\"(max-width: 1024px) 100vw, 1024px\" \/><\/a><a href=\"https:\/\/blogsaverroes.juntadeandalucia.es\/iescastillodetempul\/files\/2019\/10\/photostudio_1571132530281.jpg\"><img loading=\"lazy\" decoding=\"async\" class=\"aligncenter size-medium wp-image-5191\" src=\"https:\/\/blogsaverroes.juntadeandalucia.es\/iescastillodetempul\/files\/2019\/10\/photostudio_1571132530281-1024x975.jpg\" alt=\"\" width=\"1024\" height=\"975\" srcset=\"https:\/\/blogsaverroes.juntadeandalucia.es\/iescastillodetempul\/files\/2019\/10\/photostudio_1571132530281-1024x975.jpg 1024w, https:\/\/blogsaverroes.juntadeandalucia.es\/iescastillodetempul\/files\/2019\/10\/photostudio_1571132530281-768x731.jpg 768w, https:\/\/blogsaverroes.juntadeandalucia.es\/iescastillodetempul\/files\/2019\/10\/photostudio_1571132530281-700x667.jpg 700w, https:\/\/blogsaverroes.juntadeandalucia.es\/iescastillodetempul\/files\/2019\/10\/photostudio_1571132530281-24x24.jpg 24w, https:\/\/blogsaverroes.juntadeandalucia.es\/iescastillodetempul\/files\/2019\/10\/photostudio_1571132530281-36x34.jpg 36w, https:\/\/blogsaverroes.juntadeandalucia.es\/iescastillodetempul\/files\/2019\/10\/photostudio_1571132530281-48x46.jpg 48w, https:\/\/blogsaverroes.juntadeandalucia.es\/iescastillodetempul\/files\/2019\/10\/photostudio_1571132530281.jpg 1600w\" sizes=\"(max-width: 1024px) 100vw, 1024px\" \/><\/a><a href=\"https:\/\/blogsaverroes.juntadeandalucia.es\/iescastillodetempul\/files\/2019\/10\/photostudio_1571132493580.jpg\"><img loading=\"lazy\" decoding=\"async\" class=\"aligncenter size-medium wp-image-5192\" src=\"https:\/\/blogsaverroes.juntadeandalucia.es\/iescastillodetempul\/files\/2019\/10\/photostudio_1571132493580-1024x444.jpg\" alt=\"\" width=\"1024\" height=\"444\" srcset=\"https:\/\/blogsaverroes.juntadeandalucia.es\/iescastillodetempul\/files\/2019\/10\/photostudio_1571132493580-1024x444.jpg 1024w, https:\/\/blogsaverroes.juntadeandalucia.es\/iescastillodetempul\/files\/2019\/10\/photostudio_1571132493580-768x333.jpg 768w, https:\/\/blogsaverroes.juntadeandalucia.es\/iescastillodetempul\/files\/2019\/10\/photostudio_1571132493580-700x303.jpg 700w, https:\/\/blogsaverroes.juntadeandalucia.es\/iescastillodetempul\/files\/2019\/10\/photostudio_1571132493580-24x10.jpg 24w, https:\/\/blogsaverroes.juntadeandalucia.es\/iescastillodetempul\/files\/2019\/10\/photostudio_1571132493580-36x16.jpg 36w, https:\/\/blogsaverroes.juntadeandalucia.es\/iescastillodetempul\/files\/2019\/10\/photostudio_1571132493580-48x21.jpg 48w, https:\/\/blogsaverroes.juntadeandalucia.es\/iescastillodetempul\/files\/2019\/10\/photostudio_1571132493580.jpg 1600w\" sizes=\"(max-width: 1024px) 100vw, 1024px\" \/><\/a><a href=\"https:\/\/blogsaverroes.juntadeandalucia.es\/iescastillodetempul\/files\/2019\/10\/IMG_20191015_101124_Bokeh.jpg\"><img loading=\"lazy\" decoding=\"async\" class=\"aligncenter size-medium wp-image-5183\" src=\"https:\/\/blogsaverroes.juntadeandalucia.es\/iescastillodetempul\/files\/2019\/10\/IMG_20191015_101124_Bokeh-1024x768.jpg\" alt=\"\" width=\"1024\" height=\"768\" srcset=\"https:\/\/blogsaverroes.juntadeandalucia.es\/iescastillodetempul\/files\/2019\/10\/IMG_20191015_101124_Bokeh-1024x768.jpg 1024w, https:\/\/blogsaverroes.juntadeandalucia.es\/iescastillodetempul\/files\/2019\/10\/IMG_20191015_101124_Bokeh-768x576.jpg 768w, https:\/\/blogsaverroes.juntadeandalucia.es\/iescastillodetempul\/files\/2019\/10\/IMG_20191015_101124_Bokeh-700x525.jpg 700w, https:\/\/blogsaverroes.juntadeandalucia.es\/iescastillodetempul\/files\/2019\/10\/IMG_20191015_101124_Bokeh-24x18.jpg 24w, https:\/\/blogsaverroes.juntadeandalucia.es\/iescastillodetempul\/files\/2019\/10\/IMG_20191015_101124_Bokeh-36x27.jpg 36w, https:\/\/blogsaverroes.juntadeandalucia.es\/iescastillodetempul\/files\/2019\/10\/IMG_20191015_101124_Bokeh-48x36.jpg 48w, https:\/\/blogsaverroes.juntadeandalucia.es\/iescastillodetempul\/files\/2019\/10\/IMG_20191015_101124_Bokeh.jpg 1600w\" sizes=\"(max-width: 1024px) 100vw, 1024px\" \/><\/a><a href=\"https:\/\/blogsaverroes.juntadeandalucia.es\/iescastillodetempul\/files\/2019\/10\/IMG_20181105_134736.jpg\"><br \/>\n<img loading=\"lazy\" decoding=\"async\" class=\"aligncenter size-medium wp-image-5185\" src=\"https:\/\/blogsaverroes.juntadeandalucia.es\/iescastillodetempul\/files\/2019\/10\/IMG_20181105_134736-1024x576.jpg\" alt=\"\" width=\"1024\" height=\"576\" srcset=\"https:\/\/blogsaverroes.juntadeandalucia.es\/iescastillodetempul\/files\/2019\/10\/IMG_20181105_134736-1024x576.jpg 1024w, https:\/\/blogsaverroes.juntadeandalucia.es\/iescastillodetempul\/files\/2019\/10\/IMG_20181105_134736-768x432.jpg 768w, https:\/\/blogsaverroes.juntadeandalucia.es\/iescastillodetempul\/files\/2019\/10\/IMG_20181105_134736-700x393.jpg 700w, https:\/\/blogsaverroes.juntadeandalucia.es\/iescastillodetempul\/files\/2019\/10\/IMG_20181105_134736-24x14.jpg 24w, https:\/\/blogsaverroes.juntadeandalucia.es\/iescastillodetempul\/files\/2019\/10\/IMG_20181105_134736-36x20.jpg 36w, https:\/\/blogsaverroes.juntadeandalucia.es\/iescastillodetempul\/files\/2019\/10\/IMG_20181105_134736-48x27.jpg 48w, https:\/\/blogsaverroes.juntadeandalucia.es\/iescastillodetempul\/files\/2019\/10\/IMG_20181105_134736.jpg 1600w\" sizes=\"(max-width: 1024px) 100vw, 1024px\" \/><\/a><a href=\"https:\/\/blogsaverroes.juntadeandalucia.es\/iescastillodetempul\/files\/2018\/11\/photostudio_1542202025242.jpg\"><img loading=\"lazy\" decoding=\"async\" class=\"aligncenter size-medium wp-image-4652\" src=\"https:\/\/blogsaverroes.juntadeandalucia.es\/iescastillodetempul\/files\/2018\/11\/photostudio_1542202025242-1024x700.jpg\" alt=\"\" width=\"1024\" height=\"700\" srcset=\"https:\/\/blogsaverroes.juntadeandalucia.es\/iescastillodetempul\/files\/2018\/11\/photostudio_1542202025242-1024x700.jpg 1024w, https:\/\/blogsaverroes.juntadeandalucia.es\/iescastillodetempul\/files\/2018\/11\/photostudio_1542202025242-768x525.jpg 768w, https:\/\/blogsaverroes.juntadeandalucia.es\/iescastillodetempul\/files\/2018\/11\/photostudio_1542202025242-700x479.jpg 700w, https:\/\/blogsaverroes.juntadeandalucia.es\/iescastillodetempul\/files\/2018\/11\/photostudio_1542202025242-24x16.jpg 24w, https:\/\/blogsaverroes.juntadeandalucia.es\/iescastillodetempul\/files\/2018\/11\/photostudio_1542202025242-36x25.jpg 36w, https:\/\/blogsaverroes.juntadeandalucia.es\/iescastillodetempul\/files\/2018\/11\/photostudio_1542202025242-48x33.jpg 48w, https:\/\/blogsaverroes.juntadeandalucia.es\/iescastillodetempul\/files\/2018\/11\/photostudio_1542202025242.jpg 1600w\" sizes=\"(max-width: 1024px) 100vw, 1024px\" \/><\/a><a href=\"https:\/\/blogsaverroes.juntadeandalucia.es\/iescastillodetempul\/files\/2021\/11\/detalle-vidriera-1.jpg\"><img loading=\"lazy\" decoding=\"async\" class=\"aligncenter size-full wp-image-5770\" src=\"https:\/\/blogsaverroes.juntadeandalucia.es\/iescastillodetempul\/files\/2021\/11\/detalle-vidriera-1.jpg\" alt=\"\" width=\"491\" height=\"275\"><\/a><a href=\"https:\/\/blogsaverroes.juntadeandalucia.es\/iescastillodetempul\/files\/2018\/11\/photostudio_1542202025242.jpg\"><strong>Detalle vidriera Ecoescuela<\/strong><\/a><\/p>\n<p><a href=\"https:\/\/blogsaverroes.juntadeandalucia.es\/iescastillodetempul\/files\/2022\/03\/IMG-20220304-WA0000.jpg\"><img loading=\"lazy\" decoding=\"async\" class=\"aligncenter size-full wp-image-5974\" src=\"https:\/\/blogsaverroes.juntadeandalucia.es\/iescastillodetempul\/files\/2022\/03\/IMG-20220304-WA0000.jpg\" alt=\"\" width=\"1024\" height=\"768\" srcset=\"https:\/\/blogsaverroes.juntadeandalucia.es\/iescastillodetempul\/files\/2022\/03\/IMG-20220304-WA0000.jpg 1024w, https:\/\/blogsaverroes.juntadeandalucia.es\/iescastillodetempul\/files\/2022\/03\/IMG-20220304-WA0000-768x576.jpg 768w, https:\/\/blogsaverroes.juntadeandalucia.es\/iescastillodetempul\/files\/2022\/03\/IMG-20220304-WA0000-700x525.jpg 700w\" sizes=\"(max-width: 1024px) 100vw, 1024px\" \/><\/a> <a href=\"https:\/\/blogsaverroes.juntadeandalucia.es\/iescastillodetempul\/files\/2022\/03\/IMG-20220304-WA0001.jpg\"><img loading=\"lazy\" decoding=\"async\" class=\"aligncenter size-full wp-image-5973\" src=\"https:\/\/blogsaverroes.juntadeandalucia.es\/iescastillodetempul\/files\/2022\/03\/IMG-20220304-WA0001.jpg\" alt=\"\" width=\"1024\" height=\"768\" srcset=\"https:\/\/blogsaverroes.juntadeandalucia.es\/iescastillodetempul\/files\/2022\/03\/IMG-20220304-WA0001.jpg 1024w, https:\/\/blogsaverroes.juntadeandalucia.es\/iescastillodetempul\/files\/2022\/03\/IMG-20220304-WA0001-768x576.jpg 768w, https:\/\/blogsaverroes.juntadeandalucia.es\/iescastillodetempul\/files\/2022\/03\/IMG-20220304-WA0001-700x525.jpg 700w\" sizes=\"(max-width: 1024px) 100vw, 1024px\" \/><\/a> <a href=\"https:\/\/blogsaverroes.juntadeandalucia.es\/iescastillodetempul\/files\/2022\/03\/IMG-20220304-WA0002.jpg\"><img loading=\"lazy\" decoding=\"async\" class=\"aligncenter size-full wp-image-5972\" src=\"https:\/\/blogsaverroes.juntadeandalucia.es\/iescastillodetempul\/files\/2022\/03\/IMG-20220304-WA0002.jpg\" alt=\"\" width=\"1024\" height=\"768\" srcset=\"https:\/\/blogsaverroes.juntadeandalucia.es\/iescastillodetempul\/files\/2022\/03\/IMG-20220304-WA0002.jpg 1024w, https:\/\/blogsaverroes.juntadeandalucia.es\/iescastillodetempul\/files\/2022\/03\/IMG-20220304-WA0002-768x576.jpg 768w, https:\/\/blogsaverroes.juntadeandalucia.es\/iescastillodetempul\/files\/2022\/03\/IMG-20220304-WA0002-700x525.jpg 700w\" sizes=\"(max-width: 1024px) 100vw, 1024px\" \/><\/a> <a href=\"https:\/\/blogsaverroes.juntadeandalucia.es\/iescastillodetempul\/files\/2022\/03\/IMG-20220304-WA0003.jpg\"><img loading=\"lazy\" decoding=\"async\" class=\"aligncenter size-full wp-image-5971\" src=\"https:\/\/blogsaverroes.juntadeandalucia.es\/iescastillodetempul\/files\/2022\/03\/IMG-20220304-WA0003.jpg\" alt=\"\" width=\"1024\" height=\"768\" srcset=\"https:\/\/blogsaverroes.juntadeandalucia.es\/iescastillodetempul\/files\/2022\/03\/IMG-20220304-WA0003.jpg 1024w, https:\/\/blogsaverroes.juntadeandalucia.es\/iescastillodetempul\/files\/2022\/03\/IMG-20220304-WA0003-768x576.jpg 768w, https:\/\/blogsaverroes.juntadeandalucia.es\/iescastillodetempul\/files\/2022\/03\/IMG-20220304-WA0003-700x525.jpg 700w\" sizes=\"(max-width: 1024px) 100vw, 1024px\" \/><\/a><\/p>\n","protected":false},"excerpt":{"rendered":"<p>P\u00e1gina del departamento de Educaci\u00f3n Pl\u00e1stica y Visual del instituto IES Castillo de Tempul. Jefe de departamento: Sergio Moreno Dom\u00ednguez Carmen S\u00e1nchez Guill\u00e9n Profesores colaboradores: Carlos Argueso Asta-Buruaga y Berta Mu\u00f1oz Dom\u00ednguez&nbsp; Curso 21-22&#46;&#46;&#46;<\/p>\n","protected":false},"author":4130,"featured_media":0,"parent":0,"menu_order":0,"comment_status":"open","ping_status":"open","template":"","meta":{"ngg_post_thumbnail":0,"footnotes":"","_mc_calendar":[]},"aioseo_notices":[],"_links":{"self":[{"href":"https:\/\/blogsaverroes.juntadeandalucia.es\/iescastillodetempul\/wp-json\/wp\/v2\/pages\/2318"}],"collection":[{"href":"https:\/\/blogsaverroes.juntadeandalucia.es\/iescastillodetempul\/wp-json\/wp\/v2\/pages"}],"about":[{"href":"https:\/\/blogsaverroes.juntadeandalucia.es\/iescastillodetempul\/wp-json\/wp\/v2\/types\/page"}],"author":[{"embeddable":true,"href":"https:\/\/blogsaverroes.juntadeandalucia.es\/iescastillodetempul\/wp-json\/wp\/v2\/users\/4130"}],"replies":[{"embeddable":true,"href":"https:\/\/blogsaverroes.juntadeandalucia.es\/iescastillodetempul\/wp-json\/wp\/v2\/comments?post=2318"}],"version-history":[{"count":36,"href":"https:\/\/blogsaverroes.juntadeandalucia.es\/iescastillodetempul\/wp-json\/wp\/v2\/pages\/2318\/revisions"}],"predecessor-version":[{"id":6514,"href":"https:\/\/blogsaverroes.juntadeandalucia.es\/iescastillodetempul\/wp-json\/wp\/v2\/pages\/2318\/revisions\/6514"}],"wp:attachment":[{"href":"https:\/\/blogsaverroes.juntadeandalucia.es\/iescastillodetempul\/wp-json\/wp\/v2\/media?parent=2318"}],"curies":[{"name":"wp","href":"https:\/\/api.w.org\/{rel}","templated":true}]}}