{"id":2354,"date":"2016-10-28T08:59:45","date_gmt":"2016-10-28T08:59:45","guid":{"rendered":"http:\/\/blogsaverroes.juntadeandalucia.es\/iescastillodetempul\/?page_id=2354"},"modified":"2020-10-31T20:27:26","modified_gmt":"2020-10-31T20:27:26","slug":"tecnologia","status":"publish","type":"page","link":"https:\/\/blogsaverroes.juntadeandalucia.es\/iescastillodetempul\/tecnologia\/","title":{"rendered":"Tecnolog\u00eda"},"content":{"rendered":"<p><strong>P\u00e1gina del Departamento de Tecnolog\u00eda del Instituto IES Castillo de Tempul.<\/strong><\/p>\n<ul>\n<li><strong>Jefe de departamento:<\/strong>&nbsp;<span style=\"font-weight: 400\">Juan Esteban Arco Hinojosa<\/span><\/li>\n<li><strong>Correo electr\u00f3nico:<\/strong> juan.arco@iescastillodetepul.com<\/li>\n<li><strong>Programaci\u00f3n: <\/strong>en el siguiente enlace podr\u00e1 encontrar la programaci\u00f3n del presente curso en archivo PDF.<\/li>\n<\/ul>\n<p><a href=\"https:\/\/blogsaverroes.juntadeandalucia.es\/iescastillodetempul\/files\/2020\/10\/PROG-TEC-20-21.pdf\">&nbsp; &nbsp; &nbsp; &nbsp; &nbsp; &nbsp; &nbsp; &nbsp; &nbsp; &nbsp; &nbsp; PROGRAMACI\u00d3N TECNOLOG\u00cdA 20-21<\/a><\/p>\n<p>&nbsp;<\/p>\n<p>&nbsp;<\/p>\n<p><a href=\"https:\/\/feriadelaciencia.cepjerez.es\"><br \/>\n<img loading=\"lazy\" decoding=\"async\" class=\"aligncenter size-medium wp-image-2616\" src=\"https:\/\/blogsaverroes.juntadeandalucia.es\/iescastillodetempul\/files\/2016\/11\/cabecera-300x30.png\" alt=\"cabecera\" width=\"300\" height=\"30\" srcset=\"https:\/\/blogsaverroes.juntadeandalucia.es\/iescastillodetempul\/files\/2016\/11\/cabecera-300x30.png 300w, https:\/\/blogsaverroes.juntadeandalucia.es\/iescastillodetempul\/files\/2016\/11\/cabecera-700x70.png 700w, https:\/\/blogsaverroes.juntadeandalucia.es\/iescastillodetempul\/files\/2016\/11\/cabecera.png 800w\" sizes=\"(max-width: 300px) 100vw, 300px\" \/><\/a><\/p>\n<p>&nbsp;<\/p>\n<p>&nbsp;<\/p>\n<p>&nbsp;<\/p>\n","protected":false},"excerpt":{"rendered":"<p>P\u00e1gina del Departamento de Tecnolog\u00eda del Instituto IES Castillo de Tempul. Jefe de departamento:&nbsp;Juan Esteban Arco Hinojosa Correo electr\u00f3nico: juan.arco@iescastillodetepul.com Programaci\u00f3n: en el siguiente enlace podr\u00e1 encontrar la programaci\u00f3n del presente curso en archivo&#46;&#46;&#46;<\/p>\n","protected":false},"author":4130,"featured_media":0,"parent":0,"menu_order":0,"comment_status":"open","ping_status":"open","template":"","meta":{"ngg_post_thumbnail":0,"footnotes":"","_mc_calendar":[]},"aioseo_notices":[],"_links":{"self":[{"href":"https:\/\/blogsaverroes.juntadeandalucia.es\/iescastillodetempul\/wp-json\/wp\/v2\/pages\/2354"}],"collection":[{"href":"https:\/\/blogsaverroes.juntadeandalucia.es\/iescastillodetempul\/wp-json\/wp\/v2\/pages"}],"about":[{"href":"https:\/\/blogsaverroes.juntadeandalucia.es\/iescastillodetempul\/wp-json\/wp\/v2\/types\/page"}],"author":[{"embeddable":true,"href":"https:\/\/blogsaverroes.juntadeandalucia.es\/iescastillodetempul\/wp-json\/wp\/v2\/users\/4130"}],"replies":[{"embeddable":true,"href":"https:\/\/blogsaverroes.juntadeandalucia.es\/iescastillodetempul\/wp-json\/wp\/v2\/comments?post=2354"}],"version-history":[{"count":12,"href":"https:\/\/blogsaverroes.juntadeandalucia.es\/iescastillodetempul\/wp-json\/wp\/v2\/pages\/2354\/revisions"}],"predecessor-version":[{"id":5654,"href":"https:\/\/blogsaverroes.juntadeandalucia.es\/iescastillodetempul\/wp-json\/wp\/v2\/pages\/2354\/revisions\/5654"}],"wp:attachment":[{"href":"https:\/\/blogsaverroes.juntadeandalucia.es\/iescastillodetempul\/wp-json\/wp\/v2\/media?parent=2354"}],"curies":[{"name":"wp","href":"https:\/\/api.w.org\/{rel}","templated":true}]}}