{"id":5289,"date":"2019-11-25T16:25:50","date_gmt":"2019-11-25T16:25:50","guid":{"rendered":"https:\/\/blogsaverroes.juntadeandalucia.es\/iescastillodetempul\/?page_id=5289"},"modified":"2019-11-25T16:28:50","modified_gmt":"2019-11-25T16:28:50","slug":"maria-moliner","status":"publish","type":"page","link":"https:\/\/blogsaverroes.juntadeandalucia.es\/iescastillodetempul\/maria-moliner\/","title":{"rendered":"Mar\u00eda Moliner"},"content":{"rendered":"<p><a href=\"https:\/\/blogsaverroes.juntadeandalucia.es\/iescastillodetempul\/files\/2019\/11\/bn1-1.jpg\"><img loading=\"lazy\" decoding=\"async\" src=\"https:\/\/blogsaverroes.juntadeandalucia.es\/iescastillodetempul\/files\/2019\/11\/bn1-1.jpg\" alt=\"\" width=\"820\" height=\"547\" class=\"aligncenter size-full wp-image-5290\" srcset=\"https:\/\/blogsaverroes.juntadeandalucia.es\/iescastillodetempul\/files\/2019\/11\/bn1-1.jpg 820w, https:\/\/blogsaverroes.juntadeandalucia.es\/iescastillodetempul\/files\/2019\/11\/bn1-1-768x512.jpg 768w, https:\/\/blogsaverroes.juntadeandalucia.es\/iescastillodetempul\/files\/2019\/11\/bn1-1-700x467.jpg 700w, https:\/\/blogsaverroes.juntadeandalucia.es\/iescastillodetempul\/files\/2019\/11\/bn1-1-24x16.jpg 24w, https:\/\/blogsaverroes.juntadeandalucia.es\/iescastillodetempul\/files\/2019\/11\/bn1-1-36x24.jpg 36w, https:\/\/blogsaverroes.juntadeandalucia.es\/iescastillodetempul\/files\/2019\/11\/bn1-1-48x32.jpg 48w\" sizes=\"(max-width: 820px) 100vw, 820px\" \/><\/a><br \/>\n\u00abMe llamaron por tel\u00e9fono para darme la mala noticia de que Mar\u00eda Moliner hab\u00eda muerto. Yo me sent\u00ed como si hubiera perdido a alguien que sin saberlo hab\u00eda trabajado para m\u00ed durante muchos a\u00f1os.\u00bb<br \/>\n\u00abMar\u00eda Moliner hizo una proeza con muy pocos precedentes: escribi\u00f3 sola, en su casa, con su propia mano, el diccionario m\u00e1s completo, m\u00e1s \u00fatil, m\u00e1s acucioso y m\u00e1s divertido de la lengua castellana, dos veces m\u00e1s largo que el de la Real Academia de la Lengua, y -a mi juicio- m\u00e1s de dos veces mejor\u00bb<\/p>\n<p>Gabriel Garc\u00eda M\u00e1rquez<\/p>\n<blockquote class=\"wp-embedded-content\" data-secret=\"75EknH5nKA\"><p><a href=\"https:\/\/www.jotdown.es\/2019\/11\/maria-moliner-nuestra-senora-de-las-palabras\/\">Mar\u00eda Moliner, nuestra se\u00f1ora de las palabras<\/a><\/p><\/blockquote>\n<p><iframe class=\"wp-embedded-content\" sandbox=\"allow-scripts\" security=\"restricted\" style=\"position: absolute; clip: rect(1px, 1px, 1px, 1px);\" title=\"\u00abMar\u00eda Moliner, nuestra se\u00f1ora de las palabras\u00bb \u2014 Jot Down Cultural Magazine\" src=\"https:\/\/www.jotdown.es\/2019\/11\/maria-moliner-nuestra-senora-de-las-palabras\/embed\/#?secret=eoa6ajI7Aq#?secret=75EknH5nKA\" data-secret=\"75EknH5nKA\" width=\"500\" height=\"282\" frameborder=\"0\" marginwidth=\"0\" marginheight=\"0\" scrolling=\"no\"><\/iframe><\/p>\n","protected":false},"excerpt":{"rendered":"<p>\u00abMe llamaron por tel\u00e9fono para darme la mala noticia de que Mar\u00eda Moliner hab\u00eda muerto. Yo me sent\u00ed como si hubiera perdido a alguien que sin saberlo hab\u00eda trabajado para m\u00ed durante muchos a\u00f1os.\u00bb&#46;&#46;&#46;<\/p>\n","protected":false},"author":4130,"featured_media":0,"parent":0,"menu_order":0,"comment_status":"closed","ping_status":"closed","template":"","meta":{"ngg_post_thumbnail":0,"footnotes":"","_mc_calendar":[]},"aioseo_notices":[],"_links":{"self":[{"href":"https:\/\/blogsaverroes.juntadeandalucia.es\/iescastillodetempul\/wp-json\/wp\/v2\/pages\/5289"}],"collection":[{"href":"https:\/\/blogsaverroes.juntadeandalucia.es\/iescastillodetempul\/wp-json\/wp\/v2\/pages"}],"about":[{"href":"https:\/\/blogsaverroes.juntadeandalucia.es\/iescastillodetempul\/wp-json\/wp\/v2\/types\/page"}],"author":[{"embeddable":true,"href":"https:\/\/blogsaverroes.juntadeandalucia.es\/iescastillodetempul\/wp-json\/wp\/v2\/users\/4130"}],"replies":[{"embeddable":true,"href":"https:\/\/blogsaverroes.juntadeandalucia.es\/iescastillodetempul\/wp-json\/wp\/v2\/comments?post=5289"}],"version-history":[{"count":3,"href":"https:\/\/blogsaverroes.juntadeandalucia.es\/iescastillodetempul\/wp-json\/wp\/v2\/pages\/5289\/revisions"}],"predecessor-version":[{"id":5296,"href":"https:\/\/blogsaverroes.juntadeandalucia.es\/iescastillodetempul\/wp-json\/wp\/v2\/pages\/5289\/revisions\/5296"}],"wp:attachment":[{"href":"https:\/\/blogsaverroes.juntadeandalucia.es\/iescastillodetempul\/wp-json\/wp\/v2\/media?parent=5289"}],"curies":[{"name":"wp","href":"https:\/\/api.w.org\/{rel}","templated":true}]}}