{"id":5797,"date":"2021-11-19T10:12:20","date_gmt":"2021-11-19T10:12:20","guid":{"rendered":"https:\/\/blogsaverroes.juntadeandalucia.es\/iescastillodetempul\/?page_id=5797"},"modified":"2021-11-19T10:12:20","modified_gmt":"2021-11-19T10:12:20","slug":"radio-cuervo","status":"publish","type":"page","link":"https:\/\/blogsaverroes.juntadeandalucia.es\/iescastillodetempul\/radio-cuervo\/","title":{"rendered":"RADIO CUERVO"},"content":{"rendered":"<h3><strong>RADIO CUERVO<\/strong><\/h3>\n<p>Participaci\u00f3n del IES Castillo de Tempul en el programa \u00abLiteratura con nombre de Mujer\u00bb de Radio Cuervo.<\/p>\n<p><a href=\"https:\/\/blogsaverroes.juntadeandalucia.es\/iescastillodetempul\/files\/2021\/11\/0_IMG-20210618-WA0011__01.jpg\"><img loading=\"lazy\" decoding=\"async\" class=\"aligncenter size-medium wp-image-5788\" src=\"https:\/\/blogsaverroes.juntadeandalucia.es\/iescastillodetempul\/files\/2021\/11\/0_IMG-20210618-WA0011__01-1024x713.jpg\" alt=\"\" width=\"1024\" height=\"713\" srcset=\"https:\/\/blogsaverroes.juntadeandalucia.es\/iescastillodetempul\/files\/2021\/11\/0_IMG-20210618-WA0011__01-1024x713.jpg 1024w, https:\/\/blogsaverroes.juntadeandalucia.es\/iescastillodetempul\/files\/2021\/11\/0_IMG-20210618-WA0011__01-768x535.jpg 768w, https:\/\/blogsaverroes.juntadeandalucia.es\/iescastillodetempul\/files\/2021\/11\/0_IMG-20210618-WA0011__01-700x488.jpg 700w, https:\/\/blogsaverroes.juntadeandalucia.es\/iescastillodetempul\/files\/2021\/11\/0_IMG-20210618-WA0011__01.jpg 1388w\" sizes=\"(max-width: 1024px) 100vw, 1024px\" \/><\/a><a href=\"https:\/\/blogsaverroes.juntadeandalucia.es\/iescastillodetempul\/files\/2021\/11\/IMG-20210618-WA0009.jpg\"><img loading=\"lazy\" decoding=\"async\" class=\"aligncenter size-medium wp-image-5790\" src=\"https:\/\/blogsaverroes.juntadeandalucia.es\/iescastillodetempul\/files\/2021\/11\/IMG-20210618-WA0009-1024x1024.jpg\" alt=\"\" width=\"1024\" height=\"1024\" srcset=\"https:\/\/blogsaverroes.juntadeandalucia.es\/iescastillodetempul\/files\/2021\/11\/IMG-20210618-WA0009-1024x1024.jpg 1024w, https:\/\/blogsaverroes.juntadeandalucia.es\/iescastillodetempul\/files\/2021\/11\/IMG-20210618-WA0009-300x300.jpg 300w, https:\/\/blogsaverroes.juntadeandalucia.es\/iescastillodetempul\/files\/2021\/11\/IMG-20210618-WA0009-768x768.jpg 768w, https:\/\/blogsaverroes.juntadeandalucia.es\/iescastillodetempul\/files\/2021\/11\/IMG-20210618-WA0009-1536x1536.jpg 1536w, https:\/\/blogsaverroes.juntadeandalucia.es\/iescastillodetempul\/files\/2021\/11\/IMG-20210618-WA0009-432x432.jpg 432w, https:\/\/blogsaverroes.juntadeandalucia.es\/iescastillodetempul\/files\/2021\/11\/IMG-20210618-WA0009-268x268.jpg 268w, https:\/\/blogsaverroes.juntadeandalucia.es\/iescastillodetempul\/files\/2021\/11\/IMG-20210618-WA0009-700x700.jpg 700w, https:\/\/blogsaverroes.juntadeandalucia.es\/iescastillodetempul\/files\/2021\/11\/IMG-20210618-WA0009.jpg 1544w\" sizes=\"(max-width: 1024px) 100vw, 1024px\" \/><\/a> <a href=\"https:\/\/blogsaverroes.juntadeandalucia.es\/iescastillodetempul\/files\/2021\/11\/IMG-20210618-WA0010.jpg\"><img loading=\"lazy\" decoding=\"async\" class=\"aligncenter size-medium wp-image-5789\" src=\"https:\/\/blogsaverroes.juntadeandalucia.es\/iescastillodetempul\/files\/2021\/11\/IMG-20210618-WA0010-768x1024.jpg\" alt=\"\" width=\"768\" height=\"1024\" srcset=\"https:\/\/blogsaverroes.juntadeandalucia.es\/iescastillodetempul\/files\/2021\/11\/IMG-20210618-WA0010-768x1024.jpg 768w, https:\/\/blogsaverroes.juntadeandalucia.es\/iescastillodetempul\/files\/2021\/11\/IMG-20210618-WA0010-1152x1536.jpg 1152w, https:\/\/blogsaverroes.juntadeandalucia.es\/iescastillodetempul\/files\/2021\/11\/IMG-20210618-WA0010-700x933.jpg 700w, https:\/\/blogsaverroes.juntadeandalucia.es\/iescastillodetempul\/files\/2021\/11\/IMG-20210618-WA0010.jpg 1200w\" sizes=\"(max-width: 768px) 100vw, 768px\" \/><\/a><\/p>\n<p><a href=\"https:\/\/blogsaverroes.juntadeandalucia.es\/iescastillodetempul\/files\/2021\/11\/radiocuervo2.jpg\"><img loading=\"lazy\" decoding=\"async\" class=\"aligncenter size-medium wp-image-5784\" src=\"https:\/\/blogsaverroes.juntadeandalucia.es\/iescastillodetempul\/files\/2021\/11\/radiocuervo2-724x1024.jpg\" alt=\"\" width=\"724\" height=\"1024\" srcset=\"https:\/\/blogsaverroes.juntadeandalucia.es\/iescastillodetempul\/files\/2021\/11\/radiocuervo2-724x1024.jpg 724w, https:\/\/blogsaverroes.juntadeandalucia.es\/iescastillodetempul\/files\/2021\/11\/radiocuervo2-768x1087.jpg 768w, https:\/\/blogsaverroes.juntadeandalucia.es\/iescastillodetempul\/files\/2021\/11\/radiocuervo2-1085x1536.jpg 1085w, https:\/\/blogsaverroes.juntadeandalucia.es\/iescastillodetempul\/files\/2021\/11\/radiocuervo2-700x991.jpg 700w, https:\/\/blogsaverroes.juntadeandalucia.es\/iescastillodetempul\/files\/2021\/11\/radiocuervo2.jpg 1130w\" sizes=\"(max-width: 724px) 100vw, 724px\" \/><\/a> <a href=\"https:\/\/blogsaverroes.juntadeandalucia.es\/iescastillodetempul\/files\/2021\/11\/radiocuervo.jpg\"><img loading=\"lazy\" decoding=\"async\" class=\"aligncenter size-medium wp-image-5785\" src=\"https:\/\/blogsaverroes.juntadeandalucia.es\/iescastillodetempul\/files\/2021\/11\/radiocuervo.jpg\" alt=\"\" width=\"249\" height=\"249\">Pon ritmo a tu vida y ll\u00e9vanos contigo a todas partes. Siguenos en nuestros canales de ivoox, donde nos podr\u00e1s escuchar a cualquier hora y en cualquier lugar. Sintoniza Radio Cuervo en la 107.2 fm o escuch\u00e1ndonos por internet.<\/a><\/p>\n<p>https:\/\/www.ivoox.com\/podcast-servicios-informativos-locales_sq_f1962074_1.html<\/p>\n<p>&nbsp;<\/p>\n","protected":false},"excerpt":{"rendered":"<p>RADIO CUERVO Participaci\u00f3n del IES Castillo de Tempul en el programa \u00abLiteratura con nombre de Mujer\u00bb de Radio Cuervo. Pon ritmo a tu vida y ll\u00e9vanos contigo a todas partes. Siguenos en nuestros canales&#46;&#46;&#46;<\/p>\n","protected":false},"author":4130,"featured_media":0,"parent":0,"menu_order":0,"comment_status":"closed","ping_status":"closed","template":"","meta":{"ngg_post_thumbnail":0,"footnotes":"","_mc_calendar":[]},"aioseo_notices":[],"_links":{"self":[{"href":"https:\/\/blogsaverroes.juntadeandalucia.es\/iescastillodetempul\/wp-json\/wp\/v2\/pages\/5797"}],"collection":[{"href":"https:\/\/blogsaverroes.juntadeandalucia.es\/iescastillodetempul\/wp-json\/wp\/v2\/pages"}],"about":[{"href":"https:\/\/blogsaverroes.juntadeandalucia.es\/iescastillodetempul\/wp-json\/wp\/v2\/types\/page"}],"author":[{"embeddable":true,"href":"https:\/\/blogsaverroes.juntadeandalucia.es\/iescastillodetempul\/wp-json\/wp\/v2\/users\/4130"}],"replies":[{"embeddable":true,"href":"https:\/\/blogsaverroes.juntadeandalucia.es\/iescastillodetempul\/wp-json\/wp\/v2\/comments?post=5797"}],"version-history":[{"count":1,"href":"https:\/\/blogsaverroes.juntadeandalucia.es\/iescastillodetempul\/wp-json\/wp\/v2\/pages\/5797\/revisions"}],"predecessor-version":[{"id":5799,"href":"https:\/\/blogsaverroes.juntadeandalucia.es\/iescastillodetempul\/wp-json\/wp\/v2\/pages\/5797\/revisions\/5799"}],"wp:attachment":[{"href":"https:\/\/blogsaverroes.juntadeandalucia.es\/iescastillodetempul\/wp-json\/wp\/v2\/media?parent=5797"}],"curies":[{"name":"wp","href":"https:\/\/api.w.org\/{rel}","templated":true}]}}