{"id":5907,"date":"2022-01-22T01:37:05","date_gmt":"2022-01-22T01:37:05","guid":{"rendered":"https:\/\/blogsaverroes.juntadeandalucia.es\/iescastillodetempul\/?page_id=5907"},"modified":"2022-01-22T02:47:06","modified_gmt":"2022-01-22T02:47:06","slug":"dia-contra-la-violencia-de-genero-2021","status":"publish","type":"page","link":"https:\/\/blogsaverroes.juntadeandalucia.es\/iescastillodetempul\/dia-contra-la-violencia-de-genero-2021\/","title":{"rendered":"D\u00eda contra la Violencia de g\u00e9nero 2021"},"content":{"rendered":"<header class=\"entry-header\">\n<h1 class=\"entry-title\">&nbsp;<\/h1>\n<\/header>\n<div class=\"entry-content\"><strong><a href=\"https:\/\/blogsaverroes.juntadeandalucia.es\/iescastillodetempul\/files\/2021\/11\/Stop-violencia-de-g\u00e9nero-2.jpg\"><img loading=\"lazy\" decoding=\"async\" class=\"aligncenter size-medium wp-image-5801\" src=\"https:\/\/blogsaverroes.juntadeandalucia.es\/iescastillodetempul\/files\/2021\/11\/Stop-violencia-de-g\u00e9nero-2-1024x1024.jpg\" alt=\"\" width=\"1024\" height=\"1024\" srcset=\"https:\/\/blogsaverroes.juntadeandalucia.es\/iescastillodetempul\/files\/2021\/11\/Stop-violencia-de-g\u00e9nero-2-1024x1024.jpg 1024w, https:\/\/blogsaverroes.juntadeandalucia.es\/iescastillodetempul\/files\/2021\/11\/Stop-violencia-de-g\u00e9nero-2-300x300.jpg 300w, https:\/\/blogsaverroes.juntadeandalucia.es\/iescastillodetempul\/files\/2021\/11\/Stop-violencia-de-g\u00e9nero-2-768x768.jpg 768w, https:\/\/blogsaverroes.juntadeandalucia.es\/iescastillodetempul\/files\/2021\/11\/Stop-violencia-de-g\u00e9nero-2-432x432.jpg 432w, https:\/\/blogsaverroes.juntadeandalucia.es\/iescastillodetempul\/files\/2021\/11\/Stop-violencia-de-g\u00e9nero-2-268x268.jpg 268w, https:\/\/blogsaverroes.juntadeandalucia.es\/iescastillodetempul\/files\/2021\/11\/Stop-violencia-de-g\u00e9nero-2-700x700.jpg 700w, https:\/\/blogsaverroes.juntadeandalucia.es\/iescastillodetempul\/files\/2021\/11\/Stop-violencia-de-g\u00e9nero-2.jpg 1500w\" sizes=\"(max-width: 1024px) 100vw, 1024px\" \/><\/a><br \/>\nD\u00eda Internacional de la Eliminaci\u00f3n de la Violencia contra la Mujer<br \/>\n25 de noviembre<\/strong><strong>\u00bfPor qu\u00e9 este D\u00eda internacional?<\/strong><br \/>\nDebido a que:-La violencia contra la mujer es una violaci\u00f3n de los derechos humanos<br \/>\nLa violencia contra la mujer es consecuencia de la discriminaci\u00f3n que sufre, tanto en leyes como en la pr\u00e1ctica, y la persistencia de desigualdades por raz\u00f3n de g\u00e9nero<br \/>\n-La violencia contra la mujer afecta e impide el avance en muchas \u00e1reas, incluidas la erradicaci\u00f3n de la pobreza, la lucha contra el VIH\/SIDA y la paz y la seguridad<br \/>\n-La violencia contra las mujeres y las ni\u00f1as se puede evitar. La prevenci\u00f3n es posible y esencial<br \/>\n-La violencia contra la mujer sigue siendo una pandemia global. Hasta un 70% de las mujeres sufren violencia en su vida.<\/p>\n<header class=\"entry-header\">\n<h1 class=\"entry-title\">\u00a1NO ES NO!<\/h1>\nngg_shortcode_0_placeholder<\/header>\n<div class=\"entry-content\">&nbsp;<\/div>\n<\/div>\n","protected":false},"excerpt":{"rendered":"<p>&nbsp; D\u00eda Internacional de la Eliminaci\u00f3n de la Violencia contra la Mujer 25 de noviembre\u00bfPor qu\u00e9 este D\u00eda internacional? Debido a que:-La violencia contra la mujer es una violaci\u00f3n de los derechos humanos La&#46;&#46;&#46;<\/p>\n","protected":false},"author":4130,"featured_media":0,"parent":0,"menu_order":0,"comment_status":"closed","ping_status":"closed","template":"","meta":{"ngg_post_thumbnail":0,"footnotes":"","_mc_calendar":[]},"aioseo_notices":[],"_links":{"self":[{"href":"https:\/\/blogsaverroes.juntadeandalucia.es\/iescastillodetempul\/wp-json\/wp\/v2\/pages\/5907"}],"collection":[{"href":"https:\/\/blogsaverroes.juntadeandalucia.es\/iescastillodetempul\/wp-json\/wp\/v2\/pages"}],"about":[{"href":"https:\/\/blogsaverroes.juntadeandalucia.es\/iescastillodetempul\/wp-json\/wp\/v2\/types\/page"}],"author":[{"embeddable":true,"href":"https:\/\/blogsaverroes.juntadeandalucia.es\/iescastillodetempul\/wp-json\/wp\/v2\/users\/4130"}],"replies":[{"embeddable":true,"href":"https:\/\/blogsaverroes.juntadeandalucia.es\/iescastillodetempul\/wp-json\/wp\/v2\/comments?post=5907"}],"version-history":[{"count":5,"href":"https:\/\/blogsaverroes.juntadeandalucia.es\/iescastillodetempul\/wp-json\/wp\/v2\/pages\/5907\/revisions"}],"predecessor-version":[{"id":5930,"href":"https:\/\/blogsaverroes.juntadeandalucia.es\/iescastillodetempul\/wp-json\/wp\/v2\/pages\/5907\/revisions\/5930"}],"wp:attachment":[{"href":"https:\/\/blogsaverroes.juntadeandalucia.es\/iescastillodetempul\/wp-json\/wp\/v2\/media?parent=5907"}],"curies":[{"name":"wp","href":"https:\/\/api.w.org\/{rel}","templated":true}]}}