{"id":3665,"date":"2020-11-02T09:37:54","date_gmt":"2020-11-02T09:37:54","guid":{"rendered":"https:\/\/blogsaverroes.juntadeandalucia.es\/ieschristinepicasso2\/?page_id=3665"},"modified":"2020-12-02T15:15:08","modified_gmt":"2020-12-02T15:15:08","slug":"proceso-de-tde","status":"publish","type":"page","link":"https:\/\/blogsaverroes.juntadeandalucia.es\/ieschristinepicasso\/proceso-de-tde\/","title":{"rendered":"Proceso de TDE"},"content":{"rendered":"<div class=\"osc-res-tab tabbable   osc-tabs-left\"><div style=\"clear:both;width: 100%;\"><ul class=\"nav osc-res-nav nav-tabs osc-tabs-left-ul\" id=\"oscitas-restabs-1-proceso-de-tde-63206\"><li class=\"active\"><a href=\"#ert_pane1-0\" data-toggle=\"tab\">TDE<\/a><\/li><li class=\"\"><a href=\"#ert_pane1-1\" data-toggle=\"tab\">Presentaci\u00f3n<\/a><\/li><li class=\"\"><a href=\"#ert_pane1-2\" data-toggle=\"tab\">R\u00fabrica TDE<\/a><\/li><li class=\"\"><a href=\"#ert_pane1-3\" data-toggle=\"tab\">Plan de Actuaci\u00f3n Digital<\/a><\/li><\/ul><\/div><div style=\"clear:both;width: 100%;\"><ul class=\"tab-content\" id=\"oscitas-restabcontent-1-proceso-de-tde-63206\"><li class=\"tab-pane active\" id=\"ert_pane1-0\"><\/p>\n<h4 style=\"text-align: center\"><strong>Transformaci\u00f3n Digital Educativa (TDE):<\/strong><\/h4>\n<p style=\"text-align: justify\">&nbsp; &nbsp; Incluye el conjunto de actuaciones orientadas a la mejora y modernizaci\u00f3n de los procesos, los procedimientos, los h\u00e1bitos y comportamientos de las organizaciones educativas y de las personas que, haciendo uso de las tecnolog\u00edas digitales, mejoren su capacidad de hacer frente a los retos de la sociedad actual. Todo ello redundar\u00e1 en la mejora de un&nbsp;<em>aprendizaje competencial<\/em>, en la&nbsp;<em>mejora de la experiencia<\/em>, de los&nbsp;<em>resultados de aprendizaje y en un refuerzo de la equidad<\/em>, a cuyo servicio se supedita dicha transformaci\u00f3n, encuadrada dentro de los&nbsp;<strong>Marcos de Referencia Europeos<\/strong>&nbsp;relativos a la<strong>&nbsp;competencia digital<\/strong>&nbsp;(<em>DigCompOrg, DigCompEdu y DigComp<\/em>). Esta transformaci\u00f3n digital engloba tres \u00e1mbitos de actuaci\u00f3n, el de&nbsp;<strong>organizaci\u00f3n y gesti\u00f3n de los centros docentes<\/strong>, el de los&nbsp;<strong>procesos de ense\u00f1anza-aprendizaje<\/strong>, y el de la<strong>&nbsp;informaci\u00f3n y comunicaci\u00f3n<\/strong>, tanto interna como externa.<\/p>\n<p style=\"text-align: justify\">&nbsp; &nbsp; La TDE se pone en marcha en el curso 2020\/21 con car\u00e1cter universal,&nbsp;<strong>en todos los centros docentes que impartan ense\u00f1anzas no universitarias<\/strong>. El Programa para la Innovaci\u00f3n P1 del \u00e1mbito digital (PRODIG) concluye por tanto en el curso 2019\/20.<br \/>\nAsimismo, la convocatoria de Proyectos de centros TIC y el Plan Escuela TIC 2.0, quedan englobados en el proceso de&nbsp;<strong>transformaci\u00f3n digital educativa<\/strong>. Los elementos de participaci\u00f3n existentes en el sistema de informaci\u00f3n S\u00e9neca (coordinaci\u00f3n, participantes,<br \/>\nmemorias, certificaci\u00f3n) de estas tres actuaciones se agrupar\u00e1n bajo el&nbsp;<strong>ep\u00edgrafe TDE<\/strong>.<\/p>\n<p style=\"text-align: center\"><a href=\"https:\/\/blogsaverroes.juntadeandalucia.es\/ieschristinepicasso2\/files\/2020\/11\/200728_instrucciones_tde_20_21.pdf\" target=\"_blank\" rel=\"noopener noreferrer\">INSTRUCCIONES DEL 31 DE JULIO SOBRE MEDIDAS DE TDE<\/a><\/p>\n<p><em>La instrucci\u00f3n de 31 de Julio, de la Direcci\u00f3n General de Formaci\u00f3n del Profesorado e Innovaci\u00f3n Educativa, sobre medidas de Transformaci\u00f3n Digital Educativa en los centros docentes p\u00fablicos para el curso 2020\/21 regula dicho proceso de transformaci\u00f3n.<\/em><\/p>\n<p><a href=\"http:\/\/youtube%20https:\/\/www.youtube.com\/watch?v=ij2RFtZeTUs\">http:\/\/youtube%20https:\/\/www.youtube.com\/watch?v=ij2RFtZeTUs<\/a><\/p>\n<p style=\"text-align: center\"><a href=\"https:\/\/www.juntadeandalucia.es\/educacion\/portals\/web\/transformacion-digital-educativa\/inicio\">Enlace al portal TDE<\/a><\/p>\n<p style=\"text-align: center\"><\/li><li class=\"tab-pane \" id=\"ert_pane1-1\"><\/p>\n<p><iframe loading=\"lazy\" title=\"Transformaci\u00f3n Digital Educativa #TDE Andaluc\u00eda\" width=\"500\" height=\"281\" src=\"https:\/\/www.youtube.com\/embed\/IsOtsNoObAk?feature=oembed&#038;wmode=opaque\" frameborder=\"0\" allow=\"accelerometer; autoplay; clipboard-write; encrypted-media; gyroscope; picture-in-picture\" allowfullscreen><\/iframe><\/p>\n<h4 style=\"text-align: center\"><a href=\"https:\/\/www.juntadeandalucia.es\/educacion\/portals\/web\/transformacion-digital-educativa\/contenidos\/-\/contenidos\/detalle\/tde_portada_presentacion\">Enlace al Portal TDE<\/a><\/h4>\n<p style=\"text-align: center\"><\/li><li class=\"tab-pane \" id=\"ert_pane1-2\"><\/p>\n<h4 style=\"text-align: center\">\u00bfQu\u00e9 es la R\u00fabrica TDE?<\/h4>\n<p><iframe loading=\"lazy\" title=\"R\u00fabrica #TDE\" width=\"500\" height=\"281\" src=\"https:\/\/www.youtube.com\/embed\/ySBSZG6HNTc?feature=oembed&#038;wmode=opaque\" frameborder=\"0\" allow=\"accelerometer; autoplay; clipboard-write; encrypted-media; gyroscope; picture-in-picture\" allowfullscreen><\/iframe><\/p>\n<p style=\"text-align: center\"><\/li><li class=\"tab-pane \" id=\"ert_pane1-3\"><\/p>\n<h4 style=\"text-align: center\">\u00bfQu\u00e9 es el Plan de Actuaci\u00f3n Digital?<\/h4>\n<p style=\"text-align: center\">[youtube https:\/\/www.youtube.com\/watch?v=fJFRHAETfO0]<\/p>\n<p style=\"text-align: center\"><\/li><\/ul><\/div><\/div>\n<p>&nbsp;<\/p>\n","protected":false},"excerpt":{"rendered":"<p>&nbsp;<\/p>\n","protected":false},"author":2271,"featured_media":0,"parent":0,"menu_order":0,"comment_status":"closed","ping_status":"closed","template":"","meta":{"ngg_post_thumbnail":0,"footnotes":"","_mc_calendar":[]},"aioseo_notices":[],"_links":{"self":[{"href":"https:\/\/blogsaverroes.juntadeandalucia.es\/ieschristinepicasso\/wp-json\/wp\/v2\/pages\/3665"}],"collection":[{"href":"https:\/\/blogsaverroes.juntadeandalucia.es\/ieschristinepicasso\/wp-json\/wp\/v2\/pages"}],"about":[{"href":"https:\/\/blogsaverroes.juntadeandalucia.es\/ieschristinepicasso\/wp-json\/wp\/v2\/types\/page"}],"author":[{"embeddable":true,"href":"https:\/\/blogsaverroes.juntadeandalucia.es\/ieschristinepicasso\/wp-json\/wp\/v2\/users\/2271"}],"replies":[{"embeddable":true,"href":"https:\/\/blogsaverroes.juntadeandalucia.es\/ieschristinepicasso\/wp-json\/wp\/v2\/comments?post=3665"}],"version-history":[{"count":12,"href":"https:\/\/blogsaverroes.juntadeandalucia.es\/ieschristinepicasso\/wp-json\/wp\/v2\/pages\/3665\/revisions"}],"predecessor-version":[{"id":3774,"href":"https:\/\/blogsaverroes.juntadeandalucia.es\/ieschristinepicasso\/wp-json\/wp\/v2\/pages\/3665\/revisions\/3774"}],"wp:attachment":[{"href":"https:\/\/blogsaverroes.juntadeandalucia.es\/ieschristinepicasso\/wp-json\/wp\/v2\/media?parent=3665"}],"curies":[{"name":"wp","href":"https:\/\/api.w.org\/{rel}","templated":true}]}}