{"id":2429,"date":"2015-11-24T10:09:51","date_gmt":"2015-11-24T10:09:51","guid":{"rendered":"http:\/\/blogsaverroes.juntadeandalucia.es\/ieschristinepicasso\/?page_id=2429"},"modified":"2015-11-26T20:37:16","modified_gmt":"2015-11-26T20:37:16","slug":"galeria-exposicion-malaga-a-traves-del-tiempo-25-11-2015","status":"publish","type":"page","link":"https:\/\/blogsaverroes.juntadeandalucia.es\/ieschristinepicasso2\/galeria-exposicion-malaga-a-traves-del-tiempo-25-11-2015\/","title":{"rendered":"Galer\u00eda Exposici\u00f3n M\u00c1LAGA A TRAV\u00c9S DEL TIEMPO 25-11-2015"},"content":{"rendered":"\n\t\t<style>\n\t\t\t#gallery-1 {\n\t\t\t\tmargin: auto;\n\t\t\t}\n\t\t\t#gallery-1 .gallery-item {\n\t\t\t\tfloat: left;\n\t\t\t\tmargin-top: 10px;\n\t\t\t\ttext-align: center;\n\t\t\t\twidth: 33%;\n\t\t\t}\n\t\t\t#gallery-1 img {\n\t\t\t\tborder: 2px solid #cfcfcf;\n\t\t\t}\n\t\t\t#gallery-1 .gallery-caption {\n\t\t\t\tmargin-left: 0;\n\t\t\t}\n\t\t\t\/* see gallery_shortcode() in wp-includes\/media.php *\/\n\t\t<\/style>\n\t\t<div id='gallery-1' class='gallery galleryid-2429 gallery-columns-3 gallery-size-thumbnail'><dl class='gallery-item'>\n\t\t\t<dt class='gallery-icon portrait'>\n\t\t\t\t<a href='https:\/\/blogsaverroes.juntadeandalucia.es\/ieschristinepicasso2\/?attachment_id=2411'><img loading=\"lazy\" decoding=\"async\" width=\"150\" height=\"150\" src=\"https:\/\/blogsaverroes.juntadeandalucia.es\/ieschristinepicasso2\/files\/2015\/11\/MALAGA-A-TRAVES-DEL-TIEMPO-150x150.jpg\" class=\"attachment-thumbnail size-thumbnail\" alt=\"\" srcset=\"https:\/\/blogsaverroes.juntadeandalucia.es\/ieschristinepicasso2\/files\/2015\/11\/MALAGA-A-TRAVES-DEL-TIEMPO-150x150.jpg 150w, https:\/\/blogsaverroes.juntadeandalucia.es\/ieschristinepicasso2\/files\/2015\/11\/MALAGA-A-TRAVES-DEL-TIEMPO-100x100.jpg 100w, https:\/\/blogsaverroes.juntadeandalucia.es\/ieschristinepicasso2\/files\/2015\/11\/MALAGA-A-TRAVES-DEL-TIEMPO-50x50.jpg 50w, https:\/\/blogsaverroes.juntadeandalucia.es\/ieschristinepicasso2\/files\/2015\/11\/MALAGA-A-TRAVES-DEL-TIEMPO-393x480.jpg 480w\" sizes=\"(max-width: 150px) 100vw, 150px\" \/><\/a>\n\t\t\t<\/dt><\/dl><dl class='gallery-item'>\n\t\t\t<dt class='gallery-icon landscape'>\n\t\t\t\t<a href='https:\/\/blogsaverroes.juntadeandalucia.es\/ieschristinepicasso2\/galeria-exposicion-malaga-a-traves-del-tiempo-25-11-2015\/sony-dsc-5\/'><img loading=\"lazy\" decoding=\"async\" width=\"150\" height=\"150\" src=\"https:\/\/blogsaverroes.juntadeandalucia.es\/ieschristinepicasso2\/files\/2015\/11\/DSC03866-150x150.jpg\" class=\"attachment-thumbnail size-thumbnail\" alt=\"\" aria-describedby=\"gallery-1-2500\" srcset=\"https:\/\/blogsaverroes.juntadeandalucia.es\/ieschristinepicasso2\/files\/2015\/11\/DSC03866-150x150.jpg 150w, https:\/\/blogsaverroes.juntadeandalucia.es\/ieschristinepicasso2\/files\/2015\/11\/DSC03866-100x100.jpg 100w, https:\/\/blogsaverroes.juntadeandalucia.es\/ieschristinepicasso2\/files\/2015\/11\/DSC03866-50x50.jpg 50w\" sizes=\"(max-width: 150px) 100vw, 150px\" \/><\/a>\n\t\t\t<\/dt>\n\t\t\t\t<dd class='wp-caption-text gallery-caption' id='gallery-1-2500'>\n\t\t\t\tSONY DSC\n\t\t\t\t<\/dd><\/dl><dl class='gallery-item'>\n\t\t\t<dt class='gallery-icon landscape'>\n\t\t\t\t<a href='https:\/\/blogsaverroes.juntadeandalucia.es\/ieschristinepicasso2\/galeria-exposicion-malaga-a-traves-del-tiempo-25-11-2015\/sony-dsc-3\/'><img loading=\"lazy\" decoding=\"async\" width=\"150\" height=\"150\" src=\"https:\/\/blogsaverroes.juntadeandalucia.es\/ieschristinepicasso2\/files\/2015\/11\/DSC03858-150x150.jpg\" class=\"attachment-thumbnail size-thumbnail\" alt=\"\" aria-describedby=\"gallery-1-2498\" srcset=\"https:\/\/blogsaverroes.juntadeandalucia.es\/ieschristinepicasso2\/files\/2015\/11\/DSC03858-150x150.jpg 150w, https:\/\/blogsaverroes.juntadeandalucia.es\/ieschristinepicasso2\/files\/2015\/11\/DSC03858-100x100.jpg 100w, https:\/\/blogsaverroes.juntadeandalucia.es\/ieschristinepicasso2\/files\/2015\/11\/DSC03858-50x50.jpg 50w\" sizes=\"(max-width: 150px) 100vw, 150px\" \/><\/a>\n\t\t\t<\/dt>\n\t\t\t\t<dd class='wp-caption-text gallery-caption' id='gallery-1-2498'>\n\t\t\t\tSONY DSC\n\t\t\t\t<\/dd><\/dl><br style=\"clear: both\" \/><dl class='gallery-item'>\n\t\t\t<dt class='gallery-icon landscape'>\n\t\t\t\t<a href='https:\/\/blogsaverroes.juntadeandalucia.es\/ieschristinepicasso2\/galeria-exposicion-malaga-a-traves-del-tiempo-25-11-2015\/sony-dsc-8\/'><img loading=\"lazy\" decoding=\"async\" width=\"150\" height=\"150\" src=\"https:\/\/blogsaverroes.juntadeandalucia.es\/ieschristinepicasso2\/files\/2015\/11\/DSC03875-150x150.jpg\" class=\"attachment-thumbnail size-thumbnail\" alt=\"\" aria-describedby=\"gallery-1-2503\" srcset=\"https:\/\/blogsaverroes.juntadeandalucia.es\/ieschristinepicasso2\/files\/2015\/11\/DSC03875-150x150.jpg 150w, https:\/\/blogsaverroes.juntadeandalucia.es\/ieschristinepicasso2\/files\/2015\/11\/DSC03875-100x100.jpg 100w, https:\/\/blogsaverroes.juntadeandalucia.es\/ieschristinepicasso2\/files\/2015\/11\/DSC03875-50x50.jpg 50w\" sizes=\"(max-width: 150px) 100vw, 150px\" \/><\/a>\n\t\t\t<\/dt>\n\t\t\t\t<dd class='wp-caption-text gallery-caption' id='gallery-1-2503'>\n\t\t\t\tSONY DSC\n\t\t\t\t<\/dd><\/dl><dl class='gallery-item'>\n\t\t\t<dt class='gallery-icon landscape'>\n\t\t\t\t<a href='https:\/\/blogsaverroes.juntadeandalucia.es\/ieschristinepicasso2\/galeria-exposicion-malaga-a-traves-del-tiempo-25-11-2015\/sony-dsc-7\/'><img loading=\"lazy\" decoding=\"async\" width=\"150\" height=\"150\" src=\"https:\/\/blogsaverroes.juntadeandalucia.es\/ieschristinepicasso2\/files\/2015\/11\/DSC03873-150x150.jpg\" class=\"attachment-thumbnail size-thumbnail\" alt=\"\" aria-describedby=\"gallery-1-2502\" srcset=\"https:\/\/blogsaverroes.juntadeandalucia.es\/ieschristinepicasso2\/files\/2015\/11\/DSC03873-150x150.jpg 150w, https:\/\/blogsaverroes.juntadeandalucia.es\/ieschristinepicasso2\/files\/2015\/11\/DSC03873-100x100.jpg 100w, https:\/\/blogsaverroes.juntadeandalucia.es\/ieschristinepicasso2\/files\/2015\/11\/DSC03873-50x50.jpg 50w\" sizes=\"(max-width: 150px) 100vw, 150px\" \/><\/a>\n\t\t\t<\/dt>\n\t\t\t\t<dd class='wp-caption-text gallery-caption' id='gallery-1-2502'>\n\t\t\t\tSONY DSC\n\t\t\t\t<\/dd><\/dl><dl class='gallery-item'>\n\t\t\t<dt class='gallery-icon landscape'>\n\t\t\t\t<a href='https:\/\/blogsaverroes.juntadeandalucia.es\/ieschristinepicasso2\/galeria-exposicion-malaga-a-traves-del-tiempo-25-11-2015\/sony-dsc-14\/'><img loading=\"lazy\" decoding=\"async\" width=\"150\" height=\"150\" src=\"https:\/\/blogsaverroes.juntadeandalucia.es\/ieschristinepicasso2\/files\/2015\/11\/DSC03872-150x150.jpg\" class=\"attachment-thumbnail size-thumbnail\" alt=\"\" aria-describedby=\"gallery-1-2510\" srcset=\"https:\/\/blogsaverroes.juntadeandalucia.es\/ieschristinepicasso2\/files\/2015\/11\/DSC03872-150x150.jpg 150w, https:\/\/blogsaverroes.juntadeandalucia.es\/ieschristinepicasso2\/files\/2015\/11\/DSC03872-100x100.jpg 100w, https:\/\/blogsaverroes.juntadeandalucia.es\/ieschristinepicasso2\/files\/2015\/11\/DSC03872-50x50.jpg 50w\" sizes=\"(max-width: 150px) 100vw, 150px\" \/><\/a>\n\t\t\t<\/dt>\n\t\t\t\t<dd class='wp-caption-text gallery-caption' id='gallery-1-2510'>\n\t\t\t\tSONY DSC\n\t\t\t\t<\/dd><\/dl><br style=\"clear: both\" \/><dl class='gallery-item'>\n\t\t\t<dt class='gallery-icon landscape'>\n\t\t\t\t<a href='https:\/\/blogsaverroes.juntadeandalucia.es\/ieschristinepicasso2\/galeria-exposicion-malaga-a-traves-del-tiempo-25-11-2015\/sony-dsc-13\/'><img loading=\"lazy\" decoding=\"async\" width=\"150\" height=\"150\" src=\"https:\/\/blogsaverroes.juntadeandalucia.es\/ieschristinepicasso2\/files\/2015\/11\/DSC03893-150x150.jpg\" class=\"attachment-thumbnail size-thumbnail\" alt=\"\" aria-describedby=\"gallery-1-2508\" srcset=\"https:\/\/blogsaverroes.juntadeandalucia.es\/ieschristinepicasso2\/files\/2015\/11\/DSC03893-150x150.jpg 150w, https:\/\/blogsaverroes.juntadeandalucia.es\/ieschristinepicasso2\/files\/2015\/11\/DSC03893-100x100.jpg 100w, https:\/\/blogsaverroes.juntadeandalucia.es\/ieschristinepicasso2\/files\/2015\/11\/DSC03893-50x50.jpg 50w\" sizes=\"(max-width: 150px) 100vw, 150px\" \/><\/a>\n\t\t\t<\/dt>\n\t\t\t\t<dd class='wp-caption-text gallery-caption' id='gallery-1-2508'>\n\t\t\t\tSONY DSC\n\t\t\t\t<\/dd><\/dl><dl class='gallery-item'>\n\t\t\t<dt class='gallery-icon landscape'>\n\t\t\t\t<a href='https:\/\/blogsaverroes.juntadeandalucia.es\/ieschristinepicasso2\/galeria-exposicion-malaga-a-traves-del-tiempo-25-11-2015\/sony-dsc-2\/'><img loading=\"lazy\" decoding=\"async\" width=\"150\" height=\"150\" src=\"https:\/\/blogsaverroes.juntadeandalucia.es\/ieschristinepicasso2\/files\/2015\/11\/DSC03857-150x150.jpg\" class=\"attachment-thumbnail size-thumbnail\" alt=\"\" aria-describedby=\"gallery-1-2497\" srcset=\"https:\/\/blogsaverroes.juntadeandalucia.es\/ieschristinepicasso2\/files\/2015\/11\/DSC03857-150x150.jpg 150w, https:\/\/blogsaverroes.juntadeandalucia.es\/ieschristinepicasso2\/files\/2015\/11\/DSC03857-100x100.jpg 100w, https:\/\/blogsaverroes.juntadeandalucia.es\/ieschristinepicasso2\/files\/2015\/11\/DSC03857-50x50.jpg 50w\" sizes=\"(max-width: 150px) 100vw, 150px\" \/><\/a>\n\t\t\t<\/dt>\n\t\t\t\t<dd class='wp-caption-text gallery-caption' id='gallery-1-2497'>\n\t\t\t\tSONY DSC\n\t\t\t\t<\/dd><\/dl><dl class='gallery-item'>\n\t\t\t<dt class='gallery-icon landscape'>\n\t\t\t\t<a href='https:\/\/blogsaverroes.juntadeandalucia.es\/ieschristinepicasso2\/galeria-exposicion-malaga-a-traves-del-tiempo-25-11-2015\/sony-dsc-4\/'><img loading=\"lazy\" decoding=\"async\" width=\"150\" height=\"150\" src=\"https:\/\/blogsaverroes.juntadeandalucia.es\/ieschristinepicasso2\/files\/2015\/11\/DSC03859-150x150.jpg\" class=\"attachment-thumbnail size-thumbnail\" alt=\"\" aria-describedby=\"gallery-1-2499\" srcset=\"https:\/\/blogsaverroes.juntadeandalucia.es\/ieschristinepicasso2\/files\/2015\/11\/DSC03859-150x150.jpg 150w, https:\/\/blogsaverroes.juntadeandalucia.es\/ieschristinepicasso2\/files\/2015\/11\/DSC03859-100x100.jpg 100w, https:\/\/blogsaverroes.juntadeandalucia.es\/ieschristinepicasso2\/files\/2015\/11\/DSC03859-50x50.jpg 50w\" sizes=\"(max-width: 150px) 100vw, 150px\" \/><\/a>\n\t\t\t<\/dt>\n\t\t\t\t<dd class='wp-caption-text gallery-caption' id='gallery-1-2499'>\n\t\t\t\tSONY DSC\n\t\t\t\t<\/dd><\/dl><br style=\"clear: both\" \/><dl class='gallery-item'>\n\t\t\t<dt class='gallery-icon landscape'>\n\t\t\t\t<a href='https:\/\/blogsaverroes.juntadeandalucia.es\/ieschristinepicasso2\/galeria-exposicion-malaga-a-traves-del-tiempo-25-11-2015\/sony-dsc-10\/'><img loading=\"lazy\" decoding=\"async\" width=\"150\" height=\"150\" src=\"https:\/\/blogsaverroes.juntadeandalucia.es\/ieschristinepicasso2\/files\/2015\/11\/DSC03882-150x150.jpg\" class=\"attachment-thumbnail size-thumbnail\" alt=\"\" aria-describedby=\"gallery-1-2505\" srcset=\"https:\/\/blogsaverroes.juntadeandalucia.es\/ieschristinepicasso2\/files\/2015\/11\/DSC03882-150x150.jpg 150w, https:\/\/blogsaverroes.juntadeandalucia.es\/ieschristinepicasso2\/files\/2015\/11\/DSC03882-100x100.jpg 100w, https:\/\/blogsaverroes.juntadeandalucia.es\/ieschristinepicasso2\/files\/2015\/11\/DSC03882-50x50.jpg 50w\" sizes=\"(max-width: 150px) 100vw, 150px\" \/><\/a>\n\t\t\t<\/dt>\n\t\t\t\t<dd class='wp-caption-text gallery-caption' id='gallery-1-2505'>\n\t\t\t\tSONY DSC\n\t\t\t\t<\/dd><\/dl><dl class='gallery-item'>\n\t\t\t<dt class='gallery-icon landscape'>\n\t\t\t\t<a href='https:\/\/blogsaverroes.juntadeandalucia.es\/ieschristinepicasso2\/galeria-exposicion-malaga-a-traves-del-tiempo-25-11-2015\/sony-dsc-11\/'><img loading=\"lazy\" decoding=\"async\" width=\"150\" height=\"150\" src=\"https:\/\/blogsaverroes.juntadeandalucia.es\/ieschristinepicasso2\/files\/2015\/11\/DSC03884-150x150.jpg\" class=\"attachment-thumbnail size-thumbnail\" alt=\"\" aria-describedby=\"gallery-1-2506\" srcset=\"https:\/\/blogsaverroes.juntadeandalucia.es\/ieschristinepicasso2\/files\/2015\/11\/DSC03884-150x150.jpg 150w, https:\/\/blogsaverroes.juntadeandalucia.es\/ieschristinepicasso2\/files\/2015\/11\/DSC03884-100x100.jpg 100w, https:\/\/blogsaverroes.juntadeandalucia.es\/ieschristinepicasso2\/files\/2015\/11\/DSC03884-50x50.jpg 50w\" sizes=\"(max-width: 150px) 100vw, 150px\" \/><\/a>\n\t\t\t<\/dt>\n\t\t\t\t<dd class='wp-caption-text gallery-caption' id='gallery-1-2506'>\n\t\t\t\tSONY DSC\n\t\t\t\t<\/dd><\/dl><dl class='gallery-item'>\n\t\t\t<dt class='gallery-icon landscape'>\n\t\t\t\t<a href='https:\/\/blogsaverroes.juntadeandalucia.es\/ieschristinepicasso2\/galeria-exposicion-malaga-a-traves-del-tiempo-25-11-2015\/sony-dsc-12\/'><img loading=\"lazy\" decoding=\"async\" width=\"150\" height=\"150\" src=\"https:\/\/blogsaverroes.juntadeandalucia.es\/ieschristinepicasso2\/files\/2015\/11\/DSC03883-150x150.jpg\" class=\"attachment-thumbnail size-thumbnail\" alt=\"\" aria-describedby=\"gallery-1-2507\" srcset=\"https:\/\/blogsaverroes.juntadeandalucia.es\/ieschristinepicasso2\/files\/2015\/11\/DSC03883-150x150.jpg 150w, https:\/\/blogsaverroes.juntadeandalucia.es\/ieschristinepicasso2\/files\/2015\/11\/DSC03883-100x100.jpg 100w, https:\/\/blogsaverroes.juntadeandalucia.es\/ieschristinepicasso2\/files\/2015\/11\/DSC03883-50x50.jpg 50w\" sizes=\"(max-width: 150px) 100vw, 150px\" \/><\/a>\n\t\t\t<\/dt>\n\t\t\t\t<dd class='wp-caption-text gallery-caption' id='gallery-1-2507'>\n\t\t\t\tSONY DSC\n\t\t\t\t<\/dd><\/dl><br style=\"clear: both\" \/>\n\t\t<\/div>\n\n","protected":false},"excerpt":{"rendered":"","protected":false},"author":2271,"featured_media":0,"parent":0,"menu_order":0,"comment_status":"closed","ping_status":"open","template":"","meta":{"ngg_post_thumbnail":0,"footnotes":"","_mc_calendar":[]},"aioseo_notices":[],"_links":{"self":[{"href":"https:\/\/blogsaverroes.juntadeandalucia.es\/ieschristinepicasso2\/wp-json\/wp\/v2\/pages\/2429"}],"collection":[{"href":"https:\/\/blogsaverroes.juntadeandalucia.es\/ieschristinepicasso2\/wp-json\/wp\/v2\/pages"}],"about":[{"href":"https:\/\/blogsaverroes.juntadeandalucia.es\/ieschristinepicasso2\/wp-json\/wp\/v2\/types\/page"}],"author":[{"embeddable":true,"href":"https:\/\/blogsaverroes.juntadeandalucia.es\/ieschristinepicasso2\/wp-json\/wp\/v2\/users\/2271"}],"replies":[{"embeddable":true,"href":"https:\/\/blogsaverroes.juntadeandalucia.es\/ieschristinepicasso2\/wp-json\/wp\/v2\/comments?post=2429"}],"version-history":[{"count":4,"href":"https:\/\/blogsaverroes.juntadeandalucia.es\/ieschristinepicasso2\/wp-json\/wp\/v2\/pages\/2429\/revisions"}],"predecessor-version":[{"id":2511,"href":"https:\/\/blogsaverroes.juntadeandalucia.es\/ieschristinepicasso2\/wp-json\/wp\/v2\/pages\/2429\/revisions\/2511"}],"wp:attachment":[{"href":"https:\/\/blogsaverroes.juntadeandalucia.es\/ieschristinepicasso2\/wp-json\/wp\/v2\/media?parent=2429"}],"curies":[{"name":"wp","href":"https:\/\/api.w.org\/{rel}","templated":true}]}}