{"id":3502,"date":"2020-10-18T19:06:08","date_gmt":"2020-10-18T19:06:08","guid":{"rendered":"https:\/\/blogsaverroes.juntadeandalucia.es\/ieschristinepicasso2\/?page_id=3502"},"modified":"2022-11-05T20:22:00","modified_gmt":"2022-11-05T20:22:00","slug":"inicio-de-curso","status":"publish","type":"page","link":"https:\/\/blogsaverroes.juntadeandalucia.es\/ieschristinepicasso2\/inicio-de-curso\/","title":{"rendered":"Inicio de curso"},"content":{"rendered":"<h1 style=\"text-align: center\"><span style=\"color: #339966\">CARTA DE BIENVENIDA AL PRESENTE CURSO ESCOLAR (2022-2023)<\/span><\/h1>\n<p>&nbsp;<\/p>\n<p style=\"text-align: justify\">Estimadas familias:<\/p>\n<p style=\"text-align: justify\">Les informamos de que el curso escolar&nbsp;<strong>dar\u00e1 comienzo el pr\u00f3ximo jueves 15 de septiembre<\/strong>.<\/p>\n<p style=\"text-align: justify\">La&nbsp;<strong>recepci\u00f3n del alumnado<\/strong>&nbsp;ser\u00e1 seg\u00fan el siguiente horario:<\/p>\n<ul>\n<li style=\"list-style-type: none\">\n<ul>\n<li style=\"list-style-type: none\">\n<ul>\n<li style=\"list-style-type: none\">\n<ul style=\"list-style-type: circle\">\n<li style=\"text-align: justify\"><strong>10:15<\/strong>&nbsp;\u2013 Alumnado de&nbsp;<strong>1\u00ba de ESO<\/strong><\/li>\n<li style=\"text-align: justify\"><strong>12:45<\/strong>&nbsp;\u2013 Alumnado de&nbsp;<strong>2\u00ba de ESO<\/strong><\/li>\n<li style=\"text-align: justify\"><strong>13:45<\/strong>&nbsp;\u2013 Alumnado de&nbsp;<strong>3\u00ba y 4\u00ba de ESO<\/strong><\/li>\n<\/ul>\n<\/li>\n<\/ul>\n<\/li>\n<\/ul>\n<\/li>\n<\/ul>\n<p style=\"text-align: justify\">Todo el alumnado del centro&nbsp;<strong>acceder\u00e1 a trav\u00e9s de la entrada principal<\/strong>&nbsp;del mismo. El alumnado se dirigir\u00e1 a las pistas deportivas. Durante ese d\u00eda ser\u00e1n informados sobre su horario y las normas generales de funcionamiento del centro.<\/p>\n<p style=\"text-align: justify\">Para ese&nbsp;<strong>primer d\u00eda<\/strong>&nbsp;el alumnado debe traer a clase&nbsp;<strong>material de escritura y cuaderno<\/strong>. El&nbsp;<strong>horario de salida<\/strong>&nbsp;para todo el alumnado ser\u00e1 las&nbsp;<strong>14:45<\/strong>.<\/p>\n<p style=\"text-align: justify\">El d\u00eda&nbsp;<strong>16 de septiembre<\/strong>&nbsp;el alumnado comenzar\u00e1 sus clases en&nbsp;<strong>horario habitual de 8:15 a 14:45<\/strong>. Como novedad para el presente curso escolar contaremos con&nbsp;<strong>un solo recreo de 11:15 a 11:45.<\/strong><\/p>\n<p style=\"text-align: justify\">Les adjuntamos mediante enlace el&nbsp;<a title=\"Calendario Escolar 2022-2023\" href=\"https:\/\/blogsaverroes.juntadeandalucia.es\/ieschristinepicasso2\/files\/2022\/09\/Calendario-Escolar-2022-2023.pdf\" target=\"_blank\" rel=\"noopener noreferrer\"><strong>calendario escolar<\/strong><\/a>&nbsp;aprobado por la Delegaci\u00f3n Territorial.<\/p>\n<p style=\"text-align: justify\">Les deseamos un muy feliz curso escolar y aprovechamos la ocasi\u00f3n para enviarles un cordial saludo de todo el personal docente y no docente del IES Christine Picasso.<\/p>\n<p style=\"text-align: center\">&nbsp;<\/p>\n<p>&nbsp;<\/p>\n","protected":false},"excerpt":{"rendered":"<p>CARTA DE BIENVENIDA AL PRESENTE CURSO ESCOLAR (2022-2023) &nbsp; Estimadas familias: Les informamos de que el curso escolar&nbsp;dar\u00e1 comienzo el pr\u00f3ximo jueves 15 de septiembre. La&nbsp;recepci\u00f3n del alumnado&nbsp;ser\u00e1 seg\u00fan el siguiente horario: 10:15&nbsp;\u2013 Alumnado&#46;&#46;&#46;<\/p>\n","protected":false},"author":2271,"featured_media":0,"parent":0,"menu_order":0,"comment_status":"closed","ping_status":"closed","template":"","meta":{"ngg_post_thumbnail":0,"footnotes":"","_mc_calendar":[]},"aioseo_notices":[],"_links":{"self":[{"href":"https:\/\/blogsaverroes.juntadeandalucia.es\/ieschristinepicasso2\/wp-json\/wp\/v2\/pages\/3502"}],"collection":[{"href":"https:\/\/blogsaverroes.juntadeandalucia.es\/ieschristinepicasso2\/wp-json\/wp\/v2\/pages"}],"about":[{"href":"https:\/\/blogsaverroes.juntadeandalucia.es\/ieschristinepicasso2\/wp-json\/wp\/v2\/types\/page"}],"author":[{"embeddable":true,"href":"https:\/\/blogsaverroes.juntadeandalucia.es\/ieschristinepicasso2\/wp-json\/wp\/v2\/users\/2271"}],"replies":[{"embeddable":true,"href":"https:\/\/blogsaverroes.juntadeandalucia.es\/ieschristinepicasso2\/wp-json\/wp\/v2\/comments?post=3502"}],"version-history":[{"count":8,"href":"https:\/\/blogsaverroes.juntadeandalucia.es\/ieschristinepicasso2\/wp-json\/wp\/v2\/pages\/3502\/revisions"}],"predecessor-version":[{"id":4692,"href":"https:\/\/blogsaverroes.juntadeandalucia.es\/ieschristinepicasso2\/wp-json\/wp\/v2\/pages\/3502\/revisions\/4692"}],"wp:attachment":[{"href":"https:\/\/blogsaverroes.juntadeandalucia.es\/ieschristinepicasso2\/wp-json\/wp\/v2\/media?parent=3502"}],"curies":[{"name":"wp","href":"https:\/\/api.w.org\/{rel}","templated":true}]}}