{"id":2877,"date":"2022-03-11T14:31:07","date_gmt":"2022-03-11T12:31:07","guid":{"rendered":"https:\/\/blogsaverroes.juntadeandalucia.es\/iesclaracampoamor\/?page_id=2877"},"modified":"2026-02-01T21:22:47","modified_gmt":"2026-02-01T19:22:47","slug":"programa-transformacion-digital-educativa-tde","status":"publish","type":"page","link":"https:\/\/blogsaverroes.juntadeandalucia.es\/iesclaracampoamor\/planes-y-proyectos\/programa-transformacion-digital-educativa-tde\/","title":{"rendered":"Programa Transformaci\u00f3n Digital Educativa (TDE)"},"content":{"rendered":"<ul style=\"list-style-type: circle\">\n<li><a href=\"https:\/\/blogsaverroes.juntadeandalucia.es\/iesclaracampoamor\/files\/2022\/03\/logo_TDE.png\"><br \/>\n<img loading=\"lazy\" decoding=\"async\" class=\"size-medium wp-image-2878 aligncenter\" src=\"https:\/\/blogsaverroes.juntadeandalucia.es\/iesclaracampoamor\/files\/2022\/03\/logo_TDE-295x300.png\" alt=\"\" width=\"295\" height=\"300\" srcset=\"https:\/\/blogsaverroes.juntadeandalucia.es\/iesclaracampoamor\/files\/2022\/03\/logo_TDE-295x300.png 295w, https:\/\/blogsaverroes.juntadeandalucia.es\/iesclaracampoamor\/files\/2022\/03\/logo_TDE-332x337.png 332w, https:\/\/blogsaverroes.juntadeandalucia.es\/iesclaracampoamor\/files\/2022\/03\/logo_TDE.png 492w\" sizes=\"(max-width: 295px) 100vw, 295px\" \/><\/a><a href=\"https:\/\/blogsaverroes.juntadeandalucia.es\/iesclaracampoamor\/files\/2026\/02\/guia.png\"><img loading=\"lazy\" decoding=\"async\" class=\"size-medium wp-image-3617 alignleft\" src=\"https:\/\/blogsaverroes.juntadeandalucia.es\/iesclaracampoamor\/files\/2026\/02\/guia-300x161.png\" alt=\"\" width=\"300\" height=\"161\" srcset=\"https:\/\/blogsaverroes.juntadeandalucia.es\/iesclaracampoamor\/files\/2026\/02\/guia-300x161.png 300w, https:\/\/blogsaverroes.juntadeandalucia.es\/iesclaracampoamor\/files\/2026\/02\/guia-768x411.png 768w, https:\/\/blogsaverroes.juntadeandalucia.es\/iesclaracampoamor\/files\/2026\/02\/guia.png 853w\" sizes=\"(max-width: 300px) 100vw, 300px\" \/><\/a><\/li>\n<li>\n<h2><strong><a href=\"https:\/\/blogsaverroes.juntadeandalucia.es\/iesclaracampoamor\/files\/2026\/02\/Guia-uso-responsable-copia.pdf\"><span style=\"color: #00ff00\"><span style=\"color: #339966\">Gu\u00eda de uso responsable del equipamiento tecnol\u00f3gico.&nbsp;<\/span><\/span><\/a><\/strong><\/h2>\n<\/li>\n<\/ul>\n<p>&nbsp;<\/p>\n<p>&nbsp;<\/p>\n<ul>\n<li>\n<h3><span style=\"color: #339966\"><strong><a href=\"https:\/\/blogsaverroes.juntadeandalucia.es\/iesclaracampoamor\/files\/2025\/11\/plan-PAD-25-26.pdf\">Plan de actuaci\u00f3n digital 25-26<\/a><\/strong><\/span><\/h3>\n<\/li>\n<\/ul>\n<h2 style=\"text-align: center\"><span style=\"color: #339966\">Pasen<\/span><\/h2>\n<ul>\n<li><a href=\"https:\/\/www.youtube.com\/watch?v=toQjQCEWVxQ\" target=\"_blank\" rel=\"noopener noreferrer\">C\u00f3mo registrarse, recordar y cambiar la contrase\u00f1a de iPasen para <strong>padres\/madres\/tutores legales.<\/strong><\/a> <strong><span style=\"color: #ff0000\">(V\u00cdDEO)<\/span><\/strong><\/li>\n<li><a href=\"https:\/\/blogsaverroes.juntadeandalucia.es\/iesclaracampoamor\/autologin-ipasen-padres-madres-tutores-legales\/\" target=\"_blank\" rel=\"noopener noreferrer\">C\u00f3mo recuperar la contrase\u00f1a de iPasen de <strong>padres\/madres\/tutores legales<\/strong>.<\/a>&nbsp;<\/li>\n<li><a href=\"https:\/\/blogsaverroes.juntadeandalucia.es\/iesclaracampoamor\/restablecer-contrasena-ipasen-hijos\/\" target=\"_blank\" rel=\"noopener noreferrer\">C\u00f3mo recuperar la contrase\u00f1a de iPasen de <strong>hijos\/alumnos<\/strong>.<\/a>&nbsp;<\/li>\n<li><a href=\"https:\/\/blogsaverroes.juntadeandalucia.es\/iesclaracampoamor\/firma-autorizaciones-ipasen\/\" target=\"_blank\" rel=\"noopener noreferrer\">C\u00f3mo firmar una autorizaci\u00f3n en iPasen.<\/a><\/li>\n<li><a href=\"https:\/\/www.youtube.com\/watch?v=-mNn45UXx2A&amp;t=7s\" target=\"_blank\" rel=\"noopener noreferrer\">C\u00f3mo justificar o comunicar una falta de asistencia de hijos\/alumnos con iPasen.<\/a> <strong><span style=\"color: #ff0000\">(V\u00cdDEO)<\/span><\/strong><\/li>\n<\/ul>\n<h2 style=\"text-align: center\"><span style=\"color: #0000ff\">S\u00e9neca<\/span><\/h2>\n<ul>\n<li><a href=\"https:\/\/www.youtube.com\/watch?v=rDxs98cNChA\" target=\"_blank\" rel=\"noopener noreferrer\">C\u00f3mo crear una clase en Classroom directamente desde S\u00e9neca.<\/a> <strong><span style=\"color: #ff0000\">(V\u00cdDEO)<\/span><\/strong><\/li>\n<\/ul>\n<h2 style=\"text-align: center\"><span style=\"color: #ff6600\">Wifi Andared_Corporativo<\/span><\/h2>\n<ul>\n<li><a href=\"https:\/\/www.juntadeandalucia.es\/educacion\/eaprendizaje\/wifi-segura-en-escuelas-conectadas\/\" target=\"_blank\" rel=\"noopener noreferrer\">Wifi segura en escuelas conectadas.<\/a> (Web eAprendizaje)<\/li>\n<li><a href=\"https:\/\/drive.google.com\/file\/d\/1WYZ7OKwH9BOUM-embRxbDi6zIoXELRvX\/view?usp=sharing\" target=\"_blank\" rel=\"noopener noreferrer\">Wifi segura en centros educativos.<\/a> (RESUMEN)<\/li>\n<li><a href=\"https:\/\/www.youtube.com\/watch?v=Jsthn3l8IE8\" target=\"_blank\" rel=\"noopener noreferrer\">C\u00f3mo configurar la nueva red Wifi Andared_Corporativo en mi dispositivo.<\/a><strong> <span style=\"color: #ff0000\">(V\u00cdDEO)<\/span><\/strong><\/li>\n<li><a href=\"https:\/\/drive.google.com\/file\/d\/1wL9kbE_xdnriXKIM24psNgIW_6JXoOsL\/view?usp=sharing\" target=\"_blank\" rel=\"noopener noreferrer\">C\u00f3mo configurar la nueva red Wifi Andared_Corporativo en mi dispositivo.<\/a> (MANUAL)<\/li>\n<\/ul>\n<h2 style=\"text-align: center\"><span style=\"color: #ff00ff\">Puestos Educativos Hogar<\/span><\/h2>\n<ul>\n<li><a href=\"https:\/\/www.juntadeandalucia.es\/educacion\/eaprendizaje\/procedimiento-para-liberacion-del-modem-usb-peh-que-permitir-su-uso-en-cualquier-equipo-y-tarjeta-de-datos\/\" target=\"_blank\" rel=\"noopener noreferrer\">C\u00f3mo liberar el m\u00f3dem USB de los equipos puesto educativo para el hogar<\/a><\/li>\n<\/ul>\n","protected":false},"excerpt":{"rendered":"<p>Gu\u00eda de uso responsable del equipamiento tecnol\u00f3gico.&nbsp; &nbsp; &nbsp; Plan de actuaci\u00f3n digital 25-26 Pasen C\u00f3mo registrarse, recordar y cambiar la contrase\u00f1a de iPasen para padres\/madres\/tutores legales. (V\u00cdDEO) C\u00f3mo recuperar la contrase\u00f1a de iPasen&#46;&#46;&#46;<\/p>\n","protected":false},"author":10480,"featured_media":0,"parent":44,"menu_order":0,"comment_status":"closed","ping_status":"closed","template":"","meta":{"ngg_post_thumbnail":0,"footnotes":"","_mc_calendar":[]},"aioseo_notices":[],"_links":{"self":[{"href":"https:\/\/blogsaverroes.juntadeandalucia.es\/iesclaracampoamor\/wp-json\/wp\/v2\/pages\/2877"}],"collection":[{"href":"https:\/\/blogsaverroes.juntadeandalucia.es\/iesclaracampoamor\/wp-json\/wp\/v2\/pages"}],"about":[{"href":"https:\/\/blogsaverroes.juntadeandalucia.es\/iesclaracampoamor\/wp-json\/wp\/v2\/types\/page"}],"author":[{"embeddable":true,"href":"https:\/\/blogsaverroes.juntadeandalucia.es\/iesclaracampoamor\/wp-json\/wp\/v2\/users\/10480"}],"replies":[{"embeddable":true,"href":"https:\/\/blogsaverroes.juntadeandalucia.es\/iesclaracampoamor\/wp-json\/wp\/v2\/comments?post=2877"}],"version-history":[{"count":18,"href":"https:\/\/blogsaverroes.juntadeandalucia.es\/iesclaracampoamor\/wp-json\/wp\/v2\/pages\/2877\/revisions"}],"predecessor-version":[{"id":3619,"href":"https:\/\/blogsaverroes.juntadeandalucia.es\/iesclaracampoamor\/wp-json\/wp\/v2\/pages\/2877\/revisions\/3619"}],"up":[{"embeddable":true,"href":"https:\/\/blogsaverroes.juntadeandalucia.es\/iesclaracampoamor\/wp-json\/wp\/v2\/pages\/44"}],"wp:attachment":[{"href":"https:\/\/blogsaverroes.juntadeandalucia.es\/iesclaracampoamor\/wp-json\/wp\/v2\/media?parent=2877"}],"curies":[{"name":"wp","href":"https:\/\/api.w.org\/{rel}","templated":true}]}}